{"id":143,"date":"2016-05-19T17:13:20","date_gmt":"2016-05-19T17:13:20","guid":{"rendered":"http:\/\/test.kriesi.at\/enfold-health-coach\/?page_id=143"},"modified":"2025-05-12T14:07:28","modified_gmt":"2025-05-12T12:07:28","slug":"stargard","status":"publish","type":"page","link":"https:\/\/sklepwnetrz.pl\/salonstargard\/","title":{"rendered":"firany rolety rzymskie Stargard RADIMAR, Zas\u0142ony \u017baluzje"},"content":{"rendered":"<div id='av_section_1'  class='avia-section av-lqs9pd3t-0016e7c8978ab9604613a558c3d21448 main_color avia-section-default avia-no-border-styling  avia-builder-el-0  el_before_av_layout_row  avia-builder-el-first  avia-bg-style-scroll  av-desktop-hide av-medium-hide container_wrap sidebar_right'  ><div class='container av-section-cont-open' ><main  role=\"main\" itemprop=\"mainContentOfPage\"  class='template-page content  av-content-small alpha units'><div class='post-entry post-entry-type-page post-entry-143'><div class='entry-content-wrapper clearfix'>\n\n<style type=\"text\/css\" data-created_by=\"avia_inline_auto\" id=\"style-css-av-lqs9aw5h-b1074cdc26259cf271a9ec57c31f63f4\">\n#top .hr.hr-invisible.av-lqs9aw5h-b1074cdc26259cf271a9ec57c31f63f4{\nheight:125px;\n}\n<\/style>\n<div  class='hr av-lqs9aw5h-b1074cdc26259cf271a9ec57c31f63f4 hr-invisible  avia-builder-el-1  el_before_av_video  avia-builder-el-first  '><span class='hr-inner '><span class=\"hr-inner-style\"><\/span><\/span><\/div>\n<div  class='avia-video avia-video-16-9 avia-video-html5  '   itemprop=\"video\" itemtype=\"https:\/\/schema.org\/VideoObject\"  data-original_url='https:\/\/sklepwnetrz.pl\/salonstargard\/wp-content\/uploads\/2023\/12\/firany-i-zaslony-na-wymiar-Radimar-Stargard.mp4' ><video class='avia_video'    preload=\"auto\"  controls id='player_143_1534071168_1572318892'><source src=\"https:\/\/sklepwnetrz.pl\/salonstargard\/wp-content\/uploads\/2023\/12\/firany-i-zaslony-na-wymiar-Radimar-Stargard.mp4\" type=\"video\/mp4\" \/><\/video><\/div>\n\n<style type=\"text\/css\" data-created_by=\"avia_inline_auto\" id=\"style-css-av-lbkzknve-98bb3a00378740cd4b6c074d07a2cb0d\">\n.avia-image-container.av-lbkzknve-98bb3a00378740cd4b6c074d07a2cb0d .av-image-caption-overlay-center{\ncolor:#ffffff;\n}\n<\/style>\n<div  class='avia-image-container av-lbkzknve-98bb3a00378740cd4b6c074d07a2cb0d av-styling- avia-align-center  avia-builder-el-3  el_after_av_video  el_before_av_video  '  itemprop=\"image\" itemscope=\"itemscope\" itemtype=\"https:\/\/schema.org\/ImageObject\" ><div class=\"avia-image-container-inner\"><div class=\"avia-image-overlay-wrap\"><img decoding=\"async\" class='wp-image-1419 avia-img-lazy-loading-not-1419 avia_image' src=\"https:\/\/sklepwnetrz.pl\/salonstargard\/wp-content\/uploads\/2022\/12\/dolacz-do-grona-RADIMAR-1030x715.webp\" alt='firany rolety rzymskie Stargard RADIMAR' title='do\u0142\u0105cz do grona RADIMAR'  height=\"715\" width=\"1030\"  itemprop=\"thumbnailUrl\" srcset=\"https:\/\/sklepwnetrz.pl\/salonstargard\/wp-content\/uploads\/2022\/12\/dolacz-do-grona-RADIMAR-1030x715.webp 1030w, https:\/\/sklepwnetrz.pl\/salonstargard\/wp-content\/uploads\/2022\/12\/dolacz-do-grona-RADIMAR-300x208.webp 300w, https:\/\/sklepwnetrz.pl\/salonstargard\/wp-content\/uploads\/2022\/12\/dolacz-do-grona-RADIMAR-768x533.webp 768w, https:\/\/sklepwnetrz.pl\/salonstargard\/wp-content\/uploads\/2022\/12\/dolacz-do-grona-RADIMAR-705x489.webp 705w, https:\/\/sklepwnetrz.pl\/salonstargard\/wp-content\/uploads\/2022\/12\/dolacz-do-grona-RADIMAR.webp 1200w\" sizes=\"(max-width: 1030px) 100vw, 1030px\" \/><\/div><\/div><\/div>\n<div  class='avia-video avia-video-16-9   av-lazyload-immediate  av-lazyload-video-embed  '   itemprop=\"video\" itemtype=\"https:\/\/schema.org\/VideoObject\"  data-original_url='https:\/\/www.youtube.com\/watch?v=V0KkIBB1mY4' ><script type='text\/html' class='av-video-tmpl'><div class='avia-iframe-wrap'><iframe title=\"FIRANY RADIMAR + REALIZACJE SZWALNI RADIMAR STARGARD - firany do salonu, zas\u0142ony, rolety rzymskie\" width=\"1333\" height=\"1000\" src=\"https:\/\/www.youtube.com\/embed\/V0KkIBB1mY4?feature=oembed&autoplay=0&loop=0&controls=1&mute=0\" frameborder=\"0\" allow=\"accelerometer; autoplay; clipboard-write; encrypted-media; gyroscope; picture-in-picture; web-share\" referrerpolicy=\"strict-origin-when-cross-origin\" allowfullscreen><\/iframe><\/div><\/script><div class='av-click-to-play-overlay'><div class=\"avia_playpause_icon\"><\/div><\/div><\/div>\n\n<\/div><\/div><\/main><!-- close content main element --><\/div><\/div><div id='av-layout-grid-1'  class='av-layout-grid-container entry-content-wrapper main_color av-flex-cells   av-small-hide av-mini-hide   avia-builder-el-5  el_after_av_section  el_before_av_image  submenu-not-first container_wrap sidebar_right'  >\n<div class=\"flex_cell no_margin av_one_third  avia-builder-el-6  el_before_av_cell_one_third  avia-builder-el-first   \"  style='vertical-align:top; padding:50px; ' ><div class='flex_cell_inner' ><p>\n<style type=\"text\/css\" data-created_by=\"avia_inline_auto\" id=\"style-css-av-ko027-2109d2a762e33ef880cbfdd280a5dbbe\">\n#top .hr.hr-invisible.av-ko027-2109d2a762e33ef880cbfdd280a5dbbe{\nheight:70px;\n}\n<\/style>\n<div  class='hr av-ko027-2109d2a762e33ef880cbfdd280a5dbbe hr-invisible  avia-builder-el-7  el_before_av_video  avia-builder-el-first   av-desktop-hide av-medium-hide'><span class='hr-inner '><span class=\"hr-inner-style\"><\/span><\/span><\/div><br \/>\n<div  class='avia-video avia-video-16-9   av-lazyload-immediate  av-lazyload-video-embed  '   itemprop=\"video\" itemtype=\"https:\/\/schema.org\/VideoObject\"  data-original_url='https:\/\/www.youtube.com\/shorts\/jnY2Lv0Ty1k?feature=share' ><script type='text\/html' class='av-video-tmpl'><div class='avia-iframe-wrap'><iframe title=\"RADIMAR Stargard - Firany i Zas\u0142ony na wymiar - Realizacje szycia na wymiar firany do salonu, opinie\" width=\"1333\" height=\"1000\" src=\"https:\/\/www.youtube.com\/embed\/jnY2Lv0Ty1k?feature=oembed&autoplay=0&loop=0&controls=1&mute=0\" frameborder=\"0\" allow=\"accelerometer; autoplay; clipboard-write; encrypted-media; gyroscope; picture-in-picture; web-share\" referrerpolicy=\"strict-origin-when-cross-origin\" allowfullscreen><\/iframe><\/div><\/script><div class='av-click-to-play-overlay'><div class=\"avia_playpause_icon\"><\/div><\/div><\/div><\/p>\n<\/div><\/div><div class=\"flex_cell no_margin av_one_third  avia-builder-el-9  el_after_av_cell_one_third  el_before_av_cell_one_third   \"  style='vertical-align:top; padding:50px; ' ><div class='flex_cell_inner' ><p>\n<style type=\"text\/css\" data-created_by=\"avia_inline_auto\" id=\"style-css-av-ea0qn-b5ee3a075dff5bcd7e04778155695cd7\">\n#top .hr.hr-invisible.av-ea0qn-b5ee3a075dff5bcd7e04778155695cd7{\nheight:70px;\n}\n<\/style>\n<div  class='hr av-ea0qn-b5ee3a075dff5bcd7e04778155695cd7 hr-invisible  avia-builder-el-10  el_before_av_image  avia-builder-el-first   av-desktop-hide av-medium-hide'><span class='hr-inner '><span class=\"hr-inner-style\"><\/span><\/span><\/div><br \/>\n\n<style type=\"text\/css\" data-created_by=\"avia_inline_auto\" id=\"style-css-av-ll8tj-2fc8b8bc28d6357605b42150cca634c1\">\n.avia-image-container.av-ll8tj-2fc8b8bc28d6357605b42150cca634c1 .av-image-caption-overlay-center{\ncolor:#ffffff;\n}\n<\/style>\n<div  class='avia-image-container av-ll8tj-2fc8b8bc28d6357605b42150cca634c1 av-styling- avia-align-center  avia-builder-el-11  el_after_av_hr  avia-builder-el-last  '  itemprop=\"image\" itemscope=\"itemscope\" itemtype=\"https:\/\/schema.org\/ImageObject\" ><div class=\"avia-image-container-inner\"><div class=\"avia-image-overlay-wrap\"><img decoding=\"async\" class='wp-image-1419 avia-img-lazy-loading-not-1419 avia_image' src=\"https:\/\/sklepwnetrz.pl\/salonstargard\/wp-content\/uploads\/2022\/12\/dolacz-do-grona-RADIMAR-1030x715.webp\" alt='firany rolety rzymskie Stargard RADIMAR' title='do\u0142\u0105cz do grona RADIMAR'  height=\"715\" width=\"1030\"  itemprop=\"thumbnailUrl\" srcset=\"https:\/\/sklepwnetrz.pl\/salonstargard\/wp-content\/uploads\/2022\/12\/dolacz-do-grona-RADIMAR-1030x715.webp 1030w, https:\/\/sklepwnetrz.pl\/salonstargard\/wp-content\/uploads\/2022\/12\/dolacz-do-grona-RADIMAR-300x208.webp 300w, https:\/\/sklepwnetrz.pl\/salonstargard\/wp-content\/uploads\/2022\/12\/dolacz-do-grona-RADIMAR-768x533.webp 768w, https:\/\/sklepwnetrz.pl\/salonstargard\/wp-content\/uploads\/2022\/12\/dolacz-do-grona-RADIMAR-705x489.webp 705w, https:\/\/sklepwnetrz.pl\/salonstargard\/wp-content\/uploads\/2022\/12\/dolacz-do-grona-RADIMAR.webp 1200w\" sizes=\"(max-width: 1030px) 100vw, 1030px\" \/><\/div><\/div><\/div><\/p>\n<\/div><\/div><div class=\"flex_cell no_margin av_one_third  avia-builder-el-12  el_after_av_cell_one_third  avia-builder-el-last   \"  style='vertical-align:top; padding:50px; ' ><div class='flex_cell_inner' ><p>\n<style type=\"text\/css\" data-created_by=\"avia_inline_auto\" id=\"style-css-av-141gv-a95a8a1650279adf862cb4b2a34a7270\">\n#top .hr.hr-invisible.av-141gv-a95a8a1650279adf862cb4b2a34a7270{\nheight:70px;\n}\n<\/style>\n<div  class='hr av-141gv-a95a8a1650279adf862cb4b2a34a7270 hr-invisible  avia-builder-el-13  el_before_av_video  avia-builder-el-first   av-desktop-hide av-medium-hide'><span class='hr-inner '><span class=\"hr-inner-style\"><\/span><\/span><\/div><br \/>\n<div  class='avia-video avia-video-16-9   av-lazyload-immediate  av-lazyload-video-embed  '   itemprop=\"video\" itemtype=\"https:\/\/schema.org\/VideoObject\"  data-original_url='https:\/\/www.youtube.com\/watch?v=V0KkIBB1mY4' ><script type='text\/html' class='av-video-tmpl'><div class='avia-iframe-wrap'><iframe title=\"FIRANY RADIMAR + REALIZACJE SZWALNI RADIMAR STARGARD - firany do salonu, zas\u0142ony, rolety rzymskie\" width=\"1333\" height=\"1000\" src=\"https:\/\/www.youtube.com\/embed\/V0KkIBB1mY4?feature=oembed&autoplay=0&loop=0&controls=1&mute=0\" frameborder=\"0\" allow=\"accelerometer; autoplay; clipboard-write; encrypted-media; gyroscope; picture-in-picture; web-share\" referrerpolicy=\"strict-origin-when-cross-origin\" allowfullscreen><\/iframe><\/div><\/script><div class='av-click-to-play-overlay'><div class=\"avia_playpause_icon\"><\/div><\/div><\/div><\/p>\n<\/div><\/div>\n<\/div><div id='after_submenu_1'  class='main_color av_default_container_wrap container_wrap sidebar_right'  ><div class='container av-section-cont-open' ><div class='template-page content  av-content-small alpha units'><div class='post-entry post-entry-type-page post-entry-143'><div class='entry-content-wrapper clearfix'>\n\n<style type=\"text\/css\" data-created_by=\"avia_inline_auto\" id=\"style-css-av-l0drsb74-0bb65268dbb9b2544b3725f0cad740fe\">\n.avia-image-container.av-l0drsb74-0bb65268dbb9b2544b3725f0cad740fe .av-image-caption-overlay-center{\ncolor:#ffffff;\n}\n<\/style>\n<div  class='avia-image-container av-l0drsb74-0bb65268dbb9b2544b3725f0cad740fe av-styling-no-styling avia-align-center  avia-builder-el-15  el_after_av_layout_row  el_before_av_layout_row  avia-builder-el-no-sibling   av-desktop-hide av-medium-hide'  itemprop=\"image\" itemscope=\"itemscope\" itemtype=\"https:\/\/schema.org\/ImageObject\" ><div class=\"avia-image-container-inner\"><div class=\"avia-image-overlay-wrap\"><img decoding=\"async\" class='wp-image-1080 avia-img-lazy-loading-not-1080 avia_image' src=\"https:\/\/sklepwnetrz.pl\/salonstargard\/wp-content\/uploads\/2022\/03\/baner-stargard-mobilne.jpg\" alt='' title='baner-stargard-mobilne'  height=\"1900\" width=\"800\"  itemprop=\"thumbnailUrl\" srcset=\"https:\/\/sklepwnetrz.pl\/salonstargard\/wp-content\/uploads\/2022\/03\/baner-stargard-mobilne.jpg 800w, https:\/\/sklepwnetrz.pl\/salonstargard\/wp-content\/uploads\/2022\/03\/baner-stargard-mobilne-126x300.jpg 126w, https:\/\/sklepwnetrz.pl\/salonstargard\/wp-content\/uploads\/2022\/03\/baner-stargard-mobilne-434x1030.jpg 434w, https:\/\/sklepwnetrz.pl\/salonstargard\/wp-content\/uploads\/2022\/03\/baner-stargard-mobilne-768x1824.jpg 768w, https:\/\/sklepwnetrz.pl\/salonstargard\/wp-content\/uploads\/2022\/03\/baner-stargard-mobilne-647x1536.jpg 647w, https:\/\/sklepwnetrz.pl\/salonstargard\/wp-content\/uploads\/2022\/03\/baner-stargard-mobilne-632x1500.jpg 632w, https:\/\/sklepwnetrz.pl\/salonstargard\/wp-content\/uploads\/2022\/03\/baner-stargard-mobilne-297x705.jpg 297w\" sizes=\"(max-width: 800px) 100vw, 800px\" \/><\/div><\/div><\/div>\n<\/div><\/div><\/div><!-- close content main div --><\/div><\/div><div id='welcome'  class='av-layout-grid-container entry-content-wrapper main_color av-fixed-cells     avia-builder-el-16  el_after_av_image  el_before_av_layout_row  submenu-not-first container_wrap sidebar_right'  >\n<div class=\"flex_cell no_margin av_one_fourth  avia-builder-el-17  el_before_av_cell_one_fourth  avia-builder-el-first   av-zero-padding \"  style='height:15px; min-height:15px;background: #000000; vertical-align:top; padding:0px; background-color:#000000; ' ><div class='flex_cell_inner' ><\/div><\/div><div class=\"flex_cell no_margin av_one_fourth  avia-builder-el-18  el_after_av_cell_one_fourth  el_before_av_cell_one_fourth   av-zero-padding \"  style='height:15px; min-height:15px;background: #ffffff; vertical-align:top; padding:0px; background-color:#ffffff; ' ><div class='flex_cell_inner' ><\/div><\/div><div class=\"flex_cell no_margin av_one_fourth  avia-builder-el-19  el_after_av_cell_one_fourth  el_before_av_cell_one_fourth   av-zero-padding \"  style='height:15px; min-height:15px;background: #000000; vertical-align:top; padding:0px; background-color:#000000; ' ><div class='flex_cell_inner' ><\/div><\/div><div class=\"flex_cell no_margin av_one_fourth  avia-builder-el-20  el_after_av_cell_one_fourth  avia-builder-el-last   av-zero-padding \"  style='height:15px; min-height:15px;background: #ffffff; vertical-align:top; padding:0px; background-color:#ffffff; ' ><div class='flex_cell_inner' ><\/div><\/div>\n<\/div>\n<div id='wizyta-w-twoim'  class='av-layout-grid-container entry-content-wrapper main_color av-flex-cells     avia-builder-el-21  el_after_av_layout_row  el_before_av_heading  submenu-not-first container_wrap sidebar_right'  >\n<div class=\"flex_cell no_margin av_one_full  avia-builder-el-22  avia-builder-el-no-sibling   \"  style='vertical-align:top; padding:0px 100px 20px 100px ; ' ><div class='flex_cell_inner' ><p>\n<style type=\"text\/css\" data-created_by=\"avia_inline_auto\" id=\"style-css-av-kx5zkdgk-9c66510611f34cf1a26d89cb9a68ddc7\">\n#top .av-special-heading.av-kx5zkdgk-9c66510611f34cf1a26d89cb9a68ddc7{\npadding-bottom:30px;\nfont-size:70px;\n}\n<\/style>\n<div  class='av-special-heading av-kx5zkdgk-9c66510611f34cf1a26d89cb9a68ddc7 av-special-heading-h1 blockquote modern-quote modern-centered  avia-builder-el-23  el_before_av_one_full  avia-builder-el-first  av-inherit-size '><h1 class='av-special-heading-tag '  itemprop=\"headline\"  >Co nowego w  <u>Szwalni RADIMAR?<\/u> <\/h1><div class='special-heading-border'><div class='special-heading-inner-border'><\/div><\/div><\/div><br \/>\n<div class='flex_column av-bbn9j-73d08b7d6f0ad40224b9502809de3782 av_one_full  avia-builder-el-24  el_after_av_heading  el_before_av_one_full  first flex_column_div '   ><style type=\"text\/css\" data-created_by=\"avia_inline_auto\" id=\"style-css-av-l9h30gp0-b84c061e2b71840396afa5ed529a43b2\">\n.avia-image-container.av-l9h30gp0-b84c061e2b71840396afa5ed529a43b2 .av-image-caption-overlay-center{\ncolor:#ffffff;\n}\n<\/style>\n<div  class='avia-image-container av-l9h30gp0-b84c061e2b71840396afa5ed529a43b2 av-styling- avia-align-center  avia-builder-el-25  avia-builder-el-no-sibling  '  itemprop=\"image\" itemscope=\"itemscope\" itemtype=\"https:\/\/schema.org\/ImageObject\" ><div class=\"avia-image-container-inner\"><div class=\"avia-image-overlay-wrap\"><img decoding=\"async\" class='wp-image-1350 avia-img-lazy-loading-not-1350 avia_image' src=\"https:\/\/sklepwnetrz.pl\/salonstargard\/wp-content\/uploads\/2022\/10\/kostka-strona-salonn.webp\" alt='' title='kostka strona salonn'  height=\"900\" width=\"1200\"  itemprop=\"thumbnailUrl\" srcset=\"https:\/\/sklepwnetrz.pl\/salonstargard\/wp-content\/uploads\/2022\/10\/kostka-strona-salonn.webp 1200w, https:\/\/sklepwnetrz.pl\/salonstargard\/wp-content\/uploads\/2022\/10\/kostka-strona-salonn-300x225.webp 300w, https:\/\/sklepwnetrz.pl\/salonstargard\/wp-content\/uploads\/2022\/10\/kostka-strona-salonn-1030x773.webp 1030w, https:\/\/sklepwnetrz.pl\/salonstargard\/wp-content\/uploads\/2022\/10\/kostka-strona-salonn-768x576.webp 768w, https:\/\/sklepwnetrz.pl\/salonstargard\/wp-content\/uploads\/2022\/10\/kostka-strona-salonn-705x529.webp 705w\" sizes=\"(max-width: 1200px) 100vw, 1200px\" \/><\/div><\/div><\/div><\/div><div class='flex_column av-8nn8v-70cb3cafab2eb44791208e1462d4b30a av_one_full  avia-builder-el-26  el_after_av_one_full  el_before_av_one_full  first flex_column_div column-top-margin'   ><style type=\"text\/css\" data-created_by=\"avia_inline_auto\" id=\"style-css-av-le2ok5ot-321608b2b18cc70cc35c49d1300168d1\">\n.avia-image-container.av-le2ok5ot-321608b2b18cc70cc35c49d1300168d1 .av-image-caption-overlay-center{\ncolor:#ffffff;\n}\n<\/style>\n<div  class='avia-image-container av-le2ok5ot-321608b2b18cc70cc35c49d1300168d1 av-styling- avia-align-center  avia-builder-el-27  avia-builder-el-no-sibling  '  itemprop=\"image\" itemscope=\"itemscope\" itemtype=\"https:\/\/schema.org\/ImageObject\" ><div class=\"avia-image-container-inner\"><div class=\"avia-image-overlay-wrap\"><img decoding=\"async\" class='wp-image-1448 avia-img-lazy-loading-not-1448 avia_image' src=\"https:\/\/sklepwnetrz.pl\/salonstargard\/wp-content\/uploads\/2023\/02\/TOP-INSTA-POST.webp\" alt='' title='TOP INSTA POST'  height=\"1350\" width=\"1080\"  itemprop=\"thumbnailUrl\" srcset=\"https:\/\/sklepwnetrz.pl\/salonstargard\/wp-content\/uploads\/2023\/02\/TOP-INSTA-POST.webp 1080w, https:\/\/sklepwnetrz.pl\/salonstargard\/wp-content\/uploads\/2023\/02\/TOP-INSTA-POST-240x300.webp 240w, https:\/\/sklepwnetrz.pl\/salonstargard\/wp-content\/uploads\/2023\/02\/TOP-INSTA-POST-824x1030.webp 824w, https:\/\/sklepwnetrz.pl\/salonstargard\/wp-content\/uploads\/2023\/02\/TOP-INSTA-POST-768x960.webp 768w, https:\/\/sklepwnetrz.pl\/salonstargard\/wp-content\/uploads\/2023\/02\/TOP-INSTA-POST-564x705.webp 564w\" sizes=\"(max-width: 1080px) 100vw, 1080px\" \/><\/div><\/div><\/div><\/div><div class='flex_column av-7al1j-6a26a9803ffdae8d3dc6fe5ef852aeb2 av_one_full  avia-builder-el-28  el_after_av_one_full  el_before_av_one_full  first flex_column_div column-top-margin'   ><p>\n<style type=\"text\/css\" data-created_by=\"avia_inline_auto\" id=\"style-css-av-m6m6dlck-e66df576895d5a85c028f8511382b072\">\n.avia-image-container.av-m6m6dlck-e66df576895d5a85c028f8511382b072 .av-image-caption-overlay-center{\ncolor:#ffffff;\n}\n<\/style>\n<div  class='avia-image-container av-m6m6dlck-e66df576895d5a85c028f8511382b072 av-styling- avia-align-center  avia-builder-el-29  el_before_av_textblock  avia-builder-el-first  '  itemprop=\"image\" itemscope=\"itemscope\" itemtype=\"https:\/\/schema.org\/ImageObject\" ><div class=\"avia-image-container-inner\"><div class=\"avia-image-overlay-wrap\"><img decoding=\"async\" class='wp-image-1608 avia-img-lazy-loading-not-1608 avia_image' src=\"https:\/\/sklepwnetrz.pl\/salonstargard\/wp-content\/uploads\/2025\/02\/plakat_radimar_stargard-736x1030.webp\" alt='' title='plakat_radimar_stargard'  height=\"1030\" width=\"736\"  itemprop=\"thumbnailUrl\" srcset=\"https:\/\/sklepwnetrz.pl\/salonstargard\/wp-content\/uploads\/2025\/02\/plakat_radimar_stargard-736x1030.webp 736w, https:\/\/sklepwnetrz.pl\/salonstargard\/wp-content\/uploads\/2025\/02\/plakat_radimar_stargard-214x300.webp 214w, https:\/\/sklepwnetrz.pl\/salonstargard\/wp-content\/uploads\/2025\/02\/plakat_radimar_stargard-768x1075.webp 768w, https:\/\/sklepwnetrz.pl\/salonstargard\/wp-content\/uploads\/2025\/02\/plakat_radimar_stargard-1097x1536.webp 1097w, https:\/\/sklepwnetrz.pl\/salonstargard\/wp-content\/uploads\/2025\/02\/plakat_radimar_stargard-1463x2048.webp 1463w, https:\/\/sklepwnetrz.pl\/salonstargard\/wp-content\/uploads\/2025\/02\/plakat_radimar_stargard-1072x1500.webp 1072w, https:\/\/sklepwnetrz.pl\/salonstargard\/wp-content\/uploads\/2025\/02\/plakat_radimar_stargard-504x705.webp 504w, https:\/\/sklepwnetrz.pl\/salonstargard\/wp-content\/uploads\/2025\/02\/plakat_radimar_stargard.webp 1701w\" sizes=\"(max-width: 736px) 100vw, 736px\" \/><\/div><\/div><\/div><br \/>\n<section class=\"av_textblock_section \"  itemscope=\"itemscope\" itemtype=\"https:\/\/schema.org\/CreativeWork\" ><div class='avia_textblock  '   itemprop=\"text\" ><h2><strong>Od grudnia 2024 roku nasz sklep stacjonarny zosta\u0142 zamkni\u0119ty do odwo\u0142ania<\/strong>.<\/h2>\n<p class=\"\" data-start=\"330\" data-end=\"419\">Z dniem <strong data-start=\"338\" data-end=\"361\">1 grudnia 2024 roku<\/strong> nasz sklep stacjonarny zosta\u0142 <strong data-start=\"392\" data-end=\"418\">zamkni\u0119ty do odwo\u0142ania<\/strong>.<\/p>\n<p class=\"\" data-start=\"421\" data-end=\"762\">Decyzja ta wynika z <strong data-start=\"441\" data-end=\"485\">rekordowej liczby zam\u00f3wie\u0144 internetowych<\/strong> \u2013 obecnie realizujemy <strong data-start=\"508\" data-end=\"543\">ponad 1000 zam\u00f3wie\u0144 miesi\u0119cznie<\/strong>, z czego a\u017c <strong data-start=\"556\" data-end=\"592\">95% pochodzi ze sprzeda\u017cy online<\/strong>.<br data-start=\"593\" data-end=\"596\" \/>To ogromne zaufanie, kt\u00f3rym nas obdarzyli\u015bcie, pozwala nam skoncentrowa\u0107 si\u0119 na tym, co robimy najlepiej \u2013 szyciu firan i zas\u0142on na wymiar, z dba\u0142o\u015bci\u0105 o ka\u017cdy detal.<\/p>\n<h2 class=\"\" data-start=\"769\" data-end=\"805\">\ud83e\uddf5 Inwestujemy w rozw\u00f3j produkcji<\/h2>\n<p class=\"\" data-start=\"807\" data-end=\"846\">Aby sprosta\u0107 rosn\u0105cemu zapotrzebowaniu:<\/p>\n<ul data-start=\"847\" data-end=\"1010\">\n<li class=\"\" data-start=\"847\" data-end=\"895\">\n<p class=\"\" data-start=\"849\" data-end=\"895\">zwi\u0119kszyli\u015bmy zatrudnienie w naszej szwalni,<\/p>\n<\/li>\n<li class=\"\" data-start=\"896\" data-end=\"938\">\n<p class=\"\" data-start=\"898\" data-end=\"938\">rozbudowali\u015bmy przestrze\u0144 produkcyjn\u0105,<\/p>\n<\/li>\n<li class=\"\" data-start=\"939\" data-end=\"1010\">\n<p class=\"\" data-start=\"941\" data-end=\"1010\">i przyspieszamy proces realizacji zam\u00f3wie\u0144, nie rezygnuj\u0105c z jako\u015bci.<\/p>\n<\/li>\n<\/ul>\n<p class=\"\" data-start=\"1012\" data-end=\"1179\">\ud83d\udccd <strong data-start=\"1015\" data-end=\"1052\">Miejsce produkcji nie zmienia si\u0119<\/strong> \u2013 wszystkie zam\u00f3wienia nadal szyjemy w tej samej lokalizacji i przez ten sam zesp\u00f3\u0142, kt\u00f3ry zna ka\u017cdy centymetr naszych tkanin.<\/p>\n<h2 class=\"\" data-start=\"1186\" data-end=\"1235\">\ud83d\uded2 Zakupy online \u2013 wygodnie, z dostaw\u0105 do domu<\/h2>\n<p class=\"\" data-start=\"1237\" data-end=\"1402\">\ud83d\udc49 Wszystkie nasze produkty \u2013 firany, zas\u0142ony, akcesoria \u2013 mo\u017cesz wygodnie zam\u00f3wi\u0107 w sklepie internetowym:<br data-start=\"1343\" data-end=\"1346\" \/>\ud83d\udd17 <strong data-start=\"1349\" data-end=\"1400\"><a class=\"\" href=\"http:\/\/www.sklepwnetrz.pl\" target=\"_new\" rel=\"noopener\" data-start=\"1351\" data-end=\"1398\">www.sklepwnetrz.pl<\/a><\/strong><\/p>\n<p class=\"\" data-start=\"1404\" data-end=\"1545\">\ud83d\udce6 <strong data-start=\"1407\" data-end=\"1460\">Dostarczamy zam\u00f3wienia do klient\u00f3w w ca\u0142ej Polsce<\/strong> \u2013 co miesi\u0105c z naszej pracowni wychodz\u0105 tysi\u0105ce metr\u00f3w gotowych dekoracji okiennych.<\/p>\n<h2 class=\"\" data-start=\"1552\" data-end=\"1592\">\ud83d\udeb6\u200d\u2640\ufe0f Odbi\u00f3r osobisty? Nadal mo\u017cliwy!<\/h2>\n<p class=\"\" data-start=\"1594\" data-end=\"1779\">Je\u015bli wolisz odebra\u0107 zam\u00f3wienie osobi\u015bcie \u2013 <strong data-start=\"1638\" data-end=\"1659\">to nadal mo\u017cliwe!<\/strong><br data-start=\"1659\" data-end=\"1662\" \/>\ud83d\udccd Odbiory s\u0105 realizowane w dotychczasowej lokalizacji sklepu stacjonarnego (Stargard), po wcze\u015bniejszym uzgodnieniu.<\/p>\n<p data-start=\"1594\" data-end=\"1779\">\n<p data-start=\"1594\" data-end=\"1779\"><strong data-start=\"1786\" data-end=\"1830\">Dzi\u0119kujemy za Wasze zaufanie i wsparcie.<\/strong><br data-start=\"1830\" data-end=\"1833\" \/>Dzi\u0119ki Wam mo\u017cemy si\u0119 rozwija\u0107, inwestowa\u0107 i nadal szy\u0107 dla Was to, co najlepsze \u2013 z sercem, dok\u0142adno\u015bci\u0105 i w 100% w Polsce. \u2764\ufe0f<\/p>\n<\/div><\/section><\/p><\/div><div class='flex_column av-aie0v-ddcb58cc6e8ea3f18f911783955743c1 av_one_full  avia-builder-el-31  el_after_av_one_full  el_before_av_one_full  first flex_column_div column-top-margin'   ><style type=\"text\/css\" data-created_by=\"avia_inline_auto\" id=\"style-css-av-lji9py1y-226657d10a9c77c4e7edc9a5019c03b9\">\n.avia-image-container.av-lji9py1y-226657d10a9c77c4e7edc9a5019c03b9 .av-image-caption-overlay-center{\ncolor:#ffffff;\n}\n<\/style>\n<div  class='avia-image-container av-lji9py1y-226657d10a9c77c4e7edc9a5019c03b9 av-styling- avia-align-center  avia-builder-el-32  avia-builder-el-no-sibling  '  itemprop=\"image\" itemscope=\"itemscope\" itemtype=\"https:\/\/schema.org\/ImageObject\" ><div class=\"avia-image-container-inner\"><div class=\"avia-image-overlay-wrap\"><img decoding=\"async\" class='wp-image-1537 avia-img-lazy-loading-not-1537 avia_image' src=\"https:\/\/sklepwnetrz.pl\/salonstargard\/wp-content\/uploads\/2023\/06\/firany-i-zaslony-szyte-na-wymiar-RADIMAR.webp\" alt='' title='firany i zas\u0142ony szyte na wymiar RADIMAR'  height=\"810\" width=\"1320\"  itemprop=\"thumbnailUrl\" srcset=\"https:\/\/sklepwnetrz.pl\/salonstargard\/wp-content\/uploads\/2023\/06\/firany-i-zaslony-szyte-na-wymiar-RADIMAR.webp 1320w, https:\/\/sklepwnetrz.pl\/salonstargard\/wp-content\/uploads\/2023\/06\/firany-i-zaslony-szyte-na-wymiar-RADIMAR-300x184.webp 300w, https:\/\/sklepwnetrz.pl\/salonstargard\/wp-content\/uploads\/2023\/06\/firany-i-zaslony-szyte-na-wymiar-RADIMAR-1030x632.webp 1030w, https:\/\/sklepwnetrz.pl\/salonstargard\/wp-content\/uploads\/2023\/06\/firany-i-zaslony-szyte-na-wymiar-RADIMAR-768x471.webp 768w, https:\/\/sklepwnetrz.pl\/salonstargard\/wp-content\/uploads\/2023\/06\/firany-i-zaslony-szyte-na-wymiar-RADIMAR-705x433.webp 705w\" sizes=\"(max-width: 1320px) 100vw, 1320px\" \/><\/div><\/div><\/div><\/div><div class='flex_column av-10bg0f-eff892115b3a57829d11b85d5679ec5f av_one_full  avia-builder-el-33  el_after_av_one_full  el_before_av_one_full  first flex_column_div column-top-margin'   ><style type=\"text\/css\" data-created_by=\"avia_inline_auto\" id=\"style-css-av-lrao57r9-dc6f238d98322f2255e482437a440f52\">\n.avia-image-container.av-lrao57r9-dc6f238d98322f2255e482437a440f52 .av-image-caption-overlay-center{\ncolor:#ffffff;\n}\n<\/style>\n<div  class='avia-image-container av-lrao57r9-dc6f238d98322f2255e482437a440f52 av-styling- avia-align-center  avia-builder-el-34  avia-builder-el-no-sibling  '  itemprop=\"image\" itemscope=\"itemscope\" itemtype=\"https:\/\/schema.org\/ImageObject\" ><div class=\"avia-image-container-inner\"><div class=\"avia-image-overlay-wrap\"><img decoding=\"async\" class='wp-image-1571 avia-img-lazy-loading-not-1571 avia_image' src=\"https:\/\/sklepwnetrz.pl\/salonstargard\/wp-content\/uploads\/2024\/01\/firany-na-wymiar-gladkie-biale-i-zaslony-na-wymiar-Radimar-realizacja.webp\" alt='' title='firany na wymiar g\u0142adkie bia\u0142e i zas\u0142ony na wymiar Radimar realizacja'  height=\"810\" width=\"1319\"  itemprop=\"thumbnailUrl\" srcset=\"https:\/\/sklepwnetrz.pl\/salonstargard\/wp-content\/uploads\/2024\/01\/firany-na-wymiar-gladkie-biale-i-zaslony-na-wymiar-Radimar-realizacja.webp 1319w, https:\/\/sklepwnetrz.pl\/salonstargard\/wp-content\/uploads\/2024\/01\/firany-na-wymiar-gladkie-biale-i-zaslony-na-wymiar-Radimar-realizacja-300x184.webp 300w, https:\/\/sklepwnetrz.pl\/salonstargard\/wp-content\/uploads\/2024\/01\/firany-na-wymiar-gladkie-biale-i-zaslony-na-wymiar-Radimar-realizacja-1030x633.webp 1030w, https:\/\/sklepwnetrz.pl\/salonstargard\/wp-content\/uploads\/2024\/01\/firany-na-wymiar-gladkie-biale-i-zaslony-na-wymiar-Radimar-realizacja-768x472.webp 768w, https:\/\/sklepwnetrz.pl\/salonstargard\/wp-content\/uploads\/2024\/01\/firany-na-wymiar-gladkie-biale-i-zaslony-na-wymiar-Radimar-realizacja-705x433.webp 705w\" sizes=\"(max-width: 1319px) 100vw, 1319px\" \/><\/div><\/div><\/div><\/div><div class='flex_column av-x61g7-b7767e9c2227f017ae2850e3c148a371 av_one_full  avia-builder-el-35  el_after_av_one_full  el_before_av_one_full  first flex_column_div column-top-margin'   ><style type=\"text\/css\" data-created_by=\"avia_inline_auto\" id=\"style-css-av-lrao5f64-018f3a6e9a9f13ebb10fe59a4db37a7b\">\n.avia-image-container.av-lrao5f64-018f3a6e9a9f13ebb10fe59a4db37a7b .av-image-caption-overlay-center{\ncolor:#ffffff;\n}\n<\/style>\n<div  class='avia-image-container av-lrao5f64-018f3a6e9a9f13ebb10fe59a4db37a7b av-styling- avia-align-center  avia-builder-el-36  avia-builder-el-no-sibling  '  itemprop=\"image\" itemscope=\"itemscope\" itemtype=\"https:\/\/schema.org\/ImageObject\" ><div class=\"avia-image-container-inner\"><div class=\"avia-image-overlay-wrap\"><img decoding=\"async\" class='wp-image-1570 avia-img-lazy-loading-not-1570 avia_image' src=\"https:\/\/sklepwnetrz.pl\/salonstargard\/wp-content\/uploads\/2024\/01\/firany-i-zaslony-szyte-na-wymiar-do-nowoczesnego-salonu-duzego-realizacja-radimar.webp\" alt='' title='firany i zas\u0142ony szyte na wymiar do nowoczesnego salonu du\u017cego realizacja radimar'  height=\"810\" width=\"1319\"  itemprop=\"thumbnailUrl\" srcset=\"https:\/\/sklepwnetrz.pl\/salonstargard\/wp-content\/uploads\/2024\/01\/firany-i-zaslony-szyte-na-wymiar-do-nowoczesnego-salonu-duzego-realizacja-radimar.webp 1319w, https:\/\/sklepwnetrz.pl\/salonstargard\/wp-content\/uploads\/2024\/01\/firany-i-zaslony-szyte-na-wymiar-do-nowoczesnego-salonu-duzego-realizacja-radimar-300x184.webp 300w, https:\/\/sklepwnetrz.pl\/salonstargard\/wp-content\/uploads\/2024\/01\/firany-i-zaslony-szyte-na-wymiar-do-nowoczesnego-salonu-duzego-realizacja-radimar-1030x633.webp 1030w, https:\/\/sklepwnetrz.pl\/salonstargard\/wp-content\/uploads\/2024\/01\/firany-i-zaslony-szyte-na-wymiar-do-nowoczesnego-salonu-duzego-realizacja-radimar-768x472.webp 768w, https:\/\/sklepwnetrz.pl\/salonstargard\/wp-content\/uploads\/2024\/01\/firany-i-zaslony-szyte-na-wymiar-do-nowoczesnego-salonu-duzego-realizacja-radimar-705x433.webp 705w\" sizes=\"(max-width: 1319px) 100vw, 1319px\" \/><\/div><\/div><\/div><\/div><div class='flex_column av-2mrdj-3d09890dcc372ab119eeb9027e5eb5f6 av_one_full  avia-builder-el-37  el_after_av_one_full  el_before_av_one_full  first flex_column_div column-top-margin'   ><style type=\"text\/css\" data-created_by=\"avia_inline_auto\" id=\"style-css-av-lrao7hec-99b7b334409355f9b332fe4850b237e8\">\n.avia-image-container.av-lrao7hec-99b7b334409355f9b332fe4850b237e8 .av-image-caption-overlay-center{\ncolor:#ffffff;\n}\n<\/style>\n<div  class='avia-image-container av-lrao7hec-99b7b334409355f9b332fe4850b237e8 av-styling- avia-align-center  avia-builder-el-38  avia-builder-el-no-sibling  '  itemprop=\"image\" itemscope=\"itemscope\" itemtype=\"https:\/\/schema.org\/ImageObject\" ><div class=\"avia-image-container-inner\"><div class=\"avia-image-overlay-wrap\"><img decoding=\"async\" class='wp-image-1567 avia-img-lazy-loading-not-1567 avia_image' src=\"https:\/\/sklepwnetrz.pl\/salonstargard\/wp-content\/uploads\/2024\/01\/firana-do-salonu-szyta-na-wymiar-i-zaslony-do-salonu-realizacja-radimar.webp\" alt='' title='firana do salonu szyta na wymiar i zas\u0142ony do salonu realizacja radimar'  height=\"810\" width=\"1319\"  itemprop=\"thumbnailUrl\" srcset=\"https:\/\/sklepwnetrz.pl\/salonstargard\/wp-content\/uploads\/2024\/01\/firana-do-salonu-szyta-na-wymiar-i-zaslony-do-salonu-realizacja-radimar.webp 1319w, https:\/\/sklepwnetrz.pl\/salonstargard\/wp-content\/uploads\/2024\/01\/firana-do-salonu-szyta-na-wymiar-i-zaslony-do-salonu-realizacja-radimar-300x184.webp 300w, https:\/\/sklepwnetrz.pl\/salonstargard\/wp-content\/uploads\/2024\/01\/firana-do-salonu-szyta-na-wymiar-i-zaslony-do-salonu-realizacja-radimar-1030x633.webp 1030w, https:\/\/sklepwnetrz.pl\/salonstargard\/wp-content\/uploads\/2024\/01\/firana-do-salonu-szyta-na-wymiar-i-zaslony-do-salonu-realizacja-radimar-768x472.webp 768w, https:\/\/sklepwnetrz.pl\/salonstargard\/wp-content\/uploads\/2024\/01\/firana-do-salonu-szyta-na-wymiar-i-zaslony-do-salonu-realizacja-radimar-705x433.webp 705w\" sizes=\"(max-width: 1319px) 100vw, 1319px\" \/><\/div><\/div><\/div><\/div><div class='flex_column av-ikbiv-7512bc6e3d78ddb3373f2a955f444ace av_one_full  avia-builder-el-39  el_after_av_one_full  el_before_av_one_full  first flex_column_div column-top-margin'   ><style type=\"text\/css\" data-created_by=\"avia_inline_auto\" id=\"style-css-av-lrao7pe6-38ec468017e8490b9b8ecc1a2414a3d6\">\n.avia-image-container.av-lrao7pe6-38ec468017e8490b9b8ecc1a2414a3d6 .av-image-caption-overlay-center{\ncolor:#ffffff;\n}\n<\/style>\n<div  class='avia-image-container av-lrao7pe6-38ec468017e8490b9b8ecc1a2414a3d6 av-styling- avia-align-center  avia-builder-el-40  avia-builder-el-no-sibling  '  itemprop=\"image\" itemscope=\"itemscope\" itemtype=\"https:\/\/schema.org\/ImageObject\" ><div class=\"avia-image-container-inner\"><div class=\"avia-image-overlay-wrap\"><img decoding=\"async\" class='wp-image-1572 avia-img-lazy-loading-not-1572 avia_image' src=\"https:\/\/sklepwnetrz.pl\/salonstargard\/wp-content\/uploads\/2024\/01\/zaslony-na-wymiar-do-salonu-bezowe-realizacja-radimar.webp\" alt='' title='zas\u0142ony na wymiar do salonu be\u017cowe realizacja radimar'  height=\"810\" width=\"1319\"  itemprop=\"thumbnailUrl\" srcset=\"https:\/\/sklepwnetrz.pl\/salonstargard\/wp-content\/uploads\/2024\/01\/zaslony-na-wymiar-do-salonu-bezowe-realizacja-radimar.webp 1319w, https:\/\/sklepwnetrz.pl\/salonstargard\/wp-content\/uploads\/2024\/01\/zaslony-na-wymiar-do-salonu-bezowe-realizacja-radimar-300x184.webp 300w, https:\/\/sklepwnetrz.pl\/salonstargard\/wp-content\/uploads\/2024\/01\/zaslony-na-wymiar-do-salonu-bezowe-realizacja-radimar-1030x633.webp 1030w, https:\/\/sklepwnetrz.pl\/salonstargard\/wp-content\/uploads\/2024\/01\/zaslony-na-wymiar-do-salonu-bezowe-realizacja-radimar-768x472.webp 768w, https:\/\/sklepwnetrz.pl\/salonstargard\/wp-content\/uploads\/2024\/01\/zaslony-na-wymiar-do-salonu-bezowe-realizacja-radimar-705x433.webp 705w\" sizes=\"(max-width: 1319px) 100vw, 1319px\" \/><\/div><\/div><\/div><\/div><div class='flex_column av-1er9r-d1c1c07cdb547552e0cc43fec0fe8a9b av_one_full  avia-builder-el-41  el_after_av_one_full  el_before_av_one_full  first flex_column_div column-top-margin'   ><style type=\"text\/css\" data-created_by=\"avia_inline_auto\" id=\"style-css-av-lrao82jf-9cf0e296bc9963f1ad9f8775933d92b8\">\n.avia-image-container.av-lrao82jf-9cf0e296bc9963f1ad9f8775933d92b8 .av-image-caption-overlay-center{\ncolor:#ffffff;\n}\n<\/style>\n<div  class='avia-image-container av-lrao82jf-9cf0e296bc9963f1ad9f8775933d92b8 av-styling- avia-align-center  avia-builder-el-42  avia-builder-el-no-sibling  '  itemprop=\"image\" itemscope=\"itemscope\" itemtype=\"https:\/\/schema.org\/ImageObject\" ><div class=\"avia-image-container-inner\"><div class=\"avia-image-overlay-wrap\"><img decoding=\"async\" class='wp-image-1573 avia-img-lazy-loading-not-1573 avia_image' src=\"https:\/\/sklepwnetrz.pl\/salonstargard\/wp-content\/uploads\/2024\/01\/zaslony-na-wymiar-do-salonu-realizacja-radimar.webp\" alt='' title='zas\u0142ony na wymiar do salonu realizacja radimar'  height=\"810\" width=\"1319\"  itemprop=\"thumbnailUrl\" srcset=\"https:\/\/sklepwnetrz.pl\/salonstargard\/wp-content\/uploads\/2024\/01\/zaslony-na-wymiar-do-salonu-realizacja-radimar.webp 1319w, https:\/\/sklepwnetrz.pl\/salonstargard\/wp-content\/uploads\/2024\/01\/zaslony-na-wymiar-do-salonu-realizacja-radimar-300x184.webp 300w, https:\/\/sklepwnetrz.pl\/salonstargard\/wp-content\/uploads\/2024\/01\/zaslony-na-wymiar-do-salonu-realizacja-radimar-1030x633.webp 1030w, https:\/\/sklepwnetrz.pl\/salonstargard\/wp-content\/uploads\/2024\/01\/zaslony-na-wymiar-do-salonu-realizacja-radimar-768x472.webp 768w, https:\/\/sklepwnetrz.pl\/salonstargard\/wp-content\/uploads\/2024\/01\/zaslony-na-wymiar-do-salonu-realizacja-radimar-705x433.webp 705w\" sizes=\"(max-width: 1319px) 100vw, 1319px\" \/><\/div><\/div><\/div><\/div><div class='flex_column av-14d1j-c09d3ff6207d3f095574743299c16028 av_one_full  avia-builder-el-43  el_after_av_one_full  el_before_av_one_full  first flex_column_div column-top-margin'   ><style type=\"text\/css\" data-created_by=\"avia_inline_auto\" id=\"style-css-av-lrao8cn2-a6d2b67647c1e4bca3c9074224231556\">\n.avia-image-container.av-lrao8cn2-a6d2b67647c1e4bca3c9074224231556 .av-image-caption-overlay-center{\ncolor:#ffffff;\n}\n<\/style>\n<div  class='avia-image-container av-lrao8cn2-a6d2b67647c1e4bca3c9074224231556 av-styling- avia-align-center  avia-builder-el-44  avia-builder-el-no-sibling  '  itemprop=\"image\" itemscope=\"itemscope\" itemtype=\"https:\/\/schema.org\/ImageObject\" ><div class=\"avia-image-container-inner\"><div class=\"avia-image-overlay-wrap\"><img decoding=\"async\" class='wp-image-1569 avia-img-lazy-loading-not-1569 avia_image' src=\"https:\/\/sklepwnetrz.pl\/salonstargard\/wp-content\/uploads\/2024\/01\/firany-i-zaslony-na-wymiar-do-duzego-salonu-realizacja-radimar-stargard.webp\" alt='' title='firany i zas\u0142ony na wymiar do du\u017cego salonu realizacja radimar stargard'  height=\"810\" width=\"1319\"  itemprop=\"thumbnailUrl\" srcset=\"https:\/\/sklepwnetrz.pl\/salonstargard\/wp-content\/uploads\/2024\/01\/firany-i-zaslony-na-wymiar-do-duzego-salonu-realizacja-radimar-stargard.webp 1319w, https:\/\/sklepwnetrz.pl\/salonstargard\/wp-content\/uploads\/2024\/01\/firany-i-zaslony-na-wymiar-do-duzego-salonu-realizacja-radimar-stargard-300x184.webp 300w, https:\/\/sklepwnetrz.pl\/salonstargard\/wp-content\/uploads\/2024\/01\/firany-i-zaslony-na-wymiar-do-duzego-salonu-realizacja-radimar-stargard-1030x633.webp 1030w, https:\/\/sklepwnetrz.pl\/salonstargard\/wp-content\/uploads\/2024\/01\/firany-i-zaslony-na-wymiar-do-duzego-salonu-realizacja-radimar-stargard-768x472.webp 768w, https:\/\/sklepwnetrz.pl\/salonstargard\/wp-content\/uploads\/2024\/01\/firany-i-zaslony-na-wymiar-do-duzego-salonu-realizacja-radimar-stargard-705x433.webp 705w\" sizes=\"(max-width: 1319px) 100vw, 1319px\" \/><\/div><\/div><\/div><\/div><div class='flex_column av-xf32f-6e93f56d937a78570f3467cfbeff5359 av_one_full  avia-builder-el-45  el_after_av_one_full  el_before_av_one_full  first flex_column_div column-top-margin'   ><style type=\"text\/css\" data-created_by=\"avia_inline_auto\" id=\"style-css-av-lt7mcz0a-110d01af05ecd544397b1d5a1c70fcc6\">\n.avia-image-container.av-lt7mcz0a-110d01af05ecd544397b1d5a1c70fcc6 .av-image-caption-overlay-center{\ncolor:#ffffff;\n}\n<\/style>\n<div  class='avia-image-container av-lt7mcz0a-110d01af05ecd544397b1d5a1c70fcc6 av-styling- avia-align-center  avia-builder-el-46  avia-builder-el-no-sibling  '  itemprop=\"image\" itemscope=\"itemscope\" itemtype=\"https:\/\/schema.org\/ImageObject\" ><div class=\"avia-image-container-inner\"><div class=\"avia-image-overlay-wrap\"><img decoding=\"async\" class='wp-image-1596 avia-img-lazy-loading-not-1596 avia_image' src=\"https:\/\/sklepwnetrz.pl\/salonstargard\/wp-content\/uploads\/2024\/02\/firany-i-zaslony-do-apartamentow-mieszkan-pokoi-hotelowych.webp\" alt='' title='firany i zas\u0142ony do apartament\u00f3w, mieszka\u0144, pokoi hotelowych'  height=\"1500\" width=\"2000\"  itemprop=\"thumbnailUrl\" srcset=\"https:\/\/sklepwnetrz.pl\/salonstargard\/wp-content\/uploads\/2024\/02\/firany-i-zaslony-do-apartamentow-mieszkan-pokoi-hotelowych.webp 2000w, https:\/\/sklepwnetrz.pl\/salonstargard\/wp-content\/uploads\/2024\/02\/firany-i-zaslony-do-apartamentow-mieszkan-pokoi-hotelowych-300x225.webp 300w, https:\/\/sklepwnetrz.pl\/salonstargard\/wp-content\/uploads\/2024\/02\/firany-i-zaslony-do-apartamentow-mieszkan-pokoi-hotelowych-1030x773.webp 1030w, https:\/\/sklepwnetrz.pl\/salonstargard\/wp-content\/uploads\/2024\/02\/firany-i-zaslony-do-apartamentow-mieszkan-pokoi-hotelowych-768x576.webp 768w, https:\/\/sklepwnetrz.pl\/salonstargard\/wp-content\/uploads\/2024\/02\/firany-i-zaslony-do-apartamentow-mieszkan-pokoi-hotelowych-1536x1152.webp 1536w, https:\/\/sklepwnetrz.pl\/salonstargard\/wp-content\/uploads\/2024\/02\/firany-i-zaslony-do-apartamentow-mieszkan-pokoi-hotelowych-1500x1125.webp 1500w, https:\/\/sklepwnetrz.pl\/salonstargard\/wp-content\/uploads\/2024\/02\/firany-i-zaslony-do-apartamentow-mieszkan-pokoi-hotelowych-705x529.webp 705w\" sizes=\"(max-width: 2000px) 100vw, 2000px\" \/><\/div><\/div><\/div><\/div><div class='flex_column av-oyxzr-af88a4c0f3daaa85a1e9bc220aea9e18 av_one_full  avia-builder-el-47  el_after_av_one_full  el_before_av_one_full  first flex_column_div column-top-margin'   ><style type=\"text\/css\" data-created_by=\"avia_inline_auto\" id=\"style-css-av-lt7mdc9f-3d7ce69261828eeccc0004e7e2febeb6\">\n.avia-image-container.av-lt7mdc9f-3d7ce69261828eeccc0004e7e2febeb6 .av-image-caption-overlay-center{\ncolor:#ffffff;\n}\n<\/style>\n<div  class='avia-image-container av-lt7mdc9f-3d7ce69261828eeccc0004e7e2febeb6 av-styling- avia-align-center  avia-builder-el-48  avia-builder-el-no-sibling  '  itemprop=\"image\" itemscope=\"itemscope\" itemtype=\"https:\/\/schema.org\/ImageObject\" ><div class=\"avia-image-container-inner\"><div class=\"avia-image-overlay-wrap\"><img decoding=\"async\" class='wp-image-1597 avia-img-lazy-loading-not-1597 avia_image' src=\"https:\/\/sklepwnetrz.pl\/salonstargard\/wp-content\/uploads\/2024\/02\/firany-i-zaslony-na-wymiar-PION.webp\" alt='' title='firany i zas\u0142ony na wymiar - PION'  height=\"1333\" width=\"1000\"  itemprop=\"thumbnailUrl\" srcset=\"https:\/\/sklepwnetrz.pl\/salonstargard\/wp-content\/uploads\/2024\/02\/firany-i-zaslony-na-wymiar-PION.webp 1000w, https:\/\/sklepwnetrz.pl\/salonstargard\/wp-content\/uploads\/2024\/02\/firany-i-zaslony-na-wymiar-PION-225x300.webp 225w, https:\/\/sklepwnetrz.pl\/salonstargard\/wp-content\/uploads\/2024\/02\/firany-i-zaslony-na-wymiar-PION-773x1030.webp 773w, https:\/\/sklepwnetrz.pl\/salonstargard\/wp-content\/uploads\/2024\/02\/firany-i-zaslony-na-wymiar-PION-768x1024.webp 768w, https:\/\/sklepwnetrz.pl\/salonstargard\/wp-content\/uploads\/2024\/02\/firany-i-zaslony-na-wymiar-PION-529x705.webp 529w\" sizes=\"(max-width: 1000px) 100vw, 1000px\" \/><\/div><\/div><\/div><\/div><div class='flex_column av-j9syn-4ac3c95cb1519eb3a72515075ce68cab av_one_full  avia-builder-el-49  el_after_av_one_full  el_before_av_one_full  first flex_column_div column-top-margin'   ><style type=\"text\/css\" data-created_by=\"avia_inline_auto\" id=\"style-css-av-lt7mdpoz-0ad4083ee048252da77f76852b20bb56\">\n.avia-image-container.av-lt7mdpoz-0ad4083ee048252da77f76852b20bb56 .av-image-caption-overlay-center{\ncolor:#ffffff;\n}\n<\/style>\n<div  class='avia-image-container av-lt7mdpoz-0ad4083ee048252da77f76852b20bb56 av-styling- avia-align-center  avia-builder-el-50  avia-builder-el-no-sibling  '  itemprop=\"image\" itemscope=\"itemscope\" itemtype=\"https:\/\/schema.org\/ImageObject\" ><div class=\"avia-image-container-inner\"><div class=\"avia-image-overlay-wrap\"><img decoding=\"async\" class='wp-image-1599 avia-img-lazy-loading-not-1599 avia_image' src=\"https:\/\/sklepwnetrz.pl\/salonstargard\/wp-content\/uploads\/2024\/02\/firany-i-zaslony-na-wymiar-system-wave.webp\" alt='' title='firany i zas\u0142ony na wymiar system wave'  height=\"1500\" width=\"2000\"  itemprop=\"thumbnailUrl\" srcset=\"https:\/\/sklepwnetrz.pl\/salonstargard\/wp-content\/uploads\/2024\/02\/firany-i-zaslony-na-wymiar-system-wave.webp 2000w, https:\/\/sklepwnetrz.pl\/salonstargard\/wp-content\/uploads\/2024\/02\/firany-i-zaslony-na-wymiar-system-wave-300x225.webp 300w, https:\/\/sklepwnetrz.pl\/salonstargard\/wp-content\/uploads\/2024\/02\/firany-i-zaslony-na-wymiar-system-wave-1030x773.webp 1030w, https:\/\/sklepwnetrz.pl\/salonstargard\/wp-content\/uploads\/2024\/02\/firany-i-zaslony-na-wymiar-system-wave-768x576.webp 768w, https:\/\/sklepwnetrz.pl\/salonstargard\/wp-content\/uploads\/2024\/02\/firany-i-zaslony-na-wymiar-system-wave-1536x1152.webp 1536w, https:\/\/sklepwnetrz.pl\/salonstargard\/wp-content\/uploads\/2024\/02\/firany-i-zaslony-na-wymiar-system-wave-1500x1125.webp 1500w, https:\/\/sklepwnetrz.pl\/salonstargard\/wp-content\/uploads\/2024\/02\/firany-i-zaslony-na-wymiar-system-wave-705x529.webp 705w\" sizes=\"(max-width: 2000px) 100vw, 2000px\" \/><\/div><\/div><\/div><\/div><div class='flex_column av-eqs4v-a5a0d08b1ae8f61e83b70d7e9f6f4638 av_one_full  avia-builder-el-51  el_after_av_one_full  el_before_av_one_full  first flex_column_div column-top-margin'   ><style type=\"text\/css\" data-created_by=\"avia_inline_auto\" id=\"style-css-av-lt7me74r-fee588d0371d83b60f69c6dad7882601\">\n.avia-image-container.av-lt7me74r-fee588d0371d83b60f69c6dad7882601 .av-image-caption-overlay-center{\ncolor:#ffffff;\n}\n<\/style>\n<div  class='avia-image-container av-lt7me74r-fee588d0371d83b60f69c6dad7882601 av-styling- avia-align-center  avia-builder-el-52  avia-builder-el-no-sibling  '  itemprop=\"image\" itemscope=\"itemscope\" itemtype=\"https:\/\/schema.org\/ImageObject\" ><div class=\"avia-image-container-inner\"><div class=\"avia-image-overlay-wrap\"><img decoding=\"async\" class='wp-image-1600 avia-img-lazy-loading-not-1600 avia_image' src=\"https:\/\/sklepwnetrz.pl\/salonstargard\/wp-content\/uploads\/2024\/02\/firany-na-wymiar-do-apartamentu-zaslony-do-apartamentu.webp\" alt='' title='firany na wymiar do apartamentu + zas\u0142ony do apartamentu'  height=\"1500\" width=\"2000\"  itemprop=\"thumbnailUrl\" srcset=\"https:\/\/sklepwnetrz.pl\/salonstargard\/wp-content\/uploads\/2024\/02\/firany-na-wymiar-do-apartamentu-zaslony-do-apartamentu.webp 2000w, https:\/\/sklepwnetrz.pl\/salonstargard\/wp-content\/uploads\/2024\/02\/firany-na-wymiar-do-apartamentu-zaslony-do-apartamentu-300x225.webp 300w, https:\/\/sklepwnetrz.pl\/salonstargard\/wp-content\/uploads\/2024\/02\/firany-na-wymiar-do-apartamentu-zaslony-do-apartamentu-1030x773.webp 1030w, https:\/\/sklepwnetrz.pl\/salonstargard\/wp-content\/uploads\/2024\/02\/firany-na-wymiar-do-apartamentu-zaslony-do-apartamentu-768x576.webp 768w, https:\/\/sklepwnetrz.pl\/salonstargard\/wp-content\/uploads\/2024\/02\/firany-na-wymiar-do-apartamentu-zaslony-do-apartamentu-1536x1152.webp 1536w, https:\/\/sklepwnetrz.pl\/salonstargard\/wp-content\/uploads\/2024\/02\/firany-na-wymiar-do-apartamentu-zaslony-do-apartamentu-1500x1125.webp 1500w, https:\/\/sklepwnetrz.pl\/salonstargard\/wp-content\/uploads\/2024\/02\/firany-na-wymiar-do-apartamentu-zaslony-do-apartamentu-705x529.webp 705w\" sizes=\"(max-width: 2000px) 100vw, 2000px\" \/><\/div><\/div><\/div><\/div><div class='flex_column av-8eq9b-7dc1c03193175164957c405318f7e5e9 av_one_full  avia-builder-el-53  el_after_av_one_full  avia-builder-el-last  first flex_column_div column-top-margin'   ><style type=\"text\/css\" data-created_by=\"avia_inline_auto\" id=\"style-css-av-lt7mejyb-3f63a21febf040f79fc96c3de486b9ac\">\n.avia-image-container.av-lt7mejyb-3f63a21febf040f79fc96c3de486b9ac .av-image-caption-overlay-center{\ncolor:#ffffff;\n}\n<\/style>\n<div  class='avia-image-container av-lt7mejyb-3f63a21febf040f79fc96c3de486b9ac av-styling- avia-align-center  avia-builder-el-54  avia-builder-el-no-sibling  '  itemprop=\"image\" itemscope=\"itemscope\" itemtype=\"https:\/\/schema.org\/ImageObject\" ><div class=\"avia-image-container-inner\"><div class=\"avia-image-overlay-wrap\"><img decoding=\"async\" class='wp-image-1593 avia-img-lazy-loading-not-1593 avia_image' src=\"https:\/\/sklepwnetrz.pl\/salonstargard\/wp-content\/uploads\/2024\/02\/firany-do-biura-kancelarii.webp\" alt='' title='firany do biura, kancelarii'  height=\"1500\" width=\"2000\"  itemprop=\"thumbnailUrl\" srcset=\"https:\/\/sklepwnetrz.pl\/salonstargard\/wp-content\/uploads\/2024\/02\/firany-do-biura-kancelarii.webp 2000w, https:\/\/sklepwnetrz.pl\/salonstargard\/wp-content\/uploads\/2024\/02\/firany-do-biura-kancelarii-300x225.webp 300w, https:\/\/sklepwnetrz.pl\/salonstargard\/wp-content\/uploads\/2024\/02\/firany-do-biura-kancelarii-1030x773.webp 1030w, https:\/\/sklepwnetrz.pl\/salonstargard\/wp-content\/uploads\/2024\/02\/firany-do-biura-kancelarii-768x576.webp 768w, https:\/\/sklepwnetrz.pl\/salonstargard\/wp-content\/uploads\/2024\/02\/firany-do-biura-kancelarii-1536x1152.webp 1536w, https:\/\/sklepwnetrz.pl\/salonstargard\/wp-content\/uploads\/2024\/02\/firany-do-biura-kancelarii-1500x1125.webp 1500w, https:\/\/sklepwnetrz.pl\/salonstargard\/wp-content\/uploads\/2024\/02\/firany-do-biura-kancelarii-705x529.webp 705w\" sizes=\"(max-width: 2000px) 100vw, 2000px\" \/><\/div><\/div><\/div><\/div><\/p>\n<\/div><\/div><\/div><div id='after_submenu_3'  class='main_color av_default_container_wrap container_wrap sidebar_right'  ><div class='container av-section-cont-open' ><div class='template-page content  av-content-small alpha units'><div class='post-entry post-entry-type-page post-entry-143'><div class='entry-content-wrapper clearfix'>\n<style type=\"text\/css\" data-created_by=\"avia_inline_auto\" id=\"style-css-av-l9rgyt02-5664c48b56bd1e843a51fe6cc99742ca\">\n#top .av-special-heading.av-l9rgyt02-5664c48b56bd1e843a51fe6cc99742ca{\npadding-bottom:30px;\nfont-size:70px;\n}\n<\/style>\n<div  class='av-special-heading av-l9rgyt02-5664c48b56bd1e843a51fe6cc99742ca av-special-heading-h1 blockquote modern-quote modern-centered  avia-builder-el-55  el_after_av_layout_row  el_before_av_one_full  avia-builder-el-first  av-inherit-size '><h1 class='av-special-heading-tag '  itemprop=\"headline\"  ><u> REALIZACJE<\/u> C.D<\/h1><div class='special-heading-border'><div class='special-heading-inner-border'><\/div><\/div><\/div><\/p>\n<div class='flex_column av-10tq7-5aa48ed4b831aa2e7b6ee8739acfcba3 av_one_full  avia-builder-el-56  el_after_av_heading  el_before_av_one_full  first flex_column_div '   ><style type=\"text\/css\" data-created_by=\"avia_inline_auto\" id=\"style-css-av-l9rhjov4-744f2cec4d97944eab52b4474a928b67\">\n#top .avia-gallery.av-l9rhjov4-744f2cec4d97944eab52b4474a928b67 .avia-gallery-thumb a{\nwidth:20%;\n}\n<\/style>\n<div  class='avia-gallery av-l9rhjov4-744f2cec4d97944eab52b4474a928b67 avia_animate_when_visible  avia-builder-el-57  avia-builder-el-no-sibling  animations_off  avia-gallery-1'  itemprop=\"image\" itemscope=\"itemscope\" itemtype=\"https:\/\/schema.org\/ImageObject\" ><div class='avia-gallery-thumb'> <a href=\"https:\/\/sklepwnetrz.pl\/salonstargard\/wp-content\/uploads\/2023\/02\/top1-824x1030.webp\" data-srcset=\"https:\/\/sklepwnetrz.pl\/salonstargard\/wp-content\/uploads\/2023\/02\/top1-824x1030.webp 824w, https:\/\/sklepwnetrz.pl\/salonstargard\/wp-content\/uploads\/2023\/02\/top1-240x300.webp 240w, https:\/\/sklepwnetrz.pl\/salonstargard\/wp-content\/uploads\/2023\/02\/top1-768x960.webp 768w, https:\/\/sklepwnetrz.pl\/salonstargard\/wp-content\/uploads\/2023\/02\/top1-564x705.webp 564w, https:\/\/sklepwnetrz.pl\/salonstargard\/wp-content\/uploads\/2023\/02\/top1.webp 1080w\" data-sizes=\"(max-width: 824px) 100vw, 824px\" data-rel='gallery-1' data-prev-img='https:\/\/sklepwnetrz.pl\/salonstargard\/wp-content\/uploads\/2023\/02\/top1-495x400.webp' class='first_thumb lightbox ' data-onclick='1' title=''  itemprop=\"thumbnailUrl\"  ><img decoding=\"async\" class=\"wp-image-1449 avia-img-lazy-loading-not-1449\"   src=\"https:\/\/sklepwnetrz.pl\/salonstargard\/wp-content\/uploads\/2023\/02\/top1-495x400.webp\" width=\"495\" height=\"400\"  title='top1' alt='' srcset=\"https:\/\/sklepwnetrz.pl\/salonstargard\/wp-content\/uploads\/2023\/02\/top1-495x400.webp 495w, https:\/\/sklepwnetrz.pl\/salonstargard\/wp-content\/uploads\/2023\/02\/top1-845x684.webp 845w\" sizes=\"(max-width: 495px) 100vw, 495px\" \/><\/a> <a href=\"https:\/\/sklepwnetrz.pl\/salonstargard\/wp-content\/uploads\/2023\/05\/social2-1030x1030.webp\" data-srcset=\"https:\/\/sklepwnetrz.pl\/salonstargard\/wp-content\/uploads\/2023\/05\/social2-1030x1030.webp 1030w, https:\/\/sklepwnetrz.pl\/salonstargard\/wp-content\/uploads\/2023\/05\/social2-300x300.webp 300w, https:\/\/sklepwnetrz.pl\/salonstargard\/wp-content\/uploads\/2023\/05\/social2-80x80.webp 80w, https:\/\/sklepwnetrz.pl\/salonstargard\/wp-content\/uploads\/2023\/05\/social2-768x768.webp 768w, https:\/\/sklepwnetrz.pl\/salonstargard\/wp-content\/uploads\/2023\/05\/social2-36x36.webp 36w, https:\/\/sklepwnetrz.pl\/salonstargard\/wp-content\/uploads\/2023\/05\/social2-180x180.webp 180w, https:\/\/sklepwnetrz.pl\/salonstargard\/wp-content\/uploads\/2023\/05\/social2-705x705.webp 705w, https:\/\/sklepwnetrz.pl\/salonstargard\/wp-content\/uploads\/2023\/05\/social2.webp 1200w\" data-sizes=\"(max-width: 1030px) 100vw, 1030px\" data-rel='gallery-1' data-prev-img='https:\/\/sklepwnetrz.pl\/salonstargard\/wp-content\/uploads\/2023\/05\/social2-495x400.webp' class='lightbox ' data-onclick='2' title=''  itemprop=\"thumbnailUrl\"  ><img decoding=\"async\" class=\"wp-image-1522 avia-img-lazy-loading-not-1522\"   src=\"https:\/\/sklepwnetrz.pl\/salonstargard\/wp-content\/uploads\/2023\/05\/social2-495x400.webp\" width=\"495\" height=\"400\"  title='social2' alt='' srcset=\"https:\/\/sklepwnetrz.pl\/salonstargard\/wp-content\/uploads\/2023\/05\/social2-495x400.webp 495w, https:\/\/sklepwnetrz.pl\/salonstargard\/wp-content\/uploads\/2023\/05\/social2-845x684.webp 845w\" sizes=\"(max-width: 495px) 100vw, 495px\" \/><\/a> <a href=\"https:\/\/sklepwnetrz.pl\/salonstargard\/wp-content\/uploads\/2023\/02\/top12-1030x687.webp\" data-srcset=\"https:\/\/sklepwnetrz.pl\/salonstargard\/wp-content\/uploads\/2023\/02\/top12-1030x687.webp 1030w, https:\/\/sklepwnetrz.pl\/salonstargard\/wp-content\/uploads\/2023\/02\/top12-300x200.webp 300w, https:\/\/sklepwnetrz.pl\/salonstargard\/wp-content\/uploads\/2023\/02\/top12-768x512.webp 768w, https:\/\/sklepwnetrz.pl\/salonstargard\/wp-content\/uploads\/2023\/02\/top12-705x470.webp 705w, https:\/\/sklepwnetrz.pl\/salonstargard\/wp-content\/uploads\/2023\/02\/top12.webp 1200w\" data-sizes=\"(max-width: 1030px) 100vw, 1030px\" data-rel='gallery-1' data-prev-img='https:\/\/sklepwnetrz.pl\/salonstargard\/wp-content\/uploads\/2023\/02\/top12-495x400.webp' class='lightbox ' data-onclick='3' title=''  itemprop=\"thumbnailUrl\"  ><img decoding=\"async\" class=\"wp-image-1460 avia-img-lazy-loading-not-1460\"   src=\"https:\/\/sklepwnetrz.pl\/salonstargard\/wp-content\/uploads\/2023\/02\/top12-495x400.webp\" width=\"495\" height=\"400\"  title='top12' alt='' srcset=\"https:\/\/sklepwnetrz.pl\/salonstargard\/wp-content\/uploads\/2023\/02\/top12-495x400.webp 495w, https:\/\/sklepwnetrz.pl\/salonstargard\/wp-content\/uploads\/2023\/02\/top12-845x684.webp 845w\" sizes=\"(max-width: 495px) 100vw, 495px\" \/><\/a> <a href=\"https:\/\/sklepwnetrz.pl\/salonstargard\/wp-content\/uploads\/2023\/06\/firany-i-zaslony-szyte-na-wymiar-RADIMAR-1030x632.webp\" data-srcset=\"https:\/\/sklepwnetrz.pl\/salonstargard\/wp-content\/uploads\/2023\/06\/firany-i-zaslony-szyte-na-wymiar-RADIMAR-1030x632.webp 1030w, https:\/\/sklepwnetrz.pl\/salonstargard\/wp-content\/uploads\/2023\/06\/firany-i-zaslony-szyte-na-wymiar-RADIMAR-300x184.webp 300w, https:\/\/sklepwnetrz.pl\/salonstargard\/wp-content\/uploads\/2023\/06\/firany-i-zaslony-szyte-na-wymiar-RADIMAR-768x471.webp 768w, https:\/\/sklepwnetrz.pl\/salonstargard\/wp-content\/uploads\/2023\/06\/firany-i-zaslony-szyte-na-wymiar-RADIMAR-705x433.webp 705w, https:\/\/sklepwnetrz.pl\/salonstargard\/wp-content\/uploads\/2023\/06\/firany-i-zaslony-szyte-na-wymiar-RADIMAR.webp 1320w\" data-sizes=\"(max-width: 1030px) 100vw, 1030px\" data-rel='gallery-1' data-prev-img='https:\/\/sklepwnetrz.pl\/salonstargard\/wp-content\/uploads\/2023\/06\/firany-i-zaslony-szyte-na-wymiar-RADIMAR-495x400.webp' class='lightbox ' data-onclick='4' title=''  itemprop=\"thumbnailUrl\"  ><img decoding=\"async\" class=\"wp-image-1537 avia-img-lazy-loading-not-1537\"   src=\"https:\/\/sklepwnetrz.pl\/salonstargard\/wp-content\/uploads\/2023\/06\/firany-i-zaslony-szyte-na-wymiar-RADIMAR-495x400.webp\" width=\"495\" height=\"400\"  title='firany i zas\u0142ony szyte na wymiar RADIMAR' alt='' srcset=\"https:\/\/sklepwnetrz.pl\/salonstargard\/wp-content\/uploads\/2023\/06\/firany-i-zaslony-szyte-na-wymiar-RADIMAR-495x400.webp 495w, https:\/\/sklepwnetrz.pl\/salonstargard\/wp-content\/uploads\/2023\/06\/firany-i-zaslony-szyte-na-wymiar-RADIMAR-845x684.webp 845w\" sizes=\"(max-width: 495px) 100vw, 495px\" \/><\/a> <a href=\"https:\/\/sklepwnetrz.pl\/salonstargard\/wp-content\/uploads\/2024\/02\/firany-do-jadalnii-mieszkanie-apartament-1030x773.webp\" data-srcset=\"https:\/\/sklepwnetrz.pl\/salonstargard\/wp-content\/uploads\/2024\/02\/firany-do-jadalnii-mieszkanie-apartament-1030x773.webp 1030w, https:\/\/sklepwnetrz.pl\/salonstargard\/wp-content\/uploads\/2024\/02\/firany-do-jadalnii-mieszkanie-apartament-300x225.webp 300w, https:\/\/sklepwnetrz.pl\/salonstargard\/wp-content\/uploads\/2024\/02\/firany-do-jadalnii-mieszkanie-apartament-768x576.webp 768w, https:\/\/sklepwnetrz.pl\/salonstargard\/wp-content\/uploads\/2024\/02\/firany-do-jadalnii-mieszkanie-apartament-1536x1152.webp 1536w, https:\/\/sklepwnetrz.pl\/salonstargard\/wp-content\/uploads\/2024\/02\/firany-do-jadalnii-mieszkanie-apartament-1500x1125.webp 1500w, https:\/\/sklepwnetrz.pl\/salonstargard\/wp-content\/uploads\/2024\/02\/firany-do-jadalnii-mieszkanie-apartament-705x529.webp 705w, https:\/\/sklepwnetrz.pl\/salonstargard\/wp-content\/uploads\/2024\/02\/firany-do-jadalnii-mieszkanie-apartament.webp 2000w\" data-sizes=\"(max-width: 1030px) 100vw, 1030px\" data-rel='gallery-1' data-prev-img='https:\/\/sklepwnetrz.pl\/salonstargard\/wp-content\/uploads\/2024\/02\/firany-do-jadalnii-mieszkanie-apartament-495x400.webp' class='lightbox ' data-onclick='5' title=''  itemprop=\"thumbnailUrl\"  ><img decoding=\"async\" class=\"wp-image-1594 avia-img-lazy-loading-not-1594\"   src=\"https:\/\/sklepwnetrz.pl\/salonstargard\/wp-content\/uploads\/2024\/02\/firany-do-jadalnii-mieszkanie-apartament-495x400.webp\" width=\"495\" height=\"400\"  title='firany do jadalnii mieszkanie apartament' alt='' srcset=\"https:\/\/sklepwnetrz.pl\/salonstargard\/wp-content\/uploads\/2024\/02\/firany-do-jadalnii-mieszkanie-apartament-495x400.webp 495w, https:\/\/sklepwnetrz.pl\/salonstargard\/wp-content\/uploads\/2024\/02\/firany-do-jadalnii-mieszkanie-apartament-845x684.webp 845w\" sizes=\"(max-width: 495px) 100vw, 495px\" \/><\/a> <a href=\"https:\/\/sklepwnetrz.pl\/salonstargard\/wp-content\/uploads\/2023\/02\/top4-1030x687.webp\" data-srcset=\"https:\/\/sklepwnetrz.pl\/salonstargard\/wp-content\/uploads\/2023\/02\/top4-1030x687.webp 1030w, https:\/\/sklepwnetrz.pl\/salonstargard\/wp-content\/uploads\/2023\/02\/top4-300x200.webp 300w, https:\/\/sklepwnetrz.pl\/salonstargard\/wp-content\/uploads\/2023\/02\/top4-768x512.webp 768w, https:\/\/sklepwnetrz.pl\/salonstargard\/wp-content\/uploads\/2023\/02\/top4-705x470.webp 705w, https:\/\/sklepwnetrz.pl\/salonstargard\/wp-content\/uploads\/2023\/02\/top4.webp 1200w\" data-sizes=\"(max-width: 1030px) 100vw, 1030px\" data-rel='gallery-1' data-prev-img='https:\/\/sklepwnetrz.pl\/salonstargard\/wp-content\/uploads\/2023\/02\/top4-495x400.webp' class='first_thumb lightbox ' data-onclick='6' title=''  itemprop=\"thumbnailUrl\"  ><img decoding=\"async\" class=\"wp-image-1452 avia-img-lazy-loading-not-1452\"   src=\"https:\/\/sklepwnetrz.pl\/salonstargard\/wp-content\/uploads\/2023\/02\/top4-495x400.webp\" width=\"495\" height=\"400\"  title='top4' alt='' srcset=\"https:\/\/sklepwnetrz.pl\/salonstargard\/wp-content\/uploads\/2023\/02\/top4-495x400.webp 495w, https:\/\/sklepwnetrz.pl\/salonstargard\/wp-content\/uploads\/2023\/02\/top4-845x684.webp 845w\" sizes=\"(max-width: 495px) 100vw, 495px\" \/><\/a> <a href=\"https:\/\/sklepwnetrz.pl\/salonstargard\/wp-content\/uploads\/2023\/05\/post4-1030x1030.webp\" data-srcset=\"https:\/\/sklepwnetrz.pl\/salonstargard\/wp-content\/uploads\/2023\/05\/post4-1030x1030.webp 1030w, https:\/\/sklepwnetrz.pl\/salonstargard\/wp-content\/uploads\/2023\/05\/post4-300x300.webp 300w, https:\/\/sklepwnetrz.pl\/salonstargard\/wp-content\/uploads\/2023\/05\/post4-80x80.webp 80w, https:\/\/sklepwnetrz.pl\/salonstargard\/wp-content\/uploads\/2023\/05\/post4-768x768.webp 768w, https:\/\/sklepwnetrz.pl\/salonstargard\/wp-content\/uploads\/2023\/05\/post4-36x36.webp 36w, https:\/\/sklepwnetrz.pl\/salonstargard\/wp-content\/uploads\/2023\/05\/post4-180x180.webp 180w, https:\/\/sklepwnetrz.pl\/salonstargard\/wp-content\/uploads\/2023\/05\/post4-705x705.webp 705w, https:\/\/sklepwnetrz.pl\/salonstargard\/wp-content\/uploads\/2023\/05\/post4.webp 1200w\" data-sizes=\"(max-width: 1030px) 100vw, 1030px\" data-rel='gallery-1' data-prev-img='https:\/\/sklepwnetrz.pl\/salonstargard\/wp-content\/uploads\/2023\/05\/post4-495x400.webp' class='lightbox ' data-onclick='7' title=''  itemprop=\"thumbnailUrl\"  ><img decoding=\"async\" class=\"wp-image-1520 avia-img-lazy-loading-not-1520\"   src=\"https:\/\/sklepwnetrz.pl\/salonstargard\/wp-content\/uploads\/2023\/05\/post4-495x400.webp\" width=\"495\" height=\"400\"  title='post4' alt='' srcset=\"https:\/\/sklepwnetrz.pl\/salonstargard\/wp-content\/uploads\/2023\/05\/post4-495x400.webp 495w, https:\/\/sklepwnetrz.pl\/salonstargard\/wp-content\/uploads\/2023\/05\/post4-845x684.webp 845w\" sizes=\"(max-width: 495px) 100vw, 495px\" \/><\/a> <a href=\"https:\/\/sklepwnetrz.pl\/salonstargard\/wp-content\/uploads\/2023\/03\/zaluzje-drewniane-8-do-lazienki-Stargard-Szczecin-1030x1030.webp\" data-srcset=\"https:\/\/sklepwnetrz.pl\/salonstargard\/wp-content\/uploads\/2023\/03\/zaluzje-drewniane-8-do-lazienki-Stargard-Szczecin-1030x1030.webp 1030w, https:\/\/sklepwnetrz.pl\/salonstargard\/wp-content\/uploads\/2023\/03\/zaluzje-drewniane-8-do-lazienki-Stargard-Szczecin-300x300.webp 300w, https:\/\/sklepwnetrz.pl\/salonstargard\/wp-content\/uploads\/2023\/03\/zaluzje-drewniane-8-do-lazienki-Stargard-Szczecin-80x80.webp 80w, https:\/\/sklepwnetrz.pl\/salonstargard\/wp-content\/uploads\/2023\/03\/zaluzje-drewniane-8-do-lazienki-Stargard-Szczecin-768x768.webp 768w, https:\/\/sklepwnetrz.pl\/salonstargard\/wp-content\/uploads\/2023\/03\/zaluzje-drewniane-8-do-lazienki-Stargard-Szczecin-36x36.webp 36w, https:\/\/sklepwnetrz.pl\/salonstargard\/wp-content\/uploads\/2023\/03\/zaluzje-drewniane-8-do-lazienki-Stargard-Szczecin-180x180.webp 180w, https:\/\/sklepwnetrz.pl\/salonstargard\/wp-content\/uploads\/2023\/03\/zaluzje-drewniane-8-do-lazienki-Stargard-Szczecin-705x705.webp 705w, https:\/\/sklepwnetrz.pl\/salonstargard\/wp-content\/uploads\/2023\/03\/zaluzje-drewniane-8-do-lazienki-Stargard-Szczecin.webp 1200w\" data-sizes=\"(max-width: 1030px) 100vw, 1030px\" data-rel='gallery-1' data-prev-img='https:\/\/sklepwnetrz.pl\/salonstargard\/wp-content\/uploads\/2023\/03\/zaluzje-drewniane-8-do-lazienki-Stargard-Szczecin-495x400.webp' class='lightbox ' data-onclick='8' title=''  itemprop=\"thumbnailUrl\"  ><img decoding=\"async\" class=\"wp-image-1485 avia-img-lazy-loading-not-1485\"   src=\"https:\/\/sklepwnetrz.pl\/salonstargard\/wp-content\/uploads\/2023\/03\/zaluzje-drewniane-8-do-lazienki-Stargard-Szczecin-495x400.webp\" width=\"495\" height=\"400\"  title='\u017caluzje drewniane 8 do \u0142azienki Stargard Szczecin' alt='' srcset=\"https:\/\/sklepwnetrz.pl\/salonstargard\/wp-content\/uploads\/2023\/03\/zaluzje-drewniane-8-do-lazienki-Stargard-Szczecin-495x400.webp 495w, https:\/\/sklepwnetrz.pl\/salonstargard\/wp-content\/uploads\/2023\/03\/zaluzje-drewniane-8-do-lazienki-Stargard-Szczecin-845x684.webp 845w\" sizes=\"(max-width: 495px) 100vw, 495px\" \/><\/a> <a href=\"https:\/\/sklepwnetrz.pl\/salonstargard\/wp-content\/uploads\/2023\/02\/top11-1030x687.webp\" data-srcset=\"https:\/\/sklepwnetrz.pl\/salonstargard\/wp-content\/uploads\/2023\/02\/top11-1030x687.webp 1030w, https:\/\/sklepwnetrz.pl\/salonstargard\/wp-content\/uploads\/2023\/02\/top11-300x200.webp 300w, https:\/\/sklepwnetrz.pl\/salonstargard\/wp-content\/uploads\/2023\/02\/top11-768x512.webp 768w, https:\/\/sklepwnetrz.pl\/salonstargard\/wp-content\/uploads\/2023\/02\/top11-705x470.webp 705w, https:\/\/sklepwnetrz.pl\/salonstargard\/wp-content\/uploads\/2023\/02\/top11.webp 1200w\" data-sizes=\"(max-width: 1030px) 100vw, 1030px\" data-rel='gallery-1' data-prev-img='https:\/\/sklepwnetrz.pl\/salonstargard\/wp-content\/uploads\/2023\/02\/top11-495x400.webp' class='lightbox ' data-onclick='9' title=''  itemprop=\"thumbnailUrl\"  ><img decoding=\"async\" class=\"wp-image-1459 avia-img-lazy-loading-not-1459\"   src=\"https:\/\/sklepwnetrz.pl\/salonstargard\/wp-content\/uploads\/2023\/02\/top11-495x400.webp\" width=\"495\" height=\"400\"  title='top11' alt='' srcset=\"https:\/\/sklepwnetrz.pl\/salonstargard\/wp-content\/uploads\/2023\/02\/top11-495x400.webp 495w, https:\/\/sklepwnetrz.pl\/salonstargard\/wp-content\/uploads\/2023\/02\/top11-845x684.webp 845w\" sizes=\"(max-width: 495px) 100vw, 495px\" \/><\/a> <a href=\"https:\/\/sklepwnetrz.pl\/salonstargard\/wp-content\/uploads\/2023\/02\/top9-1030x687.webp\" data-srcset=\"https:\/\/sklepwnetrz.pl\/salonstargard\/wp-content\/uploads\/2023\/02\/top9-1030x687.webp 1030w, https:\/\/sklepwnetrz.pl\/salonstargard\/wp-content\/uploads\/2023\/02\/top9-300x200.webp 300w, https:\/\/sklepwnetrz.pl\/salonstargard\/wp-content\/uploads\/2023\/02\/top9-768x512.webp 768w, https:\/\/sklepwnetrz.pl\/salonstargard\/wp-content\/uploads\/2023\/02\/top9-705x470.webp 705w, https:\/\/sklepwnetrz.pl\/salonstargard\/wp-content\/uploads\/2023\/02\/top9.webp 1200w\" data-sizes=\"(max-width: 1030px) 100vw, 1030px\" data-rel='gallery-1' data-prev-img='https:\/\/sklepwnetrz.pl\/salonstargard\/wp-content\/uploads\/2023\/02\/top9-495x400.webp' class='lightbox ' data-onclick='10' title=''  itemprop=\"thumbnailUrl\"  ><img decoding=\"async\" class=\"wp-image-1457 avia-img-lazy-loading-not-1457\"   src=\"https:\/\/sklepwnetrz.pl\/salonstargard\/wp-content\/uploads\/2023\/02\/top9-495x400.webp\" width=\"495\" height=\"400\"  title='top9' alt='' srcset=\"https:\/\/sklepwnetrz.pl\/salonstargard\/wp-content\/uploads\/2023\/02\/top9-495x400.webp 495w, https:\/\/sklepwnetrz.pl\/salonstargard\/wp-content\/uploads\/2023\/02\/top9-845x684.webp 845w\" sizes=\"(max-width: 495px) 100vw, 495px\" \/><\/a> <a href=\"https:\/\/sklepwnetrz.pl\/salonstargard\/wp-content\/uploads\/2023\/02\/top3-824x1030.webp\" data-srcset=\"https:\/\/sklepwnetrz.pl\/salonstargard\/wp-content\/uploads\/2023\/02\/top3-824x1030.webp 824w, https:\/\/sklepwnetrz.pl\/salonstargard\/wp-content\/uploads\/2023\/02\/top3-240x300.webp 240w, https:\/\/sklepwnetrz.pl\/salonstargard\/wp-content\/uploads\/2023\/02\/top3-768x960.webp 768w, https:\/\/sklepwnetrz.pl\/salonstargard\/wp-content\/uploads\/2023\/02\/top3-564x705.webp 564w, https:\/\/sklepwnetrz.pl\/salonstargard\/wp-content\/uploads\/2023\/02\/top3.webp 1080w\" data-sizes=\"(max-width: 824px) 100vw, 824px\" data-rel='gallery-1' data-prev-img='https:\/\/sklepwnetrz.pl\/salonstargard\/wp-content\/uploads\/2023\/02\/top3-495x400.webp' class='first_thumb lightbox ' data-onclick='11' title=''  itemprop=\"thumbnailUrl\"  ><img decoding=\"async\" class=\"wp-image-1451 avia-img-lazy-loading-not-1451\"   src=\"https:\/\/sklepwnetrz.pl\/salonstargard\/wp-content\/uploads\/2023\/02\/top3-495x400.webp\" width=\"495\" height=\"400\"  title='top3' alt='' srcset=\"https:\/\/sklepwnetrz.pl\/salonstargard\/wp-content\/uploads\/2023\/02\/top3-495x400.webp 495w, https:\/\/sklepwnetrz.pl\/salonstargard\/wp-content\/uploads\/2023\/02\/top3-845x684.webp 845w\" sizes=\"(max-width: 495px) 100vw, 495px\" \/><\/a> <a href=\"https:\/\/sklepwnetrz.pl\/salonstargard\/wp-content\/uploads\/2023\/06\/firany-i-zaslony-stargard-radimar-824x1030.webp\" data-srcset=\"https:\/\/sklepwnetrz.pl\/salonstargard\/wp-content\/uploads\/2023\/06\/firany-i-zaslony-stargard-radimar-824x1030.webp 824w, https:\/\/sklepwnetrz.pl\/salonstargard\/wp-content\/uploads\/2023\/06\/firany-i-zaslony-stargard-radimar-240x300.webp 240w, https:\/\/sklepwnetrz.pl\/salonstargard\/wp-content\/uploads\/2023\/06\/firany-i-zaslony-stargard-radimar-768x960.webp 768w, https:\/\/sklepwnetrz.pl\/salonstargard\/wp-content\/uploads\/2023\/06\/firany-i-zaslony-stargard-radimar-564x705.webp 564w, https:\/\/sklepwnetrz.pl\/salonstargard\/wp-content\/uploads\/2023\/06\/firany-i-zaslony-stargard-radimar.webp 1080w\" data-sizes=\"(max-width: 824px) 100vw, 824px\" data-rel='gallery-1' data-prev-img='https:\/\/sklepwnetrz.pl\/salonstargard\/wp-content\/uploads\/2023\/06\/firany-i-zaslony-stargard-radimar-495x400.webp' class='lightbox ' data-onclick='12' title=''  itemprop=\"thumbnailUrl\"  ><img decoding=\"async\" class=\"wp-image-1536 avia-img-lazy-loading-not-1536\"   src=\"https:\/\/sklepwnetrz.pl\/salonstargard\/wp-content\/uploads\/2023\/06\/firany-i-zaslony-stargard-radimar-495x400.webp\" width=\"495\" height=\"400\"  title='firany i zas\u0142ony stargard radimar' alt='' srcset=\"https:\/\/sklepwnetrz.pl\/salonstargard\/wp-content\/uploads\/2023\/06\/firany-i-zaslony-stargard-radimar-495x400.webp 495w, https:\/\/sklepwnetrz.pl\/salonstargard\/wp-content\/uploads\/2023\/06\/firany-i-zaslony-stargard-radimar-845x684.webp 845w\" sizes=\"(max-width: 495px) 100vw, 495px\" \/><\/a> <a href=\"https:\/\/sklepwnetrz.pl\/salonstargard\/wp-content\/uploads\/2023\/02\/top8-1030x687.webp\" data-srcset=\"https:\/\/sklepwnetrz.pl\/salonstargard\/wp-content\/uploads\/2023\/02\/top8-1030x687.webp 1030w, https:\/\/sklepwnetrz.pl\/salonstargard\/wp-content\/uploads\/2023\/02\/top8-300x200.webp 300w, https:\/\/sklepwnetrz.pl\/salonstargard\/wp-content\/uploads\/2023\/02\/top8-768x512.webp 768w, https:\/\/sklepwnetrz.pl\/salonstargard\/wp-content\/uploads\/2023\/02\/top8-705x470.webp 705w, https:\/\/sklepwnetrz.pl\/salonstargard\/wp-content\/uploads\/2023\/02\/top8.webp 1200w\" data-sizes=\"(max-width: 1030px) 100vw, 1030px\" data-rel='gallery-1' data-prev-img='https:\/\/sklepwnetrz.pl\/salonstargard\/wp-content\/uploads\/2023\/02\/top8-495x400.webp' class='lightbox ' data-onclick='13' title=''  itemprop=\"thumbnailUrl\"  ><img decoding=\"async\" class=\"wp-image-1456 avia-img-lazy-loading-not-1456\"   src=\"https:\/\/sklepwnetrz.pl\/salonstargard\/wp-content\/uploads\/2023\/02\/top8-495x400.webp\" width=\"495\" height=\"400\"  title='top8' alt='' srcset=\"https:\/\/sklepwnetrz.pl\/salonstargard\/wp-content\/uploads\/2023\/02\/top8-495x400.webp 495w, https:\/\/sklepwnetrz.pl\/salonstargard\/wp-content\/uploads\/2023\/02\/top8-845x684.webp 845w\" sizes=\"(max-width: 495px) 100vw, 495px\" \/><\/a> <a href=\"https:\/\/sklepwnetrz.pl\/salonstargard\/wp-content\/uploads\/2023\/06\/rolety-rzymskie-stargard-824x1030.webp\" data-srcset=\"https:\/\/sklepwnetrz.pl\/salonstargard\/wp-content\/uploads\/2023\/06\/rolety-rzymskie-stargard-824x1030.webp 824w, https:\/\/sklepwnetrz.pl\/salonstargard\/wp-content\/uploads\/2023\/06\/rolety-rzymskie-stargard-240x300.webp 240w, https:\/\/sklepwnetrz.pl\/salonstargard\/wp-content\/uploads\/2023\/06\/rolety-rzymskie-stargard-768x960.webp 768w, https:\/\/sklepwnetrz.pl\/salonstargard\/wp-content\/uploads\/2023\/06\/rolety-rzymskie-stargard-564x705.webp 564w, https:\/\/sklepwnetrz.pl\/salonstargard\/wp-content\/uploads\/2023\/06\/rolety-rzymskie-stargard.webp 1080w\" data-sizes=\"(max-width: 824px) 100vw, 824px\" data-rel='gallery-1' data-prev-img='https:\/\/sklepwnetrz.pl\/salonstargard\/wp-content\/uploads\/2023\/06\/rolety-rzymskie-stargard-495x400.webp' class='lightbox ' data-onclick='14' title=''  itemprop=\"thumbnailUrl\"  ><img decoding=\"async\" class=\"wp-image-1543 avia-img-lazy-loading-not-1543\"   src=\"https:\/\/sklepwnetrz.pl\/salonstargard\/wp-content\/uploads\/2023\/06\/rolety-rzymskie-stargard-495x400.webp\" width=\"495\" height=\"400\"  title='rolety rzymskie stargard' alt='' srcset=\"https:\/\/sklepwnetrz.pl\/salonstargard\/wp-content\/uploads\/2023\/06\/rolety-rzymskie-stargard-495x400.webp 495w, https:\/\/sklepwnetrz.pl\/salonstargard\/wp-content\/uploads\/2023\/06\/rolety-rzymskie-stargard-845x684.webp 845w\" sizes=\"(max-width: 495px) 100vw, 495px\" \/><\/a> <a href=\"https:\/\/sklepwnetrz.pl\/salonstargard\/wp-content\/uploads\/2023\/05\/post2-1030x1030.webp\" data-srcset=\"https:\/\/sklepwnetrz.pl\/salonstargard\/wp-content\/uploads\/2023\/05\/post2-1030x1030.webp 1030w, https:\/\/sklepwnetrz.pl\/salonstargard\/wp-content\/uploads\/2023\/05\/post2-300x300.webp 300w, https:\/\/sklepwnetrz.pl\/salonstargard\/wp-content\/uploads\/2023\/05\/post2-80x80.webp 80w, https:\/\/sklepwnetrz.pl\/salonstargard\/wp-content\/uploads\/2023\/05\/post2-768x768.webp 768w, https:\/\/sklepwnetrz.pl\/salonstargard\/wp-content\/uploads\/2023\/05\/post2-36x36.webp 36w, https:\/\/sklepwnetrz.pl\/salonstargard\/wp-content\/uploads\/2023\/05\/post2-180x180.webp 180w, https:\/\/sklepwnetrz.pl\/salonstargard\/wp-content\/uploads\/2023\/05\/post2-705x705.webp 705w, https:\/\/sklepwnetrz.pl\/salonstargard\/wp-content\/uploads\/2023\/05\/post2.webp 1200w\" data-sizes=\"(max-width: 1030px) 100vw, 1030px\" data-rel='gallery-1' data-prev-img='https:\/\/sklepwnetrz.pl\/salonstargard\/wp-content\/uploads\/2023\/05\/post2-495x400.webp' class='lightbox ' data-onclick='15' title=''  itemprop=\"thumbnailUrl\"  ><img decoding=\"async\" class=\"wp-image-1519 avia-img-lazy-loading-not-1519\"   src=\"https:\/\/sklepwnetrz.pl\/salonstargard\/wp-content\/uploads\/2023\/05\/post2-495x400.webp\" width=\"495\" height=\"400\"  title='post2' alt='' srcset=\"https:\/\/sklepwnetrz.pl\/salonstargard\/wp-content\/uploads\/2023\/05\/post2-495x400.webp 495w, https:\/\/sklepwnetrz.pl\/salonstargard\/wp-content\/uploads\/2023\/05\/post2-845x684.webp 845w\" sizes=\"(max-width: 495px) 100vw, 495px\" \/><\/a> <a href=\"https:\/\/sklepwnetrz.pl\/salonstargard\/wp-content\/uploads\/2023\/06\/firany-stargard-zaslony-radimar-1030x632.webp\" data-srcset=\"https:\/\/sklepwnetrz.pl\/salonstargard\/wp-content\/uploads\/2023\/06\/firany-stargard-zaslony-radimar-1030x632.webp 1030w, https:\/\/sklepwnetrz.pl\/salonstargard\/wp-content\/uploads\/2023\/06\/firany-stargard-zaslony-radimar-300x184.webp 300w, https:\/\/sklepwnetrz.pl\/salonstargard\/wp-content\/uploads\/2023\/06\/firany-stargard-zaslony-radimar-768x471.webp 768w, https:\/\/sklepwnetrz.pl\/salonstargard\/wp-content\/uploads\/2023\/06\/firany-stargard-zaslony-radimar-705x433.webp 705w, https:\/\/sklepwnetrz.pl\/salonstargard\/wp-content\/uploads\/2023\/06\/firany-stargard-zaslony-radimar.webp 1320w\" data-sizes=\"(max-width: 1030px) 100vw, 1030px\" data-rel='gallery-1' data-prev-img='https:\/\/sklepwnetrz.pl\/salonstargard\/wp-content\/uploads\/2023\/06\/firany-stargard-zaslony-radimar-495x400.webp' class='first_thumb lightbox ' data-onclick='16' title=''  itemprop=\"thumbnailUrl\"  ><img decoding=\"async\" class=\"wp-image-1540 avia-img-lazy-loading-not-1540\"   src=\"https:\/\/sklepwnetrz.pl\/salonstargard\/wp-content\/uploads\/2023\/06\/firany-stargard-zaslony-radimar-495x400.webp\" width=\"495\" height=\"400\"  title='firany stargard zas\u0142ony radimar' alt='' srcset=\"https:\/\/sklepwnetrz.pl\/salonstargard\/wp-content\/uploads\/2023\/06\/firany-stargard-zaslony-radimar-495x400.webp 495w, https:\/\/sklepwnetrz.pl\/salonstargard\/wp-content\/uploads\/2023\/06\/firany-stargard-zaslony-radimar-845x684.webp 845w\" sizes=\"(max-width: 495px) 100vw, 495px\" \/><\/a> <a href=\"https:\/\/sklepwnetrz.pl\/salonstargard\/wp-content\/uploads\/2023\/02\/top7-1030x687.webp\" data-srcset=\"https:\/\/sklepwnetrz.pl\/salonstargard\/wp-content\/uploads\/2023\/02\/top7-1030x687.webp 1030w, https:\/\/sklepwnetrz.pl\/salonstargard\/wp-content\/uploads\/2023\/02\/top7-300x200.webp 300w, https:\/\/sklepwnetrz.pl\/salonstargard\/wp-content\/uploads\/2023\/02\/top7-768x512.webp 768w, https:\/\/sklepwnetrz.pl\/salonstargard\/wp-content\/uploads\/2023\/02\/top7-705x470.webp 705w, https:\/\/sklepwnetrz.pl\/salonstargard\/wp-content\/uploads\/2023\/02\/top7.webp 1200w\" data-sizes=\"(max-width: 1030px) 100vw, 1030px\" data-rel='gallery-1' data-prev-img='https:\/\/sklepwnetrz.pl\/salonstargard\/wp-content\/uploads\/2023\/02\/top7-495x400.webp' class='lightbox ' data-onclick='17' title=''  itemprop=\"thumbnailUrl\"  ><img decoding=\"async\" class=\"wp-image-1455 avia-img-lazy-loading-not-1455\"   src=\"https:\/\/sklepwnetrz.pl\/salonstargard\/wp-content\/uploads\/2023\/02\/top7-495x400.webp\" width=\"495\" height=\"400\"  title='top7' alt='' srcset=\"https:\/\/sklepwnetrz.pl\/salonstargard\/wp-content\/uploads\/2023\/02\/top7-495x400.webp 495w, https:\/\/sklepwnetrz.pl\/salonstargard\/wp-content\/uploads\/2023\/02\/top7-845x684.webp 845w\" sizes=\"(max-width: 495px) 100vw, 495px\" \/><\/a> <a href=\"https:\/\/sklepwnetrz.pl\/salonstargard\/wp-content\/uploads\/2023\/03\/zaluzje-drewniane-radimar-b-1030x1030.webp\" data-srcset=\"https:\/\/sklepwnetrz.pl\/salonstargard\/wp-content\/uploads\/2023\/03\/zaluzje-drewniane-radimar-b-1030x1030.webp 1030w, https:\/\/sklepwnetrz.pl\/salonstargard\/wp-content\/uploads\/2023\/03\/zaluzje-drewniane-radimar-b-300x300.webp 300w, https:\/\/sklepwnetrz.pl\/salonstargard\/wp-content\/uploads\/2023\/03\/zaluzje-drewniane-radimar-b-80x80.webp 80w, https:\/\/sklepwnetrz.pl\/salonstargard\/wp-content\/uploads\/2023\/03\/zaluzje-drewniane-radimar-b-768x768.webp 768w, https:\/\/sklepwnetrz.pl\/salonstargard\/wp-content\/uploads\/2023\/03\/zaluzje-drewniane-radimar-b-36x36.webp 36w, https:\/\/sklepwnetrz.pl\/salonstargard\/wp-content\/uploads\/2023\/03\/zaluzje-drewniane-radimar-b-180x180.webp 180w, https:\/\/sklepwnetrz.pl\/salonstargard\/wp-content\/uploads\/2023\/03\/zaluzje-drewniane-radimar-b-705x705.webp 705w, https:\/\/sklepwnetrz.pl\/salonstargard\/wp-content\/uploads\/2023\/03\/zaluzje-drewniane-radimar-b.webp 1200w\" data-sizes=\"(max-width: 1030px) 100vw, 1030px\" data-rel='gallery-1' data-prev-img='https:\/\/sklepwnetrz.pl\/salonstargard\/wp-content\/uploads\/2023\/03\/zaluzje-drewniane-radimar-b-495x400.webp' class='lightbox ' data-onclick='18' title=''  itemprop=\"thumbnailUrl\"  ><img decoding=\"async\" class=\"wp-image-1500 avia-img-lazy-loading-not-1500\"   src=\"https:\/\/sklepwnetrz.pl\/salonstargard\/wp-content\/uploads\/2023\/03\/zaluzje-drewniane-radimar-b-495x400.webp\" width=\"495\" height=\"400\"  title='\u017caluzje drewniane radimar b' alt='' srcset=\"https:\/\/sklepwnetrz.pl\/salonstargard\/wp-content\/uploads\/2023\/03\/zaluzje-drewniane-radimar-b-495x400.webp 495w, https:\/\/sklepwnetrz.pl\/salonstargard\/wp-content\/uploads\/2023\/03\/zaluzje-drewniane-radimar-b-845x684.webp 845w\" sizes=\"(max-width: 495px) 100vw, 495px\" \/><\/a> <a href=\"https:\/\/sklepwnetrz.pl\/salonstargard\/wp-content\/uploads\/2023\/06\/karnisze-giete-radimar-opis-824x1030.webp\" data-srcset=\"https:\/\/sklepwnetrz.pl\/salonstargard\/wp-content\/uploads\/2023\/06\/karnisze-giete-radimar-opis-824x1030.webp 824w, https:\/\/sklepwnetrz.pl\/salonstargard\/wp-content\/uploads\/2023\/06\/karnisze-giete-radimar-opis-240x300.webp 240w, https:\/\/sklepwnetrz.pl\/salonstargard\/wp-content\/uploads\/2023\/06\/karnisze-giete-radimar-opis-768x960.webp 768w, https:\/\/sklepwnetrz.pl\/salonstargard\/wp-content\/uploads\/2023\/06\/karnisze-giete-radimar-opis-564x705.webp 564w, https:\/\/sklepwnetrz.pl\/salonstargard\/wp-content\/uploads\/2023\/06\/karnisze-giete-radimar-opis.webp 1080w\" data-sizes=\"(max-width: 824px) 100vw, 824px\" data-rel='gallery-1' data-prev-img='https:\/\/sklepwnetrz.pl\/salonstargard\/wp-content\/uploads\/2023\/06\/karnisze-giete-radimar-opis-495x400.webp' class='lightbox ' data-onclick='19' title=''  itemprop=\"thumbnailUrl\"  ><img decoding=\"async\" class=\"wp-image-1541 avia-img-lazy-loading-not-1541\"   src=\"https:\/\/sklepwnetrz.pl\/salonstargard\/wp-content\/uploads\/2023\/06\/karnisze-giete-radimar-opis-495x400.webp\" width=\"495\" height=\"400\"  title='karnisze gi\u0119te radimar opis' alt='' srcset=\"https:\/\/sklepwnetrz.pl\/salonstargard\/wp-content\/uploads\/2023\/06\/karnisze-giete-radimar-opis-495x400.webp 495w, https:\/\/sklepwnetrz.pl\/salonstargard\/wp-content\/uploads\/2023\/06\/karnisze-giete-radimar-opis-845x684.webp 845w\" sizes=\"(max-width: 495px) 100vw, 495px\" \/><\/a> <a href=\"https:\/\/sklepwnetrz.pl\/salonstargard\/wp-content\/uploads\/2023\/03\/zaluzje-drewniane-szczecin-stargard-radimar-g-1030x1030.webp\" data-srcset=\"https:\/\/sklepwnetrz.pl\/salonstargard\/wp-content\/uploads\/2023\/03\/zaluzje-drewniane-szczecin-stargard-radimar-g-1030x1030.webp 1030w, https:\/\/sklepwnetrz.pl\/salonstargard\/wp-content\/uploads\/2023\/03\/zaluzje-drewniane-szczecin-stargard-radimar-g-300x300.webp 300w, https:\/\/sklepwnetrz.pl\/salonstargard\/wp-content\/uploads\/2023\/03\/zaluzje-drewniane-szczecin-stargard-radimar-g-80x80.webp 80w, https:\/\/sklepwnetrz.pl\/salonstargard\/wp-content\/uploads\/2023\/03\/zaluzje-drewniane-szczecin-stargard-radimar-g-768x768.webp 768w, https:\/\/sklepwnetrz.pl\/salonstargard\/wp-content\/uploads\/2023\/03\/zaluzje-drewniane-szczecin-stargard-radimar-g-36x36.webp 36w, https:\/\/sklepwnetrz.pl\/salonstargard\/wp-content\/uploads\/2023\/03\/zaluzje-drewniane-szczecin-stargard-radimar-g-180x180.webp 180w, https:\/\/sklepwnetrz.pl\/salonstargard\/wp-content\/uploads\/2023\/03\/zaluzje-drewniane-szczecin-stargard-radimar-g-705x705.webp 705w, https:\/\/sklepwnetrz.pl\/salonstargard\/wp-content\/uploads\/2023\/03\/zaluzje-drewniane-szczecin-stargard-radimar-g.webp 1200w\" data-sizes=\"(max-width: 1030px) 100vw, 1030px\" data-rel='gallery-1' data-prev-img='https:\/\/sklepwnetrz.pl\/salonstargard\/wp-content\/uploads\/2023\/03\/zaluzje-drewniane-szczecin-stargard-radimar-g-495x400.webp' class='lightbox ' data-onclick='20' title=''  itemprop=\"thumbnailUrl\"  ><img decoding=\"async\" class=\"wp-image-1512 avia-img-lazy-loading-not-1512\"   src=\"https:\/\/sklepwnetrz.pl\/salonstargard\/wp-content\/uploads\/2023\/03\/zaluzje-drewniane-szczecin-stargard-radimar-g-495x400.webp\" width=\"495\" height=\"400\"  title='\u017caluzje drewniane szczecin stargard radimar g' alt='' srcset=\"https:\/\/sklepwnetrz.pl\/salonstargard\/wp-content\/uploads\/2023\/03\/zaluzje-drewniane-szczecin-stargard-radimar-g-495x400.webp 495w, https:\/\/sklepwnetrz.pl\/salonstargard\/wp-content\/uploads\/2023\/03\/zaluzje-drewniane-szczecin-stargard-radimar-g-845x684.webp 845w\" sizes=\"(max-width: 495px) 100vw, 495px\" \/><\/a> <a href=\"https:\/\/sklepwnetrz.pl\/salonstargard\/wp-content\/uploads\/2023\/05\/post5-1030x1030.webp\" data-srcset=\"https:\/\/sklepwnetrz.pl\/salonstargard\/wp-content\/uploads\/2023\/05\/post5-1030x1030.webp 1030w, https:\/\/sklepwnetrz.pl\/salonstargard\/wp-content\/uploads\/2023\/05\/post5-300x300.webp 300w, https:\/\/sklepwnetrz.pl\/salonstargard\/wp-content\/uploads\/2023\/05\/post5-80x80.webp 80w, https:\/\/sklepwnetrz.pl\/salonstargard\/wp-content\/uploads\/2023\/05\/post5-768x768.webp 768w, https:\/\/sklepwnetrz.pl\/salonstargard\/wp-content\/uploads\/2023\/05\/post5-36x36.webp 36w, https:\/\/sklepwnetrz.pl\/salonstargard\/wp-content\/uploads\/2023\/05\/post5-180x180.webp 180w, https:\/\/sklepwnetrz.pl\/salonstargard\/wp-content\/uploads\/2023\/05\/post5-705x705.webp 705w, https:\/\/sklepwnetrz.pl\/salonstargard\/wp-content\/uploads\/2023\/05\/post5.webp 1200w\" data-sizes=\"(max-width: 1030px) 100vw, 1030px\" data-rel='gallery-1' data-prev-img='https:\/\/sklepwnetrz.pl\/salonstargard\/wp-content\/uploads\/2023\/05\/post5-495x400.webp' class='first_thumb lightbox ' data-onclick='21' title=''  itemprop=\"thumbnailUrl\"  ><img decoding=\"async\" class=\"wp-image-1521 avia-img-lazy-loading-not-1521\"   src=\"https:\/\/sklepwnetrz.pl\/salonstargard\/wp-content\/uploads\/2023\/05\/post5-495x400.webp\" width=\"495\" height=\"400\"  title='post5' alt='' srcset=\"https:\/\/sklepwnetrz.pl\/salonstargard\/wp-content\/uploads\/2023\/05\/post5-495x400.webp 495w, https:\/\/sklepwnetrz.pl\/salonstargard\/wp-content\/uploads\/2023\/05\/post5-845x684.webp 845w\" sizes=\"(max-width: 495px) 100vw, 495px\" \/><\/a> <a href=\"https:\/\/sklepwnetrz.pl\/salonstargard\/wp-content\/uploads\/2023\/01\/firany-i-zaslony-radimar-824x1030.webp\" data-srcset=\"https:\/\/sklepwnetrz.pl\/salonstargard\/wp-content\/uploads\/2023\/01\/firany-i-zaslony-radimar-824x1030.webp 824w, https:\/\/sklepwnetrz.pl\/salonstargard\/wp-content\/uploads\/2023\/01\/firany-i-zaslony-radimar-240x300.webp 240w, https:\/\/sklepwnetrz.pl\/salonstargard\/wp-content\/uploads\/2023\/01\/firany-i-zaslony-radimar-768x960.webp 768w, https:\/\/sklepwnetrz.pl\/salonstargard\/wp-content\/uploads\/2023\/01\/firany-i-zaslony-radimar-564x705.webp 564w, https:\/\/sklepwnetrz.pl\/salonstargard\/wp-content\/uploads\/2023\/01\/firany-i-zaslony-radimar.webp 1080w\" data-sizes=\"(max-width: 824px) 100vw, 824px\" data-rel='gallery-1' data-prev-img='https:\/\/sklepwnetrz.pl\/salonstargard\/wp-content\/uploads\/2023\/01\/firany-i-zaslony-radimar-495x400.webp' class='lightbox ' data-onclick='22' title=''  itemprop=\"thumbnailUrl\"  ><img decoding=\"async\" class=\"wp-image-1437 avia-img-lazy-loading-not-1437\"   src=\"https:\/\/sklepwnetrz.pl\/salonstargard\/wp-content\/uploads\/2023\/01\/firany-i-zaslony-radimar-495x400.webp\" width=\"495\" height=\"400\"  title='firany i zas\u0142ony radimar' alt='' srcset=\"https:\/\/sklepwnetrz.pl\/salonstargard\/wp-content\/uploads\/2023\/01\/firany-i-zaslony-radimar-495x400.webp 495w, https:\/\/sklepwnetrz.pl\/salonstargard\/wp-content\/uploads\/2023\/01\/firany-i-zaslony-radimar-845x684.webp 845w\" sizes=\"(max-width: 495px) 100vw, 495px\" \/><\/a> <a href=\"https:\/\/sklepwnetrz.pl\/salonstargard\/wp-content\/uploads\/2023\/01\/zaslony-radimar3-824x1030.webp\" data-srcset=\"https:\/\/sklepwnetrz.pl\/salonstargard\/wp-content\/uploads\/2023\/01\/zaslony-radimar3-824x1030.webp 824w, https:\/\/sklepwnetrz.pl\/salonstargard\/wp-content\/uploads\/2023\/01\/zaslony-radimar3-240x300.webp 240w, https:\/\/sklepwnetrz.pl\/salonstargard\/wp-content\/uploads\/2023\/01\/zaslony-radimar3-768x960.webp 768w, https:\/\/sklepwnetrz.pl\/salonstargard\/wp-content\/uploads\/2023\/01\/zaslony-radimar3-564x705.webp 564w, https:\/\/sklepwnetrz.pl\/salonstargard\/wp-content\/uploads\/2023\/01\/zaslony-radimar3.webp 1080w\" data-sizes=\"(max-width: 824px) 100vw, 824px\" data-rel='gallery-1' data-prev-img='https:\/\/sklepwnetrz.pl\/salonstargard\/wp-content\/uploads\/2023\/01\/zaslony-radimar3-495x400.webp' class='lightbox ' data-onclick='23' title=''  itemprop=\"thumbnailUrl\"  ><img decoding=\"async\" class=\"wp-image-1441 avia-img-lazy-loading-not-1441\"   src=\"https:\/\/sklepwnetrz.pl\/salonstargard\/wp-content\/uploads\/2023\/01\/zaslony-radimar3-495x400.webp\" width=\"495\" height=\"400\"  title='zas\u0142ony radimar3' alt='' srcset=\"https:\/\/sklepwnetrz.pl\/salonstargard\/wp-content\/uploads\/2023\/01\/zaslony-radimar3-495x400.webp 495w, https:\/\/sklepwnetrz.pl\/salonstargard\/wp-content\/uploads\/2023\/01\/zaslony-radimar3-845x684.webp 845w\" sizes=\"(max-width: 495px) 100vw, 495px\" \/><\/a> <a href=\"https:\/\/sklepwnetrz.pl\/salonstargard\/wp-content\/uploads\/2023\/02\/top6-1030x687.webp\" data-srcset=\"https:\/\/sklepwnetrz.pl\/salonstargard\/wp-content\/uploads\/2023\/02\/top6-1030x687.webp 1030w, https:\/\/sklepwnetrz.pl\/salonstargard\/wp-content\/uploads\/2023\/02\/top6-300x200.webp 300w, https:\/\/sklepwnetrz.pl\/salonstargard\/wp-content\/uploads\/2023\/02\/top6-768x512.webp 768w, https:\/\/sklepwnetrz.pl\/salonstargard\/wp-content\/uploads\/2023\/02\/top6-705x470.webp 705w, https:\/\/sklepwnetrz.pl\/salonstargard\/wp-content\/uploads\/2023\/02\/top6.webp 1200w\" data-sizes=\"(max-width: 1030px) 100vw, 1030px\" data-rel='gallery-1' data-prev-img='https:\/\/sklepwnetrz.pl\/salonstargard\/wp-content\/uploads\/2023\/02\/top6-495x400.webp' class='lightbox ' data-onclick='24' title=''  itemprop=\"thumbnailUrl\"  ><img decoding=\"async\" class=\"wp-image-1454 avia-img-lazy-loading-not-1454\"   src=\"https:\/\/sklepwnetrz.pl\/salonstargard\/wp-content\/uploads\/2023\/02\/top6-495x400.webp\" width=\"495\" height=\"400\"  title='top6' alt='' srcset=\"https:\/\/sklepwnetrz.pl\/salonstargard\/wp-content\/uploads\/2023\/02\/top6-495x400.webp 495w, https:\/\/sklepwnetrz.pl\/salonstargard\/wp-content\/uploads\/2023\/02\/top6-845x684.webp 845w\" sizes=\"(max-width: 495px) 100vw, 495px\" \/><\/a> <a href=\"https:\/\/sklepwnetrz.pl\/salonstargard\/wp-content\/uploads\/2023\/02\/top13-1030x687.webp\" data-srcset=\"https:\/\/sklepwnetrz.pl\/salonstargard\/wp-content\/uploads\/2023\/02\/top13-1030x687.webp 1030w, https:\/\/sklepwnetrz.pl\/salonstargard\/wp-content\/uploads\/2023\/02\/top13-300x200.webp 300w, https:\/\/sklepwnetrz.pl\/salonstargard\/wp-content\/uploads\/2023\/02\/top13-768x512.webp 768w, https:\/\/sklepwnetrz.pl\/salonstargard\/wp-content\/uploads\/2023\/02\/top13-705x470.webp 705w, https:\/\/sklepwnetrz.pl\/salonstargard\/wp-content\/uploads\/2023\/02\/top13.webp 1200w\" data-sizes=\"(max-width: 1030px) 100vw, 1030px\" data-rel='gallery-1' data-prev-img='https:\/\/sklepwnetrz.pl\/salonstargard\/wp-content\/uploads\/2023\/02\/top13-495x400.webp' class='lightbox ' data-onclick='25' title=''  itemprop=\"thumbnailUrl\"  ><img decoding=\"async\" class=\"wp-image-1461 avia-img-lazy-loading-not-1461\"   src=\"https:\/\/sklepwnetrz.pl\/salonstargard\/wp-content\/uploads\/2023\/02\/top13-495x400.webp\" width=\"495\" height=\"400\"  title='top13' alt='' srcset=\"https:\/\/sklepwnetrz.pl\/salonstargard\/wp-content\/uploads\/2023\/02\/top13-495x400.webp 495w, https:\/\/sklepwnetrz.pl\/salonstargard\/wp-content\/uploads\/2023\/02\/top13-845x684.webp 845w\" sizes=\"(max-width: 495px) 100vw, 495px\" \/><\/a> <a href=\"https:\/\/sklepwnetrz.pl\/salonstargard\/wp-content\/uploads\/2023\/03\/zaluzje-drewniane-radimar-z-1030x687.webp\" data-srcset=\"https:\/\/sklepwnetrz.pl\/salonstargard\/wp-content\/uploads\/2023\/03\/zaluzje-drewniane-radimar-z-1030x687.webp 1030w, https:\/\/sklepwnetrz.pl\/salonstargard\/wp-content\/uploads\/2023\/03\/zaluzje-drewniane-radimar-z-300x200.webp 300w, https:\/\/sklepwnetrz.pl\/salonstargard\/wp-content\/uploads\/2023\/03\/zaluzje-drewniane-radimar-z-768x512.webp 768w, https:\/\/sklepwnetrz.pl\/salonstargard\/wp-content\/uploads\/2023\/03\/zaluzje-drewniane-radimar-z-705x470.webp 705w, https:\/\/sklepwnetrz.pl\/salonstargard\/wp-content\/uploads\/2023\/03\/zaluzje-drewniane-radimar-z.webp 1200w\" data-sizes=\"(max-width: 1030px) 100vw, 1030px\" data-rel='gallery-1' data-prev-img='https:\/\/sklepwnetrz.pl\/salonstargard\/wp-content\/uploads\/2023\/03\/zaluzje-drewniane-radimar-z-495x400.webp' class='first_thumb lightbox ' data-onclick='26' title=''  itemprop=\"thumbnailUrl\"  ><img decoding=\"async\" class=\"wp-image-1508 avia-img-lazy-loading-not-1508\"   src=\"https:\/\/sklepwnetrz.pl\/salonstargard\/wp-content\/uploads\/2023\/03\/zaluzje-drewniane-radimar-z-495x400.webp\" width=\"495\" height=\"400\"  title='\u017caluzje drewniane radimar z' alt='' srcset=\"https:\/\/sklepwnetrz.pl\/salonstargard\/wp-content\/uploads\/2023\/03\/zaluzje-drewniane-radimar-z-495x400.webp 495w, https:\/\/sklepwnetrz.pl\/salonstargard\/wp-content\/uploads\/2023\/03\/zaluzje-drewniane-radimar-z-845x684.webp 845w\" sizes=\"(max-width: 495px) 100vw, 495px\" \/><\/a> <a href=\"https:\/\/sklepwnetrz.pl\/salonstargard\/wp-content\/uploads\/2023\/01\/zaslony-radimar1-824x1030.webp\" data-srcset=\"https:\/\/sklepwnetrz.pl\/salonstargard\/wp-content\/uploads\/2023\/01\/zaslony-radimar1-824x1030.webp 824w, https:\/\/sklepwnetrz.pl\/salonstargard\/wp-content\/uploads\/2023\/01\/zaslony-radimar1-240x300.webp 240w, https:\/\/sklepwnetrz.pl\/salonstargard\/wp-content\/uploads\/2023\/01\/zaslony-radimar1-768x960.webp 768w, https:\/\/sklepwnetrz.pl\/salonstargard\/wp-content\/uploads\/2023\/01\/zaslony-radimar1-564x705.webp 564w, https:\/\/sklepwnetrz.pl\/salonstargard\/wp-content\/uploads\/2023\/01\/zaslony-radimar1.webp 1080w\" data-sizes=\"(max-width: 824px) 100vw, 824px\" data-rel='gallery-1' data-prev-img='https:\/\/sklepwnetrz.pl\/salonstargard\/wp-content\/uploads\/2023\/01\/zaslony-radimar1-495x400.webp' class='lightbox ' data-onclick='27' title=''  itemprop=\"thumbnailUrl\"  ><img decoding=\"async\" class=\"wp-image-1440 avia-img-lazy-loading-not-1440\"   src=\"https:\/\/sklepwnetrz.pl\/salonstargard\/wp-content\/uploads\/2023\/01\/zaslony-radimar1-495x400.webp\" width=\"495\" height=\"400\"  title='zas\u0142ony radimar1' alt='' srcset=\"https:\/\/sklepwnetrz.pl\/salonstargard\/wp-content\/uploads\/2023\/01\/zaslony-radimar1-495x400.webp 495w, https:\/\/sklepwnetrz.pl\/salonstargard\/wp-content\/uploads\/2023\/01\/zaslony-radimar1-845x684.webp 845w\" sizes=\"(max-width: 495px) 100vw, 495px\" \/><\/a> <a href=\"https:\/\/sklepwnetrz.pl\/salonstargard\/wp-content\/uploads\/2022\/10\/batyst7-1030x1030.webp\" data-srcset=\"https:\/\/sklepwnetrz.pl\/salonstargard\/wp-content\/uploads\/2022\/10\/batyst7-1030x1030.webp 1030w, https:\/\/sklepwnetrz.pl\/salonstargard\/wp-content\/uploads\/2022\/10\/batyst7-300x300.webp 300w, https:\/\/sklepwnetrz.pl\/salonstargard\/wp-content\/uploads\/2022\/10\/batyst7-80x80.webp 80w, https:\/\/sklepwnetrz.pl\/salonstargard\/wp-content\/uploads\/2022\/10\/batyst7-768x768.webp 768w, https:\/\/sklepwnetrz.pl\/salonstargard\/wp-content\/uploads\/2022\/10\/batyst7-36x36.webp 36w, https:\/\/sklepwnetrz.pl\/salonstargard\/wp-content\/uploads\/2022\/10\/batyst7-180x180.webp 180w, https:\/\/sklepwnetrz.pl\/salonstargard\/wp-content\/uploads\/2022\/10\/batyst7-705x705.webp 705w, https:\/\/sklepwnetrz.pl\/salonstargard\/wp-content\/uploads\/2022\/10\/batyst7.webp 1200w\" data-sizes=\"(max-width: 1030px) 100vw, 1030px\" data-rel='gallery-1' data-prev-img='https:\/\/sklepwnetrz.pl\/salonstargard\/wp-content\/uploads\/2022\/10\/batyst7-495x400.webp' class='lightbox ' data-onclick='28' title=''  itemprop=\"thumbnailUrl\"  ><img decoding=\"async\" class=\"wp-image-1398 avia-img-lazy-loading-not-1398\"  data-avia-tooltip='RADIMAR Stargard ul. Czarnieckiego 2F &#8211; TEL: 797 952 761' src=\"https:\/\/sklepwnetrz.pl\/salonstargard\/wp-content\/uploads\/2022\/10\/batyst7-495x400.webp\" width=\"495\" height=\"400\"  title='batyst7' alt='' srcset=\"https:\/\/sklepwnetrz.pl\/salonstargard\/wp-content\/uploads\/2022\/10\/batyst7-495x400.webp 495w, https:\/\/sklepwnetrz.pl\/salonstargard\/wp-content\/uploads\/2022\/10\/batyst7-845x684.webp 845w\" sizes=\"(max-width: 495px) 100vw, 495px\" \/><\/a> <a href=\"https:\/\/sklepwnetrz.pl\/salonstargard\/wp-content\/uploads\/2022\/10\/batyst6-pion-687x1030.webp\" data-srcset=\"https:\/\/sklepwnetrz.pl\/salonstargard\/wp-content\/uploads\/2022\/10\/batyst6-pion-687x1030.webp 687w, https:\/\/sklepwnetrz.pl\/salonstargard\/wp-content\/uploads\/2022\/10\/batyst6-pion-200x300.webp 200w, https:\/\/sklepwnetrz.pl\/salonstargard\/wp-content\/uploads\/2022\/10\/batyst6-pion-768x1152.webp 768w, https:\/\/sklepwnetrz.pl\/salonstargard\/wp-content\/uploads\/2022\/10\/batyst6-pion-470x705.webp 470w, https:\/\/sklepwnetrz.pl\/salonstargard\/wp-content\/uploads\/2022\/10\/batyst6-pion.webp 800w\" data-sizes=\"(max-width: 687px) 100vw, 687px\" data-rel='gallery-1' data-prev-img='https:\/\/sklepwnetrz.pl\/salonstargard\/wp-content\/uploads\/2022\/10\/batyst6-pion-495x400.webp' class='lightbox ' data-onclick='29' title=''  itemprop=\"thumbnailUrl\"  ><img decoding=\"async\" class=\"wp-image-1396 avia-img-lazy-loading-not-1396\"  data-avia-tooltip='RADIMAR Stargard ul. Czarnieckiego 2F &#8211; TEL: 797 952 761' src=\"https:\/\/sklepwnetrz.pl\/salonstargard\/wp-content\/uploads\/2022\/10\/batyst6-pion-495x400.webp\" width=\"495\" height=\"400\"  title='batyst6 pion' alt='' \/><\/a> <a href=\"https:\/\/sklepwnetrz.pl\/salonstargard\/wp-content\/uploads\/2022\/10\/batyst1-strona-687x1030.webp\" data-srcset=\"https:\/\/sklepwnetrz.pl\/salonstargard\/wp-content\/uploads\/2022\/10\/batyst1-strona-687x1030.webp 687w, https:\/\/sklepwnetrz.pl\/salonstargard\/wp-content\/uploads\/2022\/10\/batyst1-strona-200x300.webp 200w, https:\/\/sklepwnetrz.pl\/salonstargard\/wp-content\/uploads\/2022\/10\/batyst1-strona-768x1152.webp 768w, https:\/\/sklepwnetrz.pl\/salonstargard\/wp-content\/uploads\/2022\/10\/batyst1-strona-470x705.webp 470w, https:\/\/sklepwnetrz.pl\/salonstargard\/wp-content\/uploads\/2022\/10\/batyst1-strona.webp 800w\" data-sizes=\"(max-width: 687px) 100vw, 687px\" data-rel='gallery-1' data-prev-img='https:\/\/sklepwnetrz.pl\/salonstargard\/wp-content\/uploads\/2022\/10\/batyst1-strona-495x400.webp' class='lightbox ' data-onclick='30' title=''  itemprop=\"thumbnailUrl\"  ><img decoding=\"async\" class=\"wp-image-1387 avia-img-lazy-loading-not-1387\"  data-avia-tooltip='RADIMAR Stargard ul. Czarnieckiego 2F &#8211; TEL: 797 952 761' src=\"https:\/\/sklepwnetrz.pl\/salonstargard\/wp-content\/uploads\/2022\/10\/batyst1-strona-495x400.webp\" width=\"495\" height=\"400\"  title='batyst1 strona' alt='' \/><\/a> <a href=\"https:\/\/sklepwnetrz.pl\/salonstargard\/wp-content\/uploads\/2023\/02\/Siatka-realizacja-Radimar-1030x1030.webp\" data-srcset=\"https:\/\/sklepwnetrz.pl\/salonstargard\/wp-content\/uploads\/2023\/02\/Siatka-realizacja-Radimar-1030x1030.webp 1030w, https:\/\/sklepwnetrz.pl\/salonstargard\/wp-content\/uploads\/2023\/02\/Siatka-realizacja-Radimar-300x300.webp 300w, https:\/\/sklepwnetrz.pl\/salonstargard\/wp-content\/uploads\/2023\/02\/Siatka-realizacja-Radimar-80x80.webp 80w, https:\/\/sklepwnetrz.pl\/salonstargard\/wp-content\/uploads\/2023\/02\/Siatka-realizacja-Radimar-768x768.webp 768w, https:\/\/sklepwnetrz.pl\/salonstargard\/wp-content\/uploads\/2023\/02\/Siatka-realizacja-Radimar-36x36.webp 36w, https:\/\/sklepwnetrz.pl\/salonstargard\/wp-content\/uploads\/2023\/02\/Siatka-realizacja-Radimar-180x180.webp 180w, https:\/\/sklepwnetrz.pl\/salonstargard\/wp-content\/uploads\/2023\/02\/Siatka-realizacja-Radimar-705x705.webp 705w, https:\/\/sklepwnetrz.pl\/salonstargard\/wp-content\/uploads\/2023\/02\/Siatka-realizacja-Radimar.webp 1080w\" data-sizes=\"(max-width: 1030px) 100vw, 1030px\" data-rel='gallery-1' data-prev-img='https:\/\/sklepwnetrz.pl\/salonstargard\/wp-content\/uploads\/2023\/02\/Siatka-realizacja-Radimar-495x400.webp' class='first_thumb lightbox ' data-onclick='31' title=''  itemprop=\"thumbnailUrl\"  ><img decoding=\"async\" class=\"wp-image-1447 avia-img-lazy-loading-not-1447\"   src=\"https:\/\/sklepwnetrz.pl\/salonstargard\/wp-content\/uploads\/2023\/02\/Siatka-realizacja-Radimar-495x400.webp\" width=\"495\" height=\"400\"  title='Siatka realizacja Radimar' alt='' srcset=\"https:\/\/sklepwnetrz.pl\/salonstargard\/wp-content\/uploads\/2023\/02\/Siatka-realizacja-Radimar-495x400.webp 495w, https:\/\/sklepwnetrz.pl\/salonstargard\/wp-content\/uploads\/2023\/02\/Siatka-realizacja-Radimar-845x684.webp 845w\" sizes=\"(max-width: 495px) 100vw, 495px\" \/><\/a> <a href=\"https:\/\/sklepwnetrz.pl\/salonstargard\/wp-content\/uploads\/2023\/02\/top2-824x1030.webp\" data-srcset=\"https:\/\/sklepwnetrz.pl\/salonstargard\/wp-content\/uploads\/2023\/02\/top2-824x1030.webp 824w, https:\/\/sklepwnetrz.pl\/salonstargard\/wp-content\/uploads\/2023\/02\/top2-240x300.webp 240w, https:\/\/sklepwnetrz.pl\/salonstargard\/wp-content\/uploads\/2023\/02\/top2-768x960.webp 768w, https:\/\/sklepwnetrz.pl\/salonstargard\/wp-content\/uploads\/2023\/02\/top2-564x705.webp 564w, https:\/\/sklepwnetrz.pl\/salonstargard\/wp-content\/uploads\/2023\/02\/top2.webp 1080w\" data-sizes=\"(max-width: 824px) 100vw, 824px\" data-rel='gallery-1' data-prev-img='https:\/\/sklepwnetrz.pl\/salonstargard\/wp-content\/uploads\/2023\/02\/top2-495x400.webp' class='lightbox ' data-onclick='32' title=''  itemprop=\"thumbnailUrl\"  ><img decoding=\"async\" class=\"wp-image-1450 avia-img-lazy-loading-not-1450\"   src=\"https:\/\/sklepwnetrz.pl\/salonstargard\/wp-content\/uploads\/2023\/02\/top2-495x400.webp\" width=\"495\" height=\"400\"  title='top2' alt='' srcset=\"https:\/\/sklepwnetrz.pl\/salonstargard\/wp-content\/uploads\/2023\/02\/top2-495x400.webp 495w, https:\/\/sklepwnetrz.pl\/salonstargard\/wp-content\/uploads\/2023\/02\/top2-845x684.webp 845w\" sizes=\"(max-width: 495px) 100vw, 495px\" \/><\/a> <a href=\"https:\/\/sklepwnetrz.pl\/salonstargard\/wp-content\/uploads\/2022\/10\/batyst3-strona-1030x687.webp\" data-srcset=\"https:\/\/sklepwnetrz.pl\/salonstargard\/wp-content\/uploads\/2022\/10\/batyst3-strona-1030x687.webp 1030w, https:\/\/sklepwnetrz.pl\/salonstargard\/wp-content\/uploads\/2022\/10\/batyst3-strona-300x200.webp 300w, https:\/\/sklepwnetrz.pl\/salonstargard\/wp-content\/uploads\/2022\/10\/batyst3-strona-768x512.webp 768w, https:\/\/sklepwnetrz.pl\/salonstargard\/wp-content\/uploads\/2022\/10\/batyst3-strona-705x470.webp 705w, https:\/\/sklepwnetrz.pl\/salonstargard\/wp-content\/uploads\/2022\/10\/batyst3-strona.webp 1200w\" data-sizes=\"(max-width: 1030px) 100vw, 1030px\" data-rel='gallery-1' data-prev-img='https:\/\/sklepwnetrz.pl\/salonstargard\/wp-content\/uploads\/2022\/10\/batyst3-strona-495x400.webp' class='lightbox ' data-onclick='33' title=''  itemprop=\"thumbnailUrl\"  ><img decoding=\"async\" class=\"wp-image-1393 avia-img-lazy-loading-not-1393\"  data-avia-tooltip='RADIMAR Stargard ul. Czarnieckiego 2F &#8211; TEL: 797 952 761' src=\"https:\/\/sklepwnetrz.pl\/salonstargard\/wp-content\/uploads\/2022\/10\/batyst3-strona-495x400.webp\" width=\"495\" height=\"400\"  title='batyst3-strona' alt='' srcset=\"https:\/\/sklepwnetrz.pl\/salonstargard\/wp-content\/uploads\/2022\/10\/batyst3-strona-495x400.webp 495w, https:\/\/sklepwnetrz.pl\/salonstargard\/wp-content\/uploads\/2022\/10\/batyst3-strona-845x684.webp 845w\" sizes=\"(max-width: 495px) 100vw, 495px\" \/><\/a> <a href=\"https:\/\/sklepwnetrz.pl\/salonstargard\/wp-content\/uploads\/2022\/10\/realizacja15-1030x1030.webp\" data-srcset=\"https:\/\/sklepwnetrz.pl\/salonstargard\/wp-content\/uploads\/2022\/10\/realizacja15-1030x1030.webp 1030w, https:\/\/sklepwnetrz.pl\/salonstargard\/wp-content\/uploads\/2022\/10\/realizacja15-300x300.webp 300w, https:\/\/sklepwnetrz.pl\/salonstargard\/wp-content\/uploads\/2022\/10\/realizacja15-80x80.webp 80w, https:\/\/sklepwnetrz.pl\/salonstargard\/wp-content\/uploads\/2022\/10\/realizacja15-768x768.webp 768w, https:\/\/sklepwnetrz.pl\/salonstargard\/wp-content\/uploads\/2022\/10\/realizacja15-36x36.webp 36w, https:\/\/sklepwnetrz.pl\/salonstargard\/wp-content\/uploads\/2022\/10\/realizacja15-180x180.webp 180w, https:\/\/sklepwnetrz.pl\/salonstargard\/wp-content\/uploads\/2022\/10\/realizacja15-705x705.webp 705w, https:\/\/sklepwnetrz.pl\/salonstargard\/wp-content\/uploads\/2022\/10\/realizacja15.webp 1200w\" data-sizes=\"(max-width: 1030px) 100vw, 1030px\" data-rel='gallery-1' data-prev-img='https:\/\/sklepwnetrz.pl\/salonstargard\/wp-content\/uploads\/2022\/10\/realizacja15-495x400.webp' class='lightbox ' data-onclick='34' title=''  itemprop=\"thumbnailUrl\"  ><img decoding=\"async\" class=\"wp-image-1380 avia-img-lazy-loading-not-1380\"  data-avia-tooltip='RADIMAR Stargard ul. Czarnieckiego 2F &#8211; TEL: 797 952 761' src=\"https:\/\/sklepwnetrz.pl\/salonstargard\/wp-content\/uploads\/2022\/10\/realizacja15-495x400.webp\" width=\"495\" height=\"400\"  title='realizacja15' alt='' srcset=\"https:\/\/sklepwnetrz.pl\/salonstargard\/wp-content\/uploads\/2022\/10\/realizacja15-495x400.webp 495w, https:\/\/sklepwnetrz.pl\/salonstargard\/wp-content\/uploads\/2022\/10\/realizacja15-845x684.webp 845w\" sizes=\"(max-width: 495px) 100vw, 495px\" \/><\/a> <a href=\"https:\/\/sklepwnetrz.pl\/salonstargard\/wp-content\/uploads\/2022\/10\/batyst2-1030x1030.webp\" data-srcset=\"https:\/\/sklepwnetrz.pl\/salonstargard\/wp-content\/uploads\/2022\/10\/batyst2-1030x1030.webp 1030w, https:\/\/sklepwnetrz.pl\/salonstargard\/wp-content\/uploads\/2022\/10\/batyst2-300x300.webp 300w, https:\/\/sklepwnetrz.pl\/salonstargard\/wp-content\/uploads\/2022\/10\/batyst2-80x80.webp 80w, https:\/\/sklepwnetrz.pl\/salonstargard\/wp-content\/uploads\/2022\/10\/batyst2-768x768.webp 768w, https:\/\/sklepwnetrz.pl\/salonstargard\/wp-content\/uploads\/2022\/10\/batyst2-36x36.webp 36w, https:\/\/sklepwnetrz.pl\/salonstargard\/wp-content\/uploads\/2022\/10\/batyst2-180x180.webp 180w, https:\/\/sklepwnetrz.pl\/salonstargard\/wp-content\/uploads\/2022\/10\/batyst2-705x705.webp 705w, https:\/\/sklepwnetrz.pl\/salonstargard\/wp-content\/uploads\/2022\/10\/batyst2.webp 1200w\" data-sizes=\"(max-width: 1030px) 100vw, 1030px\" data-rel='gallery-1' data-prev-img='https:\/\/sklepwnetrz.pl\/salonstargard\/wp-content\/uploads\/2022\/10\/batyst2-495x400.webp' class='lightbox ' data-onclick='35' title=''  itemprop=\"thumbnailUrl\"  ><img decoding=\"async\" class=\"wp-image-1389 avia-img-lazy-loading-not-1389\"  data-avia-tooltip='RADIMAR Stargard ul. Czarnieckiego 2F &#8211; TEL: 797 952 761' src=\"https:\/\/sklepwnetrz.pl\/salonstargard\/wp-content\/uploads\/2022\/10\/batyst2-495x400.webp\" width=\"495\" height=\"400\"  title='batyst2' alt='' srcset=\"https:\/\/sklepwnetrz.pl\/salonstargard\/wp-content\/uploads\/2022\/10\/batyst2-495x400.webp 495w, https:\/\/sklepwnetrz.pl\/salonstargard\/wp-content\/uploads\/2022\/10\/batyst2-845x684.webp 845w\" sizes=\"(max-width: 495px) 100vw, 495px\" \/><\/a> <a href=\"https:\/\/sklepwnetrz.pl\/salonstargard\/wp-content\/uploads\/2022\/10\/realizacja4-1030x1030.webp\" data-srcset=\"https:\/\/sklepwnetrz.pl\/salonstargard\/wp-content\/uploads\/2022\/10\/realizacja4-1030x1030.webp 1030w, https:\/\/sklepwnetrz.pl\/salonstargard\/wp-content\/uploads\/2022\/10\/realizacja4-300x300.webp 300w, https:\/\/sklepwnetrz.pl\/salonstargard\/wp-content\/uploads\/2022\/10\/realizacja4-80x80.webp 80w, https:\/\/sklepwnetrz.pl\/salonstargard\/wp-content\/uploads\/2022\/10\/realizacja4-768x768.webp 768w, https:\/\/sklepwnetrz.pl\/salonstargard\/wp-content\/uploads\/2022\/10\/realizacja4-36x36.webp 36w, https:\/\/sklepwnetrz.pl\/salonstargard\/wp-content\/uploads\/2022\/10\/realizacja4-180x180.webp 180w, https:\/\/sklepwnetrz.pl\/salonstargard\/wp-content\/uploads\/2022\/10\/realizacja4-705x705.webp 705w, https:\/\/sklepwnetrz.pl\/salonstargard\/wp-content\/uploads\/2022\/10\/realizacja4.webp 1200w\" data-sizes=\"(max-width: 1030px) 100vw, 1030px\" data-rel='gallery-1' data-prev-img='https:\/\/sklepwnetrz.pl\/salonstargard\/wp-content\/uploads\/2022\/10\/realizacja4-495x400.webp' class='first_thumb lightbox ' data-onclick='36' title=''  itemprop=\"thumbnailUrl\"  ><img decoding=\"async\" class=\"wp-image-1372 avia-img-lazy-loading-not-1372\"  data-avia-tooltip='RADIMAR Stargard ul. Czarnieckiego 2F &#8211; TEL: 797 952 761' src=\"https:\/\/sklepwnetrz.pl\/salonstargard\/wp-content\/uploads\/2022\/10\/realizacja4-495x400.webp\" width=\"495\" height=\"400\"  title='realizacja4' alt='' srcset=\"https:\/\/sklepwnetrz.pl\/salonstargard\/wp-content\/uploads\/2022\/10\/realizacja4-495x400.webp 495w, https:\/\/sklepwnetrz.pl\/salonstargard\/wp-content\/uploads\/2022\/10\/realizacja4-845x684.webp 845w\" sizes=\"(max-width: 495px) 100vw, 495px\" \/><\/a> <a href=\"https:\/\/sklepwnetrz.pl\/salonstargard\/wp-content\/uploads\/2023\/02\/top14-824x1030.webp\" data-srcset=\"https:\/\/sklepwnetrz.pl\/salonstargard\/wp-content\/uploads\/2023\/02\/top14-824x1030.webp 824w, https:\/\/sklepwnetrz.pl\/salonstargard\/wp-content\/uploads\/2023\/02\/top14-240x300.webp 240w, https:\/\/sklepwnetrz.pl\/salonstargard\/wp-content\/uploads\/2023\/02\/top14-768x960.webp 768w, https:\/\/sklepwnetrz.pl\/salonstargard\/wp-content\/uploads\/2023\/02\/top14-564x705.webp 564w, https:\/\/sklepwnetrz.pl\/salonstargard\/wp-content\/uploads\/2023\/02\/top14.webp 1080w\" data-sizes=\"(max-width: 824px) 100vw, 824px\" data-rel='gallery-1' data-prev-img='https:\/\/sklepwnetrz.pl\/salonstargard\/wp-content\/uploads\/2023\/02\/top14-495x400.webp' class='lightbox ' data-onclick='37' title=''  itemprop=\"thumbnailUrl\"  ><img decoding=\"async\" class=\"wp-image-1462 avia-img-lazy-loading-not-1462\"   src=\"https:\/\/sklepwnetrz.pl\/salonstargard\/wp-content\/uploads\/2023\/02\/top14-495x400.webp\" width=\"495\" height=\"400\"  title='top14' alt='' srcset=\"https:\/\/sklepwnetrz.pl\/salonstargard\/wp-content\/uploads\/2023\/02\/top14-495x400.webp 495w, https:\/\/sklepwnetrz.pl\/salonstargard\/wp-content\/uploads\/2023\/02\/top14-845x684.webp 845w\" sizes=\"(max-width: 495px) 100vw, 495px\" \/><\/a> <a href=\"https:\/\/sklepwnetrz.pl\/salonstargard\/wp-content\/uploads\/2022\/10\/batyst10-1030x687.webp\" data-srcset=\"https:\/\/sklepwnetrz.pl\/salonstargard\/wp-content\/uploads\/2022\/10\/batyst10-1030x687.webp 1030w, https:\/\/sklepwnetrz.pl\/salonstargard\/wp-content\/uploads\/2022\/10\/batyst10-300x200.webp 300w, https:\/\/sklepwnetrz.pl\/salonstargard\/wp-content\/uploads\/2022\/10\/batyst10-768x512.webp 768w, https:\/\/sklepwnetrz.pl\/salonstargard\/wp-content\/uploads\/2022\/10\/batyst10-705x470.webp 705w, https:\/\/sklepwnetrz.pl\/salonstargard\/wp-content\/uploads\/2022\/10\/batyst10.webp 1200w\" data-sizes=\"(max-width: 1030px) 100vw, 1030px\" data-rel='gallery-1' data-prev-img='https:\/\/sklepwnetrz.pl\/salonstargard\/wp-content\/uploads\/2022\/10\/batyst10-495x400.webp' class='lightbox ' data-onclick='38' title=''  itemprop=\"thumbnailUrl\"  ><img decoding=\"async\" class=\"wp-image-1403 avia-img-lazy-loading-not-1403\"  data-avia-tooltip='RADIMAR Stargard ul. Czarnieckiego 2F &#8211; TEL: 797 952 761' src=\"https:\/\/sklepwnetrz.pl\/salonstargard\/wp-content\/uploads\/2022\/10\/batyst10-495x400.webp\" width=\"495\" height=\"400\"  title='batyst10' alt='' srcset=\"https:\/\/sklepwnetrz.pl\/salonstargard\/wp-content\/uploads\/2022\/10\/batyst10-495x400.webp 495w, https:\/\/sklepwnetrz.pl\/salonstargard\/wp-content\/uploads\/2022\/10\/batyst10-845x684.webp 845w\" sizes=\"(max-width: 495px) 100vw, 495px\" \/><\/a> <a href=\"https:\/\/sklepwnetrz.pl\/salonstargard\/wp-content\/uploads\/2022\/10\/realizacja-14-1030x1030.webp\" data-srcset=\"https:\/\/sklepwnetrz.pl\/salonstargard\/wp-content\/uploads\/2022\/10\/realizacja-14-1030x1030.webp 1030w, https:\/\/sklepwnetrz.pl\/salonstargard\/wp-content\/uploads\/2022\/10\/realizacja-14-300x300.webp 300w, https:\/\/sklepwnetrz.pl\/salonstargard\/wp-content\/uploads\/2022\/10\/realizacja-14-80x80.webp 80w, https:\/\/sklepwnetrz.pl\/salonstargard\/wp-content\/uploads\/2022\/10\/realizacja-14-768x768.webp 768w, https:\/\/sklepwnetrz.pl\/salonstargard\/wp-content\/uploads\/2022\/10\/realizacja-14-36x36.webp 36w, https:\/\/sklepwnetrz.pl\/salonstargard\/wp-content\/uploads\/2022\/10\/realizacja-14-180x180.webp 180w, https:\/\/sklepwnetrz.pl\/salonstargard\/wp-content\/uploads\/2022\/10\/realizacja-14-705x705.webp 705w, https:\/\/sklepwnetrz.pl\/salonstargard\/wp-content\/uploads\/2022\/10\/realizacja-14.webp 1200w\" data-sizes=\"(max-width: 1030px) 100vw, 1030px\" data-rel='gallery-1' data-prev-img='https:\/\/sklepwnetrz.pl\/salonstargard\/wp-content\/uploads\/2022\/10\/realizacja-14-495x400.webp' class='lightbox ' data-onclick='39' title=''  itemprop=\"thumbnailUrl\"  ><img decoding=\"async\" class=\"wp-image-1366 avia-img-lazy-loading-not-1366\"  data-avia-tooltip='RADIMAR Stargard ul. Czarnieckiego 2F &#8211; TEL: 797 952 761' src=\"https:\/\/sklepwnetrz.pl\/salonstargard\/wp-content\/uploads\/2022\/10\/realizacja-14-495x400.webp\" width=\"495\" height=\"400\"  title='realizacja 14' alt='' srcset=\"https:\/\/sklepwnetrz.pl\/salonstargard\/wp-content\/uploads\/2022\/10\/realizacja-14-495x400.webp 495w, https:\/\/sklepwnetrz.pl\/salonstargard\/wp-content\/uploads\/2022\/10\/realizacja-14-845x684.webp 845w\" sizes=\"(max-width: 495px) 100vw, 495px\" \/><\/a> <a href=\"https:\/\/sklepwnetrz.pl\/salonstargard\/wp-content\/uploads\/2022\/10\/realizacja6-1030x1030.webp\" data-srcset=\"https:\/\/sklepwnetrz.pl\/salonstargard\/wp-content\/uploads\/2022\/10\/realizacja6-1030x1030.webp 1030w, https:\/\/sklepwnetrz.pl\/salonstargard\/wp-content\/uploads\/2022\/10\/realizacja6-300x300.webp 300w, https:\/\/sklepwnetrz.pl\/salonstargard\/wp-content\/uploads\/2022\/10\/realizacja6-80x80.webp 80w, https:\/\/sklepwnetrz.pl\/salonstargard\/wp-content\/uploads\/2022\/10\/realizacja6-768x768.webp 768w, https:\/\/sklepwnetrz.pl\/salonstargard\/wp-content\/uploads\/2022\/10\/realizacja6-36x36.webp 36w, https:\/\/sklepwnetrz.pl\/salonstargard\/wp-content\/uploads\/2022\/10\/realizacja6-180x180.webp 180w, https:\/\/sklepwnetrz.pl\/salonstargard\/wp-content\/uploads\/2022\/10\/realizacja6-705x705.webp 705w, https:\/\/sklepwnetrz.pl\/salonstargard\/wp-content\/uploads\/2022\/10\/realizacja6.webp 1200w\" data-sizes=\"(max-width: 1030px) 100vw, 1030px\" data-rel='gallery-1' data-prev-img='https:\/\/sklepwnetrz.pl\/salonstargard\/wp-content\/uploads\/2022\/10\/realizacja6-495x400.webp' class='lightbox ' data-onclick='40' title=''  itemprop=\"thumbnailUrl\"  ><img decoding=\"async\" class=\"wp-image-1373 avia-img-lazy-loading-not-1373\"  data-avia-tooltip='RADIMAR Stargard ul. Czarnieckiego 2F &#8211; TEL: 797 952 761' src=\"https:\/\/sklepwnetrz.pl\/salonstargard\/wp-content\/uploads\/2022\/10\/realizacja6-495x400.webp\" width=\"495\" height=\"400\"  title='realizacja6' alt='' srcset=\"https:\/\/sklepwnetrz.pl\/salonstargard\/wp-content\/uploads\/2022\/10\/realizacja6-495x400.webp 495w, https:\/\/sklepwnetrz.pl\/salonstargard\/wp-content\/uploads\/2022\/10\/realizacja6-845x684.webp 845w\" sizes=\"(max-width: 495px) 100vw, 495px\" \/><\/a> <a href=\"https:\/\/sklepwnetrz.pl\/salonstargard\/wp-content\/uploads\/2022\/10\/batyst-5-strona-1030x687.webp\" data-srcset=\"https:\/\/sklepwnetrz.pl\/salonstargard\/wp-content\/uploads\/2022\/10\/batyst-5-strona-1030x687.webp 1030w, https:\/\/sklepwnetrz.pl\/salonstargard\/wp-content\/uploads\/2022\/10\/batyst-5-strona-300x200.webp 300w, https:\/\/sklepwnetrz.pl\/salonstargard\/wp-content\/uploads\/2022\/10\/batyst-5-strona-768x512.webp 768w, https:\/\/sklepwnetrz.pl\/salonstargard\/wp-content\/uploads\/2022\/10\/batyst-5-strona-705x470.webp 705w, https:\/\/sklepwnetrz.pl\/salonstargard\/wp-content\/uploads\/2022\/10\/batyst-5-strona.webp 1200w\" data-sizes=\"(max-width: 1030px) 100vw, 1030px\" data-rel='gallery-1' data-prev-img='https:\/\/sklepwnetrz.pl\/salonstargard\/wp-content\/uploads\/2022\/10\/batyst-5-strona-495x400.webp' class='first_thumb lightbox ' data-onclick='41' title=''  itemprop=\"thumbnailUrl\"  ><img decoding=\"async\" class=\"wp-image-1383 avia-img-lazy-loading-not-1383\"  data-avia-tooltip='RADIMAR Stargard ul. Czarnieckiego 2F &#8211; TEL: 797 952 761' src=\"https:\/\/sklepwnetrz.pl\/salonstargard\/wp-content\/uploads\/2022\/10\/batyst-5-strona-495x400.webp\" width=\"495\" height=\"400\"  title='batyst 5 strona' alt='' srcset=\"https:\/\/sklepwnetrz.pl\/salonstargard\/wp-content\/uploads\/2022\/10\/batyst-5-strona-495x400.webp 495w, https:\/\/sklepwnetrz.pl\/salonstargard\/wp-content\/uploads\/2022\/10\/batyst-5-strona-845x684.webp 845w\" sizes=\"(max-width: 495px) 100vw, 495px\" \/><\/a> <a href=\"https:\/\/sklepwnetrz.pl\/salonstargard\/wp-content\/uploads\/2022\/10\/realizacja10-1030x1030.webp\" data-srcset=\"https:\/\/sklepwnetrz.pl\/salonstargard\/wp-content\/uploads\/2022\/10\/realizacja10-1030x1030.webp 1030w, https:\/\/sklepwnetrz.pl\/salonstargard\/wp-content\/uploads\/2022\/10\/realizacja10-300x300.webp 300w, https:\/\/sklepwnetrz.pl\/salonstargard\/wp-content\/uploads\/2022\/10\/realizacja10-80x80.webp 80w, https:\/\/sklepwnetrz.pl\/salonstargard\/wp-content\/uploads\/2022\/10\/realizacja10-768x768.webp 768w, https:\/\/sklepwnetrz.pl\/salonstargard\/wp-content\/uploads\/2022\/10\/realizacja10-36x36.webp 36w, https:\/\/sklepwnetrz.pl\/salonstargard\/wp-content\/uploads\/2022\/10\/realizacja10-180x180.webp 180w, https:\/\/sklepwnetrz.pl\/salonstargard\/wp-content\/uploads\/2022\/10\/realizacja10-705x705.webp 705w, https:\/\/sklepwnetrz.pl\/salonstargard\/wp-content\/uploads\/2022\/10\/realizacja10.webp 1200w\" data-sizes=\"(max-width: 1030px) 100vw, 1030px\" data-rel='gallery-1' data-prev-img='https:\/\/sklepwnetrz.pl\/salonstargard\/wp-content\/uploads\/2022\/10\/realizacja10-495x400.webp' class='lightbox ' data-onclick='42' title=''  itemprop=\"thumbnailUrl\"  ><img decoding=\"async\" class=\"wp-image-1376 avia-img-lazy-loading-not-1376\"  data-avia-tooltip='RADIMAR Stargard ul. Czarnieckiego 2F &#8211; TEL: 797 952 761' src=\"https:\/\/sklepwnetrz.pl\/salonstargard\/wp-content\/uploads\/2022\/10\/realizacja10-495x400.webp\" width=\"495\" height=\"400\"  title='realizacja10' alt='' srcset=\"https:\/\/sklepwnetrz.pl\/salonstargard\/wp-content\/uploads\/2022\/10\/realizacja10-495x400.webp 495w, https:\/\/sklepwnetrz.pl\/salonstargard\/wp-content\/uploads\/2022\/10\/realizacja10-845x684.webp 845w\" sizes=\"(max-width: 495px) 100vw, 495px\" \/><\/a> <a href=\"https:\/\/sklepwnetrz.pl\/salonstargard\/wp-content\/uploads\/2022\/10\/realizacja-1-strona-1030x687.webp\" data-srcset=\"https:\/\/sklepwnetrz.pl\/salonstargard\/wp-content\/uploads\/2022\/10\/realizacja-1-strona-1030x687.webp 1030w, https:\/\/sklepwnetrz.pl\/salonstargard\/wp-content\/uploads\/2022\/10\/realizacja-1-strona-300x200.webp 300w, https:\/\/sklepwnetrz.pl\/salonstargard\/wp-content\/uploads\/2022\/10\/realizacja-1-strona-768x512.webp 768w, https:\/\/sklepwnetrz.pl\/salonstargard\/wp-content\/uploads\/2022\/10\/realizacja-1-strona-705x470.webp 705w, https:\/\/sklepwnetrz.pl\/salonstargard\/wp-content\/uploads\/2022\/10\/realizacja-1-strona.webp 1200w\" data-sizes=\"(max-width: 1030px) 100vw, 1030px\" data-rel='gallery-1' data-prev-img='https:\/\/sklepwnetrz.pl\/salonstargard\/wp-content\/uploads\/2022\/10\/realizacja-1-strona-495x400.webp' class='lightbox ' data-onclick='43' title=''  itemprop=\"thumbnailUrl\"  ><img decoding=\"async\" class=\"wp-image-1362 avia-img-lazy-loading-not-1362\"  data-avia-tooltip='RADIMAR Stargard ul. Czarnieckiego 2F &#8211; TEL: 797 952 761' src=\"https:\/\/sklepwnetrz.pl\/salonstargard\/wp-content\/uploads\/2022\/10\/realizacja-1-strona-495x400.webp\" width=\"495\" height=\"400\"  title='realizacja 1 strona' alt='' srcset=\"https:\/\/sklepwnetrz.pl\/salonstargard\/wp-content\/uploads\/2022\/10\/realizacja-1-strona-495x400.webp 495w, https:\/\/sklepwnetrz.pl\/salonstargard\/wp-content\/uploads\/2022\/10\/realizacja-1-strona-845x684.webp 845w\" sizes=\"(max-width: 495px) 100vw, 495px\" \/><\/a> <a href=\"https:\/\/sklepwnetrz.pl\/salonstargard\/wp-content\/uploads\/2022\/10\/realizacja-3-1030x1030.webp\" data-srcset=\"https:\/\/sklepwnetrz.pl\/salonstargard\/wp-content\/uploads\/2022\/10\/realizacja-3-1030x1030.webp 1030w, https:\/\/sklepwnetrz.pl\/salonstargard\/wp-content\/uploads\/2022\/10\/realizacja-3-300x300.webp 300w, https:\/\/sklepwnetrz.pl\/salonstargard\/wp-content\/uploads\/2022\/10\/realizacja-3-80x80.webp 80w, https:\/\/sklepwnetrz.pl\/salonstargard\/wp-content\/uploads\/2022\/10\/realizacja-3-768x768.webp 768w, https:\/\/sklepwnetrz.pl\/salonstargard\/wp-content\/uploads\/2022\/10\/realizacja-3-36x36.webp 36w, https:\/\/sklepwnetrz.pl\/salonstargard\/wp-content\/uploads\/2022\/10\/realizacja-3-180x180.webp 180w, https:\/\/sklepwnetrz.pl\/salonstargard\/wp-content\/uploads\/2022\/10\/realizacja-3-705x705.webp 705w, https:\/\/sklepwnetrz.pl\/salonstargard\/wp-content\/uploads\/2022\/10\/realizacja-3.webp 1200w\" data-sizes=\"(max-width: 1030px) 100vw, 1030px\" data-rel='gallery-1' data-prev-img='https:\/\/sklepwnetrz.pl\/salonstargard\/wp-content\/uploads\/2022\/10\/realizacja-3-495x400.webp' class='lightbox ' data-onclick='44' title=''  itemprop=\"thumbnailUrl\"  ><img decoding=\"async\" class=\"wp-image-1364 avia-img-lazy-loading-not-1364\"  data-avia-tooltip='RADIMAR Stargard ul. Czarnieckiego 2F &#8211; TEL: 797 952 761' src=\"https:\/\/sklepwnetrz.pl\/salonstargard\/wp-content\/uploads\/2022\/10\/realizacja-3-495x400.webp\" width=\"495\" height=\"400\"  title='realizacja 3' alt='' srcset=\"https:\/\/sklepwnetrz.pl\/salonstargard\/wp-content\/uploads\/2022\/10\/realizacja-3-495x400.webp 495w, https:\/\/sklepwnetrz.pl\/salonstargard\/wp-content\/uploads\/2022\/10\/realizacja-3-845x684.webp 845w\" sizes=\"(max-width: 495px) 100vw, 495px\" \/><\/a> <a href=\"https:\/\/sklepwnetrz.pl\/salonstargard\/wp-content\/uploads\/2023\/02\/top5-824x1030.webp\" data-srcset=\"https:\/\/sklepwnetrz.pl\/salonstargard\/wp-content\/uploads\/2023\/02\/top5-824x1030.webp 824w, https:\/\/sklepwnetrz.pl\/salonstargard\/wp-content\/uploads\/2023\/02\/top5-240x300.webp 240w, https:\/\/sklepwnetrz.pl\/salonstargard\/wp-content\/uploads\/2023\/02\/top5-768x960.webp 768w, https:\/\/sklepwnetrz.pl\/salonstargard\/wp-content\/uploads\/2023\/02\/top5-564x705.webp 564w, https:\/\/sklepwnetrz.pl\/salonstargard\/wp-content\/uploads\/2023\/02\/top5.webp 1080w\" data-sizes=\"(max-width: 824px) 100vw, 824px\" data-rel='gallery-1' data-prev-img='https:\/\/sklepwnetrz.pl\/salonstargard\/wp-content\/uploads\/2023\/02\/top5-495x400.webp' class='lightbox ' data-onclick='45' title=''  itemprop=\"thumbnailUrl\"  ><img decoding=\"async\" class=\"wp-image-1453 avia-img-lazy-loading-not-1453\"   src=\"https:\/\/sklepwnetrz.pl\/salonstargard\/wp-content\/uploads\/2023\/02\/top5-495x400.webp\" width=\"495\" height=\"400\"  title='top5' alt='' srcset=\"https:\/\/sklepwnetrz.pl\/salonstargard\/wp-content\/uploads\/2023\/02\/top5-495x400.webp 495w, https:\/\/sklepwnetrz.pl\/salonstargard\/wp-content\/uploads\/2023\/02\/top5-845x684.webp 845w\" sizes=\"(max-width: 495px) 100vw, 495px\" \/><\/a> <a href=\"https:\/\/sklepwnetrz.pl\/salonstargard\/wp-content\/uploads\/2023\/06\/firany-stargard-radimar-824x1030.webp\" data-srcset=\"https:\/\/sklepwnetrz.pl\/salonstargard\/wp-content\/uploads\/2023\/06\/firany-stargard-radimar-824x1030.webp 824w, https:\/\/sklepwnetrz.pl\/salonstargard\/wp-content\/uploads\/2023\/06\/firany-stargard-radimar-240x300.webp 240w, https:\/\/sklepwnetrz.pl\/salonstargard\/wp-content\/uploads\/2023\/06\/firany-stargard-radimar-768x960.webp 768w, https:\/\/sklepwnetrz.pl\/salonstargard\/wp-content\/uploads\/2023\/06\/firany-stargard-radimar-564x705.webp 564w, https:\/\/sklepwnetrz.pl\/salonstargard\/wp-content\/uploads\/2023\/06\/firany-stargard-radimar.webp 1080w\" data-sizes=\"(max-width: 824px) 100vw, 824px\" data-rel='gallery-1' data-prev-img='https:\/\/sklepwnetrz.pl\/salonstargard\/wp-content\/uploads\/2023\/06\/firany-stargard-radimar-495x400.webp' class='first_thumb lightbox ' data-onclick='46' title=''  itemprop=\"thumbnailUrl\"  ><img decoding=\"async\" class=\"wp-image-1539 avia-img-lazy-loading-not-1539\"   src=\"https:\/\/sklepwnetrz.pl\/salonstargard\/wp-content\/uploads\/2023\/06\/firany-stargard-radimar-495x400.webp\" width=\"495\" height=\"400\"  title='firany stargard radimar' alt='' srcset=\"https:\/\/sklepwnetrz.pl\/salonstargard\/wp-content\/uploads\/2023\/06\/firany-stargard-radimar-495x400.webp 495w, https:\/\/sklepwnetrz.pl\/salonstargard\/wp-content\/uploads\/2023\/06\/firany-stargard-radimar-845x684.webp 845w\" sizes=\"(max-width: 495px) 100vw, 495px\" \/><\/a> <a href=\"https:\/\/sklepwnetrz.pl\/salonstargard\/wp-content\/uploads\/2022\/10\/realizacja-5-1030x1030.webp\" data-srcset=\"https:\/\/sklepwnetrz.pl\/salonstargard\/wp-content\/uploads\/2022\/10\/realizacja-5-1030x1030.webp 1030w, https:\/\/sklepwnetrz.pl\/salonstargard\/wp-content\/uploads\/2022\/10\/realizacja-5-300x300.webp 300w, https:\/\/sklepwnetrz.pl\/salonstargard\/wp-content\/uploads\/2022\/10\/realizacja-5-80x80.webp 80w, https:\/\/sklepwnetrz.pl\/salonstargard\/wp-content\/uploads\/2022\/10\/realizacja-5-768x768.webp 768w, https:\/\/sklepwnetrz.pl\/salonstargard\/wp-content\/uploads\/2022\/10\/realizacja-5-36x36.webp 36w, https:\/\/sklepwnetrz.pl\/salonstargard\/wp-content\/uploads\/2022\/10\/realizacja-5-180x180.webp 180w, https:\/\/sklepwnetrz.pl\/salonstargard\/wp-content\/uploads\/2022\/10\/realizacja-5-705x705.webp 705w, https:\/\/sklepwnetrz.pl\/salonstargard\/wp-content\/uploads\/2022\/10\/realizacja-5.webp 1200w\" data-sizes=\"(max-width: 1030px) 100vw, 1030px\" data-rel='gallery-1' data-prev-img='https:\/\/sklepwnetrz.pl\/salonstargard\/wp-content\/uploads\/2022\/10\/realizacja-5-495x400.webp' class='lightbox ' data-onclick='47' title=''  itemprop=\"thumbnailUrl\"  ><img decoding=\"async\" class=\"wp-image-1365 avia-img-lazy-loading-not-1365\"  data-avia-tooltip='RADIMAR Stargard ul. Czarnieckiego 2F &#8211; TEL: 797 952 761' src=\"https:\/\/sklepwnetrz.pl\/salonstargard\/wp-content\/uploads\/2022\/10\/realizacja-5-495x400.webp\" width=\"495\" height=\"400\"  title='realizacja 5' alt='' srcset=\"https:\/\/sklepwnetrz.pl\/salonstargard\/wp-content\/uploads\/2022\/10\/realizacja-5-495x400.webp 495w, https:\/\/sklepwnetrz.pl\/salonstargard\/wp-content\/uploads\/2022\/10\/realizacja-5-845x684.webp 845w\" sizes=\"(max-width: 495px) 100vw, 495px\" \/><\/a> <a href=\"https:\/\/sklepwnetrz.pl\/salonstargard\/wp-content\/uploads\/2022\/10\/realizacja-17-1030x1030.webp\" data-srcset=\"https:\/\/sklepwnetrz.pl\/salonstargard\/wp-content\/uploads\/2022\/10\/realizacja-17-1030x1030.webp 1030w, https:\/\/sklepwnetrz.pl\/salonstargard\/wp-content\/uploads\/2022\/10\/realizacja-17-300x300.webp 300w, https:\/\/sklepwnetrz.pl\/salonstargard\/wp-content\/uploads\/2022\/10\/realizacja-17-80x80.webp 80w, https:\/\/sklepwnetrz.pl\/salonstargard\/wp-content\/uploads\/2022\/10\/realizacja-17-768x768.webp 768w, https:\/\/sklepwnetrz.pl\/salonstargard\/wp-content\/uploads\/2022\/10\/realizacja-17-36x36.webp 36w, https:\/\/sklepwnetrz.pl\/salonstargard\/wp-content\/uploads\/2022\/10\/realizacja-17-180x180.webp 180w, https:\/\/sklepwnetrz.pl\/salonstargard\/wp-content\/uploads\/2022\/10\/realizacja-17-705x705.webp 705w, https:\/\/sklepwnetrz.pl\/salonstargard\/wp-content\/uploads\/2022\/10\/realizacja-17.webp 1200w\" data-sizes=\"(max-width: 1030px) 100vw, 1030px\" data-rel='gallery-1' data-prev-img='https:\/\/sklepwnetrz.pl\/salonstargard\/wp-content\/uploads\/2022\/10\/realizacja-17-495x400.webp' class='lightbox ' data-onclick='48' title=''  itemprop=\"thumbnailUrl\"  ><img decoding=\"async\" class=\"wp-image-1368 avia-img-lazy-loading-not-1368\"  data-avia-tooltip='RADIMAR Stargard ul. Czarnieckiego 2F &#8211; TEL: 797 952 761' src=\"https:\/\/sklepwnetrz.pl\/salonstargard\/wp-content\/uploads\/2022\/10\/realizacja-17-495x400.webp\" width=\"495\" height=\"400\"  title='realizacja 17' alt='' srcset=\"https:\/\/sklepwnetrz.pl\/salonstargard\/wp-content\/uploads\/2022\/10\/realizacja-17-495x400.webp 495w, https:\/\/sklepwnetrz.pl\/salonstargard\/wp-content\/uploads\/2022\/10\/realizacja-17-845x684.webp 845w\" sizes=\"(max-width: 495px) 100vw, 495px\" \/><\/a> <a href=\"https:\/\/sklepwnetrz.pl\/salonstargard\/wp-content\/uploads\/2022\/10\/realizacja-18-1030x1030.webp\" data-srcset=\"https:\/\/sklepwnetrz.pl\/salonstargard\/wp-content\/uploads\/2022\/10\/realizacja-18-1030x1030.webp 1030w, https:\/\/sklepwnetrz.pl\/salonstargard\/wp-content\/uploads\/2022\/10\/realizacja-18-300x300.webp 300w, https:\/\/sklepwnetrz.pl\/salonstargard\/wp-content\/uploads\/2022\/10\/realizacja-18-80x80.webp 80w, https:\/\/sklepwnetrz.pl\/salonstargard\/wp-content\/uploads\/2022\/10\/realizacja-18-768x768.webp 768w, https:\/\/sklepwnetrz.pl\/salonstargard\/wp-content\/uploads\/2022\/10\/realizacja-18-36x36.webp 36w, https:\/\/sklepwnetrz.pl\/salonstargard\/wp-content\/uploads\/2022\/10\/realizacja-18-180x180.webp 180w, https:\/\/sklepwnetrz.pl\/salonstargard\/wp-content\/uploads\/2022\/10\/realizacja-18-705x705.webp 705w, https:\/\/sklepwnetrz.pl\/salonstargard\/wp-content\/uploads\/2022\/10\/realizacja-18.webp 1200w\" data-sizes=\"(max-width: 1030px) 100vw, 1030px\" data-rel='gallery-1' data-prev-img='https:\/\/sklepwnetrz.pl\/salonstargard\/wp-content\/uploads\/2022\/10\/realizacja-18-495x400.webp' class='lightbox ' data-onclick='49' title=''  itemprop=\"thumbnailUrl\"  ><img decoding=\"async\" class=\"wp-image-1369 avia-img-lazy-loading-not-1369\"  data-avia-tooltip='RADIMAR Stargard ul. Czarnieckiego 2F &#8211; TEL: 797 952 761' src=\"https:\/\/sklepwnetrz.pl\/salonstargard\/wp-content\/uploads\/2022\/10\/realizacja-18-495x400.webp\" width=\"495\" height=\"400\"  title='realizacja 18' alt='' srcset=\"https:\/\/sklepwnetrz.pl\/salonstargard\/wp-content\/uploads\/2022\/10\/realizacja-18-495x400.webp 495w, https:\/\/sklepwnetrz.pl\/salonstargard\/wp-content\/uploads\/2022\/10\/realizacja-18-845x684.webp 845w\" sizes=\"(max-width: 495px) 100vw, 495px\" \/><\/a> <a href=\"https:\/\/sklepwnetrz.pl\/salonstargard\/wp-content\/uploads\/2022\/10\/realizacja-20-1030x1030.webp\" data-srcset=\"https:\/\/sklepwnetrz.pl\/salonstargard\/wp-content\/uploads\/2022\/10\/realizacja-20-1030x1030.webp 1030w, https:\/\/sklepwnetrz.pl\/salonstargard\/wp-content\/uploads\/2022\/10\/realizacja-20-300x300.webp 300w, https:\/\/sklepwnetrz.pl\/salonstargard\/wp-content\/uploads\/2022\/10\/realizacja-20-80x80.webp 80w, https:\/\/sklepwnetrz.pl\/salonstargard\/wp-content\/uploads\/2022\/10\/realizacja-20-768x768.webp 768w, https:\/\/sklepwnetrz.pl\/salonstargard\/wp-content\/uploads\/2022\/10\/realizacja-20-36x36.webp 36w, https:\/\/sklepwnetrz.pl\/salonstargard\/wp-content\/uploads\/2022\/10\/realizacja-20-180x180.webp 180w, https:\/\/sklepwnetrz.pl\/salonstargard\/wp-content\/uploads\/2022\/10\/realizacja-20-705x705.webp 705w, https:\/\/sklepwnetrz.pl\/salonstargard\/wp-content\/uploads\/2022\/10\/realizacja-20.webp 1200w\" data-sizes=\"(max-width: 1030px) 100vw, 1030px\" data-rel='gallery-1' data-prev-img='https:\/\/sklepwnetrz.pl\/salonstargard\/wp-content\/uploads\/2022\/10\/realizacja-20-495x400.webp' class='lightbox ' data-onclick='50' title=''  itemprop=\"thumbnailUrl\"  ><img decoding=\"async\" class=\"wp-image-1370 avia-img-lazy-loading-not-1370\"  data-avia-tooltip='RADIMAR Stargard ul. Czarnieckiego 2F &#8211; TEL: 797 952 761' src=\"https:\/\/sklepwnetrz.pl\/salonstargard\/wp-content\/uploads\/2022\/10\/realizacja-20-495x400.webp\" width=\"495\" height=\"400\"  title='realizacja 20' alt='' srcset=\"https:\/\/sklepwnetrz.pl\/salonstargard\/wp-content\/uploads\/2022\/10\/realizacja-20-495x400.webp 495w, https:\/\/sklepwnetrz.pl\/salonstargard\/wp-content\/uploads\/2022\/10\/realizacja-20-845x684.webp 845w\" sizes=\"(max-width: 495px) 100vw, 495px\" \/><\/a> <a href=\"https:\/\/sklepwnetrz.pl\/salonstargard\/wp-content\/uploads\/2022\/10\/realizacja1-1030x1030.webp\" data-srcset=\"https:\/\/sklepwnetrz.pl\/salonstargard\/wp-content\/uploads\/2022\/10\/realizacja1-1030x1030.webp 1030w, https:\/\/sklepwnetrz.pl\/salonstargard\/wp-content\/uploads\/2022\/10\/realizacja1-300x300.webp 300w, https:\/\/sklepwnetrz.pl\/salonstargard\/wp-content\/uploads\/2022\/10\/realizacja1-80x80.webp 80w, https:\/\/sklepwnetrz.pl\/salonstargard\/wp-content\/uploads\/2022\/10\/realizacja1-768x768.webp 768w, https:\/\/sklepwnetrz.pl\/salonstargard\/wp-content\/uploads\/2022\/10\/realizacja1-36x36.webp 36w, https:\/\/sklepwnetrz.pl\/salonstargard\/wp-content\/uploads\/2022\/10\/realizacja1-180x180.webp 180w, https:\/\/sklepwnetrz.pl\/salonstargard\/wp-content\/uploads\/2022\/10\/realizacja1-705x705.webp 705w, https:\/\/sklepwnetrz.pl\/salonstargard\/wp-content\/uploads\/2022\/10\/realizacja1.webp 1200w\" data-sizes=\"(max-width: 1030px) 100vw, 1030px\" data-rel='gallery-1' data-prev-img='https:\/\/sklepwnetrz.pl\/salonstargard\/wp-content\/uploads\/2022\/10\/realizacja1-495x400.webp' class='first_thumb lightbox ' data-onclick='51' title=''  itemprop=\"thumbnailUrl\"  ><img decoding=\"async\" class=\"wp-image-1371 avia-img-lazy-loading-not-1371\"  data-avia-tooltip='RADIMAR Stargard ul. Czarnieckiego 2F &#8211; TEL: 797 952 761' src=\"https:\/\/sklepwnetrz.pl\/salonstargard\/wp-content\/uploads\/2022\/10\/realizacja1-495x400.webp\" width=\"495\" height=\"400\"  title='realizacja1' alt='' srcset=\"https:\/\/sklepwnetrz.pl\/salonstargard\/wp-content\/uploads\/2022\/10\/realizacja1-495x400.webp 495w, https:\/\/sklepwnetrz.pl\/salonstargard\/wp-content\/uploads\/2022\/10\/realizacja1-845x684.webp 845w\" sizes=\"(max-width: 495px) 100vw, 495px\" \/><\/a> <a href=\"https:\/\/sklepwnetrz.pl\/salonstargard\/wp-content\/uploads\/2022\/10\/realizacja7-1030x1030.webp\" data-srcset=\"https:\/\/sklepwnetrz.pl\/salonstargard\/wp-content\/uploads\/2022\/10\/realizacja7-1030x1030.webp 1030w, https:\/\/sklepwnetrz.pl\/salonstargard\/wp-content\/uploads\/2022\/10\/realizacja7-300x300.webp 300w, https:\/\/sklepwnetrz.pl\/salonstargard\/wp-content\/uploads\/2022\/10\/realizacja7-80x80.webp 80w, https:\/\/sklepwnetrz.pl\/salonstargard\/wp-content\/uploads\/2022\/10\/realizacja7-768x768.webp 768w, https:\/\/sklepwnetrz.pl\/salonstargard\/wp-content\/uploads\/2022\/10\/realizacja7-36x36.webp 36w, https:\/\/sklepwnetrz.pl\/salonstargard\/wp-content\/uploads\/2022\/10\/realizacja7-180x180.webp 180w, https:\/\/sklepwnetrz.pl\/salonstargard\/wp-content\/uploads\/2022\/10\/realizacja7-705x705.webp 705w, https:\/\/sklepwnetrz.pl\/salonstargard\/wp-content\/uploads\/2022\/10\/realizacja7.webp 1200w\" data-sizes=\"(max-width: 1030px) 100vw, 1030px\" data-rel='gallery-1' data-prev-img='https:\/\/sklepwnetrz.pl\/salonstargard\/wp-content\/uploads\/2022\/10\/realizacja7-495x400.webp' class='lightbox ' data-onclick='52' title=''  itemprop=\"thumbnailUrl\"  ><img decoding=\"async\" class=\"wp-image-1374 avia-img-lazy-loading-not-1374\"  data-avia-tooltip='RADIMAR Stargard ul. Czarnieckiego 2F &#8211; TEL: 797 952 761' src=\"https:\/\/sklepwnetrz.pl\/salonstargard\/wp-content\/uploads\/2022\/10\/realizacja7-495x400.webp\" width=\"495\" height=\"400\"  title='realizacja7' alt='' srcset=\"https:\/\/sklepwnetrz.pl\/salonstargard\/wp-content\/uploads\/2022\/10\/realizacja7-495x400.webp 495w, https:\/\/sklepwnetrz.pl\/salonstargard\/wp-content\/uploads\/2022\/10\/realizacja7-845x684.webp 845w\" sizes=\"(max-width: 495px) 100vw, 495px\" \/><\/a> <a href=\"https:\/\/sklepwnetrz.pl\/salonstargard\/wp-content\/uploads\/2022\/10\/realizacja9-1030x1030.webp\" data-srcset=\"https:\/\/sklepwnetrz.pl\/salonstargard\/wp-content\/uploads\/2022\/10\/realizacja9-1030x1030.webp 1030w, https:\/\/sklepwnetrz.pl\/salonstargard\/wp-content\/uploads\/2022\/10\/realizacja9-300x300.webp 300w, https:\/\/sklepwnetrz.pl\/salonstargard\/wp-content\/uploads\/2022\/10\/realizacja9-80x80.webp 80w, https:\/\/sklepwnetrz.pl\/salonstargard\/wp-content\/uploads\/2022\/10\/realizacja9-768x768.webp 768w, https:\/\/sklepwnetrz.pl\/salonstargard\/wp-content\/uploads\/2022\/10\/realizacja9-36x36.webp 36w, https:\/\/sklepwnetrz.pl\/salonstargard\/wp-content\/uploads\/2022\/10\/realizacja9-180x180.webp 180w, https:\/\/sklepwnetrz.pl\/salonstargard\/wp-content\/uploads\/2022\/10\/realizacja9-705x705.webp 705w, https:\/\/sklepwnetrz.pl\/salonstargard\/wp-content\/uploads\/2022\/10\/realizacja9.webp 1200w\" data-sizes=\"(max-width: 1030px) 100vw, 1030px\" data-rel='gallery-1' data-prev-img='https:\/\/sklepwnetrz.pl\/salonstargard\/wp-content\/uploads\/2022\/10\/realizacja9-495x400.webp' class='lightbox ' data-onclick='53' title=''  itemprop=\"thumbnailUrl\"  ><img decoding=\"async\" class=\"wp-image-1375 avia-img-lazy-loading-not-1375\"  data-avia-tooltip='RADIMAR Stargard ul. Czarnieckiego 2F &#8211; TEL: 797 952 761' src=\"https:\/\/sklepwnetrz.pl\/salonstargard\/wp-content\/uploads\/2022\/10\/realizacja9-495x400.webp\" width=\"495\" height=\"400\"  title='realizacja9' alt='' srcset=\"https:\/\/sklepwnetrz.pl\/salonstargard\/wp-content\/uploads\/2022\/10\/realizacja9-495x400.webp 495w, https:\/\/sklepwnetrz.pl\/salonstargard\/wp-content\/uploads\/2022\/10\/realizacja9-845x684.webp 845w\" sizes=\"(max-width: 495px) 100vw, 495px\" \/><\/a> <a href=\"https:\/\/sklepwnetrz.pl\/salonstargard\/wp-content\/uploads\/2022\/10\/realizacja11-1030x1030.webp\" data-srcset=\"https:\/\/sklepwnetrz.pl\/salonstargard\/wp-content\/uploads\/2022\/10\/realizacja11-1030x1030.webp 1030w, https:\/\/sklepwnetrz.pl\/salonstargard\/wp-content\/uploads\/2022\/10\/realizacja11-300x300.webp 300w, https:\/\/sklepwnetrz.pl\/salonstargard\/wp-content\/uploads\/2022\/10\/realizacja11-80x80.webp 80w, https:\/\/sklepwnetrz.pl\/salonstargard\/wp-content\/uploads\/2022\/10\/realizacja11-768x768.webp 768w, https:\/\/sklepwnetrz.pl\/salonstargard\/wp-content\/uploads\/2022\/10\/realizacja11-36x36.webp 36w, https:\/\/sklepwnetrz.pl\/salonstargard\/wp-content\/uploads\/2022\/10\/realizacja11-180x180.webp 180w, https:\/\/sklepwnetrz.pl\/salonstargard\/wp-content\/uploads\/2022\/10\/realizacja11-705x705.webp 705w, https:\/\/sklepwnetrz.pl\/salonstargard\/wp-content\/uploads\/2022\/10\/realizacja11.webp 1200w\" data-sizes=\"(max-width: 1030px) 100vw, 1030px\" data-rel='gallery-1' data-prev-img='https:\/\/sklepwnetrz.pl\/salonstargard\/wp-content\/uploads\/2022\/10\/realizacja11-495x400.webp' class='lightbox ' data-onclick='54' title=''  itemprop=\"thumbnailUrl\"  ><img decoding=\"async\" class=\"wp-image-1377 avia-img-lazy-loading-not-1377\"  data-avia-tooltip='RADIMAR Stargard ul. Czarnieckiego 2F &#8211; TEL: 797 952 761' src=\"https:\/\/sklepwnetrz.pl\/salonstargard\/wp-content\/uploads\/2022\/10\/realizacja11-495x400.webp\" width=\"495\" height=\"400\"  title='realizacja11' alt='' srcset=\"https:\/\/sklepwnetrz.pl\/salonstargard\/wp-content\/uploads\/2022\/10\/realizacja11-495x400.webp 495w, https:\/\/sklepwnetrz.pl\/salonstargard\/wp-content\/uploads\/2022\/10\/realizacja11-845x684.webp 845w\" sizes=\"(max-width: 495px) 100vw, 495px\" \/><\/a> <a href=\"https:\/\/sklepwnetrz.pl\/salonstargard\/wp-content\/uploads\/2022\/10\/realizacja12-1030x1030.webp\" data-srcset=\"https:\/\/sklepwnetrz.pl\/salonstargard\/wp-content\/uploads\/2022\/10\/realizacja12-1030x1030.webp 1030w, https:\/\/sklepwnetrz.pl\/salonstargard\/wp-content\/uploads\/2022\/10\/realizacja12-300x300.webp 300w, https:\/\/sklepwnetrz.pl\/salonstargard\/wp-content\/uploads\/2022\/10\/realizacja12-80x80.webp 80w, https:\/\/sklepwnetrz.pl\/salonstargard\/wp-content\/uploads\/2022\/10\/realizacja12-768x768.webp 768w, https:\/\/sklepwnetrz.pl\/salonstargard\/wp-content\/uploads\/2022\/10\/realizacja12-36x36.webp 36w, https:\/\/sklepwnetrz.pl\/salonstargard\/wp-content\/uploads\/2022\/10\/realizacja12-180x180.webp 180w, https:\/\/sklepwnetrz.pl\/salonstargard\/wp-content\/uploads\/2022\/10\/realizacja12-705x705.webp 705w, https:\/\/sklepwnetrz.pl\/salonstargard\/wp-content\/uploads\/2022\/10\/realizacja12.webp 1200w\" data-sizes=\"(max-width: 1030px) 100vw, 1030px\" data-rel='gallery-1' data-prev-img='https:\/\/sklepwnetrz.pl\/salonstargard\/wp-content\/uploads\/2022\/10\/realizacja12-495x400.webp' class='lightbox ' data-onclick='55' title=''  itemprop=\"thumbnailUrl\"  ><img decoding=\"async\" class=\"wp-image-1378 avia-img-lazy-loading-not-1378\"  data-avia-tooltip='RADIMAR Stargard ul. Czarnieckiego 2F &#8211; TEL: 797 952 761' src=\"https:\/\/sklepwnetrz.pl\/salonstargard\/wp-content\/uploads\/2022\/10\/realizacja12-495x400.webp\" width=\"495\" height=\"400\"  title='realizacja12' alt='' srcset=\"https:\/\/sklepwnetrz.pl\/salonstargard\/wp-content\/uploads\/2022\/10\/realizacja12-495x400.webp 495w, https:\/\/sklepwnetrz.pl\/salonstargard\/wp-content\/uploads\/2022\/10\/realizacja12-845x684.webp 845w\" sizes=\"(max-width: 495px) 100vw, 495px\" \/><\/a> <a href=\"https:\/\/sklepwnetrz.pl\/salonstargard\/wp-content\/uploads\/2022\/10\/realizacja13-1030x1030.webp\" data-srcset=\"https:\/\/sklepwnetrz.pl\/salonstargard\/wp-content\/uploads\/2022\/10\/realizacja13-1030x1030.webp 1030w, https:\/\/sklepwnetrz.pl\/salonstargard\/wp-content\/uploads\/2022\/10\/realizacja13-300x300.webp 300w, https:\/\/sklepwnetrz.pl\/salonstargard\/wp-content\/uploads\/2022\/10\/realizacja13-80x80.webp 80w, https:\/\/sklepwnetrz.pl\/salonstargard\/wp-content\/uploads\/2022\/10\/realizacja13-768x768.webp 768w, https:\/\/sklepwnetrz.pl\/salonstargard\/wp-content\/uploads\/2022\/10\/realizacja13-36x36.webp 36w, https:\/\/sklepwnetrz.pl\/salonstargard\/wp-content\/uploads\/2022\/10\/realizacja13-180x180.webp 180w, https:\/\/sklepwnetrz.pl\/salonstargard\/wp-content\/uploads\/2022\/10\/realizacja13-705x705.webp 705w, https:\/\/sklepwnetrz.pl\/salonstargard\/wp-content\/uploads\/2022\/10\/realizacja13.webp 1200w\" data-sizes=\"(max-width: 1030px) 100vw, 1030px\" data-rel='gallery-1' data-prev-img='https:\/\/sklepwnetrz.pl\/salonstargard\/wp-content\/uploads\/2022\/10\/realizacja13-495x400.webp' class='first_thumb lightbox ' data-onclick='56' title=''  itemprop=\"thumbnailUrl\"  ><img decoding=\"async\" class=\"wp-image-1379 avia-img-lazy-loading-not-1379\"  data-avia-tooltip='RADIMAR Stargard ul. Czarnieckiego 2F &#8211; TEL: 797 952 761' src=\"https:\/\/sklepwnetrz.pl\/salonstargard\/wp-content\/uploads\/2022\/10\/realizacja13-495x400.webp\" width=\"495\" height=\"400\"  title='realizacja13' alt='' srcset=\"https:\/\/sklepwnetrz.pl\/salonstargard\/wp-content\/uploads\/2022\/10\/realizacja13-495x400.webp 495w, https:\/\/sklepwnetrz.pl\/salonstargard\/wp-content\/uploads\/2022\/10\/realizacja13-845x684.webp 845w\" sizes=\"(max-width: 495px) 100vw, 495px\" \/><\/a> <a href=\"https:\/\/sklepwnetrz.pl\/salonstargard\/wp-content\/uploads\/2022\/10\/realizacja16-1030x1030.webp\" data-srcset=\"https:\/\/sklepwnetrz.pl\/salonstargard\/wp-content\/uploads\/2022\/10\/realizacja16-1030x1030.webp 1030w, https:\/\/sklepwnetrz.pl\/salonstargard\/wp-content\/uploads\/2022\/10\/realizacja16-300x300.webp 300w, https:\/\/sklepwnetrz.pl\/salonstargard\/wp-content\/uploads\/2022\/10\/realizacja16-80x80.webp 80w, https:\/\/sklepwnetrz.pl\/salonstargard\/wp-content\/uploads\/2022\/10\/realizacja16-768x768.webp 768w, https:\/\/sklepwnetrz.pl\/salonstargard\/wp-content\/uploads\/2022\/10\/realizacja16-36x36.webp 36w, https:\/\/sklepwnetrz.pl\/salonstargard\/wp-content\/uploads\/2022\/10\/realizacja16-180x180.webp 180w, https:\/\/sklepwnetrz.pl\/salonstargard\/wp-content\/uploads\/2022\/10\/realizacja16-705x705.webp 705w, https:\/\/sklepwnetrz.pl\/salonstargard\/wp-content\/uploads\/2022\/10\/realizacja16.webp 1200w\" data-sizes=\"(max-width: 1030px) 100vw, 1030px\" data-rel='gallery-1' data-prev-img='https:\/\/sklepwnetrz.pl\/salonstargard\/wp-content\/uploads\/2022\/10\/realizacja16-495x400.webp' class='lightbox ' data-onclick='57' title=''  itemprop=\"thumbnailUrl\"  ><img decoding=\"async\" class=\"wp-image-1381 avia-img-lazy-loading-not-1381\"  data-avia-tooltip='RADIMAR Stargard ul. Czarnieckiego 2F &#8211; TEL: 797 952 761' src=\"https:\/\/sklepwnetrz.pl\/salonstargard\/wp-content\/uploads\/2022\/10\/realizacja16-495x400.webp\" width=\"495\" height=\"400\"  title='realizacja16' alt='' srcset=\"https:\/\/sklepwnetrz.pl\/salonstargard\/wp-content\/uploads\/2022\/10\/realizacja16-495x400.webp 495w, https:\/\/sklepwnetrz.pl\/salonstargard\/wp-content\/uploads\/2022\/10\/realizacja16-845x684.webp 845w\" sizes=\"(max-width: 495px) 100vw, 495px\" \/><\/a> <a href=\"https:\/\/sklepwnetrz.pl\/salonstargard\/wp-content\/uploads\/2022\/10\/realizacja19-1030x1030.webp\" data-srcset=\"https:\/\/sklepwnetrz.pl\/salonstargard\/wp-content\/uploads\/2022\/10\/realizacja19-1030x1030.webp 1030w, https:\/\/sklepwnetrz.pl\/salonstargard\/wp-content\/uploads\/2022\/10\/realizacja19-300x300.webp 300w, https:\/\/sklepwnetrz.pl\/salonstargard\/wp-content\/uploads\/2022\/10\/realizacja19-80x80.webp 80w, https:\/\/sklepwnetrz.pl\/salonstargard\/wp-content\/uploads\/2022\/10\/realizacja19-768x768.webp 768w, https:\/\/sklepwnetrz.pl\/salonstargard\/wp-content\/uploads\/2022\/10\/realizacja19-36x36.webp 36w, https:\/\/sklepwnetrz.pl\/salonstargard\/wp-content\/uploads\/2022\/10\/realizacja19-180x180.webp 180w, https:\/\/sklepwnetrz.pl\/salonstargard\/wp-content\/uploads\/2022\/10\/realizacja19-705x705.webp 705w, https:\/\/sklepwnetrz.pl\/salonstargard\/wp-content\/uploads\/2022\/10\/realizacja19.webp 1200w\" data-sizes=\"(max-width: 1030px) 100vw, 1030px\" data-rel='gallery-1' data-prev-img='https:\/\/sklepwnetrz.pl\/salonstargard\/wp-content\/uploads\/2022\/10\/realizacja19-495x400.webp' class='lightbox ' data-onclick='58' title=''  itemprop=\"thumbnailUrl\"  ><img decoding=\"async\" class=\"wp-image-1382 avia-img-lazy-loading-not-1382\"  data-avia-tooltip='RADIMAR Stargard ul. Czarnieckiego 2F &#8211; TEL: 797 952 761' src=\"https:\/\/sklepwnetrz.pl\/salonstargard\/wp-content\/uploads\/2022\/10\/realizacja19-495x400.webp\" width=\"495\" height=\"400\"  title='realizacja19' alt='' srcset=\"https:\/\/sklepwnetrz.pl\/salonstargard\/wp-content\/uploads\/2022\/10\/realizacja19-495x400.webp 495w, https:\/\/sklepwnetrz.pl\/salonstargard\/wp-content\/uploads\/2022\/10\/realizacja19-845x684.webp 845w\" sizes=\"(max-width: 495px) 100vw, 495px\" \/><\/a> <a href=\"https:\/\/sklepwnetrz.pl\/salonstargard\/wp-content\/uploads\/2022\/10\/batyst-12-1030x1030.webp\" data-srcset=\"https:\/\/sklepwnetrz.pl\/salonstargard\/wp-content\/uploads\/2022\/10\/batyst-12-1030x1030.webp 1030w, https:\/\/sklepwnetrz.pl\/salonstargard\/wp-content\/uploads\/2022\/10\/batyst-12-300x300.webp 300w, https:\/\/sklepwnetrz.pl\/salonstargard\/wp-content\/uploads\/2022\/10\/batyst-12-80x80.webp 80w, https:\/\/sklepwnetrz.pl\/salonstargard\/wp-content\/uploads\/2022\/10\/batyst-12-768x768.webp 768w, https:\/\/sklepwnetrz.pl\/salonstargard\/wp-content\/uploads\/2022\/10\/batyst-12-36x36.webp 36w, https:\/\/sklepwnetrz.pl\/salonstargard\/wp-content\/uploads\/2022\/10\/batyst-12-180x180.webp 180w, https:\/\/sklepwnetrz.pl\/salonstargard\/wp-content\/uploads\/2022\/10\/batyst-12-705x705.webp 705w, https:\/\/sklepwnetrz.pl\/salonstargard\/wp-content\/uploads\/2022\/10\/batyst-12.webp 1200w\" data-sizes=\"(max-width: 1030px) 100vw, 1030px\" data-rel='gallery-1' data-prev-img='https:\/\/sklepwnetrz.pl\/salonstargard\/wp-content\/uploads\/2022\/10\/batyst-12-495x400.webp' class='lightbox ' data-onclick='59' title=''  itemprop=\"thumbnailUrl\"  ><img decoding=\"async\" class=\"wp-image-1385 avia-img-lazy-loading-not-1385\"  data-avia-tooltip='RADIMAR Stargard ul. Czarnieckiego 2F &#8211; TEL: 797 952 761' src=\"https:\/\/sklepwnetrz.pl\/salonstargard\/wp-content\/uploads\/2022\/10\/batyst-12-495x400.webp\" width=\"495\" height=\"400\"  title='batyst 12' alt='' srcset=\"https:\/\/sklepwnetrz.pl\/salonstargard\/wp-content\/uploads\/2022\/10\/batyst-12-495x400.webp 495w, https:\/\/sklepwnetrz.pl\/salonstargard\/wp-content\/uploads\/2022\/10\/batyst-12-845x684.webp 845w\" sizes=\"(max-width: 495px) 100vw, 495px\" \/><\/a> <a href=\"https:\/\/sklepwnetrz.pl\/salonstargard\/wp-content\/uploads\/2022\/10\/batyst-17-pion-687x1030.webp\" data-srcset=\"https:\/\/sklepwnetrz.pl\/salonstargard\/wp-content\/uploads\/2022\/10\/batyst-17-pion-687x1030.webp 687w, https:\/\/sklepwnetrz.pl\/salonstargard\/wp-content\/uploads\/2022\/10\/batyst-17-pion-200x300.webp 200w, https:\/\/sklepwnetrz.pl\/salonstargard\/wp-content\/uploads\/2022\/10\/batyst-17-pion-768x1152.webp 768w, https:\/\/sklepwnetrz.pl\/salonstargard\/wp-content\/uploads\/2022\/10\/batyst-17-pion-470x705.webp 470w, https:\/\/sklepwnetrz.pl\/salonstargard\/wp-content\/uploads\/2022\/10\/batyst-17-pion.webp 800w\" data-sizes=\"(max-width: 687px) 100vw, 687px\" data-rel='gallery-1' data-prev-img='https:\/\/sklepwnetrz.pl\/salonstargard\/wp-content\/uploads\/2022\/10\/batyst-17-pion-495x400.webp' class='lightbox ' data-onclick='60' title=''  itemprop=\"thumbnailUrl\"  ><img decoding=\"async\" class=\"wp-image-1386 avia-img-lazy-loading-not-1386\"  data-avia-tooltip='RADIMAR Stargard ul. Czarnieckiego 2F &#8211; TEL: 797 952 761' src=\"https:\/\/sklepwnetrz.pl\/salonstargard\/wp-content\/uploads\/2022\/10\/batyst-17-pion-495x400.webp\" width=\"495\" height=\"400\"  title='batyst 17 pion' alt='' \/><\/a> <a href=\"https:\/\/sklepwnetrz.pl\/salonstargard\/wp-content\/uploads\/2022\/10\/batyst4-1030x687.webp\" data-srcset=\"https:\/\/sklepwnetrz.pl\/salonstargard\/wp-content\/uploads\/2022\/10\/batyst4-1030x687.webp 1030w, https:\/\/sklepwnetrz.pl\/salonstargard\/wp-content\/uploads\/2022\/10\/batyst4-300x200.webp 300w, https:\/\/sklepwnetrz.pl\/salonstargard\/wp-content\/uploads\/2022\/10\/batyst4-768x512.webp 768w, https:\/\/sklepwnetrz.pl\/salonstargard\/wp-content\/uploads\/2022\/10\/batyst4-705x470.webp 705w, https:\/\/sklepwnetrz.pl\/salonstargard\/wp-content\/uploads\/2022\/10\/batyst4.webp 1200w\" data-sizes=\"(max-width: 1030px) 100vw, 1030px\" data-rel='gallery-1' data-prev-img='https:\/\/sklepwnetrz.pl\/salonstargard\/wp-content\/uploads\/2022\/10\/batyst4-495x400.webp' class='first_thumb lightbox ' data-onclick='61' title=''  itemprop=\"thumbnailUrl\"  ><img decoding=\"async\" class=\"wp-image-1394 avia-img-lazy-loading-not-1394\"  data-avia-tooltip='RADIMAR Stargard ul. Czarnieckiego 2F &#8211; TEL: 797 952 761' src=\"https:\/\/sklepwnetrz.pl\/salonstargard\/wp-content\/uploads\/2022\/10\/batyst4-495x400.webp\" width=\"495\" height=\"400\"  title='batyst4' alt='' srcset=\"https:\/\/sklepwnetrz.pl\/salonstargard\/wp-content\/uploads\/2022\/10\/batyst4-495x400.webp 495w, https:\/\/sklepwnetrz.pl\/salonstargard\/wp-content\/uploads\/2022\/10\/batyst4-845x684.webp 845w\" sizes=\"(max-width: 495px) 100vw, 495px\" \/><\/a> <a href=\"https:\/\/sklepwnetrz.pl\/salonstargard\/wp-content\/uploads\/2022\/10\/batyst5-1030x1030.webp\" data-srcset=\"https:\/\/sklepwnetrz.pl\/salonstargard\/wp-content\/uploads\/2022\/10\/batyst5-1030x1030.webp 1030w, https:\/\/sklepwnetrz.pl\/salonstargard\/wp-content\/uploads\/2022\/10\/batyst5-300x300.webp 300w, https:\/\/sklepwnetrz.pl\/salonstargard\/wp-content\/uploads\/2022\/10\/batyst5-80x80.webp 80w, https:\/\/sklepwnetrz.pl\/salonstargard\/wp-content\/uploads\/2022\/10\/batyst5-768x768.webp 768w, https:\/\/sklepwnetrz.pl\/salonstargard\/wp-content\/uploads\/2022\/10\/batyst5-36x36.webp 36w, https:\/\/sklepwnetrz.pl\/salonstargard\/wp-content\/uploads\/2022\/10\/batyst5-180x180.webp 180w, https:\/\/sklepwnetrz.pl\/salonstargard\/wp-content\/uploads\/2022\/10\/batyst5-705x705.webp 705w, https:\/\/sklepwnetrz.pl\/salonstargard\/wp-content\/uploads\/2022\/10\/batyst5.webp 1200w\" data-sizes=\"(max-width: 1030px) 100vw, 1030px\" data-rel='gallery-1' data-prev-img='https:\/\/sklepwnetrz.pl\/salonstargard\/wp-content\/uploads\/2022\/10\/batyst5-495x400.webp' class='lightbox ' data-onclick='62' title=''  itemprop=\"thumbnailUrl\"  ><img decoding=\"async\" class=\"wp-image-1395 avia-img-lazy-loading-not-1395\"  data-avia-tooltip='RADIMAR Stargard ul. Czarnieckiego 2F &#8211; TEL: 797 952 761' src=\"https:\/\/sklepwnetrz.pl\/salonstargard\/wp-content\/uploads\/2022\/10\/batyst5-495x400.webp\" width=\"495\" height=\"400\"  title='batyst5' alt='' srcset=\"https:\/\/sklepwnetrz.pl\/salonstargard\/wp-content\/uploads\/2022\/10\/batyst5-495x400.webp 495w, https:\/\/sklepwnetrz.pl\/salonstargard\/wp-content\/uploads\/2022\/10\/batyst5-845x684.webp 845w\" sizes=\"(max-width: 495px) 100vw, 495px\" \/><\/a> <a href=\"https:\/\/sklepwnetrz.pl\/salonstargard\/wp-content\/uploads\/2022\/10\/batyst6-1030x1030.webp\" data-srcset=\"https:\/\/sklepwnetrz.pl\/salonstargard\/wp-content\/uploads\/2022\/10\/batyst6-1030x1030.webp 1030w, https:\/\/sklepwnetrz.pl\/salonstargard\/wp-content\/uploads\/2022\/10\/batyst6-300x300.webp 300w, https:\/\/sklepwnetrz.pl\/salonstargard\/wp-content\/uploads\/2022\/10\/batyst6-80x80.webp 80w, https:\/\/sklepwnetrz.pl\/salonstargard\/wp-content\/uploads\/2022\/10\/batyst6-768x768.webp 768w, https:\/\/sklepwnetrz.pl\/salonstargard\/wp-content\/uploads\/2022\/10\/batyst6-36x36.webp 36w, https:\/\/sklepwnetrz.pl\/salonstargard\/wp-content\/uploads\/2022\/10\/batyst6-180x180.webp 180w, https:\/\/sklepwnetrz.pl\/salonstargard\/wp-content\/uploads\/2022\/10\/batyst6-705x705.webp 705w, https:\/\/sklepwnetrz.pl\/salonstargard\/wp-content\/uploads\/2022\/10\/batyst6.webp 1200w\" data-sizes=\"(max-width: 1030px) 100vw, 1030px\" data-rel='gallery-1' data-prev-img='https:\/\/sklepwnetrz.pl\/salonstargard\/wp-content\/uploads\/2022\/10\/batyst6-495x400.webp' class='lightbox ' data-onclick='63' title=''  itemprop=\"thumbnailUrl\"  ><img decoding=\"async\" class=\"wp-image-1397 avia-img-lazy-loading-not-1397\"  data-avia-tooltip='RADIMAR Stargard ul. Czarnieckiego 2F &#8211; TEL: 797 952 761' src=\"https:\/\/sklepwnetrz.pl\/salonstargard\/wp-content\/uploads\/2022\/10\/batyst6-495x400.webp\" width=\"495\" height=\"400\"  title='batyst6' alt='' srcset=\"https:\/\/sklepwnetrz.pl\/salonstargard\/wp-content\/uploads\/2022\/10\/batyst6-495x400.webp 495w, https:\/\/sklepwnetrz.pl\/salonstargard\/wp-content\/uploads\/2022\/10\/batyst6-845x684.webp 845w\" sizes=\"(max-width: 495px) 100vw, 495px\" \/><\/a> <a href=\"https:\/\/sklepwnetrz.pl\/salonstargard\/wp-content\/uploads\/2022\/10\/batyst8-1030x1030.webp\" data-srcset=\"https:\/\/sklepwnetrz.pl\/salonstargard\/wp-content\/uploads\/2022\/10\/batyst8-1030x1030.webp 1030w, https:\/\/sklepwnetrz.pl\/salonstargard\/wp-content\/uploads\/2022\/10\/batyst8-300x300.webp 300w, https:\/\/sklepwnetrz.pl\/salonstargard\/wp-content\/uploads\/2022\/10\/batyst8-80x80.webp 80w, https:\/\/sklepwnetrz.pl\/salonstargard\/wp-content\/uploads\/2022\/10\/batyst8-768x768.webp 768w, https:\/\/sklepwnetrz.pl\/salonstargard\/wp-content\/uploads\/2022\/10\/batyst8-36x36.webp 36w, https:\/\/sklepwnetrz.pl\/salonstargard\/wp-content\/uploads\/2022\/10\/batyst8-180x180.webp 180w, https:\/\/sklepwnetrz.pl\/salonstargard\/wp-content\/uploads\/2022\/10\/batyst8-705x705.webp 705w, https:\/\/sklepwnetrz.pl\/salonstargard\/wp-content\/uploads\/2022\/10\/batyst8.webp 1200w\" data-sizes=\"(max-width: 1030px) 100vw, 1030px\" data-rel='gallery-1' data-prev-img='https:\/\/sklepwnetrz.pl\/salonstargard\/wp-content\/uploads\/2022\/10\/batyst8-495x400.webp' class='lightbox ' data-onclick='64' title=''  itemprop=\"thumbnailUrl\"  ><img decoding=\"async\" class=\"wp-image-1399 avia-img-lazy-loading-not-1399\"  data-avia-tooltip='RADIMAR Stargard ul. Czarnieckiego 2F &#8211; TEL: 797 952 761' src=\"https:\/\/sklepwnetrz.pl\/salonstargard\/wp-content\/uploads\/2022\/10\/batyst8-495x400.webp\" width=\"495\" height=\"400\"  title='batyst8' alt='' srcset=\"https:\/\/sklepwnetrz.pl\/salonstargard\/wp-content\/uploads\/2022\/10\/batyst8-495x400.webp 495w, https:\/\/sklepwnetrz.pl\/salonstargard\/wp-content\/uploads\/2022\/10\/batyst8-845x684.webp 845w\" sizes=\"(max-width: 495px) 100vw, 495px\" \/><\/a> <a href=\"https:\/\/sklepwnetrz.pl\/salonstargard\/wp-content\/uploads\/2023\/03\/Zaluzje-drewniane-na-rame-okienna-radimar-1030x1030.webp\" data-srcset=\"https:\/\/sklepwnetrz.pl\/salonstargard\/wp-content\/uploads\/2023\/03\/Zaluzje-drewniane-na-rame-okienna-radimar-1030x1030.webp 1030w, https:\/\/sklepwnetrz.pl\/salonstargard\/wp-content\/uploads\/2023\/03\/Zaluzje-drewniane-na-rame-okienna-radimar-300x300.webp 300w, https:\/\/sklepwnetrz.pl\/salonstargard\/wp-content\/uploads\/2023\/03\/Zaluzje-drewniane-na-rame-okienna-radimar-80x80.webp 80w, https:\/\/sklepwnetrz.pl\/salonstargard\/wp-content\/uploads\/2023\/03\/Zaluzje-drewniane-na-rame-okienna-radimar-768x768.webp 768w, https:\/\/sklepwnetrz.pl\/salonstargard\/wp-content\/uploads\/2023\/03\/Zaluzje-drewniane-na-rame-okienna-radimar-36x36.webp 36w, https:\/\/sklepwnetrz.pl\/salonstargard\/wp-content\/uploads\/2023\/03\/Zaluzje-drewniane-na-rame-okienna-radimar-180x180.webp 180w, https:\/\/sklepwnetrz.pl\/salonstargard\/wp-content\/uploads\/2023\/03\/Zaluzje-drewniane-na-rame-okienna-radimar-705x705.webp 705w, https:\/\/sklepwnetrz.pl\/salonstargard\/wp-content\/uploads\/2023\/03\/Zaluzje-drewniane-na-rame-okienna-radimar.webp 1200w\" data-sizes=\"(max-width: 1030px) 100vw, 1030px\" data-rel='gallery-1' data-prev-img='https:\/\/sklepwnetrz.pl\/salonstargard\/wp-content\/uploads\/2023\/03\/Zaluzje-drewniane-na-rame-okienna-radimar-495x400.webp' class='lightbox ' data-onclick='65' title=''  itemprop=\"thumbnailUrl\"  ><img decoding=\"async\" class=\"wp-image-1497 avia-img-lazy-loading-not-1497\"   src=\"https:\/\/sklepwnetrz.pl\/salonstargard\/wp-content\/uploads\/2023\/03\/Zaluzje-drewniane-na-rame-okienna-radimar-495x400.webp\" width=\"495\" height=\"400\"  title='\u017baluzje drewniane na ram\u0119 okienn\u0105 radimar' alt='' srcset=\"https:\/\/sklepwnetrz.pl\/salonstargard\/wp-content\/uploads\/2023\/03\/Zaluzje-drewniane-na-rame-okienna-radimar-495x400.webp 495w, https:\/\/sklepwnetrz.pl\/salonstargard\/wp-content\/uploads\/2023\/03\/Zaluzje-drewniane-na-rame-okienna-radimar-845x684.webp 845w\" sizes=\"(max-width: 495px) 100vw, 495px\" \/><\/a> <a href=\"https:\/\/sklepwnetrz.pl\/salonstargard\/wp-content\/uploads\/2023\/02\/top10-1030x687.webp\" data-srcset=\"https:\/\/sklepwnetrz.pl\/salonstargard\/wp-content\/uploads\/2023\/02\/top10-1030x687.webp 1030w, https:\/\/sklepwnetrz.pl\/salonstargard\/wp-content\/uploads\/2023\/02\/top10-300x200.webp 300w, https:\/\/sklepwnetrz.pl\/salonstargard\/wp-content\/uploads\/2023\/02\/top10-768x512.webp 768w, https:\/\/sklepwnetrz.pl\/salonstargard\/wp-content\/uploads\/2023\/02\/top10-705x470.webp 705w, https:\/\/sklepwnetrz.pl\/salonstargard\/wp-content\/uploads\/2023\/02\/top10.webp 1200w\" data-sizes=\"(max-width: 1030px) 100vw, 1030px\" data-rel='gallery-1' data-prev-img='https:\/\/sklepwnetrz.pl\/salonstargard\/wp-content\/uploads\/2023\/02\/top10-495x400.webp' class='first_thumb lightbox ' data-onclick='66' title=''  itemprop=\"thumbnailUrl\"  ><img decoding=\"async\" class=\"wp-image-1458 avia-img-lazy-loading-not-1458\"   src=\"https:\/\/sklepwnetrz.pl\/salonstargard\/wp-content\/uploads\/2023\/02\/top10-495x400.webp\" width=\"495\" height=\"400\"  title='top10' alt='' srcset=\"https:\/\/sklepwnetrz.pl\/salonstargard\/wp-content\/uploads\/2023\/02\/top10-495x400.webp 495w, https:\/\/sklepwnetrz.pl\/salonstargard\/wp-content\/uploads\/2023\/02\/top10-845x684.webp 845w\" sizes=\"(max-width: 495px) 100vw, 495px\" \/><\/a> <a href=\"https:\/\/sklepwnetrz.pl\/salonstargard\/wp-content\/uploads\/2022\/10\/batyst9-1030x1030.webp\" data-srcset=\"https:\/\/sklepwnetrz.pl\/salonstargard\/wp-content\/uploads\/2022\/10\/batyst9-1030x1030.webp 1030w, https:\/\/sklepwnetrz.pl\/salonstargard\/wp-content\/uploads\/2022\/10\/batyst9-300x300.webp 300w, https:\/\/sklepwnetrz.pl\/salonstargard\/wp-content\/uploads\/2022\/10\/batyst9-80x80.webp 80w, https:\/\/sklepwnetrz.pl\/salonstargard\/wp-content\/uploads\/2022\/10\/batyst9-768x768.webp 768w, https:\/\/sklepwnetrz.pl\/salonstargard\/wp-content\/uploads\/2022\/10\/batyst9-36x36.webp 36w, https:\/\/sklepwnetrz.pl\/salonstargard\/wp-content\/uploads\/2022\/10\/batyst9-180x180.webp 180w, https:\/\/sklepwnetrz.pl\/salonstargard\/wp-content\/uploads\/2022\/10\/batyst9-705x705.webp 705w, https:\/\/sklepwnetrz.pl\/salonstargard\/wp-content\/uploads\/2022\/10\/batyst9.webp 1200w\" data-sizes=\"(max-width: 1030px) 100vw, 1030px\" data-rel='gallery-1' data-prev-img='https:\/\/sklepwnetrz.pl\/salonstargard\/wp-content\/uploads\/2022\/10\/batyst9-495x400.webp' class='lightbox ' data-onclick='67' title=''  itemprop=\"thumbnailUrl\"  ><img decoding=\"async\" class=\"wp-image-1402 avia-img-lazy-loading-not-1402\"  data-avia-tooltip='RADIMAR Stargard ul. Czarnieckiego 2F &#8211; TEL: 797 952 761' src=\"https:\/\/sklepwnetrz.pl\/salonstargard\/wp-content\/uploads\/2022\/10\/batyst9-495x400.webp\" width=\"495\" height=\"400\"  title='batyst9' alt='' srcset=\"https:\/\/sklepwnetrz.pl\/salonstargard\/wp-content\/uploads\/2022\/10\/batyst9-495x400.webp 495w, https:\/\/sklepwnetrz.pl\/salonstargard\/wp-content\/uploads\/2022\/10\/batyst9-845x684.webp 845w\" sizes=\"(max-width: 495px) 100vw, 495px\" \/><\/a> <a href=\"https:\/\/sklepwnetrz.pl\/salonstargard\/wp-content\/uploads\/2022\/10\/batyst11pion-687x1030.webp\" data-srcset=\"https:\/\/sklepwnetrz.pl\/salonstargard\/wp-content\/uploads\/2022\/10\/batyst11pion-687x1030.webp 687w, https:\/\/sklepwnetrz.pl\/salonstargard\/wp-content\/uploads\/2022\/10\/batyst11pion-200x300.webp 200w, https:\/\/sklepwnetrz.pl\/salonstargard\/wp-content\/uploads\/2022\/10\/batyst11pion-768x1152.webp 768w, https:\/\/sklepwnetrz.pl\/salonstargard\/wp-content\/uploads\/2022\/10\/batyst11pion-470x705.webp 470w, https:\/\/sklepwnetrz.pl\/salonstargard\/wp-content\/uploads\/2022\/10\/batyst11pion.webp 800w\" data-sizes=\"(max-width: 687px) 100vw, 687px\" data-rel='gallery-1' data-prev-img='https:\/\/sklepwnetrz.pl\/salonstargard\/wp-content\/uploads\/2022\/10\/batyst11pion-495x400.webp' class='lightbox ' data-onclick='68' title=''  itemprop=\"thumbnailUrl\"  ><img decoding=\"async\" class=\"wp-image-1404 avia-img-lazy-loading-not-1404\"  data-avia-tooltip='RADIMAR Stargard ul. Czarnieckiego 2F &#8211; TEL: 797 952 761' src=\"https:\/\/sklepwnetrz.pl\/salonstargard\/wp-content\/uploads\/2022\/10\/batyst11pion-495x400.webp\" width=\"495\" height=\"400\"  title='batyst11pion' alt='' \/><\/a> <a href=\"https:\/\/sklepwnetrz.pl\/salonstargard\/wp-content\/uploads\/2022\/10\/batyst12-1030x687.webp\" data-srcset=\"https:\/\/sklepwnetrz.pl\/salonstargard\/wp-content\/uploads\/2022\/10\/batyst12-1030x687.webp 1030w, https:\/\/sklepwnetrz.pl\/salonstargard\/wp-content\/uploads\/2022\/10\/batyst12-300x200.webp 300w, https:\/\/sklepwnetrz.pl\/salonstargard\/wp-content\/uploads\/2022\/10\/batyst12-768x512.webp 768w, https:\/\/sklepwnetrz.pl\/salonstargard\/wp-content\/uploads\/2022\/10\/batyst12-705x470.webp 705w, https:\/\/sklepwnetrz.pl\/salonstargard\/wp-content\/uploads\/2022\/10\/batyst12.webp 1200w\" data-sizes=\"(max-width: 1030px) 100vw, 1030px\" data-rel='gallery-1' data-prev-img='https:\/\/sklepwnetrz.pl\/salonstargard\/wp-content\/uploads\/2022\/10\/batyst12-495x400.webp' class='lightbox ' data-onclick='69' title=''  itemprop=\"thumbnailUrl\"  ><img decoding=\"async\" class=\"wp-image-1405 avia-img-lazy-loading-not-1405\"  data-avia-tooltip='RADIMAR Stargard ul. Czarnieckiego 2F &#8211; TEL: 797 952 761' src=\"https:\/\/sklepwnetrz.pl\/salonstargard\/wp-content\/uploads\/2022\/10\/batyst12-495x400.webp\" width=\"495\" height=\"400\"  title='batyst12' alt='' srcset=\"https:\/\/sklepwnetrz.pl\/salonstargard\/wp-content\/uploads\/2022\/10\/batyst12-495x400.webp 495w, https:\/\/sklepwnetrz.pl\/salonstargard\/wp-content\/uploads\/2022\/10\/batyst12-845x684.webp 845w\" sizes=\"(max-width: 495px) 100vw, 495px\" \/><\/a> <a href=\"https:\/\/sklepwnetrz.pl\/salonstargard\/wp-content\/uploads\/2022\/10\/batyst13-1030x687.webp\" data-srcset=\"https:\/\/sklepwnetrz.pl\/salonstargard\/wp-content\/uploads\/2022\/10\/batyst13-1030x687.webp 1030w, https:\/\/sklepwnetrz.pl\/salonstargard\/wp-content\/uploads\/2022\/10\/batyst13-300x200.webp 300w, https:\/\/sklepwnetrz.pl\/salonstargard\/wp-content\/uploads\/2022\/10\/batyst13-768x512.webp 768w, https:\/\/sklepwnetrz.pl\/salonstargard\/wp-content\/uploads\/2022\/10\/batyst13-705x470.webp 705w, https:\/\/sklepwnetrz.pl\/salonstargard\/wp-content\/uploads\/2022\/10\/batyst13.webp 1200w\" data-sizes=\"(max-width: 1030px) 100vw, 1030px\" data-rel='gallery-1' data-prev-img='https:\/\/sklepwnetrz.pl\/salonstargard\/wp-content\/uploads\/2022\/10\/batyst13-495x400.webp' class='lightbox ' data-onclick='70' title=''  itemprop=\"thumbnailUrl\"  ><img decoding=\"async\" class=\"wp-image-1406 avia-img-lazy-loading-not-1406\"  data-avia-tooltip='RADIMAR Stargard ul. Czarnieckiego 2F &#8211; TEL: 797 952 761' src=\"https:\/\/sklepwnetrz.pl\/salonstargard\/wp-content\/uploads\/2022\/10\/batyst13-495x400.webp\" width=\"495\" height=\"400\"  title='batyst13' alt='' srcset=\"https:\/\/sklepwnetrz.pl\/salonstargard\/wp-content\/uploads\/2022\/10\/batyst13-495x400.webp 495w, https:\/\/sklepwnetrz.pl\/salonstargard\/wp-content\/uploads\/2022\/10\/batyst13-845x684.webp 845w\" sizes=\"(max-width: 495px) 100vw, 495px\" \/><\/a> <a href=\"https:\/\/sklepwnetrz.pl\/salonstargard\/wp-content\/uploads\/2022\/10\/batyst14-687x1030.webp\" data-srcset=\"https:\/\/sklepwnetrz.pl\/salonstargard\/wp-content\/uploads\/2022\/10\/batyst14-687x1030.webp 687w, https:\/\/sklepwnetrz.pl\/salonstargard\/wp-content\/uploads\/2022\/10\/batyst14-200x300.webp 200w, https:\/\/sklepwnetrz.pl\/salonstargard\/wp-content\/uploads\/2022\/10\/batyst14-768x1152.webp 768w, https:\/\/sklepwnetrz.pl\/salonstargard\/wp-content\/uploads\/2022\/10\/batyst14-470x705.webp 470w, https:\/\/sklepwnetrz.pl\/salonstargard\/wp-content\/uploads\/2022\/10\/batyst14.webp 800w\" data-sizes=\"(max-width: 687px) 100vw, 687px\" data-rel='gallery-1' data-prev-img='https:\/\/sklepwnetrz.pl\/salonstargard\/wp-content\/uploads\/2022\/10\/batyst14-495x400.webp' class='first_thumb lightbox ' data-onclick='71' title=''  itemprop=\"thumbnailUrl\"  ><img decoding=\"async\" class=\"wp-image-1407 avia-img-lazy-loading-not-1407\"  data-avia-tooltip='RADIMAR Stargard ul. Czarnieckiego 2F &#8211; TEL: 797 952 761' src=\"https:\/\/sklepwnetrz.pl\/salonstargard\/wp-content\/uploads\/2022\/10\/batyst14-495x400.webp\" width=\"495\" height=\"400\"  title='batyst14' alt='' \/><\/a> <a href=\"https:\/\/sklepwnetrz.pl\/salonstargard\/wp-content\/uploads\/2022\/10\/batyst15-1030x1030.webp\" data-srcset=\"https:\/\/sklepwnetrz.pl\/salonstargard\/wp-content\/uploads\/2022\/10\/batyst15-1030x1030.webp 1030w, https:\/\/sklepwnetrz.pl\/salonstargard\/wp-content\/uploads\/2022\/10\/batyst15-300x300.webp 300w, https:\/\/sklepwnetrz.pl\/salonstargard\/wp-content\/uploads\/2022\/10\/batyst15-80x80.webp 80w, https:\/\/sklepwnetrz.pl\/salonstargard\/wp-content\/uploads\/2022\/10\/batyst15-768x768.webp 768w, https:\/\/sklepwnetrz.pl\/salonstargard\/wp-content\/uploads\/2022\/10\/batyst15-36x36.webp 36w, https:\/\/sklepwnetrz.pl\/salonstargard\/wp-content\/uploads\/2022\/10\/batyst15-180x180.webp 180w, https:\/\/sklepwnetrz.pl\/salonstargard\/wp-content\/uploads\/2022\/10\/batyst15-705x705.webp 705w, https:\/\/sklepwnetrz.pl\/salonstargard\/wp-content\/uploads\/2022\/10\/batyst15.webp 1200w\" data-sizes=\"(max-width: 1030px) 100vw, 1030px\" data-rel='gallery-1' data-prev-img='https:\/\/sklepwnetrz.pl\/salonstargard\/wp-content\/uploads\/2022\/10\/batyst15-495x400.webp' class='lightbox ' data-onclick='72' title=''  itemprop=\"thumbnailUrl\"  ><img decoding=\"async\" class=\"wp-image-1408 avia-img-lazy-loading-not-1408\"  data-avia-tooltip='RADIMAR Stargard ul. Czarnieckiego 2F &#8211; TEL: 797 952 761' src=\"https:\/\/sklepwnetrz.pl\/salonstargard\/wp-content\/uploads\/2022\/10\/batyst15-495x400.webp\" width=\"495\" height=\"400\"  title='batyst15' alt='' srcset=\"https:\/\/sklepwnetrz.pl\/salonstargard\/wp-content\/uploads\/2022\/10\/batyst15-495x400.webp 495w, https:\/\/sklepwnetrz.pl\/salonstargard\/wp-content\/uploads\/2022\/10\/batyst15-845x684.webp 845w\" sizes=\"(max-width: 495px) 100vw, 495px\" \/><\/a> <a href=\"https:\/\/sklepwnetrz.pl\/salonstargard\/wp-content\/uploads\/2022\/10\/batyst16-1030x1030.webp\" data-srcset=\"https:\/\/sklepwnetrz.pl\/salonstargard\/wp-content\/uploads\/2022\/10\/batyst16-1030x1030.webp 1030w, https:\/\/sklepwnetrz.pl\/salonstargard\/wp-content\/uploads\/2022\/10\/batyst16-300x300.webp 300w, https:\/\/sklepwnetrz.pl\/salonstargard\/wp-content\/uploads\/2022\/10\/batyst16-80x80.webp 80w, https:\/\/sklepwnetrz.pl\/salonstargard\/wp-content\/uploads\/2022\/10\/batyst16-768x768.webp 768w, https:\/\/sklepwnetrz.pl\/salonstargard\/wp-content\/uploads\/2022\/10\/batyst16-36x36.webp 36w, https:\/\/sklepwnetrz.pl\/salonstargard\/wp-content\/uploads\/2022\/10\/batyst16-180x180.webp 180w, https:\/\/sklepwnetrz.pl\/salonstargard\/wp-content\/uploads\/2022\/10\/batyst16-705x705.webp 705w, https:\/\/sklepwnetrz.pl\/salonstargard\/wp-content\/uploads\/2022\/10\/batyst16.webp 1200w\" data-sizes=\"(max-width: 1030px) 100vw, 1030px\" data-rel='gallery-1' data-prev-img='https:\/\/sklepwnetrz.pl\/salonstargard\/wp-content\/uploads\/2022\/10\/batyst16-495x400.webp' class='lightbox ' data-onclick='73' title=''  itemprop=\"thumbnailUrl\"  ><img decoding=\"async\" class=\"wp-image-1409 avia-img-lazy-loading-not-1409\"  data-avia-tooltip='RADIMAR Stargard ul. Czarnieckiego 2F &#8211; TEL: 797 952 761' src=\"https:\/\/sklepwnetrz.pl\/salonstargard\/wp-content\/uploads\/2022\/10\/batyst16-495x400.webp\" width=\"495\" height=\"400\"  title='batyst16' alt='' srcset=\"https:\/\/sklepwnetrz.pl\/salonstargard\/wp-content\/uploads\/2022\/10\/batyst16-495x400.webp 495w, https:\/\/sklepwnetrz.pl\/salonstargard\/wp-content\/uploads\/2022\/10\/batyst16-845x684.webp 845w\" sizes=\"(max-width: 495px) 100vw, 495px\" \/><\/a> <a href=\"https:\/\/sklepwnetrz.pl\/salonstargard\/wp-content\/uploads\/2022\/10\/batyst17-1030x1030.webp\" data-srcset=\"https:\/\/sklepwnetrz.pl\/salonstargard\/wp-content\/uploads\/2022\/10\/batyst17-1030x1030.webp 1030w, https:\/\/sklepwnetrz.pl\/salonstargard\/wp-content\/uploads\/2022\/10\/batyst17-300x300.webp 300w, https:\/\/sklepwnetrz.pl\/salonstargard\/wp-content\/uploads\/2022\/10\/batyst17-80x80.webp 80w, https:\/\/sklepwnetrz.pl\/salonstargard\/wp-content\/uploads\/2022\/10\/batyst17-768x768.webp 768w, https:\/\/sklepwnetrz.pl\/salonstargard\/wp-content\/uploads\/2022\/10\/batyst17-36x36.webp 36w, https:\/\/sklepwnetrz.pl\/salonstargard\/wp-content\/uploads\/2022\/10\/batyst17-180x180.webp 180w, https:\/\/sklepwnetrz.pl\/salonstargard\/wp-content\/uploads\/2022\/10\/batyst17-705x705.webp 705w, https:\/\/sklepwnetrz.pl\/salonstargard\/wp-content\/uploads\/2022\/10\/batyst17.webp 1200w\" data-sizes=\"(max-width: 1030px) 100vw, 1030px\" data-rel='gallery-1' data-prev-img='https:\/\/sklepwnetrz.pl\/salonstargard\/wp-content\/uploads\/2022\/10\/batyst17-495x400.webp' class='lightbox ' data-onclick='74' title=''  itemprop=\"thumbnailUrl\"  ><img decoding=\"async\" class=\"wp-image-1410 avia-img-lazy-loading-not-1410\"  data-avia-tooltip='RADIMAR Stargard ul. Czarnieckiego 2F &#8211; TEL: 797 952 761' src=\"https:\/\/sklepwnetrz.pl\/salonstargard\/wp-content\/uploads\/2022\/10\/batyst17-495x400.webp\" width=\"495\" height=\"400\"  title='batyst17' alt='' srcset=\"https:\/\/sklepwnetrz.pl\/salonstargard\/wp-content\/uploads\/2022\/10\/batyst17-495x400.webp 495w, https:\/\/sklepwnetrz.pl\/salonstargard\/wp-content\/uploads\/2022\/10\/batyst17-845x684.webp 845w\" sizes=\"(max-width: 495px) 100vw, 495px\" \/><\/a> <a href=\"https:\/\/sklepwnetrz.pl\/salonstargard\/wp-content\/uploads\/2022\/10\/realizacja-2-1030x1030.webp\" data-srcset=\"https:\/\/sklepwnetrz.pl\/salonstargard\/wp-content\/uploads\/2022\/10\/realizacja-2-1030x1030.webp 1030w, https:\/\/sklepwnetrz.pl\/salonstargard\/wp-content\/uploads\/2022\/10\/realizacja-2-300x300.webp 300w, https:\/\/sklepwnetrz.pl\/salonstargard\/wp-content\/uploads\/2022\/10\/realizacja-2-80x80.webp 80w, https:\/\/sklepwnetrz.pl\/salonstargard\/wp-content\/uploads\/2022\/10\/realizacja-2-768x768.webp 768w, https:\/\/sklepwnetrz.pl\/salonstargard\/wp-content\/uploads\/2022\/10\/realizacja-2-36x36.webp 36w, https:\/\/sklepwnetrz.pl\/salonstargard\/wp-content\/uploads\/2022\/10\/realizacja-2-180x180.webp 180w, https:\/\/sklepwnetrz.pl\/salonstargard\/wp-content\/uploads\/2022\/10\/realizacja-2-705x705.webp 705w, https:\/\/sklepwnetrz.pl\/salonstargard\/wp-content\/uploads\/2022\/10\/realizacja-2.webp 1200w\" data-sizes=\"(max-width: 1030px) 100vw, 1030px\" data-rel='gallery-1' data-prev-img='https:\/\/sklepwnetrz.pl\/salonstargard\/wp-content\/uploads\/2022\/10\/realizacja-2-495x400.webp' class='lightbox ' data-onclick='75' title=''  itemprop=\"thumbnailUrl\"  ><img decoding=\"async\" class=\"wp-image-1363 avia-img-lazy-loading-not-1363\"  data-avia-tooltip='RADIMAR Stargard ul. Czarnieckiego 2F &#8211; TEL: 797 952 761' src=\"https:\/\/sklepwnetrz.pl\/salonstargard\/wp-content\/uploads\/2022\/10\/realizacja-2-495x400.webp\" width=\"495\" height=\"400\"  title='realizacja 2' alt='' srcset=\"https:\/\/sklepwnetrz.pl\/salonstargard\/wp-content\/uploads\/2022\/10\/realizacja-2-495x400.webp 495w, https:\/\/sklepwnetrz.pl\/salonstargard\/wp-content\/uploads\/2022\/10\/realizacja-2-845x684.webp 845w\" sizes=\"(max-width: 495px) 100vw, 495px\" \/><\/a> <a href=\"https:\/\/sklepwnetrz.pl\/salonstargard\/wp-content\/uploads\/2023\/01\/zaslony-radimar5-824x1030.webp\" data-srcset=\"https:\/\/sklepwnetrz.pl\/salonstargard\/wp-content\/uploads\/2023\/01\/zaslony-radimar5-824x1030.webp 824w, https:\/\/sklepwnetrz.pl\/salonstargard\/wp-content\/uploads\/2023\/01\/zaslony-radimar5-240x300.webp 240w, https:\/\/sklepwnetrz.pl\/salonstargard\/wp-content\/uploads\/2023\/01\/zaslony-radimar5-768x960.webp 768w, https:\/\/sklepwnetrz.pl\/salonstargard\/wp-content\/uploads\/2023\/01\/zaslony-radimar5-564x705.webp 564w, https:\/\/sklepwnetrz.pl\/salonstargard\/wp-content\/uploads\/2023\/01\/zaslony-radimar5.webp 1080w\" data-sizes=\"(max-width: 824px) 100vw, 824px\" data-rel='gallery-1' data-prev-img='https:\/\/sklepwnetrz.pl\/salonstargard\/wp-content\/uploads\/2023\/01\/zaslony-radimar5-495x400.webp' class='first_thumb lightbox ' data-onclick='76' title=''  itemprop=\"thumbnailUrl\"  ><img decoding=\"async\" class=\"wp-image-1443 avia-img-lazy-loading-not-1443\"   src=\"https:\/\/sklepwnetrz.pl\/salonstargard\/wp-content\/uploads\/2023\/01\/zaslony-radimar5-495x400.webp\" width=\"495\" height=\"400\"  title='zas\u0142ony radimar5' alt='' srcset=\"https:\/\/sklepwnetrz.pl\/salonstargard\/wp-content\/uploads\/2023\/01\/zaslony-radimar5-495x400.webp 495w, https:\/\/sklepwnetrz.pl\/salonstargard\/wp-content\/uploads\/2023\/01\/zaslony-radimar5-845x684.webp 845w\" sizes=\"(max-width: 495px) 100vw, 495px\" \/><\/a> <a href=\"https:\/\/sklepwnetrz.pl\/salonstargard\/wp-content\/uploads\/2023\/01\/zaslony-radimar4-824x1030.webp\" data-srcset=\"https:\/\/sklepwnetrz.pl\/salonstargard\/wp-content\/uploads\/2023\/01\/zaslony-radimar4-824x1030.webp 824w, https:\/\/sklepwnetrz.pl\/salonstargard\/wp-content\/uploads\/2023\/01\/zaslony-radimar4-240x300.webp 240w, https:\/\/sklepwnetrz.pl\/salonstargard\/wp-content\/uploads\/2023\/01\/zaslony-radimar4-768x960.webp 768w, https:\/\/sklepwnetrz.pl\/salonstargard\/wp-content\/uploads\/2023\/01\/zaslony-radimar4-564x705.webp 564w, https:\/\/sklepwnetrz.pl\/salonstargard\/wp-content\/uploads\/2023\/01\/zaslony-radimar4.webp 1080w\" data-sizes=\"(max-width: 824px) 100vw, 824px\" data-rel='gallery-1' data-prev-img='https:\/\/sklepwnetrz.pl\/salonstargard\/wp-content\/uploads\/2023\/01\/zaslony-radimar4-495x400.webp' class='lightbox ' data-onclick='77' title=''  itemprop=\"thumbnailUrl\"  ><img decoding=\"async\" class=\"wp-image-1442 avia-img-lazy-loading-not-1442\"   src=\"https:\/\/sklepwnetrz.pl\/salonstargard\/wp-content\/uploads\/2023\/01\/zaslony-radimar4-495x400.webp\" width=\"495\" height=\"400\"  title='zas\u0142ony radimar4' alt='' srcset=\"https:\/\/sklepwnetrz.pl\/salonstargard\/wp-content\/uploads\/2023\/01\/zaslony-radimar4-495x400.webp 495w, https:\/\/sklepwnetrz.pl\/salonstargard\/wp-content\/uploads\/2023\/01\/zaslony-radimar4-845x684.webp 845w\" sizes=\"(max-width: 495px) 100vw, 495px\" \/><\/a> <a href=\"https:\/\/sklepwnetrz.pl\/salonstargard\/wp-content\/uploads\/2023\/01\/zaslony-radimar-824x1030.webp\" data-srcset=\"https:\/\/sklepwnetrz.pl\/salonstargard\/wp-content\/uploads\/2023\/01\/zaslony-radimar-824x1030.webp 824w, https:\/\/sklepwnetrz.pl\/salonstargard\/wp-content\/uploads\/2023\/01\/zaslony-radimar-240x300.webp 240w, https:\/\/sklepwnetrz.pl\/salonstargard\/wp-content\/uploads\/2023\/01\/zaslony-radimar-768x960.webp 768w, https:\/\/sklepwnetrz.pl\/salonstargard\/wp-content\/uploads\/2023\/01\/zaslony-radimar-564x705.webp 564w, https:\/\/sklepwnetrz.pl\/salonstargard\/wp-content\/uploads\/2023\/01\/zaslony-radimar.webp 1080w\" data-sizes=\"(max-width: 824px) 100vw, 824px\" data-rel='gallery-1' data-prev-img='https:\/\/sklepwnetrz.pl\/salonstargard\/wp-content\/uploads\/2023\/01\/zaslony-radimar-495x400.webp' class='lightbox ' data-onclick='78' title=''  itemprop=\"thumbnailUrl\"  ><img decoding=\"async\" class=\"wp-image-1439 avia-img-lazy-loading-not-1439\"   src=\"https:\/\/sklepwnetrz.pl\/salonstargard\/wp-content\/uploads\/2023\/01\/zaslony-radimar-495x400.webp\" width=\"495\" height=\"400\"  title='zas\u0142ony radimar' alt='' srcset=\"https:\/\/sklepwnetrz.pl\/salonstargard\/wp-content\/uploads\/2023\/01\/zaslony-radimar-495x400.webp 495w, https:\/\/sklepwnetrz.pl\/salonstargard\/wp-content\/uploads\/2023\/01\/zaslony-radimar-845x684.webp 845w\" sizes=\"(max-width: 495px) 100vw, 495px\" \/><\/a> <a href=\"https:\/\/sklepwnetrz.pl\/salonstargard\/wp-content\/uploads\/2023\/01\/zaslony-firany-radimar-824x1030.webp\" data-srcset=\"https:\/\/sklepwnetrz.pl\/salonstargard\/wp-content\/uploads\/2023\/01\/zaslony-firany-radimar-824x1030.webp 824w, https:\/\/sklepwnetrz.pl\/salonstargard\/wp-content\/uploads\/2023\/01\/zaslony-firany-radimar-240x300.webp 240w, https:\/\/sklepwnetrz.pl\/salonstargard\/wp-content\/uploads\/2023\/01\/zaslony-firany-radimar-768x960.webp 768w, https:\/\/sklepwnetrz.pl\/salonstargard\/wp-content\/uploads\/2023\/01\/zaslony-firany-radimar-564x705.webp 564w, https:\/\/sklepwnetrz.pl\/salonstargard\/wp-content\/uploads\/2023\/01\/zaslony-firany-radimar.webp 1080w\" data-sizes=\"(max-width: 824px) 100vw, 824px\" data-rel='gallery-1' data-prev-img='https:\/\/sklepwnetrz.pl\/salonstargard\/wp-content\/uploads\/2023\/01\/zaslony-firany-radimar-495x400.webp' class='lightbox ' data-onclick='79' title=''  itemprop=\"thumbnailUrl\"  ><img decoding=\"async\" class=\"wp-image-1438 avia-img-lazy-loading-not-1438\"   src=\"https:\/\/sklepwnetrz.pl\/salonstargard\/wp-content\/uploads\/2023\/01\/zaslony-firany-radimar-495x400.webp\" width=\"495\" height=\"400\"  title='zas\u0142ony firany radimar' alt='' srcset=\"https:\/\/sklepwnetrz.pl\/salonstargard\/wp-content\/uploads\/2023\/01\/zaslony-firany-radimar-495x400.webp 495w, https:\/\/sklepwnetrz.pl\/salonstargard\/wp-content\/uploads\/2023\/01\/zaslony-firany-radimar-845x684.webp 845w\" sizes=\"(max-width: 495px) 100vw, 495px\" \/><\/a> <a href=\"https:\/\/sklepwnetrz.pl\/salonstargard\/wp-content\/uploads\/2023\/02\/TOP-INSTA-POST-824x1030.webp\" data-srcset=\"https:\/\/sklepwnetrz.pl\/salonstargard\/wp-content\/uploads\/2023\/02\/TOP-INSTA-POST-824x1030.webp 824w, https:\/\/sklepwnetrz.pl\/salonstargard\/wp-content\/uploads\/2023\/02\/TOP-INSTA-POST-240x300.webp 240w, https:\/\/sklepwnetrz.pl\/salonstargard\/wp-content\/uploads\/2023\/02\/TOP-INSTA-POST-768x960.webp 768w, https:\/\/sklepwnetrz.pl\/salonstargard\/wp-content\/uploads\/2023\/02\/TOP-INSTA-POST-564x705.webp 564w, https:\/\/sklepwnetrz.pl\/salonstargard\/wp-content\/uploads\/2023\/02\/TOP-INSTA-POST.webp 1080w\" data-sizes=\"(max-width: 824px) 100vw, 824px\" data-rel='gallery-1' data-prev-img='https:\/\/sklepwnetrz.pl\/salonstargard\/wp-content\/uploads\/2023\/02\/TOP-INSTA-POST-495x400.webp' class='lightbox ' data-onclick='80' title=''  itemprop=\"thumbnailUrl\"  ><img decoding=\"async\" class=\"wp-image-1448 avia-img-lazy-loading-not-1448\"   src=\"https:\/\/sklepwnetrz.pl\/salonstargard\/wp-content\/uploads\/2023\/02\/TOP-INSTA-POST-495x400.webp\" width=\"495\" height=\"400\"  title='TOP INSTA POST' alt='' srcset=\"https:\/\/sklepwnetrz.pl\/salonstargard\/wp-content\/uploads\/2023\/02\/TOP-INSTA-POST-495x400.webp 495w, https:\/\/sklepwnetrz.pl\/salonstargard\/wp-content\/uploads\/2023\/02\/TOP-INSTA-POST-845x684.webp 845w\" sizes=\"(max-width: 495px) 100vw, 495px\" \/><\/a> <a href=\"https:\/\/sklepwnetrz.pl\/salonstargard\/wp-content\/uploads\/2023\/03\/zaluzje-drewniane-6-z-logo-1030x1030.webp\" data-srcset=\"https:\/\/sklepwnetrz.pl\/salonstargard\/wp-content\/uploads\/2023\/03\/zaluzje-drewniane-6-z-logo-1030x1030.webp 1030w, https:\/\/sklepwnetrz.pl\/salonstargard\/wp-content\/uploads\/2023\/03\/zaluzje-drewniane-6-z-logo-300x300.webp 300w, https:\/\/sklepwnetrz.pl\/salonstargard\/wp-content\/uploads\/2023\/03\/zaluzje-drewniane-6-z-logo-80x80.webp 80w, https:\/\/sklepwnetrz.pl\/salonstargard\/wp-content\/uploads\/2023\/03\/zaluzje-drewniane-6-z-logo-768x768.webp 768w, https:\/\/sklepwnetrz.pl\/salonstargard\/wp-content\/uploads\/2023\/03\/zaluzje-drewniane-6-z-logo-36x36.webp 36w, https:\/\/sklepwnetrz.pl\/salonstargard\/wp-content\/uploads\/2023\/03\/zaluzje-drewniane-6-z-logo-180x180.webp 180w, https:\/\/sklepwnetrz.pl\/salonstargard\/wp-content\/uploads\/2023\/03\/zaluzje-drewniane-6-z-logo-705x705.webp 705w, https:\/\/sklepwnetrz.pl\/salonstargard\/wp-content\/uploads\/2023\/03\/zaluzje-drewniane-6-z-logo.webp 1200w\" data-sizes=\"(max-width: 1030px) 100vw, 1030px\" data-rel='gallery-1' data-prev-img='https:\/\/sklepwnetrz.pl\/salonstargard\/wp-content\/uploads\/2023\/03\/zaluzje-drewniane-6-z-logo-495x400.webp' class='first_thumb lightbox ' data-onclick='81' title=''  itemprop=\"thumbnailUrl\"  ><img decoding=\"async\" class=\"wp-image-1484 avia-img-lazy-loading-not-1484\"   src=\"https:\/\/sklepwnetrz.pl\/salonstargard\/wp-content\/uploads\/2023\/03\/zaluzje-drewniane-6-z-logo-495x400.webp\" width=\"495\" height=\"400\"  title='\u017caluzje drewniane 6 z logo' alt='' srcset=\"https:\/\/sklepwnetrz.pl\/salonstargard\/wp-content\/uploads\/2023\/03\/zaluzje-drewniane-6-z-logo-495x400.webp 495w, https:\/\/sklepwnetrz.pl\/salonstargard\/wp-content\/uploads\/2023\/03\/zaluzje-drewniane-6-z-logo-845x684.webp 845w\" sizes=\"(max-width: 495px) 100vw, 495px\" \/><\/a> <a href=\"https:\/\/sklepwnetrz.pl\/salonstargard\/wp-content\/uploads\/2023\/03\/zaluzje-drewniane-9-radimar-szczecin-stargard-1030x1030.webp\" data-srcset=\"https:\/\/sklepwnetrz.pl\/salonstargard\/wp-content\/uploads\/2023\/03\/zaluzje-drewniane-9-radimar-szczecin-stargard-1030x1030.webp 1030w, https:\/\/sklepwnetrz.pl\/salonstargard\/wp-content\/uploads\/2023\/03\/zaluzje-drewniane-9-radimar-szczecin-stargard-300x300.webp 300w, https:\/\/sklepwnetrz.pl\/salonstargard\/wp-content\/uploads\/2023\/03\/zaluzje-drewniane-9-radimar-szczecin-stargard-80x80.webp 80w, https:\/\/sklepwnetrz.pl\/salonstargard\/wp-content\/uploads\/2023\/03\/zaluzje-drewniane-9-radimar-szczecin-stargard-768x768.webp 768w, https:\/\/sklepwnetrz.pl\/salonstargard\/wp-content\/uploads\/2023\/03\/zaluzje-drewniane-9-radimar-szczecin-stargard-36x36.webp 36w, https:\/\/sklepwnetrz.pl\/salonstargard\/wp-content\/uploads\/2023\/03\/zaluzje-drewniane-9-radimar-szczecin-stargard-180x180.webp 180w, https:\/\/sklepwnetrz.pl\/salonstargard\/wp-content\/uploads\/2023\/03\/zaluzje-drewniane-9-radimar-szczecin-stargard-705x705.webp 705w, https:\/\/sklepwnetrz.pl\/salonstargard\/wp-content\/uploads\/2023\/03\/zaluzje-drewniane-9-radimar-szczecin-stargard.webp 1200w\" data-sizes=\"(max-width: 1030px) 100vw, 1030px\" data-rel='gallery-1' data-prev-img='https:\/\/sklepwnetrz.pl\/salonstargard\/wp-content\/uploads\/2023\/03\/zaluzje-drewniane-9-radimar-szczecin-stargard-495x400.webp' class='lightbox ' data-onclick='82' title=''  itemprop=\"thumbnailUrl\"  ><img decoding=\"async\" class=\"wp-image-1487 avia-img-lazy-loading-not-1487\"   src=\"https:\/\/sklepwnetrz.pl\/salonstargard\/wp-content\/uploads\/2023\/03\/zaluzje-drewniane-9-radimar-szczecin-stargard-495x400.webp\" width=\"495\" height=\"400\"  title='\u017caluzje drewniane 9 radimar szczecin stargard' alt='' srcset=\"https:\/\/sklepwnetrz.pl\/salonstargard\/wp-content\/uploads\/2023\/03\/zaluzje-drewniane-9-radimar-szczecin-stargard-495x400.webp 495w, https:\/\/sklepwnetrz.pl\/salonstargard\/wp-content\/uploads\/2023\/03\/zaluzje-drewniane-9-radimar-szczecin-stargard-845x684.webp 845w\" sizes=\"(max-width: 495px) 100vw, 495px\" \/><\/a> <a href=\"https:\/\/sklepwnetrz.pl\/salonstargard\/wp-content\/uploads\/2023\/03\/zaluzje-drewniane-bambusowe-do-lazienki-radimar-a-1030x1030.webp\" data-srcset=\"https:\/\/sklepwnetrz.pl\/salonstargard\/wp-content\/uploads\/2023\/03\/zaluzje-drewniane-bambusowe-do-lazienki-radimar-a-1030x1030.webp 1030w, https:\/\/sklepwnetrz.pl\/salonstargard\/wp-content\/uploads\/2023\/03\/zaluzje-drewniane-bambusowe-do-lazienki-radimar-a-300x300.webp 300w, https:\/\/sklepwnetrz.pl\/salonstargard\/wp-content\/uploads\/2023\/03\/zaluzje-drewniane-bambusowe-do-lazienki-radimar-a-80x80.webp 80w, https:\/\/sklepwnetrz.pl\/salonstargard\/wp-content\/uploads\/2023\/03\/zaluzje-drewniane-bambusowe-do-lazienki-radimar-a-768x768.webp 768w, https:\/\/sklepwnetrz.pl\/salonstargard\/wp-content\/uploads\/2023\/03\/zaluzje-drewniane-bambusowe-do-lazienki-radimar-a-36x36.webp 36w, https:\/\/sklepwnetrz.pl\/salonstargard\/wp-content\/uploads\/2023\/03\/zaluzje-drewniane-bambusowe-do-lazienki-radimar-a-180x180.webp 180w, https:\/\/sklepwnetrz.pl\/salonstargard\/wp-content\/uploads\/2023\/03\/zaluzje-drewniane-bambusowe-do-lazienki-radimar-a-705x705.webp 705w, https:\/\/sklepwnetrz.pl\/salonstargard\/wp-content\/uploads\/2023\/03\/zaluzje-drewniane-bambusowe-do-lazienki-radimar-a.webp 1200w\" data-sizes=\"(max-width: 1030px) 100vw, 1030px\" data-rel='gallery-1' data-prev-img='https:\/\/sklepwnetrz.pl\/salonstargard\/wp-content\/uploads\/2023\/03\/zaluzje-drewniane-bambusowe-do-lazienki-radimar-a-495x400.webp' class='lightbox ' data-onclick='83' title=''  itemprop=\"thumbnailUrl\"  ><img decoding=\"async\" class=\"wp-image-1488 avia-img-lazy-loading-not-1488\"   src=\"https:\/\/sklepwnetrz.pl\/salonstargard\/wp-content\/uploads\/2023\/03\/zaluzje-drewniane-bambusowe-do-lazienki-radimar-a-495x400.webp\" width=\"495\" height=\"400\"  title='\u017caluzje drewniane bambusowe do \u0142azienki radimar a' alt='' srcset=\"https:\/\/sklepwnetrz.pl\/salonstargard\/wp-content\/uploads\/2023\/03\/zaluzje-drewniane-bambusowe-do-lazienki-radimar-a-495x400.webp 495w, https:\/\/sklepwnetrz.pl\/salonstargard\/wp-content\/uploads\/2023\/03\/zaluzje-drewniane-bambusowe-do-lazienki-radimar-a-845x684.webp 845w\" sizes=\"(max-width: 495px) 100vw, 495px\" \/><\/a> <a href=\"https:\/\/sklepwnetrz.pl\/salonstargard\/wp-content\/uploads\/2023\/03\/zaluzje-drewniane-bambusowe-Radimar-2-logo-1030x1030.webp\" data-srcset=\"https:\/\/sklepwnetrz.pl\/salonstargard\/wp-content\/uploads\/2023\/03\/zaluzje-drewniane-bambusowe-Radimar-2-logo-1030x1030.webp 1030w, https:\/\/sklepwnetrz.pl\/salonstargard\/wp-content\/uploads\/2023\/03\/zaluzje-drewniane-bambusowe-Radimar-2-logo-300x300.webp 300w, https:\/\/sklepwnetrz.pl\/salonstargard\/wp-content\/uploads\/2023\/03\/zaluzje-drewniane-bambusowe-Radimar-2-logo-80x80.webp 80w, https:\/\/sklepwnetrz.pl\/salonstargard\/wp-content\/uploads\/2023\/03\/zaluzje-drewniane-bambusowe-Radimar-2-logo-768x768.webp 768w, https:\/\/sklepwnetrz.pl\/salonstargard\/wp-content\/uploads\/2023\/03\/zaluzje-drewniane-bambusowe-Radimar-2-logo-36x36.webp 36w, https:\/\/sklepwnetrz.pl\/salonstargard\/wp-content\/uploads\/2023\/03\/zaluzje-drewniane-bambusowe-Radimar-2-logo-180x180.webp 180w, https:\/\/sklepwnetrz.pl\/salonstargard\/wp-content\/uploads\/2023\/03\/zaluzje-drewniane-bambusowe-Radimar-2-logo-705x705.webp 705w, https:\/\/sklepwnetrz.pl\/salonstargard\/wp-content\/uploads\/2023\/03\/zaluzje-drewniane-bambusowe-Radimar-2-logo.webp 1080w\" data-sizes=\"(max-width: 1030px) 100vw, 1030px\" data-rel='gallery-1' data-prev-img='https:\/\/sklepwnetrz.pl\/salonstargard\/wp-content\/uploads\/2023\/03\/zaluzje-drewniane-bambusowe-Radimar-2-logo-495x400.webp' class='lightbox ' data-onclick='84' title=''  itemprop=\"thumbnailUrl\"  ><img decoding=\"async\" class=\"wp-image-1489 avia-img-lazy-loading-not-1489\"   src=\"https:\/\/sklepwnetrz.pl\/salonstargard\/wp-content\/uploads\/2023\/03\/zaluzje-drewniane-bambusowe-Radimar-2-logo-495x400.webp\" width=\"495\" height=\"400\"  title='\u017caluzje drewniane bambusowe Radimar 2 logo' alt='' srcset=\"https:\/\/sklepwnetrz.pl\/salonstargard\/wp-content\/uploads\/2023\/03\/zaluzje-drewniane-bambusowe-Radimar-2-logo-495x400.webp 495w, https:\/\/sklepwnetrz.pl\/salonstargard\/wp-content\/uploads\/2023\/03\/zaluzje-drewniane-bambusowe-Radimar-2-logo-845x684.webp 845w\" sizes=\"(max-width: 495px) 100vw, 495px\" \/><\/a> <a href=\"https:\/\/sklepwnetrz.pl\/salonstargard\/wp-content\/uploads\/2023\/03\/zaluzje-drewniane-bambusowe-Radimar-4-logo-1030x1030.webp\" data-srcset=\"https:\/\/sklepwnetrz.pl\/salonstargard\/wp-content\/uploads\/2023\/03\/zaluzje-drewniane-bambusowe-Radimar-4-logo-1030x1030.webp 1030w, https:\/\/sklepwnetrz.pl\/salonstargard\/wp-content\/uploads\/2023\/03\/zaluzje-drewniane-bambusowe-Radimar-4-logo-300x300.webp 300w, https:\/\/sklepwnetrz.pl\/salonstargard\/wp-content\/uploads\/2023\/03\/zaluzje-drewniane-bambusowe-Radimar-4-logo-80x80.webp 80w, https:\/\/sklepwnetrz.pl\/salonstargard\/wp-content\/uploads\/2023\/03\/zaluzje-drewniane-bambusowe-Radimar-4-logo-768x768.webp 768w, https:\/\/sklepwnetrz.pl\/salonstargard\/wp-content\/uploads\/2023\/03\/zaluzje-drewniane-bambusowe-Radimar-4-logo-36x36.webp 36w, https:\/\/sklepwnetrz.pl\/salonstargard\/wp-content\/uploads\/2023\/03\/zaluzje-drewniane-bambusowe-Radimar-4-logo-180x180.webp 180w, https:\/\/sklepwnetrz.pl\/salonstargard\/wp-content\/uploads\/2023\/03\/zaluzje-drewniane-bambusowe-Radimar-4-logo-705x705.webp 705w, https:\/\/sklepwnetrz.pl\/salonstargard\/wp-content\/uploads\/2023\/03\/zaluzje-drewniane-bambusowe-Radimar-4-logo.webp 1200w\" data-sizes=\"(max-width: 1030px) 100vw, 1030px\" data-rel='gallery-1' data-prev-img='https:\/\/sklepwnetrz.pl\/salonstargard\/wp-content\/uploads\/2023\/03\/zaluzje-drewniane-bambusowe-Radimar-4-logo-495x400.webp' class='lightbox ' data-onclick='85' title=''  itemprop=\"thumbnailUrl\"  ><img decoding=\"async\" class=\"wp-image-1491 avia-img-lazy-loading-not-1491\"   src=\"https:\/\/sklepwnetrz.pl\/salonstargard\/wp-content\/uploads\/2023\/03\/zaluzje-drewniane-bambusowe-Radimar-4-logo-495x400.webp\" width=\"495\" height=\"400\"  title='\u017caluzje drewniane bambusowe Radimar 4 logo' alt='' srcset=\"https:\/\/sklepwnetrz.pl\/salonstargard\/wp-content\/uploads\/2023\/03\/zaluzje-drewniane-bambusowe-Radimar-4-logo-495x400.webp 495w, https:\/\/sklepwnetrz.pl\/salonstargard\/wp-content\/uploads\/2023\/03\/zaluzje-drewniane-bambusowe-Radimar-4-logo-845x684.webp 845w\" sizes=\"(max-width: 495px) 100vw, 495px\" \/><\/a> <a href=\"https:\/\/sklepwnetrz.pl\/salonstargard\/wp-content\/uploads\/2023\/03\/zaluzje-drewniane-bambusowe-Radimar-5-logo-1030x1030.webp\" data-srcset=\"https:\/\/sklepwnetrz.pl\/salonstargard\/wp-content\/uploads\/2023\/03\/zaluzje-drewniane-bambusowe-Radimar-5-logo-1030x1030.webp 1030w, https:\/\/sklepwnetrz.pl\/salonstargard\/wp-content\/uploads\/2023\/03\/zaluzje-drewniane-bambusowe-Radimar-5-logo-300x300.webp 300w, https:\/\/sklepwnetrz.pl\/salonstargard\/wp-content\/uploads\/2023\/03\/zaluzje-drewniane-bambusowe-Radimar-5-logo-80x80.webp 80w, https:\/\/sklepwnetrz.pl\/salonstargard\/wp-content\/uploads\/2023\/03\/zaluzje-drewniane-bambusowe-Radimar-5-logo-768x768.webp 768w, https:\/\/sklepwnetrz.pl\/salonstargard\/wp-content\/uploads\/2023\/03\/zaluzje-drewniane-bambusowe-Radimar-5-logo-36x36.webp 36w, https:\/\/sklepwnetrz.pl\/salonstargard\/wp-content\/uploads\/2023\/03\/zaluzje-drewniane-bambusowe-Radimar-5-logo-180x180.webp 180w, https:\/\/sklepwnetrz.pl\/salonstargard\/wp-content\/uploads\/2023\/03\/zaluzje-drewniane-bambusowe-Radimar-5-logo-705x705.webp 705w, https:\/\/sklepwnetrz.pl\/salonstargard\/wp-content\/uploads\/2023\/03\/zaluzje-drewniane-bambusowe-Radimar-5-logo.webp 1200w\" data-sizes=\"(max-width: 1030px) 100vw, 1030px\" data-rel='gallery-1' data-prev-img='https:\/\/sklepwnetrz.pl\/salonstargard\/wp-content\/uploads\/2023\/03\/zaluzje-drewniane-bambusowe-Radimar-5-logo-495x400.webp' class='first_thumb lightbox ' data-onclick='86' title=''  itemprop=\"thumbnailUrl\"  ><img decoding=\"async\" class=\"wp-image-1493 avia-img-lazy-loading-not-1493\"   src=\"https:\/\/sklepwnetrz.pl\/salonstargard\/wp-content\/uploads\/2023\/03\/zaluzje-drewniane-bambusowe-Radimar-5-logo-495x400.webp\" width=\"495\" height=\"400\"  title='\u017caluzje drewniane bambusowe Radimar 5 logo' alt='' srcset=\"https:\/\/sklepwnetrz.pl\/salonstargard\/wp-content\/uploads\/2023\/03\/zaluzje-drewniane-bambusowe-Radimar-5-logo-495x400.webp 495w, https:\/\/sklepwnetrz.pl\/salonstargard\/wp-content\/uploads\/2023\/03\/zaluzje-drewniane-bambusowe-Radimar-5-logo-845x684.webp 845w\" sizes=\"(max-width: 495px) 100vw, 495px\" \/><\/a> <a href=\"https:\/\/sklepwnetrz.pl\/salonstargard\/wp-content\/uploads\/2023\/03\/zaluzje-drewniane-bambusowe-Radimar-7-1030x1030.webp\" data-srcset=\"https:\/\/sklepwnetrz.pl\/salonstargard\/wp-content\/uploads\/2023\/03\/zaluzje-drewniane-bambusowe-Radimar-7-1030x1030.webp 1030w, https:\/\/sklepwnetrz.pl\/salonstargard\/wp-content\/uploads\/2023\/03\/zaluzje-drewniane-bambusowe-Radimar-7-300x300.webp 300w, https:\/\/sklepwnetrz.pl\/salonstargard\/wp-content\/uploads\/2023\/03\/zaluzje-drewniane-bambusowe-Radimar-7-80x80.webp 80w, https:\/\/sklepwnetrz.pl\/salonstargard\/wp-content\/uploads\/2023\/03\/zaluzje-drewniane-bambusowe-Radimar-7-768x768.webp 768w, https:\/\/sklepwnetrz.pl\/salonstargard\/wp-content\/uploads\/2023\/03\/zaluzje-drewniane-bambusowe-Radimar-7-36x36.webp 36w, https:\/\/sklepwnetrz.pl\/salonstargard\/wp-content\/uploads\/2023\/03\/zaluzje-drewniane-bambusowe-Radimar-7-180x180.webp 180w, https:\/\/sklepwnetrz.pl\/salonstargard\/wp-content\/uploads\/2023\/03\/zaluzje-drewniane-bambusowe-Radimar-7-705x705.webp 705w, https:\/\/sklepwnetrz.pl\/salonstargard\/wp-content\/uploads\/2023\/03\/zaluzje-drewniane-bambusowe-Radimar-7.webp 1200w\" data-sizes=\"(max-width: 1030px) 100vw, 1030px\" data-rel='gallery-1' data-prev-img='https:\/\/sklepwnetrz.pl\/salonstargard\/wp-content\/uploads\/2023\/03\/zaluzje-drewniane-bambusowe-Radimar-7-495x400.webp' class='lightbox ' data-onclick='87' title=''  itemprop=\"thumbnailUrl\"  ><img decoding=\"async\" class=\"wp-image-1494 avia-img-lazy-loading-not-1494\"   src=\"https:\/\/sklepwnetrz.pl\/salonstargard\/wp-content\/uploads\/2023\/03\/zaluzje-drewniane-bambusowe-Radimar-7-495x400.webp\" width=\"495\" height=\"400\"  title='\u017caluzje drewniane bambusowe Radimar 7' alt='' srcset=\"https:\/\/sklepwnetrz.pl\/salonstargard\/wp-content\/uploads\/2023\/03\/zaluzje-drewniane-bambusowe-Radimar-7-495x400.webp 495w, https:\/\/sklepwnetrz.pl\/salonstargard\/wp-content\/uploads\/2023\/03\/zaluzje-drewniane-bambusowe-Radimar-7-845x684.webp 845w\" sizes=\"(max-width: 495px) 100vw, 495px\" \/><\/a> <a href=\"https:\/\/sklepwnetrz.pl\/salonstargard\/wp-content\/uploads\/2023\/03\/Zaluzje-drewniane-bambusowe-Radimar-1030x1030.webp\" data-srcset=\"https:\/\/sklepwnetrz.pl\/salonstargard\/wp-content\/uploads\/2023\/03\/Zaluzje-drewniane-bambusowe-Radimar-1030x1030.webp 1030w, https:\/\/sklepwnetrz.pl\/salonstargard\/wp-content\/uploads\/2023\/03\/Zaluzje-drewniane-bambusowe-Radimar-300x300.webp 300w, https:\/\/sklepwnetrz.pl\/salonstargard\/wp-content\/uploads\/2023\/03\/Zaluzje-drewniane-bambusowe-Radimar-80x80.webp 80w, https:\/\/sklepwnetrz.pl\/salonstargard\/wp-content\/uploads\/2023\/03\/Zaluzje-drewniane-bambusowe-Radimar-768x768.webp 768w, https:\/\/sklepwnetrz.pl\/salonstargard\/wp-content\/uploads\/2023\/03\/Zaluzje-drewniane-bambusowe-Radimar-36x36.webp 36w, https:\/\/sklepwnetrz.pl\/salonstargard\/wp-content\/uploads\/2023\/03\/Zaluzje-drewniane-bambusowe-Radimar-180x180.webp 180w, https:\/\/sklepwnetrz.pl\/salonstargard\/wp-content\/uploads\/2023\/03\/Zaluzje-drewniane-bambusowe-Radimar-705x705.webp 705w, https:\/\/sklepwnetrz.pl\/salonstargard\/wp-content\/uploads\/2023\/03\/Zaluzje-drewniane-bambusowe-Radimar.webp 1200w\" data-sizes=\"(max-width: 1030px) 100vw, 1030px\" data-rel='gallery-1' data-prev-img='https:\/\/sklepwnetrz.pl\/salonstargard\/wp-content\/uploads\/2023\/03\/Zaluzje-drewniane-bambusowe-Radimar-495x400.webp' class='lightbox ' data-onclick='88' title=''  itemprop=\"thumbnailUrl\"  ><img decoding=\"async\" class=\"wp-image-1496 avia-img-lazy-loading-not-1496\"   src=\"https:\/\/sklepwnetrz.pl\/salonstargard\/wp-content\/uploads\/2023\/03\/Zaluzje-drewniane-bambusowe-Radimar-495x400.webp\" width=\"495\" height=\"400\"  title='\u017baluzje drewniane bambusowe Radimar' alt='' srcset=\"https:\/\/sklepwnetrz.pl\/salonstargard\/wp-content\/uploads\/2023\/03\/Zaluzje-drewniane-bambusowe-Radimar-495x400.webp 495w, https:\/\/sklepwnetrz.pl\/salonstargard\/wp-content\/uploads\/2023\/03\/Zaluzje-drewniane-bambusowe-Radimar-845x684.webp 845w\" sizes=\"(max-width: 495px) 100vw, 495px\" \/><\/a> <a href=\"https:\/\/sklepwnetrz.pl\/salonstargard\/wp-content\/uploads\/2023\/03\/zaluzje-drewniane-Radimar-3-z-logo-1030x1030.webp\" data-srcset=\"https:\/\/sklepwnetrz.pl\/salonstargard\/wp-content\/uploads\/2023\/03\/zaluzje-drewniane-Radimar-3-z-logo-1030x1030.webp 1030w, https:\/\/sklepwnetrz.pl\/salonstargard\/wp-content\/uploads\/2023\/03\/zaluzje-drewniane-Radimar-3-z-logo-300x300.webp 300w, https:\/\/sklepwnetrz.pl\/salonstargard\/wp-content\/uploads\/2023\/03\/zaluzje-drewniane-Radimar-3-z-logo-80x80.webp 80w, https:\/\/sklepwnetrz.pl\/salonstargard\/wp-content\/uploads\/2023\/03\/zaluzje-drewniane-Radimar-3-z-logo-768x768.webp 768w, https:\/\/sklepwnetrz.pl\/salonstargard\/wp-content\/uploads\/2023\/03\/zaluzje-drewniane-Radimar-3-z-logo-36x36.webp 36w, https:\/\/sklepwnetrz.pl\/salonstargard\/wp-content\/uploads\/2023\/03\/zaluzje-drewniane-Radimar-3-z-logo-180x180.webp 180w, https:\/\/sklepwnetrz.pl\/salonstargard\/wp-content\/uploads\/2023\/03\/zaluzje-drewniane-Radimar-3-z-logo-705x705.webp 705w, https:\/\/sklepwnetrz.pl\/salonstargard\/wp-content\/uploads\/2023\/03\/zaluzje-drewniane-Radimar-3-z-logo.webp 1200w\" data-sizes=\"(max-width: 1030px) 100vw, 1030px\" data-rel='gallery-1' data-prev-img='https:\/\/sklepwnetrz.pl\/salonstargard\/wp-content\/uploads\/2023\/03\/zaluzje-drewniane-Radimar-3-z-logo-495x400.webp' class='lightbox ' data-onclick='89' title=''  itemprop=\"thumbnailUrl\"  ><img decoding=\"async\" class=\"wp-image-1498 avia-img-lazy-loading-not-1498\"   src=\"https:\/\/sklepwnetrz.pl\/salonstargard\/wp-content\/uploads\/2023\/03\/zaluzje-drewniane-Radimar-3-z-logo-495x400.webp\" width=\"495\" height=\"400\"  title='\u017caluzje drewniane Radimar 3 z logo' alt='' srcset=\"https:\/\/sklepwnetrz.pl\/salonstargard\/wp-content\/uploads\/2023\/03\/zaluzje-drewniane-Radimar-3-z-logo-495x400.webp 495w, https:\/\/sklepwnetrz.pl\/salonstargard\/wp-content\/uploads\/2023\/03\/zaluzje-drewniane-Radimar-3-z-logo-845x684.webp 845w\" sizes=\"(max-width: 495px) 100vw, 495px\" \/><\/a> <a href=\"https:\/\/sklepwnetrz.pl\/salonstargard\/wp-content\/uploads\/2023\/03\/zaluzje-drewniane-radimar-a-1030x1030.webp\" data-srcset=\"https:\/\/sklepwnetrz.pl\/salonstargard\/wp-content\/uploads\/2023\/03\/zaluzje-drewniane-radimar-a-1030x1030.webp 1030w, https:\/\/sklepwnetrz.pl\/salonstargard\/wp-content\/uploads\/2023\/03\/zaluzje-drewniane-radimar-a-300x300.webp 300w, https:\/\/sklepwnetrz.pl\/salonstargard\/wp-content\/uploads\/2023\/03\/zaluzje-drewniane-radimar-a-80x80.webp 80w, https:\/\/sklepwnetrz.pl\/salonstargard\/wp-content\/uploads\/2023\/03\/zaluzje-drewniane-radimar-a-768x768.webp 768w, https:\/\/sklepwnetrz.pl\/salonstargard\/wp-content\/uploads\/2023\/03\/zaluzje-drewniane-radimar-a-36x36.webp 36w, https:\/\/sklepwnetrz.pl\/salonstargard\/wp-content\/uploads\/2023\/03\/zaluzje-drewniane-radimar-a-180x180.webp 180w, https:\/\/sklepwnetrz.pl\/salonstargard\/wp-content\/uploads\/2023\/03\/zaluzje-drewniane-radimar-a-705x705.webp 705w, https:\/\/sklepwnetrz.pl\/salonstargard\/wp-content\/uploads\/2023\/03\/zaluzje-drewniane-radimar-a.webp 1200w\" data-sizes=\"(max-width: 1030px) 100vw, 1030px\" data-rel='gallery-1' data-prev-img='https:\/\/sklepwnetrz.pl\/salonstargard\/wp-content\/uploads\/2023\/03\/zaluzje-drewniane-radimar-a-495x400.webp' class='lightbox ' data-onclick='90' title=''  itemprop=\"thumbnailUrl\"  ><img decoding=\"async\" class=\"wp-image-1499 avia-img-lazy-loading-not-1499\"   src=\"https:\/\/sklepwnetrz.pl\/salonstargard\/wp-content\/uploads\/2023\/03\/zaluzje-drewniane-radimar-a-495x400.webp\" width=\"495\" height=\"400\"  title='\u017caluzje drewniane radimar a' alt='' srcset=\"https:\/\/sklepwnetrz.pl\/salonstargard\/wp-content\/uploads\/2023\/03\/zaluzje-drewniane-radimar-a-495x400.webp 495w, https:\/\/sklepwnetrz.pl\/salonstargard\/wp-content\/uploads\/2023\/03\/zaluzje-drewniane-radimar-a-845x684.webp 845w\" sizes=\"(max-width: 495px) 100vw, 495px\" \/><\/a> <a href=\"https:\/\/sklepwnetrz.pl\/salonstargard\/wp-content\/uploads\/2023\/03\/zaluzje-drewniane-radimar-d-do-lazienki-1030x1030.webp\" data-srcset=\"https:\/\/sklepwnetrz.pl\/salonstargard\/wp-content\/uploads\/2023\/03\/zaluzje-drewniane-radimar-d-do-lazienki-1030x1030.webp 1030w, https:\/\/sklepwnetrz.pl\/salonstargard\/wp-content\/uploads\/2023\/03\/zaluzje-drewniane-radimar-d-do-lazienki-300x300.webp 300w, https:\/\/sklepwnetrz.pl\/salonstargard\/wp-content\/uploads\/2023\/03\/zaluzje-drewniane-radimar-d-do-lazienki-80x80.webp 80w, https:\/\/sklepwnetrz.pl\/salonstargard\/wp-content\/uploads\/2023\/03\/zaluzje-drewniane-radimar-d-do-lazienki-768x768.webp 768w, https:\/\/sklepwnetrz.pl\/salonstargard\/wp-content\/uploads\/2023\/03\/zaluzje-drewniane-radimar-d-do-lazienki-36x36.webp 36w, https:\/\/sklepwnetrz.pl\/salonstargard\/wp-content\/uploads\/2023\/03\/zaluzje-drewniane-radimar-d-do-lazienki-180x180.webp 180w, https:\/\/sklepwnetrz.pl\/salonstargard\/wp-content\/uploads\/2023\/03\/zaluzje-drewniane-radimar-d-do-lazienki-705x705.webp 705w, https:\/\/sklepwnetrz.pl\/salonstargard\/wp-content\/uploads\/2023\/03\/zaluzje-drewniane-radimar-d-do-lazienki.webp 1200w\" data-sizes=\"(max-width: 1030px) 100vw, 1030px\" data-rel='gallery-1' data-prev-img='https:\/\/sklepwnetrz.pl\/salonstargard\/wp-content\/uploads\/2023\/03\/zaluzje-drewniane-radimar-d-do-lazienki-495x400.webp' class='first_thumb lightbox ' data-onclick='91' title=''  itemprop=\"thumbnailUrl\"  ><img decoding=\"async\" class=\"wp-image-1502 avia-img-lazy-loading-not-1502\"   src=\"https:\/\/sklepwnetrz.pl\/salonstargard\/wp-content\/uploads\/2023\/03\/zaluzje-drewniane-radimar-d-do-lazienki-495x400.webp\" width=\"495\" height=\"400\"  title='\u017caluzje drewniane radimar d do \u0142azienki' alt='' srcset=\"https:\/\/sklepwnetrz.pl\/salonstargard\/wp-content\/uploads\/2023\/03\/zaluzje-drewniane-radimar-d-do-lazienki-495x400.webp 495w, https:\/\/sklepwnetrz.pl\/salonstargard\/wp-content\/uploads\/2023\/03\/zaluzje-drewniane-radimar-d-do-lazienki-845x684.webp 845w\" sizes=\"(max-width: 495px) 100vw, 495px\" \/><\/a> <a href=\"https:\/\/sklepwnetrz.pl\/salonstargard\/wp-content\/uploads\/2023\/03\/zaluzje-drewniane-radimar-do-lazienki-ab-1030x1030.webp\" data-srcset=\"https:\/\/sklepwnetrz.pl\/salonstargard\/wp-content\/uploads\/2023\/03\/zaluzje-drewniane-radimar-do-lazienki-ab-1030x1030.webp 1030w, https:\/\/sklepwnetrz.pl\/salonstargard\/wp-content\/uploads\/2023\/03\/zaluzje-drewniane-radimar-do-lazienki-ab-300x300.webp 300w, https:\/\/sklepwnetrz.pl\/salonstargard\/wp-content\/uploads\/2023\/03\/zaluzje-drewniane-radimar-do-lazienki-ab-80x80.webp 80w, https:\/\/sklepwnetrz.pl\/salonstargard\/wp-content\/uploads\/2023\/03\/zaluzje-drewniane-radimar-do-lazienki-ab-768x768.webp 768w, https:\/\/sklepwnetrz.pl\/salonstargard\/wp-content\/uploads\/2023\/03\/zaluzje-drewniane-radimar-do-lazienki-ab-36x36.webp 36w, https:\/\/sklepwnetrz.pl\/salonstargard\/wp-content\/uploads\/2023\/03\/zaluzje-drewniane-radimar-do-lazienki-ab-180x180.webp 180w, https:\/\/sklepwnetrz.pl\/salonstargard\/wp-content\/uploads\/2023\/03\/zaluzje-drewniane-radimar-do-lazienki-ab-705x705.webp 705w, https:\/\/sklepwnetrz.pl\/salonstargard\/wp-content\/uploads\/2023\/03\/zaluzje-drewniane-radimar-do-lazienki-ab.webp 1200w\" data-sizes=\"(max-width: 1030px) 100vw, 1030px\" data-rel='gallery-1' data-prev-img='https:\/\/sklepwnetrz.pl\/salonstargard\/wp-content\/uploads\/2023\/03\/zaluzje-drewniane-radimar-do-lazienki-ab-495x400.webp' class='lightbox ' data-onclick='92' title=''  itemprop=\"thumbnailUrl\"  ><img decoding=\"async\" class=\"wp-image-1503 avia-img-lazy-loading-not-1503\"   src=\"https:\/\/sklepwnetrz.pl\/salonstargard\/wp-content\/uploads\/2023\/03\/zaluzje-drewniane-radimar-do-lazienki-ab-495x400.webp\" width=\"495\" height=\"400\"  title='\u017caluzje drewniane radimar do \u0142azienki ab' alt='' srcset=\"https:\/\/sklepwnetrz.pl\/salonstargard\/wp-content\/uploads\/2023\/03\/zaluzje-drewniane-radimar-do-lazienki-ab-495x400.webp 495w, https:\/\/sklepwnetrz.pl\/salonstargard\/wp-content\/uploads\/2023\/03\/zaluzje-drewniane-radimar-do-lazienki-ab-845x684.webp 845w\" sizes=\"(max-width: 495px) 100vw, 495px\" \/><\/a> <a href=\"https:\/\/sklepwnetrz.pl\/salonstargard\/wp-content\/uploads\/2023\/03\/zaluzje-drewniane-radimar-f-1030x1030.webp\" data-srcset=\"https:\/\/sklepwnetrz.pl\/salonstargard\/wp-content\/uploads\/2023\/03\/zaluzje-drewniane-radimar-f-1030x1030.webp 1030w, https:\/\/sklepwnetrz.pl\/salonstargard\/wp-content\/uploads\/2023\/03\/zaluzje-drewniane-radimar-f-300x300.webp 300w, https:\/\/sklepwnetrz.pl\/salonstargard\/wp-content\/uploads\/2023\/03\/zaluzje-drewniane-radimar-f-80x80.webp 80w, https:\/\/sklepwnetrz.pl\/salonstargard\/wp-content\/uploads\/2023\/03\/zaluzje-drewniane-radimar-f-768x768.webp 768w, https:\/\/sklepwnetrz.pl\/salonstargard\/wp-content\/uploads\/2023\/03\/zaluzje-drewniane-radimar-f-36x36.webp 36w, https:\/\/sklepwnetrz.pl\/salonstargard\/wp-content\/uploads\/2023\/03\/zaluzje-drewniane-radimar-f-180x180.webp 180w, https:\/\/sklepwnetrz.pl\/salonstargard\/wp-content\/uploads\/2023\/03\/zaluzje-drewniane-radimar-f-705x705.webp 705w, https:\/\/sklepwnetrz.pl\/salonstargard\/wp-content\/uploads\/2023\/03\/zaluzje-drewniane-radimar-f.webp 1200w\" data-sizes=\"(max-width: 1030px) 100vw, 1030px\" data-rel='gallery-1' data-prev-img='https:\/\/sklepwnetrz.pl\/salonstargard\/wp-content\/uploads\/2023\/03\/zaluzje-drewniane-radimar-f-495x400.webp' class='lightbox ' data-onclick='93' title=''  itemprop=\"thumbnailUrl\"  ><img decoding=\"async\" class=\"wp-image-1504 avia-img-lazy-loading-not-1504\"   src=\"https:\/\/sklepwnetrz.pl\/salonstargard\/wp-content\/uploads\/2023\/03\/zaluzje-drewniane-radimar-f-495x400.webp\" width=\"495\" height=\"400\"  title='\u017caluzje drewniane radimar f' alt='' srcset=\"https:\/\/sklepwnetrz.pl\/salonstargard\/wp-content\/uploads\/2023\/03\/zaluzje-drewniane-radimar-f-495x400.webp 495w, https:\/\/sklepwnetrz.pl\/salonstargard\/wp-content\/uploads\/2023\/03\/zaluzje-drewniane-radimar-f-845x684.webp 845w\" sizes=\"(max-width: 495px) 100vw, 495px\" \/><\/a> <a href=\"https:\/\/sklepwnetrz.pl\/salonstargard\/wp-content\/uploads\/2023\/03\/zaluzje-drewniane-radimar-h-1030x1030.webp\" data-srcset=\"https:\/\/sklepwnetrz.pl\/salonstargard\/wp-content\/uploads\/2023\/03\/zaluzje-drewniane-radimar-h-1030x1030.webp 1030w, https:\/\/sklepwnetrz.pl\/salonstargard\/wp-content\/uploads\/2023\/03\/zaluzje-drewniane-radimar-h-300x300.webp 300w, https:\/\/sklepwnetrz.pl\/salonstargard\/wp-content\/uploads\/2023\/03\/zaluzje-drewniane-radimar-h-80x80.webp 80w, https:\/\/sklepwnetrz.pl\/salonstargard\/wp-content\/uploads\/2023\/03\/zaluzje-drewniane-radimar-h-768x768.webp 768w, https:\/\/sklepwnetrz.pl\/salonstargard\/wp-content\/uploads\/2023\/03\/zaluzje-drewniane-radimar-h-36x36.webp 36w, https:\/\/sklepwnetrz.pl\/salonstargard\/wp-content\/uploads\/2023\/03\/zaluzje-drewniane-radimar-h-180x180.webp 180w, https:\/\/sklepwnetrz.pl\/salonstargard\/wp-content\/uploads\/2023\/03\/zaluzje-drewniane-radimar-h-705x705.webp 705w, https:\/\/sklepwnetrz.pl\/salonstargard\/wp-content\/uploads\/2023\/03\/zaluzje-drewniane-radimar-h.webp 1200w\" data-sizes=\"(max-width: 1030px) 100vw, 1030px\" data-rel='gallery-1' data-prev-img='https:\/\/sklepwnetrz.pl\/salonstargard\/wp-content\/uploads\/2023\/03\/zaluzje-drewniane-radimar-h-495x400.webp' class='lightbox ' data-onclick='94' title=''  itemprop=\"thumbnailUrl\"  ><img decoding=\"async\" class=\"wp-image-1505 avia-img-lazy-loading-not-1505\"   src=\"https:\/\/sklepwnetrz.pl\/salonstargard\/wp-content\/uploads\/2023\/03\/zaluzje-drewniane-radimar-h-495x400.webp\" width=\"495\" height=\"400\"  title='\u017caluzje drewniane radimar h' alt='' srcset=\"https:\/\/sklepwnetrz.pl\/salonstargard\/wp-content\/uploads\/2023\/03\/zaluzje-drewniane-radimar-h-495x400.webp 495w, https:\/\/sklepwnetrz.pl\/salonstargard\/wp-content\/uploads\/2023\/03\/zaluzje-drewniane-radimar-h-845x684.webp 845w\" sizes=\"(max-width: 495px) 100vw, 495px\" \/><\/a> <a href=\"https:\/\/sklepwnetrz.pl\/salonstargard\/wp-content\/uploads\/2023\/03\/zaluzje-drewniane-radimar-i-1030x1030.webp\" data-srcset=\"https:\/\/sklepwnetrz.pl\/salonstargard\/wp-content\/uploads\/2023\/03\/zaluzje-drewniane-radimar-i-1030x1030.webp 1030w, https:\/\/sklepwnetrz.pl\/salonstargard\/wp-content\/uploads\/2023\/03\/zaluzje-drewniane-radimar-i-300x300.webp 300w, https:\/\/sklepwnetrz.pl\/salonstargard\/wp-content\/uploads\/2023\/03\/zaluzje-drewniane-radimar-i-80x80.webp 80w, https:\/\/sklepwnetrz.pl\/salonstargard\/wp-content\/uploads\/2023\/03\/zaluzje-drewniane-radimar-i-768x768.webp 768w, https:\/\/sklepwnetrz.pl\/salonstargard\/wp-content\/uploads\/2023\/03\/zaluzje-drewniane-radimar-i-36x36.webp 36w, https:\/\/sklepwnetrz.pl\/salonstargard\/wp-content\/uploads\/2023\/03\/zaluzje-drewniane-radimar-i-180x180.webp 180w, https:\/\/sklepwnetrz.pl\/salonstargard\/wp-content\/uploads\/2023\/03\/zaluzje-drewniane-radimar-i-705x705.webp 705w, https:\/\/sklepwnetrz.pl\/salonstargard\/wp-content\/uploads\/2023\/03\/zaluzje-drewniane-radimar-i.webp 1200w\" data-sizes=\"(max-width: 1030px) 100vw, 1030px\" data-rel='gallery-1' data-prev-img='https:\/\/sklepwnetrz.pl\/salonstargard\/wp-content\/uploads\/2023\/03\/zaluzje-drewniane-radimar-i-495x400.webp' class='lightbox ' data-onclick='95' title=''  itemprop=\"thumbnailUrl\"  ><img decoding=\"async\" class=\"wp-image-1506 avia-img-lazy-loading-not-1506\"   src=\"https:\/\/sklepwnetrz.pl\/salonstargard\/wp-content\/uploads\/2023\/03\/zaluzje-drewniane-radimar-i-495x400.webp\" width=\"495\" height=\"400\"  title='\u017caluzje drewniane radimar i' alt='' srcset=\"https:\/\/sklepwnetrz.pl\/salonstargard\/wp-content\/uploads\/2023\/03\/zaluzje-drewniane-radimar-i-495x400.webp 495w, https:\/\/sklepwnetrz.pl\/salonstargard\/wp-content\/uploads\/2023\/03\/zaluzje-drewniane-radimar-i-845x684.webp 845w\" sizes=\"(max-width: 495px) 100vw, 495px\" \/><\/a> <a href=\"https:\/\/sklepwnetrz.pl\/salonstargard\/wp-content\/uploads\/2023\/03\/zaluzje-drewniane-stargard-szc-1030x1030.webp\" data-srcset=\"https:\/\/sklepwnetrz.pl\/salonstargard\/wp-content\/uploads\/2023\/03\/zaluzje-drewniane-stargard-szc-1030x1030.webp 1030w, https:\/\/sklepwnetrz.pl\/salonstargard\/wp-content\/uploads\/2023\/03\/zaluzje-drewniane-stargard-szc-300x300.webp 300w, https:\/\/sklepwnetrz.pl\/salonstargard\/wp-content\/uploads\/2023\/03\/zaluzje-drewniane-stargard-szc-80x80.webp 80w, https:\/\/sklepwnetrz.pl\/salonstargard\/wp-content\/uploads\/2023\/03\/zaluzje-drewniane-stargard-szc-768x768.webp 768w, https:\/\/sklepwnetrz.pl\/salonstargard\/wp-content\/uploads\/2023\/03\/zaluzje-drewniane-stargard-szc-36x36.webp 36w, https:\/\/sklepwnetrz.pl\/salonstargard\/wp-content\/uploads\/2023\/03\/zaluzje-drewniane-stargard-szc-180x180.webp 180w, https:\/\/sklepwnetrz.pl\/salonstargard\/wp-content\/uploads\/2023\/03\/zaluzje-drewniane-stargard-szc-705x705.webp 705w, https:\/\/sklepwnetrz.pl\/salonstargard\/wp-content\/uploads\/2023\/03\/zaluzje-drewniane-stargard-szc.webp 1200w\" data-sizes=\"(max-width: 1030px) 100vw, 1030px\" data-rel='gallery-1' data-prev-img='https:\/\/sklepwnetrz.pl\/salonstargard\/wp-content\/uploads\/2023\/03\/zaluzje-drewniane-stargard-szc-495x400.webp' class='first_thumb lightbox ' data-onclick='96' title=''  itemprop=\"thumbnailUrl\"  ><img decoding=\"async\" class=\"wp-image-1510 avia-img-lazy-loading-not-1510\"   src=\"https:\/\/sklepwnetrz.pl\/salonstargard\/wp-content\/uploads\/2023\/03\/zaluzje-drewniane-stargard-szc-495x400.webp\" width=\"495\" height=\"400\"  title='\u017caluzje drewniane stargard szc' alt='' srcset=\"https:\/\/sklepwnetrz.pl\/salonstargard\/wp-content\/uploads\/2023\/03\/zaluzje-drewniane-stargard-szc-495x400.webp 495w, https:\/\/sklepwnetrz.pl\/salonstargard\/wp-content\/uploads\/2023\/03\/zaluzje-drewniane-stargard-szc-845x684.webp 845w\" sizes=\"(max-width: 495px) 100vw, 495px\" \/><\/a> <a href=\"https:\/\/sklepwnetrz.pl\/salonstargard\/wp-content\/uploads\/2023\/03\/Zaluzje-drewniane-szczecin-8-1030x1030.webp\" data-srcset=\"https:\/\/sklepwnetrz.pl\/salonstargard\/wp-content\/uploads\/2023\/03\/Zaluzje-drewniane-szczecin-8-1030x1030.webp 1030w, https:\/\/sklepwnetrz.pl\/salonstargard\/wp-content\/uploads\/2023\/03\/Zaluzje-drewniane-szczecin-8-300x300.webp 300w, https:\/\/sklepwnetrz.pl\/salonstargard\/wp-content\/uploads\/2023\/03\/Zaluzje-drewniane-szczecin-8-80x80.webp 80w, https:\/\/sklepwnetrz.pl\/salonstargard\/wp-content\/uploads\/2023\/03\/Zaluzje-drewniane-szczecin-8-768x768.webp 768w, https:\/\/sklepwnetrz.pl\/salonstargard\/wp-content\/uploads\/2023\/03\/Zaluzje-drewniane-szczecin-8-36x36.webp 36w, https:\/\/sklepwnetrz.pl\/salonstargard\/wp-content\/uploads\/2023\/03\/Zaluzje-drewniane-szczecin-8-180x180.webp 180w, https:\/\/sklepwnetrz.pl\/salonstargard\/wp-content\/uploads\/2023\/03\/Zaluzje-drewniane-szczecin-8-705x705.webp 705w, https:\/\/sklepwnetrz.pl\/salonstargard\/wp-content\/uploads\/2023\/03\/Zaluzje-drewniane-szczecin-8.webp 1200w\" data-sizes=\"(max-width: 1030px) 100vw, 1030px\" data-rel='gallery-1' data-prev-img='https:\/\/sklepwnetrz.pl\/salonstargard\/wp-content\/uploads\/2023\/03\/Zaluzje-drewniane-szczecin-8-495x400.webp' class='lightbox ' data-onclick='97' title=''  itemprop=\"thumbnailUrl\"  ><img decoding=\"async\" class=\"wp-image-1511 avia-img-lazy-loading-not-1511\"   src=\"https:\/\/sklepwnetrz.pl\/salonstargard\/wp-content\/uploads\/2023\/03\/Zaluzje-drewniane-szczecin-8-495x400.webp\" width=\"495\" height=\"400\"  title='\u017baluzje drewniane szczecin 8' alt='' srcset=\"https:\/\/sklepwnetrz.pl\/salonstargard\/wp-content\/uploads\/2023\/03\/Zaluzje-drewniane-szczecin-8-495x400.webp 495w, https:\/\/sklepwnetrz.pl\/salonstargard\/wp-content\/uploads\/2023\/03\/Zaluzje-drewniane-szczecin-8-845x684.webp 845w\" sizes=\"(max-width: 495px) 100vw, 495px\" \/><\/a> <a href=\"https:\/\/sklepwnetrz.pl\/salonstargard\/wp-content\/uploads\/2023\/03\/zaluzje-drewniane-radimar-c-do-pralni-1030x1030.webp\" data-srcset=\"https:\/\/sklepwnetrz.pl\/salonstargard\/wp-content\/uploads\/2023\/03\/zaluzje-drewniane-radimar-c-do-pralni-1030x1030.webp 1030w, https:\/\/sklepwnetrz.pl\/salonstargard\/wp-content\/uploads\/2023\/03\/zaluzje-drewniane-radimar-c-do-pralni-300x300.webp 300w, https:\/\/sklepwnetrz.pl\/salonstargard\/wp-content\/uploads\/2023\/03\/zaluzje-drewniane-radimar-c-do-pralni-80x80.webp 80w, https:\/\/sklepwnetrz.pl\/salonstargard\/wp-content\/uploads\/2023\/03\/zaluzje-drewniane-radimar-c-do-pralni-768x768.webp 768w, https:\/\/sklepwnetrz.pl\/salonstargard\/wp-content\/uploads\/2023\/03\/zaluzje-drewniane-radimar-c-do-pralni-36x36.webp 36w, https:\/\/sklepwnetrz.pl\/salonstargard\/wp-content\/uploads\/2023\/03\/zaluzje-drewniane-radimar-c-do-pralni-180x180.webp 180w, https:\/\/sklepwnetrz.pl\/salonstargard\/wp-content\/uploads\/2023\/03\/zaluzje-drewniane-radimar-c-do-pralni-705x705.webp 705w, https:\/\/sklepwnetrz.pl\/salonstargard\/wp-content\/uploads\/2023\/03\/zaluzje-drewniane-radimar-c-do-pralni.webp 1200w\" data-sizes=\"(max-width: 1030px) 100vw, 1030px\" data-rel='gallery-1' data-prev-img='https:\/\/sklepwnetrz.pl\/salonstargard\/wp-content\/uploads\/2023\/03\/zaluzje-drewniane-radimar-c-do-pralni-495x400.webp' class='lightbox ' data-onclick='98' title=''  itemprop=\"thumbnailUrl\"  ><img decoding=\"async\" class=\"wp-image-1513 avia-img-lazy-loading-not-1513\"   src=\"https:\/\/sklepwnetrz.pl\/salonstargard\/wp-content\/uploads\/2023\/03\/zaluzje-drewniane-radimar-c-do-pralni-495x400.webp\" width=\"495\" height=\"400\"  title='\u017c\u0105luzje drewniane radimar c do pralni' alt='' srcset=\"https:\/\/sklepwnetrz.pl\/salonstargard\/wp-content\/uploads\/2023\/03\/zaluzje-drewniane-radimar-c-do-pralni-495x400.webp 495w, https:\/\/sklepwnetrz.pl\/salonstargard\/wp-content\/uploads\/2023\/03\/zaluzje-drewniane-radimar-c-do-pralni-845x684.webp 845w\" sizes=\"(max-width: 495px) 100vw, 495px\" \/><\/a> <a href=\"https:\/\/sklepwnetrz.pl\/salonstargard\/wp-content\/uploads\/2023\/06\/firany-na-wymiar-824x1030.webp\" data-srcset=\"https:\/\/sklepwnetrz.pl\/salonstargard\/wp-content\/uploads\/2023\/06\/firany-na-wymiar-824x1030.webp 824w, https:\/\/sklepwnetrz.pl\/salonstargard\/wp-content\/uploads\/2023\/06\/firany-na-wymiar-240x300.webp 240w, https:\/\/sklepwnetrz.pl\/salonstargard\/wp-content\/uploads\/2023\/06\/firany-na-wymiar-768x960.webp 768w, https:\/\/sklepwnetrz.pl\/salonstargard\/wp-content\/uploads\/2023\/06\/firany-na-wymiar-564x705.webp 564w, https:\/\/sklepwnetrz.pl\/salonstargard\/wp-content\/uploads\/2023\/06\/firany-na-wymiar.webp 1080w\" data-sizes=\"(max-width: 824px) 100vw, 824px\" data-rel='gallery-1' data-prev-img='https:\/\/sklepwnetrz.pl\/salonstargard\/wp-content\/uploads\/2023\/06\/firany-na-wymiar-495x400.webp' class='lightbox ' data-onclick='99' title=''  itemprop=\"thumbnailUrl\"  ><img decoding=\"async\" class=\"wp-image-1538 avia-img-lazy-loading-not-1538\"   src=\"https:\/\/sklepwnetrz.pl\/salonstargard\/wp-content\/uploads\/2023\/06\/firany-na-wymiar-495x400.webp\" width=\"495\" height=\"400\"  title='firany na wymiar' alt='' srcset=\"https:\/\/sklepwnetrz.pl\/salonstargard\/wp-content\/uploads\/2023\/06\/firany-na-wymiar-495x400.webp 495w, https:\/\/sklepwnetrz.pl\/salonstargard\/wp-content\/uploads\/2023\/06\/firany-na-wymiar-845x684.webp 845w\" sizes=\"(max-width: 495px) 100vw, 495px\" \/><\/a> <a href=\"https:\/\/sklepwnetrz.pl\/salonstargard\/wp-content\/uploads\/2024\/02\/roleta-rzymska-do-kuchni-biala-gladka-z-logo-1030x773.webp\" data-srcset=\"https:\/\/sklepwnetrz.pl\/salonstargard\/wp-content\/uploads\/2024\/02\/roleta-rzymska-do-kuchni-biala-gladka-z-logo-1030x773.webp 1030w, https:\/\/sklepwnetrz.pl\/salonstargard\/wp-content\/uploads\/2024\/02\/roleta-rzymska-do-kuchni-biala-gladka-z-logo-300x225.webp 300w, https:\/\/sklepwnetrz.pl\/salonstargard\/wp-content\/uploads\/2024\/02\/roleta-rzymska-do-kuchni-biala-gladka-z-logo-768x576.webp 768w, https:\/\/sklepwnetrz.pl\/salonstargard\/wp-content\/uploads\/2024\/02\/roleta-rzymska-do-kuchni-biala-gladka-z-logo-1536x1152.webp 1536w, https:\/\/sklepwnetrz.pl\/salonstargard\/wp-content\/uploads\/2024\/02\/roleta-rzymska-do-kuchni-biala-gladka-z-logo-1500x1125.webp 1500w, https:\/\/sklepwnetrz.pl\/salonstargard\/wp-content\/uploads\/2024\/02\/roleta-rzymska-do-kuchni-biala-gladka-z-logo-705x529.webp 705w, https:\/\/sklepwnetrz.pl\/salonstargard\/wp-content\/uploads\/2024\/02\/roleta-rzymska-do-kuchni-biala-gladka-z-logo.webp 2000w\" data-sizes=\"(max-width: 1030px) 100vw, 1030px\" data-rel='gallery-1' data-prev-img='https:\/\/sklepwnetrz.pl\/salonstargard\/wp-content\/uploads\/2024\/02\/roleta-rzymska-do-kuchni-biala-gladka-z-logo-495x400.webp' class='lightbox ' data-onclick='100' title=''  itemprop=\"thumbnailUrl\"  ><img decoding=\"async\" class=\"wp-image-1601 avia-img-lazy-loading-not-1601\"   src=\"https:\/\/sklepwnetrz.pl\/salonstargard\/wp-content\/uploads\/2024\/02\/roleta-rzymska-do-kuchni-biala-gladka-z-logo-495x400.webp\" width=\"495\" height=\"400\"  title='roleta rzymska do kuchni - bia\u0142a g\u0142adka z logo' alt='' srcset=\"https:\/\/sklepwnetrz.pl\/salonstargard\/wp-content\/uploads\/2024\/02\/roleta-rzymska-do-kuchni-biala-gladka-z-logo-495x400.webp 495w, https:\/\/sklepwnetrz.pl\/salonstargard\/wp-content\/uploads\/2024\/02\/roleta-rzymska-do-kuchni-biala-gladka-z-logo-845x684.webp 845w\" sizes=\"(max-width: 495px) 100vw, 495px\" \/><\/a><\/div><\/div><\/div>\n<div class='flex_column av-fcijj-747d7fa637799a1aea43650d2c8e726e av_one_full  avia-builder-el-58  el_after_av_one_full  el_before_av_one_full  first flex_column_div column-top-margin'   ><style type=\"text\/css\" data-created_by=\"avia_inline_auto\" id=\"style-css-av-l3r9hk7j-63888c5fee5207cbbb08edb4962e584e\">\n.avia-image-container.av-l3r9hk7j-63888c5fee5207cbbb08edb4962e584e .av-image-caption-overlay-center{\ncolor:#ffffff;\n}\n<\/style>\n<div  class='avia-image-container av-l3r9hk7j-63888c5fee5207cbbb08edb4962e584e av-styling- avia-align-center  avia-builder-el-59  avia-builder-el-no-sibling  '  itemprop=\"image\" itemscope=\"itemscope\" itemtype=\"https:\/\/schema.org\/ImageObject\" ><div class=\"avia-image-container-inner\"><div class=\"avia-image-overlay-wrap\"><img decoding=\"async\" class='wp-image-1298 avia-img-lazy-loading-not-1298 avia_image' src=\"https:\/\/sklepwnetrz.pl\/salonstargard\/wp-content\/uploads\/2022\/06\/FB-PODOBNO.webp\" alt='' title='FB PODOBNO'  height=\"800\" width=\"1200\"  itemprop=\"thumbnailUrl\" srcset=\"https:\/\/sklepwnetrz.pl\/salonstargard\/wp-content\/uploads\/2022\/06\/FB-PODOBNO.webp 1200w, https:\/\/sklepwnetrz.pl\/salonstargard\/wp-content\/uploads\/2022\/06\/FB-PODOBNO-300x200.webp 300w, https:\/\/sklepwnetrz.pl\/salonstargard\/wp-content\/uploads\/2022\/06\/FB-PODOBNO-1030x687.webp 1030w, https:\/\/sklepwnetrz.pl\/salonstargard\/wp-content\/uploads\/2022\/06\/FB-PODOBNO-768x512.webp 768w, https:\/\/sklepwnetrz.pl\/salonstargard\/wp-content\/uploads\/2022\/06\/FB-PODOBNO-705x470.webp 705w\" sizes=\"(max-width: 1200px) 100vw, 1200px\" \/><\/div><\/div><\/div><\/div>\n<div class='flex_column av-m8kbr-ec1f54f053d15d21ad0c1450acaed106 av_one_full  avia-builder-el-60  el_after_av_one_full  el_before_av_one_full  first flex_column_div column-top-margin'   ><style type=\"text\/css\" data-created_by=\"avia_inline_auto\" id=\"style-css-av-l4pejz1l-0af3a8998a07e424d60e2185338d2aa0\">\n.avia-image-container.av-l4pejz1l-0af3a8998a07e424d60e2185338d2aa0 .av-image-caption-overlay-center{\ncolor:#ffffff;\n}\n<\/style>\n<div  class='avia-image-container av-l4pejz1l-0af3a8998a07e424d60e2185338d2aa0 av-styling- avia-align-center  avia-builder-el-61  avia-builder-el-no-sibling  '  itemprop=\"image\" itemscope=\"itemscope\" itemtype=\"https:\/\/schema.org\/ImageObject\" ><div class=\"avia-image-container-inner\"><div class=\"avia-image-overlay-wrap\"><img decoding=\"async\" class='wp-image-1300 avia-img-lazy-loading-not-1300 avia_image' src=\"https:\/\/sklepwnetrz.pl\/salonstargard\/wp-content\/uploads\/2022\/06\/roleta-rzymska-p.Justyna.webp\" alt='' title='roleta rzymska p.Justyna'  height=\"800\" width=\"1200\"  itemprop=\"thumbnailUrl\" srcset=\"https:\/\/sklepwnetrz.pl\/salonstargard\/wp-content\/uploads\/2022\/06\/roleta-rzymska-p.Justyna.webp 1200w, https:\/\/sklepwnetrz.pl\/salonstargard\/wp-content\/uploads\/2022\/06\/roleta-rzymska-p.Justyna-300x200.webp 300w, https:\/\/sklepwnetrz.pl\/salonstargard\/wp-content\/uploads\/2022\/06\/roleta-rzymska-p.Justyna-1030x687.webp 1030w, https:\/\/sklepwnetrz.pl\/salonstargard\/wp-content\/uploads\/2022\/06\/roleta-rzymska-p.Justyna-768x512.webp 768w, https:\/\/sklepwnetrz.pl\/salonstargard\/wp-content\/uploads\/2022\/06\/roleta-rzymska-p.Justyna-705x470.webp 705w\" sizes=\"(max-width: 1200px) 100vw, 1200px\" \/><\/div><\/div><\/div><\/div>\n<div class='flex_column av-6to8v-176c4404ac368008f851f247ace43455 av_one_full  avia-builder-el-62  el_after_av_one_full  el_before_av_one_full  first flex_column_div column-top-margin'   ><style type=\"text\/css\" data-created_by=\"avia_inline_auto\" id=\"style-css-av-l3r9qgw8-ed209b9a2af7f9f584defd145934e400\">\n#top .avia-gallery.av-l3r9qgw8-ed209b9a2af7f9f584defd145934e400 .avia-gallery-thumb a{\nwidth:20%;\n}\n<\/style>\n<div  class='avia-gallery av-l3r9qgw8-ed209b9a2af7f9f584defd145934e400 avia_animate_when_visible  avia-builder-el-63  avia-builder-el-no-sibling  animations_off  avia-gallery-2'  itemprop=\"image\" itemscope=\"itemscope\" itemtype=\"https:\/\/schema.org\/ImageObject\" ><div class='avia-gallery-thumb'> <a href=\"https:\/\/sklepwnetrz.pl\/salonstargard\/wp-content\/uploads\/2022\/05\/FIRANY-I-ZASLONY-p.JOANNA-1030x1030.webp\" data-srcset=\"https:\/\/sklepwnetrz.pl\/salonstargard\/wp-content\/uploads\/2022\/05\/FIRANY-I-ZASLONY-p.JOANNA-1030x1030.webp 1030w, https:\/\/sklepwnetrz.pl\/salonstargard\/wp-content\/uploads\/2022\/05\/FIRANY-I-ZASLONY-p.JOANNA-300x300.webp 300w, https:\/\/sklepwnetrz.pl\/salonstargard\/wp-content\/uploads\/2022\/05\/FIRANY-I-ZASLONY-p.JOANNA-80x80.webp 80w, https:\/\/sklepwnetrz.pl\/salonstargard\/wp-content\/uploads\/2022\/05\/FIRANY-I-ZASLONY-p.JOANNA-768x768.webp 768w, https:\/\/sklepwnetrz.pl\/salonstargard\/wp-content\/uploads\/2022\/05\/FIRANY-I-ZASLONY-p.JOANNA-36x36.webp 36w, https:\/\/sklepwnetrz.pl\/salonstargard\/wp-content\/uploads\/2022\/05\/FIRANY-I-ZASLONY-p.JOANNA-180x180.webp 180w, https:\/\/sklepwnetrz.pl\/salonstargard\/wp-content\/uploads\/2022\/05\/FIRANY-I-ZASLONY-p.JOANNA-705x705.webp 705w, https:\/\/sklepwnetrz.pl\/salonstargard\/wp-content\/uploads\/2022\/05\/FIRANY-I-ZASLONY-p.JOANNA.webp 1080w\" data-sizes=\"(max-width: 1030px) 100vw, 1030px\" data-rel='gallery-2' data-prev-img='https:\/\/sklepwnetrz.pl\/salonstargard\/wp-content\/uploads\/2022\/05\/FIRANY-I-ZASLONY-p.JOANNA-495x400.webp' class='first_thumb lightbox ' data-onclick='1' title=''  itemprop=\"thumbnailUrl\"  ><img decoding=\"async\" class=\"wp-image-1275 avia-img-lazy-loading-not-1275\"   src=\"https:\/\/sklepwnetrz.pl\/salonstargard\/wp-content\/uploads\/2022\/05\/FIRANY-I-ZASLONY-p.JOANNA-495x400.webp\" width=\"495\" height=\"400\"  title='FIRANY I ZAS\u0141ONY p.JOANNA' alt='' srcset=\"https:\/\/sklepwnetrz.pl\/salonstargard\/wp-content\/uploads\/2022\/05\/FIRANY-I-ZASLONY-p.JOANNA-495x400.webp 495w, https:\/\/sklepwnetrz.pl\/salonstargard\/wp-content\/uploads\/2022\/05\/FIRANY-I-ZASLONY-p.JOANNA-845x684.webp 845w\" sizes=\"(max-width: 495px) 100vw, 495px\" \/><\/a> <a href=\"https:\/\/sklepwnetrz.pl\/salonstargard\/wp-content\/uploads\/2022\/05\/FIRANY-I-ZASLONY-KOBYLANKA-GRZEDZICE-1030x1030.webp\" data-srcset=\"https:\/\/sklepwnetrz.pl\/salonstargard\/wp-content\/uploads\/2022\/05\/FIRANY-I-ZASLONY-KOBYLANKA-GRZEDZICE-1030x1030.webp 1030w, https:\/\/sklepwnetrz.pl\/salonstargard\/wp-content\/uploads\/2022\/05\/FIRANY-I-ZASLONY-KOBYLANKA-GRZEDZICE-300x300.webp 300w, https:\/\/sklepwnetrz.pl\/salonstargard\/wp-content\/uploads\/2022\/05\/FIRANY-I-ZASLONY-KOBYLANKA-GRZEDZICE-80x80.webp 80w, https:\/\/sklepwnetrz.pl\/salonstargard\/wp-content\/uploads\/2022\/05\/FIRANY-I-ZASLONY-KOBYLANKA-GRZEDZICE-768x768.webp 768w, https:\/\/sklepwnetrz.pl\/salonstargard\/wp-content\/uploads\/2022\/05\/FIRANY-I-ZASLONY-KOBYLANKA-GRZEDZICE-36x36.webp 36w, https:\/\/sklepwnetrz.pl\/salonstargard\/wp-content\/uploads\/2022\/05\/FIRANY-I-ZASLONY-KOBYLANKA-GRZEDZICE-180x180.webp 180w, https:\/\/sklepwnetrz.pl\/salonstargard\/wp-content\/uploads\/2022\/05\/FIRANY-I-ZASLONY-KOBYLANKA-GRZEDZICE-705x705.webp 705w, https:\/\/sklepwnetrz.pl\/salonstargard\/wp-content\/uploads\/2022\/05\/FIRANY-I-ZASLONY-KOBYLANKA-GRZEDZICE.webp 1080w\" data-sizes=\"(max-width: 1030px) 100vw, 1030px\" data-rel='gallery-2' data-prev-img='https:\/\/sklepwnetrz.pl\/salonstargard\/wp-content\/uploads\/2022\/05\/FIRANY-I-ZASLONY-KOBYLANKA-GRZEDZICE-495x400.webp' class='lightbox ' data-onclick='2' title=''  itemprop=\"thumbnailUrl\"  ><img decoding=\"async\" class=\"wp-image-1274 avia-img-lazy-loading-not-1274\"   src=\"https:\/\/sklepwnetrz.pl\/salonstargard\/wp-content\/uploads\/2022\/05\/FIRANY-I-ZASLONY-KOBYLANKA-GRZEDZICE-495x400.webp\" width=\"495\" height=\"400\"  title='FIRANY I ZAS\u0141ONY KOBYLANKA GRZ\u0118DZICE' alt='' srcset=\"https:\/\/sklepwnetrz.pl\/salonstargard\/wp-content\/uploads\/2022\/05\/FIRANY-I-ZASLONY-KOBYLANKA-GRZEDZICE-495x400.webp 495w, https:\/\/sklepwnetrz.pl\/salonstargard\/wp-content\/uploads\/2022\/05\/FIRANY-I-ZASLONY-KOBYLANKA-GRZEDZICE-845x684.webp 845w\" sizes=\"(max-width: 495px) 100vw, 495px\" \/><\/a> <a href=\"https:\/\/sklepwnetrz.pl\/salonstargard\/wp-content\/uploads\/2022\/05\/firany-i-zaslony-radimar-1030x1030.webp\" data-srcset=\"https:\/\/sklepwnetrz.pl\/salonstargard\/wp-content\/uploads\/2022\/05\/firany-i-zaslony-radimar-1030x1030.webp 1030w, https:\/\/sklepwnetrz.pl\/salonstargard\/wp-content\/uploads\/2022\/05\/firany-i-zaslony-radimar-300x300.webp 300w, https:\/\/sklepwnetrz.pl\/salonstargard\/wp-content\/uploads\/2022\/05\/firany-i-zaslony-radimar-80x80.webp 80w, https:\/\/sklepwnetrz.pl\/salonstargard\/wp-content\/uploads\/2022\/05\/firany-i-zaslony-radimar-768x768.webp 768w, https:\/\/sklepwnetrz.pl\/salonstargard\/wp-content\/uploads\/2022\/05\/firany-i-zaslony-radimar-36x36.webp 36w, https:\/\/sklepwnetrz.pl\/salonstargard\/wp-content\/uploads\/2022\/05\/firany-i-zaslony-radimar-180x180.webp 180w, https:\/\/sklepwnetrz.pl\/salonstargard\/wp-content\/uploads\/2022\/05\/firany-i-zaslony-radimar-705x705.webp 705w, https:\/\/sklepwnetrz.pl\/salonstargard\/wp-content\/uploads\/2022\/05\/firany-i-zaslony-radimar.webp 1080w\" data-sizes=\"(max-width: 1030px) 100vw, 1030px\" data-rel='gallery-2' data-prev-img='https:\/\/sklepwnetrz.pl\/salonstargard\/wp-content\/uploads\/2022\/05\/firany-i-zaslony-radimar-495x400.webp' class='lightbox ' data-onclick='3' title=''  itemprop=\"thumbnailUrl\"  ><img decoding=\"async\" class=\"wp-image-1277 avia-img-lazy-loading-not-1277\"   src=\"https:\/\/sklepwnetrz.pl\/salonstargard\/wp-content\/uploads\/2022\/05\/firany-i-zaslony-radimar-495x400.webp\" width=\"495\" height=\"400\"  title='firany i zas\u0142ony radimar' alt='' srcset=\"https:\/\/sklepwnetrz.pl\/salonstargard\/wp-content\/uploads\/2022\/05\/firany-i-zaslony-radimar-495x400.webp 495w, https:\/\/sklepwnetrz.pl\/salonstargard\/wp-content\/uploads\/2022\/05\/firany-i-zaslony-radimar-845x684.webp 845w\" sizes=\"(max-width: 495px) 100vw, 495px\" \/><\/a> <a href=\"https:\/\/sklepwnetrz.pl\/salonstargard\/wp-content\/uploads\/2022\/05\/buffka2-1030x1030.webp\" data-srcset=\"https:\/\/sklepwnetrz.pl\/salonstargard\/wp-content\/uploads\/2022\/05\/buffka2-1030x1030.webp 1030w, https:\/\/sklepwnetrz.pl\/salonstargard\/wp-content\/uploads\/2022\/05\/buffka2-300x300.webp 300w, https:\/\/sklepwnetrz.pl\/salonstargard\/wp-content\/uploads\/2022\/05\/buffka2-80x80.webp 80w, https:\/\/sklepwnetrz.pl\/salonstargard\/wp-content\/uploads\/2022\/05\/buffka2-768x768.webp 768w, https:\/\/sklepwnetrz.pl\/salonstargard\/wp-content\/uploads\/2022\/05\/buffka2-36x36.webp 36w, https:\/\/sklepwnetrz.pl\/salonstargard\/wp-content\/uploads\/2022\/05\/buffka2-180x180.webp 180w, https:\/\/sklepwnetrz.pl\/salonstargard\/wp-content\/uploads\/2022\/05\/buffka2-705x705.webp 705w, https:\/\/sklepwnetrz.pl\/salonstargard\/wp-content\/uploads\/2022\/05\/buffka2.webp 1080w\" data-sizes=\"(max-width: 1030px) 100vw, 1030px\" data-rel='gallery-2' data-prev-img='https:\/\/sklepwnetrz.pl\/salonstargard\/wp-content\/uploads\/2022\/05\/buffka2-495x400.webp' class='lightbox ' data-onclick='4' title=''  itemprop=\"thumbnailUrl\"  ><img decoding=\"async\" class=\"wp-image-1272 avia-img-lazy-loading-not-1272\"   src=\"https:\/\/sklepwnetrz.pl\/salonstargard\/wp-content\/uploads\/2022\/05\/buffka2-495x400.webp\" width=\"495\" height=\"400\"  title='buffka2' alt='' srcset=\"https:\/\/sklepwnetrz.pl\/salonstargard\/wp-content\/uploads\/2022\/05\/buffka2-495x400.webp 495w, https:\/\/sklepwnetrz.pl\/salonstargard\/wp-content\/uploads\/2022\/05\/buffka2-845x684.webp 845w\" sizes=\"(max-width: 495px) 100vw, 495px\" \/><\/a> <a href=\"https:\/\/sklepwnetrz.pl\/salonstargard\/wp-content\/uploads\/2022\/05\/zakladana2-1030x1030.webp\" data-srcset=\"https:\/\/sklepwnetrz.pl\/salonstargard\/wp-content\/uploads\/2022\/05\/zakladana2-1030x1030.webp 1030w, https:\/\/sklepwnetrz.pl\/salonstargard\/wp-content\/uploads\/2022\/05\/zakladana2-300x300.webp 300w, https:\/\/sklepwnetrz.pl\/salonstargard\/wp-content\/uploads\/2022\/05\/zakladana2-80x80.webp 80w, https:\/\/sklepwnetrz.pl\/salonstargard\/wp-content\/uploads\/2022\/05\/zakladana2-768x768.webp 768w, https:\/\/sklepwnetrz.pl\/salonstargard\/wp-content\/uploads\/2022\/05\/zakladana2-36x36.webp 36w, https:\/\/sklepwnetrz.pl\/salonstargard\/wp-content\/uploads\/2022\/05\/zakladana2-180x180.webp 180w, https:\/\/sklepwnetrz.pl\/salonstargard\/wp-content\/uploads\/2022\/05\/zakladana2-705x705.webp 705w, https:\/\/sklepwnetrz.pl\/salonstargard\/wp-content\/uploads\/2022\/05\/zakladana2.webp 1080w\" data-sizes=\"(max-width: 1030px) 100vw, 1030px\" data-rel='gallery-2' data-prev-img='https:\/\/sklepwnetrz.pl\/salonstargard\/wp-content\/uploads\/2022\/05\/zakladana2-495x400.webp' class='lightbox ' data-onclick='5' title=''  itemprop=\"thumbnailUrl\"  ><img decoding=\"async\" class=\"wp-image-1279 avia-img-lazy-loading-not-1279\"   src=\"https:\/\/sklepwnetrz.pl\/salonstargard\/wp-content\/uploads\/2022\/05\/zakladana2-495x400.webp\" width=\"495\" height=\"400\"  title='zak\u0142adana2' alt='' srcset=\"https:\/\/sklepwnetrz.pl\/salonstargard\/wp-content\/uploads\/2022\/05\/zakladana2-495x400.webp 495w, https:\/\/sklepwnetrz.pl\/salonstargard\/wp-content\/uploads\/2022\/05\/zakladana2-845x684.webp 845w\" sizes=\"(max-width: 495px) 100vw, 495px\" \/><\/a> <a href=\"https:\/\/sklepwnetrz.pl\/salonstargard\/wp-content\/uploads\/2022\/05\/FIRANY-I-ZASLONY-p.JONNA2_-1030x1030.webp\" data-srcset=\"https:\/\/sklepwnetrz.pl\/salonstargard\/wp-content\/uploads\/2022\/05\/FIRANY-I-ZASLONY-p.JONNA2_-1030x1030.webp 1030w, https:\/\/sklepwnetrz.pl\/salonstargard\/wp-content\/uploads\/2022\/05\/FIRANY-I-ZASLONY-p.JONNA2_-300x300.webp 300w, https:\/\/sklepwnetrz.pl\/salonstargard\/wp-content\/uploads\/2022\/05\/FIRANY-I-ZASLONY-p.JONNA2_-80x80.webp 80w, https:\/\/sklepwnetrz.pl\/salonstargard\/wp-content\/uploads\/2022\/05\/FIRANY-I-ZASLONY-p.JONNA2_-768x768.webp 768w, https:\/\/sklepwnetrz.pl\/salonstargard\/wp-content\/uploads\/2022\/05\/FIRANY-I-ZASLONY-p.JONNA2_-36x36.webp 36w, https:\/\/sklepwnetrz.pl\/salonstargard\/wp-content\/uploads\/2022\/05\/FIRANY-I-ZASLONY-p.JONNA2_-180x180.webp 180w, https:\/\/sklepwnetrz.pl\/salonstargard\/wp-content\/uploads\/2022\/05\/FIRANY-I-ZASLONY-p.JONNA2_-705x705.webp 705w, https:\/\/sklepwnetrz.pl\/salonstargard\/wp-content\/uploads\/2022\/05\/FIRANY-I-ZASLONY-p.JONNA2_.webp 1080w\" data-sizes=\"(max-width: 1030px) 100vw, 1030px\" data-rel='gallery-2' data-prev-img='https:\/\/sklepwnetrz.pl\/salonstargard\/wp-content\/uploads\/2022\/05\/FIRANY-I-ZASLONY-p.JONNA2_-495x400.webp' class='first_thumb lightbox ' data-onclick='6' title=''  itemprop=\"thumbnailUrl\"  ><img decoding=\"async\" class=\"wp-image-1276 avia-img-lazy-loading-not-1276\"   src=\"https:\/\/sklepwnetrz.pl\/salonstargard\/wp-content\/uploads\/2022\/05\/FIRANY-I-ZASLONY-p.JONNA2_-495x400.webp\" width=\"495\" height=\"400\"  title='FIRANY I ZAS\u0141ONY p.JONNA2' alt='' srcset=\"https:\/\/sklepwnetrz.pl\/salonstargard\/wp-content\/uploads\/2022\/05\/FIRANY-I-ZASLONY-p.JONNA2_-495x400.webp 495w, https:\/\/sklepwnetrz.pl\/salonstargard\/wp-content\/uploads\/2022\/05\/FIRANY-I-ZASLONY-p.JONNA2_-845x684.webp 845w\" sizes=\"(max-width: 495px) 100vw, 495px\" \/><\/a> <a href=\"https:\/\/sklepwnetrz.pl\/salonstargard\/wp-content\/uploads\/2022\/05\/panel10-1030x1030.webp\" data-srcset=\"https:\/\/sklepwnetrz.pl\/salonstargard\/wp-content\/uploads\/2022\/05\/panel10-1030x1030.webp 1030w, https:\/\/sklepwnetrz.pl\/salonstargard\/wp-content\/uploads\/2022\/05\/panel10-300x300.webp 300w, https:\/\/sklepwnetrz.pl\/salonstargard\/wp-content\/uploads\/2022\/05\/panel10-80x80.webp 80w, https:\/\/sklepwnetrz.pl\/salonstargard\/wp-content\/uploads\/2022\/05\/panel10-768x768.webp 768w, https:\/\/sklepwnetrz.pl\/salonstargard\/wp-content\/uploads\/2022\/05\/panel10-36x36.webp 36w, https:\/\/sklepwnetrz.pl\/salonstargard\/wp-content\/uploads\/2022\/05\/panel10-180x180.webp 180w, https:\/\/sklepwnetrz.pl\/salonstargard\/wp-content\/uploads\/2022\/05\/panel10-705x705.webp 705w, https:\/\/sklepwnetrz.pl\/salonstargard\/wp-content\/uploads\/2022\/05\/panel10.webp 1080w\" data-sizes=\"(max-width: 1030px) 100vw, 1030px\" data-rel='gallery-2' data-prev-img='https:\/\/sklepwnetrz.pl\/salonstargard\/wp-content\/uploads\/2022\/05\/panel10-495x400.webp' class='lightbox ' data-onclick='7' title=''  itemprop=\"thumbnailUrl\"  ><img decoding=\"async\" class=\"wp-image-1278 avia-img-lazy-loading-not-1278\"   src=\"https:\/\/sklepwnetrz.pl\/salonstargard\/wp-content\/uploads\/2022\/05\/panel10-495x400.webp\" width=\"495\" height=\"400\"  title='panel10' alt='' srcset=\"https:\/\/sklepwnetrz.pl\/salonstargard\/wp-content\/uploads\/2022\/05\/panel10-495x400.webp 495w, https:\/\/sklepwnetrz.pl\/salonstargard\/wp-content\/uploads\/2022\/05\/panel10-845x684.webp 845w\" sizes=\"(max-width: 495px) 100vw, 495px\" \/><\/a> <a href=\"https:\/\/sklepwnetrz.pl\/salonstargard\/wp-content\/uploads\/2022\/05\/firana5-1030x1030.webp\" data-srcset=\"https:\/\/sklepwnetrz.pl\/salonstargard\/wp-content\/uploads\/2022\/05\/firana5-1030x1030.webp 1030w, https:\/\/sklepwnetrz.pl\/salonstargard\/wp-content\/uploads\/2022\/05\/firana5-300x300.webp 300w, https:\/\/sklepwnetrz.pl\/salonstargard\/wp-content\/uploads\/2022\/05\/firana5-80x80.webp 80w, https:\/\/sklepwnetrz.pl\/salonstargard\/wp-content\/uploads\/2022\/05\/firana5-768x768.webp 768w, https:\/\/sklepwnetrz.pl\/salonstargard\/wp-content\/uploads\/2022\/05\/firana5-36x36.webp 36w, https:\/\/sklepwnetrz.pl\/salonstargard\/wp-content\/uploads\/2022\/05\/firana5-180x180.webp 180w, https:\/\/sklepwnetrz.pl\/salonstargard\/wp-content\/uploads\/2022\/05\/firana5-705x705.webp 705w, https:\/\/sklepwnetrz.pl\/salonstargard\/wp-content\/uploads\/2022\/05\/firana5.webp 1080w\" data-sizes=\"(max-width: 1030px) 100vw, 1030px\" data-rel='gallery-2' data-prev-img='https:\/\/sklepwnetrz.pl\/salonstargard\/wp-content\/uploads\/2022\/05\/firana5-495x400.webp' class='lightbox ' data-onclick='8' title=''  itemprop=\"thumbnailUrl\"  ><img decoding=\"async\" class=\"wp-image-1273 avia-img-lazy-loading-not-1273\"   src=\"https:\/\/sklepwnetrz.pl\/salonstargard\/wp-content\/uploads\/2022\/05\/firana5-495x400.webp\" width=\"495\" height=\"400\"  title='firana5' alt='' srcset=\"https:\/\/sklepwnetrz.pl\/salonstargard\/wp-content\/uploads\/2022\/05\/firana5-495x400.webp 495w, https:\/\/sklepwnetrz.pl\/salonstargard\/wp-content\/uploads\/2022\/05\/firana5-845x684.webp 845w\" sizes=\"(max-width: 495px) 100vw, 495px\" \/><\/a> <a href=\"https:\/\/sklepwnetrz.pl\/salonstargard\/wp-content\/uploads\/2022\/04\/rolety-na-okno-radimar-1030x1030.webp\" data-srcset=\"https:\/\/sklepwnetrz.pl\/salonstargard\/wp-content\/uploads\/2022\/04\/rolety-na-okno-radimar-1030x1030.webp 1030w, https:\/\/sklepwnetrz.pl\/salonstargard\/wp-content\/uploads\/2022\/04\/rolety-na-okno-radimar-300x300.webp 300w, https:\/\/sklepwnetrz.pl\/salonstargard\/wp-content\/uploads\/2022\/04\/rolety-na-okno-radimar-80x80.webp 80w, https:\/\/sklepwnetrz.pl\/salonstargard\/wp-content\/uploads\/2022\/04\/rolety-na-okno-radimar-768x768.webp 768w, https:\/\/sklepwnetrz.pl\/salonstargard\/wp-content\/uploads\/2022\/04\/rolety-na-okno-radimar-36x36.webp 36w, https:\/\/sklepwnetrz.pl\/salonstargard\/wp-content\/uploads\/2022\/04\/rolety-na-okno-radimar-180x180.webp 180w, https:\/\/sklepwnetrz.pl\/salonstargard\/wp-content\/uploads\/2022\/04\/rolety-na-okno-radimar-705x705.webp 705w, https:\/\/sklepwnetrz.pl\/salonstargard\/wp-content\/uploads\/2022\/04\/rolety-na-okno-radimar.webp 1200w\" data-sizes=\"(max-width: 1030px) 100vw, 1030px\" data-rel='gallery-2' data-prev-img='https:\/\/sklepwnetrz.pl\/salonstargard\/wp-content\/uploads\/2022\/04\/rolety-na-okno-radimar-495x400.webp' class='lightbox ' data-onclick='9' title=''  itemprop=\"thumbnailUrl\"  ><img decoding=\"async\" class=\"wp-image-1241 avia-img-lazy-loading-not-1241\"   src=\"https:\/\/sklepwnetrz.pl\/salonstargard\/wp-content\/uploads\/2022\/04\/rolety-na-okno-radimar-495x400.webp\" width=\"495\" height=\"400\"  title='rolety na okno radimar' alt='' srcset=\"https:\/\/sklepwnetrz.pl\/salonstargard\/wp-content\/uploads\/2022\/04\/rolety-na-okno-radimar-495x400.webp 495w, https:\/\/sklepwnetrz.pl\/salonstargard\/wp-content\/uploads\/2022\/04\/rolety-na-okno-radimar-845x684.webp 845w\" sizes=\"(max-width: 495px) 100vw, 495px\" \/><\/a> <a href=\"https:\/\/sklepwnetrz.pl\/salonstargard\/wp-content\/uploads\/2022\/04\/zaslony-radimar-1030x1030.webp\" data-srcset=\"https:\/\/sklepwnetrz.pl\/salonstargard\/wp-content\/uploads\/2022\/04\/zaslony-radimar-1030x1030.webp 1030w, https:\/\/sklepwnetrz.pl\/salonstargard\/wp-content\/uploads\/2022\/04\/zaslony-radimar-300x300.webp 300w, https:\/\/sklepwnetrz.pl\/salonstargard\/wp-content\/uploads\/2022\/04\/zaslony-radimar-80x80.webp 80w, https:\/\/sklepwnetrz.pl\/salonstargard\/wp-content\/uploads\/2022\/04\/zaslony-radimar-768x768.webp 768w, https:\/\/sklepwnetrz.pl\/salonstargard\/wp-content\/uploads\/2022\/04\/zaslony-radimar-36x36.webp 36w, https:\/\/sklepwnetrz.pl\/salonstargard\/wp-content\/uploads\/2022\/04\/zaslony-radimar-180x180.webp 180w, https:\/\/sklepwnetrz.pl\/salonstargard\/wp-content\/uploads\/2022\/04\/zaslony-radimar-705x705.webp 705w, https:\/\/sklepwnetrz.pl\/salonstargard\/wp-content\/uploads\/2022\/04\/zaslony-radimar.webp 1200w\" data-sizes=\"(max-width: 1030px) 100vw, 1030px\" data-rel='gallery-2' data-prev-img='https:\/\/sklepwnetrz.pl\/salonstargard\/wp-content\/uploads\/2022\/04\/zaslony-radimar-495x400.webp' class='lightbox ' data-onclick='10' title=''  itemprop=\"thumbnailUrl\"  ><img decoding=\"async\" class=\"wp-image-1242 avia-img-lazy-loading-not-1242\"   src=\"https:\/\/sklepwnetrz.pl\/salonstargard\/wp-content\/uploads\/2022\/04\/zaslony-radimar-495x400.webp\" width=\"495\" height=\"400\"  title='zas\u0142ony radimar' alt='' srcset=\"https:\/\/sklepwnetrz.pl\/salonstargard\/wp-content\/uploads\/2022\/04\/zaslony-radimar-495x400.webp 495w, https:\/\/sklepwnetrz.pl\/salonstargard\/wp-content\/uploads\/2022\/04\/zaslony-radimar-845x684.webp 845w\" sizes=\"(max-width: 495px) 100vw, 495px\" \/><\/a> <a href=\"https:\/\/sklepwnetrz.pl\/salonstargard\/wp-content\/uploads\/2022\/04\/firany-i-zaslony-rolety-radimar-1030x824.webp\" data-srcset=\"https:\/\/sklepwnetrz.pl\/salonstargard\/wp-content\/uploads\/2022\/04\/firany-i-zaslony-rolety-radimar-1030x824.webp 1030w, https:\/\/sklepwnetrz.pl\/salonstargard\/wp-content\/uploads\/2022\/04\/firany-i-zaslony-rolety-radimar-300x240.webp 300w, https:\/\/sklepwnetrz.pl\/salonstargard\/wp-content\/uploads\/2022\/04\/firany-i-zaslony-rolety-radimar-768x614.webp 768w, https:\/\/sklepwnetrz.pl\/salonstargard\/wp-content\/uploads\/2022\/04\/firany-i-zaslony-rolety-radimar-705x564.webp 705w, https:\/\/sklepwnetrz.pl\/salonstargard\/wp-content\/uploads\/2022\/04\/firany-i-zaslony-rolety-radimar.webp 1200w\" data-sizes=\"(max-width: 1030px) 100vw, 1030px\" data-rel='gallery-2' data-prev-img='https:\/\/sklepwnetrz.pl\/salonstargard\/wp-content\/uploads\/2022\/04\/firany-i-zaslony-rolety-radimar-495x400.webp' class='first_thumb lightbox ' data-onclick='11' title=''  itemprop=\"thumbnailUrl\"  ><img decoding=\"async\" class=\"wp-image-1236 avia-img-lazy-loading-not-1236\"   src=\"https:\/\/sklepwnetrz.pl\/salonstargard\/wp-content\/uploads\/2022\/04\/firany-i-zaslony-rolety-radimar-495x400.webp\" width=\"495\" height=\"400\"  title='firany i zaslony rolety radimar' alt='' srcset=\"https:\/\/sklepwnetrz.pl\/salonstargard\/wp-content\/uploads\/2022\/04\/firany-i-zaslony-rolety-radimar-495x400.webp 495w, https:\/\/sklepwnetrz.pl\/salonstargard\/wp-content\/uploads\/2022\/04\/firany-i-zaslony-rolety-radimar-845x684.webp 845w\" sizes=\"(max-width: 495px) 100vw, 495px\" \/><\/a> <a href=\"https:\/\/sklepwnetrz.pl\/salonstargard\/wp-content\/uploads\/2022\/04\/20220419_1339171-1030x773.webp\" data-srcset=\"https:\/\/sklepwnetrz.pl\/salonstargard\/wp-content\/uploads\/2022\/04\/20220419_1339171-1030x773.webp 1030w, https:\/\/sklepwnetrz.pl\/salonstargard\/wp-content\/uploads\/2022\/04\/20220419_1339171-300x225.webp 300w, https:\/\/sklepwnetrz.pl\/salonstargard\/wp-content\/uploads\/2022\/04\/20220419_1339171-768x576.webp 768w, https:\/\/sklepwnetrz.pl\/salonstargard\/wp-content\/uploads\/2022\/04\/20220419_1339171-1536x1152.webp 1536w, https:\/\/sklepwnetrz.pl\/salonstargard\/wp-content\/uploads\/2022\/04\/20220419_1339171-2048x1536.webp 2048w, https:\/\/sklepwnetrz.pl\/salonstargard\/wp-content\/uploads\/2022\/04\/20220419_1339171-1500x1125.webp 1500w, https:\/\/sklepwnetrz.pl\/salonstargard\/wp-content\/uploads\/2022\/04\/20220419_1339171-705x529.webp 705w\" data-sizes=\"(max-width: 1030px) 100vw, 1030px\" data-rel='gallery-2' data-prev-img='https:\/\/sklepwnetrz.pl\/salonstargard\/wp-content\/uploads\/2022\/04\/20220419_1339171-495x400.webp' class='lightbox ' data-onclick='12' title=''  itemprop=\"thumbnailUrl\"  ><img decoding=\"async\" class=\"wp-image-1231 avia-img-lazy-loading-not-1231\"   src=\"https:\/\/sklepwnetrz.pl\/salonstargard\/wp-content\/uploads\/2022\/04\/20220419_1339171-495x400.webp\" width=\"495\" height=\"400\"  title='20220419_1339171' alt='' srcset=\"https:\/\/sklepwnetrz.pl\/salonstargard\/wp-content\/uploads\/2022\/04\/20220419_1339171-495x400.webp 495w, https:\/\/sklepwnetrz.pl\/salonstargard\/wp-content\/uploads\/2022\/04\/20220419_1339171-845x684.webp 845w\" sizes=\"(max-width: 495px) 100vw, 495px\" \/><\/a> <a href=\"https:\/\/sklepwnetrz.pl\/salonstargard\/wp-content\/uploads\/2022\/04\/ZALUZJE-DREWNIANE-RADIMAR-984x1030.webp\" data-srcset=\"https:\/\/sklepwnetrz.pl\/salonstargard\/wp-content\/uploads\/2022\/04\/ZALUZJE-DREWNIANE-RADIMAR-984x1030.webp 984w, https:\/\/sklepwnetrz.pl\/salonstargard\/wp-content\/uploads\/2022\/04\/ZALUZJE-DREWNIANE-RADIMAR-287x300.webp 287w, https:\/\/sklepwnetrz.pl\/salonstargard\/wp-content\/uploads\/2022\/04\/ZALUZJE-DREWNIANE-RADIMAR-768x804.webp 768w, https:\/\/sklepwnetrz.pl\/salonstargard\/wp-content\/uploads\/2022\/04\/ZALUZJE-DREWNIANE-RADIMAR-1467x1536.webp 1467w, https:\/\/sklepwnetrz.pl\/salonstargard\/wp-content\/uploads\/2022\/04\/ZALUZJE-DREWNIANE-RADIMAR-1957x2048.webp 1957w, https:\/\/sklepwnetrz.pl\/salonstargard\/wp-content\/uploads\/2022\/04\/ZALUZJE-DREWNIANE-RADIMAR-1433x1500.webp 1433w, https:\/\/sklepwnetrz.pl\/salonstargard\/wp-content\/uploads\/2022\/04\/ZALUZJE-DREWNIANE-RADIMAR-674x705.webp 674w\" data-sizes=\"(max-width: 984px) 100vw, 984px\" data-rel='gallery-2' data-prev-img='https:\/\/sklepwnetrz.pl\/salonstargard\/wp-content\/uploads\/2022\/04\/ZALUZJE-DREWNIANE-RADIMAR-495x400.webp' class='lightbox ' data-onclick='13' title=''  itemprop=\"thumbnailUrl\"  ><img decoding=\"async\" class=\"wp-image-1222 avia-img-lazy-loading-not-1222\"   src=\"https:\/\/sklepwnetrz.pl\/salonstargard\/wp-content\/uploads\/2022\/04\/ZALUZJE-DREWNIANE-RADIMAR-495x400.webp\" width=\"495\" height=\"400\"  title='\u017bALUZJE DREWNIANE RADIMAR' alt='' srcset=\"https:\/\/sklepwnetrz.pl\/salonstargard\/wp-content\/uploads\/2022\/04\/ZALUZJE-DREWNIANE-RADIMAR-495x400.webp 495w, https:\/\/sklepwnetrz.pl\/salonstargard\/wp-content\/uploads\/2022\/04\/ZALUZJE-DREWNIANE-RADIMAR-845x684.webp 845w\" sizes=\"(max-width: 495px) 100vw, 495px\" \/><\/a> <a href=\"https:\/\/sklepwnetrz.pl\/salonstargard\/wp-content\/uploads\/2022\/04\/ZALUZJE-DREWNIANE-4-RADIMAR-1030x1030.webp\" data-srcset=\"https:\/\/sklepwnetrz.pl\/salonstargard\/wp-content\/uploads\/2022\/04\/ZALUZJE-DREWNIANE-4-RADIMAR-1030x1030.webp 1030w, https:\/\/sklepwnetrz.pl\/salonstargard\/wp-content\/uploads\/2022\/04\/ZALUZJE-DREWNIANE-4-RADIMAR-300x300.webp 300w, https:\/\/sklepwnetrz.pl\/salonstargard\/wp-content\/uploads\/2022\/04\/ZALUZJE-DREWNIANE-4-RADIMAR-80x80.webp 80w, https:\/\/sklepwnetrz.pl\/salonstargard\/wp-content\/uploads\/2022\/04\/ZALUZJE-DREWNIANE-4-RADIMAR-768x768.webp 768w, https:\/\/sklepwnetrz.pl\/salonstargard\/wp-content\/uploads\/2022\/04\/ZALUZJE-DREWNIANE-4-RADIMAR-36x36.webp 36w, https:\/\/sklepwnetrz.pl\/salonstargard\/wp-content\/uploads\/2022\/04\/ZALUZJE-DREWNIANE-4-RADIMAR-180x180.webp 180w, https:\/\/sklepwnetrz.pl\/salonstargard\/wp-content\/uploads\/2022\/04\/ZALUZJE-DREWNIANE-4-RADIMAR-705x705.webp 705w, https:\/\/sklepwnetrz.pl\/salonstargard\/wp-content\/uploads\/2022\/04\/ZALUZJE-DREWNIANE-4-RADIMAR.webp 1200w\" data-sizes=\"(max-width: 1030px) 100vw, 1030px\" data-rel='gallery-2' data-prev-img='https:\/\/sklepwnetrz.pl\/salonstargard\/wp-content\/uploads\/2022\/04\/ZALUZJE-DREWNIANE-4-RADIMAR-495x400.webp' class='lightbox ' data-onclick='14' title=''  itemprop=\"thumbnailUrl\"  ><img decoding=\"async\" class=\"wp-image-1212 avia-img-lazy-loading-not-1212\"   src=\"https:\/\/sklepwnetrz.pl\/salonstargard\/wp-content\/uploads\/2022\/04\/ZALUZJE-DREWNIANE-4-RADIMAR-495x400.webp\" width=\"495\" height=\"400\"  title='\u017bALUZJE DREWNIANE 4 RADIMAR' alt='' srcset=\"https:\/\/sklepwnetrz.pl\/salonstargard\/wp-content\/uploads\/2022\/04\/ZALUZJE-DREWNIANE-4-RADIMAR-495x400.webp 495w, https:\/\/sklepwnetrz.pl\/salonstargard\/wp-content\/uploads\/2022\/04\/ZALUZJE-DREWNIANE-4-RADIMAR-845x684.webp 845w\" sizes=\"(max-width: 495px) 100vw, 495px\" \/><\/a> <a href=\"https:\/\/sklepwnetrz.pl\/salonstargard\/wp-content\/uploads\/2022\/04\/FIRANY-ROLETY-RZYMSKIE-RADIMAR16-1030x1030.webp\" data-srcset=\"https:\/\/sklepwnetrz.pl\/salonstargard\/wp-content\/uploads\/2022\/04\/FIRANY-ROLETY-RZYMSKIE-RADIMAR16-1030x1030.webp 1030w, https:\/\/sklepwnetrz.pl\/salonstargard\/wp-content\/uploads\/2022\/04\/FIRANY-ROLETY-RZYMSKIE-RADIMAR16-300x300.webp 300w, https:\/\/sklepwnetrz.pl\/salonstargard\/wp-content\/uploads\/2022\/04\/FIRANY-ROLETY-RZYMSKIE-RADIMAR16-80x80.webp 80w, https:\/\/sklepwnetrz.pl\/salonstargard\/wp-content\/uploads\/2022\/04\/FIRANY-ROLETY-RZYMSKIE-RADIMAR16-768x768.webp 768w, https:\/\/sklepwnetrz.pl\/salonstargard\/wp-content\/uploads\/2022\/04\/FIRANY-ROLETY-RZYMSKIE-RADIMAR16-36x36.webp 36w, https:\/\/sklepwnetrz.pl\/salonstargard\/wp-content\/uploads\/2022\/04\/FIRANY-ROLETY-RZYMSKIE-RADIMAR16-180x180.webp 180w, https:\/\/sklepwnetrz.pl\/salonstargard\/wp-content\/uploads\/2022\/04\/FIRANY-ROLETY-RZYMSKIE-RADIMAR16-705x705.webp 705w, https:\/\/sklepwnetrz.pl\/salonstargard\/wp-content\/uploads\/2022\/04\/FIRANY-ROLETY-RZYMSKIE-RADIMAR16.webp 1200w\" data-sizes=\"(max-width: 1030px) 100vw, 1030px\" data-rel='gallery-2' data-prev-img='https:\/\/sklepwnetrz.pl\/salonstargard\/wp-content\/uploads\/2022\/04\/FIRANY-ROLETY-RZYMSKIE-RADIMAR16-495x400.webp' class='lightbox ' data-onclick='15' title=''  itemprop=\"thumbnailUrl\"  ><img decoding=\"async\" class=\"wp-image-1207 avia-img-lazy-loading-not-1207\"   src=\"https:\/\/sklepwnetrz.pl\/salonstargard\/wp-content\/uploads\/2022\/04\/FIRANY-ROLETY-RZYMSKIE-RADIMAR16-495x400.webp\" width=\"495\" height=\"400\"  title='FIRANY ROLETY RZYMSKIE RADIMAR16' alt='' srcset=\"https:\/\/sklepwnetrz.pl\/salonstargard\/wp-content\/uploads\/2022\/04\/FIRANY-ROLETY-RZYMSKIE-RADIMAR16-495x400.webp 495w, https:\/\/sklepwnetrz.pl\/salonstargard\/wp-content\/uploads\/2022\/04\/FIRANY-ROLETY-RZYMSKIE-RADIMAR16-845x684.webp 845w\" sizes=\"(max-width: 495px) 100vw, 495px\" \/><\/a> <a href=\"https:\/\/sklepwnetrz.pl\/salonstargard\/wp-content\/uploads\/2022\/04\/FIRANY-I-ZASLONY-RADIMAR13-1030x1030.webp\" data-srcset=\"https:\/\/sklepwnetrz.pl\/salonstargard\/wp-content\/uploads\/2022\/04\/FIRANY-I-ZASLONY-RADIMAR13-1030x1030.webp 1030w, https:\/\/sklepwnetrz.pl\/salonstargard\/wp-content\/uploads\/2022\/04\/FIRANY-I-ZASLONY-RADIMAR13-300x300.webp 300w, https:\/\/sklepwnetrz.pl\/salonstargard\/wp-content\/uploads\/2022\/04\/FIRANY-I-ZASLONY-RADIMAR13-80x80.webp 80w, https:\/\/sklepwnetrz.pl\/salonstargard\/wp-content\/uploads\/2022\/04\/FIRANY-I-ZASLONY-RADIMAR13-768x768.webp 768w, https:\/\/sklepwnetrz.pl\/salonstargard\/wp-content\/uploads\/2022\/04\/FIRANY-I-ZASLONY-RADIMAR13-36x36.webp 36w, https:\/\/sklepwnetrz.pl\/salonstargard\/wp-content\/uploads\/2022\/04\/FIRANY-I-ZASLONY-RADIMAR13-180x180.webp 180w, https:\/\/sklepwnetrz.pl\/salonstargard\/wp-content\/uploads\/2022\/04\/FIRANY-I-ZASLONY-RADIMAR13-705x705.webp 705w, https:\/\/sklepwnetrz.pl\/salonstargard\/wp-content\/uploads\/2022\/04\/FIRANY-I-ZASLONY-RADIMAR13.webp 1200w\" data-sizes=\"(max-width: 1030px) 100vw, 1030px\" data-rel='gallery-2' data-prev-img='https:\/\/sklepwnetrz.pl\/salonstargard\/wp-content\/uploads\/2022\/04\/FIRANY-I-ZASLONY-RADIMAR13-495x400.webp' class='first_thumb lightbox ' data-onclick='16' title=''  itemprop=\"thumbnailUrl\"  ><img decoding=\"async\" class=\"wp-image-1205 avia-img-lazy-loading-not-1205\"   src=\"https:\/\/sklepwnetrz.pl\/salonstargard\/wp-content\/uploads\/2022\/04\/FIRANY-I-ZASLONY-RADIMAR13-495x400.webp\" width=\"495\" height=\"400\"  title='FIRANY I ZAS\u0141ONY RADIMAR13' alt='' srcset=\"https:\/\/sklepwnetrz.pl\/salonstargard\/wp-content\/uploads\/2022\/04\/FIRANY-I-ZASLONY-RADIMAR13-495x400.webp 495w, https:\/\/sklepwnetrz.pl\/salonstargard\/wp-content\/uploads\/2022\/04\/FIRANY-I-ZASLONY-RADIMAR13-845x684.webp 845w\" sizes=\"(max-width: 495px) 100vw, 495px\" \/><\/a> <a href=\"https:\/\/sklepwnetrz.pl\/salonstargard\/wp-content\/uploads\/2022\/04\/FIRANY-I-ZASLONY-RADIMAR4-1030x1030.webp\" data-srcset=\"https:\/\/sklepwnetrz.pl\/salonstargard\/wp-content\/uploads\/2022\/04\/FIRANY-I-ZASLONY-RADIMAR4-1030x1030.webp 1030w, https:\/\/sklepwnetrz.pl\/salonstargard\/wp-content\/uploads\/2022\/04\/FIRANY-I-ZASLONY-RADIMAR4-300x300.webp 300w, https:\/\/sklepwnetrz.pl\/salonstargard\/wp-content\/uploads\/2022\/04\/FIRANY-I-ZASLONY-RADIMAR4-80x80.webp 80w, https:\/\/sklepwnetrz.pl\/salonstargard\/wp-content\/uploads\/2022\/04\/FIRANY-I-ZASLONY-RADIMAR4-768x768.webp 768w, https:\/\/sklepwnetrz.pl\/salonstargard\/wp-content\/uploads\/2022\/04\/FIRANY-I-ZASLONY-RADIMAR4-36x36.webp 36w, https:\/\/sklepwnetrz.pl\/salonstargard\/wp-content\/uploads\/2022\/04\/FIRANY-I-ZASLONY-RADIMAR4-180x180.webp 180w, https:\/\/sklepwnetrz.pl\/salonstargard\/wp-content\/uploads\/2022\/04\/FIRANY-I-ZASLONY-RADIMAR4-705x705.webp 705w, https:\/\/sklepwnetrz.pl\/salonstargard\/wp-content\/uploads\/2022\/04\/FIRANY-I-ZASLONY-RADIMAR4.webp 1200w\" data-sizes=\"(max-width: 1030px) 100vw, 1030px\" data-rel='gallery-2' data-prev-img='https:\/\/sklepwnetrz.pl\/salonstargard\/wp-content\/uploads\/2022\/04\/FIRANY-I-ZASLONY-RADIMAR4-495x400.webp' class='lightbox ' data-onclick='17' title=''  itemprop=\"thumbnailUrl\"  ><img decoding=\"async\" class=\"wp-image-1196 avia-img-lazy-loading-not-1196\"   src=\"https:\/\/sklepwnetrz.pl\/salonstargard\/wp-content\/uploads\/2022\/04\/FIRANY-I-ZASLONY-RADIMAR4-495x400.webp\" width=\"495\" height=\"400\"  title='FIRANY I ZAS\u0141ONY RADIMAR4' alt='' srcset=\"https:\/\/sklepwnetrz.pl\/salonstargard\/wp-content\/uploads\/2022\/04\/FIRANY-I-ZASLONY-RADIMAR4-495x400.webp 495w, https:\/\/sklepwnetrz.pl\/salonstargard\/wp-content\/uploads\/2022\/04\/FIRANY-I-ZASLONY-RADIMAR4-845x684.webp 845w\" sizes=\"(max-width: 495px) 100vw, 495px\" \/><\/a> <a href=\"https:\/\/sklepwnetrz.pl\/salonstargard\/wp-content\/uploads\/2022\/02\/zaslony-w-cekiny-radima-1030x1030.webp\" data-srcset=\"https:\/\/sklepwnetrz.pl\/salonstargard\/wp-content\/uploads\/2022\/02\/zaslony-w-cekiny-radima-1030x1030.webp 1030w, https:\/\/sklepwnetrz.pl\/salonstargard\/wp-content\/uploads\/2022\/02\/zaslony-w-cekiny-radima-300x300.webp 300w, https:\/\/sklepwnetrz.pl\/salonstargard\/wp-content\/uploads\/2022\/02\/zaslony-w-cekiny-radima-80x80.webp 80w, https:\/\/sklepwnetrz.pl\/salonstargard\/wp-content\/uploads\/2022\/02\/zaslony-w-cekiny-radima-768x768.webp 768w, https:\/\/sklepwnetrz.pl\/salonstargard\/wp-content\/uploads\/2022\/02\/zaslony-w-cekiny-radima-36x36.webp 36w, https:\/\/sklepwnetrz.pl\/salonstargard\/wp-content\/uploads\/2022\/02\/zaslony-w-cekiny-radima-180x180.webp 180w, https:\/\/sklepwnetrz.pl\/salonstargard\/wp-content\/uploads\/2022\/02\/zaslony-w-cekiny-radima-705x705.webp 705w, https:\/\/sklepwnetrz.pl\/salonstargard\/wp-content\/uploads\/2022\/02\/zaslony-w-cekiny-radima.webp 1200w\" data-sizes=\"(max-width: 1030px) 100vw, 1030px\" data-rel='gallery-2' data-prev-img='https:\/\/sklepwnetrz.pl\/salonstargard\/wp-content\/uploads\/2022\/02\/zaslony-w-cekiny-radima-495x400.webp' class='lightbox ' data-onclick='18' title=''  itemprop=\"thumbnailUrl\"  ><img decoding=\"async\" class=\"wp-image-1058 avia-img-lazy-loading-not-1058\"   src=\"https:\/\/sklepwnetrz.pl\/salonstargard\/wp-content\/uploads\/2022\/02\/zaslony-w-cekiny-radima-495x400.webp\" width=\"495\" height=\"400\"  title='zas\u0142ony-w-cekiny-radima' alt='' srcset=\"https:\/\/sklepwnetrz.pl\/salonstargard\/wp-content\/uploads\/2022\/02\/zaslony-w-cekiny-radima-495x400.webp 495w, https:\/\/sklepwnetrz.pl\/salonstargard\/wp-content\/uploads\/2022\/02\/zaslony-w-cekiny-radima-845x684.webp 845w\" sizes=\"(max-width: 495px) 100vw, 495px\" \/><\/a> <a href=\"https:\/\/sklepwnetrz.pl\/salonstargard\/wp-content\/uploads\/2022\/02\/okna-dachowe-firany-radimar-1030x1030.webp\" data-srcset=\"https:\/\/sklepwnetrz.pl\/salonstargard\/wp-content\/uploads\/2022\/02\/okna-dachowe-firany-radimar-1030x1030.webp 1030w, https:\/\/sklepwnetrz.pl\/salonstargard\/wp-content\/uploads\/2022\/02\/okna-dachowe-firany-radimar-300x300.webp 300w, https:\/\/sklepwnetrz.pl\/salonstargard\/wp-content\/uploads\/2022\/02\/okna-dachowe-firany-radimar-80x80.webp 80w, https:\/\/sklepwnetrz.pl\/salonstargard\/wp-content\/uploads\/2022\/02\/okna-dachowe-firany-radimar-768x768.webp 768w, https:\/\/sklepwnetrz.pl\/salonstargard\/wp-content\/uploads\/2022\/02\/okna-dachowe-firany-radimar-36x36.webp 36w, https:\/\/sklepwnetrz.pl\/salonstargard\/wp-content\/uploads\/2022\/02\/okna-dachowe-firany-radimar-180x180.webp 180w, https:\/\/sklepwnetrz.pl\/salonstargard\/wp-content\/uploads\/2022\/02\/okna-dachowe-firany-radimar-705x705.webp 705w, https:\/\/sklepwnetrz.pl\/salonstargard\/wp-content\/uploads\/2022\/02\/okna-dachowe-firany-radimar.webp 1200w\" data-sizes=\"(max-width: 1030px) 100vw, 1030px\" data-rel='gallery-2' data-prev-img='https:\/\/sklepwnetrz.pl\/salonstargard\/wp-content\/uploads\/2022\/02\/okna-dachowe-firany-radimar-495x400.webp' class='lightbox ' data-onclick='19' title=''  itemprop=\"thumbnailUrl\"  ><img decoding=\"async\" class=\"wp-image-1056 avia-img-lazy-loading-not-1056\"   src=\"https:\/\/sklepwnetrz.pl\/salonstargard\/wp-content\/uploads\/2022\/02\/okna-dachowe-firany-radimar-495x400.webp\" width=\"495\" height=\"400\"  title='okna-dachowe-firany-radimar' alt='' srcset=\"https:\/\/sklepwnetrz.pl\/salonstargard\/wp-content\/uploads\/2022\/02\/okna-dachowe-firany-radimar-495x400.webp 495w, https:\/\/sklepwnetrz.pl\/salonstargard\/wp-content\/uploads\/2022\/02\/okna-dachowe-firany-radimar-845x684.webp 845w\" sizes=\"(max-width: 495px) 100vw, 495px\" \/><\/a> <a href=\"https:\/\/sklepwnetrz.pl\/salonstargard\/wp-content\/uploads\/2022\/02\/ny_szyte_na_wykusz_na_wymiar_radimar-1030x575.webp\" data-srcset=\"https:\/\/sklepwnetrz.pl\/salonstargard\/wp-content\/uploads\/2022\/02\/ny_szyte_na_wykusz_na_wymiar_radimar-1030x575.webp 1030w, https:\/\/sklepwnetrz.pl\/salonstargard\/wp-content\/uploads\/2022\/02\/ny_szyte_na_wykusz_na_wymiar_radimar-300x168.webp 300w, https:\/\/sklepwnetrz.pl\/salonstargard\/wp-content\/uploads\/2022\/02\/ny_szyte_na_wykusz_na_wymiar_radimar-768x429.webp 768w, https:\/\/sklepwnetrz.pl\/salonstargard\/wp-content\/uploads\/2022\/02\/ny_szyte_na_wykusz_na_wymiar_radimar-705x394.webp 705w, https:\/\/sklepwnetrz.pl\/salonstargard\/wp-content\/uploads\/2022\/02\/ny_szyte_na_wykusz_na_wymiar_radimar.webp 1200w\" data-sizes=\"(max-width: 1030px) 100vw, 1030px\" data-rel='gallery-2' data-prev-img='https:\/\/sklepwnetrz.pl\/salonstargard\/wp-content\/uploads\/2022\/02\/ny_szyte_na_wykusz_na_wymiar_radimar-495x400.webp' class='lightbox ' data-onclick='20' title=''  itemprop=\"thumbnailUrl\"  ><img decoding=\"async\" class=\"wp-image-1037 avia-img-lazy-loading-not-1037\"   src=\"https:\/\/sklepwnetrz.pl\/salonstargard\/wp-content\/uploads\/2022\/02\/ny_szyte_na_wykusz_na_wymiar_radimar-495x400.webp\" width=\"495\" height=\"400\"  title='ny_szyte_na_wykusz_na_wymiar_radimar' alt='' \/><\/a><\/div><\/div><\/div>\n<div class='flex_column av-1d2w4v-0143dbaf5afcd93b3b793d353225a2d1 av_one_full  avia-builder-el-64  el_after_av_one_full  el_before_av_one_half  first flex_column_div column-top-margin'   ><style type=\"text\/css\" data-created_by=\"avia_inline_auto\" id=\"style-css-av-l2g4pjrq-52606587c05ae5f52dc153cc777010c9\">\n#top .av-special-heading.av-l2g4pjrq-52606587c05ae5f52dc153cc777010c9{\nmargin:10px 0 0 0;\npadding-bottom:10px;\nfont-size:70px;\n}\n<\/style>\n<div  class='av-special-heading av-l2g4pjrq-52606587c05ae5f52dc153cc777010c9 av-special-heading-h1 blockquote modern-quote modern-centered  avia-builder-el-65  avia-builder-el-no-sibling  av-inherit-size '><h1 class='av-special-heading-tag '  itemprop=\"headline\"  >REALIZACJE  <u>RADIMAR!<\/u> C.D<\/h1><div class='special-heading-border'><div class='special-heading-inner-border'><\/div><\/div><\/div><\/div>\n<div class='flex_column av-19vruf-aaa6ac4d6452a68a7d897b8415e07e0e av_one_half  avia-builder-el-66  el_after_av_one_full  el_before_av_one_half  first flex_column_div column-top-margin'   ><section class=\"av_textblock_section \"  itemscope=\"itemscope\" itemtype=\"https:\/\/schema.org\/CreativeWork\" ><div class='avia_textblock  '   itemprop=\"text\" ><p><b>Grono klient\u00f3w RADIMAR powi\u0119ksza si\u0119! Najnowsze realizacje \ud83d\ude42<\/b><\/p>\n<p>Dzi\u0119kujemy bardzo za zaufanie. Jest nam niezmiernie mi\u0142o \u017ce powierzyli\u015bcie nam dekoracje swoich okien. Ka\u017cde z nich jest dla nas wyj\u0105tkowym projektem realizowanym od podstaw. Wykrajane i szyte na Wasze wymiary. Na przedstawionych zdj\u0119ciach za\u0142\u0105czamy ostatnie realizacje przekazane nam od klient\u00f3w z marca oraz pocz\u0105tku kwietnia.<\/p>\n<p>Pod koniec roku mamy w planach stworzy\u0107 Wielk\u0105 ksi\u0119g\u0119 realizacji RADIMAR dzi\u0119ki czemu Wasze dekoracje okienne mog\u0105 by\u0107 inspiracj\u0105 dla innych.<\/p>\n<p>Z ch\u0119ci\u0105 udekorujemy r\u00f3wnie\u017c Twoje okna!<\/p>\n<\/div><\/section><\/div>\n<div class='flex_column av-11f50v-8285661f82b5ea74f5ed2601e09780b0 av_one_half  avia-builder-el-68  el_after_av_one_half  el_before_av_one_half  flex_column_div column-top-margin'   ><style type=\"text\/css\" data-created_by=\"avia_inline_auto\" id=\"style-css-av-l2g5fqxs-2d59cddc904f68a6f6837a451b9b5f87\">\n#top .avia-gallery.av-l2g5fqxs-2d59cddc904f68a6f6837a451b9b5f87 .avia-gallery-thumb a{\nwidth:20%;\n}\n<\/style>\n<div  class='avia-gallery av-l2g5fqxs-2d59cddc904f68a6f6837a451b9b5f87 avia_animate_when_visible  avia-builder-el-69  avia-builder-el-no-sibling  animations_off  avia-gallery-3'  itemprop=\"image\" itemscope=\"itemscope\" itemtype=\"https:\/\/schema.org\/ImageObject\" ><a class='avia-gallery-big fakeLightbox lightbox avia-gallery-big-crop-thumb ' href=\"https:\/\/sklepwnetrz.pl\/salonstargard\/wp-content\/uploads\/2022\/06\/FB-PODOBNO-1030x687.webp\" data-srcset=\"https:\/\/sklepwnetrz.pl\/salonstargard\/wp-content\/uploads\/2022\/06\/FB-PODOBNO-1030x687.webp 1030w, https:\/\/sklepwnetrz.pl\/salonstargard\/wp-content\/uploads\/2022\/06\/FB-PODOBNO-300x200.webp 300w, https:\/\/sklepwnetrz.pl\/salonstargard\/wp-content\/uploads\/2022\/06\/FB-PODOBNO-768x512.webp 768w, https:\/\/sklepwnetrz.pl\/salonstargard\/wp-content\/uploads\/2022\/06\/FB-PODOBNO-705x470.webp 705w, https:\/\/sklepwnetrz.pl\/salonstargard\/wp-content\/uploads\/2022\/06\/FB-PODOBNO.webp 1200w\" data-sizes=\"(max-width: 1030px) 100vw, 1030px\"  data-onclick='1' title='FB PODOBNO' ><span class='avia-gallery-big-inner'  itemprop=\"thumbnailUrl\" ><img decoding=\"async\" class=\"wp-image-1298 avia-img-lazy-loading-not-1298\"  width=\"495\" height=\"400\" src=\"https:\/\/sklepwnetrz.pl\/salonstargard\/wp-content\/uploads\/2022\/06\/FB-PODOBNO-495x400.webp\" title='FB PODOBNO' alt='' srcset=\"https:\/\/sklepwnetrz.pl\/salonstargard\/wp-content\/uploads\/2022\/06\/FB-PODOBNO-495x400.webp 495w, https:\/\/sklepwnetrz.pl\/salonstargard\/wp-content\/uploads\/2022\/06\/FB-PODOBNO-845x684.webp 845w\" sizes=\"(max-width: 495px) 100vw, 495px\" \/><\/span><\/a><div class='avia-gallery-thumb'> <a href=\"https:\/\/sklepwnetrz.pl\/salonstargard\/wp-content\/uploads\/2022\/06\/FB-PODOBNO-1030x687.webp\" data-srcset=\"https:\/\/sklepwnetrz.pl\/salonstargard\/wp-content\/uploads\/2022\/06\/FB-PODOBNO-1030x687.webp 1030w, https:\/\/sklepwnetrz.pl\/salonstargard\/wp-content\/uploads\/2022\/06\/FB-PODOBNO-300x200.webp 300w, https:\/\/sklepwnetrz.pl\/salonstargard\/wp-content\/uploads\/2022\/06\/FB-PODOBNO-768x512.webp 768w, https:\/\/sklepwnetrz.pl\/salonstargard\/wp-content\/uploads\/2022\/06\/FB-PODOBNO-705x470.webp 705w, https:\/\/sklepwnetrz.pl\/salonstargard\/wp-content\/uploads\/2022\/06\/FB-PODOBNO.webp 1200w\" data-sizes=\"(max-width: 1030px) 100vw, 1030px\" data-rel='gallery-3' data-prev-img='https:\/\/sklepwnetrz.pl\/salonstargard\/wp-content\/uploads\/2022\/06\/FB-PODOBNO-495x400.webp' class='first_thumb lightbox ' data-onclick='1' title='FB PODOBNO'  itemprop=\"thumbnailUrl\"  ><img decoding=\"async\" class=\"wp-image-1298 avia-img-lazy-loading-not-1298\"   src=\"https:\/\/sklepwnetrz.pl\/salonstargard\/wp-content\/uploads\/2022\/06\/FB-PODOBNO-495x400.webp\" width=\"495\" height=\"400\"  title='FB PODOBNO' alt='' srcset=\"https:\/\/sklepwnetrz.pl\/salonstargard\/wp-content\/uploads\/2022\/06\/FB-PODOBNO-495x400.webp 495w, https:\/\/sklepwnetrz.pl\/salonstargard\/wp-content\/uploads\/2022\/06\/FB-PODOBNO-845x684.webp 845w\" sizes=\"(max-width: 495px) 100vw, 495px\" \/><\/a> <a href=\"https:\/\/sklepwnetrz.pl\/salonstargard\/wp-content\/uploads\/2022\/06\/roleta-rzymska-p.Justyna-1030x687.webp\" data-srcset=\"https:\/\/sklepwnetrz.pl\/salonstargard\/wp-content\/uploads\/2022\/06\/roleta-rzymska-p.Justyna-1030x687.webp 1030w, https:\/\/sklepwnetrz.pl\/salonstargard\/wp-content\/uploads\/2022\/06\/roleta-rzymska-p.Justyna-300x200.webp 300w, https:\/\/sklepwnetrz.pl\/salonstargard\/wp-content\/uploads\/2022\/06\/roleta-rzymska-p.Justyna-768x512.webp 768w, https:\/\/sklepwnetrz.pl\/salonstargard\/wp-content\/uploads\/2022\/06\/roleta-rzymska-p.Justyna-705x470.webp 705w, https:\/\/sklepwnetrz.pl\/salonstargard\/wp-content\/uploads\/2022\/06\/roleta-rzymska-p.Justyna.webp 1200w\" data-sizes=\"(max-width: 1030px) 100vw, 1030px\" data-rel='gallery-3' data-prev-img='https:\/\/sklepwnetrz.pl\/salonstargard\/wp-content\/uploads\/2022\/06\/roleta-rzymska-p.Justyna-495x400.webp' class='lightbox ' data-onclick='2' title='roleta rzymska p.Justyna'  itemprop=\"thumbnailUrl\"  ><img decoding=\"async\" class=\"wp-image-1300 avia-img-lazy-loading-not-1300\"   src=\"https:\/\/sklepwnetrz.pl\/salonstargard\/wp-content\/uploads\/2022\/06\/roleta-rzymska-p.Justyna-495x400.webp\" width=\"495\" height=\"400\"  title='roleta rzymska p.Justyna' alt='' srcset=\"https:\/\/sklepwnetrz.pl\/salonstargard\/wp-content\/uploads\/2022\/06\/roleta-rzymska-p.Justyna-495x400.webp 495w, https:\/\/sklepwnetrz.pl\/salonstargard\/wp-content\/uploads\/2022\/06\/roleta-rzymska-p.Justyna-845x684.webp 845w\" sizes=\"(max-width: 495px) 100vw, 495px\" \/><\/a> <a href=\"https:\/\/sklepwnetrz.pl\/salonstargard\/wp-content\/uploads\/2022\/04\/FIRANY-I-ZASLONY-RADIMAR2-1030x1030.webp\" data-srcset=\"https:\/\/sklepwnetrz.pl\/salonstargard\/wp-content\/uploads\/2022\/04\/FIRANY-I-ZASLONY-RADIMAR2-1030x1030.webp 1030w, https:\/\/sklepwnetrz.pl\/salonstargard\/wp-content\/uploads\/2022\/04\/FIRANY-I-ZASLONY-RADIMAR2-300x300.webp 300w, https:\/\/sklepwnetrz.pl\/salonstargard\/wp-content\/uploads\/2022\/04\/FIRANY-I-ZASLONY-RADIMAR2-80x80.webp 80w, https:\/\/sklepwnetrz.pl\/salonstargard\/wp-content\/uploads\/2022\/04\/FIRANY-I-ZASLONY-RADIMAR2-768x768.webp 768w, https:\/\/sklepwnetrz.pl\/salonstargard\/wp-content\/uploads\/2022\/04\/FIRANY-I-ZASLONY-RADIMAR2-36x36.webp 36w, https:\/\/sklepwnetrz.pl\/salonstargard\/wp-content\/uploads\/2022\/04\/FIRANY-I-ZASLONY-RADIMAR2-180x180.webp 180w, https:\/\/sklepwnetrz.pl\/salonstargard\/wp-content\/uploads\/2022\/04\/FIRANY-I-ZASLONY-RADIMAR2-705x705.webp 705w, https:\/\/sklepwnetrz.pl\/salonstargard\/wp-content\/uploads\/2022\/04\/FIRANY-I-ZASLONY-RADIMAR2.webp 1200w\" data-sizes=\"(max-width: 1030px) 100vw, 1030px\" data-rel='gallery-3' data-prev-img='https:\/\/sklepwnetrz.pl\/salonstargard\/wp-content\/uploads\/2022\/04\/FIRANY-I-ZASLONY-RADIMAR2-495x400.webp' class='lightbox ' data-onclick='3' title='FIRANY I ZAS\u0141ONY RADIMAR2'  itemprop=\"thumbnailUrl\"  ><img decoding=\"async\" class=\"wp-image-1194 avia-img-lazy-loading-not-1194\"   src=\"https:\/\/sklepwnetrz.pl\/salonstargard\/wp-content\/uploads\/2022\/04\/FIRANY-I-ZASLONY-RADIMAR2-495x400.webp\" width=\"495\" height=\"400\"  title='FIRANY I ZAS\u0141ONY RADIMAR2' alt='' srcset=\"https:\/\/sklepwnetrz.pl\/salonstargard\/wp-content\/uploads\/2022\/04\/FIRANY-I-ZASLONY-RADIMAR2-495x400.webp 495w, https:\/\/sklepwnetrz.pl\/salonstargard\/wp-content\/uploads\/2022\/04\/FIRANY-I-ZASLONY-RADIMAR2-845x684.webp 845w\" sizes=\"(max-width: 495px) 100vw, 495px\" \/><\/a> <a href=\"https:\/\/sklepwnetrz.pl\/salonstargard\/wp-content\/uploads\/2022\/04\/firany-i-zaslony-do-salonu-radimar-z-logo-1030x773.webp\" data-srcset=\"https:\/\/sklepwnetrz.pl\/salonstargard\/wp-content\/uploads\/2022\/04\/firany-i-zaslony-do-salonu-radimar-z-logo-1030x773.webp 1030w, https:\/\/sklepwnetrz.pl\/salonstargard\/wp-content\/uploads\/2022\/04\/firany-i-zaslony-do-salonu-radimar-z-logo-300x225.webp 300w, https:\/\/sklepwnetrz.pl\/salonstargard\/wp-content\/uploads\/2022\/04\/firany-i-zaslony-do-salonu-radimar-z-logo-768x576.webp 768w, https:\/\/sklepwnetrz.pl\/salonstargard\/wp-content\/uploads\/2022\/04\/firany-i-zaslony-do-salonu-radimar-z-logo-1536x1152.webp 1536w, https:\/\/sklepwnetrz.pl\/salonstargard\/wp-content\/uploads\/2022\/04\/firany-i-zaslony-do-salonu-radimar-z-logo-2048x1536.webp 2048w, https:\/\/sklepwnetrz.pl\/salonstargard\/wp-content\/uploads\/2022\/04\/firany-i-zaslony-do-salonu-radimar-z-logo-1500x1125.webp 1500w, https:\/\/sklepwnetrz.pl\/salonstargard\/wp-content\/uploads\/2022\/04\/firany-i-zaslony-do-salonu-radimar-z-logo-705x529.webp 705w\" data-sizes=\"(max-width: 1030px) 100vw, 1030px\" data-rel='gallery-3' data-prev-img='https:\/\/sklepwnetrz.pl\/salonstargard\/wp-content\/uploads\/2022\/04\/firany-i-zaslony-do-salonu-radimar-z-logo-495x400.webp' class='lightbox ' data-onclick='4' title='firany i zas\u0142ony do salonu radimar z logo'  itemprop=\"thumbnailUrl\"  ><img decoding=\"async\" class=\"wp-image-1219 avia-img-lazy-loading-not-1219\"   src=\"https:\/\/sklepwnetrz.pl\/salonstargard\/wp-content\/uploads\/2022\/04\/firany-i-zaslony-do-salonu-radimar-z-logo-495x400.webp\" width=\"495\" height=\"400\"  title='firany i zas\u0142ony do salonu radimar z logo' alt='' srcset=\"https:\/\/sklepwnetrz.pl\/salonstargard\/wp-content\/uploads\/2022\/04\/firany-i-zaslony-do-salonu-radimar-z-logo-495x400.webp 495w, https:\/\/sklepwnetrz.pl\/salonstargard\/wp-content\/uploads\/2022\/04\/firany-i-zaslony-do-salonu-radimar-z-logo-845x684.webp 845w\" sizes=\"(max-width: 495px) 100vw, 495px\" \/><\/a> <a href=\"https:\/\/sklepwnetrz.pl\/salonstargard\/wp-content\/uploads\/2022\/04\/ROLETA-WENECKA-RADIMAR-IG2-824x1030.webp\" data-srcset=\"https:\/\/sklepwnetrz.pl\/salonstargard\/wp-content\/uploads\/2022\/04\/ROLETA-WENECKA-RADIMAR-IG2-824x1030.webp 824w, https:\/\/sklepwnetrz.pl\/salonstargard\/wp-content\/uploads\/2022\/04\/ROLETA-WENECKA-RADIMAR-IG2-240x300.webp 240w, https:\/\/sklepwnetrz.pl\/salonstargard\/wp-content\/uploads\/2022\/04\/ROLETA-WENECKA-RADIMAR-IG2-768x960.webp 768w, https:\/\/sklepwnetrz.pl\/salonstargard\/wp-content\/uploads\/2022\/04\/ROLETA-WENECKA-RADIMAR-IG2-564x705.webp 564w, https:\/\/sklepwnetrz.pl\/salonstargard\/wp-content\/uploads\/2022\/04\/ROLETA-WENECKA-RADIMAR-IG2.webp 1080w\" data-sizes=\"(max-width: 824px) 100vw, 824px\" data-rel='gallery-3' data-prev-img='https:\/\/sklepwnetrz.pl\/salonstargard\/wp-content\/uploads\/2022\/04\/ROLETA-WENECKA-RADIMAR-IG2-495x400.webp' class='lightbox ' data-onclick='5' title='ROLETA WENECKA RADIMAR IG2'  itemprop=\"thumbnailUrl\"  ><img decoding=\"async\" class=\"wp-image-1239 avia-img-lazy-loading-not-1239\"   src=\"https:\/\/sklepwnetrz.pl\/salonstargard\/wp-content\/uploads\/2022\/04\/ROLETA-WENECKA-RADIMAR-IG2-495x400.webp\" width=\"495\" height=\"400\"  title='ROLETA WENECKA RADIMAR IG2' alt='' srcset=\"https:\/\/sklepwnetrz.pl\/salonstargard\/wp-content\/uploads\/2022\/04\/ROLETA-WENECKA-RADIMAR-IG2-495x400.webp 495w, https:\/\/sklepwnetrz.pl\/salonstargard\/wp-content\/uploads\/2022\/04\/ROLETA-WENECKA-RADIMAR-IG2-845x684.webp 845w\" sizes=\"(max-width: 495px) 100vw, 495px\" \/><\/a> <a href=\"https:\/\/sklepwnetrz.pl\/salonstargard\/wp-content\/uploads\/2022\/04\/zaslony-radimar-1030x1030.webp\" data-srcset=\"https:\/\/sklepwnetrz.pl\/salonstargard\/wp-content\/uploads\/2022\/04\/zaslony-radimar-1030x1030.webp 1030w, https:\/\/sklepwnetrz.pl\/salonstargard\/wp-content\/uploads\/2022\/04\/zaslony-radimar-300x300.webp 300w, https:\/\/sklepwnetrz.pl\/salonstargard\/wp-content\/uploads\/2022\/04\/zaslony-radimar-80x80.webp 80w, https:\/\/sklepwnetrz.pl\/salonstargard\/wp-content\/uploads\/2022\/04\/zaslony-radimar-768x768.webp 768w, https:\/\/sklepwnetrz.pl\/salonstargard\/wp-content\/uploads\/2022\/04\/zaslony-radimar-36x36.webp 36w, https:\/\/sklepwnetrz.pl\/salonstargard\/wp-content\/uploads\/2022\/04\/zaslony-radimar-180x180.webp 180w, https:\/\/sklepwnetrz.pl\/salonstargard\/wp-content\/uploads\/2022\/04\/zaslony-radimar-705x705.webp 705w, https:\/\/sklepwnetrz.pl\/salonstargard\/wp-content\/uploads\/2022\/04\/zaslony-radimar.webp 1200w\" data-sizes=\"(max-width: 1030px) 100vw, 1030px\" data-rel='gallery-3' data-prev-img='https:\/\/sklepwnetrz.pl\/salonstargard\/wp-content\/uploads\/2022\/04\/zaslony-radimar-495x400.webp' class='first_thumb lightbox ' data-onclick='6' title='zas\u0142ony radimar'  itemprop=\"thumbnailUrl\"  ><img decoding=\"async\" class=\"wp-image-1242 avia-img-lazy-loading-not-1242\"   src=\"https:\/\/sklepwnetrz.pl\/salonstargard\/wp-content\/uploads\/2022\/04\/zaslony-radimar-495x400.webp\" width=\"495\" height=\"400\"  title='zas\u0142ony radimar' alt='' srcset=\"https:\/\/sklepwnetrz.pl\/salonstargard\/wp-content\/uploads\/2022\/04\/zaslony-radimar-495x400.webp 495w, https:\/\/sklepwnetrz.pl\/salonstargard\/wp-content\/uploads\/2022\/04\/zaslony-radimar-845x684.webp 845w\" sizes=\"(max-width: 495px) 100vw, 495px\" \/><\/a> <a href=\"https:\/\/sklepwnetrz.pl\/salonstargard\/wp-content\/uploads\/2022\/04\/FIRANY-I-ZASLONY-RADIMAR4-1030x1030.webp\" data-srcset=\"https:\/\/sklepwnetrz.pl\/salonstargard\/wp-content\/uploads\/2022\/04\/FIRANY-I-ZASLONY-RADIMAR4-1030x1030.webp 1030w, https:\/\/sklepwnetrz.pl\/salonstargard\/wp-content\/uploads\/2022\/04\/FIRANY-I-ZASLONY-RADIMAR4-300x300.webp 300w, https:\/\/sklepwnetrz.pl\/salonstargard\/wp-content\/uploads\/2022\/04\/FIRANY-I-ZASLONY-RADIMAR4-80x80.webp 80w, https:\/\/sklepwnetrz.pl\/salonstargard\/wp-content\/uploads\/2022\/04\/FIRANY-I-ZASLONY-RADIMAR4-768x768.webp 768w, https:\/\/sklepwnetrz.pl\/salonstargard\/wp-content\/uploads\/2022\/04\/FIRANY-I-ZASLONY-RADIMAR4-36x36.webp 36w, https:\/\/sklepwnetrz.pl\/salonstargard\/wp-content\/uploads\/2022\/04\/FIRANY-I-ZASLONY-RADIMAR4-180x180.webp 180w, https:\/\/sklepwnetrz.pl\/salonstargard\/wp-content\/uploads\/2022\/04\/FIRANY-I-ZASLONY-RADIMAR4-705x705.webp 705w, https:\/\/sklepwnetrz.pl\/salonstargard\/wp-content\/uploads\/2022\/04\/FIRANY-I-ZASLONY-RADIMAR4.webp 1200w\" data-sizes=\"(max-width: 1030px) 100vw, 1030px\" data-rel='gallery-3' data-prev-img='https:\/\/sklepwnetrz.pl\/salonstargard\/wp-content\/uploads\/2022\/04\/FIRANY-I-ZASLONY-RADIMAR4-495x400.webp' class='lightbox ' data-onclick='7' title='FIRANY I ZAS\u0141ONY RADIMAR4'  itemprop=\"thumbnailUrl\"  ><img decoding=\"async\" class=\"wp-image-1196 avia-img-lazy-loading-not-1196\"   src=\"https:\/\/sklepwnetrz.pl\/salonstargard\/wp-content\/uploads\/2022\/04\/FIRANY-I-ZASLONY-RADIMAR4-495x400.webp\" width=\"495\" height=\"400\"  title='FIRANY I ZAS\u0141ONY RADIMAR4' alt='' srcset=\"https:\/\/sklepwnetrz.pl\/salonstargard\/wp-content\/uploads\/2022\/04\/FIRANY-I-ZASLONY-RADIMAR4-495x400.webp 495w, https:\/\/sklepwnetrz.pl\/salonstargard\/wp-content\/uploads\/2022\/04\/FIRANY-I-ZASLONY-RADIMAR4-845x684.webp 845w\" sizes=\"(max-width: 495px) 100vw, 495px\" \/><\/a> <a href=\"https:\/\/sklepwnetrz.pl\/salonstargard\/wp-content\/uploads\/2022\/04\/20220419_1339171-1030x773.webp\" data-srcset=\"https:\/\/sklepwnetrz.pl\/salonstargard\/wp-content\/uploads\/2022\/04\/20220419_1339171-1030x773.webp 1030w, https:\/\/sklepwnetrz.pl\/salonstargard\/wp-content\/uploads\/2022\/04\/20220419_1339171-300x225.webp 300w, https:\/\/sklepwnetrz.pl\/salonstargard\/wp-content\/uploads\/2022\/04\/20220419_1339171-768x576.webp 768w, https:\/\/sklepwnetrz.pl\/salonstargard\/wp-content\/uploads\/2022\/04\/20220419_1339171-1536x1152.webp 1536w, https:\/\/sklepwnetrz.pl\/salonstargard\/wp-content\/uploads\/2022\/04\/20220419_1339171-2048x1536.webp 2048w, https:\/\/sklepwnetrz.pl\/salonstargard\/wp-content\/uploads\/2022\/04\/20220419_1339171-1500x1125.webp 1500w, https:\/\/sklepwnetrz.pl\/salonstargard\/wp-content\/uploads\/2022\/04\/20220419_1339171-705x529.webp 705w\" data-sizes=\"(max-width: 1030px) 100vw, 1030px\" data-rel='gallery-3' data-prev-img='https:\/\/sklepwnetrz.pl\/salonstargard\/wp-content\/uploads\/2022\/04\/20220419_1339171-495x400.webp' class='lightbox ' data-onclick='8' title='20220419_1339171'  itemprop=\"thumbnailUrl\"  ><img decoding=\"async\" class=\"wp-image-1231 avia-img-lazy-loading-not-1231\"   src=\"https:\/\/sklepwnetrz.pl\/salonstargard\/wp-content\/uploads\/2022\/04\/20220419_1339171-495x400.webp\" width=\"495\" height=\"400\"  title='20220419_1339171' alt='' srcset=\"https:\/\/sklepwnetrz.pl\/salonstargard\/wp-content\/uploads\/2022\/04\/20220419_1339171-495x400.webp 495w, https:\/\/sklepwnetrz.pl\/salonstargard\/wp-content\/uploads\/2022\/04\/20220419_1339171-845x684.webp 845w\" sizes=\"(max-width: 495px) 100vw, 495px\" \/><\/a> <a href=\"https:\/\/sklepwnetrz.pl\/salonstargard\/wp-content\/uploads\/2022\/04\/Zaluzje-drewniane-radimar-z-logo-754x1030.webp\" data-srcset=\"https:\/\/sklepwnetrz.pl\/salonstargard\/wp-content\/uploads\/2022\/04\/Zaluzje-drewniane-radimar-z-logo-754x1030.webp 754w, https:\/\/sklepwnetrz.pl\/salonstargard\/wp-content\/uploads\/2022\/04\/Zaluzje-drewniane-radimar-z-logo-220x300.webp 220w, https:\/\/sklepwnetrz.pl\/salonstargard\/wp-content\/uploads\/2022\/04\/Zaluzje-drewniane-radimar-z-logo-768x1049.webp 768w, https:\/\/sklepwnetrz.pl\/salonstargard\/wp-content\/uploads\/2022\/04\/Zaluzje-drewniane-radimar-z-logo-1125x1536.webp 1125w, https:\/\/sklepwnetrz.pl\/salonstargard\/wp-content\/uploads\/2022\/04\/Zaluzje-drewniane-radimar-z-logo-1499x2048.webp 1499w, https:\/\/sklepwnetrz.pl\/salonstargard\/wp-content\/uploads\/2022\/04\/Zaluzje-drewniane-radimar-z-logo-1098x1500.webp 1098w, https:\/\/sklepwnetrz.pl\/salonstargard\/wp-content\/uploads\/2022\/04\/Zaluzje-drewniane-radimar-z-logo-516x705.webp 516w, https:\/\/sklepwnetrz.pl\/salonstargard\/wp-content\/uploads\/2022\/04\/Zaluzje-drewniane-radimar-z-logo-scaled.webp 1874w\" data-sizes=\"(max-width: 754px) 100vw, 754px\" data-rel='gallery-3' data-prev-img='https:\/\/sklepwnetrz.pl\/salonstargard\/wp-content\/uploads\/2022\/04\/Zaluzje-drewniane-radimar-z-logo-495x400.webp' class='lightbox ' data-onclick='9' title='\u017baluzje drewniane radimar z logo'  itemprop=\"thumbnailUrl\"  ><img decoding=\"async\" class=\"wp-image-1221 avia-img-lazy-loading-not-1221\"   src=\"https:\/\/sklepwnetrz.pl\/salonstargard\/wp-content\/uploads\/2022\/04\/Zaluzje-drewniane-radimar-z-logo-495x400.webp\" width=\"495\" height=\"400\"  title='\u017baluzje drewniane radimar z logo' alt='' srcset=\"https:\/\/sklepwnetrz.pl\/salonstargard\/wp-content\/uploads\/2022\/04\/Zaluzje-drewniane-radimar-z-logo-495x400.webp 495w, https:\/\/sklepwnetrz.pl\/salonstargard\/wp-content\/uploads\/2022\/04\/Zaluzje-drewniane-radimar-z-logo-845x684.webp 845w\" sizes=\"(max-width: 495px) 100vw, 495px\" \/><\/a> <a href=\"https:\/\/sklepwnetrz.pl\/salonstargard\/wp-content\/uploads\/2022\/04\/firany-i-zaslony-rolety-radimar-1030x824.webp\" data-srcset=\"https:\/\/sklepwnetrz.pl\/salonstargard\/wp-content\/uploads\/2022\/04\/firany-i-zaslony-rolety-radimar-1030x824.webp 1030w, https:\/\/sklepwnetrz.pl\/salonstargard\/wp-content\/uploads\/2022\/04\/firany-i-zaslony-rolety-radimar-300x240.webp 300w, https:\/\/sklepwnetrz.pl\/salonstargard\/wp-content\/uploads\/2022\/04\/firany-i-zaslony-rolety-radimar-768x614.webp 768w, https:\/\/sklepwnetrz.pl\/salonstargard\/wp-content\/uploads\/2022\/04\/firany-i-zaslony-rolety-radimar-705x564.webp 705w, https:\/\/sklepwnetrz.pl\/salonstargard\/wp-content\/uploads\/2022\/04\/firany-i-zaslony-rolety-radimar.webp 1200w\" data-sizes=\"(max-width: 1030px) 100vw, 1030px\" data-rel='gallery-3' data-prev-img='https:\/\/sklepwnetrz.pl\/salonstargard\/wp-content\/uploads\/2022\/04\/firany-i-zaslony-rolety-radimar-495x400.webp' class='lightbox ' data-onclick='10' title='firany i zaslony rolety radimar'  itemprop=\"thumbnailUrl\"  ><img decoding=\"async\" class=\"wp-image-1236 avia-img-lazy-loading-not-1236\"   src=\"https:\/\/sklepwnetrz.pl\/salonstargard\/wp-content\/uploads\/2022\/04\/firany-i-zaslony-rolety-radimar-495x400.webp\" width=\"495\" height=\"400\"  title='firany i zaslony rolety radimar' alt='' srcset=\"https:\/\/sklepwnetrz.pl\/salonstargard\/wp-content\/uploads\/2022\/04\/firany-i-zaslony-rolety-radimar-495x400.webp 495w, https:\/\/sklepwnetrz.pl\/salonstargard\/wp-content\/uploads\/2022\/04\/firany-i-zaslony-rolety-radimar-845x684.webp 845w\" sizes=\"(max-width: 495px) 100vw, 495px\" \/><\/a> <a href=\"https:\/\/sklepwnetrz.pl\/salonstargard\/wp-content\/uploads\/2022\/04\/FIRANY-ROLETY-RZYMSKIE-RADIMAR16-1030x1030.webp\" data-srcset=\"https:\/\/sklepwnetrz.pl\/salonstargard\/wp-content\/uploads\/2022\/04\/FIRANY-ROLETY-RZYMSKIE-RADIMAR16-1030x1030.webp 1030w, https:\/\/sklepwnetrz.pl\/salonstargard\/wp-content\/uploads\/2022\/04\/FIRANY-ROLETY-RZYMSKIE-RADIMAR16-300x300.webp 300w, https:\/\/sklepwnetrz.pl\/salonstargard\/wp-content\/uploads\/2022\/04\/FIRANY-ROLETY-RZYMSKIE-RADIMAR16-80x80.webp 80w, https:\/\/sklepwnetrz.pl\/salonstargard\/wp-content\/uploads\/2022\/04\/FIRANY-ROLETY-RZYMSKIE-RADIMAR16-768x768.webp 768w, https:\/\/sklepwnetrz.pl\/salonstargard\/wp-content\/uploads\/2022\/04\/FIRANY-ROLETY-RZYMSKIE-RADIMAR16-36x36.webp 36w, https:\/\/sklepwnetrz.pl\/salonstargard\/wp-content\/uploads\/2022\/04\/FIRANY-ROLETY-RZYMSKIE-RADIMAR16-180x180.webp 180w, https:\/\/sklepwnetrz.pl\/salonstargard\/wp-content\/uploads\/2022\/04\/FIRANY-ROLETY-RZYMSKIE-RADIMAR16-705x705.webp 705w, https:\/\/sklepwnetrz.pl\/salonstargard\/wp-content\/uploads\/2022\/04\/FIRANY-ROLETY-RZYMSKIE-RADIMAR16.webp 1200w\" data-sizes=\"(max-width: 1030px) 100vw, 1030px\" data-rel='gallery-3' data-prev-img='https:\/\/sklepwnetrz.pl\/salonstargard\/wp-content\/uploads\/2022\/04\/FIRANY-ROLETY-RZYMSKIE-RADIMAR16-495x400.webp' class='first_thumb lightbox ' data-onclick='11' title='FIRANY ROLETY RZYMSKIE RADIMAR16'  itemprop=\"thumbnailUrl\"  ><img decoding=\"async\" class=\"wp-image-1207 avia-img-lazy-loading-not-1207\"   src=\"https:\/\/sklepwnetrz.pl\/salonstargard\/wp-content\/uploads\/2022\/04\/FIRANY-ROLETY-RZYMSKIE-RADIMAR16-495x400.webp\" width=\"495\" height=\"400\"  title='FIRANY ROLETY RZYMSKIE RADIMAR16' alt='' srcset=\"https:\/\/sklepwnetrz.pl\/salonstargard\/wp-content\/uploads\/2022\/04\/FIRANY-ROLETY-RZYMSKIE-RADIMAR16-495x400.webp 495w, https:\/\/sklepwnetrz.pl\/salonstargard\/wp-content\/uploads\/2022\/04\/FIRANY-ROLETY-RZYMSKIE-RADIMAR16-845x684.webp 845w\" sizes=\"(max-width: 495px) 100vw, 495px\" \/><\/a> <a href=\"https:\/\/sklepwnetrz.pl\/salonstargard\/wp-content\/uploads\/2022\/04\/FIRANY-I-ZASLONY-RADIMAR7-1030x1030.webp\" data-srcset=\"https:\/\/sklepwnetrz.pl\/salonstargard\/wp-content\/uploads\/2022\/04\/FIRANY-I-ZASLONY-RADIMAR7-1030x1030.webp 1030w, https:\/\/sklepwnetrz.pl\/salonstargard\/wp-content\/uploads\/2022\/04\/FIRANY-I-ZASLONY-RADIMAR7-300x300.webp 300w, https:\/\/sklepwnetrz.pl\/salonstargard\/wp-content\/uploads\/2022\/04\/FIRANY-I-ZASLONY-RADIMAR7-80x80.webp 80w, https:\/\/sklepwnetrz.pl\/salonstargard\/wp-content\/uploads\/2022\/04\/FIRANY-I-ZASLONY-RADIMAR7-768x768.webp 768w, https:\/\/sklepwnetrz.pl\/salonstargard\/wp-content\/uploads\/2022\/04\/FIRANY-I-ZASLONY-RADIMAR7-36x36.webp 36w, https:\/\/sklepwnetrz.pl\/salonstargard\/wp-content\/uploads\/2022\/04\/FIRANY-I-ZASLONY-RADIMAR7-180x180.webp 180w, https:\/\/sklepwnetrz.pl\/salonstargard\/wp-content\/uploads\/2022\/04\/FIRANY-I-ZASLONY-RADIMAR7-705x705.webp 705w, https:\/\/sklepwnetrz.pl\/salonstargard\/wp-content\/uploads\/2022\/04\/FIRANY-I-ZASLONY-RADIMAR7.webp 1200w\" data-sizes=\"(max-width: 1030px) 100vw, 1030px\" data-rel='gallery-3' data-prev-img='https:\/\/sklepwnetrz.pl\/salonstargard\/wp-content\/uploads\/2022\/04\/FIRANY-I-ZASLONY-RADIMAR7-495x400.webp' class='lightbox ' data-onclick='12' title='FIRANY I ZAS\u0141ONY RADIMAR7'  itemprop=\"thumbnailUrl\"  ><img decoding=\"async\" class=\"wp-image-1199 avia-img-lazy-loading-not-1199\"   src=\"https:\/\/sklepwnetrz.pl\/salonstargard\/wp-content\/uploads\/2022\/04\/FIRANY-I-ZASLONY-RADIMAR7-495x400.webp\" width=\"495\" height=\"400\"  title='FIRANY I ZAS\u0141ONY RADIMAR7' alt='' srcset=\"https:\/\/sklepwnetrz.pl\/salonstargard\/wp-content\/uploads\/2022\/04\/FIRANY-I-ZASLONY-RADIMAR7-495x400.webp 495w, https:\/\/sklepwnetrz.pl\/salonstargard\/wp-content\/uploads\/2022\/04\/FIRANY-I-ZASLONY-RADIMAR7-845x684.webp 845w\" sizes=\"(max-width: 495px) 100vw, 495px\" \/><\/a> <a href=\"https:\/\/sklepwnetrz.pl\/salonstargard\/wp-content\/uploads\/2022\/04\/ZALUZJE-DREWNIANE-RADIMAR-984x1030.webp\" data-srcset=\"https:\/\/sklepwnetrz.pl\/salonstargard\/wp-content\/uploads\/2022\/04\/ZALUZJE-DREWNIANE-RADIMAR-984x1030.webp 984w, https:\/\/sklepwnetrz.pl\/salonstargard\/wp-content\/uploads\/2022\/04\/ZALUZJE-DREWNIANE-RADIMAR-287x300.webp 287w, https:\/\/sklepwnetrz.pl\/salonstargard\/wp-content\/uploads\/2022\/04\/ZALUZJE-DREWNIANE-RADIMAR-768x804.webp 768w, https:\/\/sklepwnetrz.pl\/salonstargard\/wp-content\/uploads\/2022\/04\/ZALUZJE-DREWNIANE-RADIMAR-1467x1536.webp 1467w, https:\/\/sklepwnetrz.pl\/salonstargard\/wp-content\/uploads\/2022\/04\/ZALUZJE-DREWNIANE-RADIMAR-1957x2048.webp 1957w, https:\/\/sklepwnetrz.pl\/salonstargard\/wp-content\/uploads\/2022\/04\/ZALUZJE-DREWNIANE-RADIMAR-1433x1500.webp 1433w, https:\/\/sklepwnetrz.pl\/salonstargard\/wp-content\/uploads\/2022\/04\/ZALUZJE-DREWNIANE-RADIMAR-674x705.webp 674w\" data-sizes=\"(max-width: 984px) 100vw, 984px\" data-rel='gallery-3' data-prev-img='https:\/\/sklepwnetrz.pl\/salonstargard\/wp-content\/uploads\/2022\/04\/ZALUZJE-DREWNIANE-RADIMAR-495x400.webp' class='lightbox ' data-onclick='13' title='\u017bALUZJE DREWNIANE RADIMAR'  itemprop=\"thumbnailUrl\"  ><img decoding=\"async\" class=\"wp-image-1222 avia-img-lazy-loading-not-1222\"   src=\"https:\/\/sklepwnetrz.pl\/salonstargard\/wp-content\/uploads\/2022\/04\/ZALUZJE-DREWNIANE-RADIMAR-495x400.webp\" width=\"495\" height=\"400\"  title='\u017bALUZJE DREWNIANE RADIMAR' alt='' srcset=\"https:\/\/sklepwnetrz.pl\/salonstargard\/wp-content\/uploads\/2022\/04\/ZALUZJE-DREWNIANE-RADIMAR-495x400.webp 495w, https:\/\/sklepwnetrz.pl\/salonstargard\/wp-content\/uploads\/2022\/04\/ZALUZJE-DREWNIANE-RADIMAR-845x684.webp 845w\" sizes=\"(max-width: 495px) 100vw, 495px\" \/><\/a> <a href=\"https:\/\/sklepwnetrz.pl\/salonstargard\/wp-content\/uploads\/2022\/04\/firany-i-zaslony-radimar-1030x1030.webp\" data-srcset=\"https:\/\/sklepwnetrz.pl\/salonstargard\/wp-content\/uploads\/2022\/04\/firany-i-zaslony-radimar-1030x1030.webp 1030w, https:\/\/sklepwnetrz.pl\/salonstargard\/wp-content\/uploads\/2022\/04\/firany-i-zaslony-radimar-300x300.webp 300w, https:\/\/sklepwnetrz.pl\/salonstargard\/wp-content\/uploads\/2022\/04\/firany-i-zaslony-radimar-80x80.webp 80w, https:\/\/sklepwnetrz.pl\/salonstargard\/wp-content\/uploads\/2022\/04\/firany-i-zaslony-radimar-768x768.webp 768w, https:\/\/sklepwnetrz.pl\/salonstargard\/wp-content\/uploads\/2022\/04\/firany-i-zaslony-radimar-36x36.webp 36w, https:\/\/sklepwnetrz.pl\/salonstargard\/wp-content\/uploads\/2022\/04\/firany-i-zaslony-radimar-180x180.webp 180w, https:\/\/sklepwnetrz.pl\/salonstargard\/wp-content\/uploads\/2022\/04\/firany-i-zaslony-radimar-705x705.webp 705w, https:\/\/sklepwnetrz.pl\/salonstargard\/wp-content\/uploads\/2022\/04\/firany-i-zaslony-radimar.webp 1200w\" data-sizes=\"(max-width: 1030px) 100vw, 1030px\" data-rel='gallery-3' data-prev-img='https:\/\/sklepwnetrz.pl\/salonstargard\/wp-content\/uploads\/2022\/04\/firany-i-zaslony-radimar-495x400.webp' class='lightbox ' data-onclick='14' title='firany i zas\u0142ony radimar'  itemprop=\"thumbnailUrl\"  ><img decoding=\"async\" class=\"wp-image-1237 avia-img-lazy-loading-not-1237\"   src=\"https:\/\/sklepwnetrz.pl\/salonstargard\/wp-content\/uploads\/2022\/04\/firany-i-zaslony-radimar-495x400.webp\" width=\"495\" height=\"400\"  title='firany i zas\u0142ony radimar' alt='' srcset=\"https:\/\/sklepwnetrz.pl\/salonstargard\/wp-content\/uploads\/2022\/04\/firany-i-zaslony-radimar-495x400.webp 495w, https:\/\/sklepwnetrz.pl\/salonstargard\/wp-content\/uploads\/2022\/04\/firany-i-zaslony-radimar-845x684.webp 845w\" sizes=\"(max-width: 495px) 100vw, 495px\" \/><\/a> <a href=\"https:\/\/sklepwnetrz.pl\/salonstargard\/wp-content\/uploads\/2022\/04\/FIRANY-I-ZASLONY-RADIMAR13-1030x1030.webp\" data-srcset=\"https:\/\/sklepwnetrz.pl\/salonstargard\/wp-content\/uploads\/2022\/04\/FIRANY-I-ZASLONY-RADIMAR13-1030x1030.webp 1030w, https:\/\/sklepwnetrz.pl\/salonstargard\/wp-content\/uploads\/2022\/04\/FIRANY-I-ZASLONY-RADIMAR13-300x300.webp 300w, https:\/\/sklepwnetrz.pl\/salonstargard\/wp-content\/uploads\/2022\/04\/FIRANY-I-ZASLONY-RADIMAR13-80x80.webp 80w, https:\/\/sklepwnetrz.pl\/salonstargard\/wp-content\/uploads\/2022\/04\/FIRANY-I-ZASLONY-RADIMAR13-768x768.webp 768w, https:\/\/sklepwnetrz.pl\/salonstargard\/wp-content\/uploads\/2022\/04\/FIRANY-I-ZASLONY-RADIMAR13-36x36.webp 36w, https:\/\/sklepwnetrz.pl\/salonstargard\/wp-content\/uploads\/2022\/04\/FIRANY-I-ZASLONY-RADIMAR13-180x180.webp 180w, https:\/\/sklepwnetrz.pl\/salonstargard\/wp-content\/uploads\/2022\/04\/FIRANY-I-ZASLONY-RADIMAR13-705x705.webp 705w, https:\/\/sklepwnetrz.pl\/salonstargard\/wp-content\/uploads\/2022\/04\/FIRANY-I-ZASLONY-RADIMAR13.webp 1200w\" data-sizes=\"(max-width: 1030px) 100vw, 1030px\" data-rel='gallery-3' data-prev-img='https:\/\/sklepwnetrz.pl\/salonstargard\/wp-content\/uploads\/2022\/04\/FIRANY-I-ZASLONY-RADIMAR13-495x400.webp' class='lightbox ' data-onclick='15' title='FIRANY I ZAS\u0141ONY RADIMAR13'  itemprop=\"thumbnailUrl\"  ><img decoding=\"async\" class=\"wp-image-1205 avia-img-lazy-loading-not-1205\"   src=\"https:\/\/sklepwnetrz.pl\/salonstargard\/wp-content\/uploads\/2022\/04\/FIRANY-I-ZASLONY-RADIMAR13-495x400.webp\" width=\"495\" height=\"400\"  title='FIRANY I ZAS\u0141ONY RADIMAR13' alt='' srcset=\"https:\/\/sklepwnetrz.pl\/salonstargard\/wp-content\/uploads\/2022\/04\/FIRANY-I-ZASLONY-RADIMAR13-495x400.webp 495w, https:\/\/sklepwnetrz.pl\/salonstargard\/wp-content\/uploads\/2022\/04\/FIRANY-I-ZASLONY-RADIMAR13-845x684.webp 845w\" sizes=\"(max-width: 495px) 100vw, 495px\" \/><\/a> <a href=\"https:\/\/sklepwnetrz.pl\/salonstargard\/wp-content\/uploads\/2022\/04\/piorka-4-1030x1030.webp\" data-srcset=\"https:\/\/sklepwnetrz.pl\/salonstargard\/wp-content\/uploads\/2022\/04\/piorka-4-1030x1030.webp 1030w, https:\/\/sklepwnetrz.pl\/salonstargard\/wp-content\/uploads\/2022\/04\/piorka-4-300x300.webp 300w, https:\/\/sklepwnetrz.pl\/salonstargard\/wp-content\/uploads\/2022\/04\/piorka-4-80x80.webp 80w, https:\/\/sklepwnetrz.pl\/salonstargard\/wp-content\/uploads\/2022\/04\/piorka-4-768x768.webp 768w, https:\/\/sklepwnetrz.pl\/salonstargard\/wp-content\/uploads\/2022\/04\/piorka-4-36x36.webp 36w, https:\/\/sklepwnetrz.pl\/salonstargard\/wp-content\/uploads\/2022\/04\/piorka-4-180x180.webp 180w, https:\/\/sklepwnetrz.pl\/salonstargard\/wp-content\/uploads\/2022\/04\/piorka-4-705x705.webp 705w, https:\/\/sklepwnetrz.pl\/salonstargard\/wp-content\/uploads\/2022\/04\/piorka-4.webp 1200w\" data-sizes=\"(max-width: 1030px) 100vw, 1030px\" data-rel='gallery-3' data-prev-img='https:\/\/sklepwnetrz.pl\/salonstargard\/wp-content\/uploads\/2022\/04\/piorka-4-495x400.webp' class='first_thumb lightbox ' data-onclick='16' title='pi\u00f3rka 4'  itemprop=\"thumbnailUrl\"  ><img decoding=\"async\" class=\"wp-image-1233 avia-img-lazy-loading-not-1233\"   src=\"https:\/\/sklepwnetrz.pl\/salonstargard\/wp-content\/uploads\/2022\/04\/piorka-4-495x400.webp\" width=\"495\" height=\"400\"  title='pi\u00f3rka 4' alt='' srcset=\"https:\/\/sklepwnetrz.pl\/salonstargard\/wp-content\/uploads\/2022\/04\/piorka-4-495x400.webp 495w, https:\/\/sklepwnetrz.pl\/salonstargard\/wp-content\/uploads\/2022\/04\/piorka-4-845x684.webp 845w\" sizes=\"(max-width: 495px) 100vw, 495px\" \/><\/a> <a href=\"https:\/\/sklepwnetrz.pl\/salonstargard\/wp-content\/uploads\/2022\/04\/FIRANY-I-ZASLONY-RADIMAR5-1030x1030.webp\" data-srcset=\"https:\/\/sklepwnetrz.pl\/salonstargard\/wp-content\/uploads\/2022\/04\/FIRANY-I-ZASLONY-RADIMAR5-1030x1030.webp 1030w, https:\/\/sklepwnetrz.pl\/salonstargard\/wp-content\/uploads\/2022\/04\/FIRANY-I-ZASLONY-RADIMAR5-300x300.webp 300w, https:\/\/sklepwnetrz.pl\/salonstargard\/wp-content\/uploads\/2022\/04\/FIRANY-I-ZASLONY-RADIMAR5-80x80.webp 80w, https:\/\/sklepwnetrz.pl\/salonstargard\/wp-content\/uploads\/2022\/04\/FIRANY-I-ZASLONY-RADIMAR5-768x768.webp 768w, https:\/\/sklepwnetrz.pl\/salonstargard\/wp-content\/uploads\/2022\/04\/FIRANY-I-ZASLONY-RADIMAR5-36x36.webp 36w, https:\/\/sklepwnetrz.pl\/salonstargard\/wp-content\/uploads\/2022\/04\/FIRANY-I-ZASLONY-RADIMAR5-180x180.webp 180w, https:\/\/sklepwnetrz.pl\/salonstargard\/wp-content\/uploads\/2022\/04\/FIRANY-I-ZASLONY-RADIMAR5-705x705.webp 705w, https:\/\/sklepwnetrz.pl\/salonstargard\/wp-content\/uploads\/2022\/04\/FIRANY-I-ZASLONY-RADIMAR5.webp 1200w\" data-sizes=\"(max-width: 1030px) 100vw, 1030px\" data-rel='gallery-3' data-prev-img='https:\/\/sklepwnetrz.pl\/salonstargard\/wp-content\/uploads\/2022\/04\/FIRANY-I-ZASLONY-RADIMAR5-495x400.webp' class='lightbox ' data-onclick='17' title='FIRANY I ZAS\u0141ONY RADIMAR5'  itemprop=\"thumbnailUrl\"  ><img decoding=\"async\" class=\"wp-image-1197 avia-img-lazy-loading-not-1197\"   src=\"https:\/\/sklepwnetrz.pl\/salonstargard\/wp-content\/uploads\/2022\/04\/FIRANY-I-ZASLONY-RADIMAR5-495x400.webp\" width=\"495\" height=\"400\"  title='FIRANY I ZAS\u0141ONY RADIMAR5' alt='' srcset=\"https:\/\/sklepwnetrz.pl\/salonstargard\/wp-content\/uploads\/2022\/04\/FIRANY-I-ZASLONY-RADIMAR5-495x400.webp 495w, https:\/\/sklepwnetrz.pl\/salonstargard\/wp-content\/uploads\/2022\/04\/FIRANY-I-ZASLONY-RADIMAR5-845x684.webp 845w\" sizes=\"(max-width: 495px) 100vw, 495px\" \/><\/a> <a href=\"https:\/\/sklepwnetrz.pl\/salonstargard\/wp-content\/uploads\/2022\/04\/FIRANY-I-ZASLONY-RADIMAR8-1030x1030.webp\" data-srcset=\"https:\/\/sklepwnetrz.pl\/salonstargard\/wp-content\/uploads\/2022\/04\/FIRANY-I-ZASLONY-RADIMAR8-1030x1030.webp 1030w, https:\/\/sklepwnetrz.pl\/salonstargard\/wp-content\/uploads\/2022\/04\/FIRANY-I-ZASLONY-RADIMAR8-300x300.webp 300w, https:\/\/sklepwnetrz.pl\/salonstargard\/wp-content\/uploads\/2022\/04\/FIRANY-I-ZASLONY-RADIMAR8-80x80.webp 80w, https:\/\/sklepwnetrz.pl\/salonstargard\/wp-content\/uploads\/2022\/04\/FIRANY-I-ZASLONY-RADIMAR8-768x768.webp 768w, https:\/\/sklepwnetrz.pl\/salonstargard\/wp-content\/uploads\/2022\/04\/FIRANY-I-ZASLONY-RADIMAR8-36x36.webp 36w, https:\/\/sklepwnetrz.pl\/salonstargard\/wp-content\/uploads\/2022\/04\/FIRANY-I-ZASLONY-RADIMAR8-180x180.webp 180w, https:\/\/sklepwnetrz.pl\/salonstargard\/wp-content\/uploads\/2022\/04\/FIRANY-I-ZASLONY-RADIMAR8-705x705.webp 705w, https:\/\/sklepwnetrz.pl\/salonstargard\/wp-content\/uploads\/2022\/04\/FIRANY-I-ZASLONY-RADIMAR8.webp 1200w\" data-sizes=\"(max-width: 1030px) 100vw, 1030px\" data-rel='gallery-3' data-prev-img='https:\/\/sklepwnetrz.pl\/salonstargard\/wp-content\/uploads\/2022\/04\/FIRANY-I-ZASLONY-RADIMAR8-495x400.webp' class='lightbox ' data-onclick='18' title='FIRANY I ZAS\u0141ONY RADIMAR8'  itemprop=\"thumbnailUrl\"  ><img decoding=\"async\" class=\"wp-image-1200 avia-img-lazy-loading-not-1200\"   src=\"https:\/\/sklepwnetrz.pl\/salonstargard\/wp-content\/uploads\/2022\/04\/FIRANY-I-ZASLONY-RADIMAR8-495x400.webp\" width=\"495\" height=\"400\"  title='FIRANY I ZAS\u0141ONY RADIMAR8' alt='' srcset=\"https:\/\/sklepwnetrz.pl\/salonstargard\/wp-content\/uploads\/2022\/04\/FIRANY-I-ZASLONY-RADIMAR8-495x400.webp 495w, https:\/\/sklepwnetrz.pl\/salonstargard\/wp-content\/uploads\/2022\/04\/FIRANY-I-ZASLONY-RADIMAR8-845x684.webp 845w\" sizes=\"(max-width: 495px) 100vw, 495px\" \/><\/a> <a href=\"https:\/\/sklepwnetrz.pl\/salonstargard\/wp-content\/uploads\/2022\/04\/ZALUZJE-BAMBUSOWE-DREWNIANE-RADIMAR-5-1030x1030.webp\" data-srcset=\"https:\/\/sklepwnetrz.pl\/salonstargard\/wp-content\/uploads\/2022\/04\/ZALUZJE-BAMBUSOWE-DREWNIANE-RADIMAR-5-1030x1030.webp 1030w, https:\/\/sklepwnetrz.pl\/salonstargard\/wp-content\/uploads\/2022\/04\/ZALUZJE-BAMBUSOWE-DREWNIANE-RADIMAR-5-300x300.webp 300w, https:\/\/sklepwnetrz.pl\/salonstargard\/wp-content\/uploads\/2022\/04\/ZALUZJE-BAMBUSOWE-DREWNIANE-RADIMAR-5-80x80.webp 80w, https:\/\/sklepwnetrz.pl\/salonstargard\/wp-content\/uploads\/2022\/04\/ZALUZJE-BAMBUSOWE-DREWNIANE-RADIMAR-5-768x768.webp 768w, https:\/\/sklepwnetrz.pl\/salonstargard\/wp-content\/uploads\/2022\/04\/ZALUZJE-BAMBUSOWE-DREWNIANE-RADIMAR-5-36x36.webp 36w, https:\/\/sklepwnetrz.pl\/salonstargard\/wp-content\/uploads\/2022\/04\/ZALUZJE-BAMBUSOWE-DREWNIANE-RADIMAR-5-180x180.webp 180w, https:\/\/sklepwnetrz.pl\/salonstargard\/wp-content\/uploads\/2022\/04\/ZALUZJE-BAMBUSOWE-DREWNIANE-RADIMAR-5-705x705.webp 705w, https:\/\/sklepwnetrz.pl\/salonstargard\/wp-content\/uploads\/2022\/04\/ZALUZJE-BAMBUSOWE-DREWNIANE-RADIMAR-5.webp 1200w\" data-sizes=\"(max-width: 1030px) 100vw, 1030px\" data-rel='gallery-3' data-prev-img='https:\/\/sklepwnetrz.pl\/salonstargard\/wp-content\/uploads\/2022\/04\/ZALUZJE-BAMBUSOWE-DREWNIANE-RADIMAR-5-495x400.webp' class='lightbox ' data-onclick='19' title='\u017bALUZJE BAMBUSOWE DREWNIANE RADIMAR 5'  itemprop=\"thumbnailUrl\"  ><img decoding=\"async\" class=\"wp-image-1210 avia-img-lazy-loading-not-1210\"   src=\"https:\/\/sklepwnetrz.pl\/salonstargard\/wp-content\/uploads\/2022\/04\/ZALUZJE-BAMBUSOWE-DREWNIANE-RADIMAR-5-495x400.webp\" width=\"495\" height=\"400\"  title='\u017bALUZJE BAMBUSOWE DREWNIANE RADIMAR 5' alt='' srcset=\"https:\/\/sklepwnetrz.pl\/salonstargard\/wp-content\/uploads\/2022\/04\/ZALUZJE-BAMBUSOWE-DREWNIANE-RADIMAR-5-495x400.webp 495w, https:\/\/sklepwnetrz.pl\/salonstargard\/wp-content\/uploads\/2022\/04\/ZALUZJE-BAMBUSOWE-DREWNIANE-RADIMAR-5-845x684.webp 845w\" sizes=\"(max-width: 495px) 100vw, 495px\" \/><\/a> <a href=\"https:\/\/sklepwnetrz.pl\/salonstargard\/wp-content\/uploads\/2022\/04\/FIRANY-I-ZASLONY-RADIMAR12-1030x1030.webp\" data-srcset=\"https:\/\/sklepwnetrz.pl\/salonstargard\/wp-content\/uploads\/2022\/04\/FIRANY-I-ZASLONY-RADIMAR12-1030x1030.webp 1030w, https:\/\/sklepwnetrz.pl\/salonstargard\/wp-content\/uploads\/2022\/04\/FIRANY-I-ZASLONY-RADIMAR12-300x300.webp 300w, https:\/\/sklepwnetrz.pl\/salonstargard\/wp-content\/uploads\/2022\/04\/FIRANY-I-ZASLONY-RADIMAR12-80x80.webp 80w, https:\/\/sklepwnetrz.pl\/salonstargard\/wp-content\/uploads\/2022\/04\/FIRANY-I-ZASLONY-RADIMAR12-768x768.webp 768w, https:\/\/sklepwnetrz.pl\/salonstargard\/wp-content\/uploads\/2022\/04\/FIRANY-I-ZASLONY-RADIMAR12-36x36.webp 36w, https:\/\/sklepwnetrz.pl\/salonstargard\/wp-content\/uploads\/2022\/04\/FIRANY-I-ZASLONY-RADIMAR12-180x180.webp 180w, https:\/\/sklepwnetrz.pl\/salonstargard\/wp-content\/uploads\/2022\/04\/FIRANY-I-ZASLONY-RADIMAR12-705x705.webp 705w, https:\/\/sklepwnetrz.pl\/salonstargard\/wp-content\/uploads\/2022\/04\/FIRANY-I-ZASLONY-RADIMAR12.webp 1200w\" data-sizes=\"(max-width: 1030px) 100vw, 1030px\" data-rel='gallery-3' data-prev-img='https:\/\/sklepwnetrz.pl\/salonstargard\/wp-content\/uploads\/2022\/04\/FIRANY-I-ZASLONY-RADIMAR12-495x400.webp' class='lightbox ' data-onclick='20' title='FIRANY I ZAS\u0141ONY RADIMAR12'  itemprop=\"thumbnailUrl\"  ><img decoding=\"async\" class=\"wp-image-1204 avia-img-lazy-loading-not-1204\"   src=\"https:\/\/sklepwnetrz.pl\/salonstargard\/wp-content\/uploads\/2022\/04\/FIRANY-I-ZASLONY-RADIMAR12-495x400.webp\" width=\"495\" height=\"400\"  title='FIRANY I ZAS\u0141ONY RADIMAR12' alt='' srcset=\"https:\/\/sklepwnetrz.pl\/salonstargard\/wp-content\/uploads\/2022\/04\/FIRANY-I-ZASLONY-RADIMAR12-495x400.webp 495w, https:\/\/sklepwnetrz.pl\/salonstargard\/wp-content\/uploads\/2022\/04\/FIRANY-I-ZASLONY-RADIMAR12-845x684.webp 845w\" sizes=\"(max-width: 495px) 100vw, 495px\" \/><\/a> <a href=\"https:\/\/sklepwnetrz.pl\/salonstargard\/wp-content\/uploads\/2022\/04\/FIRANY-I-ZASLONY-RADIMAR3-1030x1030.webp\" data-srcset=\"https:\/\/sklepwnetrz.pl\/salonstargard\/wp-content\/uploads\/2022\/04\/FIRANY-I-ZASLONY-RADIMAR3-1030x1030.webp 1030w, https:\/\/sklepwnetrz.pl\/salonstargard\/wp-content\/uploads\/2022\/04\/FIRANY-I-ZASLONY-RADIMAR3-300x300.webp 300w, https:\/\/sklepwnetrz.pl\/salonstargard\/wp-content\/uploads\/2022\/04\/FIRANY-I-ZASLONY-RADIMAR3-80x80.webp 80w, https:\/\/sklepwnetrz.pl\/salonstargard\/wp-content\/uploads\/2022\/04\/FIRANY-I-ZASLONY-RADIMAR3-768x768.webp 768w, https:\/\/sklepwnetrz.pl\/salonstargard\/wp-content\/uploads\/2022\/04\/FIRANY-I-ZASLONY-RADIMAR3-36x36.webp 36w, https:\/\/sklepwnetrz.pl\/salonstargard\/wp-content\/uploads\/2022\/04\/FIRANY-I-ZASLONY-RADIMAR3-180x180.webp 180w, https:\/\/sklepwnetrz.pl\/salonstargard\/wp-content\/uploads\/2022\/04\/FIRANY-I-ZASLONY-RADIMAR3-705x705.webp 705w, https:\/\/sklepwnetrz.pl\/salonstargard\/wp-content\/uploads\/2022\/04\/FIRANY-I-ZASLONY-RADIMAR3.webp 1200w\" data-sizes=\"(max-width: 1030px) 100vw, 1030px\" data-rel='gallery-3' data-prev-img='https:\/\/sklepwnetrz.pl\/salonstargard\/wp-content\/uploads\/2022\/04\/FIRANY-I-ZASLONY-RADIMAR3-495x400.webp' class='first_thumb lightbox ' data-onclick='21' title='FIRANY I ZAS\u0141ONY RADIMAR3'  itemprop=\"thumbnailUrl\"  ><img decoding=\"async\" class=\"wp-image-1195 avia-img-lazy-loading-not-1195\"   src=\"https:\/\/sklepwnetrz.pl\/salonstargard\/wp-content\/uploads\/2022\/04\/FIRANY-I-ZASLONY-RADIMAR3-495x400.webp\" width=\"495\" height=\"400\"  title='FIRANY I ZAS\u0141ONY RADIMAR3' alt='' srcset=\"https:\/\/sklepwnetrz.pl\/salonstargard\/wp-content\/uploads\/2022\/04\/FIRANY-I-ZASLONY-RADIMAR3-495x400.webp 495w, https:\/\/sklepwnetrz.pl\/salonstargard\/wp-content\/uploads\/2022\/04\/FIRANY-I-ZASLONY-RADIMAR3-845x684.webp 845w\" sizes=\"(max-width: 495px) 100vw, 495px\" \/><\/a> <a href=\"https:\/\/sklepwnetrz.pl\/salonstargard\/wp-content\/uploads\/2022\/04\/FIRANY-I-ZALUZJE-ZASLONY-RADIMAR15-1030x1030.webp\" data-srcset=\"https:\/\/sklepwnetrz.pl\/salonstargard\/wp-content\/uploads\/2022\/04\/FIRANY-I-ZALUZJE-ZASLONY-RADIMAR15-1030x1030.webp 1030w, https:\/\/sklepwnetrz.pl\/salonstargard\/wp-content\/uploads\/2022\/04\/FIRANY-I-ZALUZJE-ZASLONY-RADIMAR15-300x300.webp 300w, https:\/\/sklepwnetrz.pl\/salonstargard\/wp-content\/uploads\/2022\/04\/FIRANY-I-ZALUZJE-ZASLONY-RADIMAR15-80x80.webp 80w, https:\/\/sklepwnetrz.pl\/salonstargard\/wp-content\/uploads\/2022\/04\/FIRANY-I-ZALUZJE-ZASLONY-RADIMAR15-768x768.webp 768w, https:\/\/sklepwnetrz.pl\/salonstargard\/wp-content\/uploads\/2022\/04\/FIRANY-I-ZALUZJE-ZASLONY-RADIMAR15-36x36.webp 36w, https:\/\/sklepwnetrz.pl\/salonstargard\/wp-content\/uploads\/2022\/04\/FIRANY-I-ZALUZJE-ZASLONY-RADIMAR15-180x180.webp 180w, https:\/\/sklepwnetrz.pl\/salonstargard\/wp-content\/uploads\/2022\/04\/FIRANY-I-ZALUZJE-ZASLONY-RADIMAR15-705x705.webp 705w, https:\/\/sklepwnetrz.pl\/salonstargard\/wp-content\/uploads\/2022\/04\/FIRANY-I-ZALUZJE-ZASLONY-RADIMAR15.webp 1200w\" data-sizes=\"(max-width: 1030px) 100vw, 1030px\" data-rel='gallery-3' data-prev-img='https:\/\/sklepwnetrz.pl\/salonstargard\/wp-content\/uploads\/2022\/04\/FIRANY-I-ZALUZJE-ZASLONY-RADIMAR15-495x400.webp' class='lightbox ' data-onclick='22' title='FIRANY I \u017bALUZJE ZAS\u0141ONY RADIMAR15'  itemprop=\"thumbnailUrl\"  ><img decoding=\"async\" class=\"wp-image-1206 avia-img-lazy-loading-not-1206\"   src=\"https:\/\/sklepwnetrz.pl\/salonstargard\/wp-content\/uploads\/2022\/04\/FIRANY-I-ZALUZJE-ZASLONY-RADIMAR15-495x400.webp\" width=\"495\" height=\"400\"  title='FIRANY I \u017bALUZJE ZAS\u0141ONY RADIMAR15' alt='' srcset=\"https:\/\/sklepwnetrz.pl\/salonstargard\/wp-content\/uploads\/2022\/04\/FIRANY-I-ZALUZJE-ZASLONY-RADIMAR15-495x400.webp 495w, https:\/\/sklepwnetrz.pl\/salonstargard\/wp-content\/uploads\/2022\/04\/FIRANY-I-ZALUZJE-ZASLONY-RADIMAR15-845x684.webp 845w\" sizes=\"(max-width: 495px) 100vw, 495px\" \/><\/a> <a href=\"https:\/\/sklepwnetrz.pl\/salonstargard\/wp-content\/uploads\/2022\/04\/FIRANY-ZALUZJE-DREWNIANE-RADIMAR17-1030x1030.webp\" data-srcset=\"https:\/\/sklepwnetrz.pl\/salonstargard\/wp-content\/uploads\/2022\/04\/FIRANY-ZALUZJE-DREWNIANE-RADIMAR17-1030x1030.webp 1030w, https:\/\/sklepwnetrz.pl\/salonstargard\/wp-content\/uploads\/2022\/04\/FIRANY-ZALUZJE-DREWNIANE-RADIMAR17-300x300.webp 300w, https:\/\/sklepwnetrz.pl\/salonstargard\/wp-content\/uploads\/2022\/04\/FIRANY-ZALUZJE-DREWNIANE-RADIMAR17-80x80.webp 80w, https:\/\/sklepwnetrz.pl\/salonstargard\/wp-content\/uploads\/2022\/04\/FIRANY-ZALUZJE-DREWNIANE-RADIMAR17-768x768.webp 768w, https:\/\/sklepwnetrz.pl\/salonstargard\/wp-content\/uploads\/2022\/04\/FIRANY-ZALUZJE-DREWNIANE-RADIMAR17-36x36.webp 36w, https:\/\/sklepwnetrz.pl\/salonstargard\/wp-content\/uploads\/2022\/04\/FIRANY-ZALUZJE-DREWNIANE-RADIMAR17-180x180.webp 180w, https:\/\/sklepwnetrz.pl\/salonstargard\/wp-content\/uploads\/2022\/04\/FIRANY-ZALUZJE-DREWNIANE-RADIMAR17-705x705.webp 705w, https:\/\/sklepwnetrz.pl\/salonstargard\/wp-content\/uploads\/2022\/04\/FIRANY-ZALUZJE-DREWNIANE-RADIMAR17.webp 1200w\" data-sizes=\"(max-width: 1030px) 100vw, 1030px\" data-rel='gallery-3' data-prev-img='https:\/\/sklepwnetrz.pl\/salonstargard\/wp-content\/uploads\/2022\/04\/FIRANY-ZALUZJE-DREWNIANE-RADIMAR17-495x400.webp' class='lightbox ' data-onclick='23' title='FIRANY \u017bALUZJE DREWNIANE RADIMAR17'  itemprop=\"thumbnailUrl\"  ><img decoding=\"async\" class=\"wp-image-1208 avia-img-lazy-loading-not-1208\"   src=\"https:\/\/sklepwnetrz.pl\/salonstargard\/wp-content\/uploads\/2022\/04\/FIRANY-ZALUZJE-DREWNIANE-RADIMAR17-495x400.webp\" width=\"495\" height=\"400\"  title='FIRANY \u017bALUZJE DREWNIANE RADIMAR17' alt='' srcset=\"https:\/\/sklepwnetrz.pl\/salonstargard\/wp-content\/uploads\/2022\/04\/FIRANY-ZALUZJE-DREWNIANE-RADIMAR17-495x400.webp 495w, https:\/\/sklepwnetrz.pl\/salonstargard\/wp-content\/uploads\/2022\/04\/FIRANY-ZALUZJE-DREWNIANE-RADIMAR17-845x684.webp 845w\" sizes=\"(max-width: 495px) 100vw, 495px\" \/><\/a> <a href=\"https:\/\/sklepwnetrz.pl\/salonstargard\/wp-content\/uploads\/2022\/04\/FIRANY-I-ZASLONY-RADIMAR6-1030x1030.webp\" data-srcset=\"https:\/\/sklepwnetrz.pl\/salonstargard\/wp-content\/uploads\/2022\/04\/FIRANY-I-ZASLONY-RADIMAR6-1030x1030.webp 1030w, https:\/\/sklepwnetrz.pl\/salonstargard\/wp-content\/uploads\/2022\/04\/FIRANY-I-ZASLONY-RADIMAR6-300x300.webp 300w, https:\/\/sklepwnetrz.pl\/salonstargard\/wp-content\/uploads\/2022\/04\/FIRANY-I-ZASLONY-RADIMAR6-80x80.webp 80w, https:\/\/sklepwnetrz.pl\/salonstargard\/wp-content\/uploads\/2022\/04\/FIRANY-I-ZASLONY-RADIMAR6-768x768.webp 768w, https:\/\/sklepwnetrz.pl\/salonstargard\/wp-content\/uploads\/2022\/04\/FIRANY-I-ZASLONY-RADIMAR6-36x36.webp 36w, https:\/\/sklepwnetrz.pl\/salonstargard\/wp-content\/uploads\/2022\/04\/FIRANY-I-ZASLONY-RADIMAR6-180x180.webp 180w, https:\/\/sklepwnetrz.pl\/salonstargard\/wp-content\/uploads\/2022\/04\/FIRANY-I-ZASLONY-RADIMAR6-705x705.webp 705w, https:\/\/sklepwnetrz.pl\/salonstargard\/wp-content\/uploads\/2022\/04\/FIRANY-I-ZASLONY-RADIMAR6.webp 1200w\" data-sizes=\"(max-width: 1030px) 100vw, 1030px\" data-rel='gallery-3' data-prev-img='https:\/\/sklepwnetrz.pl\/salonstargard\/wp-content\/uploads\/2022\/04\/FIRANY-I-ZASLONY-RADIMAR6-495x400.webp' class='lightbox ' data-onclick='24' title='FIRANY I ZAS\u0141ONY RADIMAR6'  itemprop=\"thumbnailUrl\"  ><img decoding=\"async\" class=\"wp-image-1198 avia-img-lazy-loading-not-1198\"   src=\"https:\/\/sklepwnetrz.pl\/salonstargard\/wp-content\/uploads\/2022\/04\/FIRANY-I-ZASLONY-RADIMAR6-495x400.webp\" width=\"495\" height=\"400\"  title='FIRANY I ZAS\u0141ONY RADIMAR6' alt='' srcset=\"https:\/\/sklepwnetrz.pl\/salonstargard\/wp-content\/uploads\/2022\/04\/FIRANY-I-ZASLONY-RADIMAR6-495x400.webp 495w, https:\/\/sklepwnetrz.pl\/salonstargard\/wp-content\/uploads\/2022\/04\/FIRANY-I-ZASLONY-RADIMAR6-845x684.webp 845w\" sizes=\"(max-width: 495px) 100vw, 495px\" \/><\/a> <a href=\"https:\/\/sklepwnetrz.pl\/salonstargard\/wp-content\/uploads\/2022\/04\/FIRANY-I-ZASLONY-RADIMAR9-1030x1030.webp\" data-srcset=\"https:\/\/sklepwnetrz.pl\/salonstargard\/wp-content\/uploads\/2022\/04\/FIRANY-I-ZASLONY-RADIMAR9-1030x1030.webp 1030w, https:\/\/sklepwnetrz.pl\/salonstargard\/wp-content\/uploads\/2022\/04\/FIRANY-I-ZASLONY-RADIMAR9-300x300.webp 300w, https:\/\/sklepwnetrz.pl\/salonstargard\/wp-content\/uploads\/2022\/04\/FIRANY-I-ZASLONY-RADIMAR9-80x80.webp 80w, https:\/\/sklepwnetrz.pl\/salonstargard\/wp-content\/uploads\/2022\/04\/FIRANY-I-ZASLONY-RADIMAR9-768x768.webp 768w, https:\/\/sklepwnetrz.pl\/salonstargard\/wp-content\/uploads\/2022\/04\/FIRANY-I-ZASLONY-RADIMAR9-36x36.webp 36w, https:\/\/sklepwnetrz.pl\/salonstargard\/wp-content\/uploads\/2022\/04\/FIRANY-I-ZASLONY-RADIMAR9-180x180.webp 180w, https:\/\/sklepwnetrz.pl\/salonstargard\/wp-content\/uploads\/2022\/04\/FIRANY-I-ZASLONY-RADIMAR9-705x705.webp 705w, https:\/\/sklepwnetrz.pl\/salonstargard\/wp-content\/uploads\/2022\/04\/FIRANY-I-ZASLONY-RADIMAR9.webp 1200w\" data-sizes=\"(max-width: 1030px) 100vw, 1030px\" data-rel='gallery-3' data-prev-img='https:\/\/sklepwnetrz.pl\/salonstargard\/wp-content\/uploads\/2022\/04\/FIRANY-I-ZASLONY-RADIMAR9-495x400.webp' class='lightbox ' data-onclick='25' title='FIRANY I ZAS\u0141ONY RADIMAR9'  itemprop=\"thumbnailUrl\"  ><img decoding=\"async\" class=\"wp-image-1201 avia-img-lazy-loading-not-1201\"   src=\"https:\/\/sklepwnetrz.pl\/salonstargard\/wp-content\/uploads\/2022\/04\/FIRANY-I-ZASLONY-RADIMAR9-495x400.webp\" width=\"495\" height=\"400\"  title='FIRANY I ZAS\u0141ONY RADIMAR9' alt='' srcset=\"https:\/\/sklepwnetrz.pl\/salonstargard\/wp-content\/uploads\/2022\/04\/FIRANY-I-ZASLONY-RADIMAR9-495x400.webp 495w, https:\/\/sklepwnetrz.pl\/salonstargard\/wp-content\/uploads\/2022\/04\/FIRANY-I-ZASLONY-RADIMAR9-845x684.webp 845w\" sizes=\"(max-width: 495px) 100vw, 495px\" \/><\/a> <a href=\"https:\/\/sklepwnetrz.pl\/salonstargard\/wp-content\/uploads\/2022\/04\/FIRANY-I-ZASLONY-RADIMAR10-1030x1030.webp\" data-srcset=\"https:\/\/sklepwnetrz.pl\/salonstargard\/wp-content\/uploads\/2022\/04\/FIRANY-I-ZASLONY-RADIMAR10-1030x1030.webp 1030w, https:\/\/sklepwnetrz.pl\/salonstargard\/wp-content\/uploads\/2022\/04\/FIRANY-I-ZASLONY-RADIMAR10-300x300.webp 300w, https:\/\/sklepwnetrz.pl\/salonstargard\/wp-content\/uploads\/2022\/04\/FIRANY-I-ZASLONY-RADIMAR10-80x80.webp 80w, https:\/\/sklepwnetrz.pl\/salonstargard\/wp-content\/uploads\/2022\/04\/FIRANY-I-ZASLONY-RADIMAR10-768x768.webp 768w, https:\/\/sklepwnetrz.pl\/salonstargard\/wp-content\/uploads\/2022\/04\/FIRANY-I-ZASLONY-RADIMAR10-36x36.webp 36w, https:\/\/sklepwnetrz.pl\/salonstargard\/wp-content\/uploads\/2022\/04\/FIRANY-I-ZASLONY-RADIMAR10-180x180.webp 180w, https:\/\/sklepwnetrz.pl\/salonstargard\/wp-content\/uploads\/2022\/04\/FIRANY-I-ZASLONY-RADIMAR10-705x705.webp 705w, https:\/\/sklepwnetrz.pl\/salonstargard\/wp-content\/uploads\/2022\/04\/FIRANY-I-ZASLONY-RADIMAR10.webp 1200w\" data-sizes=\"(max-width: 1030px) 100vw, 1030px\" data-rel='gallery-3' data-prev-img='https:\/\/sklepwnetrz.pl\/salonstargard\/wp-content\/uploads\/2022\/04\/FIRANY-I-ZASLONY-RADIMAR10-495x400.webp' class='first_thumb lightbox ' data-onclick='26' title='FIRANY I ZAS\u0141ONY RADIMAR10'  itemprop=\"thumbnailUrl\"  ><img decoding=\"async\" class=\"wp-image-1202 avia-img-lazy-loading-not-1202\"   src=\"https:\/\/sklepwnetrz.pl\/salonstargard\/wp-content\/uploads\/2022\/04\/FIRANY-I-ZASLONY-RADIMAR10-495x400.webp\" width=\"495\" height=\"400\"  title='FIRANY I ZAS\u0141ONY RADIMAR10' alt='' srcset=\"https:\/\/sklepwnetrz.pl\/salonstargard\/wp-content\/uploads\/2022\/04\/FIRANY-I-ZASLONY-RADIMAR10-495x400.webp 495w, https:\/\/sklepwnetrz.pl\/salonstargard\/wp-content\/uploads\/2022\/04\/FIRANY-I-ZASLONY-RADIMAR10-845x684.webp 845w\" sizes=\"(max-width: 495px) 100vw, 495px\" \/><\/a> <a href=\"https:\/\/sklepwnetrz.pl\/salonstargard\/wp-content\/uploads\/2022\/04\/FIRANY-I-ZASLONY-RADIMAR11-1030x1030.webp\" data-srcset=\"https:\/\/sklepwnetrz.pl\/salonstargard\/wp-content\/uploads\/2022\/04\/FIRANY-I-ZASLONY-RADIMAR11-1030x1030.webp 1030w, https:\/\/sklepwnetrz.pl\/salonstargard\/wp-content\/uploads\/2022\/04\/FIRANY-I-ZASLONY-RADIMAR11-300x300.webp 300w, https:\/\/sklepwnetrz.pl\/salonstargard\/wp-content\/uploads\/2022\/04\/FIRANY-I-ZASLONY-RADIMAR11-80x80.webp 80w, https:\/\/sklepwnetrz.pl\/salonstargard\/wp-content\/uploads\/2022\/04\/FIRANY-I-ZASLONY-RADIMAR11-768x768.webp 768w, https:\/\/sklepwnetrz.pl\/salonstargard\/wp-content\/uploads\/2022\/04\/FIRANY-I-ZASLONY-RADIMAR11-36x36.webp 36w, https:\/\/sklepwnetrz.pl\/salonstargard\/wp-content\/uploads\/2022\/04\/FIRANY-I-ZASLONY-RADIMAR11-180x180.webp 180w, https:\/\/sklepwnetrz.pl\/salonstargard\/wp-content\/uploads\/2022\/04\/FIRANY-I-ZASLONY-RADIMAR11-705x705.webp 705w, https:\/\/sklepwnetrz.pl\/salonstargard\/wp-content\/uploads\/2022\/04\/FIRANY-I-ZASLONY-RADIMAR11.webp 1200w\" data-sizes=\"(max-width: 1030px) 100vw, 1030px\" data-rel='gallery-3' data-prev-img='https:\/\/sklepwnetrz.pl\/salonstargard\/wp-content\/uploads\/2022\/04\/FIRANY-I-ZASLONY-RADIMAR11-495x400.webp' class='lightbox ' data-onclick='27' title='FIRANY I ZAS\u0141ONY RADIMAR11'  itemprop=\"thumbnailUrl\"  ><img decoding=\"async\" class=\"wp-image-1203 avia-img-lazy-loading-not-1203\"   src=\"https:\/\/sklepwnetrz.pl\/salonstargard\/wp-content\/uploads\/2022\/04\/FIRANY-I-ZASLONY-RADIMAR11-495x400.webp\" width=\"495\" height=\"400\"  title='FIRANY I ZAS\u0141ONY RADIMAR11' alt='' srcset=\"https:\/\/sklepwnetrz.pl\/salonstargard\/wp-content\/uploads\/2022\/04\/FIRANY-I-ZASLONY-RADIMAR11-495x400.webp 495w, https:\/\/sklepwnetrz.pl\/salonstargard\/wp-content\/uploads\/2022\/04\/FIRANY-I-ZASLONY-RADIMAR11-845x684.webp 845w\" sizes=\"(max-width: 495px) 100vw, 495px\" \/><\/a> <a href=\"https:\/\/sklepwnetrz.pl\/salonstargard\/wp-content\/uploads\/2022\/04\/FIRANY-I-ZASLONY-RADIMAR1-1030x1030.webp\" data-srcset=\"https:\/\/sklepwnetrz.pl\/salonstargard\/wp-content\/uploads\/2022\/04\/FIRANY-I-ZASLONY-RADIMAR1-1030x1030.webp 1030w, https:\/\/sklepwnetrz.pl\/salonstargard\/wp-content\/uploads\/2022\/04\/FIRANY-I-ZASLONY-RADIMAR1-300x300.webp 300w, https:\/\/sklepwnetrz.pl\/salonstargard\/wp-content\/uploads\/2022\/04\/FIRANY-I-ZASLONY-RADIMAR1-80x80.webp 80w, https:\/\/sklepwnetrz.pl\/salonstargard\/wp-content\/uploads\/2022\/04\/FIRANY-I-ZASLONY-RADIMAR1-768x768.webp 768w, https:\/\/sklepwnetrz.pl\/salonstargard\/wp-content\/uploads\/2022\/04\/FIRANY-I-ZASLONY-RADIMAR1-36x36.webp 36w, https:\/\/sklepwnetrz.pl\/salonstargard\/wp-content\/uploads\/2022\/04\/FIRANY-I-ZASLONY-RADIMAR1-180x180.webp 180w, https:\/\/sklepwnetrz.pl\/salonstargard\/wp-content\/uploads\/2022\/04\/FIRANY-I-ZASLONY-RADIMAR1-705x705.webp 705w, https:\/\/sklepwnetrz.pl\/salonstargard\/wp-content\/uploads\/2022\/04\/FIRANY-I-ZASLONY-RADIMAR1.webp 1200w\" data-sizes=\"(max-width: 1030px) 100vw, 1030px\" data-rel='gallery-3' data-prev-img='https:\/\/sklepwnetrz.pl\/salonstargard\/wp-content\/uploads\/2022\/04\/FIRANY-I-ZASLONY-RADIMAR1-495x400.webp' class='lightbox ' data-onclick='28' title='FIRANY I ZAS\u0141ONY RADIMAR1'  itemprop=\"thumbnailUrl\"  ><img decoding=\"async\" class=\"wp-image-1193 avia-img-lazy-loading-not-1193\"   src=\"https:\/\/sklepwnetrz.pl\/salonstargard\/wp-content\/uploads\/2022\/04\/FIRANY-I-ZASLONY-RADIMAR1-495x400.webp\" width=\"495\" height=\"400\"  title='FIRANY I ZAS\u0141ONY RADIMAR1' alt='' srcset=\"https:\/\/sklepwnetrz.pl\/salonstargard\/wp-content\/uploads\/2022\/04\/FIRANY-I-ZASLONY-RADIMAR1-495x400.webp 495w, https:\/\/sklepwnetrz.pl\/salonstargard\/wp-content\/uploads\/2022\/04\/FIRANY-I-ZASLONY-RADIMAR1-845x684.webp 845w\" sizes=\"(max-width: 495px) 100vw, 495px\" \/><\/a> <a href=\"https:\/\/sklepwnetrz.pl\/salonstargard\/wp-content\/uploads\/2022\/04\/ZALUZJE-DREWNIANE-3-1030x1030.webp\" data-srcset=\"https:\/\/sklepwnetrz.pl\/salonstargard\/wp-content\/uploads\/2022\/04\/ZALUZJE-DREWNIANE-3-1030x1030.webp 1030w, https:\/\/sklepwnetrz.pl\/salonstargard\/wp-content\/uploads\/2022\/04\/ZALUZJE-DREWNIANE-3-300x300.webp 300w, https:\/\/sklepwnetrz.pl\/salonstargard\/wp-content\/uploads\/2022\/04\/ZALUZJE-DREWNIANE-3-80x80.webp 80w, https:\/\/sklepwnetrz.pl\/salonstargard\/wp-content\/uploads\/2022\/04\/ZALUZJE-DREWNIANE-3-768x768.webp 768w, https:\/\/sklepwnetrz.pl\/salonstargard\/wp-content\/uploads\/2022\/04\/ZALUZJE-DREWNIANE-3-36x36.webp 36w, https:\/\/sklepwnetrz.pl\/salonstargard\/wp-content\/uploads\/2022\/04\/ZALUZJE-DREWNIANE-3-180x180.webp 180w, https:\/\/sklepwnetrz.pl\/salonstargard\/wp-content\/uploads\/2022\/04\/ZALUZJE-DREWNIANE-3-705x705.webp 705w, https:\/\/sklepwnetrz.pl\/salonstargard\/wp-content\/uploads\/2022\/04\/ZALUZJE-DREWNIANE-3.webp 1200w\" data-sizes=\"(max-width: 1030px) 100vw, 1030px\" data-rel='gallery-3' data-prev-img='https:\/\/sklepwnetrz.pl\/salonstargard\/wp-content\/uploads\/2022\/04\/ZALUZJE-DREWNIANE-3-495x400.webp' class='lightbox ' data-onclick='29' title='\u017bALUZJE DREWNIANE 3'  itemprop=\"thumbnailUrl\"  ><img decoding=\"async\" class=\"wp-image-1211 avia-img-lazy-loading-not-1211\"   src=\"https:\/\/sklepwnetrz.pl\/salonstargard\/wp-content\/uploads\/2022\/04\/ZALUZJE-DREWNIANE-3-495x400.webp\" width=\"495\" height=\"400\"  title='\u017bALUZJE DREWNIANE 3' alt='' srcset=\"https:\/\/sklepwnetrz.pl\/salonstargard\/wp-content\/uploads\/2022\/04\/ZALUZJE-DREWNIANE-3-495x400.webp 495w, https:\/\/sklepwnetrz.pl\/salonstargard\/wp-content\/uploads\/2022\/04\/ZALUZJE-DREWNIANE-3-845x684.webp 845w\" sizes=\"(max-width: 495px) 100vw, 495px\" \/><\/a> <a href=\"https:\/\/sklepwnetrz.pl\/salonstargard\/wp-content\/uploads\/2022\/04\/hotel-lord-2-1030x1030.webp\" data-srcset=\"https:\/\/sklepwnetrz.pl\/salonstargard\/wp-content\/uploads\/2022\/04\/hotel-lord-2-1030x1030.webp 1030w, https:\/\/sklepwnetrz.pl\/salonstargard\/wp-content\/uploads\/2022\/04\/hotel-lord-2-300x300.webp 300w, https:\/\/sklepwnetrz.pl\/salonstargard\/wp-content\/uploads\/2022\/04\/hotel-lord-2-80x80.webp 80w, https:\/\/sklepwnetrz.pl\/salonstargard\/wp-content\/uploads\/2022\/04\/hotel-lord-2-768x768.webp 768w, https:\/\/sklepwnetrz.pl\/salonstargard\/wp-content\/uploads\/2022\/04\/hotel-lord-2-36x36.webp 36w, https:\/\/sklepwnetrz.pl\/salonstargard\/wp-content\/uploads\/2022\/04\/hotel-lord-2-180x180.webp 180w, https:\/\/sklepwnetrz.pl\/salonstargard\/wp-content\/uploads\/2022\/04\/hotel-lord-2-705x705.webp 705w, https:\/\/sklepwnetrz.pl\/salonstargard\/wp-content\/uploads\/2022\/04\/hotel-lord-2.webp 1200w\" data-sizes=\"(max-width: 1030px) 100vw, 1030px\" data-rel='gallery-3' data-prev-img='https:\/\/sklepwnetrz.pl\/salonstargard\/wp-content\/uploads\/2022\/04\/hotel-lord-2-495x400.webp' class='lightbox ' data-onclick='30' title='hotel lord 2'  itemprop=\"thumbnailUrl\"  ><img decoding=\"async\" class=\"wp-image-1109 avia-img-lazy-loading-not-1109\"   src=\"https:\/\/sklepwnetrz.pl\/salonstargard\/wp-content\/uploads\/2022\/04\/hotel-lord-2-495x400.webp\" width=\"495\" height=\"400\"  title='hotel lord 2' alt='' srcset=\"https:\/\/sklepwnetrz.pl\/salonstargard\/wp-content\/uploads\/2022\/04\/hotel-lord-2-495x400.webp 495w, https:\/\/sklepwnetrz.pl\/salonstargard\/wp-content\/uploads\/2022\/04\/hotel-lord-2-845x684.webp 845w\" sizes=\"(max-width: 495px) 100vw, 495px\" \/><\/a> <a href=\"https:\/\/sklepwnetrz.pl\/salonstargard\/wp-content\/uploads\/2022\/04\/lord4-1030x1030.webp\" data-srcset=\"https:\/\/sklepwnetrz.pl\/salonstargard\/wp-content\/uploads\/2022\/04\/lord4-1030x1030.webp 1030w, https:\/\/sklepwnetrz.pl\/salonstargard\/wp-content\/uploads\/2022\/04\/lord4-300x300.webp 300w, https:\/\/sklepwnetrz.pl\/salonstargard\/wp-content\/uploads\/2022\/04\/lord4-80x80.webp 80w, https:\/\/sklepwnetrz.pl\/salonstargard\/wp-content\/uploads\/2022\/04\/lord4-768x768.webp 768w, https:\/\/sklepwnetrz.pl\/salonstargard\/wp-content\/uploads\/2022\/04\/lord4-36x36.webp 36w, https:\/\/sklepwnetrz.pl\/salonstargard\/wp-content\/uploads\/2022\/04\/lord4-180x180.webp 180w, https:\/\/sklepwnetrz.pl\/salonstargard\/wp-content\/uploads\/2022\/04\/lord4-705x705.webp 705w, https:\/\/sklepwnetrz.pl\/salonstargard\/wp-content\/uploads\/2022\/04\/lord4.webp 1200w\" data-sizes=\"(max-width: 1030px) 100vw, 1030px\" data-rel='gallery-3' data-prev-img='https:\/\/sklepwnetrz.pl\/salonstargard\/wp-content\/uploads\/2022\/04\/lord4-495x400.webp' class='first_thumb lightbox ' data-onclick='31' title='lord4'  itemprop=\"thumbnailUrl\"  ><img decoding=\"async\" class=\"wp-image-1113 avia-img-lazy-loading-not-1113\"   src=\"https:\/\/sklepwnetrz.pl\/salonstargard\/wp-content\/uploads\/2022\/04\/lord4-495x400.webp\" width=\"495\" height=\"400\"  title='lord4' alt='' srcset=\"https:\/\/sklepwnetrz.pl\/salonstargard\/wp-content\/uploads\/2022\/04\/lord4-495x400.webp 495w, https:\/\/sklepwnetrz.pl\/salonstargard\/wp-content\/uploads\/2022\/04\/lord4-845x684.webp 845w\" sizes=\"(max-width: 495px) 100vw, 495px\" \/><\/a> <a href=\"https:\/\/sklepwnetrz.pl\/salonstargard\/wp-content\/uploads\/2022\/02\/firany-system-fala-1030x1030.webp\" data-srcset=\"https:\/\/sklepwnetrz.pl\/salonstargard\/wp-content\/uploads\/2022\/02\/firany-system-fala-1030x1030.webp 1030w, https:\/\/sklepwnetrz.pl\/salonstargard\/wp-content\/uploads\/2022\/02\/firany-system-fala-300x300.webp 300w, https:\/\/sklepwnetrz.pl\/salonstargard\/wp-content\/uploads\/2022\/02\/firany-system-fala-80x80.webp 80w, https:\/\/sklepwnetrz.pl\/salonstargard\/wp-content\/uploads\/2022\/02\/firany-system-fala-768x768.webp 768w, https:\/\/sklepwnetrz.pl\/salonstargard\/wp-content\/uploads\/2022\/02\/firany-system-fala-36x36.webp 36w, https:\/\/sklepwnetrz.pl\/salonstargard\/wp-content\/uploads\/2022\/02\/firany-system-fala-180x180.webp 180w, https:\/\/sklepwnetrz.pl\/salonstargard\/wp-content\/uploads\/2022\/02\/firany-system-fala-705x705.webp 705w, https:\/\/sklepwnetrz.pl\/salonstargard\/wp-content\/uploads\/2022\/02\/firany-system-fala.webp 1200w\" data-sizes=\"(max-width: 1030px) 100vw, 1030px\" data-rel='gallery-3' data-prev-img='https:\/\/sklepwnetrz.pl\/salonstargard\/wp-content\/uploads\/2022\/02\/firany-system-fala-495x400.webp' class='lightbox ' data-onclick='32' title='firany-system-fala'  itemprop=\"thumbnailUrl\"  ><img decoding=\"async\" class=\"wp-image-1061 avia-img-lazy-loading-not-1061\"   src=\"https:\/\/sklepwnetrz.pl\/salonstargard\/wp-content\/uploads\/2022\/02\/firany-system-fala-495x400.webp\" width=\"495\" height=\"400\"  title='firany-system-fala' alt='' srcset=\"https:\/\/sklepwnetrz.pl\/salonstargard\/wp-content\/uploads\/2022\/02\/firany-system-fala-495x400.webp 495w, https:\/\/sklepwnetrz.pl\/salonstargard\/wp-content\/uploads\/2022\/02\/firany-system-fala-845x684.webp 845w\" sizes=\"(max-width: 495px) 100vw, 495px\" \/><\/a> <a href=\"https:\/\/sklepwnetrz.pl\/salonstargard\/wp-content\/uploads\/2022\/02\/firany-radimar-1030x1030.webp\" data-srcset=\"https:\/\/sklepwnetrz.pl\/salonstargard\/wp-content\/uploads\/2022\/02\/firany-radimar-1030x1030.webp 1030w, https:\/\/sklepwnetrz.pl\/salonstargard\/wp-content\/uploads\/2022\/02\/firany-radimar-300x300.webp 300w, https:\/\/sklepwnetrz.pl\/salonstargard\/wp-content\/uploads\/2022\/02\/firany-radimar-80x80.webp 80w, https:\/\/sklepwnetrz.pl\/salonstargard\/wp-content\/uploads\/2022\/02\/firany-radimar-768x768.webp 768w, https:\/\/sklepwnetrz.pl\/salonstargard\/wp-content\/uploads\/2022\/02\/firany-radimar-36x36.webp 36w, https:\/\/sklepwnetrz.pl\/salonstargard\/wp-content\/uploads\/2022\/02\/firany-radimar-180x180.webp 180w, https:\/\/sklepwnetrz.pl\/salonstargard\/wp-content\/uploads\/2022\/02\/firany-radimar-705x705.webp 705w, https:\/\/sklepwnetrz.pl\/salonstargard\/wp-content\/uploads\/2022\/02\/firany-radimar.webp 1200w\" data-sizes=\"(max-width: 1030px) 100vw, 1030px\" data-rel='gallery-3' data-prev-img='https:\/\/sklepwnetrz.pl\/salonstargard\/wp-content\/uploads\/2022\/02\/firany-radimar-495x400.webp' class='lightbox ' data-onclick='33' title='firany-radimar'  itemprop=\"thumbnailUrl\"  ><img decoding=\"async\" class=\"wp-image-1060 avia-img-lazy-loading-not-1060\"   src=\"https:\/\/sklepwnetrz.pl\/salonstargard\/wp-content\/uploads\/2022\/02\/firany-radimar-495x400.webp\" width=\"495\" height=\"400\"  title='firany-radimar' alt='' srcset=\"https:\/\/sklepwnetrz.pl\/salonstargard\/wp-content\/uploads\/2022\/02\/firany-radimar-495x400.webp 495w, https:\/\/sklepwnetrz.pl\/salonstargard\/wp-content\/uploads\/2022\/02\/firany-radimar-845x684.webp 845w\" sizes=\"(max-width: 495px) 100vw, 495px\" \/><\/a> <a href=\"https:\/\/sklepwnetrz.pl\/salonstargard\/wp-content\/uploads\/2022\/02\/okna-dachowe-firany-radimar-1030x1030.webp\" data-srcset=\"https:\/\/sklepwnetrz.pl\/salonstargard\/wp-content\/uploads\/2022\/02\/okna-dachowe-firany-radimar-1030x1030.webp 1030w, https:\/\/sklepwnetrz.pl\/salonstargard\/wp-content\/uploads\/2022\/02\/okna-dachowe-firany-radimar-300x300.webp 300w, https:\/\/sklepwnetrz.pl\/salonstargard\/wp-content\/uploads\/2022\/02\/okna-dachowe-firany-radimar-80x80.webp 80w, https:\/\/sklepwnetrz.pl\/salonstargard\/wp-content\/uploads\/2022\/02\/okna-dachowe-firany-radimar-768x768.webp 768w, https:\/\/sklepwnetrz.pl\/salonstargard\/wp-content\/uploads\/2022\/02\/okna-dachowe-firany-radimar-36x36.webp 36w, https:\/\/sklepwnetrz.pl\/salonstargard\/wp-content\/uploads\/2022\/02\/okna-dachowe-firany-radimar-180x180.webp 180w, https:\/\/sklepwnetrz.pl\/salonstargard\/wp-content\/uploads\/2022\/02\/okna-dachowe-firany-radimar-705x705.webp 705w, https:\/\/sklepwnetrz.pl\/salonstargard\/wp-content\/uploads\/2022\/02\/okna-dachowe-firany-radimar.webp 1200w\" data-sizes=\"(max-width: 1030px) 100vw, 1030px\" data-rel='gallery-3' data-prev-img='https:\/\/sklepwnetrz.pl\/salonstargard\/wp-content\/uploads\/2022\/02\/okna-dachowe-firany-radimar-495x400.webp' class='lightbox ' data-onclick='34' title='okna-dachowe-firany-radimar'  itemprop=\"thumbnailUrl\"  ><img decoding=\"async\" class=\"wp-image-1056 avia-img-lazy-loading-not-1056\"   src=\"https:\/\/sklepwnetrz.pl\/salonstargard\/wp-content\/uploads\/2022\/02\/okna-dachowe-firany-radimar-495x400.webp\" width=\"495\" height=\"400\"  title='okna-dachowe-firany-radimar' alt='' srcset=\"https:\/\/sklepwnetrz.pl\/salonstargard\/wp-content\/uploads\/2022\/02\/okna-dachowe-firany-radimar-495x400.webp 495w, https:\/\/sklepwnetrz.pl\/salonstargard\/wp-content\/uploads\/2022\/02\/okna-dachowe-firany-radimar-845x684.webp 845w\" sizes=\"(max-width: 495px) 100vw, 495px\" \/><\/a> <a href=\"https:\/\/sklepwnetrz.pl\/salonstargard\/wp-content\/uploads\/2022\/04\/20220427_183637-1030x773.webp\" data-srcset=\"https:\/\/sklepwnetrz.pl\/salonstargard\/wp-content\/uploads\/2022\/04\/20220427_183637-1030x773.webp 1030w, https:\/\/sklepwnetrz.pl\/salonstargard\/wp-content\/uploads\/2022\/04\/20220427_183637-300x225.webp 300w, https:\/\/sklepwnetrz.pl\/salonstargard\/wp-content\/uploads\/2022\/04\/20220427_183637-768x576.webp 768w, https:\/\/sklepwnetrz.pl\/salonstargard\/wp-content\/uploads\/2022\/04\/20220427_183637-1536x1152.webp 1536w, https:\/\/sklepwnetrz.pl\/salonstargard\/wp-content\/uploads\/2022\/04\/20220427_183637-2048x1536.webp 2048w, https:\/\/sklepwnetrz.pl\/salonstargard\/wp-content\/uploads\/2022\/04\/20220427_183637-1500x1125.webp 1500w, https:\/\/sklepwnetrz.pl\/salonstargard\/wp-content\/uploads\/2022\/04\/20220427_183637-705x529.webp 705w\" data-sizes=\"(max-width: 1030px) 100vw, 1030px\" data-rel='gallery-3' data-prev-img='https:\/\/sklepwnetrz.pl\/salonstargard\/wp-content\/uploads\/2022\/04\/20220427_183637-495x400.webp' class='lightbox ' data-onclick='35' title='20220427_183637'  itemprop=\"thumbnailUrl\"  ><img decoding=\"async\" class=\"wp-image-1232 avia-img-lazy-loading-not-1232\"   src=\"https:\/\/sklepwnetrz.pl\/salonstargard\/wp-content\/uploads\/2022\/04\/20220427_183637-495x400.webp\" width=\"495\" height=\"400\"  title='20220427_183637' alt='' srcset=\"https:\/\/sklepwnetrz.pl\/salonstargard\/wp-content\/uploads\/2022\/04\/20220427_183637-495x400.webp 495w, https:\/\/sklepwnetrz.pl\/salonstargard\/wp-content\/uploads\/2022\/04\/20220427_183637-845x684.webp 845w\" sizes=\"(max-width: 495px) 100vw, 495px\" \/><\/a> <a href=\"https:\/\/sklepwnetrz.pl\/salonstargard\/wp-content\/uploads\/2022\/04\/rolety-na-okno-radimar-1030x1030.webp\" data-srcset=\"https:\/\/sklepwnetrz.pl\/salonstargard\/wp-content\/uploads\/2022\/04\/rolety-na-okno-radimar-1030x1030.webp 1030w, https:\/\/sklepwnetrz.pl\/salonstargard\/wp-content\/uploads\/2022\/04\/rolety-na-okno-radimar-300x300.webp 300w, https:\/\/sklepwnetrz.pl\/salonstargard\/wp-content\/uploads\/2022\/04\/rolety-na-okno-radimar-80x80.webp 80w, https:\/\/sklepwnetrz.pl\/salonstargard\/wp-content\/uploads\/2022\/04\/rolety-na-okno-radimar-768x768.webp 768w, https:\/\/sklepwnetrz.pl\/salonstargard\/wp-content\/uploads\/2022\/04\/rolety-na-okno-radimar-36x36.webp 36w, https:\/\/sklepwnetrz.pl\/salonstargard\/wp-content\/uploads\/2022\/04\/rolety-na-okno-radimar-180x180.webp 180w, https:\/\/sklepwnetrz.pl\/salonstargard\/wp-content\/uploads\/2022\/04\/rolety-na-okno-radimar-705x705.webp 705w, https:\/\/sklepwnetrz.pl\/salonstargard\/wp-content\/uploads\/2022\/04\/rolety-na-okno-radimar.webp 1200w\" data-sizes=\"(max-width: 1030px) 100vw, 1030px\" data-rel='gallery-3' data-prev-img='https:\/\/sklepwnetrz.pl\/salonstargard\/wp-content\/uploads\/2022\/04\/rolety-na-okno-radimar-495x400.webp' class='first_thumb lightbox ' data-onclick='36' title='rolety na okno radimar'  itemprop=\"thumbnailUrl\"  ><img decoding=\"async\" class=\"wp-image-1241 avia-img-lazy-loading-not-1241\"   src=\"https:\/\/sklepwnetrz.pl\/salonstargard\/wp-content\/uploads\/2022\/04\/rolety-na-okno-radimar-495x400.webp\" width=\"495\" height=\"400\"  title='rolety na okno radimar' alt='' srcset=\"https:\/\/sklepwnetrz.pl\/salonstargard\/wp-content\/uploads\/2022\/04\/rolety-na-okno-radimar-495x400.webp 495w, https:\/\/sklepwnetrz.pl\/salonstargard\/wp-content\/uploads\/2022\/04\/rolety-na-okno-radimar-845x684.webp 845w\" sizes=\"(max-width: 495px) 100vw, 495px\" \/><\/a> <a href=\"https:\/\/sklepwnetrz.pl\/salonstargard\/wp-content\/uploads\/2022\/04\/roleta-wenecka-radimar-1030x824.webp\" data-srcset=\"https:\/\/sklepwnetrz.pl\/salonstargard\/wp-content\/uploads\/2022\/04\/roleta-wenecka-radimar-1030x824.webp 1030w, https:\/\/sklepwnetrz.pl\/salonstargard\/wp-content\/uploads\/2022\/04\/roleta-wenecka-radimar-300x240.webp 300w, https:\/\/sklepwnetrz.pl\/salonstargard\/wp-content\/uploads\/2022\/04\/roleta-wenecka-radimar-768x614.webp 768w, https:\/\/sklepwnetrz.pl\/salonstargard\/wp-content\/uploads\/2022\/04\/roleta-wenecka-radimar-705x564.webp 705w, https:\/\/sklepwnetrz.pl\/salonstargard\/wp-content\/uploads\/2022\/04\/roleta-wenecka-radimar.webp 1200w\" data-sizes=\"(max-width: 1030px) 100vw, 1030px\" data-rel='gallery-3' data-prev-img='https:\/\/sklepwnetrz.pl\/salonstargard\/wp-content\/uploads\/2022\/04\/roleta-wenecka-radimar-495x400.webp' class='lightbox ' data-onclick='37' title='roleta wenecka radimar'  itemprop=\"thumbnailUrl\"  ><img decoding=\"async\" class=\"wp-image-1240 avia-img-lazy-loading-not-1240\"   src=\"https:\/\/sklepwnetrz.pl\/salonstargard\/wp-content\/uploads\/2022\/04\/roleta-wenecka-radimar-495x400.webp\" width=\"495\" height=\"400\"  title='roleta wenecka radimar' alt='' srcset=\"https:\/\/sklepwnetrz.pl\/salonstargard\/wp-content\/uploads\/2022\/04\/roleta-wenecka-radimar-495x400.webp 495w, https:\/\/sklepwnetrz.pl\/salonstargard\/wp-content\/uploads\/2022\/04\/roleta-wenecka-radimar-845x684.webp 845w\" sizes=\"(max-width: 495px) 100vw, 495px\" \/><\/a> <a href=\"https:\/\/sklepwnetrz.pl\/salonstargard\/wp-content\/uploads\/2022\/04\/haft-firany-1030x1030.webp\" data-srcset=\"https:\/\/sklepwnetrz.pl\/salonstargard\/wp-content\/uploads\/2022\/04\/haft-firany-1030x1030.webp 1030w, https:\/\/sklepwnetrz.pl\/salonstargard\/wp-content\/uploads\/2022\/04\/haft-firany-300x300.webp 300w, https:\/\/sklepwnetrz.pl\/salonstargard\/wp-content\/uploads\/2022\/04\/haft-firany-80x80.webp 80w, https:\/\/sklepwnetrz.pl\/salonstargard\/wp-content\/uploads\/2022\/04\/haft-firany-768x768.webp 768w, https:\/\/sklepwnetrz.pl\/salonstargard\/wp-content\/uploads\/2022\/04\/haft-firany-36x36.webp 36w, https:\/\/sklepwnetrz.pl\/salonstargard\/wp-content\/uploads\/2022\/04\/haft-firany-180x180.webp 180w, https:\/\/sklepwnetrz.pl\/salonstargard\/wp-content\/uploads\/2022\/04\/haft-firany-705x705.webp 705w, https:\/\/sklepwnetrz.pl\/salonstargard\/wp-content\/uploads\/2022\/04\/haft-firany.webp 1200w\" data-sizes=\"(max-width: 1030px) 100vw, 1030px\" data-rel='gallery-3' data-prev-img='https:\/\/sklepwnetrz.pl\/salonstargard\/wp-content\/uploads\/2022\/04\/haft-firany-495x400.webp' class='lightbox ' data-onclick='38' title='haft firany'  itemprop=\"thumbnailUrl\"  ><img decoding=\"async\" class=\"wp-image-1238 avia-img-lazy-loading-not-1238\"   src=\"https:\/\/sklepwnetrz.pl\/salonstargard\/wp-content\/uploads\/2022\/04\/haft-firany-495x400.webp\" width=\"495\" height=\"400\"  title='haft firany' alt='' srcset=\"https:\/\/sklepwnetrz.pl\/salonstargard\/wp-content\/uploads\/2022\/04\/haft-firany-495x400.webp 495w, https:\/\/sklepwnetrz.pl\/salonstargard\/wp-content\/uploads\/2022\/04\/haft-firany-845x684.webp 845w\" sizes=\"(max-width: 495px) 100vw, 495px\" \/><\/a> <a href=\"https:\/\/sklepwnetrz.pl\/salonstargard\/wp-content\/uploads\/2022\/05\/zakladana2-1030x1030.webp\" data-srcset=\"https:\/\/sklepwnetrz.pl\/salonstargard\/wp-content\/uploads\/2022\/05\/zakladana2-1030x1030.webp 1030w, https:\/\/sklepwnetrz.pl\/salonstargard\/wp-content\/uploads\/2022\/05\/zakladana2-300x300.webp 300w, https:\/\/sklepwnetrz.pl\/salonstargard\/wp-content\/uploads\/2022\/05\/zakladana2-80x80.webp 80w, https:\/\/sklepwnetrz.pl\/salonstargard\/wp-content\/uploads\/2022\/05\/zakladana2-768x768.webp 768w, https:\/\/sklepwnetrz.pl\/salonstargard\/wp-content\/uploads\/2022\/05\/zakladana2-36x36.webp 36w, https:\/\/sklepwnetrz.pl\/salonstargard\/wp-content\/uploads\/2022\/05\/zakladana2-180x180.webp 180w, https:\/\/sklepwnetrz.pl\/salonstargard\/wp-content\/uploads\/2022\/05\/zakladana2-705x705.webp 705w, https:\/\/sklepwnetrz.pl\/salonstargard\/wp-content\/uploads\/2022\/05\/zakladana2.webp 1080w\" data-sizes=\"(max-width: 1030px) 100vw, 1030px\" data-rel='gallery-3' data-prev-img='https:\/\/sklepwnetrz.pl\/salonstargard\/wp-content\/uploads\/2022\/05\/zakladana2-495x400.webp' class='lightbox ' data-onclick='39' title='zak\u0142adana2'  itemprop=\"thumbnailUrl\"  ><img decoding=\"async\" class=\"wp-image-1279 avia-img-lazy-loading-not-1279\"   src=\"https:\/\/sklepwnetrz.pl\/salonstargard\/wp-content\/uploads\/2022\/05\/zakladana2-495x400.webp\" width=\"495\" height=\"400\"  title='zak\u0142adana2' alt='' srcset=\"https:\/\/sklepwnetrz.pl\/salonstargard\/wp-content\/uploads\/2022\/05\/zakladana2-495x400.webp 495w, https:\/\/sklepwnetrz.pl\/salonstargard\/wp-content\/uploads\/2022\/05\/zakladana2-845x684.webp 845w\" sizes=\"(max-width: 495px) 100vw, 495px\" \/><\/a> <a href=\"https:\/\/sklepwnetrz.pl\/salonstargard\/wp-content\/uploads\/2022\/05\/panel10-1030x1030.webp\" data-srcset=\"https:\/\/sklepwnetrz.pl\/salonstargard\/wp-content\/uploads\/2022\/05\/panel10-1030x1030.webp 1030w, https:\/\/sklepwnetrz.pl\/salonstargard\/wp-content\/uploads\/2022\/05\/panel10-300x300.webp 300w, https:\/\/sklepwnetrz.pl\/salonstargard\/wp-content\/uploads\/2022\/05\/panel10-80x80.webp 80w, https:\/\/sklepwnetrz.pl\/salonstargard\/wp-content\/uploads\/2022\/05\/panel10-768x768.webp 768w, https:\/\/sklepwnetrz.pl\/salonstargard\/wp-content\/uploads\/2022\/05\/panel10-36x36.webp 36w, https:\/\/sklepwnetrz.pl\/salonstargard\/wp-content\/uploads\/2022\/05\/panel10-180x180.webp 180w, https:\/\/sklepwnetrz.pl\/salonstargard\/wp-content\/uploads\/2022\/05\/panel10-705x705.webp 705w, https:\/\/sklepwnetrz.pl\/salonstargard\/wp-content\/uploads\/2022\/05\/panel10.webp 1080w\" data-sizes=\"(max-width: 1030px) 100vw, 1030px\" data-rel='gallery-3' data-prev-img='https:\/\/sklepwnetrz.pl\/salonstargard\/wp-content\/uploads\/2022\/05\/panel10-495x400.webp' class='lightbox ' data-onclick='40' title='panel10'  itemprop=\"thumbnailUrl\"  ><img decoding=\"async\" class=\"wp-image-1278 avia-img-lazy-loading-not-1278\"   src=\"https:\/\/sklepwnetrz.pl\/salonstargard\/wp-content\/uploads\/2022\/05\/panel10-495x400.webp\" width=\"495\" height=\"400\"  title='panel10' alt='' srcset=\"https:\/\/sklepwnetrz.pl\/salonstargard\/wp-content\/uploads\/2022\/05\/panel10-495x400.webp 495w, https:\/\/sklepwnetrz.pl\/salonstargard\/wp-content\/uploads\/2022\/05\/panel10-845x684.webp 845w\" sizes=\"(max-width: 495px) 100vw, 495px\" \/><\/a> <a href=\"https:\/\/sklepwnetrz.pl\/salonstargard\/wp-content\/uploads\/2022\/05\/buffka2-1030x1030.webp\" data-srcset=\"https:\/\/sklepwnetrz.pl\/salonstargard\/wp-content\/uploads\/2022\/05\/buffka2-1030x1030.webp 1030w, https:\/\/sklepwnetrz.pl\/salonstargard\/wp-content\/uploads\/2022\/05\/buffka2-300x300.webp 300w, https:\/\/sklepwnetrz.pl\/salonstargard\/wp-content\/uploads\/2022\/05\/buffka2-80x80.webp 80w, https:\/\/sklepwnetrz.pl\/salonstargard\/wp-content\/uploads\/2022\/05\/buffka2-768x768.webp 768w, https:\/\/sklepwnetrz.pl\/salonstargard\/wp-content\/uploads\/2022\/05\/buffka2-36x36.webp 36w, https:\/\/sklepwnetrz.pl\/salonstargard\/wp-content\/uploads\/2022\/05\/buffka2-180x180.webp 180w, https:\/\/sklepwnetrz.pl\/salonstargard\/wp-content\/uploads\/2022\/05\/buffka2-705x705.webp 705w, https:\/\/sklepwnetrz.pl\/salonstargard\/wp-content\/uploads\/2022\/05\/buffka2.webp 1080w\" data-sizes=\"(max-width: 1030px) 100vw, 1030px\" data-rel='gallery-3' data-prev-img='https:\/\/sklepwnetrz.pl\/salonstargard\/wp-content\/uploads\/2022\/05\/buffka2-495x400.webp' class='first_thumb lightbox ' data-onclick='41' title='buffka2'  itemprop=\"thumbnailUrl\"  ><img decoding=\"async\" class=\"wp-image-1272 avia-img-lazy-loading-not-1272\"   src=\"https:\/\/sklepwnetrz.pl\/salonstargard\/wp-content\/uploads\/2022\/05\/buffka2-495x400.webp\" width=\"495\" height=\"400\"  title='buffka2' alt='' srcset=\"https:\/\/sklepwnetrz.pl\/salonstargard\/wp-content\/uploads\/2022\/05\/buffka2-495x400.webp 495w, https:\/\/sklepwnetrz.pl\/salonstargard\/wp-content\/uploads\/2022\/05\/buffka2-845x684.webp 845w\" sizes=\"(max-width: 495px) 100vw, 495px\" \/><\/a><\/div><\/div><\/div>\n<div class='flex_column av-xznt3-f4d2369741be4893e772fcd3c474dd9f av_one_half  avia-builder-el-70  el_after_av_one_half  el_before_av_layout_row  avia-builder-el-last  first flex_column_div column-top-margin'   ><section class=\"av_textblock_section \"  itemscope=\"itemscope\" itemtype=\"https:\/\/schema.org\/CreativeWork\" ><div class='avia_textblock  '   itemprop=\"text\" ><p style=\"text-align: center;\"><strong>Um\u00f3w si\u0119 na doradztwo, pomiar, wycen\u0119 w Twoim domu lub firmie <\/strong><\/p>\n<p style=\"text-align: center;\"><strong>(woj. Zachodniopomorskie)<\/strong><\/p>\n<h3 class=\"\" data-start=\"322\" data-end=\"341\">Dlaczego warto?<\/h3>\n<p class=\"\" data-start=\"343\" data-end=\"535\">\u2705 <strong data-start=\"345\" data-end=\"376\">Dok\u0142adny pomiar to podstawa<\/strong><br data-start=\"376\" data-end=\"379\" \/>Liczy si\u0119 ka\u017cdy centymetr! Nasz zesp\u00f3\u0142 dok\u0142adnie wymierzy Twoje okna, co pozwoli na perfekcyjne uszycie firan i zas\u0142on \u2013 dopasowanych do wn\u0119trza i karnisza.<\/p>\n<p class=\"\" data-start=\"537\" data-end=\"734\">\u2705 <strong data-start=\"539\" data-end=\"566\">Profesjonalne doradztwo<\/strong><br data-start=\"566\" data-end=\"569\" \/>Nasza do\u015bwiadczona dekoratorka pomo\u017ce dobra\u0107 idealne rozwi\u0105zania \u2013 zar\u00f3wno efektowne, jak i funkcjonalne. Zadbamy o ka\u017cdy detal, od stylu po praktyczne zastosowanie.<\/p>\n<p class=\"\" data-start=\"736\" data-end=\"908\">\u2705 <strong data-start=\"738\" data-end=\"760\">Tkaniny na miejscu<\/strong><br data-start=\"760\" data-end=\"763\" \/>Na wizyt\u0119 zabieramy pr\u00f3bniki i wzorniki tkanin. Dzi\u0119ki temu dobierzemy odpowiedni materia\u0142, faktur\u0119 i kolor w naturalnym \u015bwietle Twojego wn\u0119trza.<\/p>\n<h3 class=\"\" data-start=\"915\" data-end=\"932\">Koszt us\u0142ugi:<\/h3>\n<p class=\"\" data-start=\"934\" data-end=\"1162\">\ud83d\udccd <strong data-start=\"937\" data-end=\"959\">Stargard i okolice<\/strong> \u2013 50 z\u0142 (p\u0142atne w dniu wizyty)<br data-start=\"990\" data-end=\"993\" \/>\ud83d\udccd <strong data-start=\"996\" data-end=\"1018\">Szczecin i okolice<\/strong> \u2013 cena ustalana indywidualnie z dekoratork\u0105<br data-start=\"1062\" data-end=\"1065\" \/>\u26a0\ufe0f Ze wzgl\u0119du na du\u017c\u0105 liczb\u0119 zam\u00f3wie\u0144, us\u0142uga doradcza w Szczecinie mo\u017ce by\u0107 czasowo niedost\u0119pna.<\/p>\n<h3 class=\"\" data-start=\"1169\" data-end=\"1204\">Alternatywa? Sklep internetowy!<\/h3>\n<p class=\"\" data-start=\"1206\" data-end=\"1514\">\ud83d\uded2 Co miesi\u0105c realizujemy <strong data-start=\"1232\" data-end=\"1289\">ponad 1000 zam\u00f3wie\u0144 z wysy\u0142k\u0105 na terenie ca\u0142ej Polski<\/strong>.<br data-start=\"1290\" data-end=\"1293\" \/>Je\u015bli wolisz \u2013 mo\u017cesz zam\u00f3wi\u0107 wszystko <strong data-start=\"1332\" data-end=\"1358\">bez wychodzenia z domu<\/strong>. Wybierz firany i zas\u0142ony szyte na wymiar z dostaw\u0105 pod drzwi:<br data-start=\"1421\" data-end=\"1424\" \/>\ud83d\udc49 <strong data-start=\"1427\" data-end=\"1478\"><a class=\"\" href=\"http:\/\/www.sklepwnetrz.pl\" target=\"_new\" rel=\"noopener\" data-start=\"1429\" data-end=\"1476\">www.sklepwnetrz.pl<\/a><\/strong> \u2013 oficjalny sklep firmy <strong data-start=\"1503\" data-end=\"1514\">Radimar<\/strong><\/p>\n<\/div><\/section><br \/>\n\n<style type=\"text\/css\" data-created_by=\"avia_inline_auto\" id=\"style-css-av-ivyi7-b47bfcac7fd8a23c21fc0442053339b0\">\n#top .hr.hr-invisible.av-ivyi7-b47bfcac7fd8a23c21fc0442053339b0{\nheight:20px;\n}\n<\/style>\n<div  class='hr av-ivyi7-b47bfcac7fd8a23c21fc0442053339b0 hr-invisible  avia-builder-el-72  el_after_av_textblock  el_before_av_button  '><span class='hr-inner '><span class=\"hr-inner-style\"><\/span><\/span><\/div><br \/>\n<div  class='avia-button-wrap avia-button-center  avia-builder-el-73  el_after_av_hr  el_before_av_hr ' ><a href='tel:797952761'  class='avia-button av-flk5r-8a679d068e68ca4051433c9f66aa2938 avia-icon_select-yes-left-icon avia-size-x-large avia-position-center avia-color-red ' ><span class='avia_button_icon avia_button_icon_left' aria-hidden='true' data-av_icon='\ue854' data-av_iconfont='entypo-fontello'><\/span><span class='avia_iconbox_title' >797 952 761<\/span><\/a><\/div><br \/>\n\n<style type=\"text\/css\" data-created_by=\"avia_inline_auto\" id=\"style-css-av-8biin-4631289dcdc5fe13816ce7a8f057a50d\">\n#top .hr.hr-invisible.av-8biin-4631289dcdc5fe13816ce7a8f057a50d{\nheight:20px;\n}\n<\/style>\n<div  class='hr av-8biin-4631289dcdc5fe13816ce7a8f057a50d hr-invisible  avia-builder-el-74  el_after_av_button  avia-builder-el-last  '><span class='hr-inner '><span class=\"hr-inner-style\"><\/span><\/span><\/div><\/p><\/div><\/div><\/div><\/div><!-- close content main div --><\/div><\/div><div id='wizyta-w-twoim'  class='av-layout-grid-container entry-content-wrapper main_color av-flex-cells     avia-builder-el-75  el_after_av_one_half  el_before_av_one_half  submenu-not-first container_wrap sidebar_right'  >\n<div class=\"flex_cell no_margin av_one_full  avia-builder-el-76  avia-builder-el-no-sibling   \"  style='vertical-align:top; padding:0px 100px 100px 100px ; ' ><div class='flex_cell_inner' >\n<style type=\"text\/css\" data-created_by=\"avia_inline_auto\" id=\"style-css-av-l2n48o5y-97874d64b19e869bd402c749049e3db1\">\n#top .av-special-heading.av-l2n48o5y-97874d64b19e869bd402c749049e3db1{\npadding-bottom:0px;\nfont-size:70px;\n}\n<\/style>\n<div  class='av-special-heading av-l2n48o5y-97874d64b19e869bd402c749049e3db1 av-special-heading-h1 blockquote modern-quote modern-centered  avia-builder-el-77  avia-builder-el-no-sibling  av-inherit-size '><h1 class='av-special-heading-tag  av-small-font-size-overwrite av-small-font-size-40 av-mini-font-size-overwrite av-mini-font-size-40'  itemprop=\"headline\"  >Jak mog\u0105 odmieni\u0107 si\u0119 wn\u0119trza z dekoracjami okiennymi  <u>RADIMAR?<\/u> <\/h1><div class='special-heading-border'><div class='special-heading-inner-border'><\/div><\/div><\/div>\n<\/div><\/div>\n<\/div><div id='after_submenu_4'  class='main_color av_default_container_wrap container_wrap sidebar_right'  ><div class='container av-section-cont-open' ><div class='template-page content  av-content-small alpha units'><div class='post-entry post-entry-type-page post-entry-143'><div class='entry-content-wrapper clearfix'><\/p>\n<div class='flex_column av-ct7i7-36adab0b4e57f06df4d1912b492a3083 av_one_half  avia-builder-el-78  el_after_av_layout_row  el_before_av_one_half  avia-builder-el-first  first flex_column_div '   ><style type=\"text\/css\" data-created_by=\"avia_inline_auto\" id=\"style-css-av-l2n4b9o5-2c30a73766a9ed0c7b14d104788ecf65\">\n.avia-image-container.av-l2n4b9o5-2c30a73766a9ed0c7b14d104788ecf65 .av-image-caption-overlay-center{\ncolor:#ffffff;\n}\n<\/style>\n<div  class='avia-image-container av-l2n4b9o5-2c30a73766a9ed0c7b14d104788ecf65 av-styling- avia-align-center  avia-builder-el-79  avia-builder-el-no-sibling  '  itemprop=\"image\" itemscope=\"itemscope\" itemtype=\"https:\/\/schema.org\/ImageObject\" ><div class=\"avia-image-container-inner\"><div class=\"avia-image-overlay-wrap\"><img decoding=\"async\" class='wp-image-1248 avia-img-lazy-loading-not-1248 avia_image' src=\"https:\/\/sklepwnetrz.pl\/salonstargard\/wp-content\/uploads\/2022\/05\/TROJKATY.webp\" alt='' title='TR\u00d3JK\u0104TY'  height=\"1080\" width=\"1080\"  itemprop=\"thumbnailUrl\" srcset=\"https:\/\/sklepwnetrz.pl\/salonstargard\/wp-content\/uploads\/2022\/05\/TROJKATY.webp 1080w, https:\/\/sklepwnetrz.pl\/salonstargard\/wp-content\/uploads\/2022\/05\/TROJKATY-300x300.webp 300w, https:\/\/sklepwnetrz.pl\/salonstargard\/wp-content\/uploads\/2022\/05\/TROJKATY-1030x1030.webp 1030w, https:\/\/sklepwnetrz.pl\/salonstargard\/wp-content\/uploads\/2022\/05\/TROJKATY-80x80.webp 80w, https:\/\/sklepwnetrz.pl\/salonstargard\/wp-content\/uploads\/2022\/05\/TROJKATY-768x768.webp 768w, https:\/\/sklepwnetrz.pl\/salonstargard\/wp-content\/uploads\/2022\/05\/TROJKATY-36x36.webp 36w, https:\/\/sklepwnetrz.pl\/salonstargard\/wp-content\/uploads\/2022\/05\/TROJKATY-180x180.webp 180w, https:\/\/sklepwnetrz.pl\/salonstargard\/wp-content\/uploads\/2022\/05\/TROJKATY-705x705.webp 705w\" sizes=\"(max-width: 1080px) 100vw, 1080px\" \/><\/div><\/div><\/div><\/div>\n<div class='flex_column av-8oivr-516d670c8b9cbd349f32ce535c56221d av_one_half  avia-builder-el-80  el_after_av_one_half  el_before_av_one_half  flex_column_div '   ><style type=\"text\/css\" data-created_by=\"avia_inline_auto\" id=\"style-css-av-l2n4bf7p-41b8683cc145ce807fbf9cd23a470634\">\n.avia-image-container.av-l2n4bf7p-41b8683cc145ce807fbf9cd23a470634 .av-image-caption-overlay-center{\ncolor:#ffffff;\n}\n<\/style>\n<div  class='avia-image-container av-l2n4bf7p-41b8683cc145ce807fbf9cd23a470634 av-styling- avia-align-center  avia-builder-el-81  avia-builder-el-no-sibling  '  itemprop=\"image\" itemscope=\"itemscope\" itemtype=\"https:\/\/schema.org\/ImageObject\" ><div class=\"avia-image-container-inner\"><div class=\"avia-image-overlay-wrap\"><img decoding=\"async\" class='wp-image-1249 avia-img-lazy-loading-not-1249 avia_image' src=\"https:\/\/sklepwnetrz.pl\/salonstargard\/wp-content\/uploads\/2022\/05\/ZASLONY-ROZOWE-RADIMAR.webp\" alt='' title='ZAS\u0141ONY R\u00d3\u017bOWE RADIMAR'  height=\"1080\" width=\"1080\"  itemprop=\"thumbnailUrl\" srcset=\"https:\/\/sklepwnetrz.pl\/salonstargard\/wp-content\/uploads\/2022\/05\/ZASLONY-ROZOWE-RADIMAR.webp 1080w, https:\/\/sklepwnetrz.pl\/salonstargard\/wp-content\/uploads\/2022\/05\/ZASLONY-ROZOWE-RADIMAR-300x300.webp 300w, https:\/\/sklepwnetrz.pl\/salonstargard\/wp-content\/uploads\/2022\/05\/ZASLONY-ROZOWE-RADIMAR-1030x1030.webp 1030w, https:\/\/sklepwnetrz.pl\/salonstargard\/wp-content\/uploads\/2022\/05\/ZASLONY-ROZOWE-RADIMAR-80x80.webp 80w, https:\/\/sklepwnetrz.pl\/salonstargard\/wp-content\/uploads\/2022\/05\/ZASLONY-ROZOWE-RADIMAR-768x768.webp 768w, https:\/\/sklepwnetrz.pl\/salonstargard\/wp-content\/uploads\/2022\/05\/ZASLONY-ROZOWE-RADIMAR-36x36.webp 36w, https:\/\/sklepwnetrz.pl\/salonstargard\/wp-content\/uploads\/2022\/05\/ZASLONY-ROZOWE-RADIMAR-180x180.webp 180w, https:\/\/sklepwnetrz.pl\/salonstargard\/wp-content\/uploads\/2022\/05\/ZASLONY-ROZOWE-RADIMAR-705x705.webp 705w\" sizes=\"(max-width: 1080px) 100vw, 1080px\" \/><\/div><\/div><\/div><\/div>\n<div class='flex_column av-1ahjsn-0025d79a9e072eabad6796b06cbb8bd8 av_one_half  avia-builder-el-82  el_after_av_one_half  el_before_av_one_half  first flex_column_div column-top-margin'   ><p>\n<style type=\"text\/css\" data-created_by=\"avia_inline_auto\" id=\"style-css-av-l291vr5w-8212da770357700289e1500e5a6d5b34\">\n#top .av-special-heading.av-l291vr5w-8212da770357700289e1500e5a6d5b34{\npadding-bottom:10px;\n}\n<\/style>\n<div  class='av-special-heading av-l291vr5w-8212da770357700289e1500e5a6d5b34 av-special-heading-h3  avia-builder-el-83  el_before_av_hr  avia-builder-el-first  '><h3 class='av-special-heading-tag '  itemprop=\"headline\"  >Kolejny presti\u017cowy hotel powierzy\u0142 nam swoje okna!<\/h3><div class='special-heading-border'><div class='special-heading-inner-border'><\/div><\/div><\/div><br \/>\n<div  class='hr av-12opgf-101698b335d3f83fb184d7d599703458 hr-default  avia-builder-el-84  el_after_av_heading  el_before_av_textblock  '><span class='hr-inner '><span class=\"hr-inner-style\"><\/span><\/span><\/div><br \/>\n<section class=\"av_textblock_section \"  itemscope=\"itemscope\" itemtype=\"https:\/\/schema.org\/CreativeWork\" ><div class='avia_textblock  '   itemprop=\"text\" ><p>Z wielk\u0105 przyjemno\u015bci\u0105 informujemy \u017ce do <strong>grona klient\u00f3w RADIMAR<\/strong> do\u0142\u0105cza kolejny <strong>presti\u017cowy hotel<\/strong> z naszego <strong>wojew\u00f3dztwa Zachodniopomorskiego<\/strong>!<\/p>\n<p><strong>Hotel Lord<\/strong> to wyj\u0105tkowe miejsce do organizacji imprez, wesel, du\u017cych event\u00f3w oraz konferencji w naszym mie\u015bcie <strong>Stargard<\/strong>. Pi\u0119kne ogrody oraz niesamowite sale tworz\u0105ce bajeczne wn\u0119trza zapewni\u0105 najpi\u0119kniejsze chwile.<\/p>\n<p>Do wykonania tej realizacji niezb\u0119dna by\u0142a <strong>precyzja<\/strong> oraz bardzo <strong>du\u017ce do\u015bwiadczenie<\/strong>. Musieli\u015bmy <strong>wykroi\u0107<\/strong> i <strong>uszy\u0107<\/strong> dekoracje okienne co do centymetra na <strong>okna w kszta\u0142cie tr\u00f3j\u0105ta!<\/strong><\/p>\n<p>Bardzo si\u0119 cieszymy \u017ce mogli\u015bmy stworzy\u0107 dekoracje okienne do tak pi\u0119knych wn\u0119trz<\/p>\n<\/div><\/section><br \/>\n<section class=\"av_textblock_section \"  itemscope=\"itemscope\" itemtype=\"https:\/\/schema.org\/CreativeWork\" ><div class='avia_textblock  '   itemprop=\"text\" ><p>To by\u0142o dopiero wyzwanie &#8211; musieli\u015bmy wykroi\u0107 i uszy\u0107 dekoracje okienne na okno w kszta\u0142cie tr\u00f3jk\u0105ta.<\/p>\n<p>Dok\u0142adny pomiar to podstawa aby takie realizacje wysz\u0142y idealnie. Dzi\u0119ki naszemu do\u015bwiadczeniu oraz wiedzy nie boimy si\u0119 takich wyzwa\u0144!<\/p>\n<\/div><\/section><\/p><\/div>\n<div class='flex_column av-1gpw6n-a3e656f1b910c5d88f1e8ea6ddc95d5b av_one_half  avia-builder-el-87  el_after_av_one_half  el_before_av_one_half  flex_column_div column-top-margin'   ><style type=\"text\/css\" data-created_by=\"avia_inline_auto\" id=\"style-css-av-l291u824-bbc3323091394b86e46c89566f98c487\">\n.avia-image-container.av-l291u824-bbc3323091394b86e46c89566f98c487 .av-image-caption-overlay-center{\ncolor:#ffffff;\n}\n<\/style>\n<div  class='avia-image-container av-l291u824-bbc3323091394b86e46c89566f98c487 av-styling- avia-align-center  avia-builder-el-88  avia-builder-el-no-sibling  '  itemprop=\"image\" itemscope=\"itemscope\" itemtype=\"https:\/\/schema.org\/ImageObject\" ><div class=\"avia-image-container-inner\"><div class=\"avia-image-overlay-wrap\"><img decoding=\"async\" class='wp-image-1109 avia-img-lazy-loading-not-1109 avia_image' src=\"https:\/\/sklepwnetrz.pl\/salonstargard\/wp-content\/uploads\/2022\/04\/hotel-lord-2.webp\" alt='' title='hotel lord 2'  height=\"1200\" width=\"1200\"  itemprop=\"thumbnailUrl\" srcset=\"https:\/\/sklepwnetrz.pl\/salonstargard\/wp-content\/uploads\/2022\/04\/hotel-lord-2.webp 1200w, https:\/\/sklepwnetrz.pl\/salonstargard\/wp-content\/uploads\/2022\/04\/hotel-lord-2-300x300.webp 300w, https:\/\/sklepwnetrz.pl\/salonstargard\/wp-content\/uploads\/2022\/04\/hotel-lord-2-1030x1030.webp 1030w, https:\/\/sklepwnetrz.pl\/salonstargard\/wp-content\/uploads\/2022\/04\/hotel-lord-2-80x80.webp 80w, https:\/\/sklepwnetrz.pl\/salonstargard\/wp-content\/uploads\/2022\/04\/hotel-lord-2-768x768.webp 768w, https:\/\/sklepwnetrz.pl\/salonstargard\/wp-content\/uploads\/2022\/04\/hotel-lord-2-36x36.webp 36w, https:\/\/sklepwnetrz.pl\/salonstargard\/wp-content\/uploads\/2022\/04\/hotel-lord-2-180x180.webp 180w, https:\/\/sklepwnetrz.pl\/salonstargard\/wp-content\/uploads\/2022\/04\/hotel-lord-2-705x705.webp 705w\" sizes=\"(max-width: 1200px) 100vw, 1200px\" \/><\/div><\/div><\/div><\/div>\n<div class='flex_column av-x5f2n-22054f7a8ec13bd1a5a392ae425c4688 av_one_half  avia-builder-el-89  el_after_av_one_half  el_before_av_one_half  first flex_column_div column-top-margin'   ><style type=\"text\/css\" data-created_by=\"avia_inline_auto\" id=\"style-css-av-l2924whp-e23d483365f4cc8d24b70cf879ca4973\">\n.avia-image-container.av-l2924whp-e23d483365f4cc8d24b70cf879ca4973 .av-image-caption-overlay-center{\ncolor:#ffffff;\n}\n<\/style>\n<div  class='avia-image-container av-l2924whp-e23d483365f4cc8d24b70cf879ca4973 av-styling- avia-align-center  avia-builder-el-90  avia-builder-el-no-sibling  '  itemprop=\"image\" itemscope=\"itemscope\" itemtype=\"https:\/\/schema.org\/ImageObject\" ><div class=\"avia-image-container-inner\"><div class=\"avia-image-overlay-wrap\"><img decoding=\"async\" class='wp-image-1110 avia-img-lazy-loading-not-1110 avia_image' src=\"https:\/\/sklepwnetrz.pl\/salonstargard\/wp-content\/uploads\/2022\/04\/hotel-lord.webp\" alt='' title='hotel lord'  height=\"1200\" width=\"1200\"  itemprop=\"thumbnailUrl\" srcset=\"https:\/\/sklepwnetrz.pl\/salonstargard\/wp-content\/uploads\/2022\/04\/hotel-lord.webp 1200w, https:\/\/sklepwnetrz.pl\/salonstargard\/wp-content\/uploads\/2022\/04\/hotel-lord-300x300.webp 300w, https:\/\/sklepwnetrz.pl\/salonstargard\/wp-content\/uploads\/2022\/04\/hotel-lord-1030x1030.webp 1030w, https:\/\/sklepwnetrz.pl\/salonstargard\/wp-content\/uploads\/2022\/04\/hotel-lord-80x80.webp 80w, https:\/\/sklepwnetrz.pl\/salonstargard\/wp-content\/uploads\/2022\/04\/hotel-lord-768x768.webp 768w, https:\/\/sklepwnetrz.pl\/salonstargard\/wp-content\/uploads\/2022\/04\/hotel-lord-36x36.webp 36w, https:\/\/sklepwnetrz.pl\/salonstargard\/wp-content\/uploads\/2022\/04\/hotel-lord-180x180.webp 180w, https:\/\/sklepwnetrz.pl\/salonstargard\/wp-content\/uploads\/2022\/04\/hotel-lord-705x705.webp 705w\" sizes=\"(max-width: 1200px) 100vw, 1200px\" \/><\/div><\/div><\/div><\/div>\n<div class='flex_column av-r4sgn-113f0b78ba2f4aa686c3e96db7679497 av_one_half  avia-builder-el-91  el_after_av_one_half  el_before_av_layout_row  avia-builder-el-last  flex_column_div column-top-margin'   ><style type=\"text\/css\" data-created_by=\"avia_inline_auto\" id=\"style-css-av-l292h8l8-0280bfd0e811381b0ee8b4448ce4356e\">\n.avia-image-container.av-l292h8l8-0280bfd0e811381b0ee8b4448ce4356e .av-image-caption-overlay-center{\ncolor:#ffffff;\n}\n<\/style>\n<div  class='avia-image-container av-l292h8l8-0280bfd0e811381b0ee8b4448ce4356e av-styling- avia-align-center  avia-builder-el-92  avia-builder-el-no-sibling  '  itemprop=\"image\" itemscope=\"itemscope\" itemtype=\"https:\/\/schema.org\/ImageObject\" ><div class=\"avia-image-container-inner\"><div class=\"avia-image-overlay-wrap\"><img decoding=\"async\" class='wp-image-1113 avia-img-lazy-loading-not-1113 avia_image' src=\"https:\/\/sklepwnetrz.pl\/salonstargard\/wp-content\/uploads\/2022\/04\/lord4.webp\" alt='' title='lord4'  height=\"1200\" width=\"1200\"  itemprop=\"thumbnailUrl\" srcset=\"https:\/\/sklepwnetrz.pl\/salonstargard\/wp-content\/uploads\/2022\/04\/lord4.webp 1200w, https:\/\/sklepwnetrz.pl\/salonstargard\/wp-content\/uploads\/2022\/04\/lord4-300x300.webp 300w, https:\/\/sklepwnetrz.pl\/salonstargard\/wp-content\/uploads\/2022\/04\/lord4-1030x1030.webp 1030w, https:\/\/sklepwnetrz.pl\/salonstargard\/wp-content\/uploads\/2022\/04\/lord4-80x80.webp 80w, https:\/\/sklepwnetrz.pl\/salonstargard\/wp-content\/uploads\/2022\/04\/lord4-768x768.webp 768w, https:\/\/sklepwnetrz.pl\/salonstargard\/wp-content\/uploads\/2022\/04\/lord4-36x36.webp 36w, https:\/\/sklepwnetrz.pl\/salonstargard\/wp-content\/uploads\/2022\/04\/lord4-180x180.webp 180w, https:\/\/sklepwnetrz.pl\/salonstargard\/wp-content\/uploads\/2022\/04\/lord4-705x705.webp 705w\" sizes=\"(max-width: 1200px) 100vw, 1200px\" \/><\/div><\/div><\/div><\/div>\n<\/div><\/div><\/div><!-- close content main div --><\/div><\/div><div id='wizyta-w-twoim'  class='av-layout-grid-container entry-content-wrapper main_color av-flex-cells     avia-builder-el-93  el_after_av_one_half  el_before_av_layout_row  submenu-not-first container_wrap sidebar_right'  >\n<div class=\"flex_cell no_margin av_one_full  avia-builder-el-94  avia-builder-el-no-sibling   \"  style='vertical-align:top; padding:0px 100px 10px 100px ; ' ><div class='flex_cell_inner' ><p>\n<style type=\"text\/css\" data-created_by=\"avia_inline_auto\" id=\"style-css-av-l2ei8pwr-b58dd982b2721fa457145b1096f80812\">\n#top .av-special-heading.av-l2ei8pwr-b58dd982b2721fa457145b1096f80812{\npadding-bottom:30px;\nfont-size:70px;\n}\n<\/style>\n<div  class='av-special-heading av-l2ei8pwr-b58dd982b2721fa457145b1096f80812 av-special-heading-h1 blockquote modern-quote modern-centered  avia-builder-el-95  el_before_av_one_half  avia-builder-el-first  av-inherit-size '><h1 class='av-special-heading-tag '  itemprop=\"headline\"  >NA  <u>TOPIE<\/u><\/h1><div class='special-heading-border'><div class='special-heading-inner-border'><\/div><\/div><\/div><br \/>\n<div class='flex_column av-4t9kkv-089912d54086604e3b812a3f08b89d1d av_one_half  avia-builder-el-96  el_after_av_heading  el_before_av_one_half  first flex_column_div '   ><style type=\"text\/css\" data-created_by=\"avia_inline_auto\" id=\"style-css-av-l2eii4ia-1c893ccbeb0ccddff70b01372dc7ed10\">\n.avia-image-container.av-l2eii4ia-1c893ccbeb0ccddff70b01372dc7ed10 .av-image-caption-overlay-center{\ncolor:#ffffff;\n}\n<\/style>\n<div  class='avia-image-container av-l2eii4ia-1c893ccbeb0ccddff70b01372dc7ed10 av-styling- avia-align-center  avia-builder-el-97  avia-builder-el-no-sibling  '  itemprop=\"image\" itemscope=\"itemscope\" itemtype=\"https:\/\/schema.org\/ImageObject\" ><div class=\"avia-image-container-inner\"><div class=\"avia-image-overlay-wrap\"><img decoding=\"async\" class='wp-image-836 avia-img-lazy-loading-not-836 avia_image' src=\"https:\/\/sklepwnetrz.pl\/salonstargard\/wp-content\/uploads\/2021\/12\/130ugie_nowoczesne_do_salonu_Radimar.webp\" alt='' title='d\u0142ugie nowoczesne firany do salonu'  height=\"1200\" width=\"1200\"  itemprop=\"thumbnailUrl\" srcset=\"https:\/\/sklepwnetrz.pl\/salonstargard\/wp-content\/uploads\/2021\/12\/130ugie_nowoczesne_do_salonu_Radimar.webp 1200w, https:\/\/sklepwnetrz.pl\/salonstargard\/wp-content\/uploads\/2021\/12\/130ugie_nowoczesne_do_salonu_Radimar-300x300.webp 300w, https:\/\/sklepwnetrz.pl\/salonstargard\/wp-content\/uploads\/2021\/12\/130ugie_nowoczesne_do_salonu_Radimar-1030x1030.webp 1030w, https:\/\/sklepwnetrz.pl\/salonstargard\/wp-content\/uploads\/2021\/12\/130ugie_nowoczesne_do_salonu_Radimar-80x80.webp 80w, https:\/\/sklepwnetrz.pl\/salonstargard\/wp-content\/uploads\/2021\/12\/130ugie_nowoczesne_do_salonu_Radimar-768x768.webp 768w, https:\/\/sklepwnetrz.pl\/salonstargard\/wp-content\/uploads\/2021\/12\/130ugie_nowoczesne_do_salonu_Radimar-36x36.webp 36w, https:\/\/sklepwnetrz.pl\/salonstargard\/wp-content\/uploads\/2021\/12\/130ugie_nowoczesne_do_salonu_Radimar-180x180.webp 180w, https:\/\/sklepwnetrz.pl\/salonstargard\/wp-content\/uploads\/2021\/12\/130ugie_nowoczesne_do_salonu_Radimar-705x705.webp 705w\" sizes=\"(max-width: 1200px) 100vw, 1200px\" \/><\/div><\/div><\/div><\/div><div class='flex_column av-4o36pb-e6b7e49aab9009378b7eaf23d19a1e8b av_one_half  avia-builder-el-98  el_after_av_one_half  el_before_av_one_full  flex_column_div '   ><p>\n<style type=\"text\/css\" data-created_by=\"avia_inline_auto\" id=\"style-css-av-l2ein3a1-4aabe8aed059fe34d5e41ead8df472b1\">\n#top .av-special-heading.av-l2ein3a1-4aabe8aed059fe34d5e41ead8df472b1{\npadding-bottom:10px;\n}\n<\/style>\n<div  class='av-special-heading av-l2ein3a1-4aabe8aed059fe34d5e41ead8df472b1 av-special-heading-h3  avia-builder-el-99  el_before_av_hr  avia-builder-el-first  '><h3 class='av-special-heading-tag '  itemprop=\"headline\"  >BATYST NIEMIECKI RADIMAR oraz g\u0142adkie firany<\/h3><div class='special-heading-border'><div class='special-heading-inner-border'><\/div><\/div><\/div><br \/>\n<div  class='hr av-4kddkn-91564687165b7506bb134a64d2a4888a hr-default  avia-builder-el-100  el_after_av_heading  el_before_av_textblock  '><span class='hr-inner '><span class=\"hr-inner-style\"><\/span><\/span><\/div><br \/>\n<section class=\"av_textblock_section \"  itemscope=\"itemscope\" itemtype=\"https:\/\/schema.org\/CreativeWork\" ><div class='avia_textblock  '   itemprop=\"text\" ><p><strong>Tkanina batystowa<\/strong> to jedna z najciekawszych propozycji w dziedzinie dekoracji okiennych. <strong>Batyst <\/strong>od d\u0142u\u017cszego czasu wyznacza trendy w projektowaniu wn\u0119trz. Jest to tkanina doskona\u0142ej jako\u015bci produkowana w niemieckich fabrykach tkanin<strong> dost\u0119pna w salonie RADIMAR<\/strong><\/p>\n<\/div><\/section><br \/>\n<section class=\"av_textblock_section \"  itemscope=\"itemscope\" itemtype=\"https:\/\/schema.org\/CreativeWork\" ><div class='avia_textblock  '   itemprop=\"text\" ><p><strong>Batyst <\/strong>jest tkanin\u0105 bardzo wysok\u0105, bo si\u0119gaj\u0105c\u0105 a\u017c 300 centymetr\u00f3w wysoko\u015bci. D\u00f3\u0142 <strong>niemieckiej wersji tkaniny<\/strong> wyko\u0144czony jest o\u0142owiank\u0105, kt\u00f3ra nie tylko obci\u0105\u017ca <strong>firan\u0119<\/strong>, ale tak\u017ce mo\u017ce dawa\u0107 dodatkowy efekt dekoracyjny. O\u0142owiane koraliki s\u0105 po\u0142\u0105czone sznurkiem i zaszyte bia\u0142ymi, najwy\u017cszej jako\u015bci ni\u0107mi w taki spos\u00f3b, aby by\u0142y niewidoczne.<\/p>\n<p><strong>Niemiecki batyst Radimar<\/strong> jest tkanin\u0105 o pi\u0119knym, \u015bnie\u017cnobia\u0142ym kolorze i delikatnym splocie. Posiada matowe wyko\u0144czenie i jest p\u00f3\u0142przezroczysty. Faktura firany nie jest zupe\u0142nie g\u0142adka, gdy\u017c posiada widoczny splot nici. Nie zawiera \u017cadnych wzor\u00f3w, ani haft\u00f3w. <strong>Tkanina batystowa<\/strong> nale\u017cy do rodzaju tych, kt\u00f3re prawie si\u0119 nie gniot\u0105<\/p>\n<p>Przy prawid\u0142owym post\u0119powaniu podczas prania i suszenia mo\u017cemy ca\u0142kowicie zrezygnowa\u0107 z \u017celazka. <strong>Batyst Radimar<\/strong> mo\u017cemy pra\u0107 sami w domowej pralce. Wystarczy, \u017ce zastosujemy proszek do bia\u0142ych tkanin, a je\u015bli mamy mo\u017cliwo\u015b\u0107 jeszcze lepiej jest zastosowa\u0107 specjaln\u0105 s\u00f3l do prania firan<\/p>\n<p><a href=\"https:\/\/www.sklepwnetrz.pl\/firana-batyst-niemiecki-radimar-premium-p-62658.html\"><strong>Tkanina batystowa Radimar<\/strong><\/a>, dzi\u0119ki swojej fabrycznej wysoko\u015bci 300 centymetr\u00f3w sprawia, \u017ce mo\u017cemy uszy\u0107 j\u0105 w\u0142a\u015bciwie na ka\u017cde okno. Belki <strong>tkaniny batystowej<\/strong> maj\u0105 metra\u017c nawet 40 metr\u00f3w bie\u017c\u0105cych, dlatego nie ma \u017cadnego ryzyka, \u017ce b\u0119dzie jakiekolwiek \u0142\u0105czenie <strong>tkaniny<\/strong> podczas szycia Twojej firany, nawet na bardzo szerokie okno. <strong>Tkanina <\/strong>ta doskonale \u0142\u0105czy si\u0119 z tkaninami zas\u0142onowymi. Pasuje do wielu z nich i tworzy pi\u0119kne dekoracje zar\u00f3wno z g\u0142adkimi, jak i wzorzystymi zas\u0142onami. Doskonale si\u0119 uk\u0142ada na r\u00f3\u017cnych ta\u015bmach, ale tak\u017ce przelotkach<\/p>\n<\/div><\/section><br \/>\n<div  class='hr av-focgv-5667dc695a20691610b1480d4d8c307a hr-default  avia-builder-el-103  el_after_av_textblock  avia-builder-el-last  '><span class='hr-inner '><span class=\"hr-inner-style\"><\/span><\/span><\/div><\/p><\/div><div class='flex_column av-49km7b-41c4a909cc6c9750d2933271e03a7d67 av_one_full  avia-builder-el-104  el_after_av_one_half  el_before_av_one_full  first flex_column_div column-top-margin'   ><style type=\"text\/css\" data-created_by=\"avia_inline_auto\" id=\"style-css-av-l2el3311-815ad9291ef85876ed72e400e0d6616c\">\n#top .avia-gallery.av-l2el3311-815ad9291ef85876ed72e400e0d6616c .avia-gallery-thumb a{\nwidth:20%;\n}\n<\/style>\n<div  class='avia-gallery av-l2el3311-815ad9291ef85876ed72e400e0d6616c avia_animate_when_visible  avia-builder-el-105  avia-builder-el-no-sibling  animations_off  avia-gallery-4'  itemprop=\"image\" itemscope=\"itemscope\" itemtype=\"https:\/\/schema.org\/ImageObject\" ><div class='avia-gallery-thumb'> <a href=\"https:\/\/sklepwnetrz.pl\/salonstargard\/wp-content\/uploads\/2022\/02\/firany-radimar-1030x1030.webp\" data-srcset=\"https:\/\/sklepwnetrz.pl\/salonstargard\/wp-content\/uploads\/2022\/02\/firany-radimar-1030x1030.webp 1030w, https:\/\/sklepwnetrz.pl\/salonstargard\/wp-content\/uploads\/2022\/02\/firany-radimar-300x300.webp 300w, https:\/\/sklepwnetrz.pl\/salonstargard\/wp-content\/uploads\/2022\/02\/firany-radimar-80x80.webp 80w, https:\/\/sklepwnetrz.pl\/salonstargard\/wp-content\/uploads\/2022\/02\/firany-radimar-768x768.webp 768w, https:\/\/sklepwnetrz.pl\/salonstargard\/wp-content\/uploads\/2022\/02\/firany-radimar-36x36.webp 36w, https:\/\/sklepwnetrz.pl\/salonstargard\/wp-content\/uploads\/2022\/02\/firany-radimar-180x180.webp 180w, https:\/\/sklepwnetrz.pl\/salonstargard\/wp-content\/uploads\/2022\/02\/firany-radimar-705x705.webp 705w, https:\/\/sklepwnetrz.pl\/salonstargard\/wp-content\/uploads\/2022\/02\/firany-radimar.webp 1200w\" data-sizes=\"(max-width: 1030px) 100vw, 1030px\" data-rel='gallery-4' data-prev-img='https:\/\/sklepwnetrz.pl\/salonstargard\/wp-content\/uploads\/2022\/02\/firany-radimar-495x400.webp' class='first_thumb lightbox ' data-onclick='1' title='firany-radimar'  itemprop=\"thumbnailUrl\"  ><img decoding=\"async\" class=\"wp-image-1060 avia-img-lazy-loading-not-1060\"   src=\"https:\/\/sklepwnetrz.pl\/salonstargard\/wp-content\/uploads\/2022\/02\/firany-radimar-495x400.webp\" width=\"495\" height=\"400\"  title='firany-radimar' alt='' srcset=\"https:\/\/sklepwnetrz.pl\/salonstargard\/wp-content\/uploads\/2022\/02\/firany-radimar-495x400.webp 495w, https:\/\/sklepwnetrz.pl\/salonstargard\/wp-content\/uploads\/2022\/02\/firany-radimar-845x684.webp 845w\" sizes=\"(max-width: 495px) 100vw, 495px\" \/><\/a> <a href=\"https:\/\/sklepwnetrz.pl\/salonstargard\/wp-content\/uploads\/2021\/12\/any_i_zas197130ony_do_salonu_RADIMAR-1030x773.webp\" data-srcset=\"https:\/\/sklepwnetrz.pl\/salonstargard\/wp-content\/uploads\/2021\/12\/any_i_zas197130ony_do_salonu_RADIMAR-1030x773.webp 1030w, https:\/\/sklepwnetrz.pl\/salonstargard\/wp-content\/uploads\/2021\/12\/any_i_zas197130ony_do_salonu_RADIMAR-300x225.webp 300w, https:\/\/sklepwnetrz.pl\/salonstargard\/wp-content\/uploads\/2021\/12\/any_i_zas197130ony_do_salonu_RADIMAR-768x576.webp 768w, https:\/\/sklepwnetrz.pl\/salonstargard\/wp-content\/uploads\/2021\/12\/any_i_zas197130ony_do_salonu_RADIMAR-705x529.webp 705w, https:\/\/sklepwnetrz.pl\/salonstargard\/wp-content\/uploads\/2021\/12\/any_i_zas197130ony_do_salonu_RADIMAR.webp 1200w\" data-sizes=\"(max-width: 1030px) 100vw, 1030px\" data-rel='gallery-4' data-prev-img='https:\/\/sklepwnetrz.pl\/salonstargard\/wp-content\/uploads\/2021\/12\/any_i_zas197130ony_do_salonu_RADIMAR-495x400.webp' class='lightbox ' data-onclick='2' title='firany i zas\u0142ony do salonu'  itemprop=\"thumbnailUrl\"  ><img decoding=\"async\" class=\"wp-image-824 avia-img-lazy-loading-not-824\"   src=\"https:\/\/sklepwnetrz.pl\/salonstargard\/wp-content\/uploads\/2021\/12\/any_i_zas197130ony_do_salonu_RADIMAR-495x400.webp\" width=\"495\" height=\"400\"  title='firany i zas\u0142ony do salonu' alt='' srcset=\"https:\/\/sklepwnetrz.pl\/salonstargard\/wp-content\/uploads\/2021\/12\/any_i_zas197130ony_do_salonu_RADIMAR-495x400.webp 495w, https:\/\/sklepwnetrz.pl\/salonstargard\/wp-content\/uploads\/2021\/12\/any_i_zas197130ony_do_salonu_RADIMAR-845x684.webp 845w\" sizes=\"(max-width: 495px) 100vw, 495px\" \/><\/a> <a href=\"https:\/\/sklepwnetrz.pl\/salonstargard\/wp-content\/uploads\/2022\/04\/FIRANY-I-ZASLONY-RADIMAR12-1030x1030.webp\" data-srcset=\"https:\/\/sklepwnetrz.pl\/salonstargard\/wp-content\/uploads\/2022\/04\/FIRANY-I-ZASLONY-RADIMAR12-1030x1030.webp 1030w, https:\/\/sklepwnetrz.pl\/salonstargard\/wp-content\/uploads\/2022\/04\/FIRANY-I-ZASLONY-RADIMAR12-300x300.webp 300w, https:\/\/sklepwnetrz.pl\/salonstargard\/wp-content\/uploads\/2022\/04\/FIRANY-I-ZASLONY-RADIMAR12-80x80.webp 80w, https:\/\/sklepwnetrz.pl\/salonstargard\/wp-content\/uploads\/2022\/04\/FIRANY-I-ZASLONY-RADIMAR12-768x768.webp 768w, https:\/\/sklepwnetrz.pl\/salonstargard\/wp-content\/uploads\/2022\/04\/FIRANY-I-ZASLONY-RADIMAR12-36x36.webp 36w, https:\/\/sklepwnetrz.pl\/salonstargard\/wp-content\/uploads\/2022\/04\/FIRANY-I-ZASLONY-RADIMAR12-180x180.webp 180w, https:\/\/sklepwnetrz.pl\/salonstargard\/wp-content\/uploads\/2022\/04\/FIRANY-I-ZASLONY-RADIMAR12-705x705.webp 705w, https:\/\/sklepwnetrz.pl\/salonstargard\/wp-content\/uploads\/2022\/04\/FIRANY-I-ZASLONY-RADIMAR12.webp 1200w\" data-sizes=\"(max-width: 1030px) 100vw, 1030px\" data-rel='gallery-4' data-prev-img='https:\/\/sklepwnetrz.pl\/salonstargard\/wp-content\/uploads\/2022\/04\/FIRANY-I-ZASLONY-RADIMAR12-495x400.webp' class='lightbox ' data-onclick='3' title='FIRANY I ZAS\u0141ONY RADIMAR12'  itemprop=\"thumbnailUrl\"  ><img decoding=\"async\" class=\"wp-image-1204 avia-img-lazy-loading-not-1204\"   src=\"https:\/\/sklepwnetrz.pl\/salonstargard\/wp-content\/uploads\/2022\/04\/FIRANY-I-ZASLONY-RADIMAR12-495x400.webp\" width=\"495\" height=\"400\"  title='FIRANY I ZAS\u0141ONY RADIMAR12' alt='' srcset=\"https:\/\/sklepwnetrz.pl\/salonstargard\/wp-content\/uploads\/2022\/04\/FIRANY-I-ZASLONY-RADIMAR12-495x400.webp 495w, https:\/\/sklepwnetrz.pl\/salonstargard\/wp-content\/uploads\/2022\/04\/FIRANY-I-ZASLONY-RADIMAR12-845x684.webp 845w\" sizes=\"(max-width: 495px) 100vw, 495px\" \/><\/a> <a href=\"https:\/\/sklepwnetrz.pl\/salonstargard\/wp-content\/uploads\/2022\/04\/FIRANY-I-ZASLONY-RADIMAR10-1030x1030.webp\" data-srcset=\"https:\/\/sklepwnetrz.pl\/salonstargard\/wp-content\/uploads\/2022\/04\/FIRANY-I-ZASLONY-RADIMAR10-1030x1030.webp 1030w, https:\/\/sklepwnetrz.pl\/salonstargard\/wp-content\/uploads\/2022\/04\/FIRANY-I-ZASLONY-RADIMAR10-300x300.webp 300w, https:\/\/sklepwnetrz.pl\/salonstargard\/wp-content\/uploads\/2022\/04\/FIRANY-I-ZASLONY-RADIMAR10-80x80.webp 80w, https:\/\/sklepwnetrz.pl\/salonstargard\/wp-content\/uploads\/2022\/04\/FIRANY-I-ZASLONY-RADIMAR10-768x768.webp 768w, https:\/\/sklepwnetrz.pl\/salonstargard\/wp-content\/uploads\/2022\/04\/FIRANY-I-ZASLONY-RADIMAR10-36x36.webp 36w, https:\/\/sklepwnetrz.pl\/salonstargard\/wp-content\/uploads\/2022\/04\/FIRANY-I-ZASLONY-RADIMAR10-180x180.webp 180w, https:\/\/sklepwnetrz.pl\/salonstargard\/wp-content\/uploads\/2022\/04\/FIRANY-I-ZASLONY-RADIMAR10-705x705.webp 705w, https:\/\/sklepwnetrz.pl\/salonstargard\/wp-content\/uploads\/2022\/04\/FIRANY-I-ZASLONY-RADIMAR10.webp 1200w\" data-sizes=\"(max-width: 1030px) 100vw, 1030px\" data-rel='gallery-4' data-prev-img='https:\/\/sklepwnetrz.pl\/salonstargard\/wp-content\/uploads\/2022\/04\/FIRANY-I-ZASLONY-RADIMAR10-495x400.webp' class='lightbox ' data-onclick='4' title='FIRANY I ZAS\u0141ONY RADIMAR10'  itemprop=\"thumbnailUrl\"  ><img decoding=\"async\" class=\"wp-image-1202 avia-img-lazy-loading-not-1202\"   src=\"https:\/\/sklepwnetrz.pl\/salonstargard\/wp-content\/uploads\/2022\/04\/FIRANY-I-ZASLONY-RADIMAR10-495x400.webp\" width=\"495\" height=\"400\"  title='FIRANY I ZAS\u0141ONY RADIMAR10' alt='' srcset=\"https:\/\/sklepwnetrz.pl\/salonstargard\/wp-content\/uploads\/2022\/04\/FIRANY-I-ZASLONY-RADIMAR10-495x400.webp 495w, https:\/\/sklepwnetrz.pl\/salonstargard\/wp-content\/uploads\/2022\/04\/FIRANY-I-ZASLONY-RADIMAR10-845x684.webp 845w\" sizes=\"(max-width: 495px) 100vw, 495px\" \/><\/a> <a href=\"https:\/\/sklepwnetrz.pl\/salonstargard\/wp-content\/uploads\/2022\/04\/FIRANY-I-ZASLONY-RADIMAR7-1030x1030.webp\" data-srcset=\"https:\/\/sklepwnetrz.pl\/salonstargard\/wp-content\/uploads\/2022\/04\/FIRANY-I-ZASLONY-RADIMAR7-1030x1030.webp 1030w, https:\/\/sklepwnetrz.pl\/salonstargard\/wp-content\/uploads\/2022\/04\/FIRANY-I-ZASLONY-RADIMAR7-300x300.webp 300w, https:\/\/sklepwnetrz.pl\/salonstargard\/wp-content\/uploads\/2022\/04\/FIRANY-I-ZASLONY-RADIMAR7-80x80.webp 80w, https:\/\/sklepwnetrz.pl\/salonstargard\/wp-content\/uploads\/2022\/04\/FIRANY-I-ZASLONY-RADIMAR7-768x768.webp 768w, https:\/\/sklepwnetrz.pl\/salonstargard\/wp-content\/uploads\/2022\/04\/FIRANY-I-ZASLONY-RADIMAR7-36x36.webp 36w, https:\/\/sklepwnetrz.pl\/salonstargard\/wp-content\/uploads\/2022\/04\/FIRANY-I-ZASLONY-RADIMAR7-180x180.webp 180w, https:\/\/sklepwnetrz.pl\/salonstargard\/wp-content\/uploads\/2022\/04\/FIRANY-I-ZASLONY-RADIMAR7-705x705.webp 705w, https:\/\/sklepwnetrz.pl\/salonstargard\/wp-content\/uploads\/2022\/04\/FIRANY-I-ZASLONY-RADIMAR7.webp 1200w\" data-sizes=\"(max-width: 1030px) 100vw, 1030px\" data-rel='gallery-4' data-prev-img='https:\/\/sklepwnetrz.pl\/salonstargard\/wp-content\/uploads\/2022\/04\/FIRANY-I-ZASLONY-RADIMAR7-495x400.webp' class='lightbox ' data-onclick='5' title='FIRANY I ZAS\u0141ONY RADIMAR7'  itemprop=\"thumbnailUrl\"  ><img decoding=\"async\" class=\"wp-image-1199 avia-img-lazy-loading-not-1199\"   src=\"https:\/\/sklepwnetrz.pl\/salonstargard\/wp-content\/uploads\/2022\/04\/FIRANY-I-ZASLONY-RADIMAR7-495x400.webp\" width=\"495\" height=\"400\"  title='FIRANY I ZAS\u0141ONY RADIMAR7' alt='' srcset=\"https:\/\/sklepwnetrz.pl\/salonstargard\/wp-content\/uploads\/2022\/04\/FIRANY-I-ZASLONY-RADIMAR7-495x400.webp 495w, https:\/\/sklepwnetrz.pl\/salonstargard\/wp-content\/uploads\/2022\/04\/FIRANY-I-ZASLONY-RADIMAR7-845x684.webp 845w\" sizes=\"(max-width: 495px) 100vw, 495px\" \/><\/a> <a href=\"https:\/\/sklepwnetrz.pl\/salonstargard\/wp-content\/uploads\/2022\/04\/FIRANY-I-ZASLONY-RADIMAR5-1030x1030.webp\" data-srcset=\"https:\/\/sklepwnetrz.pl\/salonstargard\/wp-content\/uploads\/2022\/04\/FIRANY-I-ZASLONY-RADIMAR5-1030x1030.webp 1030w, https:\/\/sklepwnetrz.pl\/salonstargard\/wp-content\/uploads\/2022\/04\/FIRANY-I-ZASLONY-RADIMAR5-300x300.webp 300w, https:\/\/sklepwnetrz.pl\/salonstargard\/wp-content\/uploads\/2022\/04\/FIRANY-I-ZASLONY-RADIMAR5-80x80.webp 80w, https:\/\/sklepwnetrz.pl\/salonstargard\/wp-content\/uploads\/2022\/04\/FIRANY-I-ZASLONY-RADIMAR5-768x768.webp 768w, https:\/\/sklepwnetrz.pl\/salonstargard\/wp-content\/uploads\/2022\/04\/FIRANY-I-ZASLONY-RADIMAR5-36x36.webp 36w, https:\/\/sklepwnetrz.pl\/salonstargard\/wp-content\/uploads\/2022\/04\/FIRANY-I-ZASLONY-RADIMAR5-180x180.webp 180w, https:\/\/sklepwnetrz.pl\/salonstargard\/wp-content\/uploads\/2022\/04\/FIRANY-I-ZASLONY-RADIMAR5-705x705.webp 705w, https:\/\/sklepwnetrz.pl\/salonstargard\/wp-content\/uploads\/2022\/04\/FIRANY-I-ZASLONY-RADIMAR5.webp 1200w\" data-sizes=\"(max-width: 1030px) 100vw, 1030px\" data-rel='gallery-4' data-prev-img='https:\/\/sklepwnetrz.pl\/salonstargard\/wp-content\/uploads\/2022\/04\/FIRANY-I-ZASLONY-RADIMAR5-495x400.webp' class='first_thumb lightbox ' data-onclick='6' title='FIRANY I ZAS\u0141ONY RADIMAR5'  itemprop=\"thumbnailUrl\"  ><img decoding=\"async\" class=\"wp-image-1197 avia-img-lazy-loading-not-1197\"   src=\"https:\/\/sklepwnetrz.pl\/salonstargard\/wp-content\/uploads\/2022\/04\/FIRANY-I-ZASLONY-RADIMAR5-495x400.webp\" width=\"495\" height=\"400\"  title='FIRANY I ZAS\u0141ONY RADIMAR5' alt='' srcset=\"https:\/\/sklepwnetrz.pl\/salonstargard\/wp-content\/uploads\/2022\/04\/FIRANY-I-ZASLONY-RADIMAR5-495x400.webp 495w, https:\/\/sklepwnetrz.pl\/salonstargard\/wp-content\/uploads\/2022\/04\/FIRANY-I-ZASLONY-RADIMAR5-845x684.webp 845w\" sizes=\"(max-width: 495px) 100vw, 495px\" \/><\/a> <a href=\"https:\/\/sklepwnetrz.pl\/salonstargard\/wp-content\/uploads\/2022\/04\/FIRANY-I-ZASLONY-RADIMAR3-1030x1030.webp\" data-srcset=\"https:\/\/sklepwnetrz.pl\/salonstargard\/wp-content\/uploads\/2022\/04\/FIRANY-I-ZASLONY-RADIMAR3-1030x1030.webp 1030w, https:\/\/sklepwnetrz.pl\/salonstargard\/wp-content\/uploads\/2022\/04\/FIRANY-I-ZASLONY-RADIMAR3-300x300.webp 300w, https:\/\/sklepwnetrz.pl\/salonstargard\/wp-content\/uploads\/2022\/04\/FIRANY-I-ZASLONY-RADIMAR3-80x80.webp 80w, https:\/\/sklepwnetrz.pl\/salonstargard\/wp-content\/uploads\/2022\/04\/FIRANY-I-ZASLONY-RADIMAR3-768x768.webp 768w, https:\/\/sklepwnetrz.pl\/salonstargard\/wp-content\/uploads\/2022\/04\/FIRANY-I-ZASLONY-RADIMAR3-36x36.webp 36w, https:\/\/sklepwnetrz.pl\/salonstargard\/wp-content\/uploads\/2022\/04\/FIRANY-I-ZASLONY-RADIMAR3-180x180.webp 180w, https:\/\/sklepwnetrz.pl\/salonstargard\/wp-content\/uploads\/2022\/04\/FIRANY-I-ZASLONY-RADIMAR3-705x705.webp 705w, https:\/\/sklepwnetrz.pl\/salonstargard\/wp-content\/uploads\/2022\/04\/FIRANY-I-ZASLONY-RADIMAR3.webp 1200w\" data-sizes=\"(max-width: 1030px) 100vw, 1030px\" data-rel='gallery-4' data-prev-img='https:\/\/sklepwnetrz.pl\/salonstargard\/wp-content\/uploads\/2022\/04\/FIRANY-I-ZASLONY-RADIMAR3-495x400.webp' class='lightbox ' data-onclick='7' title='FIRANY I ZAS\u0141ONY RADIMAR3'  itemprop=\"thumbnailUrl\"  ><img decoding=\"async\" class=\"wp-image-1195 avia-img-lazy-loading-not-1195\"   src=\"https:\/\/sklepwnetrz.pl\/salonstargard\/wp-content\/uploads\/2022\/04\/FIRANY-I-ZASLONY-RADIMAR3-495x400.webp\" width=\"495\" height=\"400\"  title='FIRANY I ZAS\u0141ONY RADIMAR3' alt='' srcset=\"https:\/\/sklepwnetrz.pl\/salonstargard\/wp-content\/uploads\/2022\/04\/FIRANY-I-ZASLONY-RADIMAR3-495x400.webp 495w, https:\/\/sklepwnetrz.pl\/salonstargard\/wp-content\/uploads\/2022\/04\/FIRANY-I-ZASLONY-RADIMAR3-845x684.webp 845w\" sizes=\"(max-width: 495px) 100vw, 495px\" \/><\/a> <a href=\"https:\/\/sklepwnetrz.pl\/salonstargard\/wp-content\/uploads\/2022\/04\/FIRANY-I-ZASLONY-RADIMAR1-1030x1030.webp\" data-srcset=\"https:\/\/sklepwnetrz.pl\/salonstargard\/wp-content\/uploads\/2022\/04\/FIRANY-I-ZASLONY-RADIMAR1-1030x1030.webp 1030w, https:\/\/sklepwnetrz.pl\/salonstargard\/wp-content\/uploads\/2022\/04\/FIRANY-I-ZASLONY-RADIMAR1-300x300.webp 300w, https:\/\/sklepwnetrz.pl\/salonstargard\/wp-content\/uploads\/2022\/04\/FIRANY-I-ZASLONY-RADIMAR1-80x80.webp 80w, https:\/\/sklepwnetrz.pl\/salonstargard\/wp-content\/uploads\/2022\/04\/FIRANY-I-ZASLONY-RADIMAR1-768x768.webp 768w, https:\/\/sklepwnetrz.pl\/salonstargard\/wp-content\/uploads\/2022\/04\/FIRANY-I-ZASLONY-RADIMAR1-36x36.webp 36w, https:\/\/sklepwnetrz.pl\/salonstargard\/wp-content\/uploads\/2022\/04\/FIRANY-I-ZASLONY-RADIMAR1-180x180.webp 180w, https:\/\/sklepwnetrz.pl\/salonstargard\/wp-content\/uploads\/2022\/04\/FIRANY-I-ZASLONY-RADIMAR1-705x705.webp 705w, https:\/\/sklepwnetrz.pl\/salonstargard\/wp-content\/uploads\/2022\/04\/FIRANY-I-ZASLONY-RADIMAR1.webp 1200w\" data-sizes=\"(max-width: 1030px) 100vw, 1030px\" data-rel='gallery-4' data-prev-img='https:\/\/sklepwnetrz.pl\/salonstargard\/wp-content\/uploads\/2022\/04\/FIRANY-I-ZASLONY-RADIMAR1-495x400.webp' class='lightbox ' data-onclick='8' title='FIRANY I ZAS\u0141ONY RADIMAR1'  itemprop=\"thumbnailUrl\"  ><img decoding=\"async\" class=\"wp-image-1193 avia-img-lazy-loading-not-1193\"   src=\"https:\/\/sklepwnetrz.pl\/salonstargard\/wp-content\/uploads\/2022\/04\/FIRANY-I-ZASLONY-RADIMAR1-495x400.webp\" width=\"495\" height=\"400\"  title='FIRANY I ZAS\u0141ONY RADIMAR1' alt='' srcset=\"https:\/\/sklepwnetrz.pl\/salonstargard\/wp-content\/uploads\/2022\/04\/FIRANY-I-ZASLONY-RADIMAR1-495x400.webp 495w, https:\/\/sklepwnetrz.pl\/salonstargard\/wp-content\/uploads\/2022\/04\/FIRANY-I-ZASLONY-RADIMAR1-845x684.webp 845w\" sizes=\"(max-width: 495px) 100vw, 495px\" \/><\/a> <a href=\"https:\/\/sklepwnetrz.pl\/salonstargard\/wp-content\/uploads\/2022\/02\/zaslony-w-cekiny-radima-1030x1030.webp\" data-srcset=\"https:\/\/sklepwnetrz.pl\/salonstargard\/wp-content\/uploads\/2022\/02\/zaslony-w-cekiny-radima-1030x1030.webp 1030w, https:\/\/sklepwnetrz.pl\/salonstargard\/wp-content\/uploads\/2022\/02\/zaslony-w-cekiny-radima-300x300.webp 300w, https:\/\/sklepwnetrz.pl\/salonstargard\/wp-content\/uploads\/2022\/02\/zaslony-w-cekiny-radima-80x80.webp 80w, https:\/\/sklepwnetrz.pl\/salonstargard\/wp-content\/uploads\/2022\/02\/zaslony-w-cekiny-radima-768x768.webp 768w, https:\/\/sklepwnetrz.pl\/salonstargard\/wp-content\/uploads\/2022\/02\/zaslony-w-cekiny-radima-36x36.webp 36w, https:\/\/sklepwnetrz.pl\/salonstargard\/wp-content\/uploads\/2022\/02\/zaslony-w-cekiny-radima-180x180.webp 180w, https:\/\/sklepwnetrz.pl\/salonstargard\/wp-content\/uploads\/2022\/02\/zaslony-w-cekiny-radima-705x705.webp 705w, https:\/\/sklepwnetrz.pl\/salonstargard\/wp-content\/uploads\/2022\/02\/zaslony-w-cekiny-radima.webp 1200w\" data-sizes=\"(max-width: 1030px) 100vw, 1030px\" data-rel='gallery-4' data-prev-img='https:\/\/sklepwnetrz.pl\/salonstargard\/wp-content\/uploads\/2022\/02\/zaslony-w-cekiny-radima-495x400.webp' class='lightbox ' data-onclick='9' title='zas\u0142ony-w-cekiny-radima'  itemprop=\"thumbnailUrl\"  ><img decoding=\"async\" class=\"wp-image-1058 avia-img-lazy-loading-not-1058\"   src=\"https:\/\/sklepwnetrz.pl\/salonstargard\/wp-content\/uploads\/2022\/02\/zaslony-w-cekiny-radima-495x400.webp\" width=\"495\" height=\"400\"  title='zas\u0142ony-w-cekiny-radima' alt='' srcset=\"https:\/\/sklepwnetrz.pl\/salonstargard\/wp-content\/uploads\/2022\/02\/zaslony-w-cekiny-radima-495x400.webp 495w, https:\/\/sklepwnetrz.pl\/salonstargard\/wp-content\/uploads\/2022\/02\/zaslony-w-cekiny-radima-845x684.webp 845w\" sizes=\"(max-width: 495px) 100vw, 495px\" \/><\/a> <a href=\"https:\/\/sklepwnetrz.pl\/salonstargard\/wp-content\/uploads\/2022\/02\/firany-i-zaslony-szyte-po-skosie-do-hotelu-narzuty-1030x1030.webp\" data-srcset=\"https:\/\/sklepwnetrz.pl\/salonstargard\/wp-content\/uploads\/2022\/02\/firany-i-zaslony-szyte-po-skosie-do-hotelu-narzuty-1030x1030.webp 1030w, https:\/\/sklepwnetrz.pl\/salonstargard\/wp-content\/uploads\/2022\/02\/firany-i-zaslony-szyte-po-skosie-do-hotelu-narzuty-300x300.webp 300w, https:\/\/sklepwnetrz.pl\/salonstargard\/wp-content\/uploads\/2022\/02\/firany-i-zaslony-szyte-po-skosie-do-hotelu-narzuty-80x80.webp 80w, https:\/\/sklepwnetrz.pl\/salonstargard\/wp-content\/uploads\/2022\/02\/firany-i-zaslony-szyte-po-skosie-do-hotelu-narzuty-768x768.webp 768w, https:\/\/sklepwnetrz.pl\/salonstargard\/wp-content\/uploads\/2022\/02\/firany-i-zaslony-szyte-po-skosie-do-hotelu-narzuty-36x36.webp 36w, https:\/\/sklepwnetrz.pl\/salonstargard\/wp-content\/uploads\/2022\/02\/firany-i-zaslony-szyte-po-skosie-do-hotelu-narzuty-180x180.webp 180w, https:\/\/sklepwnetrz.pl\/salonstargard\/wp-content\/uploads\/2022\/02\/firany-i-zaslony-szyte-po-skosie-do-hotelu-narzuty-705x705.webp 705w, https:\/\/sklepwnetrz.pl\/salonstargard\/wp-content\/uploads\/2022\/02\/firany-i-zaslony-szyte-po-skosie-do-hotelu-narzuty.webp 1200w\" data-sizes=\"(max-width: 1030px) 100vw, 1030px\" data-rel='gallery-4' data-prev-img='https:\/\/sklepwnetrz.pl\/salonstargard\/wp-content\/uploads\/2022\/02\/firany-i-zaslony-szyte-po-skosie-do-hotelu-narzuty-495x400.webp' class='lightbox ' data-onclick='10' title='firany-i-zas\u0142ony-szyte-po-skosie-do-hotelu-narzuty'  itemprop=\"thumbnailUrl\"  ><img decoding=\"async\" class=\"wp-image-1055 avia-img-lazy-loading-not-1055\"   src=\"https:\/\/sklepwnetrz.pl\/salonstargard\/wp-content\/uploads\/2022\/02\/firany-i-zaslony-szyte-po-skosie-do-hotelu-narzuty-495x400.webp\" width=\"495\" height=\"400\"  title='firany-i-zas\u0142ony-szyte-po-skosie-do-hotelu-narzuty' alt='' srcset=\"https:\/\/sklepwnetrz.pl\/salonstargard\/wp-content\/uploads\/2022\/02\/firany-i-zaslony-szyte-po-skosie-do-hotelu-narzuty-495x400.webp 495w, https:\/\/sklepwnetrz.pl\/salonstargard\/wp-content\/uploads\/2022\/02\/firany-i-zaslony-szyte-po-skosie-do-hotelu-narzuty-845x684.webp 845w\" sizes=\"(max-width: 495px) 100vw, 495px\" \/><\/a> <a href=\"https:\/\/sklepwnetrz.pl\/salonstargard\/wp-content\/uploads\/2021\/12\/130ugie_nowoczesne_do_salonu_Radimar-1-1030x1030.webp\" data-srcset=\"https:\/\/sklepwnetrz.pl\/salonstargard\/wp-content\/uploads\/2021\/12\/130ugie_nowoczesne_do_salonu_Radimar-1-1030x1030.webp 1030w, https:\/\/sklepwnetrz.pl\/salonstargard\/wp-content\/uploads\/2021\/12\/130ugie_nowoczesne_do_salonu_Radimar-1-300x300.webp 300w, https:\/\/sklepwnetrz.pl\/salonstargard\/wp-content\/uploads\/2021\/12\/130ugie_nowoczesne_do_salonu_Radimar-1-80x80.webp 80w, https:\/\/sklepwnetrz.pl\/salonstargard\/wp-content\/uploads\/2021\/12\/130ugie_nowoczesne_do_salonu_Radimar-1-768x768.webp 768w, https:\/\/sklepwnetrz.pl\/salonstargard\/wp-content\/uploads\/2021\/12\/130ugie_nowoczesne_do_salonu_Radimar-1-36x36.webp 36w, https:\/\/sklepwnetrz.pl\/salonstargard\/wp-content\/uploads\/2021\/12\/130ugie_nowoczesne_do_salonu_Radimar-1-180x180.webp 180w, https:\/\/sklepwnetrz.pl\/salonstargard\/wp-content\/uploads\/2021\/12\/130ugie_nowoczesne_do_salonu_Radimar-1-705x705.webp 705w, https:\/\/sklepwnetrz.pl\/salonstargard\/wp-content\/uploads\/2021\/12\/130ugie_nowoczesne_do_salonu_Radimar-1.webp 1200w\" data-sizes=\"(max-width: 1030px) 100vw, 1030px\" data-rel='gallery-4' data-prev-img='https:\/\/sklepwnetrz.pl\/salonstargard\/wp-content\/uploads\/2021\/12\/130ugie_nowoczesne_do_salonu_Radimar-1-495x400.webp' class='first_thumb lightbox ' data-onclick='11' title='130ugie_nowoczesne_do_salonu_Radimar'  itemprop=\"thumbnailUrl\"  ><img decoding=\"async\" class=\"wp-image-899 avia-img-lazy-loading-not-899\"   src=\"https:\/\/sklepwnetrz.pl\/salonstargard\/wp-content\/uploads\/2021\/12\/130ugie_nowoczesne_do_salonu_Radimar-1-495x400.webp\" width=\"495\" height=\"400\"  title='130ugie_nowoczesne_do_salonu_Radimar' alt='' srcset=\"https:\/\/sklepwnetrz.pl\/salonstargard\/wp-content\/uploads\/2021\/12\/130ugie_nowoczesne_do_salonu_Radimar-1-495x400.webp 495w, https:\/\/sklepwnetrz.pl\/salonstargard\/wp-content\/uploads\/2021\/12\/130ugie_nowoczesne_do_salonu_Radimar-1-845x684.webp 845w\" sizes=\"(max-width: 495px) 100vw, 495px\" \/><\/a> <a href=\"https:\/\/sklepwnetrz.pl\/salonstargard\/wp-content\/uploads\/2021\/12\/ony_na_karniszu_elektrycznym_RADIMAR-1030x773.webp\" data-srcset=\"https:\/\/sklepwnetrz.pl\/salonstargard\/wp-content\/uploads\/2021\/12\/ony_na_karniszu_elektrycznym_RADIMAR-1030x773.webp 1030w, https:\/\/sklepwnetrz.pl\/salonstargard\/wp-content\/uploads\/2021\/12\/ony_na_karniszu_elektrycznym_RADIMAR-300x225.webp 300w, https:\/\/sklepwnetrz.pl\/salonstargard\/wp-content\/uploads\/2021\/12\/ony_na_karniszu_elektrycznym_RADIMAR-768x576.webp 768w, https:\/\/sklepwnetrz.pl\/salonstargard\/wp-content\/uploads\/2021\/12\/ony_na_karniszu_elektrycznym_RADIMAR-705x529.webp 705w, https:\/\/sklepwnetrz.pl\/salonstargard\/wp-content\/uploads\/2021\/12\/ony_na_karniszu_elektrycznym_RADIMAR.webp 1200w\" data-sizes=\"(max-width: 1030px) 100vw, 1030px\" data-rel='gallery-4' data-prev-img='https:\/\/sklepwnetrz.pl\/salonstargard\/wp-content\/uploads\/2021\/12\/ony_na_karniszu_elektrycznym_RADIMAR-495x400.webp' class='lightbox ' data-onclick='12' title='firany i zas\u0142ony na karniszu elektrycznym'  itemprop=\"thumbnailUrl\"  ><img decoding=\"async\" class=\"wp-image-825 avia-img-lazy-loading-not-825\"   src=\"https:\/\/sklepwnetrz.pl\/salonstargard\/wp-content\/uploads\/2021\/12\/ony_na_karniszu_elektrycznym_RADIMAR-495x400.webp\" width=\"495\" height=\"400\"  title='firany i zas\u0142ony na karniszu elektrycznym' alt='' srcset=\"https:\/\/sklepwnetrz.pl\/salonstargard\/wp-content\/uploads\/2021\/12\/ony_na_karniszu_elektrycznym_RADIMAR-495x400.webp 495w, https:\/\/sklepwnetrz.pl\/salonstargard\/wp-content\/uploads\/2021\/12\/ony_na_karniszu_elektrycznym_RADIMAR-845x684.webp 845w\" sizes=\"(max-width: 495px) 100vw, 495px\" \/><\/a> <a href=\"https:\/\/sklepwnetrz.pl\/salonstargard\/wp-content\/uploads\/2016\/05\/20211128_185142-1-773x1030.jpg\" data-srcset=\"https:\/\/sklepwnetrz.pl\/salonstargard\/wp-content\/uploads\/2016\/05\/20211128_185142-1-773x1030.jpg 773w, https:\/\/sklepwnetrz.pl\/salonstargard\/wp-content\/uploads\/2016\/05\/20211128_185142-1-225x300.jpg 225w, https:\/\/sklepwnetrz.pl\/salonstargard\/wp-content\/uploads\/2016\/05\/20211128_185142-1-768x1024.jpg 768w, https:\/\/sklepwnetrz.pl\/salonstargard\/wp-content\/uploads\/2016\/05\/20211128_185142-1-1152x1536.jpg 1152w, https:\/\/sklepwnetrz.pl\/salonstargard\/wp-content\/uploads\/2016\/05\/20211128_185142-1-1536x2048.jpg 1536w, https:\/\/sklepwnetrz.pl\/salonstargard\/wp-content\/uploads\/2016\/05\/20211128_185142-1-1125x1500.jpg 1125w, https:\/\/sklepwnetrz.pl\/salonstargard\/wp-content\/uploads\/2016\/05\/20211128_185142-1-529x705.jpg 529w, https:\/\/sklepwnetrz.pl\/salonstargard\/wp-content\/uploads\/2016\/05\/20211128_185142-1-scaled.jpg 1920w\" data-sizes=\"(max-width: 773px) 100vw, 773px\" data-rel='gallery-4' data-prev-img='https:\/\/sklepwnetrz.pl\/salonstargard\/wp-content\/uploads\/2016\/05\/20211128_185142-1-495x400.jpg' class='lightbox ' data-onclick='13' title='20211128_185142'  itemprop=\"thumbnailUrl\"  ><img decoding=\"async\" class=\"wp-image-803 avia-img-lazy-loading-not-803\"   src=\"https:\/\/sklepwnetrz.pl\/salonstargard\/wp-content\/uploads\/2016\/05\/20211128_185142-1-495x400.jpg\" width=\"495\" height=\"400\"  title='20211128_185142' alt='' srcset=\"https:\/\/sklepwnetrz.pl\/salonstargard\/wp-content\/uploads\/2016\/05\/20211128_185142-1-495x400.jpg 495w, https:\/\/sklepwnetrz.pl\/salonstargard\/wp-content\/uploads\/2016\/05\/20211128_185142-1-845x684.jpg 845w\" sizes=\"(max-width: 495px) 100vw, 495px\" \/><\/a> <a href=\"https:\/\/sklepwnetrz.pl\/salonstargard\/wp-content\/uploads\/2022\/05\/ZASLONY-ROZOWE-RADIMAR-1030x1030.webp\" data-srcset=\"https:\/\/sklepwnetrz.pl\/salonstargard\/wp-content\/uploads\/2022\/05\/ZASLONY-ROZOWE-RADIMAR-1030x1030.webp 1030w, https:\/\/sklepwnetrz.pl\/salonstargard\/wp-content\/uploads\/2022\/05\/ZASLONY-ROZOWE-RADIMAR-300x300.webp 300w, https:\/\/sklepwnetrz.pl\/salonstargard\/wp-content\/uploads\/2022\/05\/ZASLONY-ROZOWE-RADIMAR-80x80.webp 80w, https:\/\/sklepwnetrz.pl\/salonstargard\/wp-content\/uploads\/2022\/05\/ZASLONY-ROZOWE-RADIMAR-768x768.webp 768w, https:\/\/sklepwnetrz.pl\/salonstargard\/wp-content\/uploads\/2022\/05\/ZASLONY-ROZOWE-RADIMAR-36x36.webp 36w, https:\/\/sklepwnetrz.pl\/salonstargard\/wp-content\/uploads\/2022\/05\/ZASLONY-ROZOWE-RADIMAR-180x180.webp 180w, https:\/\/sklepwnetrz.pl\/salonstargard\/wp-content\/uploads\/2022\/05\/ZASLONY-ROZOWE-RADIMAR-705x705.webp 705w, https:\/\/sklepwnetrz.pl\/salonstargard\/wp-content\/uploads\/2022\/05\/ZASLONY-ROZOWE-RADIMAR.webp 1080w\" data-sizes=\"(max-width: 1030px) 100vw, 1030px\" data-rel='gallery-4' data-prev-img='https:\/\/sklepwnetrz.pl\/salonstargard\/wp-content\/uploads\/2022\/05\/ZASLONY-ROZOWE-RADIMAR-495x400.webp' class='lightbox ' data-onclick='14' title='ZAS\u0141ONY R\u00d3\u017bOWE RADIMAR'  itemprop=\"thumbnailUrl\"  ><img decoding=\"async\" class=\"wp-image-1249 avia-img-lazy-loading-not-1249\"   src=\"https:\/\/sklepwnetrz.pl\/salonstargard\/wp-content\/uploads\/2022\/05\/ZASLONY-ROZOWE-RADIMAR-495x400.webp\" width=\"495\" height=\"400\"  title='ZAS\u0141ONY R\u00d3\u017bOWE RADIMAR' alt='' srcset=\"https:\/\/sklepwnetrz.pl\/salonstargard\/wp-content\/uploads\/2022\/05\/ZASLONY-ROZOWE-RADIMAR-495x400.webp 495w, https:\/\/sklepwnetrz.pl\/salonstargard\/wp-content\/uploads\/2022\/05\/ZASLONY-ROZOWE-RADIMAR-845x684.webp 845w\" sizes=\"(max-width: 495px) 100vw, 495px\" \/><\/a><\/div><\/div><\/div><div class='flex_column av-44411j-e818c8b02ad4a3b9f838f8418fafcd6c av_one_full  avia-builder-el-106  el_after_av_one_full  avia-builder-el-last  first flex_column_div column-top-margin'   ><p><div  class='hr av-3yfx1r-a09226ad98b906621a244ed9fa60639a hr-default  avia-builder-el-107  el_before_av_textblock  avia-builder-el-first  '><span class='hr-inner '><span class=\"hr-inner-style\"><\/span><\/span><\/div><br \/>\n<section class=\"av_textblock_section \"  itemscope=\"itemscope\" itemtype=\"https:\/\/schema.org\/CreativeWork\" ><div class='avia_textblock  '   itemprop=\"text\" ><p style=\"text-align: center;\"><strong>Um\u00f3w si\u0119 na doradztwo, pomiar, wycen\u0119 w Twoim domu lub firmie<\/strong><\/p>\n<p style=\"text-align: center;\"><strong> (woj. Zachodniopomorskie)<\/strong><\/p>\n<h3 class=\"\" data-start=\"322\" data-end=\"341\">Dlaczego warto?<\/h3>\n<p class=\"\" data-start=\"343\" data-end=\"535\">\u2705 <strong data-start=\"345\" data-end=\"376\">Dok\u0142adny pomiar to podstawa<\/strong><br data-start=\"376\" data-end=\"379\" \/>Liczy si\u0119 ka\u017cdy centymetr! Nasz zesp\u00f3\u0142 dok\u0142adnie wymierzy Twoje okna, co pozwoli na perfekcyjne uszycie firan i zas\u0142on \u2013 dopasowanych do wn\u0119trza i karnisza.<\/p>\n<p class=\"\" data-start=\"537\" data-end=\"734\">\u2705 <strong data-start=\"539\" data-end=\"566\">Profesjonalne doradztwo<\/strong><br data-start=\"566\" data-end=\"569\" \/>Nasza do\u015bwiadczona dekoratorka pomo\u017ce dobra\u0107 idealne rozwi\u0105zania \u2013 zar\u00f3wno efektowne, jak i funkcjonalne. Zadbamy o ka\u017cdy detal, od stylu po praktyczne zastosowanie.<\/p>\n<p class=\"\" data-start=\"736\" data-end=\"908\">\u2705 <strong data-start=\"738\" data-end=\"760\">Tkaniny na miejscu<\/strong><br data-start=\"760\" data-end=\"763\" \/>Na wizyt\u0119 zabieramy pr\u00f3bniki i wzorniki tkanin. Dzi\u0119ki temu dobierzemy odpowiedni materia\u0142, faktur\u0119 i kolor w naturalnym \u015bwietle Twojego wn\u0119trza.<\/p>\n<h3 class=\"\" data-start=\"915\" data-end=\"932\">Koszt us\u0142ugi:<\/h3>\n<p class=\"\" data-start=\"934\" data-end=\"1162\">\ud83d\udccd <strong data-start=\"937\" data-end=\"959\">Stargard i okolice<\/strong> \u2013 50 z\u0142 (p\u0142atne w dniu wizyty)<br data-start=\"990\" data-end=\"993\" \/>\ud83d\udccd <strong data-start=\"996\" data-end=\"1018\">Szczecin i okolice<\/strong> \u2013 cena ustalana indywidualnie z dekoratork\u0105<br data-start=\"1062\" data-end=\"1065\" \/>\u26a0\ufe0f Ze wzgl\u0119du na du\u017c\u0105 liczb\u0119 zam\u00f3wie\u0144, us\u0142uga doradcza w Szczecinie mo\u017ce by\u0107 czasowo niedost\u0119pna.<\/p>\n<h3 class=\"\" data-start=\"1169\" data-end=\"1204\">Alternatywa? Sklep internetowy!<\/h3>\n<p class=\"\" data-start=\"1206\" data-end=\"1514\">\ud83d\uded2 Co miesi\u0105c realizujemy <strong data-start=\"1232\" data-end=\"1289\">ponad 1000 zam\u00f3wie\u0144 z wysy\u0142k\u0105 na terenie ca\u0142ej Polski<\/strong>.<br data-start=\"1290\" data-end=\"1293\" \/>Je\u015bli wolisz \u2013 mo\u017cesz zam\u00f3wi\u0107 wszystko <strong data-start=\"1332\" data-end=\"1358\">bez wychodzenia z domu<\/strong>. Wybierz firany i zas\u0142ony szyte na wymiar z dostaw\u0105 pod drzwi:<br data-start=\"1421\" data-end=\"1424\" \/>\ud83d\udc49 <strong data-start=\"1427\" data-end=\"1478\"><a class=\"\" href=\"http:\/\/www.sklepwnetrz.pl\" target=\"_new\" rel=\"noopener\" data-start=\"1429\" data-end=\"1476\">www.sklepwnetrz.pl<\/a><\/strong> \u2013 oficjalny sklep firmy <strong data-start=\"1503\" data-end=\"1514\">Radimar<\/strong><\/p>\n<\/div><\/section><br \/>\n<div  class='avia-button-wrap avia-button-center  avia-builder-el-109  el_after_av_textblock  el_before_av_hr ' ><a href='tel:797952761'  class='avia-button av-l2encjnf-cdbab375fd41248647f6c5cdccebaca2 avia-icon_select-yes-left-icon avia-size-x-large avia-position-center avia-color-red ' ><span class='avia_button_icon avia_button_icon_left' aria-hidden='true' data-av_icon='\ue854' data-av_iconfont='entypo-fontello'><\/span><span class='avia_iconbox_title' >797 952 761<\/span><\/a><\/div><br \/>\n<div  class='hr av-3o5khj-347c2befd5731f61d997d126abde4b82 hr-default  avia-builder-el-110  el_after_av_button  avia-builder-el-last  '><span class='hr-inner '><span class=\"hr-inner-style\"><\/span><\/span><\/div><\/p><\/div><\/p>\n<\/div><\/div><\/div><div id='wizyta-w-twoim'  class='av-layout-grid-container entry-content-wrapper main_color av-flex-cells     avia-builder-el-111  el_after_av_layout_row  el_before_av_heading  submenu-not-first container_wrap sidebar_right'  >\n<div class=\"flex_cell no_margin av_one_full  avia-builder-el-112  avia-builder-el-no-sibling   \"  style='vertical-align:top; padding:0px 100px 10px 100px ; ' ><div class='flex_cell_inner' ><p>\n<style type=\"text\/css\" data-created_by=\"avia_inline_auto\" id=\"style-css-av-2psatj-6c356231c2435d1854c57818aca73900\">\n#top .av-special-heading.av-2psatj-6c356231c2435d1854c57818aca73900{\npadding-bottom:30px;\nfont-size:70px;\n}\n<\/style>\n<div  class='av-special-heading av-2psatj-6c356231c2435d1854c57818aca73900 av-special-heading-h1 blockquote modern-quote modern-centered  avia-builder-el-113  el_before_av_one_half  avia-builder-el-first  av-inherit-size '><h1 class='av-special-heading-tag '  itemprop=\"headline\"  >NA  <u>TOPIE<\/u><\/h1><div class='special-heading-border'><div class='special-heading-inner-border'><\/div><\/div><\/div><br \/>\n<div class='flex_column av-2mls4v-2f34991d173ece7d17632a7a72387c36 av_one_half  avia-builder-el-114  el_after_av_heading  el_before_av_one_half  first flex_column_div '   ><style type=\"text\/css\" data-created_by=\"avia_inline_auto\" id=\"style-css-av-2ezh4v-56a44332d9d3404d1b665e563353a40a\">\n.avia-image-container.av-2ezh4v-56a44332d9d3404d1b665e563353a40a .av-image-caption-overlay-center{\ncolor:#ffffff;\n}\n<\/style>\n<div  class='avia-image-container av-2ezh4v-56a44332d9d3404d1b665e563353a40a av-styling- avia-align-center  avia-builder-el-115  avia-builder-el-no-sibling  '  itemprop=\"image\" itemscope=\"itemscope\" itemtype=\"https:\/\/schema.org\/ImageObject\" ><div class=\"avia-image-container-inner\"><div class=\"avia-image-overlay-wrap\"><img decoding=\"async\" class='wp-image-1221 avia-img-lazy-loading-not-1221 avia_image' src=\"https:\/\/sklepwnetrz.pl\/salonstargard\/wp-content\/uploads\/2022\/04\/Zaluzje-drewniane-radimar-z-logo-scaled.webp\" alt='' title='\u017baluzje drewniane radimar z logo'  height=\"2560\" width=\"1874\"  itemprop=\"thumbnailUrl\" srcset=\"https:\/\/sklepwnetrz.pl\/salonstargard\/wp-content\/uploads\/2022\/04\/Zaluzje-drewniane-radimar-z-logo-scaled.webp 1874w, https:\/\/sklepwnetrz.pl\/salonstargard\/wp-content\/uploads\/2022\/04\/Zaluzje-drewniane-radimar-z-logo-220x300.webp 220w, https:\/\/sklepwnetrz.pl\/salonstargard\/wp-content\/uploads\/2022\/04\/Zaluzje-drewniane-radimar-z-logo-754x1030.webp 754w, https:\/\/sklepwnetrz.pl\/salonstargard\/wp-content\/uploads\/2022\/04\/Zaluzje-drewniane-radimar-z-logo-768x1049.webp 768w, https:\/\/sklepwnetrz.pl\/salonstargard\/wp-content\/uploads\/2022\/04\/Zaluzje-drewniane-radimar-z-logo-1125x1536.webp 1125w, https:\/\/sklepwnetrz.pl\/salonstargard\/wp-content\/uploads\/2022\/04\/Zaluzje-drewniane-radimar-z-logo-1499x2048.webp 1499w, https:\/\/sklepwnetrz.pl\/salonstargard\/wp-content\/uploads\/2022\/04\/Zaluzje-drewniane-radimar-z-logo-1098x1500.webp 1098w, https:\/\/sklepwnetrz.pl\/salonstargard\/wp-content\/uploads\/2022\/04\/Zaluzje-drewniane-radimar-z-logo-516x705.webp 516w\" sizes=\"(max-width: 1874px) 100vw, 1874px\" \/><\/div><\/div><\/div><\/div><div class='flex_column av-27iw5j-aabe73c456add002b4e70e50bfd1b46e av_one_half  avia-builder-el-116  el_after_av_one_half  el_before_av_one_full  flex_column_div '   ><p>\n<style type=\"text\/css\" data-created_by=\"avia_inline_auto\" id=\"style-css-av-234zqn-262ecd9d1eb68f2794d931b745731979\">\n#top .av-special-heading.av-234zqn-262ecd9d1eb68f2794d931b745731979{\npadding-bottom:10px;\n}\n<\/style>\n<div  class='av-special-heading av-234zqn-262ecd9d1eb68f2794d931b745731979 av-special-heading-h3  avia-builder-el-117  el_before_av_hr  avia-builder-el-first  '><h3 class='av-special-heading-tag '  itemprop=\"headline\"  >\u017bALUZJE DREWNIANE i BAMBUSOWE<\/h3><div class='special-heading-border'><div class='special-heading-inner-border'><\/div><\/div><\/div><br \/>\n<div  class='hr av-1yg49j-f8c22f8077c298de87826c4f3b27093e hr-default  avia-builder-el-118  el_after_av_heading  el_before_av_textblock  '><span class='hr-inner '><span class=\"hr-inner-style\"><\/span><\/span><\/div><br \/>\n<section class=\"av_textblock_section \"  itemscope=\"itemscope\" itemtype=\"https:\/\/schema.org\/CreativeWork\" ><div class='avia_textblock  '   itemprop=\"text\" ><p>S\u0142oneczko ju\u017c \u015bwita.\u2600\ufe0fPromienie s\u0142oneczne s\u0105 bardzo przyjemne ale czasami mog\u0105 by\u0107 troch\u0119 uci\u0105\u017cliwe.<\/p>\n<p>Zas\u0142o\u0144 si\u0119 od promieni s\u0142onecznych jednocze\u015bnie zachowuj\u0105c niesamowity efekt dekoracyjny.<br \/>\nNowoczesne \u017caluzje RADIMAR stworzone s\u0105 ze starannie <strong>wyselekcjonowanego drewna<\/strong> nadaj\u0105cego elegancji oraz niepowtarzalno\u015bci wn\u0119trzu.<\/p>\n<\/div><\/section><br \/>\n<section class=\"av_textblock_section \"  itemscope=\"itemscope\" itemtype=\"https:\/\/schema.org\/CreativeWork\" ><div class='avia_textblock  '   itemprop=\"text\" ><p><strong>Pami\u0119taj!<\/strong> Im d\u0142u\u017csza <span class=\"il\">\u017caluzja<\/span>\u00a0tym wi\u0119cej miejsca zajmuje po podci\u0105gni\u0119ciu! Upewnij si\u0119, czy dany spos\u00f3b monta\u017cu b\u0119dzie odpowiedni do twojego wn\u0119trza!<\/p>\n<p>Zwr\u00f3\u0107 r\u00f3wnie\u017c uwag\u0119 na to czy \u017caluzje s\u0105 z litego drewna. Wi\u0119kszo\u015b\u0107 oferowanych \u017caluzji na rynku jest reklamowane jako &#8222;\u017baluzje drewniane&#8221; ale z prawdziwym, litym drewnem nie maj\u0105 niestety nic wsp\u00f3lnego. W Naszej ofercie znajd\u0105 Pa\u0144stwo tylko i wy\u0142\u0105cznie wyselekcjonowane, lite drewno lub specjaln\u0105, dedykowan\u0105 kolekcj\u0119 do \u0142azienek z domieszk\u0105 PVC<\/p>\n<\/div><\/section><br \/>\n<div  class='hr av-1d9g8v-d5f24c3db157e23505ce74a56db8f257 hr-default  avia-builder-el-121  el_after_av_textblock  avia-builder-el-last  '><span class='hr-inner '><span class=\"hr-inner-style\"><\/span><\/span><\/div><\/p><\/div><div class='flex_column av-44hsf-7f55686f47033f5135828d548869aaab av_one_full  avia-builder-el-122  el_after_av_one_half  avia-builder-el-last  first flex_column_div column-top-margin'   ><style type=\"text\/css\" data-created_by=\"avia_inline_auto\" id=\"style-css-av-l35rpzki-9f1a83d8e4cb3ae9ff277cad0aefa064\">\n#top .avia-gallery.av-l35rpzki-9f1a83d8e4cb3ae9ff277cad0aefa064 .avia-gallery-thumb a{\nwidth:20%;\n}\n<\/style>\n<div  class='avia-gallery av-l35rpzki-9f1a83d8e4cb3ae9ff277cad0aefa064 avia_animate_when_visible  avia-builder-el-123  avia-builder-el-no-sibling  animations_off  avia-gallery-5'  itemprop=\"image\" itemscope=\"itemscope\" itemtype=\"https:\/\/schema.org\/ImageObject\" ><div class='avia-gallery-thumb'> <a href=\"https:\/\/sklepwnetrz.pl\/salonstargard\/wp-content\/uploads\/2022\/04\/Zaluzje-drewniane-radimar-z-logo-754x1030.webp\" data-srcset=\"https:\/\/sklepwnetrz.pl\/salonstargard\/wp-content\/uploads\/2022\/04\/Zaluzje-drewniane-radimar-z-logo-754x1030.webp 754w, https:\/\/sklepwnetrz.pl\/salonstargard\/wp-content\/uploads\/2022\/04\/Zaluzje-drewniane-radimar-z-logo-220x300.webp 220w, https:\/\/sklepwnetrz.pl\/salonstargard\/wp-content\/uploads\/2022\/04\/Zaluzje-drewniane-radimar-z-logo-768x1049.webp 768w, https:\/\/sklepwnetrz.pl\/salonstargard\/wp-content\/uploads\/2022\/04\/Zaluzje-drewniane-radimar-z-logo-1125x1536.webp 1125w, https:\/\/sklepwnetrz.pl\/salonstargard\/wp-content\/uploads\/2022\/04\/Zaluzje-drewniane-radimar-z-logo-1499x2048.webp 1499w, https:\/\/sklepwnetrz.pl\/salonstargard\/wp-content\/uploads\/2022\/04\/Zaluzje-drewniane-radimar-z-logo-1098x1500.webp 1098w, https:\/\/sklepwnetrz.pl\/salonstargard\/wp-content\/uploads\/2022\/04\/Zaluzje-drewniane-radimar-z-logo-516x705.webp 516w, https:\/\/sklepwnetrz.pl\/salonstargard\/wp-content\/uploads\/2022\/04\/Zaluzje-drewniane-radimar-z-logo-scaled.webp 1874w\" data-sizes=\"(max-width: 754px) 100vw, 754px\" data-rel='gallery-5' data-prev-img='https:\/\/sklepwnetrz.pl\/salonstargard\/wp-content\/uploads\/2022\/04\/Zaluzje-drewniane-radimar-z-logo-495x400.webp' class='first_thumb lightbox ' data-onclick='1' title='\u017baluzje drewniane radimar z logo'  itemprop=\"thumbnailUrl\"  ><img decoding=\"async\" class=\"wp-image-1221 avia-img-lazy-loading-not-1221\"   src=\"https:\/\/sklepwnetrz.pl\/salonstargard\/wp-content\/uploads\/2022\/04\/Zaluzje-drewniane-radimar-z-logo-495x400.webp\" width=\"495\" height=\"400\"  title='\u017baluzje drewniane radimar z logo' alt='' srcset=\"https:\/\/sklepwnetrz.pl\/salonstargard\/wp-content\/uploads\/2022\/04\/Zaluzje-drewniane-radimar-z-logo-495x400.webp 495w, https:\/\/sklepwnetrz.pl\/salonstargard\/wp-content\/uploads\/2022\/04\/Zaluzje-drewniane-radimar-z-logo-845x684.webp 845w\" sizes=\"(max-width: 495px) 100vw, 495px\" \/><\/a> <a href=\"https:\/\/sklepwnetrz.pl\/salonstargard\/wp-content\/uploads\/2021\/12\/zaluzje-drewniane-na-okno-RADIMAR-1030x773.webp\" data-srcset=\"https:\/\/sklepwnetrz.pl\/salonstargard\/wp-content\/uploads\/2021\/12\/zaluzje-drewniane-na-okno-RADIMAR-1030x773.webp 1030w, https:\/\/sklepwnetrz.pl\/salonstargard\/wp-content\/uploads\/2021\/12\/zaluzje-drewniane-na-okno-RADIMAR-300x225.webp 300w, https:\/\/sklepwnetrz.pl\/salonstargard\/wp-content\/uploads\/2021\/12\/zaluzje-drewniane-na-okno-RADIMAR-768x576.webp 768w, https:\/\/sklepwnetrz.pl\/salonstargard\/wp-content\/uploads\/2021\/12\/zaluzje-drewniane-na-okno-RADIMAR-705x529.webp 705w, https:\/\/sklepwnetrz.pl\/salonstargard\/wp-content\/uploads\/2021\/12\/zaluzje-drewniane-na-okno-RADIMAR.webp 1200w\" data-sizes=\"(max-width: 1030px) 100vw, 1030px\" data-rel='gallery-5' data-prev-img='https:\/\/sklepwnetrz.pl\/salonstargard\/wp-content\/uploads\/2021\/12\/zaluzje-drewniane-na-okno-RADIMAR-495x400.webp' class='lightbox ' data-onclick='2' title='\u017caluzje drewniane i bambusowe radimar'  itemprop=\"thumbnailUrl\"  ><img decoding=\"async\" class=\"wp-image-827 avia-img-lazy-loading-not-827\"  data-avia-tooltip='\u017caluzje drewniane i bambusowe radimar' src=\"https:\/\/sklepwnetrz.pl\/salonstargard\/wp-content\/uploads\/2021\/12\/zaluzje-drewniane-na-okno-RADIMAR-495x400.webp\" width=\"495\" height=\"400\"  title='\u017caluzje-drewniane-na-okno-RADIMAR' alt='' srcset=\"https:\/\/sklepwnetrz.pl\/salonstargard\/wp-content\/uploads\/2021\/12\/zaluzje-drewniane-na-okno-RADIMAR-495x400.webp 495w, https:\/\/sklepwnetrz.pl\/salonstargard\/wp-content\/uploads\/2021\/12\/zaluzje-drewniane-na-okno-RADIMAR-845x684.webp 845w\" sizes=\"(max-width: 495px) 100vw, 495px\" \/><\/a> <a href=\"https:\/\/sklepwnetrz.pl\/salonstargard\/wp-content\/uploads\/2022\/04\/ZALUZJE-BAMBUSOWE-DREWNIANE-RADIMAR-5-1-1030x1030.png\" data-srcset=\"https:\/\/sklepwnetrz.pl\/salonstargard\/wp-content\/uploads\/2022\/04\/ZALUZJE-BAMBUSOWE-DREWNIANE-RADIMAR-5-1-1030x1030.png 1030w, https:\/\/sklepwnetrz.pl\/salonstargard\/wp-content\/uploads\/2022\/04\/ZALUZJE-BAMBUSOWE-DREWNIANE-RADIMAR-5-1-300x300.png 300w, https:\/\/sklepwnetrz.pl\/salonstargard\/wp-content\/uploads\/2022\/04\/ZALUZJE-BAMBUSOWE-DREWNIANE-RADIMAR-5-1-80x80.png 80w, https:\/\/sklepwnetrz.pl\/salonstargard\/wp-content\/uploads\/2022\/04\/ZALUZJE-BAMBUSOWE-DREWNIANE-RADIMAR-5-1-768x768.png 768w, https:\/\/sklepwnetrz.pl\/salonstargard\/wp-content\/uploads\/2022\/04\/ZALUZJE-BAMBUSOWE-DREWNIANE-RADIMAR-5-1-36x36.png 36w, https:\/\/sklepwnetrz.pl\/salonstargard\/wp-content\/uploads\/2022\/04\/ZALUZJE-BAMBUSOWE-DREWNIANE-RADIMAR-5-1-180x180.png 180w, https:\/\/sklepwnetrz.pl\/salonstargard\/wp-content\/uploads\/2022\/04\/ZALUZJE-BAMBUSOWE-DREWNIANE-RADIMAR-5-1-705x705.png 705w, https:\/\/sklepwnetrz.pl\/salonstargard\/wp-content\/uploads\/2022\/04\/ZALUZJE-BAMBUSOWE-DREWNIANE-RADIMAR-5-1.png 1200w\" data-sizes=\"(max-width: 1030px) 100vw, 1030px\" data-rel='gallery-5' data-prev-img='https:\/\/sklepwnetrz.pl\/salonstargard\/wp-content\/uploads\/2022\/04\/ZALUZJE-BAMBUSOWE-DREWNIANE-RADIMAR-5-1-495x400.png' class='lightbox ' data-onclick='3' title='\u017caluzje drewniane RADIMAR'  itemprop=\"thumbnailUrl\"  ><img decoding=\"async\" class=\"wp-image-1128 avia-img-lazy-loading-not-1128\"  data-avia-tooltip='\u017caluzje drewniane RADIMAR' src=\"https:\/\/sklepwnetrz.pl\/salonstargard\/wp-content\/uploads\/2022\/04\/ZALUZJE-BAMBUSOWE-DREWNIANE-RADIMAR-5-1-495x400.png\" width=\"495\" height=\"400\"  title='\u017bALUZJE BAMBUSOWE DREWNIANE RADIMAR 5' alt='' srcset=\"https:\/\/sklepwnetrz.pl\/salonstargard\/wp-content\/uploads\/2022\/04\/ZALUZJE-BAMBUSOWE-DREWNIANE-RADIMAR-5-1-495x400.png 495w, https:\/\/sklepwnetrz.pl\/salonstargard\/wp-content\/uploads\/2022\/04\/ZALUZJE-BAMBUSOWE-DREWNIANE-RADIMAR-5-1-845x684.png 845w\" sizes=\"(max-width: 495px) 100vw, 495px\" \/><\/a> <a href=\"https:\/\/sklepwnetrz.pl\/salonstargard\/wp-content\/uploads\/2022\/04\/ZALUZJE-DREWNIANE-RADIMAR-984x1030.webp\" data-srcset=\"https:\/\/sklepwnetrz.pl\/salonstargard\/wp-content\/uploads\/2022\/04\/ZALUZJE-DREWNIANE-RADIMAR-984x1030.webp 984w, https:\/\/sklepwnetrz.pl\/salonstargard\/wp-content\/uploads\/2022\/04\/ZALUZJE-DREWNIANE-RADIMAR-287x300.webp 287w, https:\/\/sklepwnetrz.pl\/salonstargard\/wp-content\/uploads\/2022\/04\/ZALUZJE-DREWNIANE-RADIMAR-768x804.webp 768w, https:\/\/sklepwnetrz.pl\/salonstargard\/wp-content\/uploads\/2022\/04\/ZALUZJE-DREWNIANE-RADIMAR-1467x1536.webp 1467w, https:\/\/sklepwnetrz.pl\/salonstargard\/wp-content\/uploads\/2022\/04\/ZALUZJE-DREWNIANE-RADIMAR-1957x2048.webp 1957w, https:\/\/sklepwnetrz.pl\/salonstargard\/wp-content\/uploads\/2022\/04\/ZALUZJE-DREWNIANE-RADIMAR-1433x1500.webp 1433w, https:\/\/sklepwnetrz.pl\/salonstargard\/wp-content\/uploads\/2022\/04\/ZALUZJE-DREWNIANE-RADIMAR-674x705.webp 674w\" data-sizes=\"(max-width: 984px) 100vw, 984px\" data-rel='gallery-5' data-prev-img='https:\/\/sklepwnetrz.pl\/salonstargard\/wp-content\/uploads\/2022\/04\/ZALUZJE-DREWNIANE-RADIMAR-495x400.webp' class='lightbox ' data-onclick='4' title='\u017bALUZJE DREWNIANE RADIMAR'  itemprop=\"thumbnailUrl\"  ><img decoding=\"async\" class=\"wp-image-1222 avia-img-lazy-loading-not-1222\"   src=\"https:\/\/sklepwnetrz.pl\/salonstargard\/wp-content\/uploads\/2022\/04\/ZALUZJE-DREWNIANE-RADIMAR-495x400.webp\" width=\"495\" height=\"400\"  title='\u017bALUZJE DREWNIANE RADIMAR' alt='' srcset=\"https:\/\/sklepwnetrz.pl\/salonstargard\/wp-content\/uploads\/2022\/04\/ZALUZJE-DREWNIANE-RADIMAR-495x400.webp 495w, https:\/\/sklepwnetrz.pl\/salonstargard\/wp-content\/uploads\/2022\/04\/ZALUZJE-DREWNIANE-RADIMAR-845x684.webp 845w\" sizes=\"(max-width: 495px) 100vw, 495px\" \/><\/a> <a href=\"https:\/\/sklepwnetrz.pl\/salonstargard\/wp-content\/uploads\/2021\/12\/zaluzje-drewniane-do-salonu-do-domu-RADIMAR-773x1030.webp\" data-srcset=\"https:\/\/sklepwnetrz.pl\/salonstargard\/wp-content\/uploads\/2021\/12\/zaluzje-drewniane-do-salonu-do-domu-RADIMAR-773x1030.webp 773w, https:\/\/sklepwnetrz.pl\/salonstargard\/wp-content\/uploads\/2021\/12\/zaluzje-drewniane-do-salonu-do-domu-RADIMAR-225x300.webp 225w, https:\/\/sklepwnetrz.pl\/salonstargard\/wp-content\/uploads\/2021\/12\/zaluzje-drewniane-do-salonu-do-domu-RADIMAR-768x1024.webp 768w, https:\/\/sklepwnetrz.pl\/salonstargard\/wp-content\/uploads\/2021\/12\/zaluzje-drewniane-do-salonu-do-domu-RADIMAR-1152x1536.webp 1152w, https:\/\/sklepwnetrz.pl\/salonstargard\/wp-content\/uploads\/2021\/12\/zaluzje-drewniane-do-salonu-do-domu-RADIMAR-1125x1500.webp 1125w, https:\/\/sklepwnetrz.pl\/salonstargard\/wp-content\/uploads\/2021\/12\/zaluzje-drewniane-do-salonu-do-domu-RADIMAR-529x705.webp 529w, https:\/\/sklepwnetrz.pl\/salonstargard\/wp-content\/uploads\/2021\/12\/zaluzje-drewniane-do-salonu-do-domu-RADIMAR.webp 1200w\" data-sizes=\"(max-width: 773px) 100vw, 773px\" data-rel='gallery-5' data-prev-img='https:\/\/sklepwnetrz.pl\/salonstargard\/wp-content\/uploads\/2021\/12\/zaluzje-drewniane-do-salonu-do-domu-RADIMAR-495x400.webp' class='lightbox ' data-onclick='5' title='\u017caluzje drewniane i bambusowe radimar'  itemprop=\"thumbnailUrl\"  ><img decoding=\"async\" class=\"wp-image-826 avia-img-lazy-loading-not-826\"  data-avia-tooltip='\u017caluzje drewniane i bambusowe radimar' src=\"https:\/\/sklepwnetrz.pl\/salonstargard\/wp-content\/uploads\/2021\/12\/zaluzje-drewniane-do-salonu-do-domu-RADIMAR-495x400.webp\" width=\"495\" height=\"400\"  title='\u017caluzje-drewniane-do-salonu-do-domu-RADIMAR' alt='' srcset=\"https:\/\/sklepwnetrz.pl\/salonstargard\/wp-content\/uploads\/2021\/12\/zaluzje-drewniane-do-salonu-do-domu-RADIMAR-495x400.webp 495w, https:\/\/sklepwnetrz.pl\/salonstargard\/wp-content\/uploads\/2021\/12\/zaluzje-drewniane-do-salonu-do-domu-RADIMAR-845x684.webp 845w\" sizes=\"(max-width: 495px) 100vw, 495px\" \/><\/a> <a href=\"https:\/\/sklepwnetrz.pl\/salonstargard\/wp-content\/uploads\/2016\/05\/unnamed-11-773x1030.jpg\" data-srcset=\"https:\/\/sklepwnetrz.pl\/salonstargard\/wp-content\/uploads\/2016\/05\/unnamed-11-773x1030.jpg 773w, https:\/\/sklepwnetrz.pl\/salonstargard\/wp-content\/uploads\/2016\/05\/unnamed-11-225x300.jpg 225w, https:\/\/sklepwnetrz.pl\/salonstargard\/wp-content\/uploads\/2016\/05\/unnamed-11-768x1024.jpg 768w, https:\/\/sklepwnetrz.pl\/salonstargard\/wp-content\/uploads\/2016\/05\/unnamed-11-1152x1536.jpg 1152w, https:\/\/sklepwnetrz.pl\/salonstargard\/wp-content\/uploads\/2016\/05\/unnamed-11-1536x2048.jpg 1536w, https:\/\/sklepwnetrz.pl\/salonstargard\/wp-content\/uploads\/2016\/05\/unnamed-11-1125x1500.jpg 1125w, https:\/\/sklepwnetrz.pl\/salonstargard\/wp-content\/uploads\/2016\/05\/unnamed-11-529x705.jpg 529w, https:\/\/sklepwnetrz.pl\/salonstargard\/wp-content\/uploads\/2016\/05\/unnamed-11-scaled.jpg 1920w\" data-sizes=\"(max-width: 773px) 100vw, 773px\" data-rel='gallery-5' data-prev-img='https:\/\/sklepwnetrz.pl\/salonstargard\/wp-content\/uploads\/2016\/05\/unnamed-11-495x400.jpg' class='first_thumb lightbox ' data-onclick='6' title='\u017caluzje drewniane w \u0142azience radimar'  itemprop=\"thumbnailUrl\"  ><img decoding=\"async\" class=\"wp-image-607 avia-img-lazy-loading-not-607\"   src=\"https:\/\/sklepwnetrz.pl\/salonstargard\/wp-content\/uploads\/2016\/05\/unnamed-11-495x400.jpg\" width=\"495\" height=\"400\"  title='\u017caluzje drewniane w \u0142azience radimar' alt='' srcset=\"https:\/\/sklepwnetrz.pl\/salonstargard\/wp-content\/uploads\/2016\/05\/unnamed-11-495x400.jpg 495w, https:\/\/sklepwnetrz.pl\/salonstargard\/wp-content\/uploads\/2016\/05\/unnamed-11-845x684.jpg 845w\" sizes=\"(max-width: 495px) 100vw, 495px\" \/><\/a> <a href=\"https:\/\/sklepwnetrz.pl\/salonstargard\/wp-content\/uploads\/2021\/12\/firany-zaslony-zaluzje-do-domu-jednorodzinnego-1030x773.webp\" data-srcset=\"https:\/\/sklepwnetrz.pl\/salonstargard\/wp-content\/uploads\/2021\/12\/firany-zaslony-zaluzje-do-domu-jednorodzinnego-1030x773.webp 1030w, https:\/\/sklepwnetrz.pl\/salonstargard\/wp-content\/uploads\/2021\/12\/firany-zaslony-zaluzje-do-domu-jednorodzinnego-300x225.webp 300w, https:\/\/sklepwnetrz.pl\/salonstargard\/wp-content\/uploads\/2021\/12\/firany-zaslony-zaluzje-do-domu-jednorodzinnego-768x576.webp 768w, https:\/\/sklepwnetrz.pl\/salonstargard\/wp-content\/uploads\/2021\/12\/firany-zaslony-zaluzje-do-domu-jednorodzinnego-705x529.webp 705w, https:\/\/sklepwnetrz.pl\/salonstargard\/wp-content\/uploads\/2021\/12\/firany-zaslony-zaluzje-do-domu-jednorodzinnego.webp 1200w\" data-sizes=\"(max-width: 1030px) 100vw, 1030px\" data-rel='gallery-5' data-prev-img='https:\/\/sklepwnetrz.pl\/salonstargard\/wp-content\/uploads\/2021\/12\/firany-zaslony-zaluzje-do-domu-jednorodzinnego-495x400.webp' class='lightbox ' data-onclick='7' title='\u017caluzje drewniane i bambusowe radimar'  itemprop=\"thumbnailUrl\"  ><img decoding=\"async\" class=\"wp-image-817 avia-img-lazy-loading-not-817\"  data-avia-tooltip='\u017caluzje drewniane i bambusowe radimar' src=\"https:\/\/sklepwnetrz.pl\/salonstargard\/wp-content\/uploads\/2021\/12\/firany-zaslony-zaluzje-do-domu-jednorodzinnego-495x400.webp\" width=\"495\" height=\"400\"  title='firany-zas\u0142ony-\u017caluzje-do-domu-jednorodzinnego' alt='' srcset=\"https:\/\/sklepwnetrz.pl\/salonstargard\/wp-content\/uploads\/2021\/12\/firany-zaslony-zaluzje-do-domu-jednorodzinnego-495x400.webp 495w, https:\/\/sklepwnetrz.pl\/salonstargard\/wp-content\/uploads\/2021\/12\/firany-zaslony-zaluzje-do-domu-jednorodzinnego-845x684.webp 845w\" sizes=\"(max-width: 495px) 100vw, 495px\" \/><\/a> <a href=\"https:\/\/sklepwnetrz.pl\/salonstargard\/wp-content\/uploads\/2022\/04\/ZALUZJE-DREWNIANE-3-1030x1030.png\" data-srcset=\"https:\/\/sklepwnetrz.pl\/salonstargard\/wp-content\/uploads\/2022\/04\/ZALUZJE-DREWNIANE-3-1030x1030.png 1030w, https:\/\/sklepwnetrz.pl\/salonstargard\/wp-content\/uploads\/2022\/04\/ZALUZJE-DREWNIANE-3-300x300.png 300w, https:\/\/sklepwnetrz.pl\/salonstargard\/wp-content\/uploads\/2022\/04\/ZALUZJE-DREWNIANE-3-80x80.png 80w, https:\/\/sklepwnetrz.pl\/salonstargard\/wp-content\/uploads\/2022\/04\/ZALUZJE-DREWNIANE-3-768x768.png 768w, https:\/\/sklepwnetrz.pl\/salonstargard\/wp-content\/uploads\/2022\/04\/ZALUZJE-DREWNIANE-3-36x36.png 36w, https:\/\/sklepwnetrz.pl\/salonstargard\/wp-content\/uploads\/2022\/04\/ZALUZJE-DREWNIANE-3-180x180.png 180w, https:\/\/sklepwnetrz.pl\/salonstargard\/wp-content\/uploads\/2022\/04\/ZALUZJE-DREWNIANE-3-705x705.png 705w, https:\/\/sklepwnetrz.pl\/salonstargard\/wp-content\/uploads\/2022\/04\/ZALUZJE-DREWNIANE-3.png 1200w\" data-sizes=\"(max-width: 1030px) 100vw, 1030px\" data-rel='gallery-5' data-prev-img='https:\/\/sklepwnetrz.pl\/salonstargard\/wp-content\/uploads\/2022\/04\/ZALUZJE-DREWNIANE-3-495x400.png' class='lightbox ' data-onclick='8' title='\u017caluzje drewniane RADIMAR'  itemprop=\"thumbnailUrl\"  ><img decoding=\"async\" class=\"wp-image-1130 avia-img-lazy-loading-not-1130\"  data-avia-tooltip='\u017caluzje drewniane RADIMAR' src=\"https:\/\/sklepwnetrz.pl\/salonstargard\/wp-content\/uploads\/2022\/04\/ZALUZJE-DREWNIANE-3-495x400.png\" width=\"495\" height=\"400\"  title='\u017bALUZJE DREWNIANE 3' alt='' srcset=\"https:\/\/sklepwnetrz.pl\/salonstargard\/wp-content\/uploads\/2022\/04\/ZALUZJE-DREWNIANE-3-495x400.png 495w, https:\/\/sklepwnetrz.pl\/salonstargard\/wp-content\/uploads\/2022\/04\/ZALUZJE-DREWNIANE-3-845x684.png 845w\" sizes=\"(max-width: 495px) 100vw, 495px\" \/><\/a> <a href=\"https:\/\/sklepwnetrz.pl\/salonstargard\/wp-content\/uploads\/2022\/04\/Zaluzje-drewniane-radimar-1-1030x1030.png\" data-srcset=\"https:\/\/sklepwnetrz.pl\/salonstargard\/wp-content\/uploads\/2022\/04\/Zaluzje-drewniane-radimar-1-1030x1030.png 1030w, https:\/\/sklepwnetrz.pl\/salonstargard\/wp-content\/uploads\/2022\/04\/Zaluzje-drewniane-radimar-1-300x300.png 300w, https:\/\/sklepwnetrz.pl\/salonstargard\/wp-content\/uploads\/2022\/04\/Zaluzje-drewniane-radimar-1-80x80.png 80w, https:\/\/sklepwnetrz.pl\/salonstargard\/wp-content\/uploads\/2022\/04\/Zaluzje-drewniane-radimar-1-768x768.png 768w, https:\/\/sklepwnetrz.pl\/salonstargard\/wp-content\/uploads\/2022\/04\/Zaluzje-drewniane-radimar-1-36x36.png 36w, https:\/\/sklepwnetrz.pl\/salonstargard\/wp-content\/uploads\/2022\/04\/Zaluzje-drewniane-radimar-1-180x180.png 180w, https:\/\/sklepwnetrz.pl\/salonstargard\/wp-content\/uploads\/2022\/04\/Zaluzje-drewniane-radimar-1-705x705.png 705w, https:\/\/sklepwnetrz.pl\/salonstargard\/wp-content\/uploads\/2022\/04\/Zaluzje-drewniane-radimar-1.png 1200w\" data-sizes=\"(max-width: 1030px) 100vw, 1030px\" data-rel='gallery-5' data-prev-img='https:\/\/sklepwnetrz.pl\/salonstargard\/wp-content\/uploads\/2022\/04\/Zaluzje-drewniane-radimar-1-495x400.png' class='lightbox ' data-onclick='9' title='\u017caluzje drewniane RADIMAR'  itemprop=\"thumbnailUrl\"  ><img decoding=\"async\" class=\"wp-image-1132 avia-img-lazy-loading-not-1132\"  data-avia-tooltip='\u017caluzje drewniane RADIMAR' src=\"https:\/\/sklepwnetrz.pl\/salonstargard\/wp-content\/uploads\/2022\/04\/Zaluzje-drewniane-radimar-1-495x400.png\" width=\"495\" height=\"400\"  title='\u017baluzje drewniane radimar 1' alt='' srcset=\"https:\/\/sklepwnetrz.pl\/salonstargard\/wp-content\/uploads\/2022\/04\/Zaluzje-drewniane-radimar-1-495x400.png 495w, https:\/\/sklepwnetrz.pl\/salonstargard\/wp-content\/uploads\/2022\/04\/Zaluzje-drewniane-radimar-1-845x684.png 845w\" sizes=\"(max-width: 495px) 100vw, 495px\" \/><\/a> <a href=\"https:\/\/sklepwnetrz.pl\/salonstargard\/wp-content\/uploads\/2022\/04\/ZALUZJE-DREWNIANE-4-RADIMAR-1030x1030.png\" data-srcset=\"https:\/\/sklepwnetrz.pl\/salonstargard\/wp-content\/uploads\/2022\/04\/ZALUZJE-DREWNIANE-4-RADIMAR-1030x1030.png 1030w, https:\/\/sklepwnetrz.pl\/salonstargard\/wp-content\/uploads\/2022\/04\/ZALUZJE-DREWNIANE-4-RADIMAR-300x300.png 300w, https:\/\/sklepwnetrz.pl\/salonstargard\/wp-content\/uploads\/2022\/04\/ZALUZJE-DREWNIANE-4-RADIMAR-80x80.png 80w, https:\/\/sklepwnetrz.pl\/salonstargard\/wp-content\/uploads\/2022\/04\/ZALUZJE-DREWNIANE-4-RADIMAR-768x768.png 768w, https:\/\/sklepwnetrz.pl\/salonstargard\/wp-content\/uploads\/2022\/04\/ZALUZJE-DREWNIANE-4-RADIMAR-36x36.png 36w, https:\/\/sklepwnetrz.pl\/salonstargard\/wp-content\/uploads\/2022\/04\/ZALUZJE-DREWNIANE-4-RADIMAR-180x180.png 180w, https:\/\/sklepwnetrz.pl\/salonstargard\/wp-content\/uploads\/2022\/04\/ZALUZJE-DREWNIANE-4-RADIMAR-705x705.png 705w, https:\/\/sklepwnetrz.pl\/salonstargard\/wp-content\/uploads\/2022\/04\/ZALUZJE-DREWNIANE-4-RADIMAR.png 1200w\" data-sizes=\"(max-width: 1030px) 100vw, 1030px\" data-rel='gallery-5' data-prev-img='https:\/\/sklepwnetrz.pl\/salonstargard\/wp-content\/uploads\/2022\/04\/ZALUZJE-DREWNIANE-4-RADIMAR-495x400.png' class='lightbox ' data-onclick='10' title='\u017caluzje drewniane RADIMAR'  itemprop=\"thumbnailUrl\"  ><img decoding=\"async\" class=\"wp-image-1129 avia-img-lazy-loading-not-1129\"  data-avia-tooltip='\u017caluzje drewniane RADIMAR' src=\"https:\/\/sklepwnetrz.pl\/salonstargard\/wp-content\/uploads\/2022\/04\/ZALUZJE-DREWNIANE-4-RADIMAR-495x400.png\" width=\"495\" height=\"400\"  title='\u017bALUZJE DREWNIANE 4 RADIMAR' alt='' srcset=\"https:\/\/sklepwnetrz.pl\/salonstargard\/wp-content\/uploads\/2022\/04\/ZALUZJE-DREWNIANE-4-RADIMAR-495x400.png 495w, https:\/\/sklepwnetrz.pl\/salonstargard\/wp-content\/uploads\/2022\/04\/ZALUZJE-DREWNIANE-4-RADIMAR-845x684.png 845w\" sizes=\"(max-width: 495px) 100vw, 495px\" \/><\/a> <a href=\"https:\/\/sklepwnetrz.pl\/salonstargard\/wp-content\/uploads\/2016\/05\/unnamed-9-773x1030.jpg\" data-srcset=\"https:\/\/sklepwnetrz.pl\/salonstargard\/wp-content\/uploads\/2016\/05\/unnamed-9-773x1030.jpg 773w, https:\/\/sklepwnetrz.pl\/salonstargard\/wp-content\/uploads\/2016\/05\/unnamed-9-225x300.jpg 225w, https:\/\/sklepwnetrz.pl\/salonstargard\/wp-content\/uploads\/2016\/05\/unnamed-9-768x1024.jpg 768w, https:\/\/sklepwnetrz.pl\/salonstargard\/wp-content\/uploads\/2016\/05\/unnamed-9-1152x1536.jpg 1152w, https:\/\/sklepwnetrz.pl\/salonstargard\/wp-content\/uploads\/2016\/05\/unnamed-9-1536x2048.jpg 1536w, https:\/\/sklepwnetrz.pl\/salonstargard\/wp-content\/uploads\/2016\/05\/unnamed-9-1125x1500.jpg 1125w, https:\/\/sklepwnetrz.pl\/salonstargard\/wp-content\/uploads\/2016\/05\/unnamed-9-529x705.jpg 529w, https:\/\/sklepwnetrz.pl\/salonstargard\/wp-content\/uploads\/2016\/05\/unnamed-9-scaled.jpg 1920w\" data-sizes=\"(max-width: 773px) 100vw, 773px\" data-rel='gallery-5' data-prev-img='https:\/\/sklepwnetrz.pl\/salonstargard\/wp-content\/uploads\/2016\/05\/unnamed-9-495x400.jpg' class='first_thumb lightbox ' data-onclick='11' title='\u017caluzje drewniane radimar'  itemprop=\"thumbnailUrl\"  ><img decoding=\"async\" class=\"wp-image-605 avia-img-lazy-loading-not-605\"   src=\"https:\/\/sklepwnetrz.pl\/salonstargard\/wp-content\/uploads\/2016\/05\/unnamed-9-495x400.jpg\" width=\"495\" height=\"400\"  title='\u017caluzje drewniane radimar' alt='' srcset=\"https:\/\/sklepwnetrz.pl\/salonstargard\/wp-content\/uploads\/2016\/05\/unnamed-9-495x400.jpg 495w, https:\/\/sklepwnetrz.pl\/salonstargard\/wp-content\/uploads\/2016\/05\/unnamed-9-845x684.jpg 845w\" sizes=\"(max-width: 495px) 100vw, 495px\" \/><\/a><\/div><\/div><\/div><\/p>\n<\/div><\/div><\/div><div id='after_submenu_6'  class='main_color av_default_container_wrap container_wrap sidebar_right'  ><div class='container av-section-cont-open' ><div class='template-page content  av-content-small alpha units'><div class='post-entry post-entry-type-page post-entry-143'><div class='entry-content-wrapper clearfix'>\n<style type=\"text\/css\" data-created_by=\"avia_inline_auto\" id=\"style-css-av-st5b-db2b9c2fa29215fd6bea19c8b27a765c\">\n#top .av-special-heading.av-st5b-db2b9c2fa29215fd6bea19c8b27a765c{\npadding-bottom:30px;\nfont-size:70px;\n}\n<\/style>\n<div  class='av-special-heading av-st5b-db2b9c2fa29215fd6bea19c8b27a765c av-special-heading-h1 blockquote modern-quote modern-centered  avia-builder-el-124  el_after_av_layout_row  el_before_av_layout_row  avia-builder-el-no-sibling  av-inherit-size '><h1 class='av-special-heading-tag '  itemprop=\"headline\"  >Nowoczesne rozwi\u0105zania <u>dekoracji okiennych<\/u> dla nowo powstaj\u0105cych dom\u00f3w!<\/h1><div class='special-heading-border'><div class='special-heading-inner-border'><\/div><\/div><\/div><\/p>\n<\/div><\/div><\/div><!-- close content main div --><\/div><\/div><div id='wizyta-w-twoim'  class='av-layout-grid-container entry-content-wrapper main_color av-flex-cells     avia-builder-el-125  el_after_av_heading  el_before_av_layout_row  submenu-not-first container_wrap sidebar_right'  >\n<div class=\"flex_cell no_margin av_one_full  avia-builder-el-126  avia-builder-el-no-sibling   \"  style='vertical-align:top; padding:0px 100px 100px 100px ; ' ><div class='flex_cell_inner' ><p><div class='flex_column av-73giyf-acf40e5667b5b9d6efa08c4b717c3d54 av_one_half  avia-builder-el-127  el_before_av_one_half  avia-builder-el-first  first flex_column_div '   ><p>\n<style type=\"text\/css\" data-created_by=\"avia_inline_auto\" id=\"style-css-av-kxriwein-df08f423d46b9ab47942c733388fa04b\">\n#top .av-special-heading.av-kxriwein-df08f423d46b9ab47942c733388fa04b{\npadding-bottom:10px;\n}\n<\/style>\n<div  class='av-special-heading av-kxriwein-df08f423d46b9ab47942c733388fa04b av-special-heading-h3  avia-builder-el-128  el_before_av_hr  avia-builder-el-first  '><h3 class='av-special-heading-tag '  itemprop=\"headline\"  >Kompleksowa us\u0142uga dekoracji okiennych &#8211; Doradztwo w Twoim domu, pomiary, szycie, monta\u017c<\/h3><div class='special-heading-border'><div class='special-heading-inner-border'><\/div><\/div><\/div><br \/>\n<div  class='hr av-6xuu5j-a1478cf14d6722ebc2e65e28c3c19f32 hr-default  avia-builder-el-129  el_after_av_heading  el_before_av_iconlist  '><span class='hr-inner '><span class=\"hr-inner-style\"><\/span><\/span><\/div><br \/>\n<div  class='avia-icon-list-container av-6qkg5z-7937ad96a6529e1a94d8bcf62ab8e002  avia-builder-el-130  el_after_av_hr  avia-builder-el-last  '><ul class='avia-icon-list avia_animate_when_almost_visible avia-icon-list-left av-iconlist-big av-6qkg5z-7937ad96a6529e1a94d8bcf62ab8e002 avia-iconlist-animate'>\n<li><div class='iconlist_icon av-6je7vb-8084b67460795eaf576e4ab73f2bc076 avia-font-entypo-fontello'><span class='iconlist-char ' aria-hidden='true' data-av_icon='\ue808' data-av_iconfont='entypo-fontello'><\/span><\/div><article class=\"article-icon-entry av-iconlist-empty\"  itemscope=\"itemscope\" itemtype=\"https:\/\/schema.org\/CreativeWork\" ><div class='iconlist_content_wrap'><header class=\"entry-content-header\"><h4 class='av_iconlist_title iconlist_title   '  itemprop=\"headline\" >Firany i Zas\u0142ony <\/h4><\/header><div class='iconlist_content  '  itemprop=\"text\" ><\/div><\/div><footer class=\"entry-footer\"><\/footer><\/article><div class='iconlist-timeline'><\/div><\/li>\n<li><div class='iconlist_icon av-6dr7zz-d19ad4981c1dfa01aab478766f455bc2 avia-font-entypo-fontello'><span class='iconlist-char ' aria-hidden='true' data-av_icon='\ue808' data-av_iconfont='entypo-fontello'><\/span><\/div><article class=\"article-icon-entry av-iconlist-empty\"  itemscope=\"itemscope\" itemtype=\"https:\/\/schema.org\/CreativeWork\" ><div class='iconlist_content_wrap'><header class=\"entry-content-header\"><h4 class='av_iconlist_title iconlist_title   '  itemprop=\"headline\" >Rolety Rzymskie <\/h4><\/header><div class='iconlist_content  '  itemprop=\"text\" ><\/div><\/div><footer class=\"entry-footer\"><\/footer><\/article><div class='iconlist-timeline'><\/div><\/li>\n<li><div class='iconlist_icon av-5z9j4v-9eb2658ddeec09ba51353251babda6a0 avia-font-entypo-fontello'><span class='iconlist-char ' aria-hidden='true' data-av_icon='\ue808' data-av_iconfont='entypo-fontello'><\/span><\/div><article class=\"article-icon-entry av-iconlist-empty\"  itemscope=\"itemscope\" itemtype=\"https:\/\/schema.org\/CreativeWork\" ><div class='iconlist_content_wrap'><header class=\"entry-content-header\"><h4 class='av_iconlist_title iconlist_title   '  itemprop=\"headline\" >Karnisze Gi\u0119te <\/h4><\/header><div class='iconlist_content  '  itemprop=\"text\" ><\/div><\/div><footer class=\"entry-footer\"><\/footer><\/article><div class='iconlist-timeline'><\/div><\/li>\n<li><div class='iconlist_icon av-5t3iun-5f8450a58e977ad0c261b841fb52a753 avia-font-entypo-fontello'><span class='iconlist-char ' aria-hidden='true' data-av_icon='\ue808' data-av_iconfont='entypo-fontello'><\/span><\/div><article class=\"article-icon-entry av-iconlist-empty\"  itemscope=\"itemscope\" itemtype=\"https:\/\/schema.org\/CreativeWork\" ><div class='iconlist_content_wrap'><header class=\"entry-content-header\"><h4 class='av_iconlist_title iconlist_title   '  itemprop=\"headline\" >Elektryczne sterowanie (Firany, Zas\u0142ony, Rolety)<\/h4><\/header><div class='iconlist_content  '  itemprop=\"text\" ><\/div><\/div><footer class=\"entry-footer\"><\/footer><\/article><div class='iconlist-timeline'><\/div><\/li>\n<li><div class='iconlist_icon av-5s9vpz-370a87782f7a1a54dcd6ef896914c604 avia-font-entypo-fontello'><span class='iconlist-char ' aria-hidden='true' data-av_icon='\ue808' data-av_iconfont='entypo-fontello'><\/span><\/div><article class=\"article-icon-entry av-iconlist-empty\"  itemscope=\"itemscope\" itemtype=\"https:\/\/schema.org\/CreativeWork\" ><div class='iconlist_content_wrap'><header class=\"entry-content-header\"><h4 class='av_iconlist_title iconlist_title   '  itemprop=\"headline\" >Maskownice <\/h4><\/header><div class='iconlist_content  '  itemprop=\"text\" ><\/div><\/div><footer class=\"entry-footer\"><\/footer><\/article><div class='iconlist-timeline'><\/div><\/li>\n<\/ul><\/div><\/p><\/div><div class='flex_column av-78pmtr-3f978a8e85fd0abedc47428c87784754 av_one_half  avia-builder-el-131  el_after_av_one_half  el_before_av_one_fifth  flex_column_div '   ><style type=\"text\/css\" data-created_by=\"avia_inline_auto\" id=\"style-css-av-kxrivuiv-f2262a677cc7e9c3a098f767bf73f21d\">\n.avia-image-container.av-kxrivuiv-f2262a677cc7e9c3a098f767bf73f21d .av-image-caption-overlay-center{\ncolor:#ffffff;\n}\n<\/style>\n<div  class='avia-image-container av-kxrivuiv-f2262a677cc7e9c3a098f767bf73f21d av-styling- avia-align-center  avia-builder-el-132  avia-builder-el-no-sibling  '  itemprop=\"image\" itemscope=\"itemscope\" itemtype=\"https:\/\/schema.org\/ImageObject\" ><div class=\"avia-image-container-inner\"><div class=\"avia-image-overlay-wrap\"><img decoding=\"async\" class='wp-image-826 avia-img-lazy-loading-not-826 avia_image' src=\"https:\/\/sklepwnetrz.pl\/salonstargard\/wp-content\/uploads\/2021\/12\/zaluzje-drewniane-do-salonu-do-domu-RADIMAR.webp\" alt='' title='\u017caluzje-drewniane-do-salonu-do-domu-RADIMAR'  height=\"1600\" width=\"1200\"  itemprop=\"thumbnailUrl\" srcset=\"https:\/\/sklepwnetrz.pl\/salonstargard\/wp-content\/uploads\/2021\/12\/zaluzje-drewniane-do-salonu-do-domu-RADIMAR.webp 1200w, https:\/\/sklepwnetrz.pl\/salonstargard\/wp-content\/uploads\/2021\/12\/zaluzje-drewniane-do-salonu-do-domu-RADIMAR-225x300.webp 225w, https:\/\/sklepwnetrz.pl\/salonstargard\/wp-content\/uploads\/2021\/12\/zaluzje-drewniane-do-salonu-do-domu-RADIMAR-773x1030.webp 773w, https:\/\/sklepwnetrz.pl\/salonstargard\/wp-content\/uploads\/2021\/12\/zaluzje-drewniane-do-salonu-do-domu-RADIMAR-768x1024.webp 768w, https:\/\/sklepwnetrz.pl\/salonstargard\/wp-content\/uploads\/2021\/12\/zaluzje-drewniane-do-salonu-do-domu-RADIMAR-1152x1536.webp 1152w, https:\/\/sklepwnetrz.pl\/salonstargard\/wp-content\/uploads\/2021\/12\/zaluzje-drewniane-do-salonu-do-domu-RADIMAR-1125x1500.webp 1125w, https:\/\/sklepwnetrz.pl\/salonstargard\/wp-content\/uploads\/2021\/12\/zaluzje-drewniane-do-salonu-do-domu-RADIMAR-529x705.webp 529w\" sizes=\"(max-width: 1200px) 100vw, 1200px\" \/><\/div><\/div><\/div><\/div><div class='flex_column av-572zzj-66600b780f36d0bd35594d488fd88926 av_one_fifth  avia-builder-el-133  el_after_av_one_half  el_before_av_one_fifth  first flex_column_div column-top-margin'   ><style type=\"text\/css\" data-created_by=\"avia_inline_auto\" id=\"style-css-av-kxrkvdfj-a79b52093d70b30e08de9cd3dc946b0f\">\n#top .avia-gallery.av-kxrkvdfj-a79b52093d70b30e08de9cd3dc946b0f .avia-gallery-thumb a{\nwidth:20%;\n}\n<\/style>\n<div  class='avia-gallery av-kxrkvdfj-a79b52093d70b30e08de9cd3dc946b0f avia_animate_when_visible  avia-builder-el-134  avia-builder-el-no-sibling  av-hide-gallery-thumbs deactivate_avia_lazyload avia-gallery-animate  avia-gallery-6'  itemprop=\"image\" itemscope=\"itemscope\" itemtype=\"https:\/\/schema.org\/ImageObject\" ><a class='avia-gallery-big fakeLightbox lightbox avia-gallery-big-crop-thumb ' href=\"https:\/\/sklepwnetrz.pl\/salonstargard\/wp-content\/uploads\/2021\/12\/ony_na_karniszu_elektrycznym_RADIMAR-1030x773.webp\" data-srcset=\"https:\/\/sklepwnetrz.pl\/salonstargard\/wp-content\/uploads\/2021\/12\/ony_na_karniszu_elektrycznym_RADIMAR-1030x773.webp 1030w, https:\/\/sklepwnetrz.pl\/salonstargard\/wp-content\/uploads\/2021\/12\/ony_na_karniszu_elektrycznym_RADIMAR-300x225.webp 300w, https:\/\/sklepwnetrz.pl\/salonstargard\/wp-content\/uploads\/2021\/12\/ony_na_karniszu_elektrycznym_RADIMAR-768x576.webp 768w, https:\/\/sklepwnetrz.pl\/salonstargard\/wp-content\/uploads\/2021\/12\/ony_na_karniszu_elektrycznym_RADIMAR-705x529.webp 705w, https:\/\/sklepwnetrz.pl\/salonstargard\/wp-content\/uploads\/2021\/12\/ony_na_karniszu_elektrycznym_RADIMAR.webp 1200w\" data-sizes=\"(max-width: 1030px) 100vw, 1030px\"  data-onclick='1' title='firany i zas\u0142ony na karniszu elektrycznym' ><span class='avia-gallery-big-inner'  itemprop=\"thumbnailUrl\" ><img decoding=\"async\" class=\"wp-image-825 avia-img-lazy-loading-not-825\"  width=\"495\" height=\"400\" src=\"https:\/\/sklepwnetrz.pl\/salonstargard\/wp-content\/uploads\/2021\/12\/ony_na_karniszu_elektrycznym_RADIMAR-495x400.webp\" title='firany i zas\u0142ony na karniszu elektrycznym' alt='' srcset=\"https:\/\/sklepwnetrz.pl\/salonstargard\/wp-content\/uploads\/2021\/12\/ony_na_karniszu_elektrycznym_RADIMAR-495x400.webp 495w, https:\/\/sklepwnetrz.pl\/salonstargard\/wp-content\/uploads\/2021\/12\/ony_na_karniszu_elektrycznym_RADIMAR-845x684.webp 845w\" sizes=\"(max-width: 495px) 100vw, 495px\" \/><\/span><\/a><div class='avia-gallery-thumb'> <a href=\"https:\/\/sklepwnetrz.pl\/salonstargard\/wp-content\/uploads\/2021\/12\/ony_na_karniszu_elektrycznym_RADIMAR-1030x773.webp\" data-srcset=\"https:\/\/sklepwnetrz.pl\/salonstargard\/wp-content\/uploads\/2021\/12\/ony_na_karniszu_elektrycznym_RADIMAR-1030x773.webp 1030w, https:\/\/sklepwnetrz.pl\/salonstargard\/wp-content\/uploads\/2021\/12\/ony_na_karniszu_elektrycznym_RADIMAR-300x225.webp 300w, https:\/\/sklepwnetrz.pl\/salonstargard\/wp-content\/uploads\/2021\/12\/ony_na_karniszu_elektrycznym_RADIMAR-768x576.webp 768w, https:\/\/sklepwnetrz.pl\/salonstargard\/wp-content\/uploads\/2021\/12\/ony_na_karniszu_elektrycznym_RADIMAR-705x529.webp 705w, https:\/\/sklepwnetrz.pl\/salonstargard\/wp-content\/uploads\/2021\/12\/ony_na_karniszu_elektrycznym_RADIMAR.webp 1200w\" data-sizes=\"(max-width: 1030px) 100vw, 1030px\" data-rel='gallery-6' data-prev-img='https:\/\/sklepwnetrz.pl\/salonstargard\/wp-content\/uploads\/2021\/12\/ony_na_karniszu_elektrycznym_RADIMAR-495x400.webp' class='first_thumb lightbox ' data-onclick='1' title='firany i zas\u0142ony na karniszu elektrycznym'  itemprop=\"thumbnailUrl\"  ><img decoding=\"async\" class=\"wp-image-825 avia-img-lazy-loading-not-825\"   src=\"https:\/\/sklepwnetrz.pl\/salonstargard\/wp-content\/uploads\/2021\/12\/ony_na_karniszu_elektrycznym_RADIMAR-495x400.webp\" width=\"495\" height=\"400\"  title='firany i zas\u0142ony na karniszu elektrycznym' alt='' srcset=\"https:\/\/sklepwnetrz.pl\/salonstargard\/wp-content\/uploads\/2021\/12\/ony_na_karniszu_elektrycznym_RADIMAR-495x400.webp 495w, https:\/\/sklepwnetrz.pl\/salonstargard\/wp-content\/uploads\/2021\/12\/ony_na_karniszu_elektrycznym_RADIMAR-845x684.webp 845w\" sizes=\"(max-width: 495px) 100vw, 495px\" \/><\/a><\/div><\/div><\/div><div class='flex_column av-5ldx0v-43b984d16b93a44bd1dd4382d57ef33b av_one_fifth  avia-builder-el-135  el_after_av_one_fifth  el_before_av_one_fifth  flex_column_div column-top-margin'   ><style type=\"text\/css\" data-created_by=\"avia_inline_auto\" id=\"style-css-av-kxrkrhnk-d46d5e36295787ad4162a4b60afc9369\">\n#top .avia-gallery.av-kxrkrhnk-d46d5e36295787ad4162a4b60afc9369 .avia-gallery-thumb a{\nwidth:20%;\n}\n<\/style>\n<div  class='avia-gallery av-kxrkrhnk-d46d5e36295787ad4162a4b60afc9369 avia_animate_when_visible  avia-builder-el-136  avia-builder-el-no-sibling  av-hide-gallery-thumbs deactivate_avia_lazyload avia-gallery-animate  avia-gallery-7'  itemprop=\"image\" itemscope=\"itemscope\" itemtype=\"https:\/\/schema.org\/ImageObject\" ><a class='avia-gallery-big fakeLightbox lightbox avia-gallery-big-crop-thumb ' href=\"https:\/\/sklepwnetrz.pl\/salonstargard\/wp-content\/uploads\/2021\/12\/zaluzje-drewniane-na-okno-RADIMAR-1030x773.webp\" data-srcset=\"https:\/\/sklepwnetrz.pl\/salonstargard\/wp-content\/uploads\/2021\/12\/zaluzje-drewniane-na-okno-RADIMAR-1030x773.webp 1030w, https:\/\/sklepwnetrz.pl\/salonstargard\/wp-content\/uploads\/2021\/12\/zaluzje-drewniane-na-okno-RADIMAR-300x225.webp 300w, https:\/\/sklepwnetrz.pl\/salonstargard\/wp-content\/uploads\/2021\/12\/zaluzje-drewniane-na-okno-RADIMAR-768x576.webp 768w, https:\/\/sklepwnetrz.pl\/salonstargard\/wp-content\/uploads\/2021\/12\/zaluzje-drewniane-na-okno-RADIMAR-705x529.webp 705w, https:\/\/sklepwnetrz.pl\/salonstargard\/wp-content\/uploads\/2021\/12\/zaluzje-drewniane-na-okno-RADIMAR.webp 1200w\" data-sizes=\"(max-width: 1030px) 100vw, 1030px\"  data-onclick='1' title='\u017caluzje drewniane i bambusowe radimar' ><span class='avia-gallery-big-inner'  itemprop=\"thumbnailUrl\" ><img decoding=\"async\" class=\"wp-image-827 avia-img-lazy-loading-not-827\"  width=\"495\" height=\"400\" src=\"https:\/\/sklepwnetrz.pl\/salonstargard\/wp-content\/uploads\/2021\/12\/zaluzje-drewniane-na-okno-RADIMAR-495x400.webp\" title='\u017caluzje-drewniane-na-okno-RADIMAR' alt='' srcset=\"https:\/\/sklepwnetrz.pl\/salonstargard\/wp-content\/uploads\/2021\/12\/zaluzje-drewniane-na-okno-RADIMAR-495x400.webp 495w, https:\/\/sklepwnetrz.pl\/salonstargard\/wp-content\/uploads\/2021\/12\/zaluzje-drewniane-na-okno-RADIMAR-845x684.webp 845w\" sizes=\"(max-width: 495px) 100vw, 495px\" \/><span class='avia-gallery-caption'>\u017caluzje drewniane i bambusowe radimar<\/span><\/span><\/a><div class='avia-gallery-thumb'> <a href=\"https:\/\/sklepwnetrz.pl\/salonstargard\/wp-content\/uploads\/2021\/12\/zaluzje-drewniane-na-okno-RADIMAR-1030x773.webp\" data-srcset=\"https:\/\/sklepwnetrz.pl\/salonstargard\/wp-content\/uploads\/2021\/12\/zaluzje-drewniane-na-okno-RADIMAR-1030x773.webp 1030w, https:\/\/sklepwnetrz.pl\/salonstargard\/wp-content\/uploads\/2021\/12\/zaluzje-drewniane-na-okno-RADIMAR-300x225.webp 300w, https:\/\/sklepwnetrz.pl\/salonstargard\/wp-content\/uploads\/2021\/12\/zaluzje-drewniane-na-okno-RADIMAR-768x576.webp 768w, https:\/\/sklepwnetrz.pl\/salonstargard\/wp-content\/uploads\/2021\/12\/zaluzje-drewniane-na-okno-RADIMAR-705x529.webp 705w, https:\/\/sklepwnetrz.pl\/salonstargard\/wp-content\/uploads\/2021\/12\/zaluzje-drewniane-na-okno-RADIMAR.webp 1200w\" data-sizes=\"(max-width: 1030px) 100vw, 1030px\" data-rel='gallery-7' data-prev-img='https:\/\/sklepwnetrz.pl\/salonstargard\/wp-content\/uploads\/2021\/12\/zaluzje-drewniane-na-okno-RADIMAR-495x400.webp' class='first_thumb lightbox ' data-onclick='1' title='\u017caluzje drewniane i bambusowe radimar'  itemprop=\"thumbnailUrl\"  ><img decoding=\"async\" class=\"wp-image-827 avia-img-lazy-loading-not-827\"  data-avia-tooltip='\u017caluzje drewniane i bambusowe radimar' src=\"https:\/\/sklepwnetrz.pl\/salonstargard\/wp-content\/uploads\/2021\/12\/zaluzje-drewniane-na-okno-RADIMAR-495x400.webp\" width=\"495\" height=\"400\"  title='\u017caluzje-drewniane-na-okno-RADIMAR' alt='' srcset=\"https:\/\/sklepwnetrz.pl\/salonstargard\/wp-content\/uploads\/2021\/12\/zaluzje-drewniane-na-okno-RADIMAR-495x400.webp 495w, https:\/\/sklepwnetrz.pl\/salonstargard\/wp-content\/uploads\/2021\/12\/zaluzje-drewniane-na-okno-RADIMAR-845x684.webp 845w\" sizes=\"(max-width: 495px) 100vw, 495px\" \/><\/a><\/div><\/div><\/div><div class='flex_column av-5f2efr-f01e123e3c20b387d2851c9a63be45c2 av_one_fifth  avia-builder-el-137  el_after_av_one_fifth  el_before_av_one_fifth  flex_column_div column-top-margin'   ><style type=\"text\/css\" data-created_by=\"avia_inline_auto\" id=\"style-css-av-kxrkuzk9-1ebffee65c3c3444658ca9484f8bc5a0\">\n#top .avia-gallery.av-kxrkuzk9-1ebffee65c3c3444658ca9484f8bc5a0 .avia-gallery-thumb a{\nwidth:20%;\n}\n<\/style>\n<div  class='avia-gallery av-kxrkuzk9-1ebffee65c3c3444658ca9484f8bc5a0 avia_animate_when_visible  avia-builder-el-138  avia-builder-el-no-sibling  av-hide-gallery-thumbs deactivate_avia_lazyload avia-gallery-animate  avia-gallery-8'  itemprop=\"image\" itemscope=\"itemscope\" itemtype=\"https:\/\/schema.org\/ImageObject\" ><a class='avia-gallery-big fakeLightbox lightbox avia-gallery-big-crop-thumb ' href=\"https:\/\/sklepwnetrz.pl\/salonstargard\/wp-content\/uploads\/2021\/12\/7130ony_do_salonu_nowoczesne_RADIMAR-1030x773.webp\" data-srcset=\"https:\/\/sklepwnetrz.pl\/salonstargard\/wp-content\/uploads\/2021\/12\/7130ony_do_salonu_nowoczesne_RADIMAR-1030x773.webp 1030w, https:\/\/sklepwnetrz.pl\/salonstargard\/wp-content\/uploads\/2021\/12\/7130ony_do_salonu_nowoczesne_RADIMAR-300x225.webp 300w, https:\/\/sklepwnetrz.pl\/salonstargard\/wp-content\/uploads\/2021\/12\/7130ony_do_salonu_nowoczesne_RADIMAR-768x576.webp 768w, https:\/\/sklepwnetrz.pl\/salonstargard\/wp-content\/uploads\/2021\/12\/7130ony_do_salonu_nowoczesne_RADIMAR-705x529.webp 705w, https:\/\/sklepwnetrz.pl\/salonstargard\/wp-content\/uploads\/2021\/12\/7130ony_do_salonu_nowoczesne_RADIMAR.webp 1200w\" data-sizes=\"(max-width: 1030px) 100vw, 1030px\"  data-onclick='1' title='firany do salonu nowoczesne' ><span class='avia-gallery-big-inner'  itemprop=\"thumbnailUrl\" ><img decoding=\"async\" class=\"wp-image-823 avia-img-lazy-loading-not-823\"  width=\"495\" height=\"400\" src=\"https:\/\/sklepwnetrz.pl\/salonstargard\/wp-content\/uploads\/2021\/12\/7130ony_do_salonu_nowoczesne_RADIMAR-495x400.webp\" title='firany do salonu nowoczesne' alt='' srcset=\"https:\/\/sklepwnetrz.pl\/salonstargard\/wp-content\/uploads\/2021\/12\/7130ony_do_salonu_nowoczesne_RADIMAR-495x400.webp 495w, https:\/\/sklepwnetrz.pl\/salonstargard\/wp-content\/uploads\/2021\/12\/7130ony_do_salonu_nowoczesne_RADIMAR-845x684.webp 845w\" sizes=\"(max-width: 495px) 100vw, 495px\" \/><\/span><\/a><div class='avia-gallery-thumb'> <a href=\"https:\/\/sklepwnetrz.pl\/salonstargard\/wp-content\/uploads\/2021\/12\/7130ony_do_salonu_nowoczesne_RADIMAR-1030x773.webp\" data-srcset=\"https:\/\/sklepwnetrz.pl\/salonstargard\/wp-content\/uploads\/2021\/12\/7130ony_do_salonu_nowoczesne_RADIMAR-1030x773.webp 1030w, https:\/\/sklepwnetrz.pl\/salonstargard\/wp-content\/uploads\/2021\/12\/7130ony_do_salonu_nowoczesne_RADIMAR-300x225.webp 300w, https:\/\/sklepwnetrz.pl\/salonstargard\/wp-content\/uploads\/2021\/12\/7130ony_do_salonu_nowoczesne_RADIMAR-768x576.webp 768w, https:\/\/sklepwnetrz.pl\/salonstargard\/wp-content\/uploads\/2021\/12\/7130ony_do_salonu_nowoczesne_RADIMAR-705x529.webp 705w, https:\/\/sklepwnetrz.pl\/salonstargard\/wp-content\/uploads\/2021\/12\/7130ony_do_salonu_nowoczesne_RADIMAR.webp 1200w\" data-sizes=\"(max-width: 1030px) 100vw, 1030px\" data-rel='gallery-8' data-prev-img='https:\/\/sklepwnetrz.pl\/salonstargard\/wp-content\/uploads\/2021\/12\/7130ony_do_salonu_nowoczesne_RADIMAR-495x400.webp' class='first_thumb lightbox ' data-onclick='1' title='firany do salonu nowoczesne'  itemprop=\"thumbnailUrl\"  ><img decoding=\"async\" class=\"wp-image-823 avia-img-lazy-loading-not-823\"   src=\"https:\/\/sklepwnetrz.pl\/salonstargard\/wp-content\/uploads\/2021\/12\/7130ony_do_salonu_nowoczesne_RADIMAR-495x400.webp\" width=\"495\" height=\"400\"  title='firany do salonu nowoczesne' alt='' srcset=\"https:\/\/sklepwnetrz.pl\/salonstargard\/wp-content\/uploads\/2021\/12\/7130ony_do_salonu_nowoczesne_RADIMAR-495x400.webp 495w, https:\/\/sklepwnetrz.pl\/salonstargard\/wp-content\/uploads\/2021\/12\/7130ony_do_salonu_nowoczesne_RADIMAR-845x684.webp 845w\" sizes=\"(max-width: 495px) 100vw, 495px\" \/><\/a><\/div><\/div><\/div><div class='flex_column av-522iav-f5bd7006f813caae638e00f80ce12543 av_one_fifth  avia-builder-el-139  el_after_av_one_fifth  el_before_av_one_fifth  flex_column_div column-top-margin'   ><style type=\"text\/css\" data-created_by=\"avia_inline_auto\" id=\"style-css-av-kxrkvs3k-9988aa830e8e871f155512507de05791\">\n#top .avia-gallery.av-kxrkvs3k-9988aa830e8e871f155512507de05791 .avia-gallery-thumb a{\nwidth:20%;\n}\n<\/style>\n<div  class='avia-gallery av-kxrkvs3k-9988aa830e8e871f155512507de05791 avia_animate_when_visible  avia-builder-el-140  avia-builder-el-no-sibling  av-hide-gallery-thumbs deactivate_avia_lazyload avia-gallery-animate  avia-gallery-9'  itemprop=\"image\" itemscope=\"itemscope\" itemtype=\"https:\/\/schema.org\/ImageObject\" ><a class='avia-gallery-big fakeLightbox lightbox avia-gallery-big-crop-thumb ' href=\"https:\/\/sklepwnetrz.pl\/salonstargard\/wp-content\/uploads\/2021\/12\/firany-zaslony-zaluzje-do-domu-jednorodzinnego-1030x773.webp\" data-srcset=\"https:\/\/sklepwnetrz.pl\/salonstargard\/wp-content\/uploads\/2021\/12\/firany-zaslony-zaluzje-do-domu-jednorodzinnego-1030x773.webp 1030w, https:\/\/sklepwnetrz.pl\/salonstargard\/wp-content\/uploads\/2021\/12\/firany-zaslony-zaluzje-do-domu-jednorodzinnego-300x225.webp 300w, https:\/\/sklepwnetrz.pl\/salonstargard\/wp-content\/uploads\/2021\/12\/firany-zaslony-zaluzje-do-domu-jednorodzinnego-768x576.webp 768w, https:\/\/sklepwnetrz.pl\/salonstargard\/wp-content\/uploads\/2021\/12\/firany-zaslony-zaluzje-do-domu-jednorodzinnego-705x529.webp 705w, https:\/\/sklepwnetrz.pl\/salonstargard\/wp-content\/uploads\/2021\/12\/firany-zaslony-zaluzje-do-domu-jednorodzinnego.webp 1200w\" data-sizes=\"(max-width: 1030px) 100vw, 1030px\"  data-onclick='1' title='\u017caluzje drewniane i bambusowe radimar' ><span class='avia-gallery-big-inner'  itemprop=\"thumbnailUrl\" ><img decoding=\"async\" class=\"wp-image-817 avia-img-lazy-loading-not-817\"  width=\"495\" height=\"400\" src=\"https:\/\/sklepwnetrz.pl\/salonstargard\/wp-content\/uploads\/2021\/12\/firany-zaslony-zaluzje-do-domu-jednorodzinnego-495x400.webp\" title='firany-zas\u0142ony-\u017caluzje-do-domu-jednorodzinnego' alt='' srcset=\"https:\/\/sklepwnetrz.pl\/salonstargard\/wp-content\/uploads\/2021\/12\/firany-zaslony-zaluzje-do-domu-jednorodzinnego-495x400.webp 495w, https:\/\/sklepwnetrz.pl\/salonstargard\/wp-content\/uploads\/2021\/12\/firany-zaslony-zaluzje-do-domu-jednorodzinnego-845x684.webp 845w\" sizes=\"(max-width: 495px) 100vw, 495px\" \/><span class='avia-gallery-caption'>\u017caluzje drewniane i bambusowe radimar<\/span><\/span><\/a><div class='avia-gallery-thumb'> <a href=\"https:\/\/sklepwnetrz.pl\/salonstargard\/wp-content\/uploads\/2021\/12\/firany-zaslony-zaluzje-do-domu-jednorodzinnego-1030x773.webp\" data-srcset=\"https:\/\/sklepwnetrz.pl\/salonstargard\/wp-content\/uploads\/2021\/12\/firany-zaslony-zaluzje-do-domu-jednorodzinnego-1030x773.webp 1030w, https:\/\/sklepwnetrz.pl\/salonstargard\/wp-content\/uploads\/2021\/12\/firany-zaslony-zaluzje-do-domu-jednorodzinnego-300x225.webp 300w, https:\/\/sklepwnetrz.pl\/salonstargard\/wp-content\/uploads\/2021\/12\/firany-zaslony-zaluzje-do-domu-jednorodzinnego-768x576.webp 768w, https:\/\/sklepwnetrz.pl\/salonstargard\/wp-content\/uploads\/2021\/12\/firany-zaslony-zaluzje-do-domu-jednorodzinnego-705x529.webp 705w, https:\/\/sklepwnetrz.pl\/salonstargard\/wp-content\/uploads\/2021\/12\/firany-zaslony-zaluzje-do-domu-jednorodzinnego.webp 1200w\" data-sizes=\"(max-width: 1030px) 100vw, 1030px\" data-rel='gallery-9' data-prev-img='https:\/\/sklepwnetrz.pl\/salonstargard\/wp-content\/uploads\/2021\/12\/firany-zaslony-zaluzje-do-domu-jednorodzinnego-495x400.webp' class='first_thumb lightbox ' data-onclick='1' title='\u017caluzje drewniane i bambusowe radimar'  itemprop=\"thumbnailUrl\"  ><img decoding=\"async\" class=\"wp-image-817 avia-img-lazy-loading-not-817\"  data-avia-tooltip='\u017caluzje drewniane i bambusowe radimar' src=\"https:\/\/sklepwnetrz.pl\/salonstargard\/wp-content\/uploads\/2021\/12\/firany-zaslony-zaluzje-do-domu-jednorodzinnego-495x400.webp\" width=\"495\" height=\"400\"  title='firany-zas\u0142ony-\u017caluzje-do-domu-jednorodzinnego' alt='' srcset=\"https:\/\/sklepwnetrz.pl\/salonstargard\/wp-content\/uploads\/2021\/12\/firany-zaslony-zaluzje-do-domu-jednorodzinnego-495x400.webp 495w, https:\/\/sklepwnetrz.pl\/salonstargard\/wp-content\/uploads\/2021\/12\/firany-zaslony-zaluzje-do-domu-jednorodzinnego-845x684.webp 845w\" sizes=\"(max-width: 495px) 100vw, 495px\" \/><\/a><\/div><\/div><\/div><div class='flex_column av-4u51an-87d3582e80f6c8814b2f5daf7dd3ad1a av_one_fifth  avia-builder-el-141  el_after_av_one_fifth  el_before_av_hr  flex_column_div column-top-margin'   ><style type=\"text\/css\" data-created_by=\"avia_inline_auto\" id=\"style-css-av-kxrkw8q9-eb0fd08826555ccfb0440b843e1acfa1\">\n#top .avia-gallery.av-kxrkw8q9-eb0fd08826555ccfb0440b843e1acfa1 .avia-gallery-thumb a{\nwidth:20%;\n}\n<\/style>\n<div  class='avia-gallery av-kxrkw8q9-eb0fd08826555ccfb0440b843e1acfa1 avia_animate_when_visible  avia-builder-el-142  avia-builder-el-no-sibling  av-hide-gallery-thumbs deactivate_avia_lazyload avia-gallery-animate  avia-gallery-10'  itemprop=\"image\" itemscope=\"itemscope\" itemtype=\"https:\/\/schema.org\/ImageObject\" ><a class='avia-gallery-big fakeLightbox lightbox avia-gallery-big-crop-thumb ' href=\"https:\/\/sklepwnetrz.pl\/salonstargard\/wp-content\/uploads\/2021\/12\/7130ony_do_salonu_nowoczesne_RADIMAR-1030x773.webp\" data-srcset=\"https:\/\/sklepwnetrz.pl\/salonstargard\/wp-content\/uploads\/2021\/12\/7130ony_do_salonu_nowoczesne_RADIMAR-1030x773.webp 1030w, https:\/\/sklepwnetrz.pl\/salonstargard\/wp-content\/uploads\/2021\/12\/7130ony_do_salonu_nowoczesne_RADIMAR-300x225.webp 300w, https:\/\/sklepwnetrz.pl\/salonstargard\/wp-content\/uploads\/2021\/12\/7130ony_do_salonu_nowoczesne_RADIMAR-768x576.webp 768w, https:\/\/sklepwnetrz.pl\/salonstargard\/wp-content\/uploads\/2021\/12\/7130ony_do_salonu_nowoczesne_RADIMAR-705x529.webp 705w, https:\/\/sklepwnetrz.pl\/salonstargard\/wp-content\/uploads\/2021\/12\/7130ony_do_salonu_nowoczesne_RADIMAR.webp 1200w\" data-sizes=\"(max-width: 1030px) 100vw, 1030px\"  data-onclick='1' title='firany do salonu nowoczesne' ><span class='avia-gallery-big-inner'  itemprop=\"thumbnailUrl\" ><img decoding=\"async\" class=\"wp-image-823 avia-img-lazy-loading-not-823\"  width=\"495\" height=\"400\" src=\"https:\/\/sklepwnetrz.pl\/salonstargard\/wp-content\/uploads\/2021\/12\/7130ony_do_salonu_nowoczesne_RADIMAR-495x400.webp\" title='firany do salonu nowoczesne' alt='' srcset=\"https:\/\/sklepwnetrz.pl\/salonstargard\/wp-content\/uploads\/2021\/12\/7130ony_do_salonu_nowoczesne_RADIMAR-495x400.webp 495w, https:\/\/sklepwnetrz.pl\/salonstargard\/wp-content\/uploads\/2021\/12\/7130ony_do_salonu_nowoczesne_RADIMAR-845x684.webp 845w\" sizes=\"(max-width: 495px) 100vw, 495px\" \/><\/span><\/a><div class='avia-gallery-thumb'> <a href=\"https:\/\/sklepwnetrz.pl\/salonstargard\/wp-content\/uploads\/2021\/12\/7130ony_do_salonu_nowoczesne_RADIMAR-1030x773.webp\" data-srcset=\"https:\/\/sklepwnetrz.pl\/salonstargard\/wp-content\/uploads\/2021\/12\/7130ony_do_salonu_nowoczesne_RADIMAR-1030x773.webp 1030w, https:\/\/sklepwnetrz.pl\/salonstargard\/wp-content\/uploads\/2021\/12\/7130ony_do_salonu_nowoczesne_RADIMAR-300x225.webp 300w, https:\/\/sklepwnetrz.pl\/salonstargard\/wp-content\/uploads\/2021\/12\/7130ony_do_salonu_nowoczesne_RADIMAR-768x576.webp 768w, https:\/\/sklepwnetrz.pl\/salonstargard\/wp-content\/uploads\/2021\/12\/7130ony_do_salonu_nowoczesne_RADIMAR-705x529.webp 705w, https:\/\/sklepwnetrz.pl\/salonstargard\/wp-content\/uploads\/2021\/12\/7130ony_do_salonu_nowoczesne_RADIMAR.webp 1200w\" data-sizes=\"(max-width: 1030px) 100vw, 1030px\" data-rel='gallery-10' data-prev-img='https:\/\/sklepwnetrz.pl\/salonstargard\/wp-content\/uploads\/2021\/12\/7130ony_do_salonu_nowoczesne_RADIMAR-495x400.webp' class='first_thumb lightbox ' data-onclick='1' title='firany do salonu nowoczesne'  itemprop=\"thumbnailUrl\"  ><img decoding=\"async\" class=\"wp-image-823 avia-img-lazy-loading-not-823\"   src=\"https:\/\/sklepwnetrz.pl\/salonstargard\/wp-content\/uploads\/2021\/12\/7130ony_do_salonu_nowoczesne_RADIMAR-495x400.webp\" width=\"495\" height=\"400\"  title='firany do salonu nowoczesne' alt='' srcset=\"https:\/\/sklepwnetrz.pl\/salonstargard\/wp-content\/uploads\/2021\/12\/7130ony_do_salonu_nowoczesne_RADIMAR-495x400.webp 495w, https:\/\/sklepwnetrz.pl\/salonstargard\/wp-content\/uploads\/2021\/12\/7130ony_do_salonu_nowoczesne_RADIMAR-845x684.webp 845w\" sizes=\"(max-width: 495px) 100vw, 495px\" \/><\/a><\/div><\/div><\/div><div  class='hr av-3abu9z-084529f78940b015bcf03023cc17c4e7 hr-default  avia-builder-el-143  el_after_av_one_fifth  avia-builder-el-last  '><span class='hr-inner '><span class=\"hr-inner-style\"><\/span><\/span><\/div><\/p>\n<\/div><\/div><\/div><div id='hello'  class='av-layout-grid-container entry-content-wrapper main_color av-flex-cells     avia-builder-el-144  el_after_av_layout_row  el_before_av_layout_row  submenu-not-first container_wrap sidebar_right'  >\n<div class=\"flex_cell no_margin av_one_half  avia-builder-el-145  el_before_av_cell_one_half  avia-builder-el-first   \"  style='vertical-align:top; padding:100px 100px 100px 100px ; ' ><div class='flex_cell_inner' ><p>\n<style type=\"text\/css\" data-created_by=\"avia_inline_auto\" id=\"style-css-av-16df8f-49fe647b1662e91bec22e94994a7e34c\">\n#top .av-special-heading.av-16df8f-49fe647b1662e91bec22e94994a7e34c{\npadding-bottom:30px;\nfont-size:70px;\n}\n<\/style>\n<div  class='av-special-heading av-16df8f-49fe647b1662e91bec22e94994a7e34c av-special-heading-h1 blockquote modern-quote  avia-builder-el-146  el_before_av_textblock  avia-builder-el-first  av-inherit-size '><h1 class='av-special-heading-tag '  itemprop=\"headline\"  >Uszyjemy <u>dla Ciebie<\/u> pi\u0119kne dekoracje okienne!<\/h1><div class='special-heading-border'><div class='special-heading-inner-border'><\/div><\/div><\/div><br \/>\n<section class=\"av_textblock_section \"  itemscope=\"itemscope\" itemtype=\"https:\/\/schema.org\/CreativeWork\" ><div class='avia_textblock  '   itemprop=\"text\" ><p>Otwieraj\u0105c nasz nowy salon <strong>RADIMAR w Stargardzie<\/strong> stawiamy na najwy\u017csz\u0105 jako\u015b\u0107 us\u0142ug oraz tkanin z kt\u00f3rych b\u0119dziemy szy\u0107 dla Ciebie wymarzon\u0105 dekoracje okienn\u0105!<\/p>\n<\/div><\/section><br \/>\n\n<style type=\"text\/css\" data-created_by=\"avia_inline_auto\" id=\"style-css-av-w7uqn-015d3f7374960751800500753f8a653b\">\n#top .hr.hr-invisible.av-w7uqn-015d3f7374960751800500753f8a653b{\nheight:20px;\n}\n<\/style>\n<div  class='hr av-w7uqn-015d3f7374960751800500753f8a653b hr-invisible  avia-builder-el-148  el_after_av_textblock  el_before_av_textblock  '><span class='hr-inner '><span class=\"hr-inner-style\"><\/span><\/span><\/div><br \/>\n<section class=\"av_textblock_section \"  itemscope=\"itemscope\" itemtype=\"https:\/\/schema.org\/CreativeWork\" ><div class='avia_textblock  av_inherit_color '  style='font-size:29px; '  itemprop=\"text\" ><p>Wsp\u00f3\u0142pracujemy z <strong>najlepszymi markami tkanin<\/strong>, zatrudniamy d<strong>o\u015bwiadczone krawcowe<\/strong> z ponad 20-letnim sta\u017cem, bierzemy udzia\u0142y w <strong>najwa\u017cniejszych targach tkaninowych<\/strong> oraz zapewniamy klientowi wyb\u00f3r <strong>tysi\u0119cy tkanin<\/strong><\/p>\n<\/div><\/section><\/p>\n<\/div><\/div><div class=\"flex_cell no_margin av_one_half  avia-builder-el-150  el_after_av_cell_one_half  avia-builder-el-last   avia-full-stretch \"  style='background:url(https:\/\/sklepwnetrz.pl\/salonstargard\/wp-content\/uploads\/2021\/12\/Roleta-rzymska-do-salonu-oraz-zaslony-RADIMAR.webp) center center no-repeat scroll #000000; vertical-align:top; padding:100px; background-color:#000000; ' ><div class='flex_cell_inner' ><\/div><\/div>\n<\/div><\/p>\n<div id='firany'  class='av-layout-grid-container entry-content-wrapper main_color av-flex-cells     avia-builder-el-151  el_after_av_layout_row  el_before_av_layout_row  submenu-not-first container_wrap sidebar_right'  >\n<div class=\"flex_cell no_margin av_one_full  avia-builder-el-152  avia-builder-el-no-sibling   \" ><div class='flex_cell_inner' ><p><div class='flex_column av-2z29z-0087e233cd061d5529f285b40be6f33c av_one_full  avia-builder-el-153  el_before_av_one_half  avia-builder-el-first  first flex_column_div '   ><style type=\"text\/css\" data-created_by=\"avia_inline_auto\" id=\"style-css-av-kxsu9dlt-edeeb8baa5aee1ce103aa9fe085d7eaf\">\n#top .av-special-heading.av-kxsu9dlt-edeeb8baa5aee1ce103aa9fe085d7eaf{\npadding-bottom:30px;\nfont-size:70px;\n}\n<\/style>\n<div  class='av-special-heading av-kxsu9dlt-edeeb8baa5aee1ce103aa9fe085d7eaf av-special-heading-h1 blockquote modern-quote modern-centered  avia-builder-el-154  avia-builder-el-no-sibling  av-inherit-size '><h1 class='av-special-heading-tag '  itemprop=\"headline\"  > <u>Firany i Zas\u0142ony <\/u> RADIMAR<\/h1><div class='special-heading-border'><div class='special-heading-inner-border'><\/div><\/div><\/div><\/div><div class='flex_column av-kbdl3-03d45e8d3191865c67fc312b67d7bb9c av_one_half  avia-builder-el-155  el_after_av_one_full  el_before_av_one_half  first flex_column_div column-top-margin'   ><section class=\"av_textblock_section \"  itemscope=\"itemscope\" itemtype=\"https:\/\/schema.org\/CreativeWork\" ><div class='avia_textblock  '   itemprop=\"text\" ><p><strong>Firany i Zas\u0142ony<\/strong> ponownie wracaj\u0105ce na salony! D\u0142ugie, pi\u0119kne tkaniny ocieplaj\u0105ce wn\u0119trze, kt\u00f3ra tworzy barier\u0119 mi\u0119dzy mieszkaniem a otoczeniem zewn\u0119trznym. Tysi\u0105ce wzor\u00f3w, r\u00f3\u017cnorodne upi\u0119cia i niesamowity efekt ko\u0144cowy.<\/p>\n<p><strong>Firany<\/strong>, bardzo \u0142atwe w u\u017cytkowaniu wpasowuj\u0105ce si\u0119 praktycznie do ka\u017cdego wn\u0119trza. Mo\u017cna je upina\u0107 na wiele sposob\u00f3w np. &#8222;na bok&#8221; b\u0105d\u017a &#8222;zebra\u0107 na \u015brodek&#8221;. Firany mo\u017cna upi\u0105\u0107 na r\u00f3\u017cnych karniszach pocz\u0105wszy od tradycyjnych karniszy rurkowych po nowoczesne systemy szynowe. Du\u017cym zainteresowaniem ciesz\u0105 si\u0119 w ostatnim czasie karnisze elektryczne. Firany mo\u017cemy upina\u0107 na wielu ta\u015bmach marszcz\u0105cych takich jak uniwersalne, zak\u0142adkowe, czy ta\u015bma &#8222;FALA&#8221;<\/p>\n<p><strong>Zas\u0142ony<\/strong> szyte na indywidualne wymiary s\u0142u\u017c\u0105ce do dekoracji jak i r\u00f3wnie\u017c do zaciemnienia pomieszczenia. Klienci coraz cz\u0119\u015bciej rezygnuj\u0105 z tradycyjnych rolet na rzecz zas\u0142on. Du\u017c\u0105 popularno\u015bci\u0105 ciesz\u0105 si\u0119 zas\u0142ony typu welwet czyli mi\u0142e w dotyku i pi\u0119knie uk\u0142adaj\u0105ce si\u0119 materia\u0142y.<\/p>\n<\/div><\/section><\/div><div class='flex_column av-f1ovr-810ce4be31b738d09087a062ac3c50ba av_one_half  avia-builder-el-157  el_after_av_one_half  avia-builder-el-last  flex_column_div column-top-margin'   ><style type=\"text\/css\" data-created_by=\"avia_inline_auto\" id=\"style-css-av-kxsvlt36-48e8992e1bc22ef99f07bc36b5385419\">\n#top .avia-gallery.av-kxsvlt36-48e8992e1bc22ef99f07bc36b5385419 .avia-gallery-thumb a{\nwidth:20%;\n}\n<\/style>\n<div  class='avia-gallery av-kxsvlt36-48e8992e1bc22ef99f07bc36b5385419 avia_animate_when_visible  avia-builder-el-158  avia-builder-el-no-sibling  animations_off  avia-gallery-11'  itemprop=\"image\" itemscope=\"itemscope\" itemtype=\"https:\/\/schema.org\/ImageObject\" ><a class='avia-gallery-big fakeLightbox lightbox avia-gallery-big-crop-thumb ' href=\"https:\/\/sklepwnetrz.pl\/salonstargard\/wp-content\/uploads\/2023\/06\/firany-na-wymiar-824x1030.webp\" data-srcset=\"https:\/\/sklepwnetrz.pl\/salonstargard\/wp-content\/uploads\/2023\/06\/firany-na-wymiar-824x1030.webp 824w, https:\/\/sklepwnetrz.pl\/salonstargard\/wp-content\/uploads\/2023\/06\/firany-na-wymiar-240x300.webp 240w, https:\/\/sklepwnetrz.pl\/salonstargard\/wp-content\/uploads\/2023\/06\/firany-na-wymiar-768x960.webp 768w, https:\/\/sklepwnetrz.pl\/salonstargard\/wp-content\/uploads\/2023\/06\/firany-na-wymiar-564x705.webp 564w, https:\/\/sklepwnetrz.pl\/salonstargard\/wp-content\/uploads\/2023\/06\/firany-na-wymiar.webp 1080w\" data-sizes=\"(max-width: 824px) 100vw, 824px\"  data-onclick='1' title='firany na wymiar' ><span class='avia-gallery-big-inner'  itemprop=\"thumbnailUrl\" ><img decoding=\"async\" class=\"wp-image-1538 avia-img-lazy-loading-not-1538\"  width=\"495\" height=\"400\" src=\"https:\/\/sklepwnetrz.pl\/salonstargard\/wp-content\/uploads\/2023\/06\/firany-na-wymiar-495x400.webp\" title='firany na wymiar' alt='' srcset=\"https:\/\/sklepwnetrz.pl\/salonstargard\/wp-content\/uploads\/2023\/06\/firany-na-wymiar-495x400.webp 495w, https:\/\/sklepwnetrz.pl\/salonstargard\/wp-content\/uploads\/2023\/06\/firany-na-wymiar-845x684.webp 845w\" sizes=\"(max-width: 495px) 100vw, 495px\" \/><\/span><\/a><div class='avia-gallery-thumb'> <a href=\"https:\/\/sklepwnetrz.pl\/salonstargard\/wp-content\/uploads\/2023\/06\/firany-na-wymiar-824x1030.webp\" data-srcset=\"https:\/\/sklepwnetrz.pl\/salonstargard\/wp-content\/uploads\/2023\/06\/firany-na-wymiar-824x1030.webp 824w, https:\/\/sklepwnetrz.pl\/salonstargard\/wp-content\/uploads\/2023\/06\/firany-na-wymiar-240x300.webp 240w, https:\/\/sklepwnetrz.pl\/salonstargard\/wp-content\/uploads\/2023\/06\/firany-na-wymiar-768x960.webp 768w, https:\/\/sklepwnetrz.pl\/salonstargard\/wp-content\/uploads\/2023\/06\/firany-na-wymiar-564x705.webp 564w, https:\/\/sklepwnetrz.pl\/salonstargard\/wp-content\/uploads\/2023\/06\/firany-na-wymiar.webp 1080w\" data-sizes=\"(max-width: 824px) 100vw, 824px\" data-rel='gallery-11' data-prev-img='https:\/\/sklepwnetrz.pl\/salonstargard\/wp-content\/uploads\/2023\/06\/firany-na-wymiar-495x400.webp' class='first_thumb lightbox ' data-onclick='1' title='firany na wymiar'  itemprop=\"thumbnailUrl\"  ><img decoding=\"async\" class=\"wp-image-1538 avia-img-lazy-loading-not-1538\"   src=\"https:\/\/sklepwnetrz.pl\/salonstargard\/wp-content\/uploads\/2023\/06\/firany-na-wymiar-495x400.webp\" width=\"495\" height=\"400\"  title='firany na wymiar' alt='' srcset=\"https:\/\/sklepwnetrz.pl\/salonstargard\/wp-content\/uploads\/2023\/06\/firany-na-wymiar-495x400.webp 495w, https:\/\/sklepwnetrz.pl\/salonstargard\/wp-content\/uploads\/2023\/06\/firany-na-wymiar-845x684.webp 845w\" sizes=\"(max-width: 495px) 100vw, 495px\" \/><\/a> <a href=\"https:\/\/sklepwnetrz.pl\/salonstargard\/wp-content\/uploads\/2023\/02\/top2-824x1030.webp\" data-srcset=\"https:\/\/sklepwnetrz.pl\/salonstargard\/wp-content\/uploads\/2023\/02\/top2-824x1030.webp 824w, https:\/\/sklepwnetrz.pl\/salonstargard\/wp-content\/uploads\/2023\/02\/top2-240x300.webp 240w, https:\/\/sklepwnetrz.pl\/salonstargard\/wp-content\/uploads\/2023\/02\/top2-768x960.webp 768w, https:\/\/sklepwnetrz.pl\/salonstargard\/wp-content\/uploads\/2023\/02\/top2-564x705.webp 564w, https:\/\/sklepwnetrz.pl\/salonstargard\/wp-content\/uploads\/2023\/02\/top2.webp 1080w\" data-sizes=\"(max-width: 824px) 100vw, 824px\" data-rel='gallery-11' data-prev-img='https:\/\/sklepwnetrz.pl\/salonstargard\/wp-content\/uploads\/2023\/02\/top2-495x400.webp' class='lightbox ' data-onclick='2' title='top2'  itemprop=\"thumbnailUrl\"  ><img decoding=\"async\" class=\"wp-image-1450 avia-img-lazy-loading-not-1450\"   src=\"https:\/\/sklepwnetrz.pl\/salonstargard\/wp-content\/uploads\/2023\/02\/top2-495x400.webp\" width=\"495\" height=\"400\"  title='top2' alt='' srcset=\"https:\/\/sklepwnetrz.pl\/salonstargard\/wp-content\/uploads\/2023\/02\/top2-495x400.webp 495w, https:\/\/sklepwnetrz.pl\/salonstargard\/wp-content\/uploads\/2023\/02\/top2-845x684.webp 845w\" sizes=\"(max-width: 495px) 100vw, 495px\" \/><\/a> <a href=\"https:\/\/sklepwnetrz.pl\/salonstargard\/wp-content\/uploads\/2023\/06\/firany-i-zaslony-stargard-radimar-824x1030.webp\" data-srcset=\"https:\/\/sklepwnetrz.pl\/salonstargard\/wp-content\/uploads\/2023\/06\/firany-i-zaslony-stargard-radimar-824x1030.webp 824w, https:\/\/sklepwnetrz.pl\/salonstargard\/wp-content\/uploads\/2023\/06\/firany-i-zaslony-stargard-radimar-240x300.webp 240w, https:\/\/sklepwnetrz.pl\/salonstargard\/wp-content\/uploads\/2023\/06\/firany-i-zaslony-stargard-radimar-768x960.webp 768w, https:\/\/sklepwnetrz.pl\/salonstargard\/wp-content\/uploads\/2023\/06\/firany-i-zaslony-stargard-radimar-564x705.webp 564w, https:\/\/sklepwnetrz.pl\/salonstargard\/wp-content\/uploads\/2023\/06\/firany-i-zaslony-stargard-radimar.webp 1080w\" data-sizes=\"(max-width: 824px) 100vw, 824px\" data-rel='gallery-11' data-prev-img='https:\/\/sklepwnetrz.pl\/salonstargard\/wp-content\/uploads\/2023\/06\/firany-i-zaslony-stargard-radimar-495x400.webp' class='lightbox ' data-onclick='3' title='firany i zas\u0142ony stargard radimar'  itemprop=\"thumbnailUrl\"  ><img decoding=\"async\" class=\"wp-image-1536 avia-img-lazy-loading-not-1536\"   src=\"https:\/\/sklepwnetrz.pl\/salonstargard\/wp-content\/uploads\/2023\/06\/firany-i-zaslony-stargard-radimar-495x400.webp\" width=\"495\" height=\"400\"  title='firany i zas\u0142ony stargard radimar' alt='' srcset=\"https:\/\/sklepwnetrz.pl\/salonstargard\/wp-content\/uploads\/2023\/06\/firany-i-zaslony-stargard-radimar-495x400.webp 495w, https:\/\/sklepwnetrz.pl\/salonstargard\/wp-content\/uploads\/2023\/06\/firany-i-zaslony-stargard-radimar-845x684.webp 845w\" sizes=\"(max-width: 495px) 100vw, 495px\" \/><\/a> <a href=\"https:\/\/sklepwnetrz.pl\/salonstargard\/wp-content\/uploads\/2023\/05\/social2-1030x1030.webp\" data-srcset=\"https:\/\/sklepwnetrz.pl\/salonstargard\/wp-content\/uploads\/2023\/05\/social2-1030x1030.webp 1030w, https:\/\/sklepwnetrz.pl\/salonstargard\/wp-content\/uploads\/2023\/05\/social2-300x300.webp 300w, https:\/\/sklepwnetrz.pl\/salonstargard\/wp-content\/uploads\/2023\/05\/social2-80x80.webp 80w, https:\/\/sklepwnetrz.pl\/salonstargard\/wp-content\/uploads\/2023\/05\/social2-768x768.webp 768w, https:\/\/sklepwnetrz.pl\/salonstargard\/wp-content\/uploads\/2023\/05\/social2-36x36.webp 36w, https:\/\/sklepwnetrz.pl\/salonstargard\/wp-content\/uploads\/2023\/05\/social2-180x180.webp 180w, https:\/\/sklepwnetrz.pl\/salonstargard\/wp-content\/uploads\/2023\/05\/social2-705x705.webp 705w, https:\/\/sklepwnetrz.pl\/salonstargard\/wp-content\/uploads\/2023\/05\/social2.webp 1200w\" data-sizes=\"(max-width: 1030px) 100vw, 1030px\" data-rel='gallery-11' data-prev-img='https:\/\/sklepwnetrz.pl\/salonstargard\/wp-content\/uploads\/2023\/05\/social2-495x400.webp' class='lightbox ' data-onclick='4' title='social2'  itemprop=\"thumbnailUrl\"  ><img decoding=\"async\" class=\"wp-image-1522 avia-img-lazy-loading-not-1522\"   src=\"https:\/\/sklepwnetrz.pl\/salonstargard\/wp-content\/uploads\/2023\/05\/social2-495x400.webp\" width=\"495\" height=\"400\"  title='social2' alt='' srcset=\"https:\/\/sklepwnetrz.pl\/salonstargard\/wp-content\/uploads\/2023\/05\/social2-495x400.webp 495w, https:\/\/sklepwnetrz.pl\/salonstargard\/wp-content\/uploads\/2023\/05\/social2-845x684.webp 845w\" sizes=\"(max-width: 495px) 100vw, 495px\" \/><\/a> <a href=\"https:\/\/sklepwnetrz.pl\/salonstargard\/wp-content\/uploads\/2023\/02\/top12-1030x687.webp\" data-srcset=\"https:\/\/sklepwnetrz.pl\/salonstargard\/wp-content\/uploads\/2023\/02\/top12-1030x687.webp 1030w, https:\/\/sklepwnetrz.pl\/salonstargard\/wp-content\/uploads\/2023\/02\/top12-300x200.webp 300w, https:\/\/sklepwnetrz.pl\/salonstargard\/wp-content\/uploads\/2023\/02\/top12-768x512.webp 768w, https:\/\/sklepwnetrz.pl\/salonstargard\/wp-content\/uploads\/2023\/02\/top12-705x470.webp 705w, https:\/\/sklepwnetrz.pl\/salonstargard\/wp-content\/uploads\/2023\/02\/top12.webp 1200w\" data-sizes=\"(max-width: 1030px) 100vw, 1030px\" data-rel='gallery-11' data-prev-img='https:\/\/sklepwnetrz.pl\/salonstargard\/wp-content\/uploads\/2023\/02\/top12-495x400.webp' class='lightbox ' data-onclick='5' title='top12'  itemprop=\"thumbnailUrl\"  ><img decoding=\"async\" class=\"wp-image-1460 avia-img-lazy-loading-not-1460\"   src=\"https:\/\/sklepwnetrz.pl\/salonstargard\/wp-content\/uploads\/2023\/02\/top12-495x400.webp\" width=\"495\" height=\"400\"  title='top12' alt='' srcset=\"https:\/\/sklepwnetrz.pl\/salonstargard\/wp-content\/uploads\/2023\/02\/top12-495x400.webp 495w, https:\/\/sklepwnetrz.pl\/salonstargard\/wp-content\/uploads\/2023\/02\/top12-845x684.webp 845w\" sizes=\"(max-width: 495px) 100vw, 495px\" \/><\/a> <a href=\"https:\/\/sklepwnetrz.pl\/salonstargard\/wp-content\/uploads\/2022\/10\/batyst2-1030x1030.webp\" data-srcset=\"https:\/\/sklepwnetrz.pl\/salonstargard\/wp-content\/uploads\/2022\/10\/batyst2-1030x1030.webp 1030w, https:\/\/sklepwnetrz.pl\/salonstargard\/wp-content\/uploads\/2022\/10\/batyst2-300x300.webp 300w, https:\/\/sklepwnetrz.pl\/salonstargard\/wp-content\/uploads\/2022\/10\/batyst2-80x80.webp 80w, https:\/\/sklepwnetrz.pl\/salonstargard\/wp-content\/uploads\/2022\/10\/batyst2-768x768.webp 768w, https:\/\/sklepwnetrz.pl\/salonstargard\/wp-content\/uploads\/2022\/10\/batyst2-36x36.webp 36w, https:\/\/sklepwnetrz.pl\/salonstargard\/wp-content\/uploads\/2022\/10\/batyst2-180x180.webp 180w, https:\/\/sklepwnetrz.pl\/salonstargard\/wp-content\/uploads\/2022\/10\/batyst2-705x705.webp 705w, https:\/\/sklepwnetrz.pl\/salonstargard\/wp-content\/uploads\/2022\/10\/batyst2.webp 1200w\" data-sizes=\"(max-width: 1030px) 100vw, 1030px\" data-rel='gallery-11' data-prev-img='https:\/\/sklepwnetrz.pl\/salonstargard\/wp-content\/uploads\/2022\/10\/batyst2-495x400.webp' class='first_thumb lightbox ' data-onclick='6' title='RADIMAR Stargard ul. Czarnieckiego 2F &#8211; TEL: 797 952 761'  itemprop=\"thumbnailUrl\"  ><img decoding=\"async\" class=\"wp-image-1389 avia-img-lazy-loading-not-1389\"  data-avia-tooltip='RADIMAR Stargard ul. Czarnieckiego 2F &#8211; TEL: 797 952 761' src=\"https:\/\/sklepwnetrz.pl\/salonstargard\/wp-content\/uploads\/2022\/10\/batyst2-495x400.webp\" width=\"495\" height=\"400\"  title='batyst2' alt='' srcset=\"https:\/\/sklepwnetrz.pl\/salonstargard\/wp-content\/uploads\/2022\/10\/batyst2-495x400.webp 495w, https:\/\/sklepwnetrz.pl\/salonstargard\/wp-content\/uploads\/2022\/10\/batyst2-845x684.webp 845w\" sizes=\"(max-width: 495px) 100vw, 495px\" \/><\/a> <a href=\"https:\/\/sklepwnetrz.pl\/salonstargard\/wp-content\/uploads\/2023\/05\/post4-1030x1030.webp\" data-srcset=\"https:\/\/sklepwnetrz.pl\/salonstargard\/wp-content\/uploads\/2023\/05\/post4-1030x1030.webp 1030w, https:\/\/sklepwnetrz.pl\/salonstargard\/wp-content\/uploads\/2023\/05\/post4-300x300.webp 300w, https:\/\/sklepwnetrz.pl\/salonstargard\/wp-content\/uploads\/2023\/05\/post4-80x80.webp 80w, https:\/\/sklepwnetrz.pl\/salonstargard\/wp-content\/uploads\/2023\/05\/post4-768x768.webp 768w, https:\/\/sklepwnetrz.pl\/salonstargard\/wp-content\/uploads\/2023\/05\/post4-36x36.webp 36w, https:\/\/sklepwnetrz.pl\/salonstargard\/wp-content\/uploads\/2023\/05\/post4-180x180.webp 180w, https:\/\/sklepwnetrz.pl\/salonstargard\/wp-content\/uploads\/2023\/05\/post4-705x705.webp 705w, https:\/\/sklepwnetrz.pl\/salonstargard\/wp-content\/uploads\/2023\/05\/post4.webp 1200w\" data-sizes=\"(max-width: 1030px) 100vw, 1030px\" data-rel='gallery-11' data-prev-img='https:\/\/sklepwnetrz.pl\/salonstargard\/wp-content\/uploads\/2023\/05\/post4-495x400.webp' class='lightbox ' data-onclick='7' title='post4'  itemprop=\"thumbnailUrl\"  ><img decoding=\"async\" class=\"wp-image-1520 avia-img-lazy-loading-not-1520\"   src=\"https:\/\/sklepwnetrz.pl\/salonstargard\/wp-content\/uploads\/2023\/05\/post4-495x400.webp\" width=\"495\" height=\"400\"  title='post4' alt='' srcset=\"https:\/\/sklepwnetrz.pl\/salonstargard\/wp-content\/uploads\/2023\/05\/post4-495x400.webp 495w, https:\/\/sklepwnetrz.pl\/salonstargard\/wp-content\/uploads\/2023\/05\/post4-845x684.webp 845w\" sizes=\"(max-width: 495px) 100vw, 495px\" \/><\/a> <a href=\"https:\/\/sklepwnetrz.pl\/salonstargard\/wp-content\/uploads\/2022\/10\/batyst1-1030x1030.webp\" data-srcset=\"https:\/\/sklepwnetrz.pl\/salonstargard\/wp-content\/uploads\/2022\/10\/batyst1-1030x1030.webp 1030w, https:\/\/sklepwnetrz.pl\/salonstargard\/wp-content\/uploads\/2022\/10\/batyst1-300x300.webp 300w, https:\/\/sklepwnetrz.pl\/salonstargard\/wp-content\/uploads\/2022\/10\/batyst1-80x80.webp 80w, https:\/\/sklepwnetrz.pl\/salonstargard\/wp-content\/uploads\/2022\/10\/batyst1-768x768.webp 768w, https:\/\/sklepwnetrz.pl\/salonstargard\/wp-content\/uploads\/2022\/10\/batyst1-36x36.webp 36w, https:\/\/sklepwnetrz.pl\/salonstargard\/wp-content\/uploads\/2022\/10\/batyst1-180x180.webp 180w, https:\/\/sklepwnetrz.pl\/salonstargard\/wp-content\/uploads\/2022\/10\/batyst1-705x705.webp 705w, https:\/\/sklepwnetrz.pl\/salonstargard\/wp-content\/uploads\/2022\/10\/batyst1.webp 1200w\" data-sizes=\"(max-width: 1030px) 100vw, 1030px\" data-rel='gallery-11' data-prev-img='https:\/\/sklepwnetrz.pl\/salonstargard\/wp-content\/uploads\/2022\/10\/batyst1-495x400.webp' class='lightbox ' data-onclick='8' title='batyst1'  itemprop=\"thumbnailUrl\"  ><img decoding=\"async\" class=\"wp-image-1388 avia-img-lazy-loading-not-1388\"   src=\"https:\/\/sklepwnetrz.pl\/salonstargard\/wp-content\/uploads\/2022\/10\/batyst1-495x400.webp\" width=\"495\" height=\"400\"  title='batyst1' alt='' srcset=\"https:\/\/sklepwnetrz.pl\/salonstargard\/wp-content\/uploads\/2022\/10\/batyst1-495x400.webp 495w, https:\/\/sklepwnetrz.pl\/salonstargard\/wp-content\/uploads\/2022\/10\/batyst1-845x684.webp 845w\" sizes=\"(max-width: 495px) 100vw, 495px\" \/><\/a> <a href=\"https:\/\/sklepwnetrz.pl\/salonstargard\/wp-content\/uploads\/2022\/10\/batyst7-1030x1030.webp\" data-srcset=\"https:\/\/sklepwnetrz.pl\/salonstargard\/wp-content\/uploads\/2022\/10\/batyst7-1030x1030.webp 1030w, https:\/\/sklepwnetrz.pl\/salonstargard\/wp-content\/uploads\/2022\/10\/batyst7-300x300.webp 300w, https:\/\/sklepwnetrz.pl\/salonstargard\/wp-content\/uploads\/2022\/10\/batyst7-80x80.webp 80w, https:\/\/sklepwnetrz.pl\/salonstargard\/wp-content\/uploads\/2022\/10\/batyst7-768x768.webp 768w, https:\/\/sklepwnetrz.pl\/salonstargard\/wp-content\/uploads\/2022\/10\/batyst7-36x36.webp 36w, https:\/\/sklepwnetrz.pl\/salonstargard\/wp-content\/uploads\/2022\/10\/batyst7-180x180.webp 180w, https:\/\/sklepwnetrz.pl\/salonstargard\/wp-content\/uploads\/2022\/10\/batyst7-705x705.webp 705w, https:\/\/sklepwnetrz.pl\/salonstargard\/wp-content\/uploads\/2022\/10\/batyst7.webp 1200w\" data-sizes=\"(max-width: 1030px) 100vw, 1030px\" data-rel='gallery-11' data-prev-img='https:\/\/sklepwnetrz.pl\/salonstargard\/wp-content\/uploads\/2022\/10\/batyst7-495x400.webp' class='lightbox ' data-onclick='9' title='RADIMAR Stargard ul. Czarnieckiego 2F &#8211; TEL: 797 952 761'  itemprop=\"thumbnailUrl\"  ><img decoding=\"async\" class=\"wp-image-1398 avia-img-lazy-loading-not-1398\"  data-avia-tooltip='RADIMAR Stargard ul. Czarnieckiego 2F &#8211; TEL: 797 952 761' src=\"https:\/\/sklepwnetrz.pl\/salonstargard\/wp-content\/uploads\/2022\/10\/batyst7-495x400.webp\" width=\"495\" height=\"400\"  title='batyst7' alt='' srcset=\"https:\/\/sklepwnetrz.pl\/salonstargard\/wp-content\/uploads\/2022\/10\/batyst7-495x400.webp 495w, https:\/\/sklepwnetrz.pl\/salonstargard\/wp-content\/uploads\/2022\/10\/batyst7-845x684.webp 845w\" sizes=\"(max-width: 495px) 100vw, 495px\" \/><\/a> <a href=\"https:\/\/sklepwnetrz.pl\/salonstargard\/wp-content\/uploads\/2022\/10\/batyst6-1030x1030.webp\" data-srcset=\"https:\/\/sklepwnetrz.pl\/salonstargard\/wp-content\/uploads\/2022\/10\/batyst6-1030x1030.webp 1030w, https:\/\/sklepwnetrz.pl\/salonstargard\/wp-content\/uploads\/2022\/10\/batyst6-300x300.webp 300w, https:\/\/sklepwnetrz.pl\/salonstargard\/wp-content\/uploads\/2022\/10\/batyst6-80x80.webp 80w, https:\/\/sklepwnetrz.pl\/salonstargard\/wp-content\/uploads\/2022\/10\/batyst6-768x768.webp 768w, https:\/\/sklepwnetrz.pl\/salonstargard\/wp-content\/uploads\/2022\/10\/batyst6-36x36.webp 36w, https:\/\/sklepwnetrz.pl\/salonstargard\/wp-content\/uploads\/2022\/10\/batyst6-180x180.webp 180w, https:\/\/sklepwnetrz.pl\/salonstargard\/wp-content\/uploads\/2022\/10\/batyst6-705x705.webp 705w, https:\/\/sklepwnetrz.pl\/salonstargard\/wp-content\/uploads\/2022\/10\/batyst6.webp 1200w\" data-sizes=\"(max-width: 1030px) 100vw, 1030px\" data-rel='gallery-11' data-prev-img='https:\/\/sklepwnetrz.pl\/salonstargard\/wp-content\/uploads\/2022\/10\/batyst6-495x400.webp' class='lightbox ' data-onclick='10' title='RADIMAR Stargard ul. Czarnieckiego 2F &#8211; TEL: 797 952 761'  itemprop=\"thumbnailUrl\"  ><img decoding=\"async\" class=\"wp-image-1397 avia-img-lazy-loading-not-1397\"  data-avia-tooltip='RADIMAR Stargard ul. Czarnieckiego 2F &#8211; TEL: 797 952 761' src=\"https:\/\/sklepwnetrz.pl\/salonstargard\/wp-content\/uploads\/2022\/10\/batyst6-495x400.webp\" width=\"495\" height=\"400\"  title='batyst6' alt='' srcset=\"https:\/\/sklepwnetrz.pl\/salonstargard\/wp-content\/uploads\/2022\/10\/batyst6-495x400.webp 495w, https:\/\/sklepwnetrz.pl\/salonstargard\/wp-content\/uploads\/2022\/10\/batyst6-845x684.webp 845w\" sizes=\"(max-width: 495px) 100vw, 495px\" \/><\/a> <a href=\"https:\/\/sklepwnetrz.pl\/salonstargard\/wp-content\/uploads\/2022\/10\/batyst8-1030x1030.webp\" data-srcset=\"https:\/\/sklepwnetrz.pl\/salonstargard\/wp-content\/uploads\/2022\/10\/batyst8-1030x1030.webp 1030w, https:\/\/sklepwnetrz.pl\/salonstargard\/wp-content\/uploads\/2022\/10\/batyst8-300x300.webp 300w, https:\/\/sklepwnetrz.pl\/salonstargard\/wp-content\/uploads\/2022\/10\/batyst8-80x80.webp 80w, https:\/\/sklepwnetrz.pl\/salonstargard\/wp-content\/uploads\/2022\/10\/batyst8-768x768.webp 768w, https:\/\/sklepwnetrz.pl\/salonstargard\/wp-content\/uploads\/2022\/10\/batyst8-36x36.webp 36w, https:\/\/sklepwnetrz.pl\/salonstargard\/wp-content\/uploads\/2022\/10\/batyst8-180x180.webp 180w, https:\/\/sklepwnetrz.pl\/salonstargard\/wp-content\/uploads\/2022\/10\/batyst8-705x705.webp 705w, https:\/\/sklepwnetrz.pl\/salonstargard\/wp-content\/uploads\/2022\/10\/batyst8.webp 1200w\" data-sizes=\"(max-width: 1030px) 100vw, 1030px\" data-rel='gallery-11' data-prev-img='https:\/\/sklepwnetrz.pl\/salonstargard\/wp-content\/uploads\/2022\/10\/batyst8-495x400.webp' class='first_thumb lightbox ' data-onclick='11' title='RADIMAR Stargard ul. Czarnieckiego 2F &#8211; TEL: 797 952 761'  itemprop=\"thumbnailUrl\"  ><img decoding=\"async\" class=\"wp-image-1399 avia-img-lazy-loading-not-1399\"  data-avia-tooltip='RADIMAR Stargard ul. Czarnieckiego 2F &#8211; TEL: 797 952 761' src=\"https:\/\/sklepwnetrz.pl\/salonstargard\/wp-content\/uploads\/2022\/10\/batyst8-495x400.webp\" width=\"495\" height=\"400\"  title='batyst8' alt='' srcset=\"https:\/\/sklepwnetrz.pl\/salonstargard\/wp-content\/uploads\/2022\/10\/batyst8-495x400.webp 495w, https:\/\/sklepwnetrz.pl\/salonstargard\/wp-content\/uploads\/2022\/10\/batyst8-845x684.webp 845w\" sizes=\"(max-width: 495px) 100vw, 495px\" \/><\/a> <a href=\"https:\/\/sklepwnetrz.pl\/salonstargard\/wp-content\/uploads\/2022\/10\/batyst9-1030x1030.webp\" data-srcset=\"https:\/\/sklepwnetrz.pl\/salonstargard\/wp-content\/uploads\/2022\/10\/batyst9-1030x1030.webp 1030w, https:\/\/sklepwnetrz.pl\/salonstargard\/wp-content\/uploads\/2022\/10\/batyst9-300x300.webp 300w, https:\/\/sklepwnetrz.pl\/salonstargard\/wp-content\/uploads\/2022\/10\/batyst9-80x80.webp 80w, https:\/\/sklepwnetrz.pl\/salonstargard\/wp-content\/uploads\/2022\/10\/batyst9-768x768.webp 768w, https:\/\/sklepwnetrz.pl\/salonstargard\/wp-content\/uploads\/2022\/10\/batyst9-36x36.webp 36w, https:\/\/sklepwnetrz.pl\/salonstargard\/wp-content\/uploads\/2022\/10\/batyst9-180x180.webp 180w, https:\/\/sklepwnetrz.pl\/salonstargard\/wp-content\/uploads\/2022\/10\/batyst9-705x705.webp 705w, https:\/\/sklepwnetrz.pl\/salonstargard\/wp-content\/uploads\/2022\/10\/batyst9.webp 1200w\" data-sizes=\"(max-width: 1030px) 100vw, 1030px\" data-rel='gallery-11' data-prev-img='https:\/\/sklepwnetrz.pl\/salonstargard\/wp-content\/uploads\/2022\/10\/batyst9-495x400.webp' class='lightbox ' data-onclick='12' title='RADIMAR Stargard ul. Czarnieckiego 2F &#8211; TEL: 797 952 761'  itemprop=\"thumbnailUrl\"  ><img decoding=\"async\" class=\"wp-image-1402 avia-img-lazy-loading-not-1402\"  data-avia-tooltip='RADIMAR Stargard ul. Czarnieckiego 2F &#8211; TEL: 797 952 761' src=\"https:\/\/sklepwnetrz.pl\/salonstargard\/wp-content\/uploads\/2022\/10\/batyst9-495x400.webp\" width=\"495\" height=\"400\"  title='batyst9' alt='' srcset=\"https:\/\/sklepwnetrz.pl\/salonstargard\/wp-content\/uploads\/2022\/10\/batyst9-495x400.webp 495w, https:\/\/sklepwnetrz.pl\/salonstargard\/wp-content\/uploads\/2022\/10\/batyst9-845x684.webp 845w\" sizes=\"(max-width: 495px) 100vw, 495px\" \/><\/a> <a href=\"https:\/\/sklepwnetrz.pl\/salonstargard\/wp-content\/uploads\/2023\/01\/firany-i-zaslony-radimar-824x1030.webp\" data-srcset=\"https:\/\/sklepwnetrz.pl\/salonstargard\/wp-content\/uploads\/2023\/01\/firany-i-zaslony-radimar-824x1030.webp 824w, https:\/\/sklepwnetrz.pl\/salonstargard\/wp-content\/uploads\/2023\/01\/firany-i-zaslony-radimar-240x300.webp 240w, https:\/\/sklepwnetrz.pl\/salonstargard\/wp-content\/uploads\/2023\/01\/firany-i-zaslony-radimar-768x960.webp 768w, https:\/\/sklepwnetrz.pl\/salonstargard\/wp-content\/uploads\/2023\/01\/firany-i-zaslony-radimar-564x705.webp 564w, https:\/\/sklepwnetrz.pl\/salonstargard\/wp-content\/uploads\/2023\/01\/firany-i-zaslony-radimar.webp 1080w\" data-sizes=\"(max-width: 824px) 100vw, 824px\" data-rel='gallery-11' data-prev-img='https:\/\/sklepwnetrz.pl\/salonstargard\/wp-content\/uploads\/2023\/01\/firany-i-zaslony-radimar-495x400.webp' class='lightbox ' data-onclick='13' title='firany i zas\u0142ony radimar'  itemprop=\"thumbnailUrl\"  ><img decoding=\"async\" class=\"wp-image-1437 avia-img-lazy-loading-not-1437\"   src=\"https:\/\/sklepwnetrz.pl\/salonstargard\/wp-content\/uploads\/2023\/01\/firany-i-zaslony-radimar-495x400.webp\" width=\"495\" height=\"400\"  title='firany i zas\u0142ony radimar' alt='' srcset=\"https:\/\/sklepwnetrz.pl\/salonstargard\/wp-content\/uploads\/2023\/01\/firany-i-zaslony-radimar-495x400.webp 495w, https:\/\/sklepwnetrz.pl\/salonstargard\/wp-content\/uploads\/2023\/01\/firany-i-zaslony-radimar-845x684.webp 845w\" sizes=\"(max-width: 495px) 100vw, 495px\" \/><\/a> <a href=\"https:\/\/sklepwnetrz.pl\/salonstargard\/wp-content\/uploads\/2023\/01\/zaslony-firany-radimar-824x1030.webp\" data-srcset=\"https:\/\/sklepwnetrz.pl\/salonstargard\/wp-content\/uploads\/2023\/01\/zaslony-firany-radimar-824x1030.webp 824w, https:\/\/sklepwnetrz.pl\/salonstargard\/wp-content\/uploads\/2023\/01\/zaslony-firany-radimar-240x300.webp 240w, https:\/\/sklepwnetrz.pl\/salonstargard\/wp-content\/uploads\/2023\/01\/zaslony-firany-radimar-768x960.webp 768w, https:\/\/sklepwnetrz.pl\/salonstargard\/wp-content\/uploads\/2023\/01\/zaslony-firany-radimar-564x705.webp 564w, https:\/\/sklepwnetrz.pl\/salonstargard\/wp-content\/uploads\/2023\/01\/zaslony-firany-radimar.webp 1080w\" data-sizes=\"(max-width: 824px) 100vw, 824px\" data-rel='gallery-11' data-prev-img='https:\/\/sklepwnetrz.pl\/salonstargard\/wp-content\/uploads\/2023\/01\/zaslony-firany-radimar-495x400.webp' class='lightbox ' data-onclick='14' title='zas\u0142ony firany radimar'  itemprop=\"thumbnailUrl\"  ><img decoding=\"async\" class=\"wp-image-1438 avia-img-lazy-loading-not-1438\"   src=\"https:\/\/sklepwnetrz.pl\/salonstargard\/wp-content\/uploads\/2023\/01\/zaslony-firany-radimar-495x400.webp\" width=\"495\" height=\"400\"  title='zas\u0142ony firany radimar' alt='' srcset=\"https:\/\/sklepwnetrz.pl\/salonstargard\/wp-content\/uploads\/2023\/01\/zaslony-firany-radimar-495x400.webp 495w, https:\/\/sklepwnetrz.pl\/salonstargard\/wp-content\/uploads\/2023\/01\/zaslony-firany-radimar-845x684.webp 845w\" sizes=\"(max-width: 495px) 100vw, 495px\" \/><\/a> <a href=\"https:\/\/sklepwnetrz.pl\/salonstargard\/wp-content\/uploads\/2023\/01\/zaslony-radimar-824x1030.webp\" data-srcset=\"https:\/\/sklepwnetrz.pl\/salonstargard\/wp-content\/uploads\/2023\/01\/zaslony-radimar-824x1030.webp 824w, https:\/\/sklepwnetrz.pl\/salonstargard\/wp-content\/uploads\/2023\/01\/zaslony-radimar-240x300.webp 240w, https:\/\/sklepwnetrz.pl\/salonstargard\/wp-content\/uploads\/2023\/01\/zaslony-radimar-768x960.webp 768w, https:\/\/sklepwnetrz.pl\/salonstargard\/wp-content\/uploads\/2023\/01\/zaslony-radimar-564x705.webp 564w, https:\/\/sklepwnetrz.pl\/salonstargard\/wp-content\/uploads\/2023\/01\/zaslony-radimar.webp 1080w\" data-sizes=\"(max-width: 824px) 100vw, 824px\" data-rel='gallery-11' data-prev-img='https:\/\/sklepwnetrz.pl\/salonstargard\/wp-content\/uploads\/2023\/01\/zaslony-radimar-495x400.webp' class='lightbox ' data-onclick='15' title='zas\u0142ony radimar'  itemprop=\"thumbnailUrl\"  ><img decoding=\"async\" class=\"wp-image-1439 avia-img-lazy-loading-not-1439\"   src=\"https:\/\/sklepwnetrz.pl\/salonstargard\/wp-content\/uploads\/2023\/01\/zaslony-radimar-495x400.webp\" width=\"495\" height=\"400\"  title='zas\u0142ony radimar' alt='' srcset=\"https:\/\/sklepwnetrz.pl\/salonstargard\/wp-content\/uploads\/2023\/01\/zaslony-radimar-495x400.webp 495w, https:\/\/sklepwnetrz.pl\/salonstargard\/wp-content\/uploads\/2023\/01\/zaslony-radimar-845x684.webp 845w\" sizes=\"(max-width: 495px) 100vw, 495px\" \/><\/a> <a href=\"https:\/\/sklepwnetrz.pl\/salonstargard\/wp-content\/uploads\/2023\/01\/zaslony-radimar1-824x1030.webp\" data-srcset=\"https:\/\/sklepwnetrz.pl\/salonstargard\/wp-content\/uploads\/2023\/01\/zaslony-radimar1-824x1030.webp 824w, https:\/\/sklepwnetrz.pl\/salonstargard\/wp-content\/uploads\/2023\/01\/zaslony-radimar1-240x300.webp 240w, https:\/\/sklepwnetrz.pl\/salonstargard\/wp-content\/uploads\/2023\/01\/zaslony-radimar1-768x960.webp 768w, https:\/\/sklepwnetrz.pl\/salonstargard\/wp-content\/uploads\/2023\/01\/zaslony-radimar1-564x705.webp 564w, https:\/\/sklepwnetrz.pl\/salonstargard\/wp-content\/uploads\/2023\/01\/zaslony-radimar1.webp 1080w\" data-sizes=\"(max-width: 824px) 100vw, 824px\" data-rel='gallery-11' data-prev-img='https:\/\/sklepwnetrz.pl\/salonstargard\/wp-content\/uploads\/2023\/01\/zaslony-radimar1-495x400.webp' class='first_thumb lightbox ' data-onclick='16' title='zas\u0142ony radimar1'  itemprop=\"thumbnailUrl\"  ><img decoding=\"async\" class=\"wp-image-1440 avia-img-lazy-loading-not-1440\"   src=\"https:\/\/sklepwnetrz.pl\/salonstargard\/wp-content\/uploads\/2023\/01\/zaslony-radimar1-495x400.webp\" width=\"495\" height=\"400\"  title='zas\u0142ony radimar1' alt='' srcset=\"https:\/\/sklepwnetrz.pl\/salonstargard\/wp-content\/uploads\/2023\/01\/zaslony-radimar1-495x400.webp 495w, https:\/\/sklepwnetrz.pl\/salonstargard\/wp-content\/uploads\/2023\/01\/zaslony-radimar1-845x684.webp 845w\" sizes=\"(max-width: 495px) 100vw, 495px\" \/><\/a> <a href=\"https:\/\/sklepwnetrz.pl\/salonstargard\/wp-content\/uploads\/2023\/01\/zaslony-radimar3-824x1030.webp\" data-srcset=\"https:\/\/sklepwnetrz.pl\/salonstargard\/wp-content\/uploads\/2023\/01\/zaslony-radimar3-824x1030.webp 824w, https:\/\/sklepwnetrz.pl\/salonstargard\/wp-content\/uploads\/2023\/01\/zaslony-radimar3-240x300.webp 240w, https:\/\/sklepwnetrz.pl\/salonstargard\/wp-content\/uploads\/2023\/01\/zaslony-radimar3-768x960.webp 768w, https:\/\/sklepwnetrz.pl\/salonstargard\/wp-content\/uploads\/2023\/01\/zaslony-radimar3-564x705.webp 564w, https:\/\/sklepwnetrz.pl\/salonstargard\/wp-content\/uploads\/2023\/01\/zaslony-radimar3.webp 1080w\" data-sizes=\"(max-width: 824px) 100vw, 824px\" data-rel='gallery-11' data-prev-img='https:\/\/sklepwnetrz.pl\/salonstargard\/wp-content\/uploads\/2023\/01\/zaslony-radimar3-495x400.webp' class='lightbox ' data-onclick='17' title='zas\u0142ony radimar3'  itemprop=\"thumbnailUrl\"  ><img decoding=\"async\" class=\"wp-image-1441 avia-img-lazy-loading-not-1441\"   src=\"https:\/\/sklepwnetrz.pl\/salonstargard\/wp-content\/uploads\/2023\/01\/zaslony-radimar3-495x400.webp\" width=\"495\" height=\"400\"  title='zas\u0142ony radimar3' alt='' srcset=\"https:\/\/sklepwnetrz.pl\/salonstargard\/wp-content\/uploads\/2023\/01\/zaslony-radimar3-495x400.webp 495w, https:\/\/sklepwnetrz.pl\/salonstargard\/wp-content\/uploads\/2023\/01\/zaslony-radimar3-845x684.webp 845w\" sizes=\"(max-width: 495px) 100vw, 495px\" \/><\/a> <a href=\"https:\/\/sklepwnetrz.pl\/salonstargard\/wp-content\/uploads\/2023\/05\/post5-1030x1030.webp\" data-srcset=\"https:\/\/sklepwnetrz.pl\/salonstargard\/wp-content\/uploads\/2023\/05\/post5-1030x1030.webp 1030w, https:\/\/sklepwnetrz.pl\/salonstargard\/wp-content\/uploads\/2023\/05\/post5-300x300.webp 300w, https:\/\/sklepwnetrz.pl\/salonstargard\/wp-content\/uploads\/2023\/05\/post5-80x80.webp 80w, https:\/\/sklepwnetrz.pl\/salonstargard\/wp-content\/uploads\/2023\/05\/post5-768x768.webp 768w, https:\/\/sklepwnetrz.pl\/salonstargard\/wp-content\/uploads\/2023\/05\/post5-36x36.webp 36w, https:\/\/sklepwnetrz.pl\/salonstargard\/wp-content\/uploads\/2023\/05\/post5-180x180.webp 180w, https:\/\/sklepwnetrz.pl\/salonstargard\/wp-content\/uploads\/2023\/05\/post5-705x705.webp 705w, https:\/\/sklepwnetrz.pl\/salonstargard\/wp-content\/uploads\/2023\/05\/post5.webp 1200w\" data-sizes=\"(max-width: 1030px) 100vw, 1030px\" data-rel='gallery-11' data-prev-img='https:\/\/sklepwnetrz.pl\/salonstargard\/wp-content\/uploads\/2023\/05\/post5-495x400.webp' class='lightbox ' data-onclick='18' title='post5'  itemprop=\"thumbnailUrl\"  ><img decoding=\"async\" class=\"wp-image-1521 avia-img-lazy-loading-not-1521\"   src=\"https:\/\/sklepwnetrz.pl\/salonstargard\/wp-content\/uploads\/2023\/05\/post5-495x400.webp\" width=\"495\" height=\"400\"  title='post5' alt='' srcset=\"https:\/\/sklepwnetrz.pl\/salonstargard\/wp-content\/uploads\/2023\/05\/post5-495x400.webp 495w, https:\/\/sklepwnetrz.pl\/salonstargard\/wp-content\/uploads\/2023\/05\/post5-845x684.webp 845w\" sizes=\"(max-width: 495px) 100vw, 495px\" \/><\/a> <a href=\"https:\/\/sklepwnetrz.pl\/salonstargard\/wp-content\/uploads\/2023\/01\/zaslony-radimar4-824x1030.webp\" data-srcset=\"https:\/\/sklepwnetrz.pl\/salonstargard\/wp-content\/uploads\/2023\/01\/zaslony-radimar4-824x1030.webp 824w, https:\/\/sklepwnetrz.pl\/salonstargard\/wp-content\/uploads\/2023\/01\/zaslony-radimar4-240x300.webp 240w, https:\/\/sklepwnetrz.pl\/salonstargard\/wp-content\/uploads\/2023\/01\/zaslony-radimar4-768x960.webp 768w, https:\/\/sklepwnetrz.pl\/salonstargard\/wp-content\/uploads\/2023\/01\/zaslony-radimar4-564x705.webp 564w, https:\/\/sklepwnetrz.pl\/salonstargard\/wp-content\/uploads\/2023\/01\/zaslony-radimar4.webp 1080w\" data-sizes=\"(max-width: 824px) 100vw, 824px\" data-rel='gallery-11' data-prev-img='https:\/\/sklepwnetrz.pl\/salonstargard\/wp-content\/uploads\/2023\/01\/zaslony-radimar4-495x400.webp' class='lightbox ' data-onclick='19' title='zas\u0142ony radimar4'  itemprop=\"thumbnailUrl\"  ><img decoding=\"async\" class=\"wp-image-1442 avia-img-lazy-loading-not-1442\"   src=\"https:\/\/sklepwnetrz.pl\/salonstargard\/wp-content\/uploads\/2023\/01\/zaslony-radimar4-495x400.webp\" width=\"495\" height=\"400\"  title='zas\u0142ony radimar4' alt='' srcset=\"https:\/\/sklepwnetrz.pl\/salonstargard\/wp-content\/uploads\/2023\/01\/zaslony-radimar4-495x400.webp 495w, https:\/\/sklepwnetrz.pl\/salonstargard\/wp-content\/uploads\/2023\/01\/zaslony-radimar4-845x684.webp 845w\" sizes=\"(max-width: 495px) 100vw, 495px\" \/><\/a> <a href=\"https:\/\/sklepwnetrz.pl\/salonstargard\/wp-content\/uploads\/2023\/01\/zaslony-radimar5-824x1030.webp\" data-srcset=\"https:\/\/sklepwnetrz.pl\/salonstargard\/wp-content\/uploads\/2023\/01\/zaslony-radimar5-824x1030.webp 824w, https:\/\/sklepwnetrz.pl\/salonstargard\/wp-content\/uploads\/2023\/01\/zaslony-radimar5-240x300.webp 240w, https:\/\/sklepwnetrz.pl\/salonstargard\/wp-content\/uploads\/2023\/01\/zaslony-radimar5-768x960.webp 768w, https:\/\/sklepwnetrz.pl\/salonstargard\/wp-content\/uploads\/2023\/01\/zaslony-radimar5-564x705.webp 564w, https:\/\/sklepwnetrz.pl\/salonstargard\/wp-content\/uploads\/2023\/01\/zaslony-radimar5.webp 1080w\" data-sizes=\"(max-width: 824px) 100vw, 824px\" data-rel='gallery-11' data-prev-img='https:\/\/sklepwnetrz.pl\/salonstargard\/wp-content\/uploads\/2023\/01\/zaslony-radimar5-495x400.webp' class='lightbox ' data-onclick='20' title='zas\u0142ony radimar5'  itemprop=\"thumbnailUrl\"  ><img decoding=\"async\" class=\"wp-image-1443 avia-img-lazy-loading-not-1443\"   src=\"https:\/\/sklepwnetrz.pl\/salonstargard\/wp-content\/uploads\/2023\/01\/zaslony-radimar5-495x400.webp\" width=\"495\" height=\"400\"  title='zas\u0142ony radimar5' alt='' srcset=\"https:\/\/sklepwnetrz.pl\/salonstargard\/wp-content\/uploads\/2023\/01\/zaslony-radimar5-495x400.webp 495w, https:\/\/sklepwnetrz.pl\/salonstargard\/wp-content\/uploads\/2023\/01\/zaslony-radimar5-845x684.webp 845w\" sizes=\"(max-width: 495px) 100vw, 495px\" \/><\/a> <a href=\"https:\/\/sklepwnetrz.pl\/salonstargard\/wp-content\/uploads\/2023\/02\/top1-824x1030.webp\" data-srcset=\"https:\/\/sklepwnetrz.pl\/salonstargard\/wp-content\/uploads\/2023\/02\/top1-824x1030.webp 824w, https:\/\/sklepwnetrz.pl\/salonstargard\/wp-content\/uploads\/2023\/02\/top1-240x300.webp 240w, https:\/\/sklepwnetrz.pl\/salonstargard\/wp-content\/uploads\/2023\/02\/top1-768x960.webp 768w, https:\/\/sklepwnetrz.pl\/salonstargard\/wp-content\/uploads\/2023\/02\/top1-564x705.webp 564w, https:\/\/sklepwnetrz.pl\/salonstargard\/wp-content\/uploads\/2023\/02\/top1.webp 1080w\" data-sizes=\"(max-width: 824px) 100vw, 824px\" data-rel='gallery-11' data-prev-img='https:\/\/sklepwnetrz.pl\/salonstargard\/wp-content\/uploads\/2023\/02\/top1-495x400.webp' class='first_thumb lightbox ' data-onclick='21' title='top1'  itemprop=\"thumbnailUrl\"  ><img decoding=\"async\" class=\"wp-image-1449 avia-img-lazy-loading-not-1449\"   src=\"https:\/\/sklepwnetrz.pl\/salonstargard\/wp-content\/uploads\/2023\/02\/top1-495x400.webp\" width=\"495\" height=\"400\"  title='top1' alt='' srcset=\"https:\/\/sklepwnetrz.pl\/salonstargard\/wp-content\/uploads\/2023\/02\/top1-495x400.webp 495w, https:\/\/sklepwnetrz.pl\/salonstargard\/wp-content\/uploads\/2023\/02\/top1-845x684.webp 845w\" sizes=\"(max-width: 495px) 100vw, 495px\" \/><\/a> <a href=\"https:\/\/sklepwnetrz.pl\/salonstargard\/wp-content\/uploads\/2023\/02\/top3-824x1030.webp\" data-srcset=\"https:\/\/sklepwnetrz.pl\/salonstargard\/wp-content\/uploads\/2023\/02\/top3-824x1030.webp 824w, https:\/\/sklepwnetrz.pl\/salonstargard\/wp-content\/uploads\/2023\/02\/top3-240x300.webp 240w, https:\/\/sklepwnetrz.pl\/salonstargard\/wp-content\/uploads\/2023\/02\/top3-768x960.webp 768w, https:\/\/sklepwnetrz.pl\/salonstargard\/wp-content\/uploads\/2023\/02\/top3-564x705.webp 564w, https:\/\/sklepwnetrz.pl\/salonstargard\/wp-content\/uploads\/2023\/02\/top3.webp 1080w\" data-sizes=\"(max-width: 824px) 100vw, 824px\" data-rel='gallery-11' data-prev-img='https:\/\/sklepwnetrz.pl\/salonstargard\/wp-content\/uploads\/2023\/02\/top3-495x400.webp' class='lightbox ' data-onclick='22' title='top3'  itemprop=\"thumbnailUrl\"  ><img decoding=\"async\" class=\"wp-image-1451 avia-img-lazy-loading-not-1451\"   src=\"https:\/\/sklepwnetrz.pl\/salonstargard\/wp-content\/uploads\/2023\/02\/top3-495x400.webp\" width=\"495\" height=\"400\"  title='top3' alt='' srcset=\"https:\/\/sklepwnetrz.pl\/salonstargard\/wp-content\/uploads\/2023\/02\/top3-495x400.webp 495w, https:\/\/sklepwnetrz.pl\/salonstargard\/wp-content\/uploads\/2023\/02\/top3-845x684.webp 845w\" sizes=\"(max-width: 495px) 100vw, 495px\" \/><\/a> <a href=\"https:\/\/sklepwnetrz.pl\/salonstargard\/wp-content\/uploads\/2023\/02\/top4-1030x687.webp\" data-srcset=\"https:\/\/sklepwnetrz.pl\/salonstargard\/wp-content\/uploads\/2023\/02\/top4-1030x687.webp 1030w, https:\/\/sklepwnetrz.pl\/salonstargard\/wp-content\/uploads\/2023\/02\/top4-300x200.webp 300w, https:\/\/sklepwnetrz.pl\/salonstargard\/wp-content\/uploads\/2023\/02\/top4-768x512.webp 768w, https:\/\/sklepwnetrz.pl\/salonstargard\/wp-content\/uploads\/2023\/02\/top4-705x470.webp 705w, https:\/\/sklepwnetrz.pl\/salonstargard\/wp-content\/uploads\/2023\/02\/top4.webp 1200w\" data-sizes=\"(max-width: 1030px) 100vw, 1030px\" data-rel='gallery-11' data-prev-img='https:\/\/sklepwnetrz.pl\/salonstargard\/wp-content\/uploads\/2023\/02\/top4-495x400.webp' class='lightbox ' data-onclick='23' title='top4'  itemprop=\"thumbnailUrl\"  ><img decoding=\"async\" class=\"wp-image-1452 avia-img-lazy-loading-not-1452\"   src=\"https:\/\/sklepwnetrz.pl\/salonstargard\/wp-content\/uploads\/2023\/02\/top4-495x400.webp\" width=\"495\" height=\"400\"  title='top4' alt='' srcset=\"https:\/\/sklepwnetrz.pl\/salonstargard\/wp-content\/uploads\/2023\/02\/top4-495x400.webp 495w, https:\/\/sklepwnetrz.pl\/salonstargard\/wp-content\/uploads\/2023\/02\/top4-845x684.webp 845w\" sizes=\"(max-width: 495px) 100vw, 495px\" \/><\/a> <a href=\"https:\/\/sklepwnetrz.pl\/salonstargard\/wp-content\/uploads\/2023\/02\/top5-824x1030.webp\" data-srcset=\"https:\/\/sklepwnetrz.pl\/salonstargard\/wp-content\/uploads\/2023\/02\/top5-824x1030.webp 824w, https:\/\/sklepwnetrz.pl\/salonstargard\/wp-content\/uploads\/2023\/02\/top5-240x300.webp 240w, https:\/\/sklepwnetrz.pl\/salonstargard\/wp-content\/uploads\/2023\/02\/top5-768x960.webp 768w, https:\/\/sklepwnetrz.pl\/salonstargard\/wp-content\/uploads\/2023\/02\/top5-564x705.webp 564w, https:\/\/sklepwnetrz.pl\/salonstargard\/wp-content\/uploads\/2023\/02\/top5.webp 1080w\" data-sizes=\"(max-width: 824px) 100vw, 824px\" data-rel='gallery-11' data-prev-img='https:\/\/sklepwnetrz.pl\/salonstargard\/wp-content\/uploads\/2023\/02\/top5-495x400.webp' class='lightbox ' data-onclick='24' title='top5'  itemprop=\"thumbnailUrl\"  ><img decoding=\"async\" class=\"wp-image-1453 avia-img-lazy-loading-not-1453\"   src=\"https:\/\/sklepwnetrz.pl\/salonstargard\/wp-content\/uploads\/2023\/02\/top5-495x400.webp\" width=\"495\" height=\"400\"  title='top5' alt='' srcset=\"https:\/\/sklepwnetrz.pl\/salonstargard\/wp-content\/uploads\/2023\/02\/top5-495x400.webp 495w, https:\/\/sklepwnetrz.pl\/salonstargard\/wp-content\/uploads\/2023\/02\/top5-845x684.webp 845w\" sizes=\"(max-width: 495px) 100vw, 495px\" \/><\/a> <a href=\"https:\/\/sklepwnetrz.pl\/salonstargard\/wp-content\/uploads\/2023\/02\/top6-1030x687.webp\" data-srcset=\"https:\/\/sklepwnetrz.pl\/salonstargard\/wp-content\/uploads\/2023\/02\/top6-1030x687.webp 1030w, https:\/\/sklepwnetrz.pl\/salonstargard\/wp-content\/uploads\/2023\/02\/top6-300x200.webp 300w, https:\/\/sklepwnetrz.pl\/salonstargard\/wp-content\/uploads\/2023\/02\/top6-768x512.webp 768w, https:\/\/sklepwnetrz.pl\/salonstargard\/wp-content\/uploads\/2023\/02\/top6-705x470.webp 705w, https:\/\/sklepwnetrz.pl\/salonstargard\/wp-content\/uploads\/2023\/02\/top6.webp 1200w\" data-sizes=\"(max-width: 1030px) 100vw, 1030px\" data-rel='gallery-11' data-prev-img='https:\/\/sklepwnetrz.pl\/salonstargard\/wp-content\/uploads\/2023\/02\/top6-495x400.webp' class='lightbox ' data-onclick='25' title='top6'  itemprop=\"thumbnailUrl\"  ><img decoding=\"async\" class=\"wp-image-1454 avia-img-lazy-loading-not-1454\"   src=\"https:\/\/sklepwnetrz.pl\/salonstargard\/wp-content\/uploads\/2023\/02\/top6-495x400.webp\" width=\"495\" height=\"400\"  title='top6' alt='' srcset=\"https:\/\/sklepwnetrz.pl\/salonstargard\/wp-content\/uploads\/2023\/02\/top6-495x400.webp 495w, https:\/\/sklepwnetrz.pl\/salonstargard\/wp-content\/uploads\/2023\/02\/top6-845x684.webp 845w\" sizes=\"(max-width: 495px) 100vw, 495px\" \/><\/a> <a href=\"https:\/\/sklepwnetrz.pl\/salonstargard\/wp-content\/uploads\/2023\/02\/top7-1030x687.webp\" data-srcset=\"https:\/\/sklepwnetrz.pl\/salonstargard\/wp-content\/uploads\/2023\/02\/top7-1030x687.webp 1030w, https:\/\/sklepwnetrz.pl\/salonstargard\/wp-content\/uploads\/2023\/02\/top7-300x200.webp 300w, https:\/\/sklepwnetrz.pl\/salonstargard\/wp-content\/uploads\/2023\/02\/top7-768x512.webp 768w, https:\/\/sklepwnetrz.pl\/salonstargard\/wp-content\/uploads\/2023\/02\/top7-705x470.webp 705w, https:\/\/sklepwnetrz.pl\/salonstargard\/wp-content\/uploads\/2023\/02\/top7.webp 1200w\" data-sizes=\"(max-width: 1030px) 100vw, 1030px\" data-rel='gallery-11' data-prev-img='https:\/\/sklepwnetrz.pl\/salonstargard\/wp-content\/uploads\/2023\/02\/top7-495x400.webp' class='first_thumb lightbox ' data-onclick='26' title='top7'  itemprop=\"thumbnailUrl\"  ><img decoding=\"async\" class=\"wp-image-1455 avia-img-lazy-loading-not-1455\"   src=\"https:\/\/sklepwnetrz.pl\/salonstargard\/wp-content\/uploads\/2023\/02\/top7-495x400.webp\" width=\"495\" height=\"400\"  title='top7' alt='' srcset=\"https:\/\/sklepwnetrz.pl\/salonstargard\/wp-content\/uploads\/2023\/02\/top7-495x400.webp 495w, https:\/\/sklepwnetrz.pl\/salonstargard\/wp-content\/uploads\/2023\/02\/top7-845x684.webp 845w\" sizes=\"(max-width: 495px) 100vw, 495px\" \/><\/a> <a href=\"https:\/\/sklepwnetrz.pl\/salonstargard\/wp-content\/uploads\/2023\/02\/top9-1030x687.webp\" data-srcset=\"https:\/\/sklepwnetrz.pl\/salonstargard\/wp-content\/uploads\/2023\/02\/top9-1030x687.webp 1030w, https:\/\/sklepwnetrz.pl\/salonstargard\/wp-content\/uploads\/2023\/02\/top9-300x200.webp 300w, https:\/\/sklepwnetrz.pl\/salonstargard\/wp-content\/uploads\/2023\/02\/top9-768x512.webp 768w, https:\/\/sklepwnetrz.pl\/salonstargard\/wp-content\/uploads\/2023\/02\/top9-705x470.webp 705w, https:\/\/sklepwnetrz.pl\/salonstargard\/wp-content\/uploads\/2023\/02\/top9.webp 1200w\" data-sizes=\"(max-width: 1030px) 100vw, 1030px\" data-rel='gallery-11' data-prev-img='https:\/\/sklepwnetrz.pl\/salonstargard\/wp-content\/uploads\/2023\/02\/top9-495x400.webp' class='lightbox ' data-onclick='27' title='top9'  itemprop=\"thumbnailUrl\"  ><img decoding=\"async\" class=\"wp-image-1457 avia-img-lazy-loading-not-1457\"   src=\"https:\/\/sklepwnetrz.pl\/salonstargard\/wp-content\/uploads\/2023\/02\/top9-495x400.webp\" width=\"495\" height=\"400\"  title='top9' alt='' srcset=\"https:\/\/sklepwnetrz.pl\/salonstargard\/wp-content\/uploads\/2023\/02\/top9-495x400.webp 495w, https:\/\/sklepwnetrz.pl\/salonstargard\/wp-content\/uploads\/2023\/02\/top9-845x684.webp 845w\" sizes=\"(max-width: 495px) 100vw, 495px\" \/><\/a> <a href=\"https:\/\/sklepwnetrz.pl\/salonstargard\/wp-content\/uploads\/2023\/02\/top10-1030x687.webp\" data-srcset=\"https:\/\/sklepwnetrz.pl\/salonstargard\/wp-content\/uploads\/2023\/02\/top10-1030x687.webp 1030w, https:\/\/sklepwnetrz.pl\/salonstargard\/wp-content\/uploads\/2023\/02\/top10-300x200.webp 300w, https:\/\/sklepwnetrz.pl\/salonstargard\/wp-content\/uploads\/2023\/02\/top10-768x512.webp 768w, https:\/\/sklepwnetrz.pl\/salonstargard\/wp-content\/uploads\/2023\/02\/top10-705x470.webp 705w, https:\/\/sklepwnetrz.pl\/salonstargard\/wp-content\/uploads\/2023\/02\/top10.webp 1200w\" data-sizes=\"(max-width: 1030px) 100vw, 1030px\" data-rel='gallery-11' data-prev-img='https:\/\/sklepwnetrz.pl\/salonstargard\/wp-content\/uploads\/2023\/02\/top10-495x400.webp' class='lightbox ' data-onclick='28' title='top10'  itemprop=\"thumbnailUrl\"  ><img decoding=\"async\" class=\"wp-image-1458 avia-img-lazy-loading-not-1458\"   src=\"https:\/\/sklepwnetrz.pl\/salonstargard\/wp-content\/uploads\/2023\/02\/top10-495x400.webp\" width=\"495\" height=\"400\"  title='top10' alt='' srcset=\"https:\/\/sklepwnetrz.pl\/salonstargard\/wp-content\/uploads\/2023\/02\/top10-495x400.webp 495w, https:\/\/sklepwnetrz.pl\/salonstargard\/wp-content\/uploads\/2023\/02\/top10-845x684.webp 845w\" sizes=\"(max-width: 495px) 100vw, 495px\" \/><\/a> <a href=\"https:\/\/sklepwnetrz.pl\/salonstargard\/wp-content\/uploads\/2023\/02\/top11-1030x687.webp\" data-srcset=\"https:\/\/sklepwnetrz.pl\/salonstargard\/wp-content\/uploads\/2023\/02\/top11-1030x687.webp 1030w, https:\/\/sklepwnetrz.pl\/salonstargard\/wp-content\/uploads\/2023\/02\/top11-300x200.webp 300w, https:\/\/sklepwnetrz.pl\/salonstargard\/wp-content\/uploads\/2023\/02\/top11-768x512.webp 768w, https:\/\/sklepwnetrz.pl\/salonstargard\/wp-content\/uploads\/2023\/02\/top11-705x470.webp 705w, https:\/\/sklepwnetrz.pl\/salonstargard\/wp-content\/uploads\/2023\/02\/top11.webp 1200w\" data-sizes=\"(max-width: 1030px) 100vw, 1030px\" data-rel='gallery-11' data-prev-img='https:\/\/sklepwnetrz.pl\/salonstargard\/wp-content\/uploads\/2023\/02\/top11-495x400.webp' class='lightbox ' data-onclick='29' title='top11'  itemprop=\"thumbnailUrl\"  ><img decoding=\"async\" class=\"wp-image-1459 avia-img-lazy-loading-not-1459\"   src=\"https:\/\/sklepwnetrz.pl\/salonstargard\/wp-content\/uploads\/2023\/02\/top11-495x400.webp\" width=\"495\" height=\"400\"  title='top11' alt='' srcset=\"https:\/\/sklepwnetrz.pl\/salonstargard\/wp-content\/uploads\/2023\/02\/top11-495x400.webp 495w, https:\/\/sklepwnetrz.pl\/salonstargard\/wp-content\/uploads\/2023\/02\/top11-845x684.webp 845w\" sizes=\"(max-width: 495px) 100vw, 495px\" \/><\/a> <a href=\"https:\/\/sklepwnetrz.pl\/salonstargard\/wp-content\/uploads\/2022\/04\/firany-i-zaslony-do-salonu-radimar-z-logo-1030x773.webp\" data-srcset=\"https:\/\/sklepwnetrz.pl\/salonstargard\/wp-content\/uploads\/2022\/04\/firany-i-zaslony-do-salonu-radimar-z-logo-1030x773.webp 1030w, https:\/\/sklepwnetrz.pl\/salonstargard\/wp-content\/uploads\/2022\/04\/firany-i-zaslony-do-salonu-radimar-z-logo-300x225.webp 300w, https:\/\/sklepwnetrz.pl\/salonstargard\/wp-content\/uploads\/2022\/04\/firany-i-zaslony-do-salonu-radimar-z-logo-768x576.webp 768w, https:\/\/sklepwnetrz.pl\/salonstargard\/wp-content\/uploads\/2022\/04\/firany-i-zaslony-do-salonu-radimar-z-logo-1536x1152.webp 1536w, https:\/\/sklepwnetrz.pl\/salonstargard\/wp-content\/uploads\/2022\/04\/firany-i-zaslony-do-salonu-radimar-z-logo-2048x1536.webp 2048w, https:\/\/sklepwnetrz.pl\/salonstargard\/wp-content\/uploads\/2022\/04\/firany-i-zaslony-do-salonu-radimar-z-logo-1500x1125.webp 1500w, https:\/\/sklepwnetrz.pl\/salonstargard\/wp-content\/uploads\/2022\/04\/firany-i-zaslony-do-salonu-radimar-z-logo-705x529.webp 705w\" data-sizes=\"(max-width: 1030px) 100vw, 1030px\" data-rel='gallery-11' data-prev-img='https:\/\/sklepwnetrz.pl\/salonstargard\/wp-content\/uploads\/2022\/04\/firany-i-zaslony-do-salonu-radimar-z-logo-495x400.webp' class='lightbox ' data-onclick='30' title='firany i zas\u0142ony do salonu radimar z logo'  itemprop=\"thumbnailUrl\"  ><img decoding=\"async\" class=\"wp-image-1219 avia-img-lazy-loading-not-1219\"   src=\"https:\/\/sklepwnetrz.pl\/salonstargard\/wp-content\/uploads\/2022\/04\/firany-i-zaslony-do-salonu-radimar-z-logo-495x400.webp\" width=\"495\" height=\"400\"  title='firany i zas\u0142ony do salonu radimar z logo' alt='' srcset=\"https:\/\/sklepwnetrz.pl\/salonstargard\/wp-content\/uploads\/2022\/04\/firany-i-zaslony-do-salonu-radimar-z-logo-495x400.webp 495w, https:\/\/sklepwnetrz.pl\/salonstargard\/wp-content\/uploads\/2022\/04\/firany-i-zaslony-do-salonu-radimar-z-logo-845x684.webp 845w\" sizes=\"(max-width: 495px) 100vw, 495px\" \/><\/a> <a href=\"https:\/\/sklepwnetrz.pl\/salonstargard\/wp-content\/uploads\/2022\/04\/rolety-na-okno-radimar-1030x1030.webp\" data-srcset=\"https:\/\/sklepwnetrz.pl\/salonstargard\/wp-content\/uploads\/2022\/04\/rolety-na-okno-radimar-1030x1030.webp 1030w, https:\/\/sklepwnetrz.pl\/salonstargard\/wp-content\/uploads\/2022\/04\/rolety-na-okno-radimar-300x300.webp 300w, https:\/\/sklepwnetrz.pl\/salonstargard\/wp-content\/uploads\/2022\/04\/rolety-na-okno-radimar-80x80.webp 80w, https:\/\/sklepwnetrz.pl\/salonstargard\/wp-content\/uploads\/2022\/04\/rolety-na-okno-radimar-768x768.webp 768w, https:\/\/sklepwnetrz.pl\/salonstargard\/wp-content\/uploads\/2022\/04\/rolety-na-okno-radimar-36x36.webp 36w, https:\/\/sklepwnetrz.pl\/salonstargard\/wp-content\/uploads\/2022\/04\/rolety-na-okno-radimar-180x180.webp 180w, https:\/\/sklepwnetrz.pl\/salonstargard\/wp-content\/uploads\/2022\/04\/rolety-na-okno-radimar-705x705.webp 705w, https:\/\/sklepwnetrz.pl\/salonstargard\/wp-content\/uploads\/2022\/04\/rolety-na-okno-radimar.webp 1200w\" data-sizes=\"(max-width: 1030px) 100vw, 1030px\" data-rel='gallery-11' data-prev-img='https:\/\/sklepwnetrz.pl\/salonstargard\/wp-content\/uploads\/2022\/04\/rolety-na-okno-radimar-495x400.webp' class='first_thumb lightbox ' data-onclick='31' title='rolety na okno radimar'  itemprop=\"thumbnailUrl\"  ><img decoding=\"async\" class=\"wp-image-1241 avia-img-lazy-loading-not-1241\"   src=\"https:\/\/sklepwnetrz.pl\/salonstargard\/wp-content\/uploads\/2022\/04\/rolety-na-okno-radimar-495x400.webp\" width=\"495\" height=\"400\"  title='rolety na okno radimar' alt='' srcset=\"https:\/\/sklepwnetrz.pl\/salonstargard\/wp-content\/uploads\/2022\/04\/rolety-na-okno-radimar-495x400.webp 495w, https:\/\/sklepwnetrz.pl\/salonstargard\/wp-content\/uploads\/2022\/04\/rolety-na-okno-radimar-845x684.webp 845w\" sizes=\"(max-width: 495px) 100vw, 495px\" \/><\/a> <a href=\"https:\/\/sklepwnetrz.pl\/salonstargard\/wp-content\/uploads\/2022\/04\/ROLETA-WENECKA-RADIMAR-IG2-824x1030.webp\" data-srcset=\"https:\/\/sklepwnetrz.pl\/salonstargard\/wp-content\/uploads\/2022\/04\/ROLETA-WENECKA-RADIMAR-IG2-824x1030.webp 824w, https:\/\/sklepwnetrz.pl\/salonstargard\/wp-content\/uploads\/2022\/04\/ROLETA-WENECKA-RADIMAR-IG2-240x300.webp 240w, https:\/\/sklepwnetrz.pl\/salonstargard\/wp-content\/uploads\/2022\/04\/ROLETA-WENECKA-RADIMAR-IG2-768x960.webp 768w, https:\/\/sklepwnetrz.pl\/salonstargard\/wp-content\/uploads\/2022\/04\/ROLETA-WENECKA-RADIMAR-IG2-564x705.webp 564w, https:\/\/sklepwnetrz.pl\/salonstargard\/wp-content\/uploads\/2022\/04\/ROLETA-WENECKA-RADIMAR-IG2.webp 1080w\" data-sizes=\"(max-width: 824px) 100vw, 824px\" data-rel='gallery-11' data-prev-img='https:\/\/sklepwnetrz.pl\/salonstargard\/wp-content\/uploads\/2022\/04\/ROLETA-WENECKA-RADIMAR-IG2-495x400.webp' class='lightbox ' data-onclick='32' title='ROLETA WENECKA RADIMAR IG2'  itemprop=\"thumbnailUrl\"  ><img decoding=\"async\" class=\"wp-image-1239 avia-img-lazy-loading-not-1239\"   src=\"https:\/\/sklepwnetrz.pl\/salonstargard\/wp-content\/uploads\/2022\/04\/ROLETA-WENECKA-RADIMAR-IG2-495x400.webp\" width=\"495\" height=\"400\"  title='ROLETA WENECKA RADIMAR IG2' alt='' srcset=\"https:\/\/sklepwnetrz.pl\/salonstargard\/wp-content\/uploads\/2022\/04\/ROLETA-WENECKA-RADIMAR-IG2-495x400.webp 495w, https:\/\/sklepwnetrz.pl\/salonstargard\/wp-content\/uploads\/2022\/04\/ROLETA-WENECKA-RADIMAR-IG2-845x684.webp 845w\" sizes=\"(max-width: 495px) 100vw, 495px\" \/><\/a> <a href=\"https:\/\/sklepwnetrz.pl\/salonstargard\/wp-content\/uploads\/2022\/04\/firany-i-zaslony-radimar-1030x1030.webp\" data-srcset=\"https:\/\/sklepwnetrz.pl\/salonstargard\/wp-content\/uploads\/2022\/04\/firany-i-zaslony-radimar-1030x1030.webp 1030w, https:\/\/sklepwnetrz.pl\/salonstargard\/wp-content\/uploads\/2022\/04\/firany-i-zaslony-radimar-300x300.webp 300w, https:\/\/sklepwnetrz.pl\/salonstargard\/wp-content\/uploads\/2022\/04\/firany-i-zaslony-radimar-80x80.webp 80w, https:\/\/sklepwnetrz.pl\/salonstargard\/wp-content\/uploads\/2022\/04\/firany-i-zaslony-radimar-768x768.webp 768w, https:\/\/sklepwnetrz.pl\/salonstargard\/wp-content\/uploads\/2022\/04\/firany-i-zaslony-radimar-36x36.webp 36w, https:\/\/sklepwnetrz.pl\/salonstargard\/wp-content\/uploads\/2022\/04\/firany-i-zaslony-radimar-180x180.webp 180w, https:\/\/sklepwnetrz.pl\/salonstargard\/wp-content\/uploads\/2022\/04\/firany-i-zaslony-radimar-705x705.webp 705w, https:\/\/sklepwnetrz.pl\/salonstargard\/wp-content\/uploads\/2022\/04\/firany-i-zaslony-radimar.webp 1200w\" data-sizes=\"(max-width: 1030px) 100vw, 1030px\" data-rel='gallery-11' data-prev-img='https:\/\/sklepwnetrz.pl\/salonstargard\/wp-content\/uploads\/2022\/04\/firany-i-zaslony-radimar-495x400.webp' class='lightbox ' data-onclick='33' title='firany i zas\u0142ony radimar'  itemprop=\"thumbnailUrl\"  ><img decoding=\"async\" class=\"wp-image-1237 avia-img-lazy-loading-not-1237\"   src=\"https:\/\/sklepwnetrz.pl\/salonstargard\/wp-content\/uploads\/2022\/04\/firany-i-zaslony-radimar-495x400.webp\" width=\"495\" height=\"400\"  title='firany i zas\u0142ony radimar' alt='' srcset=\"https:\/\/sklepwnetrz.pl\/salonstargard\/wp-content\/uploads\/2022\/04\/firany-i-zaslony-radimar-495x400.webp 495w, https:\/\/sklepwnetrz.pl\/salonstargard\/wp-content\/uploads\/2022\/04\/firany-i-zaslony-radimar-845x684.webp 845w\" sizes=\"(max-width: 495px) 100vw, 495px\" \/><\/a> <a href=\"https:\/\/sklepwnetrz.pl\/salonstargard\/wp-content\/uploads\/2022\/04\/20220427_183637-1030x773.webp\" data-srcset=\"https:\/\/sklepwnetrz.pl\/salonstargard\/wp-content\/uploads\/2022\/04\/20220427_183637-1030x773.webp 1030w, https:\/\/sklepwnetrz.pl\/salonstargard\/wp-content\/uploads\/2022\/04\/20220427_183637-300x225.webp 300w, https:\/\/sklepwnetrz.pl\/salonstargard\/wp-content\/uploads\/2022\/04\/20220427_183637-768x576.webp 768w, https:\/\/sklepwnetrz.pl\/salonstargard\/wp-content\/uploads\/2022\/04\/20220427_183637-1536x1152.webp 1536w, https:\/\/sklepwnetrz.pl\/salonstargard\/wp-content\/uploads\/2022\/04\/20220427_183637-2048x1536.webp 2048w, https:\/\/sklepwnetrz.pl\/salonstargard\/wp-content\/uploads\/2022\/04\/20220427_183637-1500x1125.webp 1500w, https:\/\/sklepwnetrz.pl\/salonstargard\/wp-content\/uploads\/2022\/04\/20220427_183637-705x529.webp 705w\" data-sizes=\"(max-width: 1030px) 100vw, 1030px\" data-rel='gallery-11' data-prev-img='https:\/\/sklepwnetrz.pl\/salonstargard\/wp-content\/uploads\/2022\/04\/20220427_183637-495x400.webp' class='lightbox ' data-onclick='34' title='20220427_183637'  itemprop=\"thumbnailUrl\"  ><img decoding=\"async\" class=\"wp-image-1232 avia-img-lazy-loading-not-1232\"   src=\"https:\/\/sklepwnetrz.pl\/salonstargard\/wp-content\/uploads\/2022\/04\/20220427_183637-495x400.webp\" width=\"495\" height=\"400\"  title='20220427_183637' alt='' srcset=\"https:\/\/sklepwnetrz.pl\/salonstargard\/wp-content\/uploads\/2022\/04\/20220427_183637-495x400.webp 495w, https:\/\/sklepwnetrz.pl\/salonstargard\/wp-content\/uploads\/2022\/04\/20220427_183637-845x684.webp 845w\" sizes=\"(max-width: 495px) 100vw, 495px\" \/><\/a> <a href=\"https:\/\/sklepwnetrz.pl\/salonstargard\/wp-content\/uploads\/2021\/10\/firany-radimar-1030x1030.png\" data-srcset=\"https:\/\/sklepwnetrz.pl\/salonstargard\/wp-content\/uploads\/2021\/10\/firany-radimar-1030x1030.png 1030w, https:\/\/sklepwnetrz.pl\/salonstargard\/wp-content\/uploads\/2021\/10\/firany-radimar-300x300.png 300w, https:\/\/sklepwnetrz.pl\/salonstargard\/wp-content\/uploads\/2021\/10\/firany-radimar-80x80.png 80w, https:\/\/sklepwnetrz.pl\/salonstargard\/wp-content\/uploads\/2021\/10\/firany-radimar-768x768.png 768w, https:\/\/sklepwnetrz.pl\/salonstargard\/wp-content\/uploads\/2021\/10\/firany-radimar-36x36.png 36w, https:\/\/sklepwnetrz.pl\/salonstargard\/wp-content\/uploads\/2021\/10\/firany-radimar-180x180.png 180w, https:\/\/sklepwnetrz.pl\/salonstargard\/wp-content\/uploads\/2021\/10\/firany-radimar-705x705.png 705w, https:\/\/sklepwnetrz.pl\/salonstargard\/wp-content\/uploads\/2021\/10\/firany-radimar.png 1080w\" data-sizes=\"(max-width: 1030px) 100vw, 1030px\" data-rel='gallery-11' data-prev-img='https:\/\/sklepwnetrz.pl\/salonstargard\/wp-content\/uploads\/2021\/10\/firany-radimar-495x400.png' class='lightbox ' data-onclick='35' title='firany radimar'  itemprop=\"thumbnailUrl\"  ><img decoding=\"async\" class=\"wp-image-445 avia-img-lazy-loading-not-445\"   src=\"https:\/\/sklepwnetrz.pl\/salonstargard\/wp-content\/uploads\/2021\/10\/firany-radimar-495x400.png\" width=\"495\" height=\"400\"  title='firany radimar' alt='' srcset=\"https:\/\/sklepwnetrz.pl\/salonstargard\/wp-content\/uploads\/2021\/10\/firany-radimar-495x400.png 495w, https:\/\/sklepwnetrz.pl\/salonstargard\/wp-content\/uploads\/2021\/10\/firany-radimar-845x684.png 845w\" sizes=\"(max-width: 495px) 100vw, 495px\" \/><\/a> <a href=\"https:\/\/sklepwnetrz.pl\/salonstargard\/wp-content\/uploads\/2023\/05\/post2-1030x1030.webp\" data-srcset=\"https:\/\/sklepwnetrz.pl\/salonstargard\/wp-content\/uploads\/2023\/05\/post2-1030x1030.webp 1030w, https:\/\/sklepwnetrz.pl\/salonstargard\/wp-content\/uploads\/2023\/05\/post2-300x300.webp 300w, https:\/\/sklepwnetrz.pl\/salonstargard\/wp-content\/uploads\/2023\/05\/post2-80x80.webp 80w, https:\/\/sklepwnetrz.pl\/salonstargard\/wp-content\/uploads\/2023\/05\/post2-768x768.webp 768w, https:\/\/sklepwnetrz.pl\/salonstargard\/wp-content\/uploads\/2023\/05\/post2-36x36.webp 36w, https:\/\/sklepwnetrz.pl\/salonstargard\/wp-content\/uploads\/2023\/05\/post2-180x180.webp 180w, https:\/\/sklepwnetrz.pl\/salonstargard\/wp-content\/uploads\/2023\/05\/post2-705x705.webp 705w, https:\/\/sklepwnetrz.pl\/salonstargard\/wp-content\/uploads\/2023\/05\/post2.webp 1200w\" data-sizes=\"(max-width: 1030px) 100vw, 1030px\" data-rel='gallery-11' data-prev-img='https:\/\/sklepwnetrz.pl\/salonstargard\/wp-content\/uploads\/2023\/05\/post2-495x400.webp' class='first_thumb lightbox ' data-onclick='36' title='post2'  itemprop=\"thumbnailUrl\"  ><img decoding=\"async\" class=\"wp-image-1519 avia-img-lazy-loading-not-1519\"   src=\"https:\/\/sklepwnetrz.pl\/salonstargard\/wp-content\/uploads\/2023\/05\/post2-495x400.webp\" width=\"495\" height=\"400\"  title='post2' alt='' srcset=\"https:\/\/sklepwnetrz.pl\/salonstargard\/wp-content\/uploads\/2023\/05\/post2-495x400.webp 495w, https:\/\/sklepwnetrz.pl\/salonstargard\/wp-content\/uploads\/2023\/05\/post2-845x684.webp 845w\" sizes=\"(max-width: 495px) 100vw, 495px\" \/><\/a> <a href=\"https:\/\/sklepwnetrz.pl\/salonstargard\/wp-content\/uploads\/2021\/10\/radimar-salon-stargard-1030x773.png\" data-srcset=\"https:\/\/sklepwnetrz.pl\/salonstargard\/wp-content\/uploads\/2021\/10\/radimar-salon-stargard-1030x773.png 1030w, https:\/\/sklepwnetrz.pl\/salonstargard\/wp-content\/uploads\/2021\/10\/radimar-salon-stargard-300x225.png 300w, https:\/\/sklepwnetrz.pl\/salonstargard\/wp-content\/uploads\/2021\/10\/radimar-salon-stargard-768x576.png 768w, https:\/\/sklepwnetrz.pl\/salonstargard\/wp-content\/uploads\/2021\/10\/radimar-salon-stargard-1536x1152.png 1536w, https:\/\/sklepwnetrz.pl\/salonstargard\/wp-content\/uploads\/2021\/10\/radimar-salon-stargard-1500x1125.png 1500w, https:\/\/sklepwnetrz.pl\/salonstargard\/wp-content\/uploads\/2021\/10\/radimar-salon-stargard-705x529.png 705w, https:\/\/sklepwnetrz.pl\/salonstargard\/wp-content\/uploads\/2021\/10\/radimar-salon-stargard.png 2000w\" data-sizes=\"(max-width: 1030px) 100vw, 1030px\" data-rel='gallery-11' data-prev-img='https:\/\/sklepwnetrz.pl\/salonstargard\/wp-content\/uploads\/2021\/10\/radimar-salon-stargard-495x400.png' class='lightbox ' data-onclick='37' title='roleta rzymska RADIMAR'  itemprop=\"thumbnailUrl\"  ><img decoding=\"async\" class=\"wp-image-395 avia-img-lazy-loading-not-395\"  data-avia-tooltip='roleta rzymska RADIMAR' src=\"https:\/\/sklepwnetrz.pl\/salonstargard\/wp-content\/uploads\/2021\/10\/radimar-salon-stargard-495x400.png\" width=\"495\" height=\"400\"  title='radimar salon stargard' alt='' srcset=\"https:\/\/sklepwnetrz.pl\/salonstargard\/wp-content\/uploads\/2021\/10\/radimar-salon-stargard-495x400.png 495w, https:\/\/sklepwnetrz.pl\/salonstargard\/wp-content\/uploads\/2021\/10\/radimar-salon-stargard-845x684.png 845w\" sizes=\"(max-width: 495px) 100vw, 495px\" \/><\/a> <a href=\"https:\/\/sklepwnetrz.pl\/salonstargard\/wp-content\/uploads\/2021\/10\/2019-07-10-1.jpg\" data-srcset=\"https:\/\/sklepwnetrz.pl\/salonstargard\/wp-content\/uploads\/2021\/10\/2019-07-10-1.jpg 384w, https:\/\/sklepwnetrz.pl\/salonstargard\/wp-content\/uploads\/2021\/10\/2019-07-10-1-225x300.jpg 225w\" data-sizes=\"(max-width: 384px) 100vw, 384px\" data-rel='gallery-11' data-prev-img='https:\/\/sklepwnetrz.pl\/salonstargard\/wp-content\/uploads\/2021\/10\/2019-07-10-1-384x400.jpg' class='lightbox ' data-onclick='38' title='roleta rzymska RADIMAR'  itemprop=\"thumbnailUrl\"  ><img decoding=\"async\" class=\"wp-image-443 avia-img-lazy-loading-not-443\"  data-avia-tooltip='roleta rzymska RADIMAR' src=\"https:\/\/sklepwnetrz.pl\/salonstargard\/wp-content\/uploads\/2021\/10\/2019-07-10-1-384x400.jpg\" width=\"384\" height=\"400\"  title='2019-07-10 (1)' alt='rolety rzymskie radimar' \/><\/a> <a href=\"https:\/\/sklepwnetrz.pl\/salonstargard\/wp-content\/uploads\/2021\/10\/zaslony-radimar-1030x1030.png\" data-srcset=\"https:\/\/sklepwnetrz.pl\/salonstargard\/wp-content\/uploads\/2021\/10\/zaslony-radimar-1030x1030.png 1030w, https:\/\/sklepwnetrz.pl\/salonstargard\/wp-content\/uploads\/2021\/10\/zaslony-radimar-300x300.png 300w, https:\/\/sklepwnetrz.pl\/salonstargard\/wp-content\/uploads\/2021\/10\/zaslony-radimar-80x80.png 80w, https:\/\/sklepwnetrz.pl\/salonstargard\/wp-content\/uploads\/2021\/10\/zaslony-radimar-768x768.png 768w, https:\/\/sklepwnetrz.pl\/salonstargard\/wp-content\/uploads\/2021\/10\/zaslony-radimar-36x36.png 36w, https:\/\/sklepwnetrz.pl\/salonstargard\/wp-content\/uploads\/2021\/10\/zaslony-radimar-180x180.png 180w, https:\/\/sklepwnetrz.pl\/salonstargard\/wp-content\/uploads\/2021\/10\/zaslony-radimar-705x705.png 705w, https:\/\/sklepwnetrz.pl\/salonstargard\/wp-content\/uploads\/2021\/10\/zaslony-radimar.png 1080w\" data-sizes=\"(max-width: 1030px) 100vw, 1030px\" data-rel='gallery-11' data-prev-img='https:\/\/sklepwnetrz.pl\/salonstargard\/wp-content\/uploads\/2021\/10\/zaslony-radimar-495x400.png' class='lightbox ' data-onclick='39' title='roleta rzymska RADIMAR'  itemprop=\"thumbnailUrl\"  ><img decoding=\"async\" class=\"wp-image-447 avia-img-lazy-loading-not-447\"  data-avia-tooltip='roleta rzymska RADIMAR' src=\"https:\/\/sklepwnetrz.pl\/salonstargard\/wp-content\/uploads\/2021\/10\/zaslony-radimar-495x400.png\" width=\"495\" height=\"400\"  title='zas\u0142ony radimar' alt='' srcset=\"https:\/\/sklepwnetrz.pl\/salonstargard\/wp-content\/uploads\/2021\/10\/zaslony-radimar-495x400.png 495w, https:\/\/sklepwnetrz.pl\/salonstargard\/wp-content\/uploads\/2021\/10\/zaslony-radimar-845x684.png 845w\" sizes=\"(max-width: 495px) 100vw, 495px\" \/><\/a> <a href=\"https:\/\/sklepwnetrz.pl\/salonstargard\/wp-content\/uploads\/2021\/10\/karnisze-giete-1030x1030.png\" data-srcset=\"https:\/\/sklepwnetrz.pl\/salonstargard\/wp-content\/uploads\/2021\/10\/karnisze-giete-1030x1030.png 1030w, https:\/\/sklepwnetrz.pl\/salonstargard\/wp-content\/uploads\/2021\/10\/karnisze-giete-300x300.png 300w, https:\/\/sklepwnetrz.pl\/salonstargard\/wp-content\/uploads\/2021\/10\/karnisze-giete-80x80.png 80w, https:\/\/sklepwnetrz.pl\/salonstargard\/wp-content\/uploads\/2021\/10\/karnisze-giete-768x768.png 768w, https:\/\/sklepwnetrz.pl\/salonstargard\/wp-content\/uploads\/2021\/10\/karnisze-giete-36x36.png 36w, https:\/\/sklepwnetrz.pl\/salonstargard\/wp-content\/uploads\/2021\/10\/karnisze-giete-180x180.png 180w, https:\/\/sklepwnetrz.pl\/salonstargard\/wp-content\/uploads\/2021\/10\/karnisze-giete-705x705.png 705w, https:\/\/sklepwnetrz.pl\/salonstargard\/wp-content\/uploads\/2021\/10\/karnisze-giete.png 1080w\" data-sizes=\"(max-width: 1030px) 100vw, 1030px\" data-rel='gallery-11' data-prev-img='https:\/\/sklepwnetrz.pl\/salonstargard\/wp-content\/uploads\/2021\/10\/karnisze-giete-495x400.png' class='lightbox ' data-onclick='40' title='karnisze gi\u0119te'  itemprop=\"thumbnailUrl\"  ><img decoding=\"async\" class=\"wp-image-526 avia-img-lazy-loading-not-526\"   src=\"https:\/\/sklepwnetrz.pl\/salonstargard\/wp-content\/uploads\/2021\/10\/karnisze-giete-495x400.png\" width=\"495\" height=\"400\"  title='karnisze gi\u0119te' alt='' srcset=\"https:\/\/sklepwnetrz.pl\/salonstargard\/wp-content\/uploads\/2021\/10\/karnisze-giete-495x400.png 495w, https:\/\/sklepwnetrz.pl\/salonstargard\/wp-content\/uploads\/2021\/10\/karnisze-giete-845x684.png 845w\" sizes=\"(max-width: 495px) 100vw, 495px\" \/><\/a> <a href=\"https:\/\/sklepwnetrz.pl\/salonstargard\/wp-content\/uploads\/2021\/10\/rolety-weneckie-1030x1030.png\" data-srcset=\"https:\/\/sklepwnetrz.pl\/salonstargard\/wp-content\/uploads\/2021\/10\/rolety-weneckie-1030x1030.png 1030w, https:\/\/sklepwnetrz.pl\/salonstargard\/wp-content\/uploads\/2021\/10\/rolety-weneckie-300x300.png 300w, https:\/\/sklepwnetrz.pl\/salonstargard\/wp-content\/uploads\/2021\/10\/rolety-weneckie-80x80.png 80w, https:\/\/sklepwnetrz.pl\/salonstargard\/wp-content\/uploads\/2021\/10\/rolety-weneckie-768x768.png 768w, https:\/\/sklepwnetrz.pl\/salonstargard\/wp-content\/uploads\/2021\/10\/rolety-weneckie-36x36.png 36w, https:\/\/sklepwnetrz.pl\/salonstargard\/wp-content\/uploads\/2021\/10\/rolety-weneckie-180x180.png 180w, https:\/\/sklepwnetrz.pl\/salonstargard\/wp-content\/uploads\/2021\/10\/rolety-weneckie-705x705.png 705w, https:\/\/sklepwnetrz.pl\/salonstargard\/wp-content\/uploads\/2021\/10\/rolety-weneckie.png 1080w\" data-sizes=\"(max-width: 1030px) 100vw, 1030px\" data-rel='gallery-11' data-prev-img='https:\/\/sklepwnetrz.pl\/salonstargard\/wp-content\/uploads\/2021\/10\/rolety-weneckie-495x400.png' class='first_thumb lightbox ' data-onclick='41' title='rolety weneckie'  itemprop=\"thumbnailUrl\"  ><img decoding=\"async\" class=\"wp-image-528 avia-img-lazy-loading-not-528\"   src=\"https:\/\/sklepwnetrz.pl\/salonstargard\/wp-content\/uploads\/2021\/10\/rolety-weneckie-495x400.png\" width=\"495\" height=\"400\"  title='rolety weneckie' alt='' srcset=\"https:\/\/sklepwnetrz.pl\/salonstargard\/wp-content\/uploads\/2021\/10\/rolety-weneckie-495x400.png 495w, https:\/\/sklepwnetrz.pl\/salonstargard\/wp-content\/uploads\/2021\/10\/rolety-weneckie-845x684.png 845w\" sizes=\"(max-width: 495px) 100vw, 495px\" \/><\/a> <a href=\"https:\/\/sklepwnetrz.pl\/salonstargard\/wp-content\/uploads\/2016\/05\/unnamed-3-1030x773.jpg\" data-srcset=\"https:\/\/sklepwnetrz.pl\/salonstargard\/wp-content\/uploads\/2016\/05\/unnamed-3-1030x773.jpg 1030w, https:\/\/sklepwnetrz.pl\/salonstargard\/wp-content\/uploads\/2016\/05\/unnamed-3-300x225.jpg 300w, https:\/\/sklepwnetrz.pl\/salonstargard\/wp-content\/uploads\/2016\/05\/unnamed-3-768x576.jpg 768w, https:\/\/sklepwnetrz.pl\/salonstargard\/wp-content\/uploads\/2016\/05\/unnamed-3-1536x1152.jpg 1536w, https:\/\/sklepwnetrz.pl\/salonstargard\/wp-content\/uploads\/2016\/05\/unnamed-3-2048x1536.jpg 2048w, https:\/\/sklepwnetrz.pl\/salonstargard\/wp-content\/uploads\/2016\/05\/unnamed-3-1500x1125.jpg 1500w, https:\/\/sklepwnetrz.pl\/salonstargard\/wp-content\/uploads\/2016\/05\/unnamed-3-705x529.jpg 705w\" data-sizes=\"(max-width: 1030px) 100vw, 1030px\" data-rel='gallery-11' data-prev-img='https:\/\/sklepwnetrz.pl\/salonstargard\/wp-content\/uploads\/2016\/05\/unnamed-3-495x400.jpg' class='lightbox ' data-onclick='42' title='unnamed (3)'  itemprop=\"thumbnailUrl\"  ><img decoding=\"async\" class=\"wp-image-600 avia-img-lazy-loading-not-600\"   src=\"https:\/\/sklepwnetrz.pl\/salonstargard\/wp-content\/uploads\/2016\/05\/unnamed-3-495x400.jpg\" width=\"495\" height=\"400\"  title='unnamed (3)' alt='' srcset=\"https:\/\/sklepwnetrz.pl\/salonstargard\/wp-content\/uploads\/2016\/05\/unnamed-3-495x400.jpg 495w, https:\/\/sklepwnetrz.pl\/salonstargard\/wp-content\/uploads\/2016\/05\/unnamed-3-845x684.jpg 845w\" sizes=\"(max-width: 495px) 100vw, 495px\" \/><\/a> <a href=\"https:\/\/sklepwnetrz.pl\/salonstargard\/wp-content\/uploads\/2016\/05\/unnamed-2-773x1030.jpg\" data-srcset=\"https:\/\/sklepwnetrz.pl\/salonstargard\/wp-content\/uploads\/2016\/05\/unnamed-2-773x1030.jpg 773w, https:\/\/sklepwnetrz.pl\/salonstargard\/wp-content\/uploads\/2016\/05\/unnamed-2-225x300.jpg 225w, https:\/\/sklepwnetrz.pl\/salonstargard\/wp-content\/uploads\/2016\/05\/unnamed-2-768x1024.jpg 768w, https:\/\/sklepwnetrz.pl\/salonstargard\/wp-content\/uploads\/2016\/05\/unnamed-2-1152x1536.jpg 1152w, https:\/\/sklepwnetrz.pl\/salonstargard\/wp-content\/uploads\/2016\/05\/unnamed-2-1536x2048.jpg 1536w, https:\/\/sklepwnetrz.pl\/salonstargard\/wp-content\/uploads\/2016\/05\/unnamed-2-1125x1500.jpg 1125w, https:\/\/sklepwnetrz.pl\/salonstargard\/wp-content\/uploads\/2016\/05\/unnamed-2-529x705.jpg 529w, https:\/\/sklepwnetrz.pl\/salonstargard\/wp-content\/uploads\/2016\/05\/unnamed-2-scaled.jpg 1920w\" data-sizes=\"(max-width: 773px) 100vw, 773px\" data-rel='gallery-11' data-prev-img='https:\/\/sklepwnetrz.pl\/salonstargard\/wp-content\/uploads\/2016\/05\/unnamed-2-495x400.jpg' class='lightbox ' data-onclick='43' title='unnamed (2)'  itemprop=\"thumbnailUrl\"  ><img decoding=\"async\" class=\"wp-image-599 avia-img-lazy-loading-not-599\"   src=\"https:\/\/sklepwnetrz.pl\/salonstargard\/wp-content\/uploads\/2016\/05\/unnamed-2-495x400.jpg\" width=\"495\" height=\"400\"  title='unnamed (2)' alt='' srcset=\"https:\/\/sklepwnetrz.pl\/salonstargard\/wp-content\/uploads\/2016\/05\/unnamed-2-495x400.jpg 495w, https:\/\/sklepwnetrz.pl\/salonstargard\/wp-content\/uploads\/2016\/05\/unnamed-2-845x684.jpg 845w\" sizes=\"(max-width: 495px) 100vw, 495px\" \/><\/a> <a href=\"https:\/\/sklepwnetrz.pl\/salonstargard\/wp-content\/uploads\/2023\/02\/top13-1030x687.webp\" data-srcset=\"https:\/\/sklepwnetrz.pl\/salonstargard\/wp-content\/uploads\/2023\/02\/top13-1030x687.webp 1030w, https:\/\/sklepwnetrz.pl\/salonstargard\/wp-content\/uploads\/2023\/02\/top13-300x200.webp 300w, https:\/\/sklepwnetrz.pl\/salonstargard\/wp-content\/uploads\/2023\/02\/top13-768x512.webp 768w, https:\/\/sklepwnetrz.pl\/salonstargard\/wp-content\/uploads\/2023\/02\/top13-705x470.webp 705w, https:\/\/sklepwnetrz.pl\/salonstargard\/wp-content\/uploads\/2023\/02\/top13.webp 1200w\" data-sizes=\"(max-width: 1030px) 100vw, 1030px\" data-rel='gallery-11' data-prev-img='https:\/\/sklepwnetrz.pl\/salonstargard\/wp-content\/uploads\/2023\/02\/top13-495x400.webp' class='lightbox ' data-onclick='44' title='top13'  itemprop=\"thumbnailUrl\"  ><img decoding=\"async\" class=\"wp-image-1461 avia-img-lazy-loading-not-1461\"   src=\"https:\/\/sklepwnetrz.pl\/salonstargard\/wp-content\/uploads\/2023\/02\/top13-495x400.webp\" width=\"495\" height=\"400\"  title='top13' alt='' srcset=\"https:\/\/sklepwnetrz.pl\/salonstargard\/wp-content\/uploads\/2023\/02\/top13-495x400.webp 495w, https:\/\/sklepwnetrz.pl\/salonstargard\/wp-content\/uploads\/2023\/02\/top13-845x684.webp 845w\" sizes=\"(max-width: 495px) 100vw, 495px\" \/><\/a> <a href=\"https:\/\/sklepwnetrz.pl\/salonstargard\/wp-content\/uploads\/2016\/05\/unnamed-7-773x1030.jpg\" data-srcset=\"https:\/\/sklepwnetrz.pl\/salonstargard\/wp-content\/uploads\/2016\/05\/unnamed-7-773x1030.jpg 773w, https:\/\/sklepwnetrz.pl\/salonstargard\/wp-content\/uploads\/2016\/05\/unnamed-7-225x300.jpg 225w, https:\/\/sklepwnetrz.pl\/salonstargard\/wp-content\/uploads\/2016\/05\/unnamed-7-768x1024.jpg 768w, https:\/\/sklepwnetrz.pl\/salonstargard\/wp-content\/uploads\/2016\/05\/unnamed-7-1152x1536.jpg 1152w, https:\/\/sklepwnetrz.pl\/salonstargard\/wp-content\/uploads\/2016\/05\/unnamed-7-1536x2048.jpg 1536w, https:\/\/sklepwnetrz.pl\/salonstargard\/wp-content\/uploads\/2016\/05\/unnamed-7-1125x1500.jpg 1125w, https:\/\/sklepwnetrz.pl\/salonstargard\/wp-content\/uploads\/2016\/05\/unnamed-7-529x705.jpg 529w, https:\/\/sklepwnetrz.pl\/salonstargard\/wp-content\/uploads\/2016\/05\/unnamed-7-scaled.jpg 1920w\" data-sizes=\"(max-width: 773px) 100vw, 773px\" data-rel='gallery-11' data-prev-img='https:\/\/sklepwnetrz.pl\/salonstargard\/wp-content\/uploads\/2016\/05\/unnamed-7-495x400.jpg' class='lightbox ' data-onclick='45' title='zas\u0142ony musztardowe'  itemprop=\"thumbnailUrl\"  ><img decoding=\"async\" class=\"wp-image-604 avia-img-lazy-loading-not-604\"   src=\"https:\/\/sklepwnetrz.pl\/salonstargard\/wp-content\/uploads\/2016\/05\/unnamed-7-495x400.jpg\" width=\"495\" height=\"400\"  title='zas\u0142ony musztardowe' alt='' srcset=\"https:\/\/sklepwnetrz.pl\/salonstargard\/wp-content\/uploads\/2016\/05\/unnamed-7-495x400.jpg 495w, https:\/\/sklepwnetrz.pl\/salonstargard\/wp-content\/uploads\/2016\/05\/unnamed-7-845x684.jpg 845w\" sizes=\"(max-width: 495px) 100vw, 495px\" \/><\/a> <a href=\"https:\/\/sklepwnetrz.pl\/salonstargard\/wp-content\/uploads\/2016\/05\/unnamed1-773x1030.jpg\" data-srcset=\"https:\/\/sklepwnetrz.pl\/salonstargard\/wp-content\/uploads\/2016\/05\/unnamed1-773x1030.jpg 773w, https:\/\/sklepwnetrz.pl\/salonstargard\/wp-content\/uploads\/2016\/05\/unnamed1-225x300.jpg 225w, https:\/\/sklepwnetrz.pl\/salonstargard\/wp-content\/uploads\/2016\/05\/unnamed1-768x1024.jpg 768w, https:\/\/sklepwnetrz.pl\/salonstargard\/wp-content\/uploads\/2016\/05\/unnamed1-1152x1536.jpg 1152w, https:\/\/sklepwnetrz.pl\/salonstargard\/wp-content\/uploads\/2016\/05\/unnamed1-1536x2048.jpg 1536w, https:\/\/sklepwnetrz.pl\/salonstargard\/wp-content\/uploads\/2016\/05\/unnamed1-1125x1500.jpg 1125w, https:\/\/sklepwnetrz.pl\/salonstargard\/wp-content\/uploads\/2016\/05\/unnamed1-529x705.jpg 529w, https:\/\/sklepwnetrz.pl\/salonstargard\/wp-content\/uploads\/2016\/05\/unnamed1-scaled.jpg 1920w\" data-sizes=\"(max-width: 773px) 100vw, 773px\" data-rel='gallery-11' data-prev-img='https:\/\/sklepwnetrz.pl\/salonstargard\/wp-content\/uploads\/2016\/05\/unnamed1-495x400.jpg' class='first_thumb lightbox ' data-onclick='46' title='unnamed1'  itemprop=\"thumbnailUrl\"  ><img decoding=\"async\" class=\"wp-image-609 avia-img-lazy-loading-not-609\"   src=\"https:\/\/sklepwnetrz.pl\/salonstargard\/wp-content\/uploads\/2016\/05\/unnamed1-495x400.jpg\" width=\"495\" height=\"400\"  title='unnamed1' alt='' srcset=\"https:\/\/sklepwnetrz.pl\/salonstargard\/wp-content\/uploads\/2016\/05\/unnamed1-495x400.jpg 495w, https:\/\/sklepwnetrz.pl\/salonstargard\/wp-content\/uploads\/2016\/05\/unnamed1-845x684.jpg 845w\" sizes=\"(max-width: 495px) 100vw, 495px\" \/><\/a> <a href=\"https:\/\/sklepwnetrz.pl\/salonstargard\/wp-content\/uploads\/2016\/05\/27746838_1797053270313661_1382412902_o-1024x578-1.jpg\" data-srcset=\"https:\/\/sklepwnetrz.pl\/salonstargard\/wp-content\/uploads\/2016\/05\/27746838_1797053270313661_1382412902_o-1024x578-1.jpg 1024w, https:\/\/sklepwnetrz.pl\/salonstargard\/wp-content\/uploads\/2016\/05\/27746838_1797053270313661_1382412902_o-1024x578-1-300x169.jpg 300w, https:\/\/sklepwnetrz.pl\/salonstargard\/wp-content\/uploads\/2016\/05\/27746838_1797053270313661_1382412902_o-1024x578-1-768x434.jpg 768w, https:\/\/sklepwnetrz.pl\/salonstargard\/wp-content\/uploads\/2016\/05\/27746838_1797053270313661_1382412902_o-1024x578-1-705x398.jpg 705w\" data-sizes=\"(max-width: 1024px) 100vw, 1024px\" data-rel='gallery-11' data-prev-img='https:\/\/sklepwnetrz.pl\/salonstargard\/wp-content\/uploads\/2016\/05\/27746838_1797053270313661_1382412902_o-1024x578-1-495x400.jpg' class='lightbox ' data-onclick='47' title='firany i zas\u0142ony'  itemprop=\"thumbnailUrl\"  ><img decoding=\"async\" class=\"wp-image-614 avia-img-lazy-loading-not-614\"   src=\"https:\/\/sklepwnetrz.pl\/salonstargard\/wp-content\/uploads\/2016\/05\/27746838_1797053270313661_1382412902_o-1024x578-1-495x400.jpg\" width=\"495\" height=\"400\"  title='firany i zas\u0142ony' alt='' \/><\/a> <a href=\"https:\/\/sklepwnetrz.pl\/salonstargard\/wp-content\/uploads\/2016\/05\/67684889_2497197930525022_503500996090003456_n-1030x773.jpg\" data-srcset=\"https:\/\/sklepwnetrz.pl\/salonstargard\/wp-content\/uploads\/2016\/05\/67684889_2497197930525022_503500996090003456_n-1030x773.jpg 1030w, https:\/\/sklepwnetrz.pl\/salonstargard\/wp-content\/uploads\/2016\/05\/67684889_2497197930525022_503500996090003456_n-300x225.jpg 300w, https:\/\/sklepwnetrz.pl\/salonstargard\/wp-content\/uploads\/2016\/05\/67684889_2497197930525022_503500996090003456_n-768x576.jpg 768w, https:\/\/sklepwnetrz.pl\/salonstargard\/wp-content\/uploads\/2016\/05\/67684889_2497197930525022_503500996090003456_n-1536x1152.jpg 1536w, https:\/\/sklepwnetrz.pl\/salonstargard\/wp-content\/uploads\/2016\/05\/67684889_2497197930525022_503500996090003456_n-1500x1125.jpg 1500w, https:\/\/sklepwnetrz.pl\/salonstargard\/wp-content\/uploads\/2016\/05\/67684889_2497197930525022_503500996090003456_n-705x529.jpg 705w, https:\/\/sklepwnetrz.pl\/salonstargard\/wp-content\/uploads\/2016\/05\/67684889_2497197930525022_503500996090003456_n.jpg 2048w\" data-sizes=\"(max-width: 1030px) 100vw, 1030px\" data-rel='gallery-11' data-prev-img='https:\/\/sklepwnetrz.pl\/salonstargard\/wp-content\/uploads\/2016\/05\/67684889_2497197930525022_503500996090003456_n-495x400.jpg' class='lightbox ' data-onclick='48' title='firany i zas\u0142ony do salonu'  itemprop=\"thumbnailUrl\"  ><img decoding=\"async\" class=\"wp-image-616 avia-img-lazy-loading-not-616\"   src=\"https:\/\/sklepwnetrz.pl\/salonstargard\/wp-content\/uploads\/2016\/05\/67684889_2497197930525022_503500996090003456_n-495x400.jpg\" width=\"495\" height=\"400\"  title='firany i zas\u0142ony do salonu' alt='' srcset=\"https:\/\/sklepwnetrz.pl\/salonstargard\/wp-content\/uploads\/2016\/05\/67684889_2497197930525022_503500996090003456_n-495x400.jpg 495w, https:\/\/sklepwnetrz.pl\/salonstargard\/wp-content\/uploads\/2016\/05\/67684889_2497197930525022_503500996090003456_n-845x684.jpg 845w\" sizes=\"(max-width: 495px) 100vw, 495px\" \/><\/a> <a href=\"https:\/\/sklepwnetrz.pl\/salonstargard\/wp-content\/uploads\/2016\/05\/85206511_252130782616392_2979521420003901440_n.jpg\" data-srcset=\"https:\/\/sklepwnetrz.pl\/salonstargard\/wp-content\/uploads\/2016\/05\/85206511_252130782616392_2979521420003901440_n.jpg 400w, https:\/\/sklepwnetrz.pl\/salonstargard\/wp-content\/uploads\/2016\/05\/85206511_252130782616392_2979521420003901440_n-165x300.jpg 165w, https:\/\/sklepwnetrz.pl\/salonstargard\/wp-content\/uploads\/2016\/05\/85206511_252130782616392_2979521420003901440_n-387x705.jpg 387w\" data-sizes=\"(max-width: 400px) 100vw, 400px\" data-rel='gallery-11' data-prev-img='https:\/\/sklepwnetrz.pl\/salonstargard\/wp-content\/uploads\/2016\/05\/85206511_252130782616392_2979521420003901440_n-400x400.jpg' class='lightbox ' data-onclick='49' title='firany do jadalni'  itemprop=\"thumbnailUrl\"  ><img decoding=\"async\" class=\"wp-image-617 avia-img-lazy-loading-not-617\"   src=\"https:\/\/sklepwnetrz.pl\/salonstargard\/wp-content\/uploads\/2016\/05\/85206511_252130782616392_2979521420003901440_n-400x400.jpg\" width=\"400\" height=\"400\"  title='firany do jadalni' alt='' srcset=\"https:\/\/sklepwnetrz.pl\/salonstargard\/wp-content\/uploads\/2016\/05\/85206511_252130782616392_2979521420003901440_n-400x400.jpg 400w, https:\/\/sklepwnetrz.pl\/salonstargard\/wp-content\/uploads\/2016\/05\/85206511_252130782616392_2979521420003901440_n-80x80.jpg 80w, https:\/\/sklepwnetrz.pl\/salonstargard\/wp-content\/uploads\/2016\/05\/85206511_252130782616392_2979521420003901440_n-36x36.jpg 36w, https:\/\/sklepwnetrz.pl\/salonstargard\/wp-content\/uploads\/2016\/05\/85206511_252130782616392_2979521420003901440_n-180x180.jpg 180w\" sizes=\"(max-width: 400px) 100vw, 400px\" \/><\/a> <a href=\"https:\/\/sklepwnetrz.pl\/salonstargard\/wp-content\/uploads\/2016\/05\/85238157_175208867042935_7368578895269855232_n-1030x580.jpg\" data-srcset=\"https:\/\/sklepwnetrz.pl\/salonstargard\/wp-content\/uploads\/2016\/05\/85238157_175208867042935_7368578895269855232_n-1030x580.jpg 1030w, https:\/\/sklepwnetrz.pl\/salonstargard\/wp-content\/uploads\/2016\/05\/85238157_175208867042935_7368578895269855232_n-300x169.jpg 300w, https:\/\/sklepwnetrz.pl\/salonstargard\/wp-content\/uploads\/2016\/05\/85238157_175208867042935_7368578895269855232_n-768x432.jpg 768w, https:\/\/sklepwnetrz.pl\/salonstargard\/wp-content\/uploads\/2016\/05\/85238157_175208867042935_7368578895269855232_n-1536x865.jpg 1536w, https:\/\/sklepwnetrz.pl\/salonstargard\/wp-content\/uploads\/2016\/05\/85238157_175208867042935_7368578895269855232_n-1500x844.jpg 1500w, https:\/\/sklepwnetrz.pl\/salonstargard\/wp-content\/uploads\/2016\/05\/85238157_175208867042935_7368578895269855232_n-705x397.jpg 705w, https:\/\/sklepwnetrz.pl\/salonstargard\/wp-content\/uploads\/2016\/05\/85238157_175208867042935_7368578895269855232_n.jpg 1940w\" data-sizes=\"(max-width: 1030px) 100vw, 1030px\" data-rel='gallery-11' data-prev-img='https:\/\/sklepwnetrz.pl\/salonstargard\/wp-content\/uploads\/2016\/05\/85238157_175208867042935_7368578895269855232_n-495x400.jpg' class='lightbox ' data-onclick='50' title='firany do salonu'  itemprop=\"thumbnailUrl\"  ><img decoding=\"async\" class=\"wp-image-618 avia-img-lazy-loading-not-618\"   src=\"https:\/\/sklepwnetrz.pl\/salonstargard\/wp-content\/uploads\/2016\/05\/85238157_175208867042935_7368578895269855232_n-495x400.jpg\" width=\"495\" height=\"400\"  title='firany do salonu' alt='' srcset=\"https:\/\/sklepwnetrz.pl\/salonstargard\/wp-content\/uploads\/2016\/05\/85238157_175208867042935_7368578895269855232_n-495x400.jpg 495w, https:\/\/sklepwnetrz.pl\/salonstargard\/wp-content\/uploads\/2016\/05\/85238157_175208867042935_7368578895269855232_n-845x684.jpg 845w\" sizes=\"(max-width: 495px) 100vw, 495px\" \/><\/a> <a href=\"https:\/\/sklepwnetrz.pl\/salonstargard\/wp-content\/uploads\/2016\/05\/20211128_185142-773x1030.jpg\" data-srcset=\"https:\/\/sklepwnetrz.pl\/salonstargard\/wp-content\/uploads\/2016\/05\/20211128_185142-773x1030.jpg 773w, https:\/\/sklepwnetrz.pl\/salonstargard\/wp-content\/uploads\/2016\/05\/20211128_185142-225x300.jpg 225w, https:\/\/sklepwnetrz.pl\/salonstargard\/wp-content\/uploads\/2016\/05\/20211128_185142-768x1024.jpg 768w, https:\/\/sklepwnetrz.pl\/salonstargard\/wp-content\/uploads\/2016\/05\/20211128_185142-1152x1536.jpg 1152w, https:\/\/sklepwnetrz.pl\/salonstargard\/wp-content\/uploads\/2016\/05\/20211128_185142-1536x2048.jpg 1536w, https:\/\/sklepwnetrz.pl\/salonstargard\/wp-content\/uploads\/2016\/05\/20211128_185142-1125x1500.jpg 1125w, https:\/\/sklepwnetrz.pl\/salonstargard\/wp-content\/uploads\/2016\/05\/20211128_185142-529x705.jpg 529w, https:\/\/sklepwnetrz.pl\/salonstargard\/wp-content\/uploads\/2016\/05\/20211128_185142-scaled.jpg 1920w\" data-sizes=\"(max-width: 773px) 100vw, 773px\" data-rel='gallery-11' data-prev-img='https:\/\/sklepwnetrz.pl\/salonstargard\/wp-content\/uploads\/2016\/05\/20211128_185142-495x400.jpg' class='first_thumb lightbox ' data-onclick='51' title='20211128_185142'  itemprop=\"thumbnailUrl\"  ><img decoding=\"async\" class=\"wp-image-623 avia-img-lazy-loading-not-623\"   src=\"https:\/\/sklepwnetrz.pl\/salonstargard\/wp-content\/uploads\/2016\/05\/20211128_185142-495x400.jpg\" width=\"495\" height=\"400\"  title='20211128_185142' alt='' srcset=\"https:\/\/sklepwnetrz.pl\/salonstargard\/wp-content\/uploads\/2016\/05\/20211128_185142-495x400.jpg 495w, https:\/\/sklepwnetrz.pl\/salonstargard\/wp-content\/uploads\/2016\/05\/20211128_185142-845x684.jpg 845w\" sizes=\"(max-width: 495px) 100vw, 495px\" \/><\/a> <a href=\"https:\/\/sklepwnetrz.pl\/salonstargard\/wp-content\/uploads\/2016\/05\/firany-zakladane-i-zaslony-1024x683-1.jpg\" data-srcset=\"https:\/\/sklepwnetrz.pl\/salonstargard\/wp-content\/uploads\/2016\/05\/firany-zakladane-i-zaslony-1024x683-1.jpg 1024w, https:\/\/sklepwnetrz.pl\/salonstargard\/wp-content\/uploads\/2016\/05\/firany-zakladane-i-zaslony-1024x683-1-300x200.jpg 300w, https:\/\/sklepwnetrz.pl\/salonstargard\/wp-content\/uploads\/2016\/05\/firany-zakladane-i-zaslony-1024x683-1-768x512.jpg 768w, https:\/\/sklepwnetrz.pl\/salonstargard\/wp-content\/uploads\/2016\/05\/firany-zakladane-i-zaslony-1024x683-1-705x470.jpg 705w\" data-sizes=\"(max-width: 1024px) 100vw, 1024px\" data-rel='gallery-11' data-prev-img='https:\/\/sklepwnetrz.pl\/salonstargard\/wp-content\/uploads\/2016\/05\/firany-zakladane-i-zaslony-1024x683-1-495x400.jpg' class='lightbox ' data-onclick='52' title='firany-zakladane-i-zaslony-1024x683'  itemprop=\"thumbnailUrl\"  ><img decoding=\"async\" class=\"wp-image-626 avia-img-lazy-loading-not-626\"   src=\"https:\/\/sklepwnetrz.pl\/salonstargard\/wp-content\/uploads\/2016\/05\/firany-zakladane-i-zaslony-1024x683-1-495x400.jpg\" width=\"495\" height=\"400\"  title='firany-zakladane-i-zaslony-1024x683' alt='' srcset=\"https:\/\/sklepwnetrz.pl\/salonstargard\/wp-content\/uploads\/2016\/05\/firany-zakladane-i-zaslony-1024x683-1-495x400.jpg 495w, https:\/\/sklepwnetrz.pl\/salonstargard\/wp-content\/uploads\/2016\/05\/firany-zakladane-i-zaslony-1024x683-1-845x683.jpg 845w\" sizes=\"(max-width: 495px) 100vw, 495px\" \/><\/a> <a href=\"https:\/\/sklepwnetrz.pl\/salonstargard\/wp-content\/uploads\/2016\/05\/20211111_123813-773x1030.jpg\" data-srcset=\"https:\/\/sklepwnetrz.pl\/salonstargard\/wp-content\/uploads\/2016\/05\/20211111_123813-773x1030.jpg 773w, https:\/\/sklepwnetrz.pl\/salonstargard\/wp-content\/uploads\/2016\/05\/20211111_123813-225x300.jpg 225w, https:\/\/sklepwnetrz.pl\/salonstargard\/wp-content\/uploads\/2016\/05\/20211111_123813-768x1024.jpg 768w, https:\/\/sklepwnetrz.pl\/salonstargard\/wp-content\/uploads\/2016\/05\/20211111_123813-1152x1536.jpg 1152w, https:\/\/sklepwnetrz.pl\/salonstargard\/wp-content\/uploads\/2016\/05\/20211111_123813-1536x2048.jpg 1536w, https:\/\/sklepwnetrz.pl\/salonstargard\/wp-content\/uploads\/2016\/05\/20211111_123813-1125x1500.jpg 1125w, https:\/\/sklepwnetrz.pl\/salonstargard\/wp-content\/uploads\/2016\/05\/20211111_123813-529x705.jpg 529w, https:\/\/sklepwnetrz.pl\/salonstargard\/wp-content\/uploads\/2016\/05\/20211111_123813-scaled.jpg 1920w\" data-sizes=\"(max-width: 773px) 100vw, 773px\" data-rel='gallery-11' data-prev-img='https:\/\/sklepwnetrz.pl\/salonstargard\/wp-content\/uploads\/2016\/05\/20211111_123813-495x400.jpg' class='lightbox ' data-onclick='53' title='20211111_123813'  itemprop=\"thumbnailUrl\"  ><img decoding=\"async\" class=\"wp-image-624 avia-img-lazy-loading-not-624\"   src=\"https:\/\/sklepwnetrz.pl\/salonstargard\/wp-content\/uploads\/2016\/05\/20211111_123813-495x400.jpg\" width=\"495\" height=\"400\"  title='20211111_123813' alt='' srcset=\"https:\/\/sklepwnetrz.pl\/salonstargard\/wp-content\/uploads\/2016\/05\/20211111_123813-495x400.jpg 495w, https:\/\/sklepwnetrz.pl\/salonstargard\/wp-content\/uploads\/2016\/05\/20211111_123813-845x684.jpg 845w\" sizes=\"(max-width: 495px) 100vw, 495px\" \/><\/a> <a href=\"https:\/\/sklepwnetrz.pl\/salonstargard\/wp-content\/uploads\/2016\/05\/Firany-dachowe-Stargard.jpg\" data-srcset=\"https:\/\/sklepwnetrz.pl\/salonstargard\/wp-content\/uploads\/2016\/05\/Firany-dachowe-Stargard.jpg 640w, https:\/\/sklepwnetrz.pl\/salonstargard\/wp-content\/uploads\/2016\/05\/Firany-dachowe-Stargard-300x225.jpg 300w\" data-sizes=\"(max-width: 640px) 100vw, 640px\" data-rel='gallery-11' data-prev-img='https:\/\/sklepwnetrz.pl\/salonstargard\/wp-content\/uploads\/2016\/05\/Firany-dachowe-Stargard-495x400.jpg' class='lightbox ' data-onclick='54' title='Firany-dachowe-Stargard'  itemprop=\"thumbnailUrl\"  ><img decoding=\"async\" class=\"wp-image-625 avia-img-lazy-loading-not-625\"   src=\"https:\/\/sklepwnetrz.pl\/salonstargard\/wp-content\/uploads\/2016\/05\/Firany-dachowe-Stargard-495x400.jpg\" width=\"495\" height=\"400\"  title='Firany-dachowe-Stargard' alt='' \/><\/a> <a href=\"https:\/\/sklepwnetrz.pl\/salonstargard\/wp-content\/uploads\/2016\/05\/system-wave-tajm-1024x576-1.jpg\" data-srcset=\"https:\/\/sklepwnetrz.pl\/salonstargard\/wp-content\/uploads\/2016\/05\/system-wave-tajm-1024x576-1.jpg 1024w, https:\/\/sklepwnetrz.pl\/salonstargard\/wp-content\/uploads\/2016\/05\/system-wave-tajm-1024x576-1-300x169.jpg 300w, https:\/\/sklepwnetrz.pl\/salonstargard\/wp-content\/uploads\/2016\/05\/system-wave-tajm-1024x576-1-768x432.jpg 768w, https:\/\/sklepwnetrz.pl\/salonstargard\/wp-content\/uploads\/2016\/05\/system-wave-tajm-1024x576-1-705x397.jpg 705w\" data-sizes=\"(max-width: 1024px) 100vw, 1024px\" data-rel='gallery-11' data-prev-img='https:\/\/sklepwnetrz.pl\/salonstargard\/wp-content\/uploads\/2016\/05\/system-wave-tajm-1024x576-1-495x400.jpg' class='lightbox ' data-onclick='55' title='system-wave-tajm-1024x576'  itemprop=\"thumbnailUrl\"  ><img decoding=\"async\" class=\"wp-image-627 avia-img-lazy-loading-not-627\"   src=\"https:\/\/sklepwnetrz.pl\/salonstargard\/wp-content\/uploads\/2016\/05\/system-wave-tajm-1024x576-1-495x400.jpg\" width=\"495\" height=\"400\"  title='system-wave-tajm-1024x576' alt='' \/><\/a> <a href=\"https:\/\/sklepwnetrz.pl\/salonstargard\/wp-content\/uploads\/2016\/05\/20211111_123632-773x1030.jpg\" data-srcset=\"https:\/\/sklepwnetrz.pl\/salonstargard\/wp-content\/uploads\/2016\/05\/20211111_123632-773x1030.jpg 773w, https:\/\/sklepwnetrz.pl\/salonstargard\/wp-content\/uploads\/2016\/05\/20211111_123632-225x300.jpg 225w, https:\/\/sklepwnetrz.pl\/salonstargard\/wp-content\/uploads\/2016\/05\/20211111_123632-768x1024.jpg 768w, https:\/\/sklepwnetrz.pl\/salonstargard\/wp-content\/uploads\/2016\/05\/20211111_123632-1152x1536.jpg 1152w, https:\/\/sklepwnetrz.pl\/salonstargard\/wp-content\/uploads\/2016\/05\/20211111_123632-1536x2048.jpg 1536w, https:\/\/sklepwnetrz.pl\/salonstargard\/wp-content\/uploads\/2016\/05\/20211111_123632-1125x1500.jpg 1125w, https:\/\/sklepwnetrz.pl\/salonstargard\/wp-content\/uploads\/2016\/05\/20211111_123632-529x705.jpg 529w, https:\/\/sklepwnetrz.pl\/salonstargard\/wp-content\/uploads\/2016\/05\/20211111_123632-scaled.jpg 1920w\" data-sizes=\"(max-width: 773px) 100vw, 773px\" data-rel='gallery-11' data-prev-img='https:\/\/sklepwnetrz.pl\/salonstargard\/wp-content\/uploads\/2016\/05\/20211111_123632-495x400.jpg' class='first_thumb lightbox ' data-onclick='56' title='20211111_123632'  itemprop=\"thumbnailUrl\"  ><img decoding=\"async\" class=\"wp-image-630 avia-img-lazy-loading-not-630\"   src=\"https:\/\/sklepwnetrz.pl\/salonstargard\/wp-content\/uploads\/2016\/05\/20211111_123632-495x400.jpg\" width=\"495\" height=\"400\"  title='20211111_123632' alt='' srcset=\"https:\/\/sklepwnetrz.pl\/salonstargard\/wp-content\/uploads\/2016\/05\/20211111_123632-495x400.jpg 495w, https:\/\/sklepwnetrz.pl\/salonstargard\/wp-content\/uploads\/2016\/05\/20211111_123632-845x684.jpg 845w\" sizes=\"(max-width: 495px) 100vw, 495px\" \/><\/a> <a href=\"https:\/\/sklepwnetrz.pl\/salonstargard\/wp-content\/uploads\/2016\/05\/IMG_2530-1024x576-1.jpg\" data-srcset=\"https:\/\/sklepwnetrz.pl\/salonstargard\/wp-content\/uploads\/2016\/05\/IMG_2530-1024x576-1.jpg 1024w, https:\/\/sklepwnetrz.pl\/salonstargard\/wp-content\/uploads\/2016\/05\/IMG_2530-1024x576-1-300x169.jpg 300w, https:\/\/sklepwnetrz.pl\/salonstargard\/wp-content\/uploads\/2016\/05\/IMG_2530-1024x576-1-768x432.jpg 768w, https:\/\/sklepwnetrz.pl\/salonstargard\/wp-content\/uploads\/2016\/05\/IMG_2530-1024x576-1-705x397.jpg 705w\" data-sizes=\"(max-width: 1024px) 100vw, 1024px\" data-rel='gallery-11' data-prev-img='https:\/\/sklepwnetrz.pl\/salonstargard\/wp-content\/uploads\/2016\/05\/IMG_2530-1024x576-1-495x400.jpg' class='lightbox ' data-onclick='57' title='roleta rzymska RADIMAR'  itemprop=\"thumbnailUrl\"  ><img decoding=\"async\" class=\"wp-image-633 avia-img-lazy-loading-not-633\"  data-avia-tooltip='roleta rzymska RADIMAR' src=\"https:\/\/sklepwnetrz.pl\/salonstargard\/wp-content\/uploads\/2016\/05\/IMG_2530-1024x576-1-495x400.jpg\" width=\"495\" height=\"400\"  title='IMG_2530-1024x576' alt='' \/><\/a> <a href=\"https:\/\/sklepwnetrz.pl\/salonstargard\/wp-content\/uploads\/2016\/05\/zaslony-blackout.jpg\" data-srcset=\"https:\/\/sklepwnetrz.pl\/salonstargard\/wp-content\/uploads\/2016\/05\/zaslony-blackout.jpg 360w, https:\/\/sklepwnetrz.pl\/salonstargard\/wp-content\/uploads\/2016\/05\/zaslony-blackout-169x300.jpg 169w\" data-sizes=\"(max-width: 360px) 100vw, 360px\" data-rel='gallery-11' data-prev-img='https:\/\/sklepwnetrz.pl\/salonstargard\/wp-content\/uploads\/2016\/05\/zaslony-blackout-360x400.jpg' class='lightbox ' data-onclick='58' title='zaslony blackout'  itemprop=\"thumbnailUrl\"  ><img decoding=\"async\" class=\"wp-image-635 avia-img-lazy-loading-not-635\"   src=\"https:\/\/sklepwnetrz.pl\/salonstargard\/wp-content\/uploads\/2016\/05\/zaslony-blackout-360x400.jpg\" width=\"360\" height=\"400\"  title='zaslony blackout' alt='' \/><\/a> <a href=\"https:\/\/sklepwnetrz.pl\/salonstargard\/wp-content\/uploads\/2016\/05\/zaslony-kwiaty.jpg\" data-srcset=\"https:\/\/sklepwnetrz.pl\/salonstargard\/wp-content\/uploads\/2016\/05\/zaslony-kwiaty.jpg 576w, https:\/\/sklepwnetrz.pl\/salonstargard\/wp-content\/uploads\/2016\/05\/zaslony-kwiaty-225x300.jpg 225w, https:\/\/sklepwnetrz.pl\/salonstargard\/wp-content\/uploads\/2016\/05\/zaslony-kwiaty-529x705.jpg 529w\" data-sizes=\"(max-width: 576px) 100vw, 576px\" data-rel='gallery-11' data-prev-img='https:\/\/sklepwnetrz.pl\/salonstargard\/wp-content\/uploads\/2016\/05\/zaslony-kwiaty-495x400.jpg' class='lightbox ' data-onclick='59' title='zas\u0142ony kwiaty'  itemprop=\"thumbnailUrl\"  ><img decoding=\"async\" class=\"wp-image-636 avia-img-lazy-loading-not-636\"   src=\"https:\/\/sklepwnetrz.pl\/salonstargard\/wp-content\/uploads\/2016\/05\/zaslony-kwiaty-495x400.jpg\" width=\"495\" height=\"400\"  title='zas\u0142ony kwiaty' alt='' \/><\/a> <a href=\"https:\/\/sklepwnetrz.pl\/salonstargard\/wp-content\/uploads\/2016\/05\/firana-aplikacja-Stargard.gif\" data-rel='gallery-11' data-prev-img='https:\/\/sklepwnetrz.pl\/salonstargard\/wp-content\/uploads\/2016\/05\/firana-aplikacja-Stargard-495x400.gif' class='lightbox ' data-onclick='60' title='firana-aplikacja-Stargard'  itemprop=\"thumbnailUrl\"  ><img decoding=\"async\" class=\"wp-image-673 avia-img-lazy-loading-not-673\"   src=\"https:\/\/sklepwnetrz.pl\/salonstargard\/wp-content\/uploads\/2016\/05\/firana-aplikacja-Stargard-495x400.gif\" width=\"495\" height=\"400\"  title='firana-aplikacja-Stargard' alt='' \/><\/a> <a href=\"https:\/\/sklepwnetrz.pl\/salonstargard\/wp-content\/uploads\/2016\/05\/IMG_2791-04-10-18-07-47-1030x773.jpeg\" data-srcset=\"https:\/\/sklepwnetrz.pl\/salonstargard\/wp-content\/uploads\/2016\/05\/IMG_2791-04-10-18-07-47-1030x773.jpeg 1030w, https:\/\/sklepwnetrz.pl\/salonstargard\/wp-content\/uploads\/2016\/05\/IMG_2791-04-10-18-07-47-300x225.jpeg 300w, https:\/\/sklepwnetrz.pl\/salonstargard\/wp-content\/uploads\/2016\/05\/IMG_2791-04-10-18-07-47-768x576.jpeg 768w, https:\/\/sklepwnetrz.pl\/salonstargard\/wp-content\/uploads\/2016\/05\/IMG_2791-04-10-18-07-47-1536x1152.jpeg 1536w, https:\/\/sklepwnetrz.pl\/salonstargard\/wp-content\/uploads\/2016\/05\/IMG_2791-04-10-18-07-47-2048x1536.jpeg 2048w, https:\/\/sklepwnetrz.pl\/salonstargard\/wp-content\/uploads\/2016\/05\/IMG_2791-04-10-18-07-47-1500x1125.jpeg 1500w, https:\/\/sklepwnetrz.pl\/salonstargard\/wp-content\/uploads\/2016\/05\/IMG_2791-04-10-18-07-47-705x529.jpeg 705w\" data-sizes=\"(max-width: 1030px) 100vw, 1030px\" data-rel='gallery-11' data-prev-img='https:\/\/sklepwnetrz.pl\/salonstargard\/wp-content\/uploads\/2016\/05\/IMG_2791-04-10-18-07-47-495x400.jpeg' class='first_thumb lightbox ' data-onclick='61' title='IMG_2791-04-10-18-07-47'  itemprop=\"thumbnailUrl\"  ><img decoding=\"async\" class=\"wp-image-730 avia-img-lazy-loading-not-730\"   src=\"https:\/\/sklepwnetrz.pl\/salonstargard\/wp-content\/uploads\/2016\/05\/IMG_2791-04-10-18-07-47-495x400.jpeg\" width=\"495\" height=\"400\"  title='IMG_2791-04-10-18-07-47' alt='' srcset=\"https:\/\/sklepwnetrz.pl\/salonstargard\/wp-content\/uploads\/2016\/05\/IMG_2791-04-10-18-07-47-495x400.jpeg 495w, https:\/\/sklepwnetrz.pl\/salonstargard\/wp-content\/uploads\/2016\/05\/IMG_2791-04-10-18-07-47-845x684.jpeg 845w\" sizes=\"(max-width: 495px) 100vw, 495px\" \/><\/a> <a href=\"https:\/\/sklepwnetrz.pl\/salonstargard\/wp-content\/uploads\/2016\/05\/DSC_0635-1030x579.jpg\" data-srcset=\"https:\/\/sklepwnetrz.pl\/salonstargard\/wp-content\/uploads\/2016\/05\/DSC_0635-1030x579.jpg 1030w, https:\/\/sklepwnetrz.pl\/salonstargard\/wp-content\/uploads\/2016\/05\/DSC_0635-300x169.jpg 300w, https:\/\/sklepwnetrz.pl\/salonstargard\/wp-content\/uploads\/2016\/05\/DSC_0635-768x432.jpg 768w, https:\/\/sklepwnetrz.pl\/salonstargard\/wp-content\/uploads\/2016\/05\/DSC_0635-1536x864.jpg 1536w, https:\/\/sklepwnetrz.pl\/salonstargard\/wp-content\/uploads\/2016\/05\/DSC_0635-2048x1152.jpg 2048w, https:\/\/sklepwnetrz.pl\/salonstargard\/wp-content\/uploads\/2016\/05\/DSC_0635-1500x844.jpg 1500w, https:\/\/sklepwnetrz.pl\/salonstargard\/wp-content\/uploads\/2016\/05\/DSC_0635-705x397.jpg 705w\" data-sizes=\"(max-width: 1030px) 100vw, 1030px\" data-rel='gallery-11' data-prev-img='https:\/\/sklepwnetrz.pl\/salonstargard\/wp-content\/uploads\/2016\/05\/DSC_0635-495x400.jpg' class='lightbox ' data-onclick='62' title='DSC_0635'  itemprop=\"thumbnailUrl\"  ><img decoding=\"async\" class=\"wp-image-733 avia-img-lazy-loading-not-733\"   src=\"https:\/\/sklepwnetrz.pl\/salonstargard\/wp-content\/uploads\/2016\/05\/DSC_0635-495x400.jpg\" width=\"495\" height=\"400\"  title='DSC_0635' alt='' srcset=\"https:\/\/sklepwnetrz.pl\/salonstargard\/wp-content\/uploads\/2016\/05\/DSC_0635-495x400.jpg 495w, https:\/\/sklepwnetrz.pl\/salonstargard\/wp-content\/uploads\/2016\/05\/DSC_0635-845x684.jpg 845w\" sizes=\"(max-width: 495px) 100vw, 495px\" \/><\/a> <a href=\"https:\/\/sklepwnetrz.pl\/salonstargard\/wp-content\/uploads\/2016\/05\/IMAG0059-1030x576.jpg\" data-srcset=\"https:\/\/sklepwnetrz.pl\/salonstargard\/wp-content\/uploads\/2016\/05\/IMAG0059-1030x576.jpg 1030w, https:\/\/sklepwnetrz.pl\/salonstargard\/wp-content\/uploads\/2016\/05\/IMAG0059-300x168.jpg 300w, https:\/\/sklepwnetrz.pl\/salonstargard\/wp-content\/uploads\/2016\/05\/IMAG0059-768x429.jpg 768w, https:\/\/sklepwnetrz.pl\/salonstargard\/wp-content\/uploads\/2016\/05\/IMAG0059-1536x858.jpg 1536w, https:\/\/sklepwnetrz.pl\/salonstargard\/wp-content\/uploads\/2016\/05\/IMAG0059-2048x1144.jpg 2048w, https:\/\/sklepwnetrz.pl\/salonstargard\/wp-content\/uploads\/2016\/05\/IMAG0059-1500x838.jpg 1500w, https:\/\/sklepwnetrz.pl\/salonstargard\/wp-content\/uploads\/2016\/05\/IMAG0059-705x394.jpg 705w\" data-sizes=\"(max-width: 1030px) 100vw, 1030px\" data-rel='gallery-11' data-prev-img='https:\/\/sklepwnetrz.pl\/salonstargard\/wp-content\/uploads\/2016\/05\/IMAG0059-495x400.jpg' class='lightbox ' data-onclick='63' title='IMAG0059'  itemprop=\"thumbnailUrl\"  ><img decoding=\"async\" class=\"wp-image-734 avia-img-lazy-loading-not-734\"   src=\"https:\/\/sklepwnetrz.pl\/salonstargard\/wp-content\/uploads\/2016\/05\/IMAG0059-495x400.jpg\" width=\"495\" height=\"400\"  title='IMAG0059' alt='' srcset=\"https:\/\/sklepwnetrz.pl\/salonstargard\/wp-content\/uploads\/2016\/05\/IMAG0059-495x400.jpg 495w, https:\/\/sklepwnetrz.pl\/salonstargard\/wp-content\/uploads\/2016\/05\/IMAG0059-845x684.jpg 845w\" sizes=\"(max-width: 495px) 100vw, 495px\" \/><\/a> <a href=\"https:\/\/sklepwnetrz.pl\/salonstargard\/wp-content\/uploads\/2016\/05\/18893106_1342694625818583_8524568332675810111_n.jpg\" data-srcset=\"https:\/\/sklepwnetrz.pl\/salonstargard\/wp-content\/uploads\/2016\/05\/18893106_1342694625818583_8524568332675810111_n.jpg 537w, https:\/\/sklepwnetrz.pl\/salonstargard\/wp-content\/uploads\/2016\/05\/18893106_1342694625818583_8524568332675810111_n-168x300.jpg 168w, https:\/\/sklepwnetrz.pl\/salonstargard\/wp-content\/uploads\/2016\/05\/18893106_1342694625818583_8524568332675810111_n-394x705.jpg 394w\" data-sizes=\"(max-width: 537px) 100vw, 537px\" data-rel='gallery-11' data-prev-img='https:\/\/sklepwnetrz.pl\/salonstargard\/wp-content\/uploads\/2016\/05\/18893106_1342694625818583_8524568332675810111_n-495x400.jpg' class='lightbox ' data-onclick='64' title='18893106_1342694625818583_8524568332675810111_n'  itemprop=\"thumbnailUrl\"  ><img decoding=\"async\" class=\"wp-image-735 avia-img-lazy-loading-not-735\"   src=\"https:\/\/sklepwnetrz.pl\/salonstargard\/wp-content\/uploads\/2016\/05\/18893106_1342694625818583_8524568332675810111_n-495x400.jpg\" width=\"495\" height=\"400\"  title='18893106_1342694625818583_8524568332675810111_n' alt='' \/><\/a> <a href=\"https:\/\/sklepwnetrz.pl\/salonstargard\/wp-content\/uploads\/2016\/05\/20211126_182145-1030x773.jpg\" data-srcset=\"https:\/\/sklepwnetrz.pl\/salonstargard\/wp-content\/uploads\/2016\/05\/20211126_182145-1030x773.jpg 1030w, https:\/\/sklepwnetrz.pl\/salonstargard\/wp-content\/uploads\/2016\/05\/20211126_182145-300x225.jpg 300w, https:\/\/sklepwnetrz.pl\/salonstargard\/wp-content\/uploads\/2016\/05\/20211126_182145-768x576.jpg 768w, https:\/\/sklepwnetrz.pl\/salonstargard\/wp-content\/uploads\/2016\/05\/20211126_182145-1536x1152.jpg 1536w, https:\/\/sklepwnetrz.pl\/salonstargard\/wp-content\/uploads\/2016\/05\/20211126_182145-2048x1536.jpg 2048w, https:\/\/sklepwnetrz.pl\/salonstargard\/wp-content\/uploads\/2016\/05\/20211126_182145-1500x1125.jpg 1500w, https:\/\/sklepwnetrz.pl\/salonstargard\/wp-content\/uploads\/2016\/05\/20211126_182145-705x529.jpg 705w\" data-sizes=\"(max-width: 1030px) 100vw, 1030px\" data-rel='gallery-11' data-prev-img='https:\/\/sklepwnetrz.pl\/salonstargard\/wp-content\/uploads\/2016\/05\/20211126_182145-495x400.jpg' class='lightbox ' data-onclick='65' title='20211126_182145'  itemprop=\"thumbnailUrl\"  ><img decoding=\"async\" class=\"wp-image-778 avia-img-lazy-loading-not-778\"   src=\"https:\/\/sklepwnetrz.pl\/salonstargard\/wp-content\/uploads\/2016\/05\/20211126_182145-495x400.jpg\" width=\"495\" height=\"400\"  title='20211126_182145' alt='' srcset=\"https:\/\/sklepwnetrz.pl\/salonstargard\/wp-content\/uploads\/2016\/05\/20211126_182145-495x400.jpg 495w, https:\/\/sklepwnetrz.pl\/salonstargard\/wp-content\/uploads\/2016\/05\/20211126_182145-845x684.jpg 845w\" sizes=\"(max-width: 495px) 100vw, 495px\" \/><\/a> <a href=\"https:\/\/sklepwnetrz.pl\/salonstargard\/wp-content\/uploads\/2016\/05\/20211218_123530-773x1030.jpg\" data-srcset=\"https:\/\/sklepwnetrz.pl\/salonstargard\/wp-content\/uploads\/2016\/05\/20211218_123530-773x1030.jpg 773w, https:\/\/sklepwnetrz.pl\/salonstargard\/wp-content\/uploads\/2016\/05\/20211218_123530-225x300.jpg 225w, https:\/\/sklepwnetrz.pl\/salonstargard\/wp-content\/uploads\/2016\/05\/20211218_123530-768x1024.jpg 768w, https:\/\/sklepwnetrz.pl\/salonstargard\/wp-content\/uploads\/2016\/05\/20211218_123530-1152x1536.jpg 1152w, https:\/\/sklepwnetrz.pl\/salonstargard\/wp-content\/uploads\/2016\/05\/20211218_123530-1536x2048.jpg 1536w, https:\/\/sklepwnetrz.pl\/salonstargard\/wp-content\/uploads\/2016\/05\/20211218_123530-1125x1500.jpg 1125w, https:\/\/sklepwnetrz.pl\/salonstargard\/wp-content\/uploads\/2016\/05\/20211218_123530-529x705.jpg 529w, https:\/\/sklepwnetrz.pl\/salonstargard\/wp-content\/uploads\/2016\/05\/20211218_123530-scaled.jpg 1920w\" data-sizes=\"(max-width: 773px) 100vw, 773px\" data-rel='gallery-11' data-prev-img='https:\/\/sklepwnetrz.pl\/salonstargard\/wp-content\/uploads\/2016\/05\/20211218_123530-495x400.jpg' class='first_thumb lightbox ' data-onclick='66' title='20211218_123530'  itemprop=\"thumbnailUrl\"  ><img decoding=\"async\" class=\"wp-image-784 avia-img-lazy-loading-not-784\"   src=\"https:\/\/sklepwnetrz.pl\/salonstargard\/wp-content\/uploads\/2016\/05\/20211218_123530-495x400.jpg\" width=\"495\" height=\"400\"  title='20211218_123530' alt='' srcset=\"https:\/\/sklepwnetrz.pl\/salonstargard\/wp-content\/uploads\/2016\/05\/20211218_123530-495x400.jpg 495w, https:\/\/sklepwnetrz.pl\/salonstargard\/wp-content\/uploads\/2016\/05\/20211218_123530-845x684.jpg 845w\" sizes=\"(max-width: 495px) 100vw, 495px\" \/><\/a> <a href=\"https:\/\/sklepwnetrz.pl\/salonstargard\/wp-content\/uploads\/2016\/05\/20211218_120451-773x1030.jpg\" data-srcset=\"https:\/\/sklepwnetrz.pl\/salonstargard\/wp-content\/uploads\/2016\/05\/20211218_120451-773x1030.jpg 773w, https:\/\/sklepwnetrz.pl\/salonstargard\/wp-content\/uploads\/2016\/05\/20211218_120451-225x300.jpg 225w, https:\/\/sklepwnetrz.pl\/salonstargard\/wp-content\/uploads\/2016\/05\/20211218_120451-768x1024.jpg 768w, https:\/\/sklepwnetrz.pl\/salonstargard\/wp-content\/uploads\/2016\/05\/20211218_120451-1152x1536.jpg 1152w, https:\/\/sklepwnetrz.pl\/salonstargard\/wp-content\/uploads\/2016\/05\/20211218_120451-1536x2048.jpg 1536w, https:\/\/sklepwnetrz.pl\/salonstargard\/wp-content\/uploads\/2016\/05\/20211218_120451-1125x1500.jpg 1125w, https:\/\/sklepwnetrz.pl\/salonstargard\/wp-content\/uploads\/2016\/05\/20211218_120451-529x705.jpg 529w, https:\/\/sklepwnetrz.pl\/salonstargard\/wp-content\/uploads\/2016\/05\/20211218_120451-scaled.jpg 1920w\" data-sizes=\"(max-width: 773px) 100vw, 773px\" data-rel='gallery-11' data-prev-img='https:\/\/sklepwnetrz.pl\/salonstargard\/wp-content\/uploads\/2016\/05\/20211218_120451-495x400.jpg' class='lightbox ' data-onclick='67' title='20211218_120451'  itemprop=\"thumbnailUrl\"  ><img decoding=\"async\" class=\"wp-image-783 avia-img-lazy-loading-not-783\"   src=\"https:\/\/sklepwnetrz.pl\/salonstargard\/wp-content\/uploads\/2016\/05\/20211218_120451-495x400.jpg\" width=\"495\" height=\"400\"  title='20211218_120451' alt='' srcset=\"https:\/\/sklepwnetrz.pl\/salonstargard\/wp-content\/uploads\/2016\/05\/20211218_120451-495x400.jpg 495w, https:\/\/sklepwnetrz.pl\/salonstargard\/wp-content\/uploads\/2016\/05\/20211218_120451-845x684.jpg 845w\" sizes=\"(max-width: 495px) 100vw, 495px\" \/><\/a> <a href=\"https:\/\/sklepwnetrz.pl\/salonstargard\/wp-content\/uploads\/2016\/05\/20211218_120443-773x1030.jpg\" data-srcset=\"https:\/\/sklepwnetrz.pl\/salonstargard\/wp-content\/uploads\/2016\/05\/20211218_120443-773x1030.jpg 773w, https:\/\/sklepwnetrz.pl\/salonstargard\/wp-content\/uploads\/2016\/05\/20211218_120443-225x300.jpg 225w, https:\/\/sklepwnetrz.pl\/salonstargard\/wp-content\/uploads\/2016\/05\/20211218_120443-768x1024.jpg 768w, https:\/\/sklepwnetrz.pl\/salonstargard\/wp-content\/uploads\/2016\/05\/20211218_120443-1152x1536.jpg 1152w, https:\/\/sklepwnetrz.pl\/salonstargard\/wp-content\/uploads\/2016\/05\/20211218_120443-1536x2048.jpg 1536w, https:\/\/sklepwnetrz.pl\/salonstargard\/wp-content\/uploads\/2016\/05\/20211218_120443-1125x1500.jpg 1125w, https:\/\/sklepwnetrz.pl\/salonstargard\/wp-content\/uploads\/2016\/05\/20211218_120443-529x705.jpg 529w, https:\/\/sklepwnetrz.pl\/salonstargard\/wp-content\/uploads\/2016\/05\/20211218_120443-scaled.jpg 1920w\" data-sizes=\"(max-width: 773px) 100vw, 773px\" data-rel='gallery-11' data-prev-img='https:\/\/sklepwnetrz.pl\/salonstargard\/wp-content\/uploads\/2016\/05\/20211218_120443-495x400.jpg' class='lightbox ' data-onclick='68' title='20211218_120443'  itemprop=\"thumbnailUrl\"  ><img decoding=\"async\" class=\"wp-image-782 avia-img-lazy-loading-not-782\"   src=\"https:\/\/sklepwnetrz.pl\/salonstargard\/wp-content\/uploads\/2016\/05\/20211218_120443-495x400.jpg\" width=\"495\" height=\"400\"  title='20211218_120443' alt='' srcset=\"https:\/\/sklepwnetrz.pl\/salonstargard\/wp-content\/uploads\/2016\/05\/20211218_120443-495x400.jpg 495w, https:\/\/sklepwnetrz.pl\/salonstargard\/wp-content\/uploads\/2016\/05\/20211218_120443-845x684.jpg 845w\" sizes=\"(max-width: 495px) 100vw, 495px\" \/><\/a> <a href=\"https:\/\/sklepwnetrz.pl\/salonstargard\/wp-content\/uploads\/2016\/05\/20211218_120437-1030x773.jpg\" data-srcset=\"https:\/\/sklepwnetrz.pl\/salonstargard\/wp-content\/uploads\/2016\/05\/20211218_120437-1030x773.jpg 1030w, https:\/\/sklepwnetrz.pl\/salonstargard\/wp-content\/uploads\/2016\/05\/20211218_120437-300x225.jpg 300w, https:\/\/sklepwnetrz.pl\/salonstargard\/wp-content\/uploads\/2016\/05\/20211218_120437-768x576.jpg 768w, https:\/\/sklepwnetrz.pl\/salonstargard\/wp-content\/uploads\/2016\/05\/20211218_120437-1536x1152.jpg 1536w, https:\/\/sklepwnetrz.pl\/salonstargard\/wp-content\/uploads\/2016\/05\/20211218_120437-2048x1536.jpg 2048w, https:\/\/sklepwnetrz.pl\/salonstargard\/wp-content\/uploads\/2016\/05\/20211218_120437-1500x1125.jpg 1500w, https:\/\/sklepwnetrz.pl\/salonstargard\/wp-content\/uploads\/2016\/05\/20211218_120437-705x529.jpg 705w\" data-sizes=\"(max-width: 1030px) 100vw, 1030px\" data-rel='gallery-11' data-prev-img='https:\/\/sklepwnetrz.pl\/salonstargard\/wp-content\/uploads\/2016\/05\/20211218_120437-495x400.jpg' class='lightbox ' data-onclick='69' title='20211218_120437'  itemprop=\"thumbnailUrl\"  ><img decoding=\"async\" class=\"wp-image-781 avia-img-lazy-loading-not-781\"   src=\"https:\/\/sklepwnetrz.pl\/salonstargard\/wp-content\/uploads\/2016\/05\/20211218_120437-495x400.jpg\" width=\"495\" height=\"400\"  title='20211218_120437' alt='' srcset=\"https:\/\/sklepwnetrz.pl\/salonstargard\/wp-content\/uploads\/2016\/05\/20211218_120437-495x400.jpg 495w, https:\/\/sklepwnetrz.pl\/salonstargard\/wp-content\/uploads\/2016\/05\/20211218_120437-845x684.jpg 845w\" sizes=\"(max-width: 495px) 100vw, 495px\" \/><\/a> <a href=\"https:\/\/sklepwnetrz.pl\/salonstargard\/wp-content\/uploads\/2016\/05\/20211218_131850-773x1030.jpg\" data-srcset=\"https:\/\/sklepwnetrz.pl\/salonstargard\/wp-content\/uploads\/2016\/05\/20211218_131850-773x1030.jpg 773w, https:\/\/sklepwnetrz.pl\/salonstargard\/wp-content\/uploads\/2016\/05\/20211218_131850-225x300.jpg 225w, https:\/\/sklepwnetrz.pl\/salonstargard\/wp-content\/uploads\/2016\/05\/20211218_131850-768x1024.jpg 768w, https:\/\/sklepwnetrz.pl\/salonstargard\/wp-content\/uploads\/2016\/05\/20211218_131850-1152x1536.jpg 1152w, https:\/\/sklepwnetrz.pl\/salonstargard\/wp-content\/uploads\/2016\/05\/20211218_131850-1536x2048.jpg 1536w, https:\/\/sklepwnetrz.pl\/salonstargard\/wp-content\/uploads\/2016\/05\/20211218_131850-1125x1500.jpg 1125w, https:\/\/sklepwnetrz.pl\/salonstargard\/wp-content\/uploads\/2016\/05\/20211218_131850-529x705.jpg 529w, https:\/\/sklepwnetrz.pl\/salonstargard\/wp-content\/uploads\/2016\/05\/20211218_131850-scaled.jpg 1920w\" data-sizes=\"(max-width: 773px) 100vw, 773px\" data-rel='gallery-11' data-prev-img='https:\/\/sklepwnetrz.pl\/salonstargard\/wp-content\/uploads\/2016\/05\/20211218_131850-495x400.jpg' class='lightbox ' data-onclick='70' title='20211218_131850'  itemprop=\"thumbnailUrl\"  ><img decoding=\"async\" class=\"wp-image-786 avia-img-lazy-loading-not-786\"   src=\"https:\/\/sklepwnetrz.pl\/salonstargard\/wp-content\/uploads\/2016\/05\/20211218_131850-495x400.jpg\" width=\"495\" height=\"400\"  title='20211218_131850' alt='' srcset=\"https:\/\/sklepwnetrz.pl\/salonstargard\/wp-content\/uploads\/2016\/05\/20211218_131850-495x400.jpg 495w, https:\/\/sklepwnetrz.pl\/salonstargard\/wp-content\/uploads\/2016\/05\/20211218_131850-845x684.jpg 845w\" sizes=\"(max-width: 495px) 100vw, 495px\" \/><\/a> <a href=\"https:\/\/sklepwnetrz.pl\/salonstargard\/wp-content\/uploads\/2016\/05\/20211218_131840-1030x773.jpg\" data-srcset=\"https:\/\/sklepwnetrz.pl\/salonstargard\/wp-content\/uploads\/2016\/05\/20211218_131840-1030x773.jpg 1030w, https:\/\/sklepwnetrz.pl\/salonstargard\/wp-content\/uploads\/2016\/05\/20211218_131840-300x225.jpg 300w, https:\/\/sklepwnetrz.pl\/salonstargard\/wp-content\/uploads\/2016\/05\/20211218_131840-768x576.jpg 768w, https:\/\/sklepwnetrz.pl\/salonstargard\/wp-content\/uploads\/2016\/05\/20211218_131840-1536x1152.jpg 1536w, https:\/\/sklepwnetrz.pl\/salonstargard\/wp-content\/uploads\/2016\/05\/20211218_131840-2048x1536.jpg 2048w, https:\/\/sklepwnetrz.pl\/salonstargard\/wp-content\/uploads\/2016\/05\/20211218_131840-1500x1125.jpg 1500w, https:\/\/sklepwnetrz.pl\/salonstargard\/wp-content\/uploads\/2016\/05\/20211218_131840-705x529.jpg 705w\" data-sizes=\"(max-width: 1030px) 100vw, 1030px\" data-rel='gallery-11' data-prev-img='https:\/\/sklepwnetrz.pl\/salonstargard\/wp-content\/uploads\/2016\/05\/20211218_131840-495x400.jpg' class='first_thumb lightbox ' data-onclick='71' title='20211218_131840'  itemprop=\"thumbnailUrl\"  ><img decoding=\"async\" class=\"wp-image-785 avia-img-lazy-loading-not-785\"   src=\"https:\/\/sklepwnetrz.pl\/salonstargard\/wp-content\/uploads\/2016\/05\/20211218_131840-495x400.jpg\" width=\"495\" height=\"400\"  title='20211218_131840' alt='' srcset=\"https:\/\/sklepwnetrz.pl\/salonstargard\/wp-content\/uploads\/2016\/05\/20211218_131840-495x400.jpg 495w, https:\/\/sklepwnetrz.pl\/salonstargard\/wp-content\/uploads\/2016\/05\/20211218_131840-845x684.jpg 845w\" sizes=\"(max-width: 495px) 100vw, 495px\" \/><\/a> <a href=\"https:\/\/sklepwnetrz.pl\/salonstargard\/wp-content\/uploads\/2021\/12\/TKANINY-RADIMAR-NA-WEB-1-1030x773.webp\" data-srcset=\"https:\/\/sklepwnetrz.pl\/salonstargard\/wp-content\/uploads\/2021\/12\/TKANINY-RADIMAR-NA-WEB-1-1030x773.webp 1030w, https:\/\/sklepwnetrz.pl\/salonstargard\/wp-content\/uploads\/2021\/12\/TKANINY-RADIMAR-NA-WEB-1-300x225.webp 300w, https:\/\/sklepwnetrz.pl\/salonstargard\/wp-content\/uploads\/2021\/12\/TKANINY-RADIMAR-NA-WEB-1-768x576.webp 768w, https:\/\/sklepwnetrz.pl\/salonstargard\/wp-content\/uploads\/2021\/12\/TKANINY-RADIMAR-NA-WEB-1-705x529.webp 705w, https:\/\/sklepwnetrz.pl\/salonstargard\/wp-content\/uploads\/2021\/12\/TKANINY-RADIMAR-NA-WEB-1.webp 1200w\" data-sizes=\"(max-width: 1030px) 100vw, 1030px\" data-rel='gallery-11' data-prev-img='https:\/\/sklepwnetrz.pl\/salonstargard\/wp-content\/uploads\/2021\/12\/TKANINY-RADIMAR-NA-WEB-1-495x400.webp' class='lightbox ' data-onclick='72' title='TKANINY-RADIMAR-NA-WEB'  itemprop=\"thumbnailUrl\"  ><img decoding=\"async\" class=\"wp-image-900 avia-img-lazy-loading-not-900\"   src=\"https:\/\/sklepwnetrz.pl\/salonstargard\/wp-content\/uploads\/2021\/12\/TKANINY-RADIMAR-NA-WEB-1-495x400.webp\" width=\"495\" height=\"400\"  title='TKANINY-RADIMAR-NA-WEB' alt='' srcset=\"https:\/\/sklepwnetrz.pl\/salonstargard\/wp-content\/uploads\/2021\/12\/TKANINY-RADIMAR-NA-WEB-1-495x400.webp 495w, https:\/\/sklepwnetrz.pl\/salonstargard\/wp-content\/uploads\/2021\/12\/TKANINY-RADIMAR-NA-WEB-1-845x684.webp 845w\" sizes=\"(max-width: 495px) 100vw, 495px\" \/><\/a> <a href=\"https:\/\/sklepwnetrz.pl\/salonstargard\/wp-content\/uploads\/2021\/12\/20211218_134215-773x1030.jpg\" data-srcset=\"https:\/\/sklepwnetrz.pl\/salonstargard\/wp-content\/uploads\/2021\/12\/20211218_134215-773x1030.jpg 773w, https:\/\/sklepwnetrz.pl\/salonstargard\/wp-content\/uploads\/2021\/12\/20211218_134215-225x300.jpg 225w, https:\/\/sklepwnetrz.pl\/salonstargard\/wp-content\/uploads\/2021\/12\/20211218_134215-768x1024.jpg 768w, https:\/\/sklepwnetrz.pl\/salonstargard\/wp-content\/uploads\/2021\/12\/20211218_134215-1152x1536.jpg 1152w, https:\/\/sklepwnetrz.pl\/salonstargard\/wp-content\/uploads\/2021\/12\/20211218_134215-1536x2048.jpg 1536w, https:\/\/sklepwnetrz.pl\/salonstargard\/wp-content\/uploads\/2021\/12\/20211218_134215-1125x1500.jpg 1125w, https:\/\/sklepwnetrz.pl\/salonstargard\/wp-content\/uploads\/2021\/12\/20211218_134215-529x705.jpg 529w, https:\/\/sklepwnetrz.pl\/salonstargard\/wp-content\/uploads\/2021\/12\/20211218_134215-scaled.jpg 1920w\" data-sizes=\"(max-width: 773px) 100vw, 773px\" data-rel='gallery-11' data-prev-img='https:\/\/sklepwnetrz.pl\/salonstargard\/wp-content\/uploads\/2021\/12\/20211218_134215-495x400.jpg' class='lightbox ' data-onclick='73' title='20211218_134215'  itemprop=\"thumbnailUrl\"  ><img decoding=\"async\" class=\"wp-image-902 avia-img-lazy-loading-not-902\"   src=\"https:\/\/sklepwnetrz.pl\/salonstargard\/wp-content\/uploads\/2021\/12\/20211218_134215-495x400.jpg\" width=\"495\" height=\"400\"  title='20211218_134215' alt='' srcset=\"https:\/\/sklepwnetrz.pl\/salonstargard\/wp-content\/uploads\/2021\/12\/20211218_134215-495x400.jpg 495w, https:\/\/sklepwnetrz.pl\/salonstargard\/wp-content\/uploads\/2021\/12\/20211218_134215-845x684.jpg 845w\" sizes=\"(max-width: 495px) 100vw, 495px\" \/><\/a> <a href=\"https:\/\/sklepwnetrz.pl\/salonstargard\/wp-content\/uploads\/2021\/12\/IMG20211219210449-1030x773.jpg\" data-srcset=\"https:\/\/sklepwnetrz.pl\/salonstargard\/wp-content\/uploads\/2021\/12\/IMG20211219210449-1030x773.jpg 1030w, https:\/\/sklepwnetrz.pl\/salonstargard\/wp-content\/uploads\/2021\/12\/IMG20211219210449-300x225.jpg 300w, https:\/\/sklepwnetrz.pl\/salonstargard\/wp-content\/uploads\/2021\/12\/IMG20211219210449-768x576.jpg 768w, https:\/\/sklepwnetrz.pl\/salonstargard\/wp-content\/uploads\/2021\/12\/IMG20211219210449-1536x1152.jpg 1536w, https:\/\/sklepwnetrz.pl\/salonstargard\/wp-content\/uploads\/2021\/12\/IMG20211219210449-2048x1536.jpg 2048w, https:\/\/sklepwnetrz.pl\/salonstargard\/wp-content\/uploads\/2021\/12\/IMG20211219210449-1500x1125.jpg 1500w, https:\/\/sklepwnetrz.pl\/salonstargard\/wp-content\/uploads\/2021\/12\/IMG20211219210449-705x529.jpg 705w\" data-sizes=\"(max-width: 1030px) 100vw, 1030px\" data-rel='gallery-11' data-prev-img='https:\/\/sklepwnetrz.pl\/salonstargard\/wp-content\/uploads\/2021\/12\/IMG20211219210449-495x400.jpg' class='lightbox ' data-onclick='74' title='IMG20211219210449'  itemprop=\"thumbnailUrl\"  ><img decoding=\"async\" class=\"wp-image-903 avia-img-lazy-loading-not-903\"   src=\"https:\/\/sklepwnetrz.pl\/salonstargard\/wp-content\/uploads\/2021\/12\/IMG20211219210449-495x400.jpg\" width=\"495\" height=\"400\"  title='IMG20211219210449' alt='' srcset=\"https:\/\/sklepwnetrz.pl\/salonstargard\/wp-content\/uploads\/2021\/12\/IMG20211219210449-495x400.jpg 495w, https:\/\/sklepwnetrz.pl\/salonstargard\/wp-content\/uploads\/2021\/12\/IMG20211219210449-845x684.jpg 845w\" sizes=\"(max-width: 495px) 100vw, 495px\" \/><\/a> <a href=\"https:\/\/sklepwnetrz.pl\/salonstargard\/wp-content\/uploads\/2021\/12\/kokardka.jpg\" data-srcset=\"https:\/\/sklepwnetrz.pl\/salonstargard\/wp-content\/uploads\/2021\/12\/kokardka.jpg 425w, https:\/\/sklepwnetrz.pl\/salonstargard\/wp-content\/uploads\/2021\/12\/kokardka-298x300.jpg 298w, https:\/\/sklepwnetrz.pl\/salonstargard\/wp-content\/uploads\/2021\/12\/kokardka-80x80.jpg 80w, https:\/\/sklepwnetrz.pl\/salonstargard\/wp-content\/uploads\/2021\/12\/kokardka-36x36.jpg 36w, https:\/\/sklepwnetrz.pl\/salonstargard\/wp-content\/uploads\/2021\/12\/kokardka-180x180.jpg 180w\" data-sizes=\"(max-width: 425px) 100vw, 425px\" data-rel='gallery-11' data-prev-img='https:\/\/sklepwnetrz.pl\/salonstargard\/wp-content\/uploads\/2021\/12\/kokardka-425x400.jpg' class='lightbox ' data-onclick='75' title='kokardka'  itemprop=\"thumbnailUrl\"  ><img decoding=\"async\" class=\"wp-image-905 avia-img-lazy-loading-not-905\"   src=\"https:\/\/sklepwnetrz.pl\/salonstargard\/wp-content\/uploads\/2021\/12\/kokardka-425x400.jpg\" width=\"425\" height=\"400\"  title='kokardka' alt='' \/><\/a> <a href=\"https:\/\/sklepwnetrz.pl\/salonstargard\/wp-content\/uploads\/2021\/12\/kokardka2.jpg\" data-srcset=\"https:\/\/sklepwnetrz.pl\/salonstargard\/wp-content\/uploads\/2021\/12\/kokardka2.jpg 231w, https:\/\/sklepwnetrz.pl\/salonstargard\/wp-content\/uploads\/2021\/12\/kokardka2-158x300.jpg 158w\" data-sizes=\"(max-width: 231px) 100vw, 231px\" data-rel='gallery-11' data-prev-img='https:\/\/sklepwnetrz.pl\/salonstargard\/wp-content\/uploads\/2021\/12\/kokardka2-231x400.jpg' class='first_thumb lightbox ' data-onclick='76' title='kokardka2'  itemprop=\"thumbnailUrl\"  ><img decoding=\"async\" class=\"wp-image-906 avia-img-lazy-loading-not-906\"   src=\"https:\/\/sklepwnetrz.pl\/salonstargard\/wp-content\/uploads\/2021\/12\/kokardka2-231x400.jpg\" width=\"231\" height=\"400\"  title='kokardka2' alt='' \/><\/a> <a href=\"https:\/\/sklepwnetrz.pl\/salonstargard\/wp-content\/uploads\/2021\/12\/Navy-1030x1030.jpg\" data-srcset=\"https:\/\/sklepwnetrz.pl\/salonstargard\/wp-content\/uploads\/2021\/12\/Navy-1030x1030.jpg 1030w, https:\/\/sklepwnetrz.pl\/salonstargard\/wp-content\/uploads\/2021\/12\/Navy-300x300.jpg 300w, https:\/\/sklepwnetrz.pl\/salonstargard\/wp-content\/uploads\/2021\/12\/Navy-80x80.jpg 80w, https:\/\/sklepwnetrz.pl\/salonstargard\/wp-content\/uploads\/2021\/12\/Navy-768x768.jpg 768w, https:\/\/sklepwnetrz.pl\/salonstargard\/wp-content\/uploads\/2021\/12\/Navy-1536x1536.jpg 1536w, https:\/\/sklepwnetrz.pl\/salonstargard\/wp-content\/uploads\/2021\/12\/Navy-2048x2048.jpg 2048w, https:\/\/sklepwnetrz.pl\/salonstargard\/wp-content\/uploads\/2021\/12\/Navy-36x36.jpg 36w, https:\/\/sklepwnetrz.pl\/salonstargard\/wp-content\/uploads\/2021\/12\/Navy-180x180.jpg 180w, https:\/\/sklepwnetrz.pl\/salonstargard\/wp-content\/uploads\/2021\/12\/Navy-1500x1500.jpg 1500w, https:\/\/sklepwnetrz.pl\/salonstargard\/wp-content\/uploads\/2021\/12\/Navy-705x705.jpg 705w\" data-sizes=\"(max-width: 1030px) 100vw, 1030px\" data-rel='gallery-11' data-prev-img='https:\/\/sklepwnetrz.pl\/salonstargard\/wp-content\/uploads\/2021\/12\/Navy-495x400.jpg' class='lightbox ' data-onclick='77' title='Navy'  itemprop=\"thumbnailUrl\"  ><img decoding=\"async\" class=\"wp-image-907 avia-img-lazy-loading-not-907\"   src=\"https:\/\/sklepwnetrz.pl\/salonstargard\/wp-content\/uploads\/2021\/12\/Navy-495x400.jpg\" width=\"495\" height=\"400\"  title='Navy' alt='' srcset=\"https:\/\/sklepwnetrz.pl\/salonstargard\/wp-content\/uploads\/2021\/12\/Navy-495x400.jpg 495w, https:\/\/sklepwnetrz.pl\/salonstargard\/wp-content\/uploads\/2021\/12\/Navy-845x684.jpg 845w\" sizes=\"(max-width: 495px) 100vw, 495px\" \/><\/a> <a href=\"https:\/\/sklepwnetrz.pl\/salonstargard\/wp-content\/uploads\/2021\/12\/Silver-1030x1030.jpg\" data-srcset=\"https:\/\/sklepwnetrz.pl\/salonstargard\/wp-content\/uploads\/2021\/12\/Silver-1030x1030.jpg 1030w, https:\/\/sklepwnetrz.pl\/salonstargard\/wp-content\/uploads\/2021\/12\/Silver-300x300.jpg 300w, https:\/\/sklepwnetrz.pl\/salonstargard\/wp-content\/uploads\/2021\/12\/Silver-80x80.jpg 80w, https:\/\/sklepwnetrz.pl\/salonstargard\/wp-content\/uploads\/2021\/12\/Silver-768x768.jpg 768w, https:\/\/sklepwnetrz.pl\/salonstargard\/wp-content\/uploads\/2021\/12\/Silver-1536x1536.jpg 1536w, https:\/\/sklepwnetrz.pl\/salonstargard\/wp-content\/uploads\/2021\/12\/Silver-2048x2048.jpg 2048w, https:\/\/sklepwnetrz.pl\/salonstargard\/wp-content\/uploads\/2021\/12\/Silver-36x36.jpg 36w, https:\/\/sklepwnetrz.pl\/salonstargard\/wp-content\/uploads\/2021\/12\/Silver-180x180.jpg 180w, https:\/\/sklepwnetrz.pl\/salonstargard\/wp-content\/uploads\/2021\/12\/Silver-1500x1500.jpg 1500w, https:\/\/sklepwnetrz.pl\/salonstargard\/wp-content\/uploads\/2021\/12\/Silver-705x705.jpg 705w\" data-sizes=\"(max-width: 1030px) 100vw, 1030px\" data-rel='gallery-11' data-prev-img='https:\/\/sklepwnetrz.pl\/salonstargard\/wp-content\/uploads\/2021\/12\/Silver-495x400.jpg' class='lightbox ' data-onclick='78' title='Silver'  itemprop=\"thumbnailUrl\"  ><img decoding=\"async\" class=\"wp-image-908 avia-img-lazy-loading-not-908\"   src=\"https:\/\/sklepwnetrz.pl\/salonstargard\/wp-content\/uploads\/2021\/12\/Silver-495x400.jpg\" width=\"495\" height=\"400\"  title='Silver' alt='' srcset=\"https:\/\/sklepwnetrz.pl\/salonstargard\/wp-content\/uploads\/2021\/12\/Silver-495x400.jpg 495w, https:\/\/sklepwnetrz.pl\/salonstargard\/wp-content\/uploads\/2021\/12\/Silver-845x684.jpg 845w\" sizes=\"(max-width: 495px) 100vw, 495px\" \/><\/a> <a href=\"https:\/\/sklepwnetrz.pl\/salonstargard\/wp-content\/uploads\/2021\/12\/firany-do-domu.jpg\" data-srcset=\"https:\/\/sklepwnetrz.pl\/salonstargard\/wp-content\/uploads\/2021\/12\/firany-do-domu.jpg 1017w, https:\/\/sklepwnetrz.pl\/salonstargard\/wp-content\/uploads\/2021\/12\/firany-do-domu-300x227.jpg 300w, https:\/\/sklepwnetrz.pl\/salonstargard\/wp-content\/uploads\/2021\/12\/firany-do-domu-768x580.jpg 768w, https:\/\/sklepwnetrz.pl\/salonstargard\/wp-content\/uploads\/2021\/12\/firany-do-domu-705x532.jpg 705w\" data-sizes=\"(max-width: 1017px) 100vw, 1017px\" data-rel='gallery-11' data-prev-img='https:\/\/sklepwnetrz.pl\/salonstargard\/wp-content\/uploads\/2021\/12\/firany-do-domu-495x400.jpg' class='lightbox ' data-onclick='79' title='firany do domu'  itemprop=\"thumbnailUrl\"  ><img decoding=\"async\" class=\"wp-image-909 avia-img-lazy-loading-not-909\"   src=\"https:\/\/sklepwnetrz.pl\/salonstargard\/wp-content\/uploads\/2021\/12\/firany-do-domu-495x400.jpg\" width=\"495\" height=\"400\"  title='firany do domu' alt='' srcset=\"https:\/\/sklepwnetrz.pl\/salonstargard\/wp-content\/uploads\/2021\/12\/firany-do-domu-495x400.jpg 495w, https:\/\/sklepwnetrz.pl\/salonstargard\/wp-content\/uploads\/2021\/12\/firany-do-domu-845x684.jpg 845w\" sizes=\"(max-width: 495px) 100vw, 495px\" \/><\/a> <a href=\"https:\/\/sklepwnetrz.pl\/salonstargard\/wp-content\/uploads\/2021\/12\/Firany-i-Zaslony-do-nowoczesnego-wnetrza-Radimar-1030x773.jpg\" data-srcset=\"https:\/\/sklepwnetrz.pl\/salonstargard\/wp-content\/uploads\/2021\/12\/Firany-i-Zaslony-do-nowoczesnego-wnetrza-Radimar-1030x773.jpg 1030w, https:\/\/sklepwnetrz.pl\/salonstargard\/wp-content\/uploads\/2021\/12\/Firany-i-Zaslony-do-nowoczesnego-wnetrza-Radimar-300x225.jpg 300w, https:\/\/sklepwnetrz.pl\/salonstargard\/wp-content\/uploads\/2021\/12\/Firany-i-Zaslony-do-nowoczesnego-wnetrza-Radimar-768x576.jpg 768w, https:\/\/sklepwnetrz.pl\/salonstargard\/wp-content\/uploads\/2021\/12\/Firany-i-Zaslony-do-nowoczesnego-wnetrza-Radimar-1536x1152.jpg 1536w, https:\/\/sklepwnetrz.pl\/salonstargard\/wp-content\/uploads\/2021\/12\/Firany-i-Zaslony-do-nowoczesnego-wnetrza-Radimar-2048x1536.jpg 2048w, https:\/\/sklepwnetrz.pl\/salonstargard\/wp-content\/uploads\/2021\/12\/Firany-i-Zaslony-do-nowoczesnego-wnetrza-Radimar-1500x1125.jpg 1500w, https:\/\/sklepwnetrz.pl\/salonstargard\/wp-content\/uploads\/2021\/12\/Firany-i-Zaslony-do-nowoczesnego-wnetrza-Radimar-705x529.jpg 705w\" data-sizes=\"(max-width: 1030px) 100vw, 1030px\" data-rel='gallery-11' data-prev-img='https:\/\/sklepwnetrz.pl\/salonstargard\/wp-content\/uploads\/2021\/12\/Firany-i-Zaslony-do-nowoczesnego-wnetrza-Radimar-495x400.jpg' class='lightbox ' data-onclick='80' title='Firany i Zas\u0142ony do nowoczesnego wn\u0119trza Radimar'  itemprop=\"thumbnailUrl\"  ><img decoding=\"async\" class=\"wp-image-910 avia-img-lazy-loading-not-910\"   src=\"https:\/\/sklepwnetrz.pl\/salonstargard\/wp-content\/uploads\/2021\/12\/Firany-i-Zaslony-do-nowoczesnego-wnetrza-Radimar-495x400.jpg\" width=\"495\" height=\"400\"  title='Firany i Zas\u0142ony do nowoczesnego wn\u0119trza Radimar' alt='' srcset=\"https:\/\/sklepwnetrz.pl\/salonstargard\/wp-content\/uploads\/2021\/12\/Firany-i-Zaslony-do-nowoczesnego-wnetrza-Radimar-495x400.jpg 495w, https:\/\/sklepwnetrz.pl\/salonstargard\/wp-content\/uploads\/2021\/12\/Firany-i-Zaslony-do-nowoczesnego-wnetrza-Radimar-845x684.jpg 845w\" sizes=\"(max-width: 495px) 100vw, 495px\" \/><\/a> <a href=\"https:\/\/sklepwnetrz.pl\/salonstargard\/wp-content\/uploads\/2021\/12\/IMG_2305-10-08-18-10-19.jpg\" data-srcset=\"https:\/\/sklepwnetrz.pl\/salonstargard\/wp-content\/uploads\/2021\/12\/IMG_2305-10-08-18-10-19.jpg 326w, https:\/\/sklepwnetrz.pl\/salonstargard\/wp-content\/uploads\/2021\/12\/IMG_2305-10-08-18-10-19-169x300.jpg 169w\" data-sizes=\"(max-width: 326px) 100vw, 326px\" data-rel='gallery-11' data-prev-img='https:\/\/sklepwnetrz.pl\/salonstargard\/wp-content\/uploads\/2021\/12\/IMG_2305-10-08-18-10-19-326x400.jpg' class='first_thumb lightbox ' data-onclick='81' title='IMG_2305-10-08-18-10-19'  itemprop=\"thumbnailUrl\"  ><img decoding=\"async\" class=\"wp-image-911 avia-img-lazy-loading-not-911\"   src=\"https:\/\/sklepwnetrz.pl\/salonstargard\/wp-content\/uploads\/2021\/12\/IMG_2305-10-08-18-10-19-326x400.jpg\" width=\"326\" height=\"400\"  title='IMG_2305-10-08-18-10-19' alt='' \/><\/a> <a href=\"https:\/\/sklepwnetrz.pl\/salonstargard\/wp-content\/uploads\/2022\/04\/haft-firany-1030x1030.webp\" data-srcset=\"https:\/\/sklepwnetrz.pl\/salonstargard\/wp-content\/uploads\/2022\/04\/haft-firany-1030x1030.webp 1030w, https:\/\/sklepwnetrz.pl\/salonstargard\/wp-content\/uploads\/2022\/04\/haft-firany-300x300.webp 300w, https:\/\/sklepwnetrz.pl\/salonstargard\/wp-content\/uploads\/2022\/04\/haft-firany-80x80.webp 80w, https:\/\/sklepwnetrz.pl\/salonstargard\/wp-content\/uploads\/2022\/04\/haft-firany-768x768.webp 768w, https:\/\/sklepwnetrz.pl\/salonstargard\/wp-content\/uploads\/2022\/04\/haft-firany-36x36.webp 36w, https:\/\/sklepwnetrz.pl\/salonstargard\/wp-content\/uploads\/2022\/04\/haft-firany-180x180.webp 180w, https:\/\/sklepwnetrz.pl\/salonstargard\/wp-content\/uploads\/2022\/04\/haft-firany-705x705.webp 705w, https:\/\/sklepwnetrz.pl\/salonstargard\/wp-content\/uploads\/2022\/04\/haft-firany.webp 1200w\" data-sizes=\"(max-width: 1030px) 100vw, 1030px\" data-rel='gallery-11' data-prev-img='https:\/\/sklepwnetrz.pl\/salonstargard\/wp-content\/uploads\/2022\/04\/haft-firany-495x400.webp' class='lightbox ' data-onclick='82' title='haft firany'  itemprop=\"thumbnailUrl\"  ><img decoding=\"async\" class=\"wp-image-1238 avia-img-lazy-loading-not-1238\"   src=\"https:\/\/sklepwnetrz.pl\/salonstargard\/wp-content\/uploads\/2022\/04\/haft-firany-495x400.webp\" width=\"495\" height=\"400\"  title='haft firany' alt='' srcset=\"https:\/\/sklepwnetrz.pl\/salonstargard\/wp-content\/uploads\/2022\/04\/haft-firany-495x400.webp 495w, https:\/\/sklepwnetrz.pl\/salonstargard\/wp-content\/uploads\/2022\/04\/haft-firany-845x684.webp 845w\" sizes=\"(max-width: 495px) 100vw, 495px\" \/><\/a> <a href=\"https:\/\/sklepwnetrz.pl\/salonstargard\/wp-content\/uploads\/2021\/12\/IMG_2307-10-08-18-10-19.jpg\" data-srcset=\"https:\/\/sklepwnetrz.pl\/salonstargard\/wp-content\/uploads\/2021\/12\/IMG_2307-10-08-18-10-19.jpg 326w, https:\/\/sklepwnetrz.pl\/salonstargard\/wp-content\/uploads\/2021\/12\/IMG_2307-10-08-18-10-19-169x300.jpg 169w\" data-sizes=\"(max-width: 326px) 100vw, 326px\" data-rel='gallery-11' data-prev-img='https:\/\/sklepwnetrz.pl\/salonstargard\/wp-content\/uploads\/2021\/12\/IMG_2307-10-08-18-10-19-326x400.jpg' class='lightbox ' data-onclick='83' title='IMG_2307-10-08-18-10-19'  itemprop=\"thumbnailUrl\"  ><img decoding=\"async\" class=\"wp-image-912 avia-img-lazy-loading-not-912\"   src=\"https:\/\/sklepwnetrz.pl\/salonstargard\/wp-content\/uploads\/2021\/12\/IMG_2307-10-08-18-10-19-326x400.jpg\" width=\"326\" height=\"400\"  title='IMG_2307-10-08-18-10-19' alt='' \/><\/a> <a href=\"https:\/\/sklepwnetrz.pl\/salonstargard\/wp-content\/uploads\/2021\/12\/130ugie_nowoczesne_do_salonu_Radimar-1-1030x1030.webp\" data-srcset=\"https:\/\/sklepwnetrz.pl\/salonstargard\/wp-content\/uploads\/2021\/12\/130ugie_nowoczesne_do_salonu_Radimar-1-1030x1030.webp 1030w, https:\/\/sklepwnetrz.pl\/salonstargard\/wp-content\/uploads\/2021\/12\/130ugie_nowoczesne_do_salonu_Radimar-1-300x300.webp 300w, https:\/\/sklepwnetrz.pl\/salonstargard\/wp-content\/uploads\/2021\/12\/130ugie_nowoczesne_do_salonu_Radimar-1-80x80.webp 80w, https:\/\/sklepwnetrz.pl\/salonstargard\/wp-content\/uploads\/2021\/12\/130ugie_nowoczesne_do_salonu_Radimar-1-768x768.webp 768w, https:\/\/sklepwnetrz.pl\/salonstargard\/wp-content\/uploads\/2021\/12\/130ugie_nowoczesne_do_salonu_Radimar-1-36x36.webp 36w, https:\/\/sklepwnetrz.pl\/salonstargard\/wp-content\/uploads\/2021\/12\/130ugie_nowoczesne_do_salonu_Radimar-1-180x180.webp 180w, https:\/\/sklepwnetrz.pl\/salonstargard\/wp-content\/uploads\/2021\/12\/130ugie_nowoczesne_do_salonu_Radimar-1-705x705.webp 705w, https:\/\/sklepwnetrz.pl\/salonstargard\/wp-content\/uploads\/2021\/12\/130ugie_nowoczesne_do_salonu_Radimar-1.webp 1200w\" data-sizes=\"(max-width: 1030px) 100vw, 1030px\" data-rel='gallery-11' data-prev-img='https:\/\/sklepwnetrz.pl\/salonstargard\/wp-content\/uploads\/2021\/12\/130ugie_nowoczesne_do_salonu_Radimar-1-495x400.webp' class='lightbox ' data-onclick='84' title='130ugie_nowoczesne_do_salonu_Radimar'  itemprop=\"thumbnailUrl\"  ><img decoding=\"async\" class=\"wp-image-899 avia-img-lazy-loading-not-899\"   src=\"https:\/\/sklepwnetrz.pl\/salonstargard\/wp-content\/uploads\/2021\/12\/130ugie_nowoczesne_do_salonu_Radimar-1-495x400.webp\" width=\"495\" height=\"400\"  title='130ugie_nowoczesne_do_salonu_Radimar' alt='' srcset=\"https:\/\/sklepwnetrz.pl\/salonstargard\/wp-content\/uploads\/2021\/12\/130ugie_nowoczesne_do_salonu_Radimar-1-495x400.webp 495w, https:\/\/sklepwnetrz.pl\/salonstargard\/wp-content\/uploads\/2021\/12\/130ugie_nowoczesne_do_salonu_Radimar-1-845x684.webp 845w\" sizes=\"(max-width: 495px) 100vw, 495px\" \/><\/a> <a href=\"https:\/\/sklepwnetrz.pl\/salonstargard\/wp-content\/uploads\/2021\/12\/IMG_2308-10-08-18-10-19.jpg\" data-srcset=\"https:\/\/sklepwnetrz.pl\/salonstargard\/wp-content\/uploads\/2021\/12\/IMG_2308-10-08-18-10-19.jpg 326w, https:\/\/sklepwnetrz.pl\/salonstargard\/wp-content\/uploads\/2021\/12\/IMG_2308-10-08-18-10-19-169x300.jpg 169w\" data-sizes=\"(max-width: 326px) 100vw, 326px\" data-rel='gallery-11' data-prev-img='https:\/\/sklepwnetrz.pl\/salonstargard\/wp-content\/uploads\/2021\/12\/IMG_2308-10-08-18-10-19-326x400.jpg' class='lightbox ' data-onclick='85' title='IMG_2308-10-08-18-10-19'  itemprop=\"thumbnailUrl\"  ><img decoding=\"async\" class=\"wp-image-913 avia-img-lazy-loading-not-913\"   src=\"https:\/\/sklepwnetrz.pl\/salonstargard\/wp-content\/uploads\/2021\/12\/IMG_2308-10-08-18-10-19-326x400.jpg\" width=\"326\" height=\"400\"  title='IMG_2308-10-08-18-10-19' alt='' \/><\/a> <a href=\"https:\/\/sklepwnetrz.pl\/salonstargard\/wp-content\/uploads\/2021\/12\/IMG_2365-13-08-18-11-08.jpg\" data-srcset=\"https:\/\/sklepwnetrz.pl\/salonstargard\/wp-content\/uploads\/2021\/12\/IMG_2365-13-08-18-11-08.jpg 326w, https:\/\/sklepwnetrz.pl\/salonstargard\/wp-content\/uploads\/2021\/12\/IMG_2365-13-08-18-11-08-169x300.jpg 169w\" data-sizes=\"(max-width: 326px) 100vw, 326px\" data-rel='gallery-11' data-prev-img='https:\/\/sklepwnetrz.pl\/salonstargard\/wp-content\/uploads\/2021\/12\/IMG_2365-13-08-18-11-08-326x400.jpg' class='first_thumb lightbox ' data-onclick='86' title='IMG_2365-13-08-18-11-08'  itemprop=\"thumbnailUrl\"  ><img decoding=\"async\" class=\"wp-image-914 avia-img-lazy-loading-not-914\"   src=\"https:\/\/sklepwnetrz.pl\/salonstargard\/wp-content\/uploads\/2021\/12\/IMG_2365-13-08-18-11-08-326x400.jpg\" width=\"326\" height=\"400\"  title='IMG_2365-13-08-18-11-08' alt='' \/><\/a> <a href=\"https:\/\/sklepwnetrz.pl\/salonstargard\/wp-content\/uploads\/2021\/12\/IMG_20211126_085732-1030x773.jpg\" data-srcset=\"https:\/\/sklepwnetrz.pl\/salonstargard\/wp-content\/uploads\/2021\/12\/IMG_20211126_085732-1030x773.jpg 1030w, https:\/\/sklepwnetrz.pl\/salonstargard\/wp-content\/uploads\/2021\/12\/IMG_20211126_085732-300x225.jpg 300w, https:\/\/sklepwnetrz.pl\/salonstargard\/wp-content\/uploads\/2021\/12\/IMG_20211126_085732-768x576.jpg 768w, https:\/\/sklepwnetrz.pl\/salonstargard\/wp-content\/uploads\/2021\/12\/IMG_20211126_085732-1536x1152.jpg 1536w, https:\/\/sklepwnetrz.pl\/salonstargard\/wp-content\/uploads\/2021\/12\/IMG_20211126_085732-2048x1536.jpg 2048w, https:\/\/sklepwnetrz.pl\/salonstargard\/wp-content\/uploads\/2021\/12\/IMG_20211126_085732-1500x1125.jpg 1500w, https:\/\/sklepwnetrz.pl\/salonstargard\/wp-content\/uploads\/2021\/12\/IMG_20211126_085732-705x529.jpg 705w\" data-sizes=\"(max-width: 1030px) 100vw, 1030px\" data-rel='gallery-11' data-prev-img='https:\/\/sklepwnetrz.pl\/salonstargard\/wp-content\/uploads\/2021\/12\/IMG_20211126_085732-495x400.jpg' class='lightbox ' data-onclick='87' title='IMG_20211126_085732'  itemprop=\"thumbnailUrl\"  ><img decoding=\"async\" class=\"wp-image-915 avia-img-lazy-loading-not-915\"   src=\"https:\/\/sklepwnetrz.pl\/salonstargard\/wp-content\/uploads\/2021\/12\/IMG_20211126_085732-495x400.jpg\" width=\"495\" height=\"400\"  title='IMG_20211126_085732' alt='' srcset=\"https:\/\/sklepwnetrz.pl\/salonstargard\/wp-content\/uploads\/2021\/12\/IMG_20211126_085732-495x400.jpg 495w, https:\/\/sklepwnetrz.pl\/salonstargard\/wp-content\/uploads\/2021\/12\/IMG_20211126_085732-845x684.jpg 845w\" sizes=\"(max-width: 495px) 100vw, 495px\" \/><\/a> <a href=\"https:\/\/sklepwnetrz.pl\/salonstargard\/wp-content\/uploads\/2022\/04\/zaslony-radimar-1030x1030.webp\" data-srcset=\"https:\/\/sklepwnetrz.pl\/salonstargard\/wp-content\/uploads\/2022\/04\/zaslony-radimar-1030x1030.webp 1030w, https:\/\/sklepwnetrz.pl\/salonstargard\/wp-content\/uploads\/2022\/04\/zaslony-radimar-300x300.webp 300w, https:\/\/sklepwnetrz.pl\/salonstargard\/wp-content\/uploads\/2022\/04\/zaslony-radimar-80x80.webp 80w, https:\/\/sklepwnetrz.pl\/salonstargard\/wp-content\/uploads\/2022\/04\/zaslony-radimar-768x768.webp 768w, https:\/\/sklepwnetrz.pl\/salonstargard\/wp-content\/uploads\/2022\/04\/zaslony-radimar-36x36.webp 36w, https:\/\/sklepwnetrz.pl\/salonstargard\/wp-content\/uploads\/2022\/04\/zaslony-radimar-180x180.webp 180w, https:\/\/sklepwnetrz.pl\/salonstargard\/wp-content\/uploads\/2022\/04\/zaslony-radimar-705x705.webp 705w, https:\/\/sklepwnetrz.pl\/salonstargard\/wp-content\/uploads\/2022\/04\/zaslony-radimar.webp 1200w\" data-sizes=\"(max-width: 1030px) 100vw, 1030px\" data-rel='gallery-11' data-prev-img='https:\/\/sklepwnetrz.pl\/salonstargard\/wp-content\/uploads\/2022\/04\/zaslony-radimar-495x400.webp' class='lightbox ' data-onclick='88' title='zas\u0142ony radimar'  itemprop=\"thumbnailUrl\"  ><img decoding=\"async\" class=\"wp-image-1242 avia-img-lazy-loading-not-1242\"   src=\"https:\/\/sklepwnetrz.pl\/salonstargard\/wp-content\/uploads\/2022\/04\/zaslony-radimar-495x400.webp\" width=\"495\" height=\"400\"  title='zas\u0142ony radimar' alt='' srcset=\"https:\/\/sklepwnetrz.pl\/salonstargard\/wp-content\/uploads\/2022\/04\/zaslony-radimar-495x400.webp 495w, https:\/\/sklepwnetrz.pl\/salonstargard\/wp-content\/uploads\/2022\/04\/zaslony-radimar-845x684.webp 845w\" sizes=\"(max-width: 495px) 100vw, 495px\" \/><\/a> <a href=\"https:\/\/sklepwnetrz.pl\/salonstargard\/wp-content\/uploads\/2021\/12\/IMG_20211126_090039-1030x773.jpg\" data-srcset=\"https:\/\/sklepwnetrz.pl\/salonstargard\/wp-content\/uploads\/2021\/12\/IMG_20211126_090039-1030x773.jpg 1030w, https:\/\/sklepwnetrz.pl\/salonstargard\/wp-content\/uploads\/2021\/12\/IMG_20211126_090039-300x225.jpg 300w, https:\/\/sklepwnetrz.pl\/salonstargard\/wp-content\/uploads\/2021\/12\/IMG_20211126_090039-768x576.jpg 768w, https:\/\/sklepwnetrz.pl\/salonstargard\/wp-content\/uploads\/2021\/12\/IMG_20211126_090039-1536x1152.jpg 1536w, https:\/\/sklepwnetrz.pl\/salonstargard\/wp-content\/uploads\/2021\/12\/IMG_20211126_090039-2048x1536.jpg 2048w, https:\/\/sklepwnetrz.pl\/salonstargard\/wp-content\/uploads\/2021\/12\/IMG_20211126_090039-1500x1125.jpg 1500w, https:\/\/sklepwnetrz.pl\/salonstargard\/wp-content\/uploads\/2021\/12\/IMG_20211126_090039-705x529.jpg 705w\" data-sizes=\"(max-width: 1030px) 100vw, 1030px\" data-rel='gallery-11' data-prev-img='https:\/\/sklepwnetrz.pl\/salonstargard\/wp-content\/uploads\/2021\/12\/IMG_20211126_090039-495x400.jpg' class='lightbox ' data-onclick='89' title='IMG_20211126_090039'  itemprop=\"thumbnailUrl\"  ><img decoding=\"async\" class=\"wp-image-916 avia-img-lazy-loading-not-916\"   src=\"https:\/\/sklepwnetrz.pl\/salonstargard\/wp-content\/uploads\/2021\/12\/IMG_20211126_090039-495x400.jpg\" width=\"495\" height=\"400\"  title='IMG_20211126_090039' alt='' srcset=\"https:\/\/sklepwnetrz.pl\/salonstargard\/wp-content\/uploads\/2021\/12\/IMG_20211126_090039-495x400.jpg 495w, https:\/\/sklepwnetrz.pl\/salonstargard\/wp-content\/uploads\/2021\/12\/IMG_20211126_090039-845x684.jpg 845w\" sizes=\"(max-width: 495px) 100vw, 495px\" \/><\/a> <a href=\"https:\/\/sklepwnetrz.pl\/salonstargard\/wp-content\/uploads\/2021\/12\/tajm-773x1030.jpg\" data-srcset=\"https:\/\/sklepwnetrz.pl\/salonstargard\/wp-content\/uploads\/2021\/12\/tajm-773x1030.jpg 773w, https:\/\/sklepwnetrz.pl\/salonstargard\/wp-content\/uploads\/2021\/12\/tajm-225x300.jpg 225w, https:\/\/sklepwnetrz.pl\/salonstargard\/wp-content\/uploads\/2021\/12\/tajm-768x1024.jpg 768w, https:\/\/sklepwnetrz.pl\/salonstargard\/wp-content\/uploads\/2021\/12\/tajm-1152x1536.jpg 1152w, https:\/\/sklepwnetrz.pl\/salonstargard\/wp-content\/uploads\/2021\/12\/tajm-1536x2048.jpg 1536w, https:\/\/sklepwnetrz.pl\/salonstargard\/wp-content\/uploads\/2021\/12\/tajm-1125x1500.jpg 1125w, https:\/\/sklepwnetrz.pl\/salonstargard\/wp-content\/uploads\/2021\/12\/tajm-529x705.jpg 529w, https:\/\/sklepwnetrz.pl\/salonstargard\/wp-content\/uploads\/2021\/12\/tajm-scaled.jpg 1920w\" data-sizes=\"(max-width: 773px) 100vw, 773px\" data-rel='gallery-11' data-prev-img='https:\/\/sklepwnetrz.pl\/salonstargard\/wp-content\/uploads\/2021\/12\/tajm-495x400.jpg' class='lightbox ' data-onclick='90' title='tajm'  itemprop=\"thumbnailUrl\"  ><img decoding=\"async\" class=\"wp-image-917 avia-img-lazy-loading-not-917\"   src=\"https:\/\/sklepwnetrz.pl\/salonstargard\/wp-content\/uploads\/2021\/12\/tajm-495x400.jpg\" width=\"495\" height=\"400\"  title='tajm' alt='' srcset=\"https:\/\/sklepwnetrz.pl\/salonstargard\/wp-content\/uploads\/2021\/12\/tajm-495x400.jpg 495w, https:\/\/sklepwnetrz.pl\/salonstargard\/wp-content\/uploads\/2021\/12\/tajm-845x684.jpg 845w\" sizes=\"(max-width: 495px) 100vw, 495px\" \/><\/a> <a href=\"https:\/\/sklepwnetrz.pl\/salonstargard\/wp-content\/uploads\/2016\/05\/IMG20211219210306-1030x773.jpg\" data-srcset=\"https:\/\/sklepwnetrz.pl\/salonstargard\/wp-content\/uploads\/2016\/05\/IMG20211219210306-1030x773.jpg 1030w, https:\/\/sklepwnetrz.pl\/salonstargard\/wp-content\/uploads\/2016\/05\/IMG20211219210306-300x225.jpg 300w, https:\/\/sklepwnetrz.pl\/salonstargard\/wp-content\/uploads\/2016\/05\/IMG20211219210306-768x576.jpg 768w, https:\/\/sklepwnetrz.pl\/salonstargard\/wp-content\/uploads\/2016\/05\/IMG20211219210306-1536x1152.jpg 1536w, https:\/\/sklepwnetrz.pl\/salonstargard\/wp-content\/uploads\/2016\/05\/IMG20211219210306-2048x1536.jpg 2048w, https:\/\/sklepwnetrz.pl\/salonstargard\/wp-content\/uploads\/2016\/05\/IMG20211219210306-1500x1125.jpg 1500w, https:\/\/sklepwnetrz.pl\/salonstargard\/wp-content\/uploads\/2016\/05\/IMG20211219210306-705x529.jpg 705w\" data-sizes=\"(max-width: 1030px) 100vw, 1030px\" data-rel='gallery-11' data-prev-img='https:\/\/sklepwnetrz.pl\/salonstargard\/wp-content\/uploads\/2016\/05\/IMG20211219210306-495x400.jpg' class='first_thumb lightbox ' data-onclick='91' title='IMG20211219210306'  itemprop=\"thumbnailUrl\"  ><img decoding=\"async\" class=\"wp-image-795 avia-img-lazy-loading-not-795\"   src=\"https:\/\/sklepwnetrz.pl\/salonstargard\/wp-content\/uploads\/2016\/05\/IMG20211219210306-495x400.jpg\" width=\"495\" height=\"400\"  title='IMG20211219210306' alt='' srcset=\"https:\/\/sklepwnetrz.pl\/salonstargard\/wp-content\/uploads\/2016\/05\/IMG20211219210306-495x400.jpg 495w, https:\/\/sklepwnetrz.pl\/salonstargard\/wp-content\/uploads\/2016\/05\/IMG20211219210306-845x684.jpg 845w\" sizes=\"(max-width: 495px) 100vw, 495px\" \/><\/a> <a href=\"https:\/\/sklepwnetrz.pl\/salonstargard\/wp-content\/uploads\/2021\/12\/zaslony-w-salonie.jpg\" data-srcset=\"https:\/\/sklepwnetrz.pl\/salonstargard\/wp-content\/uploads\/2021\/12\/zaslony-w-salonie.jpg 720w, https:\/\/sklepwnetrz.pl\/salonstargard\/wp-content\/uploads\/2021\/12\/zaslony-w-salonie-225x300.jpg 225w, https:\/\/sklepwnetrz.pl\/salonstargard\/wp-content\/uploads\/2021\/12\/zaslony-w-salonie-529x705.jpg 529w\" data-sizes=\"(max-width: 720px) 100vw, 720px\" data-rel='gallery-11' data-prev-img='https:\/\/sklepwnetrz.pl\/salonstargard\/wp-content\/uploads\/2021\/12\/zaslony-w-salonie-495x400.jpg' class='lightbox ' data-onclick='92' title='zas\u0142ony w salonie'  itemprop=\"thumbnailUrl\"  ><img decoding=\"async\" class=\"wp-image-918 avia-img-lazy-loading-not-918\"   src=\"https:\/\/sklepwnetrz.pl\/salonstargard\/wp-content\/uploads\/2021\/12\/zaslony-w-salonie-495x400.jpg\" width=\"495\" height=\"400\"  title='zas\u0142ony w salonie' alt='' \/><\/a> <a href=\"https:\/\/sklepwnetrz.pl\/salonstargard\/wp-content\/uploads\/2021\/12\/IMG20211219210518-773x1030.jpg\" data-srcset=\"https:\/\/sklepwnetrz.pl\/salonstargard\/wp-content\/uploads\/2021\/12\/IMG20211219210518-773x1030.jpg 773w, https:\/\/sklepwnetrz.pl\/salonstargard\/wp-content\/uploads\/2021\/12\/IMG20211219210518-225x300.jpg 225w, https:\/\/sklepwnetrz.pl\/salonstargard\/wp-content\/uploads\/2021\/12\/IMG20211219210518-768x1024.jpg 768w, https:\/\/sklepwnetrz.pl\/salonstargard\/wp-content\/uploads\/2021\/12\/IMG20211219210518-1152x1536.jpg 1152w, https:\/\/sklepwnetrz.pl\/salonstargard\/wp-content\/uploads\/2021\/12\/IMG20211219210518-1536x2048.jpg 1536w, https:\/\/sklepwnetrz.pl\/salonstargard\/wp-content\/uploads\/2021\/12\/IMG20211219210518-1125x1500.jpg 1125w, https:\/\/sklepwnetrz.pl\/salonstargard\/wp-content\/uploads\/2021\/12\/IMG20211219210518-529x705.jpg 529w, https:\/\/sklepwnetrz.pl\/salonstargard\/wp-content\/uploads\/2021\/12\/IMG20211219210518-scaled.jpg 1920w\" data-sizes=\"(max-width: 773px) 100vw, 773px\" data-rel='gallery-11' data-prev-img='https:\/\/sklepwnetrz.pl\/salonstargard\/wp-content\/uploads\/2021\/12\/IMG20211219210518-495x400.jpg' class='lightbox ' data-onclick='93' title='IMG20211219210518'  itemprop=\"thumbnailUrl\"  ><img decoding=\"async\" class=\"wp-image-904 avia-img-lazy-loading-not-904\"   src=\"https:\/\/sklepwnetrz.pl\/salonstargard\/wp-content\/uploads\/2021\/12\/IMG20211219210518-495x400.jpg\" width=\"495\" height=\"400\"  title='IMG20211219210518' alt='' srcset=\"https:\/\/sklepwnetrz.pl\/salonstargard\/wp-content\/uploads\/2021\/12\/IMG20211219210518-495x400.jpg 495w, https:\/\/sklepwnetrz.pl\/salonstargard\/wp-content\/uploads\/2021\/12\/IMG20211219210518-845x684.jpg 845w\" sizes=\"(max-width: 495px) 100vw, 495px\" \/><\/a> <a href=\"https:\/\/sklepwnetrz.pl\/salonstargard\/wp-content\/uploads\/2021\/12\/20211218_123525-773x1030.jpg\" data-srcset=\"https:\/\/sklepwnetrz.pl\/salonstargard\/wp-content\/uploads\/2021\/12\/20211218_123525-773x1030.jpg 773w, https:\/\/sklepwnetrz.pl\/salonstargard\/wp-content\/uploads\/2021\/12\/20211218_123525-225x300.jpg 225w, https:\/\/sklepwnetrz.pl\/salonstargard\/wp-content\/uploads\/2021\/12\/20211218_123525-768x1024.jpg 768w, https:\/\/sklepwnetrz.pl\/salonstargard\/wp-content\/uploads\/2021\/12\/20211218_123525-1152x1536.jpg 1152w, https:\/\/sklepwnetrz.pl\/salonstargard\/wp-content\/uploads\/2021\/12\/20211218_123525-1536x2048.jpg 1536w, https:\/\/sklepwnetrz.pl\/salonstargard\/wp-content\/uploads\/2021\/12\/20211218_123525-1125x1500.jpg 1125w, https:\/\/sklepwnetrz.pl\/salonstargard\/wp-content\/uploads\/2021\/12\/20211218_123525-529x705.jpg 529w, https:\/\/sklepwnetrz.pl\/salonstargard\/wp-content\/uploads\/2021\/12\/20211218_123525-scaled.jpg 1920w\" data-sizes=\"(max-width: 773px) 100vw, 773px\" data-rel='gallery-11' data-prev-img='https:\/\/sklepwnetrz.pl\/salonstargard\/wp-content\/uploads\/2021\/12\/20211218_123525-495x400.jpg' class='lightbox ' data-onclick='94' title='20211218_123525'  itemprop=\"thumbnailUrl\"  ><img decoding=\"async\" class=\"wp-image-901 avia-img-lazy-loading-not-901\"   src=\"https:\/\/sklepwnetrz.pl\/salonstargard\/wp-content\/uploads\/2021\/12\/20211218_123525-495x400.jpg\" width=\"495\" height=\"400\"  title='20211218_123525' alt='' srcset=\"https:\/\/sklepwnetrz.pl\/salonstargard\/wp-content\/uploads\/2021\/12\/20211218_123525-495x400.jpg 495w, https:\/\/sklepwnetrz.pl\/salonstargard\/wp-content\/uploads\/2021\/12\/20211218_123525-845x684.jpg 845w\" sizes=\"(max-width: 495px) 100vw, 495px\" \/><\/a> <a href=\"https:\/\/sklepwnetrz.pl\/salonstargard\/wp-content\/uploads\/2022\/04\/FIRANY-I-ZASLONY-RADIMAR13-1030x1030.webp\" data-srcset=\"https:\/\/sklepwnetrz.pl\/salonstargard\/wp-content\/uploads\/2022\/04\/FIRANY-I-ZASLONY-RADIMAR13-1030x1030.webp 1030w, https:\/\/sklepwnetrz.pl\/salonstargard\/wp-content\/uploads\/2022\/04\/FIRANY-I-ZASLONY-RADIMAR13-300x300.webp 300w, https:\/\/sklepwnetrz.pl\/salonstargard\/wp-content\/uploads\/2022\/04\/FIRANY-I-ZASLONY-RADIMAR13-80x80.webp 80w, https:\/\/sklepwnetrz.pl\/salonstargard\/wp-content\/uploads\/2022\/04\/FIRANY-I-ZASLONY-RADIMAR13-768x768.webp 768w, https:\/\/sklepwnetrz.pl\/salonstargard\/wp-content\/uploads\/2022\/04\/FIRANY-I-ZASLONY-RADIMAR13-36x36.webp 36w, https:\/\/sklepwnetrz.pl\/salonstargard\/wp-content\/uploads\/2022\/04\/FIRANY-I-ZASLONY-RADIMAR13-180x180.webp 180w, https:\/\/sklepwnetrz.pl\/salonstargard\/wp-content\/uploads\/2022\/04\/FIRANY-I-ZASLONY-RADIMAR13-705x705.webp 705w, https:\/\/sklepwnetrz.pl\/salonstargard\/wp-content\/uploads\/2022\/04\/FIRANY-I-ZASLONY-RADIMAR13.webp 1200w\" data-sizes=\"(max-width: 1030px) 100vw, 1030px\" data-rel='gallery-11' data-prev-img='https:\/\/sklepwnetrz.pl\/salonstargard\/wp-content\/uploads\/2022\/04\/FIRANY-I-ZASLONY-RADIMAR13-495x400.webp' class='lightbox ' data-onclick='95' title='FIRANY I ZAS\u0141ONY RADIMAR13'  itemprop=\"thumbnailUrl\"  ><img decoding=\"async\" class=\"wp-image-1205 avia-img-lazy-loading-not-1205\"   src=\"https:\/\/sklepwnetrz.pl\/salonstargard\/wp-content\/uploads\/2022\/04\/FIRANY-I-ZASLONY-RADIMAR13-495x400.webp\" width=\"495\" height=\"400\"  title='FIRANY I ZAS\u0141ONY RADIMAR13' alt='' srcset=\"https:\/\/sklepwnetrz.pl\/salonstargard\/wp-content\/uploads\/2022\/04\/FIRANY-I-ZASLONY-RADIMAR13-495x400.webp 495w, https:\/\/sklepwnetrz.pl\/salonstargard\/wp-content\/uploads\/2022\/04\/FIRANY-I-ZASLONY-RADIMAR13-845x684.webp 845w\" sizes=\"(max-width: 495px) 100vw, 495px\" \/><\/a> <a href=\"https:\/\/sklepwnetrz.pl\/salonstargard\/wp-content\/uploads\/2022\/04\/FIRANY-I-ZASLONY-RADIMAR12-1030x1030.webp\" data-srcset=\"https:\/\/sklepwnetrz.pl\/salonstargard\/wp-content\/uploads\/2022\/04\/FIRANY-I-ZASLONY-RADIMAR12-1030x1030.webp 1030w, https:\/\/sklepwnetrz.pl\/salonstargard\/wp-content\/uploads\/2022\/04\/FIRANY-I-ZASLONY-RADIMAR12-300x300.webp 300w, https:\/\/sklepwnetrz.pl\/salonstargard\/wp-content\/uploads\/2022\/04\/FIRANY-I-ZASLONY-RADIMAR12-80x80.webp 80w, https:\/\/sklepwnetrz.pl\/salonstargard\/wp-content\/uploads\/2022\/04\/FIRANY-I-ZASLONY-RADIMAR12-768x768.webp 768w, https:\/\/sklepwnetrz.pl\/salonstargard\/wp-content\/uploads\/2022\/04\/FIRANY-I-ZASLONY-RADIMAR12-36x36.webp 36w, https:\/\/sklepwnetrz.pl\/salonstargard\/wp-content\/uploads\/2022\/04\/FIRANY-I-ZASLONY-RADIMAR12-180x180.webp 180w, https:\/\/sklepwnetrz.pl\/salonstargard\/wp-content\/uploads\/2022\/04\/FIRANY-I-ZASLONY-RADIMAR12-705x705.webp 705w, https:\/\/sklepwnetrz.pl\/salonstargard\/wp-content\/uploads\/2022\/04\/FIRANY-I-ZASLONY-RADIMAR12.webp 1200w\" data-sizes=\"(max-width: 1030px) 100vw, 1030px\" data-rel='gallery-11' data-prev-img='https:\/\/sklepwnetrz.pl\/salonstargard\/wp-content\/uploads\/2022\/04\/FIRANY-I-ZASLONY-RADIMAR12-495x400.webp' class='first_thumb lightbox ' data-onclick='96' title='FIRANY I ZAS\u0141ONY RADIMAR12'  itemprop=\"thumbnailUrl\"  ><img decoding=\"async\" class=\"wp-image-1204 avia-img-lazy-loading-not-1204\"   src=\"https:\/\/sklepwnetrz.pl\/salonstargard\/wp-content\/uploads\/2022\/04\/FIRANY-I-ZASLONY-RADIMAR12-495x400.webp\" width=\"495\" height=\"400\"  title='FIRANY I ZAS\u0141ONY RADIMAR12' alt='' srcset=\"https:\/\/sklepwnetrz.pl\/salonstargard\/wp-content\/uploads\/2022\/04\/FIRANY-I-ZASLONY-RADIMAR12-495x400.webp 495w, https:\/\/sklepwnetrz.pl\/salonstargard\/wp-content\/uploads\/2022\/04\/FIRANY-I-ZASLONY-RADIMAR12-845x684.webp 845w\" sizes=\"(max-width: 495px) 100vw, 495px\" \/><\/a> <a href=\"https:\/\/sklepwnetrz.pl\/salonstargard\/wp-content\/uploads\/2016\/05\/IMG20211219210340-1030x773.jpg\" data-srcset=\"https:\/\/sklepwnetrz.pl\/salonstargard\/wp-content\/uploads\/2016\/05\/IMG20211219210340-1030x773.jpg 1030w, https:\/\/sklepwnetrz.pl\/salonstargard\/wp-content\/uploads\/2016\/05\/IMG20211219210340-300x225.jpg 300w, https:\/\/sklepwnetrz.pl\/salonstargard\/wp-content\/uploads\/2016\/05\/IMG20211219210340-768x576.jpg 768w, https:\/\/sklepwnetrz.pl\/salonstargard\/wp-content\/uploads\/2016\/05\/IMG20211219210340-1536x1152.jpg 1536w, https:\/\/sklepwnetrz.pl\/salonstargard\/wp-content\/uploads\/2016\/05\/IMG20211219210340-2048x1536.jpg 2048w, https:\/\/sklepwnetrz.pl\/salonstargard\/wp-content\/uploads\/2016\/05\/IMG20211219210340-1500x1125.jpg 1500w, https:\/\/sklepwnetrz.pl\/salonstargard\/wp-content\/uploads\/2016\/05\/IMG20211219210340-705x529.jpg 705w\" data-sizes=\"(max-width: 1030px) 100vw, 1030px\" data-rel='gallery-11' data-prev-img='https:\/\/sklepwnetrz.pl\/salonstargard\/wp-content\/uploads\/2016\/05\/IMG20211219210340-495x400.jpg' class='lightbox ' data-onclick='97' title='IMG20211219210340'  itemprop=\"thumbnailUrl\"  ><img decoding=\"async\" class=\"wp-image-796 avia-img-lazy-loading-not-796\"   src=\"https:\/\/sklepwnetrz.pl\/salonstargard\/wp-content\/uploads\/2016\/05\/IMG20211219210340-495x400.jpg\" width=\"495\" height=\"400\"  title='IMG20211219210340' alt='' srcset=\"https:\/\/sklepwnetrz.pl\/salonstargard\/wp-content\/uploads\/2016\/05\/IMG20211219210340-495x400.jpg 495w, https:\/\/sklepwnetrz.pl\/salonstargard\/wp-content\/uploads\/2016\/05\/IMG20211219210340-845x684.jpg 845w\" sizes=\"(max-width: 495px) 100vw, 495px\" \/><\/a> <a href=\"https:\/\/sklepwnetrz.pl\/salonstargard\/wp-content\/uploads\/2022\/04\/FIRANY-I-ZASLONY-RADIMAR11-1030x1030.webp\" data-srcset=\"https:\/\/sklepwnetrz.pl\/salonstargard\/wp-content\/uploads\/2022\/04\/FIRANY-I-ZASLONY-RADIMAR11-1030x1030.webp 1030w, https:\/\/sklepwnetrz.pl\/salonstargard\/wp-content\/uploads\/2022\/04\/FIRANY-I-ZASLONY-RADIMAR11-300x300.webp 300w, https:\/\/sklepwnetrz.pl\/salonstargard\/wp-content\/uploads\/2022\/04\/FIRANY-I-ZASLONY-RADIMAR11-80x80.webp 80w, https:\/\/sklepwnetrz.pl\/salonstargard\/wp-content\/uploads\/2022\/04\/FIRANY-I-ZASLONY-RADIMAR11-768x768.webp 768w, https:\/\/sklepwnetrz.pl\/salonstargard\/wp-content\/uploads\/2022\/04\/FIRANY-I-ZASLONY-RADIMAR11-36x36.webp 36w, https:\/\/sklepwnetrz.pl\/salonstargard\/wp-content\/uploads\/2022\/04\/FIRANY-I-ZASLONY-RADIMAR11-180x180.webp 180w, https:\/\/sklepwnetrz.pl\/salonstargard\/wp-content\/uploads\/2022\/04\/FIRANY-I-ZASLONY-RADIMAR11-705x705.webp 705w, https:\/\/sklepwnetrz.pl\/salonstargard\/wp-content\/uploads\/2022\/04\/FIRANY-I-ZASLONY-RADIMAR11.webp 1200w\" data-sizes=\"(max-width: 1030px) 100vw, 1030px\" data-rel='gallery-11' data-prev-img='https:\/\/sklepwnetrz.pl\/salonstargard\/wp-content\/uploads\/2022\/04\/FIRANY-I-ZASLONY-RADIMAR11-495x400.webp' class='lightbox ' data-onclick='98' title='FIRANY I ZAS\u0141ONY RADIMAR11'  itemprop=\"thumbnailUrl\"  ><img decoding=\"async\" class=\"wp-image-1203 avia-img-lazy-loading-not-1203\"   src=\"https:\/\/sklepwnetrz.pl\/salonstargard\/wp-content\/uploads\/2022\/04\/FIRANY-I-ZASLONY-RADIMAR11-495x400.webp\" width=\"495\" height=\"400\"  title='FIRANY I ZAS\u0141ONY RADIMAR11' alt='' srcset=\"https:\/\/sklepwnetrz.pl\/salonstargard\/wp-content\/uploads\/2022\/04\/FIRANY-I-ZASLONY-RADIMAR11-495x400.webp 495w, https:\/\/sklepwnetrz.pl\/salonstargard\/wp-content\/uploads\/2022\/04\/FIRANY-I-ZASLONY-RADIMAR11-845x684.webp 845w\" sizes=\"(max-width: 495px) 100vw, 495px\" \/><\/a> <a href=\"https:\/\/sklepwnetrz.pl\/salonstargard\/wp-content\/uploads\/2022\/04\/piorka-4-1030x1030.webp\" data-srcset=\"https:\/\/sklepwnetrz.pl\/salonstargard\/wp-content\/uploads\/2022\/04\/piorka-4-1030x1030.webp 1030w, https:\/\/sklepwnetrz.pl\/salonstargard\/wp-content\/uploads\/2022\/04\/piorka-4-300x300.webp 300w, https:\/\/sklepwnetrz.pl\/salonstargard\/wp-content\/uploads\/2022\/04\/piorka-4-80x80.webp 80w, https:\/\/sklepwnetrz.pl\/salonstargard\/wp-content\/uploads\/2022\/04\/piorka-4-768x768.webp 768w, https:\/\/sklepwnetrz.pl\/salonstargard\/wp-content\/uploads\/2022\/04\/piorka-4-36x36.webp 36w, https:\/\/sklepwnetrz.pl\/salonstargard\/wp-content\/uploads\/2022\/04\/piorka-4-180x180.webp 180w, https:\/\/sklepwnetrz.pl\/salonstargard\/wp-content\/uploads\/2022\/04\/piorka-4-705x705.webp 705w, https:\/\/sklepwnetrz.pl\/salonstargard\/wp-content\/uploads\/2022\/04\/piorka-4.webp 1200w\" data-sizes=\"(max-width: 1030px) 100vw, 1030px\" data-rel='gallery-11' data-prev-img='https:\/\/sklepwnetrz.pl\/salonstargard\/wp-content\/uploads\/2022\/04\/piorka-4-495x400.webp' class='lightbox ' data-onclick='99' title='pi\u00f3rka 4'  itemprop=\"thumbnailUrl\"  ><img decoding=\"async\" class=\"wp-image-1233 avia-img-lazy-loading-not-1233\"   src=\"https:\/\/sklepwnetrz.pl\/salonstargard\/wp-content\/uploads\/2022\/04\/piorka-4-495x400.webp\" width=\"495\" height=\"400\"  title='pi\u00f3rka 4' alt='' srcset=\"https:\/\/sklepwnetrz.pl\/salonstargard\/wp-content\/uploads\/2022\/04\/piorka-4-495x400.webp 495w, https:\/\/sklepwnetrz.pl\/salonstargard\/wp-content\/uploads\/2022\/04\/piorka-4-845x684.webp 845w\" sizes=\"(max-width: 495px) 100vw, 495px\" \/><\/a> <a href=\"https:\/\/sklepwnetrz.pl\/salonstargard\/wp-content\/uploads\/2022\/04\/FIRANY-I-ZASLONY-RADIMAR10-1030x1030.webp\" data-srcset=\"https:\/\/sklepwnetrz.pl\/salonstargard\/wp-content\/uploads\/2022\/04\/FIRANY-I-ZASLONY-RADIMAR10-1030x1030.webp 1030w, https:\/\/sklepwnetrz.pl\/salonstargard\/wp-content\/uploads\/2022\/04\/FIRANY-I-ZASLONY-RADIMAR10-300x300.webp 300w, https:\/\/sklepwnetrz.pl\/salonstargard\/wp-content\/uploads\/2022\/04\/FIRANY-I-ZASLONY-RADIMAR10-80x80.webp 80w, https:\/\/sklepwnetrz.pl\/salonstargard\/wp-content\/uploads\/2022\/04\/FIRANY-I-ZASLONY-RADIMAR10-768x768.webp 768w, https:\/\/sklepwnetrz.pl\/salonstargard\/wp-content\/uploads\/2022\/04\/FIRANY-I-ZASLONY-RADIMAR10-36x36.webp 36w, https:\/\/sklepwnetrz.pl\/salonstargard\/wp-content\/uploads\/2022\/04\/FIRANY-I-ZASLONY-RADIMAR10-180x180.webp 180w, https:\/\/sklepwnetrz.pl\/salonstargard\/wp-content\/uploads\/2022\/04\/FIRANY-I-ZASLONY-RADIMAR10-705x705.webp 705w, https:\/\/sklepwnetrz.pl\/salonstargard\/wp-content\/uploads\/2022\/04\/FIRANY-I-ZASLONY-RADIMAR10.webp 1200w\" data-sizes=\"(max-width: 1030px) 100vw, 1030px\" data-rel='gallery-11' data-prev-img='https:\/\/sklepwnetrz.pl\/salonstargard\/wp-content\/uploads\/2022\/04\/FIRANY-I-ZASLONY-RADIMAR10-495x400.webp' class='lightbox ' data-onclick='100' title='FIRANY I ZAS\u0141ONY RADIMAR10'  itemprop=\"thumbnailUrl\"  ><img decoding=\"async\" class=\"wp-image-1202 avia-img-lazy-loading-not-1202\"   src=\"https:\/\/sklepwnetrz.pl\/salonstargard\/wp-content\/uploads\/2022\/04\/FIRANY-I-ZASLONY-RADIMAR10-495x400.webp\" width=\"495\" height=\"400\"  title='FIRANY I ZAS\u0141ONY RADIMAR10' alt='' srcset=\"https:\/\/sklepwnetrz.pl\/salonstargard\/wp-content\/uploads\/2022\/04\/FIRANY-I-ZASLONY-RADIMAR10-495x400.webp 495w, https:\/\/sklepwnetrz.pl\/salonstargard\/wp-content\/uploads\/2022\/04\/FIRANY-I-ZASLONY-RADIMAR10-845x684.webp 845w\" sizes=\"(max-width: 495px) 100vw, 495px\" \/><\/a> <a href=\"https:\/\/sklepwnetrz.pl\/salonstargard\/wp-content\/uploads\/2022\/04\/FIRANY-I-ZASLONY-RADIMAR9-1030x1030.webp\" data-srcset=\"https:\/\/sklepwnetrz.pl\/salonstargard\/wp-content\/uploads\/2022\/04\/FIRANY-I-ZASLONY-RADIMAR9-1030x1030.webp 1030w, https:\/\/sklepwnetrz.pl\/salonstargard\/wp-content\/uploads\/2022\/04\/FIRANY-I-ZASLONY-RADIMAR9-300x300.webp 300w, https:\/\/sklepwnetrz.pl\/salonstargard\/wp-content\/uploads\/2022\/04\/FIRANY-I-ZASLONY-RADIMAR9-80x80.webp 80w, https:\/\/sklepwnetrz.pl\/salonstargard\/wp-content\/uploads\/2022\/04\/FIRANY-I-ZASLONY-RADIMAR9-768x768.webp 768w, https:\/\/sklepwnetrz.pl\/salonstargard\/wp-content\/uploads\/2022\/04\/FIRANY-I-ZASLONY-RADIMAR9-36x36.webp 36w, https:\/\/sklepwnetrz.pl\/salonstargard\/wp-content\/uploads\/2022\/04\/FIRANY-I-ZASLONY-RADIMAR9-180x180.webp 180w, https:\/\/sklepwnetrz.pl\/salonstargard\/wp-content\/uploads\/2022\/04\/FIRANY-I-ZASLONY-RADIMAR9-705x705.webp 705w, https:\/\/sklepwnetrz.pl\/salonstargard\/wp-content\/uploads\/2022\/04\/FIRANY-I-ZASLONY-RADIMAR9.webp 1200w\" data-sizes=\"(max-width: 1030px) 100vw, 1030px\" data-rel='gallery-11' data-prev-img='https:\/\/sklepwnetrz.pl\/salonstargard\/wp-content\/uploads\/2022\/04\/FIRANY-I-ZASLONY-RADIMAR9-495x400.webp' class='first_thumb lightbox ' data-onclick='101' title='FIRANY I ZAS\u0141ONY RADIMAR9'  itemprop=\"thumbnailUrl\"  ><img decoding=\"async\" class=\"wp-image-1201 avia-img-lazy-loading-not-1201\"   src=\"https:\/\/sklepwnetrz.pl\/salonstargard\/wp-content\/uploads\/2022\/04\/FIRANY-I-ZASLONY-RADIMAR9-495x400.webp\" width=\"495\" height=\"400\"  title='FIRANY I ZAS\u0141ONY RADIMAR9' alt='' srcset=\"https:\/\/sklepwnetrz.pl\/salonstargard\/wp-content\/uploads\/2022\/04\/FIRANY-I-ZASLONY-RADIMAR9-495x400.webp 495w, https:\/\/sklepwnetrz.pl\/salonstargard\/wp-content\/uploads\/2022\/04\/FIRANY-I-ZASLONY-RADIMAR9-845x684.webp 845w\" sizes=\"(max-width: 495px) 100vw, 495px\" \/><\/a> <a href=\"https:\/\/sklepwnetrz.pl\/salonstargard\/wp-content\/uploads\/2022\/04\/FIRANY-I-ZASLONY-RADIMAR8-1030x1030.webp\" data-srcset=\"https:\/\/sklepwnetrz.pl\/salonstargard\/wp-content\/uploads\/2022\/04\/FIRANY-I-ZASLONY-RADIMAR8-1030x1030.webp 1030w, https:\/\/sklepwnetrz.pl\/salonstargard\/wp-content\/uploads\/2022\/04\/FIRANY-I-ZASLONY-RADIMAR8-300x300.webp 300w, https:\/\/sklepwnetrz.pl\/salonstargard\/wp-content\/uploads\/2022\/04\/FIRANY-I-ZASLONY-RADIMAR8-80x80.webp 80w, https:\/\/sklepwnetrz.pl\/salonstargard\/wp-content\/uploads\/2022\/04\/FIRANY-I-ZASLONY-RADIMAR8-768x768.webp 768w, https:\/\/sklepwnetrz.pl\/salonstargard\/wp-content\/uploads\/2022\/04\/FIRANY-I-ZASLONY-RADIMAR8-36x36.webp 36w, https:\/\/sklepwnetrz.pl\/salonstargard\/wp-content\/uploads\/2022\/04\/FIRANY-I-ZASLONY-RADIMAR8-180x180.webp 180w, https:\/\/sklepwnetrz.pl\/salonstargard\/wp-content\/uploads\/2022\/04\/FIRANY-I-ZASLONY-RADIMAR8-705x705.webp 705w, https:\/\/sklepwnetrz.pl\/salonstargard\/wp-content\/uploads\/2022\/04\/FIRANY-I-ZASLONY-RADIMAR8.webp 1200w\" data-sizes=\"(max-width: 1030px) 100vw, 1030px\" data-rel='gallery-11' data-prev-img='https:\/\/sklepwnetrz.pl\/salonstargard\/wp-content\/uploads\/2022\/04\/FIRANY-I-ZASLONY-RADIMAR8-495x400.webp' class='lightbox ' data-onclick='102' title='FIRANY I ZAS\u0141ONY RADIMAR8'  itemprop=\"thumbnailUrl\"  ><img decoding=\"async\" class=\"wp-image-1200 avia-img-lazy-loading-not-1200\"   src=\"https:\/\/sklepwnetrz.pl\/salonstargard\/wp-content\/uploads\/2022\/04\/FIRANY-I-ZASLONY-RADIMAR8-495x400.webp\" width=\"495\" height=\"400\"  title='FIRANY I ZAS\u0141ONY RADIMAR8' alt='' srcset=\"https:\/\/sklepwnetrz.pl\/salonstargard\/wp-content\/uploads\/2022\/04\/FIRANY-I-ZASLONY-RADIMAR8-495x400.webp 495w, https:\/\/sklepwnetrz.pl\/salonstargard\/wp-content\/uploads\/2022\/04\/FIRANY-I-ZASLONY-RADIMAR8-845x684.webp 845w\" sizes=\"(max-width: 495px) 100vw, 495px\" \/><\/a> <a href=\"https:\/\/sklepwnetrz.pl\/salonstargard\/wp-content\/uploads\/2022\/04\/FIRANY-I-ZASLONY-RADIMAR7-1030x1030.webp\" data-srcset=\"https:\/\/sklepwnetrz.pl\/salonstargard\/wp-content\/uploads\/2022\/04\/FIRANY-I-ZASLONY-RADIMAR7-1030x1030.webp 1030w, https:\/\/sklepwnetrz.pl\/salonstargard\/wp-content\/uploads\/2022\/04\/FIRANY-I-ZASLONY-RADIMAR7-300x300.webp 300w, https:\/\/sklepwnetrz.pl\/salonstargard\/wp-content\/uploads\/2022\/04\/FIRANY-I-ZASLONY-RADIMAR7-80x80.webp 80w, https:\/\/sklepwnetrz.pl\/salonstargard\/wp-content\/uploads\/2022\/04\/FIRANY-I-ZASLONY-RADIMAR7-768x768.webp 768w, https:\/\/sklepwnetrz.pl\/salonstargard\/wp-content\/uploads\/2022\/04\/FIRANY-I-ZASLONY-RADIMAR7-36x36.webp 36w, https:\/\/sklepwnetrz.pl\/salonstargard\/wp-content\/uploads\/2022\/04\/FIRANY-I-ZASLONY-RADIMAR7-180x180.webp 180w, https:\/\/sklepwnetrz.pl\/salonstargard\/wp-content\/uploads\/2022\/04\/FIRANY-I-ZASLONY-RADIMAR7-705x705.webp 705w, https:\/\/sklepwnetrz.pl\/salonstargard\/wp-content\/uploads\/2022\/04\/FIRANY-I-ZASLONY-RADIMAR7.webp 1200w\" data-sizes=\"(max-width: 1030px) 100vw, 1030px\" data-rel='gallery-11' data-prev-img='https:\/\/sklepwnetrz.pl\/salonstargard\/wp-content\/uploads\/2022\/04\/FIRANY-I-ZASLONY-RADIMAR7-495x400.webp' class='lightbox ' data-onclick='103' title='FIRANY I ZAS\u0141ONY RADIMAR7'  itemprop=\"thumbnailUrl\"  ><img decoding=\"async\" class=\"wp-image-1199 avia-img-lazy-loading-not-1199\"   src=\"https:\/\/sklepwnetrz.pl\/salonstargard\/wp-content\/uploads\/2022\/04\/FIRANY-I-ZASLONY-RADIMAR7-495x400.webp\" width=\"495\" height=\"400\"  title='FIRANY I ZAS\u0141ONY RADIMAR7' alt='' srcset=\"https:\/\/sklepwnetrz.pl\/salonstargard\/wp-content\/uploads\/2022\/04\/FIRANY-I-ZASLONY-RADIMAR7-495x400.webp 495w, https:\/\/sklepwnetrz.pl\/salonstargard\/wp-content\/uploads\/2022\/04\/FIRANY-I-ZASLONY-RADIMAR7-845x684.webp 845w\" sizes=\"(max-width: 495px) 100vw, 495px\" \/><\/a> <a href=\"https:\/\/sklepwnetrz.pl\/salonstargard\/wp-content\/uploads\/2022\/04\/FIRANY-I-ZASLONY-RADIMAR6-1030x1030.webp\" data-srcset=\"https:\/\/sklepwnetrz.pl\/salonstargard\/wp-content\/uploads\/2022\/04\/FIRANY-I-ZASLONY-RADIMAR6-1030x1030.webp 1030w, https:\/\/sklepwnetrz.pl\/salonstargard\/wp-content\/uploads\/2022\/04\/FIRANY-I-ZASLONY-RADIMAR6-300x300.webp 300w, https:\/\/sklepwnetrz.pl\/salonstargard\/wp-content\/uploads\/2022\/04\/FIRANY-I-ZASLONY-RADIMAR6-80x80.webp 80w, https:\/\/sklepwnetrz.pl\/salonstargard\/wp-content\/uploads\/2022\/04\/FIRANY-I-ZASLONY-RADIMAR6-768x768.webp 768w, https:\/\/sklepwnetrz.pl\/salonstargard\/wp-content\/uploads\/2022\/04\/FIRANY-I-ZASLONY-RADIMAR6-36x36.webp 36w, https:\/\/sklepwnetrz.pl\/salonstargard\/wp-content\/uploads\/2022\/04\/FIRANY-I-ZASLONY-RADIMAR6-180x180.webp 180w, https:\/\/sklepwnetrz.pl\/salonstargard\/wp-content\/uploads\/2022\/04\/FIRANY-I-ZASLONY-RADIMAR6-705x705.webp 705w, https:\/\/sklepwnetrz.pl\/salonstargard\/wp-content\/uploads\/2022\/04\/FIRANY-I-ZASLONY-RADIMAR6.webp 1200w\" data-sizes=\"(max-width: 1030px) 100vw, 1030px\" data-rel='gallery-11' data-prev-img='https:\/\/sklepwnetrz.pl\/salonstargard\/wp-content\/uploads\/2022\/04\/FIRANY-I-ZASLONY-RADIMAR6-495x400.webp' class='lightbox ' data-onclick='104' title='FIRANY I ZAS\u0141ONY RADIMAR6'  itemprop=\"thumbnailUrl\"  ><img decoding=\"async\" class=\"wp-image-1198 avia-img-lazy-loading-not-1198\"   src=\"https:\/\/sklepwnetrz.pl\/salonstargard\/wp-content\/uploads\/2022\/04\/FIRANY-I-ZASLONY-RADIMAR6-495x400.webp\" width=\"495\" height=\"400\"  title='FIRANY I ZAS\u0141ONY RADIMAR6' alt='' srcset=\"https:\/\/sklepwnetrz.pl\/salonstargard\/wp-content\/uploads\/2022\/04\/FIRANY-I-ZASLONY-RADIMAR6-495x400.webp 495w, https:\/\/sklepwnetrz.pl\/salonstargard\/wp-content\/uploads\/2022\/04\/FIRANY-I-ZASLONY-RADIMAR6-845x684.webp 845w\" sizes=\"(max-width: 495px) 100vw, 495px\" \/><\/a> <a href=\"https:\/\/sklepwnetrz.pl\/salonstargard\/wp-content\/uploads\/2022\/04\/FIRANY-I-ZASLONY-RADIMAR5-1030x1030.webp\" data-srcset=\"https:\/\/sklepwnetrz.pl\/salonstargard\/wp-content\/uploads\/2022\/04\/FIRANY-I-ZASLONY-RADIMAR5-1030x1030.webp 1030w, https:\/\/sklepwnetrz.pl\/salonstargard\/wp-content\/uploads\/2022\/04\/FIRANY-I-ZASLONY-RADIMAR5-300x300.webp 300w, https:\/\/sklepwnetrz.pl\/salonstargard\/wp-content\/uploads\/2022\/04\/FIRANY-I-ZASLONY-RADIMAR5-80x80.webp 80w, https:\/\/sklepwnetrz.pl\/salonstargard\/wp-content\/uploads\/2022\/04\/FIRANY-I-ZASLONY-RADIMAR5-768x768.webp 768w, https:\/\/sklepwnetrz.pl\/salonstargard\/wp-content\/uploads\/2022\/04\/FIRANY-I-ZASLONY-RADIMAR5-36x36.webp 36w, https:\/\/sklepwnetrz.pl\/salonstargard\/wp-content\/uploads\/2022\/04\/FIRANY-I-ZASLONY-RADIMAR5-180x180.webp 180w, https:\/\/sklepwnetrz.pl\/salonstargard\/wp-content\/uploads\/2022\/04\/FIRANY-I-ZASLONY-RADIMAR5-705x705.webp 705w, https:\/\/sklepwnetrz.pl\/salonstargard\/wp-content\/uploads\/2022\/04\/FIRANY-I-ZASLONY-RADIMAR5.webp 1200w\" data-sizes=\"(max-width: 1030px) 100vw, 1030px\" data-rel='gallery-11' data-prev-img='https:\/\/sklepwnetrz.pl\/salonstargard\/wp-content\/uploads\/2022\/04\/FIRANY-I-ZASLONY-RADIMAR5-495x400.webp' class='lightbox ' data-onclick='105' title='FIRANY I ZAS\u0141ONY RADIMAR5'  itemprop=\"thumbnailUrl\"  ><img decoding=\"async\" class=\"wp-image-1197 avia-img-lazy-loading-not-1197\"   src=\"https:\/\/sklepwnetrz.pl\/salonstargard\/wp-content\/uploads\/2022\/04\/FIRANY-I-ZASLONY-RADIMAR5-495x400.webp\" width=\"495\" height=\"400\"  title='FIRANY I ZAS\u0141ONY RADIMAR5' alt='' srcset=\"https:\/\/sklepwnetrz.pl\/salonstargard\/wp-content\/uploads\/2022\/04\/FIRANY-I-ZASLONY-RADIMAR5-495x400.webp 495w, https:\/\/sklepwnetrz.pl\/salonstargard\/wp-content\/uploads\/2022\/04\/FIRANY-I-ZASLONY-RADIMAR5-845x684.webp 845w\" sizes=\"(max-width: 495px) 100vw, 495px\" \/><\/a> <a href=\"https:\/\/sklepwnetrz.pl\/salonstargard\/wp-content\/uploads\/2022\/04\/FIRANY-I-ZASLONY-RADIMAR3-1030x1030.webp\" data-srcset=\"https:\/\/sklepwnetrz.pl\/salonstargard\/wp-content\/uploads\/2022\/04\/FIRANY-I-ZASLONY-RADIMAR3-1030x1030.webp 1030w, https:\/\/sklepwnetrz.pl\/salonstargard\/wp-content\/uploads\/2022\/04\/FIRANY-I-ZASLONY-RADIMAR3-300x300.webp 300w, https:\/\/sklepwnetrz.pl\/salonstargard\/wp-content\/uploads\/2022\/04\/FIRANY-I-ZASLONY-RADIMAR3-80x80.webp 80w, https:\/\/sklepwnetrz.pl\/salonstargard\/wp-content\/uploads\/2022\/04\/FIRANY-I-ZASLONY-RADIMAR3-768x768.webp 768w, https:\/\/sklepwnetrz.pl\/salonstargard\/wp-content\/uploads\/2022\/04\/FIRANY-I-ZASLONY-RADIMAR3-36x36.webp 36w, https:\/\/sklepwnetrz.pl\/salonstargard\/wp-content\/uploads\/2022\/04\/FIRANY-I-ZASLONY-RADIMAR3-180x180.webp 180w, https:\/\/sklepwnetrz.pl\/salonstargard\/wp-content\/uploads\/2022\/04\/FIRANY-I-ZASLONY-RADIMAR3-705x705.webp 705w, https:\/\/sklepwnetrz.pl\/salonstargard\/wp-content\/uploads\/2022\/04\/FIRANY-I-ZASLONY-RADIMAR3.webp 1200w\" data-sizes=\"(max-width: 1030px) 100vw, 1030px\" data-rel='gallery-11' data-prev-img='https:\/\/sklepwnetrz.pl\/salonstargard\/wp-content\/uploads\/2022\/04\/FIRANY-I-ZASLONY-RADIMAR3-495x400.webp' class='first_thumb lightbox ' data-onclick='106' title='FIRANY I ZAS\u0141ONY RADIMAR3'  itemprop=\"thumbnailUrl\"  ><img decoding=\"async\" class=\"wp-image-1195 avia-img-lazy-loading-not-1195\"   src=\"https:\/\/sklepwnetrz.pl\/salonstargard\/wp-content\/uploads\/2022\/04\/FIRANY-I-ZASLONY-RADIMAR3-495x400.webp\" width=\"495\" height=\"400\"  title='FIRANY I ZAS\u0141ONY RADIMAR3' alt='' srcset=\"https:\/\/sklepwnetrz.pl\/salonstargard\/wp-content\/uploads\/2022\/04\/FIRANY-I-ZASLONY-RADIMAR3-495x400.webp 495w, https:\/\/sklepwnetrz.pl\/salonstargard\/wp-content\/uploads\/2022\/04\/FIRANY-I-ZASLONY-RADIMAR3-845x684.webp 845w\" sizes=\"(max-width: 495px) 100vw, 495px\" \/><\/a> <a href=\"https:\/\/sklepwnetrz.pl\/salonstargard\/wp-content\/uploads\/2022\/04\/FIRANY-I-ZASLONY-RADIMAR1-1030x1030.webp\" data-srcset=\"https:\/\/sklepwnetrz.pl\/salonstargard\/wp-content\/uploads\/2022\/04\/FIRANY-I-ZASLONY-RADIMAR1-1030x1030.webp 1030w, https:\/\/sklepwnetrz.pl\/salonstargard\/wp-content\/uploads\/2022\/04\/FIRANY-I-ZASLONY-RADIMAR1-300x300.webp 300w, https:\/\/sklepwnetrz.pl\/salonstargard\/wp-content\/uploads\/2022\/04\/FIRANY-I-ZASLONY-RADIMAR1-80x80.webp 80w, https:\/\/sklepwnetrz.pl\/salonstargard\/wp-content\/uploads\/2022\/04\/FIRANY-I-ZASLONY-RADIMAR1-768x768.webp 768w, https:\/\/sklepwnetrz.pl\/salonstargard\/wp-content\/uploads\/2022\/04\/FIRANY-I-ZASLONY-RADIMAR1-36x36.webp 36w, https:\/\/sklepwnetrz.pl\/salonstargard\/wp-content\/uploads\/2022\/04\/FIRANY-I-ZASLONY-RADIMAR1-180x180.webp 180w, https:\/\/sklepwnetrz.pl\/salonstargard\/wp-content\/uploads\/2022\/04\/FIRANY-I-ZASLONY-RADIMAR1-705x705.webp 705w, https:\/\/sklepwnetrz.pl\/salonstargard\/wp-content\/uploads\/2022\/04\/FIRANY-I-ZASLONY-RADIMAR1.webp 1200w\" data-sizes=\"(max-width: 1030px) 100vw, 1030px\" data-rel='gallery-11' data-prev-img='https:\/\/sklepwnetrz.pl\/salonstargard\/wp-content\/uploads\/2022\/04\/FIRANY-I-ZASLONY-RADIMAR1-495x400.webp' class='lightbox ' data-onclick='107' title='FIRANY I ZAS\u0141ONY RADIMAR1'  itemprop=\"thumbnailUrl\"  ><img decoding=\"async\" class=\"wp-image-1193 avia-img-lazy-loading-not-1193\"   src=\"https:\/\/sklepwnetrz.pl\/salonstargard\/wp-content\/uploads\/2022\/04\/FIRANY-I-ZASLONY-RADIMAR1-495x400.webp\" width=\"495\" height=\"400\"  title='FIRANY I ZAS\u0141ONY RADIMAR1' alt='' srcset=\"https:\/\/sklepwnetrz.pl\/salonstargard\/wp-content\/uploads\/2022\/04\/FIRANY-I-ZASLONY-RADIMAR1-495x400.webp 495w, https:\/\/sklepwnetrz.pl\/salonstargard\/wp-content\/uploads\/2022\/04\/FIRANY-I-ZASLONY-RADIMAR1-845x684.webp 845w\" sizes=\"(max-width: 495px) 100vw, 495px\" \/><\/a> <a href=\"https:\/\/sklepwnetrz.pl\/salonstargard\/wp-content\/uploads\/2022\/04\/lord4-1030x1030.webp\" data-srcset=\"https:\/\/sklepwnetrz.pl\/salonstargard\/wp-content\/uploads\/2022\/04\/lord4-1030x1030.webp 1030w, https:\/\/sklepwnetrz.pl\/salonstargard\/wp-content\/uploads\/2022\/04\/lord4-300x300.webp 300w, https:\/\/sklepwnetrz.pl\/salonstargard\/wp-content\/uploads\/2022\/04\/lord4-80x80.webp 80w, https:\/\/sklepwnetrz.pl\/salonstargard\/wp-content\/uploads\/2022\/04\/lord4-768x768.webp 768w, https:\/\/sklepwnetrz.pl\/salonstargard\/wp-content\/uploads\/2022\/04\/lord4-36x36.webp 36w, https:\/\/sklepwnetrz.pl\/salonstargard\/wp-content\/uploads\/2022\/04\/lord4-180x180.webp 180w, https:\/\/sklepwnetrz.pl\/salonstargard\/wp-content\/uploads\/2022\/04\/lord4-705x705.webp 705w, https:\/\/sklepwnetrz.pl\/salonstargard\/wp-content\/uploads\/2022\/04\/lord4.webp 1200w\" data-sizes=\"(max-width: 1030px) 100vw, 1030px\" data-rel='gallery-11' data-prev-img='https:\/\/sklepwnetrz.pl\/salonstargard\/wp-content\/uploads\/2022\/04\/lord4-495x400.webp' class='lightbox ' data-onclick='108' title='lord4'  itemprop=\"thumbnailUrl\"  ><img decoding=\"async\" class=\"wp-image-1113 avia-img-lazy-loading-not-1113\"   src=\"https:\/\/sklepwnetrz.pl\/salonstargard\/wp-content\/uploads\/2022\/04\/lord4-495x400.webp\" width=\"495\" height=\"400\"  title='lord4' alt='' srcset=\"https:\/\/sklepwnetrz.pl\/salonstargard\/wp-content\/uploads\/2022\/04\/lord4-495x400.webp 495w, https:\/\/sklepwnetrz.pl\/salonstargard\/wp-content\/uploads\/2022\/04\/lord4-845x684.webp 845w\" sizes=\"(max-width: 495px) 100vw, 495px\" \/><\/a> <a href=\"https:\/\/sklepwnetrz.pl\/salonstargard\/wp-content\/uploads\/2022\/04\/FIRANY-I-ZASLONY-RADIMAR4-1030x1030.webp\" data-srcset=\"https:\/\/sklepwnetrz.pl\/salonstargard\/wp-content\/uploads\/2022\/04\/FIRANY-I-ZASLONY-RADIMAR4-1030x1030.webp 1030w, https:\/\/sklepwnetrz.pl\/salonstargard\/wp-content\/uploads\/2022\/04\/FIRANY-I-ZASLONY-RADIMAR4-300x300.webp 300w, https:\/\/sklepwnetrz.pl\/salonstargard\/wp-content\/uploads\/2022\/04\/FIRANY-I-ZASLONY-RADIMAR4-80x80.webp 80w, https:\/\/sklepwnetrz.pl\/salonstargard\/wp-content\/uploads\/2022\/04\/FIRANY-I-ZASLONY-RADIMAR4-768x768.webp 768w, https:\/\/sklepwnetrz.pl\/salonstargard\/wp-content\/uploads\/2022\/04\/FIRANY-I-ZASLONY-RADIMAR4-36x36.webp 36w, https:\/\/sklepwnetrz.pl\/salonstargard\/wp-content\/uploads\/2022\/04\/FIRANY-I-ZASLONY-RADIMAR4-180x180.webp 180w, https:\/\/sklepwnetrz.pl\/salonstargard\/wp-content\/uploads\/2022\/04\/FIRANY-I-ZASLONY-RADIMAR4-705x705.webp 705w, https:\/\/sklepwnetrz.pl\/salonstargard\/wp-content\/uploads\/2022\/04\/FIRANY-I-ZASLONY-RADIMAR4.webp 1200w\" data-sizes=\"(max-width: 1030px) 100vw, 1030px\" data-rel='gallery-11' data-prev-img='https:\/\/sklepwnetrz.pl\/salonstargard\/wp-content\/uploads\/2022\/04\/FIRANY-I-ZASLONY-RADIMAR4-495x400.webp' class='lightbox ' data-onclick='109' title='FIRANY I ZAS\u0141ONY RADIMAR4'  itemprop=\"thumbnailUrl\"  ><img decoding=\"async\" class=\"wp-image-1196 avia-img-lazy-loading-not-1196\"   src=\"https:\/\/sklepwnetrz.pl\/salonstargard\/wp-content\/uploads\/2022\/04\/FIRANY-I-ZASLONY-RADIMAR4-495x400.webp\" width=\"495\" height=\"400\"  title='FIRANY I ZAS\u0141ONY RADIMAR4' alt='' srcset=\"https:\/\/sklepwnetrz.pl\/salonstargard\/wp-content\/uploads\/2022\/04\/FIRANY-I-ZASLONY-RADIMAR4-495x400.webp 495w, https:\/\/sklepwnetrz.pl\/salonstargard\/wp-content\/uploads\/2022\/04\/FIRANY-I-ZASLONY-RADIMAR4-845x684.webp 845w\" sizes=\"(max-width: 495px) 100vw, 495px\" \/><\/a> <a href=\"https:\/\/sklepwnetrz.pl\/salonstargard\/wp-content\/uploads\/2022\/04\/20220419_1339171-1030x773.webp\" data-srcset=\"https:\/\/sklepwnetrz.pl\/salonstargard\/wp-content\/uploads\/2022\/04\/20220419_1339171-1030x773.webp 1030w, https:\/\/sklepwnetrz.pl\/salonstargard\/wp-content\/uploads\/2022\/04\/20220419_1339171-300x225.webp 300w, https:\/\/sklepwnetrz.pl\/salonstargard\/wp-content\/uploads\/2022\/04\/20220419_1339171-768x576.webp 768w, https:\/\/sklepwnetrz.pl\/salonstargard\/wp-content\/uploads\/2022\/04\/20220419_1339171-1536x1152.webp 1536w, https:\/\/sklepwnetrz.pl\/salonstargard\/wp-content\/uploads\/2022\/04\/20220419_1339171-2048x1536.webp 2048w, https:\/\/sklepwnetrz.pl\/salonstargard\/wp-content\/uploads\/2022\/04\/20220419_1339171-1500x1125.webp 1500w, https:\/\/sklepwnetrz.pl\/salonstargard\/wp-content\/uploads\/2022\/04\/20220419_1339171-705x529.webp 705w\" data-sizes=\"(max-width: 1030px) 100vw, 1030px\" data-rel='gallery-11' data-prev-img='https:\/\/sklepwnetrz.pl\/salonstargard\/wp-content\/uploads\/2022\/04\/20220419_1339171-495x400.webp' class='lightbox ' data-onclick='110' title='20220419_1339171'  itemprop=\"thumbnailUrl\"  ><img decoding=\"async\" class=\"wp-image-1231 avia-img-lazy-loading-not-1231\"   src=\"https:\/\/sklepwnetrz.pl\/salonstargard\/wp-content\/uploads\/2022\/04\/20220419_1339171-495x400.webp\" width=\"495\" height=\"400\"  title='20220419_1339171' alt='' srcset=\"https:\/\/sklepwnetrz.pl\/salonstargard\/wp-content\/uploads\/2022\/04\/20220419_1339171-495x400.webp 495w, https:\/\/sklepwnetrz.pl\/salonstargard\/wp-content\/uploads\/2022\/04\/20220419_1339171-845x684.webp 845w\" sizes=\"(max-width: 495px) 100vw, 495px\" \/><\/a> <a href=\"https:\/\/sklepwnetrz.pl\/salonstargard\/wp-content\/uploads\/2022\/04\/firany-i-zaslony-rolety-radimar-1030x824.webp\" data-srcset=\"https:\/\/sklepwnetrz.pl\/salonstargard\/wp-content\/uploads\/2022\/04\/firany-i-zaslony-rolety-radimar-1030x824.webp 1030w, https:\/\/sklepwnetrz.pl\/salonstargard\/wp-content\/uploads\/2022\/04\/firany-i-zaslony-rolety-radimar-300x240.webp 300w, https:\/\/sklepwnetrz.pl\/salonstargard\/wp-content\/uploads\/2022\/04\/firany-i-zaslony-rolety-radimar-768x614.webp 768w, https:\/\/sklepwnetrz.pl\/salonstargard\/wp-content\/uploads\/2022\/04\/firany-i-zaslony-rolety-radimar-705x564.webp 705w, https:\/\/sklepwnetrz.pl\/salonstargard\/wp-content\/uploads\/2022\/04\/firany-i-zaslony-rolety-radimar.webp 1200w\" data-sizes=\"(max-width: 1030px) 100vw, 1030px\" data-rel='gallery-11' data-prev-img='https:\/\/sklepwnetrz.pl\/salonstargard\/wp-content\/uploads\/2022\/04\/firany-i-zaslony-rolety-radimar-495x400.webp' class='first_thumb lightbox ' data-onclick='111' title='firany i zaslony rolety radimar'  itemprop=\"thumbnailUrl\"  ><img decoding=\"async\" class=\"wp-image-1236 avia-img-lazy-loading-not-1236\"   src=\"https:\/\/sklepwnetrz.pl\/salonstargard\/wp-content\/uploads\/2022\/04\/firany-i-zaslony-rolety-radimar-495x400.webp\" width=\"495\" height=\"400\"  title='firany i zaslony rolety radimar' alt='' srcset=\"https:\/\/sklepwnetrz.pl\/salonstargard\/wp-content\/uploads\/2022\/04\/firany-i-zaslony-rolety-radimar-495x400.webp 495w, https:\/\/sklepwnetrz.pl\/salonstargard\/wp-content\/uploads\/2022\/04\/firany-i-zaslony-rolety-radimar-845x684.webp 845w\" sizes=\"(max-width: 495px) 100vw, 495px\" \/><\/a> <a href=\"https:\/\/sklepwnetrz.pl\/salonstargard\/wp-content\/uploads\/2022\/04\/roleta-wenecka-radimar-1030x824.webp\" data-srcset=\"https:\/\/sklepwnetrz.pl\/salonstargard\/wp-content\/uploads\/2022\/04\/roleta-wenecka-radimar-1030x824.webp 1030w, https:\/\/sklepwnetrz.pl\/salonstargard\/wp-content\/uploads\/2022\/04\/roleta-wenecka-radimar-300x240.webp 300w, https:\/\/sklepwnetrz.pl\/salonstargard\/wp-content\/uploads\/2022\/04\/roleta-wenecka-radimar-768x614.webp 768w, https:\/\/sklepwnetrz.pl\/salonstargard\/wp-content\/uploads\/2022\/04\/roleta-wenecka-radimar-705x564.webp 705w, https:\/\/sklepwnetrz.pl\/salonstargard\/wp-content\/uploads\/2022\/04\/roleta-wenecka-radimar.webp 1200w\" data-sizes=\"(max-width: 1030px) 100vw, 1030px\" data-rel='gallery-11' data-prev-img='https:\/\/sklepwnetrz.pl\/salonstargard\/wp-content\/uploads\/2022\/04\/roleta-wenecka-radimar-495x400.webp' class='lightbox ' data-onclick='112' title='roleta wenecka radimar'  itemprop=\"thumbnailUrl\"  ><img decoding=\"async\" class=\"wp-image-1240 avia-img-lazy-loading-not-1240\"   src=\"https:\/\/sklepwnetrz.pl\/salonstargard\/wp-content\/uploads\/2022\/04\/roleta-wenecka-radimar-495x400.webp\" width=\"495\" height=\"400\"  title='roleta wenecka radimar' alt='' srcset=\"https:\/\/sklepwnetrz.pl\/salonstargard\/wp-content\/uploads\/2022\/04\/roleta-wenecka-radimar-495x400.webp 495w, https:\/\/sklepwnetrz.pl\/salonstargard\/wp-content\/uploads\/2022\/04\/roleta-wenecka-radimar-845x684.webp 845w\" sizes=\"(max-width: 495px) 100vw, 495px\" \/><\/a> <a href=\"https:\/\/sklepwnetrz.pl\/salonstargard\/wp-content\/uploads\/2022\/04\/hotel-lord-1030x1030.webp\" data-srcset=\"https:\/\/sklepwnetrz.pl\/salonstargard\/wp-content\/uploads\/2022\/04\/hotel-lord-1030x1030.webp 1030w, https:\/\/sklepwnetrz.pl\/salonstargard\/wp-content\/uploads\/2022\/04\/hotel-lord-300x300.webp 300w, https:\/\/sklepwnetrz.pl\/salonstargard\/wp-content\/uploads\/2022\/04\/hotel-lord-80x80.webp 80w, https:\/\/sklepwnetrz.pl\/salonstargard\/wp-content\/uploads\/2022\/04\/hotel-lord-768x768.webp 768w, https:\/\/sklepwnetrz.pl\/salonstargard\/wp-content\/uploads\/2022\/04\/hotel-lord-36x36.webp 36w, https:\/\/sklepwnetrz.pl\/salonstargard\/wp-content\/uploads\/2022\/04\/hotel-lord-180x180.webp 180w, https:\/\/sklepwnetrz.pl\/salonstargard\/wp-content\/uploads\/2022\/04\/hotel-lord-705x705.webp 705w, https:\/\/sklepwnetrz.pl\/salonstargard\/wp-content\/uploads\/2022\/04\/hotel-lord.webp 1200w\" data-sizes=\"(max-width: 1030px) 100vw, 1030px\" data-rel='gallery-11' data-prev-img='https:\/\/sklepwnetrz.pl\/salonstargard\/wp-content\/uploads\/2022\/04\/hotel-lord-495x400.webp' class='lightbox ' data-onclick='113' title='hotel lord'  itemprop=\"thumbnailUrl\"  ><img decoding=\"async\" class=\"wp-image-1110 avia-img-lazy-loading-not-1110\"   src=\"https:\/\/sklepwnetrz.pl\/salonstargard\/wp-content\/uploads\/2022\/04\/hotel-lord-495x400.webp\" width=\"495\" height=\"400\"  title='hotel lord' alt='' srcset=\"https:\/\/sklepwnetrz.pl\/salonstargard\/wp-content\/uploads\/2022\/04\/hotel-lord-495x400.webp 495w, https:\/\/sklepwnetrz.pl\/salonstargard\/wp-content\/uploads\/2022\/04\/hotel-lord-845x684.webp 845w\" sizes=\"(max-width: 495px) 100vw, 495px\" \/><\/a> <a href=\"https:\/\/sklepwnetrz.pl\/salonstargard\/wp-content\/uploads\/2022\/04\/FIRANY-I-ZASLONY-RADIMAR2-1030x1030.webp\" data-srcset=\"https:\/\/sklepwnetrz.pl\/salonstargard\/wp-content\/uploads\/2022\/04\/FIRANY-I-ZASLONY-RADIMAR2-1030x1030.webp 1030w, https:\/\/sklepwnetrz.pl\/salonstargard\/wp-content\/uploads\/2022\/04\/FIRANY-I-ZASLONY-RADIMAR2-300x300.webp 300w, https:\/\/sklepwnetrz.pl\/salonstargard\/wp-content\/uploads\/2022\/04\/FIRANY-I-ZASLONY-RADIMAR2-80x80.webp 80w, https:\/\/sklepwnetrz.pl\/salonstargard\/wp-content\/uploads\/2022\/04\/FIRANY-I-ZASLONY-RADIMAR2-768x768.webp 768w, https:\/\/sklepwnetrz.pl\/salonstargard\/wp-content\/uploads\/2022\/04\/FIRANY-I-ZASLONY-RADIMAR2-36x36.webp 36w, https:\/\/sklepwnetrz.pl\/salonstargard\/wp-content\/uploads\/2022\/04\/FIRANY-I-ZASLONY-RADIMAR2-180x180.webp 180w, https:\/\/sklepwnetrz.pl\/salonstargard\/wp-content\/uploads\/2022\/04\/FIRANY-I-ZASLONY-RADIMAR2-705x705.webp 705w, https:\/\/sklepwnetrz.pl\/salonstargard\/wp-content\/uploads\/2022\/04\/FIRANY-I-ZASLONY-RADIMAR2.webp 1200w\" data-sizes=\"(max-width: 1030px) 100vw, 1030px\" data-rel='gallery-11' data-prev-img='https:\/\/sklepwnetrz.pl\/salonstargard\/wp-content\/uploads\/2022\/04\/FIRANY-I-ZASLONY-RADIMAR2-495x400.webp' class='lightbox ' data-onclick='114' title='FIRANY I ZAS\u0141ONY RADIMAR2'  itemprop=\"thumbnailUrl\"  ><img decoding=\"async\" class=\"wp-image-1194 avia-img-lazy-loading-not-1194\"   src=\"https:\/\/sklepwnetrz.pl\/salonstargard\/wp-content\/uploads\/2022\/04\/FIRANY-I-ZASLONY-RADIMAR2-495x400.webp\" width=\"495\" height=\"400\"  title='FIRANY I ZAS\u0141ONY RADIMAR2' alt='' srcset=\"https:\/\/sklepwnetrz.pl\/salonstargard\/wp-content\/uploads\/2022\/04\/FIRANY-I-ZASLONY-RADIMAR2-495x400.webp 495w, https:\/\/sklepwnetrz.pl\/salonstargard\/wp-content\/uploads\/2022\/04\/FIRANY-I-ZASLONY-RADIMAR2-845x684.webp 845w\" sizes=\"(max-width: 495px) 100vw, 495px\" \/><\/a> <a href=\"https:\/\/sklepwnetrz.pl\/salonstargard\/wp-content\/uploads\/2023\/06\/firany-stargard-radimar-824x1030.webp\" data-srcset=\"https:\/\/sklepwnetrz.pl\/salonstargard\/wp-content\/uploads\/2023\/06\/firany-stargard-radimar-824x1030.webp 824w, https:\/\/sklepwnetrz.pl\/salonstargard\/wp-content\/uploads\/2023\/06\/firany-stargard-radimar-240x300.webp 240w, https:\/\/sklepwnetrz.pl\/salonstargard\/wp-content\/uploads\/2023\/06\/firany-stargard-radimar-768x960.webp 768w, https:\/\/sklepwnetrz.pl\/salonstargard\/wp-content\/uploads\/2023\/06\/firany-stargard-radimar-564x705.webp 564w, https:\/\/sklepwnetrz.pl\/salonstargard\/wp-content\/uploads\/2023\/06\/firany-stargard-radimar.webp 1080w\" data-sizes=\"(max-width: 824px) 100vw, 824px\" data-rel='gallery-11' data-prev-img='https:\/\/sklepwnetrz.pl\/salonstargard\/wp-content\/uploads\/2023\/06\/firany-stargard-radimar-495x400.webp' class='lightbox ' data-onclick='115' title='firany stargard radimar'  itemprop=\"thumbnailUrl\"  ><img decoding=\"async\" class=\"wp-image-1539 avia-img-lazy-loading-not-1539\"   src=\"https:\/\/sklepwnetrz.pl\/salonstargard\/wp-content\/uploads\/2023\/06\/firany-stargard-radimar-495x400.webp\" width=\"495\" height=\"400\"  title='firany stargard radimar' alt='' srcset=\"https:\/\/sklepwnetrz.pl\/salonstargard\/wp-content\/uploads\/2023\/06\/firany-stargard-radimar-495x400.webp 495w, https:\/\/sklepwnetrz.pl\/salonstargard\/wp-content\/uploads\/2023\/06\/firany-stargard-radimar-845x684.webp 845w\" sizes=\"(max-width: 495px) 100vw, 495px\" \/><\/a> <a href=\"https:\/\/sklepwnetrz.pl\/salonstargard\/wp-content\/uploads\/2023\/06\/firany-i-zaslony-szyte-na-wymiar-RADIMAR-1030x632.webp\" data-srcset=\"https:\/\/sklepwnetrz.pl\/salonstargard\/wp-content\/uploads\/2023\/06\/firany-i-zaslony-szyte-na-wymiar-RADIMAR-1030x632.webp 1030w, https:\/\/sklepwnetrz.pl\/salonstargard\/wp-content\/uploads\/2023\/06\/firany-i-zaslony-szyte-na-wymiar-RADIMAR-300x184.webp 300w, https:\/\/sklepwnetrz.pl\/salonstargard\/wp-content\/uploads\/2023\/06\/firany-i-zaslony-szyte-na-wymiar-RADIMAR-768x471.webp 768w, https:\/\/sklepwnetrz.pl\/salonstargard\/wp-content\/uploads\/2023\/06\/firany-i-zaslony-szyte-na-wymiar-RADIMAR-705x433.webp 705w, https:\/\/sklepwnetrz.pl\/salonstargard\/wp-content\/uploads\/2023\/06\/firany-i-zaslony-szyte-na-wymiar-RADIMAR.webp 1320w\" data-sizes=\"(max-width: 1030px) 100vw, 1030px\" data-rel='gallery-11' data-prev-img='https:\/\/sklepwnetrz.pl\/salonstargard\/wp-content\/uploads\/2023\/06\/firany-i-zaslony-szyte-na-wymiar-RADIMAR-495x400.webp' class='first_thumb lightbox ' data-onclick='116' title='firany i zas\u0142ony szyte na wymiar RADIMAR'  itemprop=\"thumbnailUrl\"  ><img decoding=\"async\" class=\"wp-image-1537 avia-img-lazy-loading-not-1537\"   src=\"https:\/\/sklepwnetrz.pl\/salonstargard\/wp-content\/uploads\/2023\/06\/firany-i-zaslony-szyte-na-wymiar-RADIMAR-495x400.webp\" width=\"495\" height=\"400\"  title='firany i zas\u0142ony szyte na wymiar RADIMAR' alt='' srcset=\"https:\/\/sklepwnetrz.pl\/salonstargard\/wp-content\/uploads\/2023\/06\/firany-i-zaslony-szyte-na-wymiar-RADIMAR-495x400.webp 495w, https:\/\/sklepwnetrz.pl\/salonstargard\/wp-content\/uploads\/2023\/06\/firany-i-zaslony-szyte-na-wymiar-RADIMAR-845x684.webp 845w\" sizes=\"(max-width: 495px) 100vw, 495px\" \/><\/a><\/div><\/div><\/div><\/p>\n<\/div><\/div>\n<\/div>\n<div id='rolety'  class='av-layout-grid-container entry-content-wrapper main_color av-flex-cells     avia-builder-el-159  el_after_av_layout_row  el_before_av_one_full  submenu-not-first container_wrap sidebar_right'  >\n<div class=\"flex_cell no_margin av_one_full  avia-builder-el-160  avia-builder-el-no-sibling   \" ><div class='flex_cell_inner' ><p>\n<style type=\"text\/css\" data-created_by=\"avia_inline_auto\" id=\"style-css-av-14tnin-3d5004260a91a68f2491d2c5c80ea534\">\n#top .av-special-heading.av-14tnin-3d5004260a91a68f2491d2c5c80ea534{\npadding-bottom:30px;\nfont-size:70px;\n}\n<\/style>\n<div  class='av-special-heading av-14tnin-3d5004260a91a68f2491d2c5c80ea534 av-special-heading-h1 blockquote modern-quote modern-centered  avia-builder-el-161  el_before_av_one_half  avia-builder-el-first  av-inherit-size '><h1 class='av-special-heading-tag '  itemprop=\"headline\"  > <u>ROLETY RZYMSKIE <\/u> RADIMAR<\/h1><div class='special-heading-border'><div class='special-heading-inner-border'><\/div><\/div><\/div><br \/>\n<div class='flex_column av-whl1r-79fe7e57a02f1416ecf4aead55a25f88 av_one_half  avia-builder-el-162  el_after_av_heading  el_before_av_one_half  first flex_column_div '   ><section class=\"av_textblock_section \"  itemscope=\"itemscope\" itemtype=\"https:\/\/schema.org\/CreativeWork\" ><div class='avia_textblock  '   itemprop=\"text\" ><p><strong>Rolety rzymskie<\/strong>\u00a0zdoby\u0142y ju\u017c ogromn\u0105 grup\u0119 zwolennik\u00f3w. Od kilku lat s\u0105 coraz cz\u0119\u015bciej proponowane klientom przez salony szyj\u0105ce dekoracje okienne oraz\u00a0 przez projektant\u00f3w, z kt\u00f3rych us\u0142ug korzystaj\u0105 klienci. Jak sama nazwa wskazuje, pomys\u0142 pochodzi od staro\u017cytnego Rzymu, a konkretnie od dekoracji zak\u0142adanych na okna przez Rzymianki. Zawiesza\u0142y one tkaniny w celu ochrony przez \u015bwiec\u0105cym s\u0142o\u0144cem w dzie\u0144, ch\u0142odem w nocy, a zapewne r\u00f3wnie\u017c jako zabezpieczenie przed wzrokiem innych<\/p>\n<p><strong>Rolety rzymskie maj\u0105 na celu<\/strong>\u00a0nie tylko oddziela\u0107 od tego, co na zewn\u0105trz, ale tak\u017ce dekorowa\u0107 nasz dom. Mo\u017cna je zastosowa\u0107 w\u0142a\u015bciwie do ka\u017cdego rodzaju pomieszcze\u0144 \u2013 salonu, kuchni, jadalni, sypialni, pokoju dzieci\u0119cego, \u0142azienki, pokoju go\u015bcinnego, korytarza, a nawet pralni czy biura. Do ka\u017cdego wn\u0119trza mo\u017cna dobra\u0107 taki spos\u00f3b monta\u017cu, rodzaj tkaniny, spos\u00f3b szycia, \u201ekr\u00f3j\u201d czy dodatkowe ozdoby, aby podkre\u015bli\u0107 pi\u0119kno pomieszczenia, dopasowa\u0107 do innych element\u00f3w wyst\u0119puj\u0105cych w danym miejscu oraz m\u00f3c w spos\u00f3b wygodny z nich korzysta\u0107. Rolety te pasuj\u0105 do wn\u0119trz nowoczesnych jak i stylowych. Wszystko zale\u017cy od doboru tkaniny oraz rodzaju rolety, o kt\u00f3rych b\u0119dzie napisane poni\u017cej. Rolety rzymskie mog\u0105 by\u0107 szyte w\u0142a\u015bciwie na ka\u017cde okno \u2013 pionowe czy dachowe. Stosowane s\u0105 wtedy odpowiednie mechanizmy i sposoby monta\u017cu umo\u017cliwiaj\u0105ce ich zawieszenie.<\/p>\n<\/div><\/section><\/div><div class='flex_column av-nixb3-bee2f61231837f7a7ae75a475a11acab av_one_half  avia-builder-el-164  el_after_av_one_half  avia-builder-el-last  flex_column_div '   ><style type=\"text\/css\" data-created_by=\"avia_inline_auto\" id=\"style-css-av-e506n-628ee792b5c74f240855eef447b387e5\">\n#top .avia-gallery.av-e506n-628ee792b5c74f240855eef447b387e5 .avia-gallery-thumb a{\nwidth:20%;\n}\n<\/style>\n<div  class='avia-gallery av-e506n-628ee792b5c74f240855eef447b387e5 avia_animate_when_visible  avia-builder-el-165  avia-builder-el-no-sibling  animations_off  avia-gallery-12'  itemprop=\"image\" itemscope=\"itemscope\" itemtype=\"https:\/\/schema.org\/ImageObject\" ><a class='avia-gallery-big fakeLightbox lightbox avia-gallery-big-crop-thumb ' href=\"https:\/\/sklepwnetrz.pl\/salonstargard\/wp-content\/uploads\/2023\/02\/top8-1030x687.webp\" data-srcset=\"https:\/\/sklepwnetrz.pl\/salonstargard\/wp-content\/uploads\/2023\/02\/top8-1030x687.webp 1030w, https:\/\/sklepwnetrz.pl\/salonstargard\/wp-content\/uploads\/2023\/02\/top8-300x200.webp 300w, https:\/\/sklepwnetrz.pl\/salonstargard\/wp-content\/uploads\/2023\/02\/top8-768x512.webp 768w, https:\/\/sklepwnetrz.pl\/salonstargard\/wp-content\/uploads\/2023\/02\/top8-705x470.webp 705w, https:\/\/sklepwnetrz.pl\/salonstargard\/wp-content\/uploads\/2023\/02\/top8.webp 1200w\" data-sizes=\"(max-width: 1030px) 100vw, 1030px\"  data-onclick='1' title='top8' ><span class='avia-gallery-big-inner'  itemprop=\"thumbnailUrl\" ><img decoding=\"async\" class=\"wp-image-1456 avia-img-lazy-loading-not-1456\"  width=\"495\" height=\"400\" src=\"https:\/\/sklepwnetrz.pl\/salonstargard\/wp-content\/uploads\/2023\/02\/top8-495x400.webp\" title='top8' alt='' srcset=\"https:\/\/sklepwnetrz.pl\/salonstargard\/wp-content\/uploads\/2023\/02\/top8-495x400.webp 495w, https:\/\/sklepwnetrz.pl\/salonstargard\/wp-content\/uploads\/2023\/02\/top8-845x684.webp 845w\" sizes=\"(max-width: 495px) 100vw, 495px\" \/><\/span><\/a><div class='avia-gallery-thumb'> <a href=\"https:\/\/sklepwnetrz.pl\/salonstargard\/wp-content\/uploads\/2023\/02\/top8-1030x687.webp\" data-srcset=\"https:\/\/sklepwnetrz.pl\/salonstargard\/wp-content\/uploads\/2023\/02\/top8-1030x687.webp 1030w, https:\/\/sklepwnetrz.pl\/salonstargard\/wp-content\/uploads\/2023\/02\/top8-300x200.webp 300w, https:\/\/sklepwnetrz.pl\/salonstargard\/wp-content\/uploads\/2023\/02\/top8-768x512.webp 768w, https:\/\/sklepwnetrz.pl\/salonstargard\/wp-content\/uploads\/2023\/02\/top8-705x470.webp 705w, https:\/\/sklepwnetrz.pl\/salonstargard\/wp-content\/uploads\/2023\/02\/top8.webp 1200w\" data-sizes=\"(max-width: 1030px) 100vw, 1030px\" data-rel='gallery-12' data-prev-img='https:\/\/sklepwnetrz.pl\/salonstargard\/wp-content\/uploads\/2023\/02\/top8-495x400.webp' class='first_thumb lightbox ' data-onclick='1' title='top8'  itemprop=\"thumbnailUrl\"  ><img decoding=\"async\" class=\"wp-image-1456 avia-img-lazy-loading-not-1456\"   src=\"https:\/\/sklepwnetrz.pl\/salonstargard\/wp-content\/uploads\/2023\/02\/top8-495x400.webp\" width=\"495\" height=\"400\"  title='top8' alt='' srcset=\"https:\/\/sklepwnetrz.pl\/salonstargard\/wp-content\/uploads\/2023\/02\/top8-495x400.webp 495w, https:\/\/sklepwnetrz.pl\/salonstargard\/wp-content\/uploads\/2023\/02\/top8-845x684.webp 845w\" sizes=\"(max-width: 495px) 100vw, 495px\" \/><\/a> <a href=\"https:\/\/sklepwnetrz.pl\/salonstargard\/wp-content\/uploads\/2023\/02\/top1-824x1030.webp\" data-srcset=\"https:\/\/sklepwnetrz.pl\/salonstargard\/wp-content\/uploads\/2023\/02\/top1-824x1030.webp 824w, https:\/\/sklepwnetrz.pl\/salonstargard\/wp-content\/uploads\/2023\/02\/top1-240x300.webp 240w, https:\/\/sklepwnetrz.pl\/salonstargard\/wp-content\/uploads\/2023\/02\/top1-768x960.webp 768w, https:\/\/sklepwnetrz.pl\/salonstargard\/wp-content\/uploads\/2023\/02\/top1-564x705.webp 564w, https:\/\/sklepwnetrz.pl\/salonstargard\/wp-content\/uploads\/2023\/02\/top1.webp 1080w\" data-sizes=\"(max-width: 824px) 100vw, 824px\" data-rel='gallery-12' data-prev-img='https:\/\/sklepwnetrz.pl\/salonstargard\/wp-content\/uploads\/2023\/02\/top1-495x400.webp' class='lightbox ' data-onclick='2' title='top1'  itemprop=\"thumbnailUrl\"  ><img decoding=\"async\" class=\"wp-image-1449 avia-img-lazy-loading-not-1449\"   src=\"https:\/\/sklepwnetrz.pl\/salonstargard\/wp-content\/uploads\/2023\/02\/top1-495x400.webp\" width=\"495\" height=\"400\"  title='top1' alt='' srcset=\"https:\/\/sklepwnetrz.pl\/salonstargard\/wp-content\/uploads\/2023\/02\/top1-495x400.webp 495w, https:\/\/sklepwnetrz.pl\/salonstargard\/wp-content\/uploads\/2023\/02\/top1-845x684.webp 845w\" sizes=\"(max-width: 495px) 100vw, 495px\" \/><\/a> <a href=\"https:\/\/sklepwnetrz.pl\/salonstargard\/wp-content\/uploads\/2023\/02\/top7-1030x687.webp\" data-srcset=\"https:\/\/sklepwnetrz.pl\/salonstargard\/wp-content\/uploads\/2023\/02\/top7-1030x687.webp 1030w, https:\/\/sklepwnetrz.pl\/salonstargard\/wp-content\/uploads\/2023\/02\/top7-300x200.webp 300w, https:\/\/sklepwnetrz.pl\/salonstargard\/wp-content\/uploads\/2023\/02\/top7-768x512.webp 768w, https:\/\/sklepwnetrz.pl\/salonstargard\/wp-content\/uploads\/2023\/02\/top7-705x470.webp 705w, https:\/\/sklepwnetrz.pl\/salonstargard\/wp-content\/uploads\/2023\/02\/top7.webp 1200w\" data-sizes=\"(max-width: 1030px) 100vw, 1030px\" data-rel='gallery-12' data-prev-img='https:\/\/sklepwnetrz.pl\/salonstargard\/wp-content\/uploads\/2023\/02\/top7-495x400.webp' class='lightbox ' data-onclick='3' title='top7'  itemprop=\"thumbnailUrl\"  ><img decoding=\"async\" class=\"wp-image-1455 avia-img-lazy-loading-not-1455\"   src=\"https:\/\/sklepwnetrz.pl\/salonstargard\/wp-content\/uploads\/2023\/02\/top7-495x400.webp\" width=\"495\" height=\"400\"  title='top7' alt='' srcset=\"https:\/\/sklepwnetrz.pl\/salonstargard\/wp-content\/uploads\/2023\/02\/top7-495x400.webp 495w, https:\/\/sklepwnetrz.pl\/salonstargard\/wp-content\/uploads\/2023\/02\/top7-845x684.webp 845w\" sizes=\"(max-width: 495px) 100vw, 495px\" \/><\/a> <a href=\"https:\/\/sklepwnetrz.pl\/salonstargard\/wp-content\/uploads\/2023\/06\/rolety-rzymskie-stargard-824x1030.webp\" data-srcset=\"https:\/\/sklepwnetrz.pl\/salonstargard\/wp-content\/uploads\/2023\/06\/rolety-rzymskie-stargard-824x1030.webp 824w, https:\/\/sklepwnetrz.pl\/salonstargard\/wp-content\/uploads\/2023\/06\/rolety-rzymskie-stargard-240x300.webp 240w, https:\/\/sklepwnetrz.pl\/salonstargard\/wp-content\/uploads\/2023\/06\/rolety-rzymskie-stargard-768x960.webp 768w, https:\/\/sklepwnetrz.pl\/salonstargard\/wp-content\/uploads\/2023\/06\/rolety-rzymskie-stargard-564x705.webp 564w, https:\/\/sklepwnetrz.pl\/salonstargard\/wp-content\/uploads\/2023\/06\/rolety-rzymskie-stargard.webp 1080w\" data-sizes=\"(max-width: 824px) 100vw, 824px\" data-rel='gallery-12' data-prev-img='https:\/\/sklepwnetrz.pl\/salonstargard\/wp-content\/uploads\/2023\/06\/rolety-rzymskie-stargard-495x400.webp' class='lightbox ' data-onclick='4' title='rolety rzymskie stargard'  itemprop=\"thumbnailUrl\"  ><img decoding=\"async\" class=\"wp-image-1543 avia-img-lazy-loading-not-1543\"   src=\"https:\/\/sklepwnetrz.pl\/salonstargard\/wp-content\/uploads\/2023\/06\/rolety-rzymskie-stargard-495x400.webp\" width=\"495\" height=\"400\"  title='rolety rzymskie stargard' alt='' srcset=\"https:\/\/sklepwnetrz.pl\/salonstargard\/wp-content\/uploads\/2023\/06\/rolety-rzymskie-stargard-495x400.webp 495w, https:\/\/sklepwnetrz.pl\/salonstargard\/wp-content\/uploads\/2023\/06\/rolety-rzymskie-stargard-845x684.webp 845w\" sizes=\"(max-width: 495px) 100vw, 495px\" \/><\/a> <a href=\"https:\/\/sklepwnetrz.pl\/salonstargard\/wp-content\/uploads\/2023\/02\/top14-824x1030.webp\" data-srcset=\"https:\/\/sklepwnetrz.pl\/salonstargard\/wp-content\/uploads\/2023\/02\/top14-824x1030.webp 824w, https:\/\/sklepwnetrz.pl\/salonstargard\/wp-content\/uploads\/2023\/02\/top14-240x300.webp 240w, https:\/\/sklepwnetrz.pl\/salonstargard\/wp-content\/uploads\/2023\/02\/top14-768x960.webp 768w, https:\/\/sklepwnetrz.pl\/salonstargard\/wp-content\/uploads\/2023\/02\/top14-564x705.webp 564w, https:\/\/sklepwnetrz.pl\/salonstargard\/wp-content\/uploads\/2023\/02\/top14.webp 1080w\" data-sizes=\"(max-width: 824px) 100vw, 824px\" data-rel='gallery-12' data-prev-img='https:\/\/sklepwnetrz.pl\/salonstargard\/wp-content\/uploads\/2023\/02\/top14-495x400.webp' class='lightbox ' data-onclick='5' title='top14'  itemprop=\"thumbnailUrl\"  ><img decoding=\"async\" class=\"wp-image-1462 avia-img-lazy-loading-not-1462\"   src=\"https:\/\/sklepwnetrz.pl\/salonstargard\/wp-content\/uploads\/2023\/02\/top14-495x400.webp\" width=\"495\" height=\"400\"  title='top14' alt='' srcset=\"https:\/\/sklepwnetrz.pl\/salonstargard\/wp-content\/uploads\/2023\/02\/top14-495x400.webp 495w, https:\/\/sklepwnetrz.pl\/salonstargard\/wp-content\/uploads\/2023\/02\/top14-845x684.webp 845w\" sizes=\"(max-width: 495px) 100vw, 495px\" \/><\/a> <a href=\"https:\/\/sklepwnetrz.pl\/salonstargard\/wp-content\/uploads\/2022\/04\/ROLETA-WENECKA-RADIMAR-IG2-824x1030.webp\" data-srcset=\"https:\/\/sklepwnetrz.pl\/salonstargard\/wp-content\/uploads\/2022\/04\/ROLETA-WENECKA-RADIMAR-IG2-824x1030.webp 824w, https:\/\/sklepwnetrz.pl\/salonstargard\/wp-content\/uploads\/2022\/04\/ROLETA-WENECKA-RADIMAR-IG2-240x300.webp 240w, https:\/\/sklepwnetrz.pl\/salonstargard\/wp-content\/uploads\/2022\/04\/ROLETA-WENECKA-RADIMAR-IG2-768x960.webp 768w, https:\/\/sklepwnetrz.pl\/salonstargard\/wp-content\/uploads\/2022\/04\/ROLETA-WENECKA-RADIMAR-IG2-564x705.webp 564w, https:\/\/sklepwnetrz.pl\/salonstargard\/wp-content\/uploads\/2022\/04\/ROLETA-WENECKA-RADIMAR-IG2.webp 1080w\" data-sizes=\"(max-width: 824px) 100vw, 824px\" data-rel='gallery-12' data-prev-img='https:\/\/sklepwnetrz.pl\/salonstargard\/wp-content\/uploads\/2022\/04\/ROLETA-WENECKA-RADIMAR-IG2-495x400.webp' class='first_thumb lightbox ' data-onclick='6' title='ROLETA WENECKA RADIMAR IG2'  itemprop=\"thumbnailUrl\"  ><img decoding=\"async\" class=\"wp-image-1239 avia-img-lazy-loading-not-1239\"   src=\"https:\/\/sklepwnetrz.pl\/salonstargard\/wp-content\/uploads\/2022\/04\/ROLETA-WENECKA-RADIMAR-IG2-495x400.webp\" width=\"495\" height=\"400\"  title='ROLETA WENECKA RADIMAR IG2' alt='' srcset=\"https:\/\/sklepwnetrz.pl\/salonstargard\/wp-content\/uploads\/2022\/04\/ROLETA-WENECKA-RADIMAR-IG2-495x400.webp 495w, https:\/\/sklepwnetrz.pl\/salonstargard\/wp-content\/uploads\/2022\/04\/ROLETA-WENECKA-RADIMAR-IG2-845x684.webp 845w\" sizes=\"(max-width: 495px) 100vw, 495px\" \/><\/a> <a href=\"https:\/\/sklepwnetrz.pl\/salonstargard\/wp-content\/uploads\/2022\/10\/realizacja10-1030x1030.webp\" data-srcset=\"https:\/\/sklepwnetrz.pl\/salonstargard\/wp-content\/uploads\/2022\/10\/realizacja10-1030x1030.webp 1030w, https:\/\/sklepwnetrz.pl\/salonstargard\/wp-content\/uploads\/2022\/10\/realizacja10-300x300.webp 300w, https:\/\/sklepwnetrz.pl\/salonstargard\/wp-content\/uploads\/2022\/10\/realizacja10-80x80.webp 80w, https:\/\/sklepwnetrz.pl\/salonstargard\/wp-content\/uploads\/2022\/10\/realizacja10-768x768.webp 768w, https:\/\/sklepwnetrz.pl\/salonstargard\/wp-content\/uploads\/2022\/10\/realizacja10-36x36.webp 36w, https:\/\/sklepwnetrz.pl\/salonstargard\/wp-content\/uploads\/2022\/10\/realizacja10-180x180.webp 180w, https:\/\/sklepwnetrz.pl\/salonstargard\/wp-content\/uploads\/2022\/10\/realizacja10-705x705.webp 705w, https:\/\/sklepwnetrz.pl\/salonstargard\/wp-content\/uploads\/2022\/10\/realizacja10.webp 1200w\" data-sizes=\"(max-width: 1030px) 100vw, 1030px\" data-rel='gallery-12' data-prev-img='https:\/\/sklepwnetrz.pl\/salonstargard\/wp-content\/uploads\/2022\/10\/realizacja10-495x400.webp' class='lightbox ' data-onclick='7' title='RADIMAR Stargard ul. Czarnieckiego 2F &#8211; TEL: 797 952 761'  itemprop=\"thumbnailUrl\"  ><img decoding=\"async\" class=\"wp-image-1376 avia-img-lazy-loading-not-1376\"  data-avia-tooltip='RADIMAR Stargard ul. Czarnieckiego 2F &#8211; TEL: 797 952 761' src=\"https:\/\/sklepwnetrz.pl\/salonstargard\/wp-content\/uploads\/2022\/10\/realizacja10-495x400.webp\" width=\"495\" height=\"400\"  title='realizacja10' alt='' srcset=\"https:\/\/sklepwnetrz.pl\/salonstargard\/wp-content\/uploads\/2022\/10\/realizacja10-495x400.webp 495w, https:\/\/sklepwnetrz.pl\/salonstargard\/wp-content\/uploads\/2022\/10\/realizacja10-845x684.webp 845w\" sizes=\"(max-width: 495px) 100vw, 495px\" \/><\/a> <a href=\"https:\/\/sklepwnetrz.pl\/salonstargard\/wp-content\/uploads\/2022\/06\/roleta-rzymska-p.Justyna-1030x687.webp\" data-srcset=\"https:\/\/sklepwnetrz.pl\/salonstargard\/wp-content\/uploads\/2022\/06\/roleta-rzymska-p.Justyna-1030x687.webp 1030w, https:\/\/sklepwnetrz.pl\/salonstargard\/wp-content\/uploads\/2022\/06\/roleta-rzymska-p.Justyna-300x200.webp 300w, https:\/\/sklepwnetrz.pl\/salonstargard\/wp-content\/uploads\/2022\/06\/roleta-rzymska-p.Justyna-768x512.webp 768w, https:\/\/sklepwnetrz.pl\/salonstargard\/wp-content\/uploads\/2022\/06\/roleta-rzymska-p.Justyna-705x470.webp 705w, https:\/\/sklepwnetrz.pl\/salonstargard\/wp-content\/uploads\/2022\/06\/roleta-rzymska-p.Justyna.webp 1200w\" data-sizes=\"(max-width: 1030px) 100vw, 1030px\" data-rel='gallery-12' data-prev-img='https:\/\/sklepwnetrz.pl\/salonstargard\/wp-content\/uploads\/2022\/06\/roleta-rzymska-p.Justyna-495x400.webp' class='lightbox ' data-onclick='8' title='roleta rzymska p.Justyna'  itemprop=\"thumbnailUrl\"  ><img decoding=\"async\" class=\"wp-image-1300 avia-img-lazy-loading-not-1300\"   src=\"https:\/\/sklepwnetrz.pl\/salonstargard\/wp-content\/uploads\/2022\/06\/roleta-rzymska-p.Justyna-495x400.webp\" width=\"495\" height=\"400\"  title='roleta rzymska p.Justyna' alt='' srcset=\"https:\/\/sklepwnetrz.pl\/salonstargard\/wp-content\/uploads\/2022\/06\/roleta-rzymska-p.Justyna-495x400.webp 495w, https:\/\/sklepwnetrz.pl\/salonstargard\/wp-content\/uploads\/2022\/06\/roleta-rzymska-p.Justyna-845x684.webp 845w\" sizes=\"(max-width: 495px) 100vw, 495px\" \/><\/a> <a href=\"https:\/\/sklepwnetrz.pl\/salonstargard\/wp-content\/uploads\/2022\/06\/FB-PODOBNO-1030x687.webp\" data-srcset=\"https:\/\/sklepwnetrz.pl\/salonstargard\/wp-content\/uploads\/2022\/06\/FB-PODOBNO-1030x687.webp 1030w, https:\/\/sklepwnetrz.pl\/salonstargard\/wp-content\/uploads\/2022\/06\/FB-PODOBNO-300x200.webp 300w, https:\/\/sklepwnetrz.pl\/salonstargard\/wp-content\/uploads\/2022\/06\/FB-PODOBNO-768x512.webp 768w, https:\/\/sklepwnetrz.pl\/salonstargard\/wp-content\/uploads\/2022\/06\/FB-PODOBNO-705x470.webp 705w, https:\/\/sklepwnetrz.pl\/salonstargard\/wp-content\/uploads\/2022\/06\/FB-PODOBNO.webp 1200w\" data-sizes=\"(max-width: 1030px) 100vw, 1030px\" data-rel='gallery-12' data-prev-img='https:\/\/sklepwnetrz.pl\/salonstargard\/wp-content\/uploads\/2022\/06\/FB-PODOBNO-495x400.webp' class='lightbox ' data-onclick='9' title='FB PODOBNO'  itemprop=\"thumbnailUrl\"  ><img decoding=\"async\" class=\"wp-image-1298 avia-img-lazy-loading-not-1298\"   src=\"https:\/\/sklepwnetrz.pl\/salonstargard\/wp-content\/uploads\/2022\/06\/FB-PODOBNO-495x400.webp\" width=\"495\" height=\"400\"  title='FB PODOBNO' alt='' srcset=\"https:\/\/sklepwnetrz.pl\/salonstargard\/wp-content\/uploads\/2022\/06\/FB-PODOBNO-495x400.webp 495w, https:\/\/sklepwnetrz.pl\/salonstargard\/wp-content\/uploads\/2022\/06\/FB-PODOBNO-845x684.webp 845w\" sizes=\"(max-width: 495px) 100vw, 495px\" \/><\/a> <a href=\"https:\/\/sklepwnetrz.pl\/salonstargard\/wp-content\/uploads\/2022\/10\/realizacja4-1030x1030.webp\" data-srcset=\"https:\/\/sklepwnetrz.pl\/salonstargard\/wp-content\/uploads\/2022\/10\/realizacja4-1030x1030.webp 1030w, https:\/\/sklepwnetrz.pl\/salonstargard\/wp-content\/uploads\/2022\/10\/realizacja4-300x300.webp 300w, https:\/\/sklepwnetrz.pl\/salonstargard\/wp-content\/uploads\/2022\/10\/realizacja4-80x80.webp 80w, https:\/\/sklepwnetrz.pl\/salonstargard\/wp-content\/uploads\/2022\/10\/realizacja4-768x768.webp 768w, https:\/\/sklepwnetrz.pl\/salonstargard\/wp-content\/uploads\/2022\/10\/realizacja4-36x36.webp 36w, https:\/\/sklepwnetrz.pl\/salonstargard\/wp-content\/uploads\/2022\/10\/realizacja4-180x180.webp 180w, https:\/\/sklepwnetrz.pl\/salonstargard\/wp-content\/uploads\/2022\/10\/realizacja4-705x705.webp 705w, https:\/\/sklepwnetrz.pl\/salonstargard\/wp-content\/uploads\/2022\/10\/realizacja4.webp 1200w\" data-sizes=\"(max-width: 1030px) 100vw, 1030px\" data-rel='gallery-12' data-prev-img='https:\/\/sklepwnetrz.pl\/salonstargard\/wp-content\/uploads\/2022\/10\/realizacja4-495x400.webp' class='lightbox ' data-onclick='10' title='RADIMAR Stargard ul. Czarnieckiego 2F &#8211; TEL: 797 952 761'  itemprop=\"thumbnailUrl\"  ><img decoding=\"async\" class=\"wp-image-1372 avia-img-lazy-loading-not-1372\"  data-avia-tooltip='RADIMAR Stargard ul. Czarnieckiego 2F &#8211; TEL: 797 952 761' src=\"https:\/\/sklepwnetrz.pl\/salonstargard\/wp-content\/uploads\/2022\/10\/realizacja4-495x400.webp\" width=\"495\" height=\"400\"  title='realizacja4' alt='' srcset=\"https:\/\/sklepwnetrz.pl\/salonstargard\/wp-content\/uploads\/2022\/10\/realizacja4-495x400.webp 495w, https:\/\/sklepwnetrz.pl\/salonstargard\/wp-content\/uploads\/2022\/10\/realizacja4-845x684.webp 845w\" sizes=\"(max-width: 495px) 100vw, 495px\" \/><\/a> <a href=\"https:\/\/sklepwnetrz.pl\/salonstargard\/wp-content\/uploads\/2022\/10\/realizacja7-1030x1030.webp\" data-srcset=\"https:\/\/sklepwnetrz.pl\/salonstargard\/wp-content\/uploads\/2022\/10\/realizacja7-1030x1030.webp 1030w, https:\/\/sklepwnetrz.pl\/salonstargard\/wp-content\/uploads\/2022\/10\/realizacja7-300x300.webp 300w, https:\/\/sklepwnetrz.pl\/salonstargard\/wp-content\/uploads\/2022\/10\/realizacja7-80x80.webp 80w, https:\/\/sklepwnetrz.pl\/salonstargard\/wp-content\/uploads\/2022\/10\/realizacja7-768x768.webp 768w, https:\/\/sklepwnetrz.pl\/salonstargard\/wp-content\/uploads\/2022\/10\/realizacja7-36x36.webp 36w, https:\/\/sklepwnetrz.pl\/salonstargard\/wp-content\/uploads\/2022\/10\/realizacja7-180x180.webp 180w, https:\/\/sklepwnetrz.pl\/salonstargard\/wp-content\/uploads\/2022\/10\/realizacja7-705x705.webp 705w, https:\/\/sklepwnetrz.pl\/salonstargard\/wp-content\/uploads\/2022\/10\/realizacja7.webp 1200w\" data-sizes=\"(max-width: 1030px) 100vw, 1030px\" data-rel='gallery-12' data-prev-img='https:\/\/sklepwnetrz.pl\/salonstargard\/wp-content\/uploads\/2022\/10\/realizacja7-495x400.webp' class='first_thumb lightbox ' data-onclick='11' title='RADIMAR Stargard ul. Czarnieckiego 2F &#8211; TEL: 797 952 761'  itemprop=\"thumbnailUrl\"  ><img decoding=\"async\" class=\"wp-image-1374 avia-img-lazy-loading-not-1374\"  data-avia-tooltip='RADIMAR Stargard ul. Czarnieckiego 2F &#8211; TEL: 797 952 761' src=\"https:\/\/sklepwnetrz.pl\/salonstargard\/wp-content\/uploads\/2022\/10\/realizacja7-495x400.webp\" width=\"495\" height=\"400\"  title='realizacja7' alt='' srcset=\"https:\/\/sklepwnetrz.pl\/salonstargard\/wp-content\/uploads\/2022\/10\/realizacja7-495x400.webp 495w, https:\/\/sklepwnetrz.pl\/salonstargard\/wp-content\/uploads\/2022\/10\/realizacja7-845x684.webp 845w\" sizes=\"(max-width: 495px) 100vw, 495px\" \/><\/a> <a href=\"https:\/\/sklepwnetrz.pl\/salonstargard\/wp-content\/uploads\/2022\/04\/FIRANY-ROLETY-RZYMSKIE-RADIMAR16-1030x1030.webp\" data-srcset=\"https:\/\/sklepwnetrz.pl\/salonstargard\/wp-content\/uploads\/2022\/04\/FIRANY-ROLETY-RZYMSKIE-RADIMAR16-1030x1030.webp 1030w, https:\/\/sklepwnetrz.pl\/salonstargard\/wp-content\/uploads\/2022\/04\/FIRANY-ROLETY-RZYMSKIE-RADIMAR16-300x300.webp 300w, https:\/\/sklepwnetrz.pl\/salonstargard\/wp-content\/uploads\/2022\/04\/FIRANY-ROLETY-RZYMSKIE-RADIMAR16-80x80.webp 80w, https:\/\/sklepwnetrz.pl\/salonstargard\/wp-content\/uploads\/2022\/04\/FIRANY-ROLETY-RZYMSKIE-RADIMAR16-768x768.webp 768w, https:\/\/sklepwnetrz.pl\/salonstargard\/wp-content\/uploads\/2022\/04\/FIRANY-ROLETY-RZYMSKIE-RADIMAR16-36x36.webp 36w, https:\/\/sklepwnetrz.pl\/salonstargard\/wp-content\/uploads\/2022\/04\/FIRANY-ROLETY-RZYMSKIE-RADIMAR16-180x180.webp 180w, https:\/\/sklepwnetrz.pl\/salonstargard\/wp-content\/uploads\/2022\/04\/FIRANY-ROLETY-RZYMSKIE-RADIMAR16-705x705.webp 705w, https:\/\/sklepwnetrz.pl\/salonstargard\/wp-content\/uploads\/2022\/04\/FIRANY-ROLETY-RZYMSKIE-RADIMAR16.webp 1200w\" data-sizes=\"(max-width: 1030px) 100vw, 1030px\" data-rel='gallery-12' data-prev-img='https:\/\/sklepwnetrz.pl\/salonstargard\/wp-content\/uploads\/2022\/04\/FIRANY-ROLETY-RZYMSKIE-RADIMAR16-495x400.webp' class='lightbox ' data-onclick='12' title='FIRANY ROLETY RZYMSKIE RADIMAR16'  itemprop=\"thumbnailUrl\"  ><img decoding=\"async\" class=\"wp-image-1207 avia-img-lazy-loading-not-1207\"   src=\"https:\/\/sklepwnetrz.pl\/salonstargard\/wp-content\/uploads\/2022\/04\/FIRANY-ROLETY-RZYMSKIE-RADIMAR16-495x400.webp\" width=\"495\" height=\"400\"  title='FIRANY ROLETY RZYMSKIE RADIMAR16' alt='' srcset=\"https:\/\/sklepwnetrz.pl\/salonstargard\/wp-content\/uploads\/2022\/04\/FIRANY-ROLETY-RZYMSKIE-RADIMAR16-495x400.webp 495w, https:\/\/sklepwnetrz.pl\/salonstargard\/wp-content\/uploads\/2022\/04\/FIRANY-ROLETY-RZYMSKIE-RADIMAR16-845x684.webp 845w\" sizes=\"(max-width: 495px) 100vw, 495px\" \/><\/a> <a href=\"https:\/\/sklepwnetrz.pl\/salonstargard\/wp-content\/uploads\/2022\/10\/realizacja-18-1030x1030.webp\" data-srcset=\"https:\/\/sklepwnetrz.pl\/salonstargard\/wp-content\/uploads\/2022\/10\/realizacja-18-1030x1030.webp 1030w, https:\/\/sklepwnetrz.pl\/salonstargard\/wp-content\/uploads\/2022\/10\/realizacja-18-300x300.webp 300w, https:\/\/sklepwnetrz.pl\/salonstargard\/wp-content\/uploads\/2022\/10\/realizacja-18-80x80.webp 80w, https:\/\/sklepwnetrz.pl\/salonstargard\/wp-content\/uploads\/2022\/10\/realizacja-18-768x768.webp 768w, https:\/\/sklepwnetrz.pl\/salonstargard\/wp-content\/uploads\/2022\/10\/realizacja-18-36x36.webp 36w, https:\/\/sklepwnetrz.pl\/salonstargard\/wp-content\/uploads\/2022\/10\/realizacja-18-180x180.webp 180w, https:\/\/sklepwnetrz.pl\/salonstargard\/wp-content\/uploads\/2022\/10\/realizacja-18-705x705.webp 705w, https:\/\/sklepwnetrz.pl\/salonstargard\/wp-content\/uploads\/2022\/10\/realizacja-18.webp 1200w\" data-sizes=\"(max-width: 1030px) 100vw, 1030px\" data-rel='gallery-12' data-prev-img='https:\/\/sklepwnetrz.pl\/salonstargard\/wp-content\/uploads\/2022\/10\/realizacja-18-495x400.webp' class='lightbox ' data-onclick='13' title='RADIMAR Stargard ul. Czarnieckiego 2F &#8211; TEL: 797 952 761'  itemprop=\"thumbnailUrl\"  ><img decoding=\"async\" class=\"wp-image-1369 avia-img-lazy-loading-not-1369\"  data-avia-tooltip='RADIMAR Stargard ul. Czarnieckiego 2F &#8211; TEL: 797 952 761' src=\"https:\/\/sklepwnetrz.pl\/salonstargard\/wp-content\/uploads\/2022\/10\/realizacja-18-495x400.webp\" width=\"495\" height=\"400\"  title='realizacja 18' alt='' srcset=\"https:\/\/sklepwnetrz.pl\/salonstargard\/wp-content\/uploads\/2022\/10\/realizacja-18-495x400.webp 495w, https:\/\/sklepwnetrz.pl\/salonstargard\/wp-content\/uploads\/2022\/10\/realizacja-18-845x684.webp 845w\" sizes=\"(max-width: 495px) 100vw, 495px\" \/><\/a> <a href=\"https:\/\/sklepwnetrz.pl\/salonstargard\/wp-content\/uploads\/2022\/10\/realizacja-14-1030x1030.webp\" data-srcset=\"https:\/\/sklepwnetrz.pl\/salonstargard\/wp-content\/uploads\/2022\/10\/realizacja-14-1030x1030.webp 1030w, https:\/\/sklepwnetrz.pl\/salonstargard\/wp-content\/uploads\/2022\/10\/realizacja-14-300x300.webp 300w, https:\/\/sklepwnetrz.pl\/salonstargard\/wp-content\/uploads\/2022\/10\/realizacja-14-80x80.webp 80w, https:\/\/sklepwnetrz.pl\/salonstargard\/wp-content\/uploads\/2022\/10\/realizacja-14-768x768.webp 768w, https:\/\/sklepwnetrz.pl\/salonstargard\/wp-content\/uploads\/2022\/10\/realizacja-14-36x36.webp 36w, https:\/\/sklepwnetrz.pl\/salonstargard\/wp-content\/uploads\/2022\/10\/realizacja-14-180x180.webp 180w, https:\/\/sklepwnetrz.pl\/salonstargard\/wp-content\/uploads\/2022\/10\/realizacja-14-705x705.webp 705w, https:\/\/sklepwnetrz.pl\/salonstargard\/wp-content\/uploads\/2022\/10\/realizacja-14.webp 1200w\" data-sizes=\"(max-width: 1030px) 100vw, 1030px\" data-rel='gallery-12' data-prev-img='https:\/\/sklepwnetrz.pl\/salonstargard\/wp-content\/uploads\/2022\/10\/realizacja-14-495x400.webp' class='lightbox ' data-onclick='14' title='RADIMAR Stargard ul. Czarnieckiego 2F &#8211; TEL: 797 952 761'  itemprop=\"thumbnailUrl\"  ><img decoding=\"async\" class=\"wp-image-1366 avia-img-lazy-loading-not-1366\"  data-avia-tooltip='RADIMAR Stargard ul. Czarnieckiego 2F &#8211; TEL: 797 952 761' src=\"https:\/\/sklepwnetrz.pl\/salonstargard\/wp-content\/uploads\/2022\/10\/realizacja-14-495x400.webp\" width=\"495\" height=\"400\"  title='realizacja 14' alt='' srcset=\"https:\/\/sklepwnetrz.pl\/salonstargard\/wp-content\/uploads\/2022\/10\/realizacja-14-495x400.webp 495w, https:\/\/sklepwnetrz.pl\/salonstargard\/wp-content\/uploads\/2022\/10\/realizacja-14-845x684.webp 845w\" sizes=\"(max-width: 495px) 100vw, 495px\" \/><\/a> <a href=\"https:\/\/sklepwnetrz.pl\/salonstargard\/wp-content\/uploads\/2022\/04\/rolety-na-okno-radimar-1030x1030.webp\" data-srcset=\"https:\/\/sklepwnetrz.pl\/salonstargard\/wp-content\/uploads\/2022\/04\/rolety-na-okno-radimar-1030x1030.webp 1030w, https:\/\/sklepwnetrz.pl\/salonstargard\/wp-content\/uploads\/2022\/04\/rolety-na-okno-radimar-300x300.webp 300w, https:\/\/sklepwnetrz.pl\/salonstargard\/wp-content\/uploads\/2022\/04\/rolety-na-okno-radimar-80x80.webp 80w, https:\/\/sklepwnetrz.pl\/salonstargard\/wp-content\/uploads\/2022\/04\/rolety-na-okno-radimar-768x768.webp 768w, https:\/\/sklepwnetrz.pl\/salonstargard\/wp-content\/uploads\/2022\/04\/rolety-na-okno-radimar-36x36.webp 36w, https:\/\/sklepwnetrz.pl\/salonstargard\/wp-content\/uploads\/2022\/04\/rolety-na-okno-radimar-180x180.webp 180w, https:\/\/sklepwnetrz.pl\/salonstargard\/wp-content\/uploads\/2022\/04\/rolety-na-okno-radimar-705x705.webp 705w, https:\/\/sklepwnetrz.pl\/salonstargard\/wp-content\/uploads\/2022\/04\/rolety-na-okno-radimar.webp 1200w\" data-sizes=\"(max-width: 1030px) 100vw, 1030px\" data-rel='gallery-12' data-prev-img='https:\/\/sklepwnetrz.pl\/salonstargard\/wp-content\/uploads\/2022\/04\/rolety-na-okno-radimar-495x400.webp' class='lightbox ' data-onclick='15' title='rolety na okno radimar'  itemprop=\"thumbnailUrl\"  ><img decoding=\"async\" class=\"wp-image-1241 avia-img-lazy-loading-not-1241\"   src=\"https:\/\/sklepwnetrz.pl\/salonstargard\/wp-content\/uploads\/2022\/04\/rolety-na-okno-radimar-495x400.webp\" width=\"495\" height=\"400\"  title='rolety na okno radimar' alt='' srcset=\"https:\/\/sklepwnetrz.pl\/salonstargard\/wp-content\/uploads\/2022\/04\/rolety-na-okno-radimar-495x400.webp 495w, https:\/\/sklepwnetrz.pl\/salonstargard\/wp-content\/uploads\/2022\/04\/rolety-na-okno-radimar-845x684.webp 845w\" sizes=\"(max-width: 495px) 100vw, 495px\" \/><\/a> <a href=\"https:\/\/sklepwnetrz.pl\/salonstargard\/wp-content\/uploads\/2022\/04\/zaslony-radimar-1030x1030.webp\" data-srcset=\"https:\/\/sklepwnetrz.pl\/salonstargard\/wp-content\/uploads\/2022\/04\/zaslony-radimar-1030x1030.webp 1030w, https:\/\/sklepwnetrz.pl\/salonstargard\/wp-content\/uploads\/2022\/04\/zaslony-radimar-300x300.webp 300w, https:\/\/sklepwnetrz.pl\/salonstargard\/wp-content\/uploads\/2022\/04\/zaslony-radimar-80x80.webp 80w, https:\/\/sklepwnetrz.pl\/salonstargard\/wp-content\/uploads\/2022\/04\/zaslony-radimar-768x768.webp 768w, https:\/\/sklepwnetrz.pl\/salonstargard\/wp-content\/uploads\/2022\/04\/zaslony-radimar-36x36.webp 36w, https:\/\/sklepwnetrz.pl\/salonstargard\/wp-content\/uploads\/2022\/04\/zaslony-radimar-180x180.webp 180w, https:\/\/sklepwnetrz.pl\/salonstargard\/wp-content\/uploads\/2022\/04\/zaslony-radimar-705x705.webp 705w, https:\/\/sklepwnetrz.pl\/salonstargard\/wp-content\/uploads\/2022\/04\/zaslony-radimar.webp 1200w\" data-sizes=\"(max-width: 1030px) 100vw, 1030px\" data-rel='gallery-12' data-prev-img='https:\/\/sklepwnetrz.pl\/salonstargard\/wp-content\/uploads\/2022\/04\/zaslony-radimar-495x400.webp' class='first_thumb lightbox ' data-onclick='16' title='zas\u0142ony radimar'  itemprop=\"thumbnailUrl\"  ><img decoding=\"async\" class=\"wp-image-1242 avia-img-lazy-loading-not-1242\"   src=\"https:\/\/sklepwnetrz.pl\/salonstargard\/wp-content\/uploads\/2022\/04\/zaslony-radimar-495x400.webp\" width=\"495\" height=\"400\"  title='zas\u0142ony radimar' alt='' srcset=\"https:\/\/sklepwnetrz.pl\/salonstargard\/wp-content\/uploads\/2022\/04\/zaslony-radimar-495x400.webp 495w, https:\/\/sklepwnetrz.pl\/salonstargard\/wp-content\/uploads\/2022\/04\/zaslony-radimar-845x684.webp 845w\" sizes=\"(max-width: 495px) 100vw, 495px\" \/><\/a> <a href=\"https:\/\/sklepwnetrz.pl\/salonstargard\/wp-content\/uploads\/2021\/10\/radimar-salon-stargard-1030x773.png\" data-srcset=\"https:\/\/sklepwnetrz.pl\/salonstargard\/wp-content\/uploads\/2021\/10\/radimar-salon-stargard-1030x773.png 1030w, https:\/\/sklepwnetrz.pl\/salonstargard\/wp-content\/uploads\/2021\/10\/radimar-salon-stargard-300x225.png 300w, https:\/\/sklepwnetrz.pl\/salonstargard\/wp-content\/uploads\/2021\/10\/radimar-salon-stargard-768x576.png 768w, https:\/\/sklepwnetrz.pl\/salonstargard\/wp-content\/uploads\/2021\/10\/radimar-salon-stargard-1536x1152.png 1536w, https:\/\/sklepwnetrz.pl\/salonstargard\/wp-content\/uploads\/2021\/10\/radimar-salon-stargard-1500x1125.png 1500w, https:\/\/sklepwnetrz.pl\/salonstargard\/wp-content\/uploads\/2021\/10\/radimar-salon-stargard-705x529.png 705w, https:\/\/sklepwnetrz.pl\/salonstargard\/wp-content\/uploads\/2021\/10\/radimar-salon-stargard.png 2000w\" data-sizes=\"(max-width: 1030px) 100vw, 1030px\" data-rel='gallery-12' data-prev-img='https:\/\/sklepwnetrz.pl\/salonstargard\/wp-content\/uploads\/2021\/10\/radimar-salon-stargard-495x400.png' class='lightbox ' data-onclick='17' title='roleta rzymska RADIMAR'  itemprop=\"thumbnailUrl\"  ><img decoding=\"async\" class=\"wp-image-395 avia-img-lazy-loading-not-395\"  data-avia-tooltip='roleta rzymska RADIMAR' src=\"https:\/\/sklepwnetrz.pl\/salonstargard\/wp-content\/uploads\/2021\/10\/radimar-salon-stargard-495x400.png\" width=\"495\" height=\"400\"  title='radimar salon stargard' alt='' srcset=\"https:\/\/sklepwnetrz.pl\/salonstargard\/wp-content\/uploads\/2021\/10\/radimar-salon-stargard-495x400.png 495w, https:\/\/sklepwnetrz.pl\/salonstargard\/wp-content\/uploads\/2021\/10\/radimar-salon-stargard-845x684.png 845w\" sizes=\"(max-width: 495px) 100vw, 495px\" \/><\/a> <a href=\"https:\/\/sklepwnetrz.pl\/salonstargard\/wp-content\/uploads\/2021\/10\/58377087_413922579401256_8978623342672084992_n.jpg\" data-srcset=\"https:\/\/sklepwnetrz.pl\/salonstargard\/wp-content\/uploads\/2021\/10\/58377087_413922579401256_8978623342672084992_n.jpg 720w, https:\/\/sklepwnetrz.pl\/salonstargard\/wp-content\/uploads\/2021\/10\/58377087_413922579401256_8978623342672084992_n-225x300.jpg 225w, https:\/\/sklepwnetrz.pl\/salonstargard\/wp-content\/uploads\/2021\/10\/58377087_413922579401256_8978623342672084992_n-529x705.jpg 529w\" data-sizes=\"(max-width: 720px) 100vw, 720px\" data-rel='gallery-12' data-prev-img='https:\/\/sklepwnetrz.pl\/salonstargard\/wp-content\/uploads\/2021\/10\/58377087_413922579401256_8978623342672084992_n-495x400.jpg' class='lightbox ' data-onclick='18' title='roleta rzymska RADIMAR'  itemprop=\"thumbnailUrl\"  ><img decoding=\"async\" class=\"wp-image-412 avia-img-lazy-loading-not-412\"  data-avia-tooltip='roleta rzymska RADIMAR' src=\"https:\/\/sklepwnetrz.pl\/salonstargard\/wp-content\/uploads\/2021\/10\/58377087_413922579401256_8978623342672084992_n-495x400.jpg\" width=\"495\" height=\"400\"  title='rolety rzymskie i zas\u0142ony' alt='' \/><\/a> <a href=\"https:\/\/sklepwnetrz.pl\/salonstargard\/wp-content\/uploads\/2022\/04\/roleta-wenecka-radimar-1030x824.webp\" data-srcset=\"https:\/\/sklepwnetrz.pl\/salonstargard\/wp-content\/uploads\/2022\/04\/roleta-wenecka-radimar-1030x824.webp 1030w, https:\/\/sklepwnetrz.pl\/salonstargard\/wp-content\/uploads\/2022\/04\/roleta-wenecka-radimar-300x240.webp 300w, https:\/\/sklepwnetrz.pl\/salonstargard\/wp-content\/uploads\/2022\/04\/roleta-wenecka-radimar-768x614.webp 768w, https:\/\/sklepwnetrz.pl\/salonstargard\/wp-content\/uploads\/2022\/04\/roleta-wenecka-radimar-705x564.webp 705w, https:\/\/sklepwnetrz.pl\/salonstargard\/wp-content\/uploads\/2022\/04\/roleta-wenecka-radimar.webp 1200w\" data-sizes=\"(max-width: 1030px) 100vw, 1030px\" data-rel='gallery-12' data-prev-img='https:\/\/sklepwnetrz.pl\/salonstargard\/wp-content\/uploads\/2022\/04\/roleta-wenecka-radimar-495x400.webp' class='lightbox ' data-onclick='19' title='roleta wenecka radimar'  itemprop=\"thumbnailUrl\"  ><img decoding=\"async\" class=\"wp-image-1240 avia-img-lazy-loading-not-1240\"   src=\"https:\/\/sklepwnetrz.pl\/salonstargard\/wp-content\/uploads\/2022\/04\/roleta-wenecka-radimar-495x400.webp\" width=\"495\" height=\"400\"  title='roleta wenecka radimar' alt='' srcset=\"https:\/\/sklepwnetrz.pl\/salonstargard\/wp-content\/uploads\/2022\/04\/roleta-wenecka-radimar-495x400.webp 495w, https:\/\/sklepwnetrz.pl\/salonstargard\/wp-content\/uploads\/2022\/04\/roleta-wenecka-radimar-845x684.webp 845w\" sizes=\"(max-width: 495px) 100vw, 495px\" \/><\/a> <a href=\"https:\/\/sklepwnetrz.pl\/salonstargard\/wp-content\/uploads\/2021\/10\/2019-07-10-1.jpg\" data-srcset=\"https:\/\/sklepwnetrz.pl\/salonstargard\/wp-content\/uploads\/2021\/10\/2019-07-10-1.jpg 384w, https:\/\/sklepwnetrz.pl\/salonstargard\/wp-content\/uploads\/2021\/10\/2019-07-10-1-225x300.jpg 225w\" data-sizes=\"(max-width: 384px) 100vw, 384px\" data-rel='gallery-12' data-prev-img='https:\/\/sklepwnetrz.pl\/salonstargard\/wp-content\/uploads\/2021\/10\/2019-07-10-1-384x400.jpg' class='lightbox ' data-onclick='20' title='roleta rzymska RADIMAR'  itemprop=\"thumbnailUrl\"  ><img decoding=\"async\" class=\"wp-image-443 avia-img-lazy-loading-not-443\"  data-avia-tooltip='roleta rzymska RADIMAR' src=\"https:\/\/sklepwnetrz.pl\/salonstargard\/wp-content\/uploads\/2021\/10\/2019-07-10-1-384x400.jpg\" width=\"384\" height=\"400\"  title='2019-07-10 (1)' alt='rolety rzymskie radimar' \/><\/a> <a href=\"https:\/\/sklepwnetrz.pl\/salonstargard\/wp-content\/uploads\/2021\/10\/zaslony-radimar-1030x1030.png\" data-srcset=\"https:\/\/sklepwnetrz.pl\/salonstargard\/wp-content\/uploads\/2021\/10\/zaslony-radimar-1030x1030.png 1030w, https:\/\/sklepwnetrz.pl\/salonstargard\/wp-content\/uploads\/2021\/10\/zaslony-radimar-300x300.png 300w, https:\/\/sklepwnetrz.pl\/salonstargard\/wp-content\/uploads\/2021\/10\/zaslony-radimar-80x80.png 80w, https:\/\/sklepwnetrz.pl\/salonstargard\/wp-content\/uploads\/2021\/10\/zaslony-radimar-768x768.png 768w, https:\/\/sklepwnetrz.pl\/salonstargard\/wp-content\/uploads\/2021\/10\/zaslony-radimar-36x36.png 36w, https:\/\/sklepwnetrz.pl\/salonstargard\/wp-content\/uploads\/2021\/10\/zaslony-radimar-180x180.png 180w, https:\/\/sklepwnetrz.pl\/salonstargard\/wp-content\/uploads\/2021\/10\/zaslony-radimar-705x705.png 705w, https:\/\/sklepwnetrz.pl\/salonstargard\/wp-content\/uploads\/2021\/10\/zaslony-radimar.png 1080w\" data-sizes=\"(max-width: 1030px) 100vw, 1030px\" data-rel='gallery-12' data-prev-img='https:\/\/sklepwnetrz.pl\/salonstargard\/wp-content\/uploads\/2021\/10\/zaslony-radimar-495x400.png' class='first_thumb lightbox ' data-onclick='21' title='roleta rzymska RADIMAR'  itemprop=\"thumbnailUrl\"  ><img decoding=\"async\" class=\"wp-image-447 avia-img-lazy-loading-not-447\"  data-avia-tooltip='roleta rzymska RADIMAR' src=\"https:\/\/sklepwnetrz.pl\/salonstargard\/wp-content\/uploads\/2021\/10\/zaslony-radimar-495x400.png\" width=\"495\" height=\"400\"  title='zas\u0142ony radimar' alt='' srcset=\"https:\/\/sklepwnetrz.pl\/salonstargard\/wp-content\/uploads\/2021\/10\/zaslony-radimar-495x400.png 495w, https:\/\/sklepwnetrz.pl\/salonstargard\/wp-content\/uploads\/2021\/10\/zaslony-radimar-845x684.png 845w\" sizes=\"(max-width: 495px) 100vw, 495px\" \/><\/a> <a href=\"https:\/\/sklepwnetrz.pl\/salonstargard\/wp-content\/uploads\/2021\/10\/panele-radimar-1030x1030.png\" data-srcset=\"https:\/\/sklepwnetrz.pl\/salonstargard\/wp-content\/uploads\/2021\/10\/panele-radimar-1030x1030.png 1030w, https:\/\/sklepwnetrz.pl\/salonstargard\/wp-content\/uploads\/2021\/10\/panele-radimar-300x300.png 300w, https:\/\/sklepwnetrz.pl\/salonstargard\/wp-content\/uploads\/2021\/10\/panele-radimar-80x80.png 80w, https:\/\/sklepwnetrz.pl\/salonstargard\/wp-content\/uploads\/2021\/10\/panele-radimar-768x768.png 768w, https:\/\/sklepwnetrz.pl\/salonstargard\/wp-content\/uploads\/2021\/10\/panele-radimar-36x36.png 36w, https:\/\/sklepwnetrz.pl\/salonstargard\/wp-content\/uploads\/2021\/10\/panele-radimar-180x180.png 180w, https:\/\/sklepwnetrz.pl\/salonstargard\/wp-content\/uploads\/2021\/10\/panele-radimar-705x705.png 705w, https:\/\/sklepwnetrz.pl\/salonstargard\/wp-content\/uploads\/2021\/10\/panele-radimar.png 1080w\" data-sizes=\"(max-width: 1030px) 100vw, 1030px\" data-rel='gallery-12' data-prev-img='https:\/\/sklepwnetrz.pl\/salonstargard\/wp-content\/uploads\/2021\/10\/panele-radimar-495x400.png' class='lightbox ' data-onclick='22' title='roleta rzymska RADIMAR'  itemprop=\"thumbnailUrl\"  ><img decoding=\"async\" class=\"wp-image-527 avia-img-lazy-loading-not-527\"  data-avia-tooltip='roleta rzymska RADIMAR' src=\"https:\/\/sklepwnetrz.pl\/salonstargard\/wp-content\/uploads\/2021\/10\/panele-radimar-495x400.png\" width=\"495\" height=\"400\"  title='panele radimar' alt='' srcset=\"https:\/\/sklepwnetrz.pl\/salonstargard\/wp-content\/uploads\/2021\/10\/panele-radimar-495x400.png 495w, https:\/\/sklepwnetrz.pl\/salonstargard\/wp-content\/uploads\/2021\/10\/panele-radimar-845x684.png 845w\" sizes=\"(max-width: 495px) 100vw, 495px\" \/><\/a> <a href=\"https:\/\/sklepwnetrz.pl\/salonstargard\/wp-content\/uploads\/2022\/02\/rolety-rzymskie-radimar-1030x1030.webp\" data-srcset=\"https:\/\/sklepwnetrz.pl\/salonstargard\/wp-content\/uploads\/2022\/02\/rolety-rzymskie-radimar-1030x1030.webp 1030w, https:\/\/sklepwnetrz.pl\/salonstargard\/wp-content\/uploads\/2022\/02\/rolety-rzymskie-radimar-300x300.webp 300w, https:\/\/sklepwnetrz.pl\/salonstargard\/wp-content\/uploads\/2022\/02\/rolety-rzymskie-radimar-80x80.webp 80w, https:\/\/sklepwnetrz.pl\/salonstargard\/wp-content\/uploads\/2022\/02\/rolety-rzymskie-radimar-768x768.webp 768w, https:\/\/sklepwnetrz.pl\/salonstargard\/wp-content\/uploads\/2022\/02\/rolety-rzymskie-radimar-36x36.webp 36w, https:\/\/sklepwnetrz.pl\/salonstargard\/wp-content\/uploads\/2022\/02\/rolety-rzymskie-radimar-180x180.webp 180w, https:\/\/sklepwnetrz.pl\/salonstargard\/wp-content\/uploads\/2022\/02\/rolety-rzymskie-radimar-705x705.webp 705w, https:\/\/sklepwnetrz.pl\/salonstargard\/wp-content\/uploads\/2022\/02\/rolety-rzymskie-radimar.webp 1200w\" data-sizes=\"(max-width: 1030px) 100vw, 1030px\" data-rel='gallery-12' data-prev-img='https:\/\/sklepwnetrz.pl\/salonstargard\/wp-content\/uploads\/2022\/02\/rolety-rzymskie-radimar-495x400.webp' class='lightbox ' data-onclick='23' title='rolety-rzymskie-radimar'  itemprop=\"thumbnailUrl\"  ><img decoding=\"async\" class=\"wp-image-1059 avia-img-lazy-loading-not-1059\"   src=\"https:\/\/sklepwnetrz.pl\/salonstargard\/wp-content\/uploads\/2022\/02\/rolety-rzymskie-radimar-495x400.webp\" width=\"495\" height=\"400\"  title='rolety-rzymskie-radimar' alt='' srcset=\"https:\/\/sklepwnetrz.pl\/salonstargard\/wp-content\/uploads\/2022\/02\/rolety-rzymskie-radimar-495x400.webp 495w, https:\/\/sklepwnetrz.pl\/salonstargard\/wp-content\/uploads\/2022\/02\/rolety-rzymskie-radimar-845x684.webp 845w\" sizes=\"(max-width: 495px) 100vw, 495px\" \/><\/a> <a href=\"https:\/\/sklepwnetrz.pl\/salonstargard\/wp-content\/uploads\/2016\/05\/unnamed-4-773x1030.jpg\" data-srcset=\"https:\/\/sklepwnetrz.pl\/salonstargard\/wp-content\/uploads\/2016\/05\/unnamed-4-773x1030.jpg 773w, https:\/\/sklepwnetrz.pl\/salonstargard\/wp-content\/uploads\/2016\/05\/unnamed-4-225x300.jpg 225w, https:\/\/sklepwnetrz.pl\/salonstargard\/wp-content\/uploads\/2016\/05\/unnamed-4-768x1024.jpg 768w, https:\/\/sklepwnetrz.pl\/salonstargard\/wp-content\/uploads\/2016\/05\/unnamed-4-1152x1536.jpg 1152w, https:\/\/sklepwnetrz.pl\/salonstargard\/wp-content\/uploads\/2016\/05\/unnamed-4-1536x2048.jpg 1536w, https:\/\/sklepwnetrz.pl\/salonstargard\/wp-content\/uploads\/2016\/05\/unnamed-4-1125x1500.jpg 1125w, https:\/\/sklepwnetrz.pl\/salonstargard\/wp-content\/uploads\/2016\/05\/unnamed-4-529x705.jpg 529w, https:\/\/sklepwnetrz.pl\/salonstargard\/wp-content\/uploads\/2016\/05\/unnamed-4-scaled.jpg 1920w\" data-sizes=\"(max-width: 773px) 100vw, 773px\" data-rel='gallery-12' data-prev-img='https:\/\/sklepwnetrz.pl\/salonstargard\/wp-content\/uploads\/2016\/05\/unnamed-4-495x400.jpg' class='lightbox ' data-onclick='24' title='roleta rzymska RADIMAR'  itemprop=\"thumbnailUrl\"  ><img decoding=\"async\" class=\"wp-image-601 avia-img-lazy-loading-not-601\"  data-avia-tooltip='roleta rzymska RADIMAR' src=\"https:\/\/sklepwnetrz.pl\/salonstargard\/wp-content\/uploads\/2016\/05\/unnamed-4-495x400.jpg\" width=\"495\" height=\"400\"  title='roleta rzymska do kuchni' alt='' srcset=\"https:\/\/sklepwnetrz.pl\/salonstargard\/wp-content\/uploads\/2016\/05\/unnamed-4-495x400.jpg 495w, https:\/\/sklepwnetrz.pl\/salonstargard\/wp-content\/uploads\/2016\/05\/unnamed-4-845x684.jpg 845w\" sizes=\"(max-width: 495px) 100vw, 495px\" \/><\/a> <a href=\"https:\/\/sklepwnetrz.pl\/salonstargard\/wp-content\/uploads\/2016\/05\/unnamed-5-773x1030.jpg\" data-srcset=\"https:\/\/sklepwnetrz.pl\/salonstargard\/wp-content\/uploads\/2016\/05\/unnamed-5-773x1030.jpg 773w, https:\/\/sklepwnetrz.pl\/salonstargard\/wp-content\/uploads\/2016\/05\/unnamed-5-225x300.jpg 225w, https:\/\/sklepwnetrz.pl\/salonstargard\/wp-content\/uploads\/2016\/05\/unnamed-5-768x1024.jpg 768w, https:\/\/sklepwnetrz.pl\/salonstargard\/wp-content\/uploads\/2016\/05\/unnamed-5-1152x1536.jpg 1152w, https:\/\/sklepwnetrz.pl\/salonstargard\/wp-content\/uploads\/2016\/05\/unnamed-5-1536x2048.jpg 1536w, https:\/\/sklepwnetrz.pl\/salonstargard\/wp-content\/uploads\/2016\/05\/unnamed-5-1125x1500.jpg 1125w, https:\/\/sklepwnetrz.pl\/salonstargard\/wp-content\/uploads\/2016\/05\/unnamed-5-529x705.jpg 529w, https:\/\/sklepwnetrz.pl\/salonstargard\/wp-content\/uploads\/2016\/05\/unnamed-5-scaled.jpg 1920w\" data-sizes=\"(max-width: 773px) 100vw, 773px\" data-rel='gallery-12' data-prev-img='https:\/\/sklepwnetrz.pl\/salonstargard\/wp-content\/uploads\/2016\/05\/unnamed-5-495x400.jpg' class='lightbox ' data-onclick='25' title='roleta rzymska RADIMAR'  itemprop=\"thumbnailUrl\"  ><img decoding=\"async\" class=\"wp-image-602 avia-img-lazy-loading-not-602\"  data-avia-tooltip='roleta rzymska RADIMAR' src=\"https:\/\/sklepwnetrz.pl\/salonstargard\/wp-content\/uploads\/2016\/05\/unnamed-5-495x400.jpg\" width=\"495\" height=\"400\"  title='unnamed (5)' alt='' srcset=\"https:\/\/sklepwnetrz.pl\/salonstargard\/wp-content\/uploads\/2016\/05\/unnamed-5-495x400.jpg 495w, https:\/\/sklepwnetrz.pl\/salonstargard\/wp-content\/uploads\/2016\/05\/unnamed-5-845x684.jpg 845w\" sizes=\"(max-width: 495px) 100vw, 495px\" \/><\/a> <a href=\"https:\/\/sklepwnetrz.pl\/salonstargard\/wp-content\/uploads\/2016\/05\/unnamed-6-773x1030.jpg\" data-srcset=\"https:\/\/sklepwnetrz.pl\/salonstargard\/wp-content\/uploads\/2016\/05\/unnamed-6-773x1030.jpg 773w, https:\/\/sklepwnetrz.pl\/salonstargard\/wp-content\/uploads\/2016\/05\/unnamed-6-225x300.jpg 225w, https:\/\/sklepwnetrz.pl\/salonstargard\/wp-content\/uploads\/2016\/05\/unnamed-6-768x1024.jpg 768w, https:\/\/sklepwnetrz.pl\/salonstargard\/wp-content\/uploads\/2016\/05\/unnamed-6-1152x1536.jpg 1152w, https:\/\/sklepwnetrz.pl\/salonstargard\/wp-content\/uploads\/2016\/05\/unnamed-6-1536x2048.jpg 1536w, https:\/\/sklepwnetrz.pl\/salonstargard\/wp-content\/uploads\/2016\/05\/unnamed-6-1125x1500.jpg 1125w, https:\/\/sklepwnetrz.pl\/salonstargard\/wp-content\/uploads\/2016\/05\/unnamed-6-529x705.jpg 529w, https:\/\/sklepwnetrz.pl\/salonstargard\/wp-content\/uploads\/2016\/05\/unnamed-6-scaled.jpg 1920w\" data-sizes=\"(max-width: 773px) 100vw, 773px\" data-rel='gallery-12' data-prev-img='https:\/\/sklepwnetrz.pl\/salonstargard\/wp-content\/uploads\/2016\/05\/unnamed-6-495x400.jpg' class='first_thumb lightbox ' data-onclick='26' title='roleta rzymska RADIMAR'  itemprop=\"thumbnailUrl\"  ><img decoding=\"async\" class=\"wp-image-603 avia-img-lazy-loading-not-603\"  data-avia-tooltip='roleta rzymska RADIMAR' src=\"https:\/\/sklepwnetrz.pl\/salonstargard\/wp-content\/uploads\/2016\/05\/unnamed-6-495x400.jpg\" width=\"495\" height=\"400\"  title='roleta rzymska w kuchni radimar' alt='' srcset=\"https:\/\/sklepwnetrz.pl\/salonstargard\/wp-content\/uploads\/2016\/05\/unnamed-6-495x400.jpg 495w, https:\/\/sklepwnetrz.pl\/salonstargard\/wp-content\/uploads\/2016\/05\/unnamed-6-845x684.jpg 845w\" sizes=\"(max-width: 495px) 100vw, 495px\" \/><\/a> <a href=\"https:\/\/sklepwnetrz.pl\/salonstargard\/wp-content\/uploads\/2016\/05\/24099782_1720983337920655_574608834_n.jpg\" data-srcset=\"https:\/\/sklepwnetrz.pl\/salonstargard\/wp-content\/uploads\/2016\/05\/24099782_1720983337920655_574608834_n.jpg 960w, https:\/\/sklepwnetrz.pl\/salonstargard\/wp-content\/uploads\/2016\/05\/24099782_1720983337920655_574608834_n-300x169.jpg 300w, https:\/\/sklepwnetrz.pl\/salonstargard\/wp-content\/uploads\/2016\/05\/24099782_1720983337920655_574608834_n-768x434.jpg 768w, https:\/\/sklepwnetrz.pl\/salonstargard\/wp-content\/uploads\/2016\/05\/24099782_1720983337920655_574608834_n-705x398.jpg 705w\" data-sizes=\"(max-width: 960px) 100vw, 960px\" data-rel='gallery-12' data-prev-img='https:\/\/sklepwnetrz.pl\/salonstargard\/wp-content\/uploads\/2016\/05\/24099782_1720983337920655_574608834_n-495x400.jpg' class='lightbox ' data-onclick='27' title='roleta rzymska RADIMAR'  itemprop=\"thumbnailUrl\"  ><img decoding=\"async\" class=\"wp-image-612 avia-img-lazy-loading-not-612\"  data-avia-tooltip='roleta rzymska RADIMAR' src=\"https:\/\/sklepwnetrz.pl\/salonstargard\/wp-content\/uploads\/2016\/05\/24099782_1720983337920655_574608834_n-495x400.jpg\" width=\"495\" height=\"400\"  title='rolety rzymskie' alt='' \/><\/a> <a href=\"https:\/\/sklepwnetrz.pl\/salonstargard\/wp-content\/uploads\/2022\/02\/rolety-rzymskie-do-kuchni-radimar-1030x1030.webp\" data-srcset=\"https:\/\/sklepwnetrz.pl\/salonstargard\/wp-content\/uploads\/2022\/02\/rolety-rzymskie-do-kuchni-radimar-1030x1030.webp 1030w, https:\/\/sklepwnetrz.pl\/salonstargard\/wp-content\/uploads\/2022\/02\/rolety-rzymskie-do-kuchni-radimar-300x300.webp 300w, https:\/\/sklepwnetrz.pl\/salonstargard\/wp-content\/uploads\/2022\/02\/rolety-rzymskie-do-kuchni-radimar-80x80.webp 80w, https:\/\/sklepwnetrz.pl\/salonstargard\/wp-content\/uploads\/2022\/02\/rolety-rzymskie-do-kuchni-radimar-768x768.webp 768w, https:\/\/sklepwnetrz.pl\/salonstargard\/wp-content\/uploads\/2022\/02\/rolety-rzymskie-do-kuchni-radimar-36x36.webp 36w, https:\/\/sklepwnetrz.pl\/salonstargard\/wp-content\/uploads\/2022\/02\/rolety-rzymskie-do-kuchni-radimar-180x180.webp 180w, https:\/\/sklepwnetrz.pl\/salonstargard\/wp-content\/uploads\/2022\/02\/rolety-rzymskie-do-kuchni-radimar-705x705.webp 705w, https:\/\/sklepwnetrz.pl\/salonstargard\/wp-content\/uploads\/2022\/02\/rolety-rzymskie-do-kuchni-radimar.webp 1200w\" data-sizes=\"(max-width: 1030px) 100vw, 1030px\" data-rel='gallery-12' data-prev-img='https:\/\/sklepwnetrz.pl\/salonstargard\/wp-content\/uploads\/2022\/02\/rolety-rzymskie-do-kuchni-radimar-495x400.webp' class='lightbox ' data-onclick='28' title='rolety-rzymskie-do-kuchni-radimar'  itemprop=\"thumbnailUrl\"  ><img decoding=\"async\" class=\"wp-image-1057 avia-img-lazy-loading-not-1057\"   src=\"https:\/\/sklepwnetrz.pl\/salonstargard\/wp-content\/uploads\/2022\/02\/rolety-rzymskie-do-kuchni-radimar-495x400.webp\" width=\"495\" height=\"400\"  title='rolety-rzymskie-do-kuchni-radimar' alt='' srcset=\"https:\/\/sklepwnetrz.pl\/salonstargard\/wp-content\/uploads\/2022\/02\/rolety-rzymskie-do-kuchni-radimar-495x400.webp 495w, https:\/\/sklepwnetrz.pl\/salonstargard\/wp-content\/uploads\/2022\/02\/rolety-rzymskie-do-kuchni-radimar-845x684.webp 845w\" sizes=\"(max-width: 495px) 100vw, 495px\" \/><\/a> <a href=\"https:\/\/sklepwnetrz.pl\/salonstargard\/wp-content\/uploads\/2016\/05\/38212417_2015236515162001_4170473434087686144_n.jpg\" data-srcset=\"https:\/\/sklepwnetrz.pl\/salonstargard\/wp-content\/uploads\/2016\/05\/38212417_2015236515162001_4170473434087686144_n.jpg 750w, https:\/\/sklepwnetrz.pl\/salonstargard\/wp-content\/uploads\/2016\/05\/38212417_2015236515162001_4170473434087686144_n-300x265.jpg 300w, https:\/\/sklepwnetrz.pl\/salonstargard\/wp-content\/uploads\/2016\/05\/38212417_2015236515162001_4170473434087686144_n-705x623.jpg 705w\" data-sizes=\"(max-width: 750px) 100vw, 750px\" data-rel='gallery-12' data-prev-img='https:\/\/sklepwnetrz.pl\/salonstargard\/wp-content\/uploads\/2016\/05\/38212417_2015236515162001_4170473434087686144_n-495x400.jpg' class='lightbox ' data-onclick='29' title='roleta rzymska RADIMAR'  itemprop=\"thumbnailUrl\"  ><img decoding=\"async\" class=\"wp-image-615 avia-img-lazy-loading-not-615\"  data-avia-tooltip='roleta rzymska RADIMAR' src=\"https:\/\/sklepwnetrz.pl\/salonstargard\/wp-content\/uploads\/2016\/05\/38212417_2015236515162001_4170473434087686144_n-495x400.jpg\" width=\"495\" height=\"400\"  title='panel radimar' alt='' \/><\/a> <a href=\"https:\/\/sklepwnetrz.pl\/salonstargard\/wp-content\/uploads\/2016\/05\/wnetrze-klienta-1024x768-1.jpg\" data-srcset=\"https:\/\/sklepwnetrz.pl\/salonstargard\/wp-content\/uploads\/2016\/05\/wnetrze-klienta-1024x768-1.jpg 1024w, https:\/\/sklepwnetrz.pl\/salonstargard\/wp-content\/uploads\/2016\/05\/wnetrze-klienta-1024x768-1-300x225.jpg 300w, https:\/\/sklepwnetrz.pl\/salonstargard\/wp-content\/uploads\/2016\/05\/wnetrze-klienta-1024x768-1-768x576.jpg 768w, https:\/\/sklepwnetrz.pl\/salonstargard\/wp-content\/uploads\/2016\/05\/wnetrze-klienta-1024x768-1-705x529.jpg 705w\" data-sizes=\"(max-width: 1024px) 100vw, 1024px\" data-rel='gallery-12' data-prev-img='https:\/\/sklepwnetrz.pl\/salonstargard\/wp-content\/uploads\/2016\/05\/wnetrze-klienta-1024x768-1-495x400.jpg' class='lightbox ' data-onclick='30' title='roleta rzymska RADIMAR'  itemprop=\"thumbnailUrl\"  ><img decoding=\"async\" class=\"wp-image-628 avia-img-lazy-loading-not-628\"  data-avia-tooltip='roleta rzymska RADIMAR' src=\"https:\/\/sklepwnetrz.pl\/salonstargard\/wp-content\/uploads\/2016\/05\/wnetrze-klienta-1024x768-1-495x400.jpg\" width=\"495\" height=\"400\"  title='wn\u0119trze-klienta-1024x768' alt='' srcset=\"https:\/\/sklepwnetrz.pl\/salonstargard\/wp-content\/uploads\/2016\/05\/wnetrze-klienta-1024x768-1-495x400.jpg 495w, https:\/\/sklepwnetrz.pl\/salonstargard\/wp-content\/uploads\/2016\/05\/wnetrze-klienta-1024x768-1-845x684.jpg 845w\" sizes=\"(max-width: 495px) 100vw, 495px\" \/><\/a> <a href=\"https:\/\/sklepwnetrz.pl\/salonstargard\/wp-content\/uploads\/2016\/05\/roleta-rzymska-radimar-674x1030.png\" data-srcset=\"https:\/\/sklepwnetrz.pl\/salonstargard\/wp-content\/uploads\/2016\/05\/roleta-rzymska-radimar-674x1030.png 674w, https:\/\/sklepwnetrz.pl\/salonstargard\/wp-content\/uploads\/2016\/05\/roleta-rzymska-radimar-196x300.png 196w, https:\/\/sklepwnetrz.pl\/salonstargard\/wp-content\/uploads\/2016\/05\/roleta-rzymska-radimar-768x1174.png 768w, https:\/\/sklepwnetrz.pl\/salonstargard\/wp-content\/uploads\/2016\/05\/roleta-rzymska-radimar-1005x1536.png 1005w, https:\/\/sklepwnetrz.pl\/salonstargard\/wp-content\/uploads\/2016\/05\/roleta-rzymska-radimar-1340x2048.png 1340w, https:\/\/sklepwnetrz.pl\/salonstargard\/wp-content\/uploads\/2016\/05\/roleta-rzymska-radimar-982x1500.png 982w, https:\/\/sklepwnetrz.pl\/salonstargard\/wp-content\/uploads\/2016\/05\/roleta-rzymska-radimar-461x705.png 461w, https:\/\/sklepwnetrz.pl\/salonstargard\/wp-content\/uploads\/2016\/05\/roleta-rzymska-radimar.png 1979w\" data-sizes=\"(max-width: 674px) 100vw, 674px\" data-rel='gallery-12' data-prev-img='https:\/\/sklepwnetrz.pl\/salonstargard\/wp-content\/uploads\/2016\/05\/roleta-rzymska-radimar-495x400.png' class='first_thumb lightbox ' data-onclick='31' title='roleta rzymska RADIMAR'  itemprop=\"thumbnailUrl\"  ><img decoding=\"async\" class=\"wp-image-629 avia-img-lazy-loading-not-629\"  data-avia-tooltip='roleta rzymska RADIMAR' src=\"https:\/\/sklepwnetrz.pl\/salonstargard\/wp-content\/uploads\/2016\/05\/roleta-rzymska-radimar-495x400.png\" width=\"495\" height=\"400\"  title='roleta rzymska radimar' alt='' srcset=\"https:\/\/sklepwnetrz.pl\/salonstargard\/wp-content\/uploads\/2016\/05\/roleta-rzymska-radimar-495x400.png 495w, https:\/\/sklepwnetrz.pl\/salonstargard\/wp-content\/uploads\/2016\/05\/roleta-rzymska-radimar-845x684.png 845w\" sizes=\"(max-width: 495px) 100vw, 495px\" \/><\/a> <a href=\"https:\/\/sklepwnetrz.pl\/salonstargard\/wp-content\/uploads\/2016\/05\/rolety-rzymskie-do-sklepu.jpg\" data-srcset=\"https:\/\/sklepwnetrz.pl\/salonstargard\/wp-content\/uploads\/2016\/05\/rolety-rzymskie-do-sklepu.jpg 960w, https:\/\/sklepwnetrz.pl\/salonstargard\/wp-content\/uploads\/2016\/05\/rolety-rzymskie-do-sklepu-300x199.jpg 300w, https:\/\/sklepwnetrz.pl\/salonstargard\/wp-content\/uploads\/2016\/05\/rolety-rzymskie-do-sklepu-768x510.jpg 768w, https:\/\/sklepwnetrz.pl\/salonstargard\/wp-content\/uploads\/2016\/05\/rolety-rzymskie-do-sklepu-705x469.jpg 705w\" data-sizes=\"(max-width: 960px) 100vw, 960px\" data-rel='gallery-12' data-prev-img='https:\/\/sklepwnetrz.pl\/salonstargard\/wp-content\/uploads\/2016\/05\/rolety-rzymskie-do-sklepu-495x400.jpg' class='lightbox ' data-onclick='32' title='roleta rzymska RADIMAR'  itemprop=\"thumbnailUrl\"  ><img decoding=\"async\" class=\"wp-image-634 avia-img-lazy-loading-not-634\"  data-avia-tooltip='roleta rzymska RADIMAR' src=\"https:\/\/sklepwnetrz.pl\/salonstargard\/wp-content\/uploads\/2016\/05\/rolety-rzymskie-do-sklepu-495x400.jpg\" width=\"495\" height=\"400\"  title='rolety rzymskie do sklepu' alt='' \/><\/a> <a href=\"https:\/\/sklepwnetrz.pl\/salonstargard\/wp-content\/uploads\/2016\/05\/IMG_2530-1024x576-1.jpg\" data-srcset=\"https:\/\/sklepwnetrz.pl\/salonstargard\/wp-content\/uploads\/2016\/05\/IMG_2530-1024x576-1.jpg 1024w, https:\/\/sklepwnetrz.pl\/salonstargard\/wp-content\/uploads\/2016\/05\/IMG_2530-1024x576-1-300x169.jpg 300w, https:\/\/sklepwnetrz.pl\/salonstargard\/wp-content\/uploads\/2016\/05\/IMG_2530-1024x576-1-768x432.jpg 768w, https:\/\/sklepwnetrz.pl\/salonstargard\/wp-content\/uploads\/2016\/05\/IMG_2530-1024x576-1-705x397.jpg 705w\" data-sizes=\"(max-width: 1024px) 100vw, 1024px\" data-rel='gallery-12' data-prev-img='https:\/\/sklepwnetrz.pl\/salonstargard\/wp-content\/uploads\/2016\/05\/IMG_2530-1024x576-1-495x400.jpg' class='lightbox ' data-onclick='33' title='roleta rzymska RADIMAR'  itemprop=\"thumbnailUrl\"  ><img decoding=\"async\" class=\"wp-image-633 avia-img-lazy-loading-not-633\"  data-avia-tooltip='roleta rzymska RADIMAR' src=\"https:\/\/sklepwnetrz.pl\/salonstargard\/wp-content\/uploads\/2016\/05\/IMG_2530-1024x576-1-495x400.jpg\" width=\"495\" height=\"400\"  title='IMG_2530-1024x576' alt='' \/><\/a> <a href=\"https:\/\/sklepwnetrz.pl\/salonstargard\/wp-content\/uploads\/2016\/05\/panele-radimar-1030x1030.png\" data-srcset=\"https:\/\/sklepwnetrz.pl\/salonstargard\/wp-content\/uploads\/2016\/05\/panele-radimar-1030x1030.png 1030w, https:\/\/sklepwnetrz.pl\/salonstargard\/wp-content\/uploads\/2016\/05\/panele-radimar-300x300.png 300w, https:\/\/sklepwnetrz.pl\/salonstargard\/wp-content\/uploads\/2016\/05\/panele-radimar-80x80.png 80w, https:\/\/sklepwnetrz.pl\/salonstargard\/wp-content\/uploads\/2016\/05\/panele-radimar-768x768.png 768w, https:\/\/sklepwnetrz.pl\/salonstargard\/wp-content\/uploads\/2016\/05\/panele-radimar-36x36.png 36w, https:\/\/sklepwnetrz.pl\/salonstargard\/wp-content\/uploads\/2016\/05\/panele-radimar-180x180.png 180w, https:\/\/sklepwnetrz.pl\/salonstargard\/wp-content\/uploads\/2016\/05\/panele-radimar-705x705.png 705w, https:\/\/sklepwnetrz.pl\/salonstargard\/wp-content\/uploads\/2016\/05\/panele-radimar.png 1080w\" data-sizes=\"(max-width: 1030px) 100vw, 1030px\" data-rel='gallery-12' data-prev-img='https:\/\/sklepwnetrz.pl\/salonstargard\/wp-content\/uploads\/2016\/05\/panele-radimar-495x400.png' class='lightbox ' data-onclick='34' title='roleta rzymska RADIMAR'  itemprop=\"thumbnailUrl\"  ><img decoding=\"async\" class=\"wp-image-637 avia-img-lazy-loading-not-637\"  data-avia-tooltip='roleta rzymska RADIMAR' src=\"https:\/\/sklepwnetrz.pl\/salonstargard\/wp-content\/uploads\/2016\/05\/panele-radimar-495x400.png\" width=\"495\" height=\"400\"  title='panele radimar' alt='' srcset=\"https:\/\/sklepwnetrz.pl\/salonstargard\/wp-content\/uploads\/2016\/05\/panele-radimar-495x400.png 495w, https:\/\/sklepwnetrz.pl\/salonstargard\/wp-content\/uploads\/2016\/05\/panele-radimar-845x684.png 845w\" sizes=\"(max-width: 495px) 100vw, 495px\" \/><\/a> <a href=\"https:\/\/sklepwnetrz.pl\/salonstargard\/wp-content\/uploads\/2016\/05\/zaslony-radimar-1030x1030.png\" data-srcset=\"https:\/\/sklepwnetrz.pl\/salonstargard\/wp-content\/uploads\/2016\/05\/zaslony-radimar-1030x1030.png 1030w, https:\/\/sklepwnetrz.pl\/salonstargard\/wp-content\/uploads\/2016\/05\/zaslony-radimar-300x300.png 300w, https:\/\/sklepwnetrz.pl\/salonstargard\/wp-content\/uploads\/2016\/05\/zaslony-radimar-80x80.png 80w, https:\/\/sklepwnetrz.pl\/salonstargard\/wp-content\/uploads\/2016\/05\/zaslony-radimar-768x768.png 768w, https:\/\/sklepwnetrz.pl\/salonstargard\/wp-content\/uploads\/2016\/05\/zaslony-radimar-36x36.png 36w, https:\/\/sklepwnetrz.pl\/salonstargard\/wp-content\/uploads\/2016\/05\/zaslony-radimar-180x180.png 180w, https:\/\/sklepwnetrz.pl\/salonstargard\/wp-content\/uploads\/2016\/05\/zaslony-radimar-705x705.png 705w, https:\/\/sklepwnetrz.pl\/salonstargard\/wp-content\/uploads\/2016\/05\/zaslony-radimar.png 1080w\" data-sizes=\"(max-width: 1030px) 100vw, 1030px\" data-rel='gallery-12' data-prev-img='https:\/\/sklepwnetrz.pl\/salonstargard\/wp-content\/uploads\/2016\/05\/zaslony-radimar-495x400.png' class='lightbox ' data-onclick='35' title='roleta rzymska RADIMAR'  itemprop=\"thumbnailUrl\"  ><img decoding=\"async\" class=\"wp-image-639 avia-img-lazy-loading-not-639\"  data-avia-tooltip='roleta rzymska RADIMAR' src=\"https:\/\/sklepwnetrz.pl\/salonstargard\/wp-content\/uploads\/2016\/05\/zaslony-radimar-495x400.png\" width=\"495\" height=\"400\"  title='zas\u0142ony radimar' alt='' srcset=\"https:\/\/sklepwnetrz.pl\/salonstargard\/wp-content\/uploads\/2016\/05\/zaslony-radimar-495x400.png 495w, https:\/\/sklepwnetrz.pl\/salonstargard\/wp-content\/uploads\/2016\/05\/zaslony-radimar-845x684.png 845w\" sizes=\"(max-width: 495px) 100vw, 495px\" \/><\/a> <a href=\"https:\/\/sklepwnetrz.pl\/salonstargard\/wp-content\/uploads\/2016\/05\/zaslony-pudrowy-roz-1030x1030.png\" data-srcset=\"https:\/\/sklepwnetrz.pl\/salonstargard\/wp-content\/uploads\/2016\/05\/zaslony-pudrowy-roz-1030x1030.png 1030w, https:\/\/sklepwnetrz.pl\/salonstargard\/wp-content\/uploads\/2016\/05\/zaslony-pudrowy-roz-300x300.png 300w, https:\/\/sklepwnetrz.pl\/salonstargard\/wp-content\/uploads\/2016\/05\/zaslony-pudrowy-roz-80x80.png 80w, https:\/\/sklepwnetrz.pl\/salonstargard\/wp-content\/uploads\/2016\/05\/zaslony-pudrowy-roz-768x768.png 768w, https:\/\/sklepwnetrz.pl\/salonstargard\/wp-content\/uploads\/2016\/05\/zaslony-pudrowy-roz-36x36.png 36w, https:\/\/sklepwnetrz.pl\/salonstargard\/wp-content\/uploads\/2016\/05\/zaslony-pudrowy-roz-180x180.png 180w, https:\/\/sklepwnetrz.pl\/salonstargard\/wp-content\/uploads\/2016\/05\/zaslony-pudrowy-roz-705x705.png 705w, https:\/\/sklepwnetrz.pl\/salonstargard\/wp-content\/uploads\/2016\/05\/zaslony-pudrowy-roz.png 1200w\" data-sizes=\"(max-width: 1030px) 100vw, 1030px\" data-rel='gallery-12' data-prev-img='https:\/\/sklepwnetrz.pl\/salonstargard\/wp-content\/uploads\/2016\/05\/zaslony-pudrowy-roz-495x400.png' class='first_thumb lightbox ' data-onclick='36' title='roleta rzymska RADIMAR'  itemprop=\"thumbnailUrl\"  ><img decoding=\"async\" class=\"wp-image-645 avia-img-lazy-loading-not-645\"  data-avia-tooltip='roleta rzymska RADIMAR' src=\"https:\/\/sklepwnetrz.pl\/salonstargard\/wp-content\/uploads\/2016\/05\/zaslony-pudrowy-roz-495x400.png\" width=\"495\" height=\"400\"  title='zas\u0142ony pudrowy r\u00f3\u017c' alt='' srcset=\"https:\/\/sklepwnetrz.pl\/salonstargard\/wp-content\/uploads\/2016\/05\/zaslony-pudrowy-roz-495x400.png 495w, https:\/\/sklepwnetrz.pl\/salonstargard\/wp-content\/uploads\/2016\/05\/zaslony-pudrowy-roz-845x684.png 845w\" sizes=\"(max-width: 495px) 100vw, 495px\" \/><\/a> <a href=\"https:\/\/sklepwnetrz.pl\/salonstargard\/wp-content\/uploads\/2016\/05\/2019-07-10-2.jpg\" data-srcset=\"https:\/\/sklepwnetrz.pl\/salonstargard\/wp-content\/uploads\/2016\/05\/2019-07-10-2.jpg 512w, https:\/\/sklepwnetrz.pl\/salonstargard\/wp-content\/uploads\/2016\/05\/2019-07-10-2-300x225.jpg 300w\" data-sizes=\"(max-width: 512px) 100vw, 512px\" data-rel='gallery-12' data-prev-img='https:\/\/sklepwnetrz.pl\/salonstargard\/wp-content\/uploads\/2016\/05\/2019-07-10-2-495x384.jpg' class='lightbox ' data-onclick='37' title='roleta rzymska RADIMAR'  itemprop=\"thumbnailUrl\"  ><img decoding=\"async\" class=\"wp-image-646 avia-img-lazy-loading-not-646\"  data-avia-tooltip='roleta rzymska RADIMAR' src=\"https:\/\/sklepwnetrz.pl\/salonstargard\/wp-content\/uploads\/2016\/05\/2019-07-10-2-495x384.jpg\" width=\"495\" height=\"384\"  title='2019-07-10 (2)' alt='' \/><\/a> <a href=\"https:\/\/sklepwnetrz.pl\/salonstargard\/wp-content\/uploads\/2016\/05\/2019-07-10-5.jpg\" data-srcset=\"https:\/\/sklepwnetrz.pl\/salonstargard\/wp-content\/uploads\/2016\/05\/2019-07-10-5.jpg 384w, https:\/\/sklepwnetrz.pl\/salonstargard\/wp-content\/uploads\/2016\/05\/2019-07-10-5-225x300.jpg 225w\" data-sizes=\"(max-width: 384px) 100vw, 384px\" data-rel='gallery-12' data-prev-img='https:\/\/sklepwnetrz.pl\/salonstargard\/wp-content\/uploads\/2016\/05\/2019-07-10-5-384x400.jpg' class='lightbox ' data-onclick='38' title='roleta rzymska RADIMAR'  itemprop=\"thumbnailUrl\"  ><img decoding=\"async\" class=\"wp-image-647 avia-img-lazy-loading-not-647\"  data-avia-tooltip='roleta rzymska RADIMAR' src=\"https:\/\/sklepwnetrz.pl\/salonstargard\/wp-content\/uploads\/2016\/05\/2019-07-10-5-384x400.jpg\" width=\"384\" height=\"400\"  title='2019-07-10 (5)' alt='' \/><\/a> <a href=\"https:\/\/sklepwnetrz.pl\/salonstargard\/wp-content\/uploads\/2016\/05\/rolety-rzymskie-firany-stargard-461590430.jpg\" data-srcset=\"https:\/\/sklepwnetrz.pl\/salonstargard\/wp-content\/uploads\/2016\/05\/rolety-rzymskie-firany-stargard-461590430.jpg 960w, https:\/\/sklepwnetrz.pl\/salonstargard\/wp-content\/uploads\/2016\/05\/rolety-rzymskie-firany-stargard-461590430-300x168.jpg 300w, https:\/\/sklepwnetrz.pl\/salonstargard\/wp-content\/uploads\/2016\/05\/rolety-rzymskie-firany-stargard-461590430-768x431.jpg 768w, https:\/\/sklepwnetrz.pl\/salonstargard\/wp-content\/uploads\/2016\/05\/rolety-rzymskie-firany-stargard-461590430-705x396.jpg 705w\" data-sizes=\"(max-width: 960px) 100vw, 960px\" data-rel='gallery-12' data-prev-img='https:\/\/sklepwnetrz.pl\/salonstargard\/wp-content\/uploads\/2016\/05\/rolety-rzymskie-firany-stargard-461590430-495x400.jpg' class='lightbox ' data-onclick='39' title='roleta rzymska RADIMAR'  itemprop=\"thumbnailUrl\"  ><img decoding=\"async\" class=\"wp-image-651 avia-img-lazy-loading-not-651\"  data-avia-tooltip='roleta rzymska RADIMAR' src=\"https:\/\/sklepwnetrz.pl\/salonstargard\/wp-content\/uploads\/2016\/05\/rolety-rzymskie-firany-stargard-461590430-495x400.jpg\" width=\"495\" height=\"400\"  title='rolety-rzymskie-firany-stargard-461590430' alt='' \/><\/a> <a href=\"https:\/\/sklepwnetrz.pl\/salonstargard\/wp-content\/uploads\/2016\/05\/53347685_429588344456580_6562324439009067008_n.jpg\" data-srcset=\"https:\/\/sklepwnetrz.pl\/salonstargard\/wp-content\/uploads\/2016\/05\/53347685_429588344456580_6562324439009067008_n.jpg 960w, https:\/\/sklepwnetrz.pl\/salonstargard\/wp-content\/uploads\/2016\/05\/53347685_429588344456580_6562324439009067008_n-300x225.jpg 300w, https:\/\/sklepwnetrz.pl\/salonstargard\/wp-content\/uploads\/2016\/05\/53347685_429588344456580_6562324439009067008_n-768x576.jpg 768w, https:\/\/sklepwnetrz.pl\/salonstargard\/wp-content\/uploads\/2016\/05\/53347685_429588344456580_6562324439009067008_n-705x529.jpg 705w\" data-sizes=\"(max-width: 960px) 100vw, 960px\" data-rel='gallery-12' data-prev-img='https:\/\/sklepwnetrz.pl\/salonstargard\/wp-content\/uploads\/2016\/05\/53347685_429588344456580_6562324439009067008_n-495x400.jpg' class='lightbox ' data-onclick='40' title='roleta rzymska RADIMAR'  itemprop=\"thumbnailUrl\"  ><img decoding=\"async\" class=\"wp-image-649 avia-img-lazy-loading-not-649\"  data-avia-tooltip='roleta rzymska RADIMAR' src=\"https:\/\/sklepwnetrz.pl\/salonstargard\/wp-content\/uploads\/2016\/05\/53347685_429588344456580_6562324439009067008_n-495x400.jpg\" width=\"495\" height=\"400\"  title='53347685_429588344456580_6562324439009067008_n' alt='' srcset=\"https:\/\/sklepwnetrz.pl\/salonstargard\/wp-content\/uploads\/2016\/05\/53347685_429588344456580_6562324439009067008_n-495x400.jpg 495w, https:\/\/sklepwnetrz.pl\/salonstargard\/wp-content\/uploads\/2016\/05\/53347685_429588344456580_6562324439009067008_n-845x684.jpg 845w\" sizes=\"(max-width: 495px) 100vw, 495px\" \/><\/a> <a href=\"https:\/\/sklepwnetrz.pl\/salonstargard\/wp-content\/uploads\/2016\/05\/2019-07-10.jpg\" data-srcset=\"https:\/\/sklepwnetrz.pl\/salonstargard\/wp-content\/uploads\/2016\/05\/2019-07-10.jpg 512w, https:\/\/sklepwnetrz.pl\/salonstargard\/wp-content\/uploads\/2016\/05\/2019-07-10-300x225.jpg 300w\" data-sizes=\"(max-width: 512px) 100vw, 512px\" data-rel='gallery-12' data-prev-img='https:\/\/sklepwnetrz.pl\/salonstargard\/wp-content\/uploads\/2016\/05\/2019-07-10-495x384.jpg' class='first_thumb lightbox ' data-onclick='41' title='roleta rzymska RADIMAR'  itemprop=\"thumbnailUrl\"  ><img decoding=\"async\" class=\"wp-image-648 avia-img-lazy-loading-not-648\"  data-avia-tooltip='roleta rzymska RADIMAR' src=\"https:\/\/sklepwnetrz.pl\/salonstargard\/wp-content\/uploads\/2016\/05\/2019-07-10-495x384.jpg\" width=\"495\" height=\"384\"  title='2019-07-10' alt='' \/><\/a> <a href=\"https:\/\/sklepwnetrz.pl\/salonstargard\/wp-content\/uploads\/2016\/05\/53720121_430373961064765_6854253653880995840_n.jpg\" data-srcset=\"https:\/\/sklepwnetrz.pl\/salonstargard\/wp-content\/uploads\/2016\/05\/53720121_430373961064765_6854253653880995840_n.jpg 960w, https:\/\/sklepwnetrz.pl\/salonstargard\/wp-content\/uploads\/2016\/05\/53720121_430373961064765_6854253653880995840_n-300x225.jpg 300w, https:\/\/sklepwnetrz.pl\/salonstargard\/wp-content\/uploads\/2016\/05\/53720121_430373961064765_6854253653880995840_n-768x576.jpg 768w, https:\/\/sklepwnetrz.pl\/salonstargard\/wp-content\/uploads\/2016\/05\/53720121_430373961064765_6854253653880995840_n-705x529.jpg 705w\" data-sizes=\"(max-width: 960px) 100vw, 960px\" data-rel='gallery-12' data-prev-img='https:\/\/sklepwnetrz.pl\/salonstargard\/wp-content\/uploads\/2016\/05\/53720121_430373961064765_6854253653880995840_n-495x400.jpg' class='lightbox ' data-onclick='42' title='roleta rzymska RADIMAR'  itemprop=\"thumbnailUrl\"  ><img decoding=\"async\" class=\"wp-image-650 avia-img-lazy-loading-not-650\"  data-avia-tooltip='roleta rzymska RADIMAR' src=\"https:\/\/sklepwnetrz.pl\/salonstargard\/wp-content\/uploads\/2016\/05\/53720121_430373961064765_6854253653880995840_n-495x400.jpg\" width=\"495\" height=\"400\"  title='53720121_430373961064765_6854253653880995840_n' alt='' srcset=\"https:\/\/sklepwnetrz.pl\/salonstargard\/wp-content\/uploads\/2016\/05\/53720121_430373961064765_6854253653880995840_n-495x400.jpg 495w, https:\/\/sklepwnetrz.pl\/salonstargard\/wp-content\/uploads\/2016\/05\/53720121_430373961064765_6854253653880995840_n-845x684.jpg 845w\" sizes=\"(max-width: 495px) 100vw, 495px\" \/><\/a> <a href=\"https:\/\/sklepwnetrz.pl\/salonstargard\/wp-content\/uploads\/2016\/05\/rvs.jpg\" data-srcset=\"https:\/\/sklepwnetrz.pl\/salonstargard\/wp-content\/uploads\/2016\/05\/rvs.jpg 900w, https:\/\/sklepwnetrz.pl\/salonstargard\/wp-content\/uploads\/2016\/05\/rvs-300x200.jpg 300w, https:\/\/sklepwnetrz.pl\/salonstargard\/wp-content\/uploads\/2016\/05\/rvs-768x512.jpg 768w, https:\/\/sklepwnetrz.pl\/salonstargard\/wp-content\/uploads\/2016\/05\/rvs-705x470.jpg 705w\" data-sizes=\"(max-width: 900px) 100vw, 900px\" data-rel='gallery-12' data-prev-img='https:\/\/sklepwnetrz.pl\/salonstargard\/wp-content\/uploads\/2016\/05\/rvs-495x400.jpg' class='lightbox ' data-onclick='43' title='roleta rzymska RADIMAR'  itemprop=\"thumbnailUrl\"  ><img decoding=\"async\" class=\"wp-image-652 avia-img-lazy-loading-not-652\"  data-avia-tooltip='roleta rzymska RADIMAR' src=\"https:\/\/sklepwnetrz.pl\/salonstargard\/wp-content\/uploads\/2016\/05\/rvs-495x400.jpg\" width=\"495\" height=\"400\"  title='rvs' alt='' \/><\/a> <a href=\"https:\/\/sklepwnetrz.pl\/salonstargard\/wp-content\/uploads\/2016\/05\/57602647_435368750363343_9160887280674537472_n.jpg\" data-srcset=\"https:\/\/sklepwnetrz.pl\/salonstargard\/wp-content\/uploads\/2016\/05\/57602647_435368750363343_9160887280674537472_n.jpg 720w, https:\/\/sklepwnetrz.pl\/salonstargard\/wp-content\/uploads\/2016\/05\/57602647_435368750363343_9160887280674537472_n-225x300.jpg 225w, https:\/\/sklepwnetrz.pl\/salonstargard\/wp-content\/uploads\/2016\/05\/57602647_435368750363343_9160887280674537472_n-529x705.jpg 529w\" data-sizes=\"(max-width: 720px) 100vw, 720px\" data-rel='gallery-12' data-prev-img='https:\/\/sklepwnetrz.pl\/salonstargard\/wp-content\/uploads\/2016\/05\/57602647_435368750363343_9160887280674537472_n-495x400.jpg' class='lightbox ' data-onclick='44' title='roleta rzymska RADIMAR'  itemprop=\"thumbnailUrl\"  ><img decoding=\"async\" class=\"wp-image-653 avia-img-lazy-loading-not-653\"  data-avia-tooltip='roleta rzymska RADIMAR' src=\"https:\/\/sklepwnetrz.pl\/salonstargard\/wp-content\/uploads\/2016\/05\/57602647_435368750363343_9160887280674537472_n-495x400.jpg\" width=\"495\" height=\"400\"  title='57602647_435368750363343_9160887280674537472_n' alt='' \/><\/a> <a href=\"https:\/\/sklepwnetrz.pl\/salonstargard\/wp-content\/uploads\/2016\/05\/roleta-zaslony-.jpg\" data-srcset=\"https:\/\/sklepwnetrz.pl\/salonstargard\/wp-content\/uploads\/2016\/05\/roleta-zaslony-.jpg 720w, https:\/\/sklepwnetrz.pl\/salonstargard\/wp-content\/uploads\/2016\/05\/roleta-zaslony--225x300.jpg 225w, https:\/\/sklepwnetrz.pl\/salonstargard\/wp-content\/uploads\/2016\/05\/roleta-zaslony--529x705.jpg 529w\" data-sizes=\"(max-width: 720px) 100vw, 720px\" data-rel='gallery-12' data-prev-img='https:\/\/sklepwnetrz.pl\/salonstargard\/wp-content\/uploads\/2016\/05\/roleta-zaslony--495x400.jpg' class='lightbox ' data-onclick='45' title='roleta rzymska RADIMAR'  itemprop=\"thumbnailUrl\"  ><img decoding=\"async\" class=\"wp-image-654 avia-img-lazy-loading-not-654\"  data-avia-tooltip='roleta rzymska RADIMAR' src=\"https:\/\/sklepwnetrz.pl\/salonstargard\/wp-content\/uploads\/2016\/05\/roleta-zaslony--495x400.jpg\" width=\"495\" height=\"400\"  title='roleta zas\u0142ony' alt='' \/><\/a> <a href=\"https:\/\/sklepwnetrz.pl\/salonstargard\/wp-content\/uploads\/2016\/05\/DSC_0030-1030x581.jpg\" data-srcset=\"https:\/\/sklepwnetrz.pl\/salonstargard\/wp-content\/uploads\/2016\/05\/DSC_0030-1030x581.jpg 1030w, https:\/\/sklepwnetrz.pl\/salonstargard\/wp-content\/uploads\/2016\/05\/DSC_0030-300x169.jpg 300w, https:\/\/sklepwnetrz.pl\/salonstargard\/wp-content\/uploads\/2016\/05\/DSC_0030-768x433.jpg 768w, https:\/\/sklepwnetrz.pl\/salonstargard\/wp-content\/uploads\/2016\/05\/DSC_0030-1536x867.jpg 1536w, https:\/\/sklepwnetrz.pl\/salonstargard\/wp-content\/uploads\/2016\/05\/DSC_0030-2048x1155.jpg 2048w, https:\/\/sklepwnetrz.pl\/salonstargard\/wp-content\/uploads\/2016\/05\/DSC_0030-1500x846.jpg 1500w, https:\/\/sklepwnetrz.pl\/salonstargard\/wp-content\/uploads\/2016\/05\/DSC_0030-705x398.jpg 705w\" data-sizes=\"(max-width: 1030px) 100vw, 1030px\" data-rel='gallery-12' data-prev-img='https:\/\/sklepwnetrz.pl\/salonstargard\/wp-content\/uploads\/2016\/05\/DSC_0030-495x400.jpg' class='first_thumb lightbox ' data-onclick='46' title='roleta rzymska RADIMAR'  itemprop=\"thumbnailUrl\"  ><img decoding=\"async\" class=\"wp-image-656 avia-img-lazy-loading-not-656\"  data-avia-tooltip='roleta rzymska RADIMAR' src=\"https:\/\/sklepwnetrz.pl\/salonstargard\/wp-content\/uploads\/2016\/05\/DSC_0030-495x400.jpg\" width=\"495\" height=\"400\"  title='DSC_0030' alt='' srcset=\"https:\/\/sklepwnetrz.pl\/salonstargard\/wp-content\/uploads\/2016\/05\/DSC_0030-495x400.jpg 495w, https:\/\/sklepwnetrz.pl\/salonstargard\/wp-content\/uploads\/2016\/05\/DSC_0030-845x684.jpg 845w\" sizes=\"(max-width: 495px) 100vw, 495px\" \/><\/a> <a href=\"https:\/\/sklepwnetrz.pl\/salonstargard\/wp-content\/uploads\/2016\/05\/DSC_0027-1030x581.jpg\" data-srcset=\"https:\/\/sklepwnetrz.pl\/salonstargard\/wp-content\/uploads\/2016\/05\/DSC_0027-1030x581.jpg 1030w, https:\/\/sklepwnetrz.pl\/salonstargard\/wp-content\/uploads\/2016\/05\/DSC_0027-300x169.jpg 300w, https:\/\/sklepwnetrz.pl\/salonstargard\/wp-content\/uploads\/2016\/05\/DSC_0027-768x433.jpg 768w, https:\/\/sklepwnetrz.pl\/salonstargard\/wp-content\/uploads\/2016\/05\/DSC_0027-1536x867.jpg 1536w, https:\/\/sklepwnetrz.pl\/salonstargard\/wp-content\/uploads\/2016\/05\/DSC_0027-2048x1155.jpg 2048w, https:\/\/sklepwnetrz.pl\/salonstargard\/wp-content\/uploads\/2016\/05\/DSC_0027-1500x846.jpg 1500w, https:\/\/sklepwnetrz.pl\/salonstargard\/wp-content\/uploads\/2016\/05\/DSC_0027-705x398.jpg 705w\" data-sizes=\"(max-width: 1030px) 100vw, 1030px\" data-rel='gallery-12' data-prev-img='https:\/\/sklepwnetrz.pl\/salonstargard\/wp-content\/uploads\/2016\/05\/DSC_0027-495x400.jpg' class='lightbox ' data-onclick='47' title='roleta rzymska RADIMAR'  itemprop=\"thumbnailUrl\"  ><img decoding=\"async\" class=\"wp-image-658 avia-img-lazy-loading-not-658\"  data-avia-tooltip='roleta rzymska RADIMAR' src=\"https:\/\/sklepwnetrz.pl\/salonstargard\/wp-content\/uploads\/2016\/05\/DSC_0027-495x400.jpg\" width=\"495\" height=\"400\"  title='DSC_0027' alt='' srcset=\"https:\/\/sklepwnetrz.pl\/salonstargard\/wp-content\/uploads\/2016\/05\/DSC_0027-495x400.jpg 495w, https:\/\/sklepwnetrz.pl\/salonstargard\/wp-content\/uploads\/2016\/05\/DSC_0027-845x684.jpg 845w\" sizes=\"(max-width: 495px) 100vw, 495px\" \/><\/a> <a href=\"https:\/\/sklepwnetrz.pl\/salonstargard\/wp-content\/uploads\/2016\/05\/DSC_0073-1030x581.jpg\" data-srcset=\"https:\/\/sklepwnetrz.pl\/salonstargard\/wp-content\/uploads\/2016\/05\/DSC_0073-1030x581.jpg 1030w, https:\/\/sklepwnetrz.pl\/salonstargard\/wp-content\/uploads\/2016\/05\/DSC_0073-300x169.jpg 300w, https:\/\/sklepwnetrz.pl\/salonstargard\/wp-content\/uploads\/2016\/05\/DSC_0073-768x433.jpg 768w, https:\/\/sklepwnetrz.pl\/salonstargard\/wp-content\/uploads\/2016\/05\/DSC_0073-1536x867.jpg 1536w, https:\/\/sklepwnetrz.pl\/salonstargard\/wp-content\/uploads\/2016\/05\/DSC_0073-2048x1155.jpg 2048w, https:\/\/sklepwnetrz.pl\/salonstargard\/wp-content\/uploads\/2016\/05\/DSC_0073-1500x846.jpg 1500w, https:\/\/sklepwnetrz.pl\/salonstargard\/wp-content\/uploads\/2016\/05\/DSC_0073-705x398.jpg 705w\" data-sizes=\"(max-width: 1030px) 100vw, 1030px\" data-rel='gallery-12' data-prev-img='https:\/\/sklepwnetrz.pl\/salonstargard\/wp-content\/uploads\/2016\/05\/DSC_0073-495x400.jpg' class='lightbox ' data-onclick='48' title='roleta rzymska RADIMAR'  itemprop=\"thumbnailUrl\"  ><img decoding=\"async\" class=\"wp-image-659 avia-img-lazy-loading-not-659\"  data-avia-tooltip='roleta rzymska RADIMAR' src=\"https:\/\/sklepwnetrz.pl\/salonstargard\/wp-content\/uploads\/2016\/05\/DSC_0073-495x400.jpg\" width=\"495\" height=\"400\"  title='DSC_0073' alt='' srcset=\"https:\/\/sklepwnetrz.pl\/salonstargard\/wp-content\/uploads\/2016\/05\/DSC_0073-495x400.jpg 495w, https:\/\/sklepwnetrz.pl\/salonstargard\/wp-content\/uploads\/2016\/05\/DSC_0073-845x684.jpg 845w\" sizes=\"(max-width: 495px) 100vw, 495px\" \/><\/a> <a href=\"https:\/\/sklepwnetrz.pl\/salonstargard\/wp-content\/uploads\/2016\/05\/DSC_0032-1030x581.jpg\" data-srcset=\"https:\/\/sklepwnetrz.pl\/salonstargard\/wp-content\/uploads\/2016\/05\/DSC_0032-1030x581.jpg 1030w, https:\/\/sklepwnetrz.pl\/salonstargard\/wp-content\/uploads\/2016\/05\/DSC_0032-300x169.jpg 300w, https:\/\/sklepwnetrz.pl\/salonstargard\/wp-content\/uploads\/2016\/05\/DSC_0032-768x433.jpg 768w, https:\/\/sklepwnetrz.pl\/salonstargard\/wp-content\/uploads\/2016\/05\/DSC_0032-1536x867.jpg 1536w, https:\/\/sklepwnetrz.pl\/salonstargard\/wp-content\/uploads\/2016\/05\/DSC_0032-2048x1155.jpg 2048w, https:\/\/sklepwnetrz.pl\/salonstargard\/wp-content\/uploads\/2016\/05\/DSC_0032-1500x846.jpg 1500w, https:\/\/sklepwnetrz.pl\/salonstargard\/wp-content\/uploads\/2016\/05\/DSC_0032-705x398.jpg 705w\" data-sizes=\"(max-width: 1030px) 100vw, 1030px\" data-rel='gallery-12' data-prev-img='https:\/\/sklepwnetrz.pl\/salonstargard\/wp-content\/uploads\/2016\/05\/DSC_0032-495x400.jpg' class='lightbox ' data-onclick='49' title='roleta rzymska RADIMAR'  itemprop=\"thumbnailUrl\"  ><img decoding=\"async\" class=\"wp-image-660 avia-img-lazy-loading-not-660\"  data-avia-tooltip='roleta rzymska RADIMAR' src=\"https:\/\/sklepwnetrz.pl\/salonstargard\/wp-content\/uploads\/2016\/05\/DSC_0032-495x400.jpg\" width=\"495\" height=\"400\"  title='DSC_0032' alt='' srcset=\"https:\/\/sklepwnetrz.pl\/salonstargard\/wp-content\/uploads\/2016\/05\/DSC_0032-495x400.jpg 495w, https:\/\/sklepwnetrz.pl\/salonstargard\/wp-content\/uploads\/2016\/05\/DSC_0032-845x684.jpg 845w\" sizes=\"(max-width: 495px) 100vw, 495px\" \/><\/a> <a href=\"https:\/\/sklepwnetrz.pl\/salonstargard\/wp-content\/uploads\/2016\/05\/DSC_0029-1030x581.jpg\" data-srcset=\"https:\/\/sklepwnetrz.pl\/salonstargard\/wp-content\/uploads\/2016\/05\/DSC_0029-1030x581.jpg 1030w, https:\/\/sklepwnetrz.pl\/salonstargard\/wp-content\/uploads\/2016\/05\/DSC_0029-300x169.jpg 300w, https:\/\/sklepwnetrz.pl\/salonstargard\/wp-content\/uploads\/2016\/05\/DSC_0029-768x433.jpg 768w, https:\/\/sklepwnetrz.pl\/salonstargard\/wp-content\/uploads\/2016\/05\/DSC_0029-1536x867.jpg 1536w, https:\/\/sklepwnetrz.pl\/salonstargard\/wp-content\/uploads\/2016\/05\/DSC_0029-2048x1155.jpg 2048w, https:\/\/sklepwnetrz.pl\/salonstargard\/wp-content\/uploads\/2016\/05\/DSC_0029-1500x846.jpg 1500w, https:\/\/sklepwnetrz.pl\/salonstargard\/wp-content\/uploads\/2016\/05\/DSC_0029-705x398.jpg 705w\" data-sizes=\"(max-width: 1030px) 100vw, 1030px\" data-rel='gallery-12' data-prev-img='https:\/\/sklepwnetrz.pl\/salonstargard\/wp-content\/uploads\/2016\/05\/DSC_0029-495x400.jpg' class='lightbox ' data-onclick='50' title='roleta rzymska RADIMAR'  itemprop=\"thumbnailUrl\"  ><img decoding=\"async\" class=\"wp-image-661 avia-img-lazy-loading-not-661\"  data-avia-tooltip='roleta rzymska RADIMAR' src=\"https:\/\/sklepwnetrz.pl\/salonstargard\/wp-content\/uploads\/2016\/05\/DSC_0029-495x400.jpg\" width=\"495\" height=\"400\"  title='DSC_0029' alt='' srcset=\"https:\/\/sklepwnetrz.pl\/salonstargard\/wp-content\/uploads\/2016\/05\/DSC_0029-495x400.jpg 495w, https:\/\/sklepwnetrz.pl\/salonstargard\/wp-content\/uploads\/2016\/05\/DSC_0029-845x684.jpg 845w\" sizes=\"(max-width: 495px) 100vw, 495px\" \/><\/a> <a href=\"https:\/\/sklepwnetrz.pl\/salonstargard\/wp-content\/uploads\/2016\/05\/dekoracje-okienne-do-domu-1030x583.jpg\" data-srcset=\"https:\/\/sklepwnetrz.pl\/salonstargard\/wp-content\/uploads\/2016\/05\/dekoracje-okienne-do-domu-1030x583.jpg 1030w, https:\/\/sklepwnetrz.pl\/salonstargard\/wp-content\/uploads\/2016\/05\/dekoracje-okienne-do-domu-300x170.jpg 300w, https:\/\/sklepwnetrz.pl\/salonstargard\/wp-content\/uploads\/2016\/05\/dekoracje-okienne-do-domu-768x435.jpg 768w, https:\/\/sklepwnetrz.pl\/salonstargard\/wp-content\/uploads\/2016\/05\/dekoracje-okienne-do-domu-705x399.jpg 705w, https:\/\/sklepwnetrz.pl\/salonstargard\/wp-content\/uploads\/2016\/05\/dekoracje-okienne-do-domu.jpg 1356w\" data-sizes=\"(max-width: 1030px) 100vw, 1030px\" data-rel='gallery-12' data-prev-img='https:\/\/sklepwnetrz.pl\/salonstargard\/wp-content\/uploads\/2016\/05\/dekoracje-okienne-do-domu-495x400.jpg' class='first_thumb lightbox ' data-onclick='51' title='roleta rzymska RADIMAR'  itemprop=\"thumbnailUrl\"  ><img decoding=\"async\" class=\"wp-image-664 avia-img-lazy-loading-not-664\"  data-avia-tooltip='roleta rzymska RADIMAR' src=\"https:\/\/sklepwnetrz.pl\/salonstargard\/wp-content\/uploads\/2016\/05\/dekoracje-okienne-do-domu-495x400.jpg\" width=\"495\" height=\"400\"  title='dekoracje okienne do domu' alt='' srcset=\"https:\/\/sklepwnetrz.pl\/salonstargard\/wp-content\/uploads\/2016\/05\/dekoracje-okienne-do-domu-495x400.jpg 495w, https:\/\/sklepwnetrz.pl\/salonstargard\/wp-content\/uploads\/2016\/05\/dekoracje-okienne-do-domu-845x684.jpg 845w\" sizes=\"(max-width: 495px) 100vw, 495px\" \/><\/a> <a href=\"https:\/\/sklepwnetrz.pl\/salonstargard\/wp-content\/uploads\/2016\/05\/ala-roleta-1030x583.jpg\" data-srcset=\"https:\/\/sklepwnetrz.pl\/salonstargard\/wp-content\/uploads\/2016\/05\/ala-roleta-1030x583.jpg 1030w, https:\/\/sklepwnetrz.pl\/salonstargard\/wp-content\/uploads\/2016\/05\/ala-roleta-300x170.jpg 300w, https:\/\/sklepwnetrz.pl\/salonstargard\/wp-content\/uploads\/2016\/05\/ala-roleta-768x435.jpg 768w, https:\/\/sklepwnetrz.pl\/salonstargard\/wp-content\/uploads\/2016\/05\/ala-roleta-705x399.jpg 705w, https:\/\/sklepwnetrz.pl\/salonstargard\/wp-content\/uploads\/2016\/05\/ala-roleta.jpg 1356w\" data-sizes=\"(max-width: 1030px) 100vw, 1030px\" data-rel='gallery-12' data-prev-img='https:\/\/sklepwnetrz.pl\/salonstargard\/wp-content\/uploads\/2016\/05\/ala-roleta-495x400.jpg' class='lightbox ' data-onclick='52' title='roleta rzymska RADIMAR'  itemprop=\"thumbnailUrl\"  ><img decoding=\"async\" class=\"wp-image-665 avia-img-lazy-loading-not-665\"  data-avia-tooltip='roleta rzymska RADIMAR' src=\"https:\/\/sklepwnetrz.pl\/salonstargard\/wp-content\/uploads\/2016\/05\/ala-roleta-495x400.jpg\" width=\"495\" height=\"400\"  title='ala roleta' alt='' srcset=\"https:\/\/sklepwnetrz.pl\/salonstargard\/wp-content\/uploads\/2016\/05\/ala-roleta-495x400.jpg 495w, https:\/\/sklepwnetrz.pl\/salonstargard\/wp-content\/uploads\/2016\/05\/ala-roleta-845x684.jpg 845w\" sizes=\"(max-width: 495px) 100vw, 495px\" \/><\/a> <a href=\"https:\/\/sklepwnetrz.pl\/salonstargard\/wp-content\/uploads\/2016\/05\/roleta-rzymska-do-domu-1024x768-1.jpg\" data-srcset=\"https:\/\/sklepwnetrz.pl\/salonstargard\/wp-content\/uploads\/2016\/05\/roleta-rzymska-do-domu-1024x768-1.jpg 1024w, https:\/\/sklepwnetrz.pl\/salonstargard\/wp-content\/uploads\/2016\/05\/roleta-rzymska-do-domu-1024x768-1-300x225.jpg 300w, https:\/\/sklepwnetrz.pl\/salonstargard\/wp-content\/uploads\/2016\/05\/roleta-rzymska-do-domu-1024x768-1-768x576.jpg 768w, https:\/\/sklepwnetrz.pl\/salonstargard\/wp-content\/uploads\/2016\/05\/roleta-rzymska-do-domu-1024x768-1-705x529.jpg 705w\" data-sizes=\"(max-width: 1024px) 100vw, 1024px\" data-rel='gallery-12' data-prev-img='https:\/\/sklepwnetrz.pl\/salonstargard\/wp-content\/uploads\/2016\/05\/roleta-rzymska-do-domu-1024x768-1-495x400.jpg' class='lightbox ' data-onclick='53' title='roleta rzymska RADIMAR'  itemprop=\"thumbnailUrl\"  ><img decoding=\"async\" class=\"wp-image-666 avia-img-lazy-loading-not-666\"  data-avia-tooltip='roleta rzymska RADIMAR' src=\"https:\/\/sklepwnetrz.pl\/salonstargard\/wp-content\/uploads\/2016\/05\/roleta-rzymska-do-domu-1024x768-1-495x400.jpg\" width=\"495\" height=\"400\"  title='roleta-rzymska-do-domu-1024x768' alt='' srcset=\"https:\/\/sklepwnetrz.pl\/salonstargard\/wp-content\/uploads\/2016\/05\/roleta-rzymska-do-domu-1024x768-1-495x400.jpg 495w, https:\/\/sklepwnetrz.pl\/salonstargard\/wp-content\/uploads\/2016\/05\/roleta-rzymska-do-domu-1024x768-1-845x684.jpg 845w\" sizes=\"(max-width: 495px) 100vw, 495px\" \/><\/a> <a href=\"https:\/\/sklepwnetrz.pl\/salonstargard\/wp-content\/uploads\/2016\/05\/roleta-rzymska-klienta-1024x768-1.jpg\" data-srcset=\"https:\/\/sklepwnetrz.pl\/salonstargard\/wp-content\/uploads\/2016\/05\/roleta-rzymska-klienta-1024x768-1.jpg 1024w, https:\/\/sklepwnetrz.pl\/salonstargard\/wp-content\/uploads\/2016\/05\/roleta-rzymska-klienta-1024x768-1-300x225.jpg 300w, https:\/\/sklepwnetrz.pl\/salonstargard\/wp-content\/uploads\/2016\/05\/roleta-rzymska-klienta-1024x768-1-768x576.jpg 768w, https:\/\/sklepwnetrz.pl\/salonstargard\/wp-content\/uploads\/2016\/05\/roleta-rzymska-klienta-1024x768-1-705x529.jpg 705w\" data-sizes=\"(max-width: 1024px) 100vw, 1024px\" data-rel='gallery-12' data-prev-img='https:\/\/sklepwnetrz.pl\/salonstargard\/wp-content\/uploads\/2016\/05\/roleta-rzymska-klienta-1024x768-1-495x400.jpg' class='lightbox ' data-onclick='54' title='roleta rzymska RADIMAR'  itemprop=\"thumbnailUrl\"  ><img decoding=\"async\" class=\"wp-image-667 avia-img-lazy-loading-not-667\"  data-avia-tooltip='roleta rzymska RADIMAR' src=\"https:\/\/sklepwnetrz.pl\/salonstargard\/wp-content\/uploads\/2016\/05\/roleta-rzymska-klienta-1024x768-1-495x400.jpg\" width=\"495\" height=\"400\"  title='roleta-rzymska-klienta-1024x768' alt='' srcset=\"https:\/\/sklepwnetrz.pl\/salonstargard\/wp-content\/uploads\/2016\/05\/roleta-rzymska-klienta-1024x768-1-495x400.jpg 495w, https:\/\/sklepwnetrz.pl\/salonstargard\/wp-content\/uploads\/2016\/05\/roleta-rzymska-klienta-1024x768-1-845x684.jpg 845w\" sizes=\"(max-width: 495px) 100vw, 495px\" \/><\/a> <a href=\"https:\/\/sklepwnetrz.pl\/salonstargard\/wp-content\/uploads\/2016\/05\/rolety-rzymskie-stargard-1030x687.jpg\" data-srcset=\"https:\/\/sklepwnetrz.pl\/salonstargard\/wp-content\/uploads\/2016\/05\/rolety-rzymskie-stargard-1030x687.jpg 1030w, https:\/\/sklepwnetrz.pl\/salonstargard\/wp-content\/uploads\/2016\/05\/rolety-rzymskie-stargard-300x200.jpg 300w, https:\/\/sklepwnetrz.pl\/salonstargard\/wp-content\/uploads\/2016\/05\/rolety-rzymskie-stargard-768x512.jpg 768w, https:\/\/sklepwnetrz.pl\/salonstargard\/wp-content\/uploads\/2016\/05\/rolety-rzymskie-stargard-705x470.jpg 705w, https:\/\/sklepwnetrz.pl\/salonstargard\/wp-content\/uploads\/2016\/05\/rolety-rzymskie-stargard.jpg 1152w\" data-sizes=\"(max-width: 1030px) 100vw, 1030px\" data-rel='gallery-12' data-prev-img='https:\/\/sklepwnetrz.pl\/salonstargard\/wp-content\/uploads\/2016\/05\/rolety-rzymskie-stargard-495x400.jpg' class='lightbox ' data-onclick='55' title='roleta rzymska RADIMAR'  itemprop=\"thumbnailUrl\"  ><img decoding=\"async\" class=\"wp-image-668 avia-img-lazy-loading-not-668\"  data-avia-tooltip='roleta rzymska RADIMAR' src=\"https:\/\/sklepwnetrz.pl\/salonstargard\/wp-content\/uploads\/2016\/05\/rolety-rzymskie-stargard-495x400.jpg\" width=\"495\" height=\"400\"  title='rolety rzymskie stargard' alt='' srcset=\"https:\/\/sklepwnetrz.pl\/salonstargard\/wp-content\/uploads\/2016\/05\/rolety-rzymskie-stargard-495x400.jpg 495w, https:\/\/sklepwnetrz.pl\/salonstargard\/wp-content\/uploads\/2016\/05\/rolety-rzymskie-stargard-845x684.jpg 845w\" sizes=\"(max-width: 495px) 100vw, 495px\" \/><\/a> <a href=\"https:\/\/sklepwnetrz.pl\/salonstargard\/wp-content\/uploads\/2016\/05\/ala-rolety-rzymskie.jpg\" data-srcset=\"https:\/\/sklepwnetrz.pl\/salonstargard\/wp-content\/uploads\/2016\/05\/ala-rolety-rzymskie.jpg 1024w, https:\/\/sklepwnetrz.pl\/salonstargard\/wp-content\/uploads\/2016\/05\/ala-rolety-rzymskie-300x225.jpg 300w, https:\/\/sklepwnetrz.pl\/salonstargard\/wp-content\/uploads\/2016\/05\/ala-rolety-rzymskie-768x576.jpg 768w, https:\/\/sklepwnetrz.pl\/salonstargard\/wp-content\/uploads\/2016\/05\/ala-rolety-rzymskie-705x529.jpg 705w\" data-sizes=\"(max-width: 1024px) 100vw, 1024px\" data-rel='gallery-12' data-prev-img='https:\/\/sklepwnetrz.pl\/salonstargard\/wp-content\/uploads\/2016\/05\/ala-rolety-rzymskie-495x400.jpg' class='first_thumb lightbox ' data-onclick='56' title='roleta rzymska RADIMAR'  itemprop=\"thumbnailUrl\"  ><img decoding=\"async\" class=\"wp-image-669 avia-img-lazy-loading-not-669\"  data-avia-tooltip='roleta rzymska RADIMAR' src=\"https:\/\/sklepwnetrz.pl\/salonstargard\/wp-content\/uploads\/2016\/05\/ala-rolety-rzymskie-495x400.jpg\" width=\"495\" height=\"400\"  title='ala rolety rzymskie' alt='' srcset=\"https:\/\/sklepwnetrz.pl\/salonstargard\/wp-content\/uploads\/2016\/05\/ala-rolety-rzymskie-495x400.jpg 495w, https:\/\/sklepwnetrz.pl\/salonstargard\/wp-content\/uploads\/2016\/05\/ala-rolety-rzymskie-845x684.jpg 845w\" sizes=\"(max-width: 495px) 100vw, 495px\" \/><\/a> <a href=\"https:\/\/sklepwnetrz.pl\/salonstargard\/wp-content\/uploads\/2016\/05\/roleta-rzymska-do-gabinetu.jpg\" data-srcset=\"https:\/\/sklepwnetrz.pl\/salonstargard\/wp-content\/uploads\/2016\/05\/roleta-rzymska-do-gabinetu.jpg 960w, https:\/\/sklepwnetrz.pl\/salonstargard\/wp-content\/uploads\/2016\/05\/roleta-rzymska-do-gabinetu-300x199.jpg 300w, https:\/\/sklepwnetrz.pl\/salonstargard\/wp-content\/uploads\/2016\/05\/roleta-rzymska-do-gabinetu-768x510.jpg 768w, https:\/\/sklepwnetrz.pl\/salonstargard\/wp-content\/uploads\/2016\/05\/roleta-rzymska-do-gabinetu-705x469.jpg 705w\" data-sizes=\"(max-width: 960px) 100vw, 960px\" data-rel='gallery-12' data-prev-img='https:\/\/sklepwnetrz.pl\/salonstargard\/wp-content\/uploads\/2016\/05\/roleta-rzymska-do-gabinetu-495x400.jpg' class='lightbox ' data-onclick='57' title='roleta rzymska RADIMAR'  itemprop=\"thumbnailUrl\"  ><img decoding=\"async\" class=\"wp-image-670 avia-img-lazy-loading-not-670\"  data-avia-tooltip='roleta rzymska RADIMAR' src=\"https:\/\/sklepwnetrz.pl\/salonstargard\/wp-content\/uploads\/2016\/05\/roleta-rzymska-do-gabinetu-495x400.jpg\" width=\"495\" height=\"400\"  title='roleta rzymska do gabinetu' alt='' \/><\/a> <a href=\"https:\/\/sklepwnetrz.pl\/salonstargard\/wp-content\/uploads\/2016\/05\/rolety-rzymskie-obok-siebie.jpg\" data-srcset=\"https:\/\/sklepwnetrz.pl\/salonstargard\/wp-content\/uploads\/2016\/05\/rolety-rzymskie-obok-siebie.jpg 960w, https:\/\/sklepwnetrz.pl\/salonstargard\/wp-content\/uploads\/2016\/05\/rolety-rzymskie-obok-siebie-300x168.jpg 300w, https:\/\/sklepwnetrz.pl\/salonstargard\/wp-content\/uploads\/2016\/05\/rolety-rzymskie-obok-siebie-768x430.jpg 768w, https:\/\/sklepwnetrz.pl\/salonstargard\/wp-content\/uploads\/2016\/05\/rolety-rzymskie-obok-siebie-705x395.jpg 705w\" data-sizes=\"(max-width: 960px) 100vw, 960px\" data-rel='gallery-12' data-prev-img='https:\/\/sklepwnetrz.pl\/salonstargard\/wp-content\/uploads\/2016\/05\/rolety-rzymskie-obok-siebie-495x400.jpg' class='lightbox ' data-onclick='58' title='roleta rzymska RADIMAR'  itemprop=\"thumbnailUrl\"  ><img decoding=\"async\" class=\"wp-image-671 avia-img-lazy-loading-not-671\"  data-avia-tooltip='roleta rzymska RADIMAR' src=\"https:\/\/sklepwnetrz.pl\/salonstargard\/wp-content\/uploads\/2016\/05\/rolety-rzymskie-obok-siebie-495x400.jpg\" width=\"495\" height=\"400\"  title='rolety rzymskie obok siebie' alt='' \/><\/a> <a href=\"https:\/\/sklepwnetrz.pl\/salonstargard\/wp-content\/uploads\/2016\/05\/DSC_0076-1030x581.jpg\" data-srcset=\"https:\/\/sklepwnetrz.pl\/salonstargard\/wp-content\/uploads\/2016\/05\/DSC_0076-1030x581.jpg 1030w, https:\/\/sklepwnetrz.pl\/salonstargard\/wp-content\/uploads\/2016\/05\/DSC_0076-300x169.jpg 300w, https:\/\/sklepwnetrz.pl\/salonstargard\/wp-content\/uploads\/2016\/05\/DSC_0076-768x433.jpg 768w, https:\/\/sklepwnetrz.pl\/salonstargard\/wp-content\/uploads\/2016\/05\/DSC_0076-1536x867.jpg 1536w, https:\/\/sklepwnetrz.pl\/salonstargard\/wp-content\/uploads\/2016\/05\/DSC_0076-2048x1155.jpg 2048w, https:\/\/sklepwnetrz.pl\/salonstargard\/wp-content\/uploads\/2016\/05\/DSC_0076-1500x846.jpg 1500w, https:\/\/sklepwnetrz.pl\/salonstargard\/wp-content\/uploads\/2016\/05\/DSC_0076-705x398.jpg 705w\" data-sizes=\"(max-width: 1030px) 100vw, 1030px\" data-rel='gallery-12' data-prev-img='https:\/\/sklepwnetrz.pl\/salonstargard\/wp-content\/uploads\/2016\/05\/DSC_0076-495x400.jpg' class='lightbox ' data-onclick='59' title='roleta rzymska RADIMAR'  itemprop=\"thumbnailUrl\"  ><img decoding=\"async\" class=\"wp-image-732 avia-img-lazy-loading-not-732\"  data-avia-tooltip='roleta rzymska RADIMAR' src=\"https:\/\/sklepwnetrz.pl\/salonstargard\/wp-content\/uploads\/2016\/05\/DSC_0076-495x400.jpg\" width=\"495\" height=\"400\"  title='DSC_0076' alt='' srcset=\"https:\/\/sklepwnetrz.pl\/salonstargard\/wp-content\/uploads\/2016\/05\/DSC_0076-495x400.jpg 495w, https:\/\/sklepwnetrz.pl\/salonstargard\/wp-content\/uploads\/2016\/05\/DSC_0076-845x684.jpg 845w\" sizes=\"(max-width: 495px) 100vw, 495px\" \/><\/a> <a href=\"https:\/\/sklepwnetrz.pl\/salonstargard\/wp-content\/uploads\/2016\/05\/DSC_0074-1030x581.jpg\" data-srcset=\"https:\/\/sklepwnetrz.pl\/salonstargard\/wp-content\/uploads\/2016\/05\/DSC_0074-1030x581.jpg 1030w, https:\/\/sklepwnetrz.pl\/salonstargard\/wp-content\/uploads\/2016\/05\/DSC_0074-300x169.jpg 300w, https:\/\/sklepwnetrz.pl\/salonstargard\/wp-content\/uploads\/2016\/05\/DSC_0074-768x433.jpg 768w, https:\/\/sklepwnetrz.pl\/salonstargard\/wp-content\/uploads\/2016\/05\/DSC_0074-1536x867.jpg 1536w, https:\/\/sklepwnetrz.pl\/salonstargard\/wp-content\/uploads\/2016\/05\/DSC_0074-2048x1155.jpg 2048w, https:\/\/sklepwnetrz.pl\/salonstargard\/wp-content\/uploads\/2016\/05\/DSC_0074-1500x846.jpg 1500w, https:\/\/sklepwnetrz.pl\/salonstargard\/wp-content\/uploads\/2016\/05\/DSC_0074-705x398.jpg 705w\" data-sizes=\"(max-width: 1030px) 100vw, 1030px\" data-rel='gallery-12' data-prev-img='https:\/\/sklepwnetrz.pl\/salonstargard\/wp-content\/uploads\/2016\/05\/DSC_0074-495x400.jpg' class='lightbox ' data-onclick='60' title='roleta rzymska RADIMAR'  itemprop=\"thumbnailUrl\"  ><img decoding=\"async\" class=\"wp-image-731 avia-img-lazy-loading-not-731\"  data-avia-tooltip='roleta rzymska RADIMAR' src=\"https:\/\/sklepwnetrz.pl\/salonstargard\/wp-content\/uploads\/2016\/05\/DSC_0074-495x400.jpg\" width=\"495\" height=\"400\"  title='DSC_0074' alt='' srcset=\"https:\/\/sklepwnetrz.pl\/salonstargard\/wp-content\/uploads\/2016\/05\/DSC_0074-495x400.jpg 495w, https:\/\/sklepwnetrz.pl\/salonstargard\/wp-content\/uploads\/2016\/05\/DSC_0074-845x684.jpg 845w\" sizes=\"(max-width: 495px) 100vw, 495px\" \/><\/a> <a href=\"https:\/\/sklepwnetrz.pl\/salonstargard\/wp-content\/uploads\/2016\/05\/image3-1030x773.jpeg\" data-srcset=\"https:\/\/sklepwnetrz.pl\/salonstargard\/wp-content\/uploads\/2016\/05\/image3-1030x773.jpeg 1030w, https:\/\/sklepwnetrz.pl\/salonstargard\/wp-content\/uploads\/2016\/05\/image3-300x225.jpeg 300w, https:\/\/sklepwnetrz.pl\/salonstargard\/wp-content\/uploads\/2016\/05\/image3-768x576.jpeg 768w, https:\/\/sklepwnetrz.pl\/salonstargard\/wp-content\/uploads\/2016\/05\/image3-1536x1152.jpeg 1536w, https:\/\/sklepwnetrz.pl\/salonstargard\/wp-content\/uploads\/2016\/05\/image3-2048x1536.jpeg 2048w, https:\/\/sklepwnetrz.pl\/salonstargard\/wp-content\/uploads\/2016\/05\/image3-1500x1125.jpeg 1500w, https:\/\/sklepwnetrz.pl\/salonstargard\/wp-content\/uploads\/2016\/05\/image3-705x529.jpeg 705w\" data-sizes=\"(max-width: 1030px) 100vw, 1030px\" data-rel='gallery-12' data-prev-img='https:\/\/sklepwnetrz.pl\/salonstargard\/wp-content\/uploads\/2016\/05\/image3-495x400.jpeg' class='first_thumb lightbox ' data-onclick='61' title='roleta rzymska RADIMAR'  itemprop=\"thumbnailUrl\"  ><img decoding=\"async\" class=\"wp-image-725 avia-img-lazy-loading-not-725\"  data-avia-tooltip='roleta rzymska RADIMAR' src=\"https:\/\/sklepwnetrz.pl\/salonstargard\/wp-content\/uploads\/2016\/05\/image3-495x400.jpeg\" width=\"495\" height=\"400\"  title='image3' alt='' srcset=\"https:\/\/sklepwnetrz.pl\/salonstargard\/wp-content\/uploads\/2016\/05\/image3-495x400.jpeg 495w, https:\/\/sklepwnetrz.pl\/salonstargard\/wp-content\/uploads\/2016\/05\/image3-845x684.jpeg 845w\" sizes=\"(max-width: 495px) 100vw, 495px\" \/><\/a> <a href=\"https:\/\/sklepwnetrz.pl\/salonstargard\/wp-content\/uploads\/2016\/05\/20211218_132023-773x1030.jpg\" data-srcset=\"https:\/\/sklepwnetrz.pl\/salonstargard\/wp-content\/uploads\/2016\/05\/20211218_132023-773x1030.jpg 773w, https:\/\/sklepwnetrz.pl\/salonstargard\/wp-content\/uploads\/2016\/05\/20211218_132023-225x300.jpg 225w, https:\/\/sklepwnetrz.pl\/salonstargard\/wp-content\/uploads\/2016\/05\/20211218_132023-768x1024.jpg 768w, https:\/\/sklepwnetrz.pl\/salonstargard\/wp-content\/uploads\/2016\/05\/20211218_132023-1152x1536.jpg 1152w, https:\/\/sklepwnetrz.pl\/salonstargard\/wp-content\/uploads\/2016\/05\/20211218_132023-1536x2048.jpg 1536w, https:\/\/sklepwnetrz.pl\/salonstargard\/wp-content\/uploads\/2016\/05\/20211218_132023-1125x1500.jpg 1125w, https:\/\/sklepwnetrz.pl\/salonstargard\/wp-content\/uploads\/2016\/05\/20211218_132023-529x705.jpg 529w, https:\/\/sklepwnetrz.pl\/salonstargard\/wp-content\/uploads\/2016\/05\/20211218_132023-scaled.jpg 1920w\" data-sizes=\"(max-width: 773px) 100vw, 773px\" data-rel='gallery-12' data-prev-img='https:\/\/sklepwnetrz.pl\/salonstargard\/wp-content\/uploads\/2016\/05\/20211218_132023-495x400.jpg' class='lightbox ' data-onclick='62' title='roleta rzymska RADIMAR'  itemprop=\"thumbnailUrl\"  ><img decoding=\"async\" class=\"wp-image-789 avia-img-lazy-loading-not-789\"  data-avia-tooltip='roleta rzymska RADIMAR' src=\"https:\/\/sklepwnetrz.pl\/salonstargard\/wp-content\/uploads\/2016\/05\/20211218_132023-495x400.jpg\" width=\"495\" height=\"400\"  title='20211218_132023' alt='' srcset=\"https:\/\/sklepwnetrz.pl\/salonstargard\/wp-content\/uploads\/2016\/05\/20211218_132023-495x400.jpg 495w, https:\/\/sklepwnetrz.pl\/salonstargard\/wp-content\/uploads\/2016\/05\/20211218_132023-845x684.jpg 845w\" sizes=\"(max-width: 495px) 100vw, 495px\" \/><\/a> <a href=\"https:\/\/sklepwnetrz.pl\/salonstargard\/wp-content\/uploads\/2016\/05\/20211218_131920-773x1030.jpg\" data-srcset=\"https:\/\/sklepwnetrz.pl\/salonstargard\/wp-content\/uploads\/2016\/05\/20211218_131920-773x1030.jpg 773w, https:\/\/sklepwnetrz.pl\/salonstargard\/wp-content\/uploads\/2016\/05\/20211218_131920-225x300.jpg 225w, https:\/\/sklepwnetrz.pl\/salonstargard\/wp-content\/uploads\/2016\/05\/20211218_131920-768x1024.jpg 768w, https:\/\/sklepwnetrz.pl\/salonstargard\/wp-content\/uploads\/2016\/05\/20211218_131920-1152x1536.jpg 1152w, https:\/\/sklepwnetrz.pl\/salonstargard\/wp-content\/uploads\/2016\/05\/20211218_131920-1536x2048.jpg 1536w, https:\/\/sklepwnetrz.pl\/salonstargard\/wp-content\/uploads\/2016\/05\/20211218_131920-1125x1500.jpg 1125w, https:\/\/sklepwnetrz.pl\/salonstargard\/wp-content\/uploads\/2016\/05\/20211218_131920-529x705.jpg 529w, https:\/\/sklepwnetrz.pl\/salonstargard\/wp-content\/uploads\/2016\/05\/20211218_131920-scaled.jpg 1920w\" data-sizes=\"(max-width: 773px) 100vw, 773px\" data-rel='gallery-12' data-prev-img='https:\/\/sklepwnetrz.pl\/salonstargard\/wp-content\/uploads\/2016\/05\/20211218_131920-495x400.jpg' class='lightbox ' data-onclick='63' title='roleta rzymska RADIMAR'  itemprop=\"thumbnailUrl\"  ><img decoding=\"async\" class=\"wp-image-787 avia-img-lazy-loading-not-787\"  data-avia-tooltip='roleta rzymska RADIMAR' src=\"https:\/\/sklepwnetrz.pl\/salonstargard\/wp-content\/uploads\/2016\/05\/20211218_131920-495x400.jpg\" width=\"495\" height=\"400\"  title='20211218_131920' alt='' srcset=\"https:\/\/sklepwnetrz.pl\/salonstargard\/wp-content\/uploads\/2016\/05\/20211218_131920-495x400.jpg 495w, https:\/\/sklepwnetrz.pl\/salonstargard\/wp-content\/uploads\/2016\/05\/20211218_131920-845x684.jpg 845w\" sizes=\"(max-width: 495px) 100vw, 495px\" \/><\/a> <a href=\"https:\/\/sklepwnetrz.pl\/salonstargard\/wp-content\/uploads\/2022\/10\/realizacja9-1030x1030.webp\" data-srcset=\"https:\/\/sklepwnetrz.pl\/salonstargard\/wp-content\/uploads\/2022\/10\/realizacja9-1030x1030.webp 1030w, https:\/\/sklepwnetrz.pl\/salonstargard\/wp-content\/uploads\/2022\/10\/realizacja9-300x300.webp 300w, https:\/\/sklepwnetrz.pl\/salonstargard\/wp-content\/uploads\/2022\/10\/realizacja9-80x80.webp 80w, https:\/\/sklepwnetrz.pl\/salonstargard\/wp-content\/uploads\/2022\/10\/realizacja9-768x768.webp 768w, https:\/\/sklepwnetrz.pl\/salonstargard\/wp-content\/uploads\/2022\/10\/realizacja9-36x36.webp 36w, https:\/\/sklepwnetrz.pl\/salonstargard\/wp-content\/uploads\/2022\/10\/realizacja9-180x180.webp 180w, https:\/\/sklepwnetrz.pl\/salonstargard\/wp-content\/uploads\/2022\/10\/realizacja9-705x705.webp 705w, https:\/\/sklepwnetrz.pl\/salonstargard\/wp-content\/uploads\/2022\/10\/realizacja9.webp 1200w\" data-sizes=\"(max-width: 1030px) 100vw, 1030px\" data-rel='gallery-12' data-prev-img='https:\/\/sklepwnetrz.pl\/salonstargard\/wp-content\/uploads\/2022\/10\/realizacja9-495x400.webp' class='lightbox ' data-onclick='64' title='RADIMAR Stargard ul. Czarnieckiego 2F &#8211; TEL: 797 952 761'  itemprop=\"thumbnailUrl\"  ><img decoding=\"async\" class=\"wp-image-1375 avia-img-lazy-loading-not-1375\"  data-avia-tooltip='RADIMAR Stargard ul. Czarnieckiego 2F &#8211; TEL: 797 952 761' src=\"https:\/\/sklepwnetrz.pl\/salonstargard\/wp-content\/uploads\/2022\/10\/realizacja9-495x400.webp\" width=\"495\" height=\"400\"  title='realizacja9' alt='' srcset=\"https:\/\/sklepwnetrz.pl\/salonstargard\/wp-content\/uploads\/2022\/10\/realizacja9-495x400.webp 495w, https:\/\/sklepwnetrz.pl\/salonstargard\/wp-content\/uploads\/2022\/10\/realizacja9-845x684.webp 845w\" sizes=\"(max-width: 495px) 100vw, 495px\" \/><\/a> <a href=\"https:\/\/sklepwnetrz.pl\/salonstargard\/wp-content\/uploads\/2022\/10\/realizacja6-1030x1030.webp\" data-srcset=\"https:\/\/sklepwnetrz.pl\/salonstargard\/wp-content\/uploads\/2022\/10\/realizacja6-1030x1030.webp 1030w, https:\/\/sklepwnetrz.pl\/salonstargard\/wp-content\/uploads\/2022\/10\/realizacja6-300x300.webp 300w, https:\/\/sklepwnetrz.pl\/salonstargard\/wp-content\/uploads\/2022\/10\/realizacja6-80x80.webp 80w, https:\/\/sklepwnetrz.pl\/salonstargard\/wp-content\/uploads\/2022\/10\/realizacja6-768x768.webp 768w, https:\/\/sklepwnetrz.pl\/salonstargard\/wp-content\/uploads\/2022\/10\/realizacja6-36x36.webp 36w, https:\/\/sklepwnetrz.pl\/salonstargard\/wp-content\/uploads\/2022\/10\/realizacja6-180x180.webp 180w, https:\/\/sklepwnetrz.pl\/salonstargard\/wp-content\/uploads\/2022\/10\/realizacja6-705x705.webp 705w, https:\/\/sklepwnetrz.pl\/salonstargard\/wp-content\/uploads\/2022\/10\/realizacja6.webp 1200w\" data-sizes=\"(max-width: 1030px) 100vw, 1030px\" data-rel='gallery-12' data-prev-img='https:\/\/sklepwnetrz.pl\/salonstargard\/wp-content\/uploads\/2022\/10\/realizacja6-495x400.webp' class='lightbox ' data-onclick='65' title='RADIMAR Stargard ul. Czarnieckiego 2F &#8211; TEL: 797 952 761'  itemprop=\"thumbnailUrl\"  ><img decoding=\"async\" class=\"wp-image-1373 avia-img-lazy-loading-not-1373\"  data-avia-tooltip='RADIMAR Stargard ul. Czarnieckiego 2F &#8211; TEL: 797 952 761' src=\"https:\/\/sklepwnetrz.pl\/salonstargard\/wp-content\/uploads\/2022\/10\/realizacja6-495x400.webp\" width=\"495\" height=\"400\"  title='realizacja6' alt='' srcset=\"https:\/\/sklepwnetrz.pl\/salonstargard\/wp-content\/uploads\/2022\/10\/realizacja6-495x400.webp 495w, https:\/\/sklepwnetrz.pl\/salonstargard\/wp-content\/uploads\/2022\/10\/realizacja6-845x684.webp 845w\" sizes=\"(max-width: 495px) 100vw, 495px\" \/><\/a> <a href=\"https:\/\/sklepwnetrz.pl\/salonstargard\/wp-content\/uploads\/2022\/10\/realizacja-5-1030x1030.webp\" data-srcset=\"https:\/\/sklepwnetrz.pl\/salonstargard\/wp-content\/uploads\/2022\/10\/realizacja-5-1030x1030.webp 1030w, https:\/\/sklepwnetrz.pl\/salonstargard\/wp-content\/uploads\/2022\/10\/realizacja-5-300x300.webp 300w, https:\/\/sklepwnetrz.pl\/salonstargard\/wp-content\/uploads\/2022\/10\/realizacja-5-80x80.webp 80w, https:\/\/sklepwnetrz.pl\/salonstargard\/wp-content\/uploads\/2022\/10\/realizacja-5-768x768.webp 768w, https:\/\/sklepwnetrz.pl\/salonstargard\/wp-content\/uploads\/2022\/10\/realizacja-5-36x36.webp 36w, https:\/\/sklepwnetrz.pl\/salonstargard\/wp-content\/uploads\/2022\/10\/realizacja-5-180x180.webp 180w, https:\/\/sklepwnetrz.pl\/salonstargard\/wp-content\/uploads\/2022\/10\/realizacja-5-705x705.webp 705w, https:\/\/sklepwnetrz.pl\/salonstargard\/wp-content\/uploads\/2022\/10\/realizacja-5.webp 1200w\" data-sizes=\"(max-width: 1030px) 100vw, 1030px\" data-rel='gallery-12' data-prev-img='https:\/\/sklepwnetrz.pl\/salonstargard\/wp-content\/uploads\/2022\/10\/realizacja-5-495x400.webp' class='first_thumb lightbox ' data-onclick='66' title='RADIMAR Stargard ul. Czarnieckiego 2F &#8211; TEL: 797 952 761'  itemprop=\"thumbnailUrl\"  ><img decoding=\"async\" class=\"wp-image-1365 avia-img-lazy-loading-not-1365\"  data-avia-tooltip='RADIMAR Stargard ul. Czarnieckiego 2F &#8211; TEL: 797 952 761' src=\"https:\/\/sklepwnetrz.pl\/salonstargard\/wp-content\/uploads\/2022\/10\/realizacja-5-495x400.webp\" width=\"495\" height=\"400\"  title='realizacja 5' alt='' srcset=\"https:\/\/sklepwnetrz.pl\/salonstargard\/wp-content\/uploads\/2022\/10\/realizacja-5-495x400.webp 495w, https:\/\/sklepwnetrz.pl\/salonstargard\/wp-content\/uploads\/2022\/10\/realizacja-5-845x684.webp 845w\" sizes=\"(max-width: 495px) 100vw, 495px\" \/><\/a> <a href=\"https:\/\/sklepwnetrz.pl\/salonstargard\/wp-content\/uploads\/2022\/10\/realizacja-2-1030x1030.webp\" data-srcset=\"https:\/\/sklepwnetrz.pl\/salonstargard\/wp-content\/uploads\/2022\/10\/realizacja-2-1030x1030.webp 1030w, https:\/\/sklepwnetrz.pl\/salonstargard\/wp-content\/uploads\/2022\/10\/realizacja-2-300x300.webp 300w, https:\/\/sklepwnetrz.pl\/salonstargard\/wp-content\/uploads\/2022\/10\/realizacja-2-80x80.webp 80w, https:\/\/sklepwnetrz.pl\/salonstargard\/wp-content\/uploads\/2022\/10\/realizacja-2-768x768.webp 768w, https:\/\/sklepwnetrz.pl\/salonstargard\/wp-content\/uploads\/2022\/10\/realizacja-2-36x36.webp 36w, https:\/\/sklepwnetrz.pl\/salonstargard\/wp-content\/uploads\/2022\/10\/realizacja-2-180x180.webp 180w, https:\/\/sklepwnetrz.pl\/salonstargard\/wp-content\/uploads\/2022\/10\/realizacja-2-705x705.webp 705w, https:\/\/sklepwnetrz.pl\/salonstargard\/wp-content\/uploads\/2022\/10\/realizacja-2.webp 1200w\" data-sizes=\"(max-width: 1030px) 100vw, 1030px\" data-rel='gallery-12' data-prev-img='https:\/\/sklepwnetrz.pl\/salonstargard\/wp-content\/uploads\/2022\/10\/realizacja-2-495x400.webp' class='lightbox ' data-onclick='67' title='RADIMAR Stargard ul. Czarnieckiego 2F &#8211; TEL: 797 952 761'  itemprop=\"thumbnailUrl\"  ><img decoding=\"async\" class=\"wp-image-1363 avia-img-lazy-loading-not-1363\"  data-avia-tooltip='RADIMAR Stargard ul. Czarnieckiego 2F &#8211; TEL: 797 952 761' src=\"https:\/\/sklepwnetrz.pl\/salonstargard\/wp-content\/uploads\/2022\/10\/realizacja-2-495x400.webp\" width=\"495\" height=\"400\"  title='realizacja 2' alt='' srcset=\"https:\/\/sklepwnetrz.pl\/salonstargard\/wp-content\/uploads\/2022\/10\/realizacja-2-495x400.webp 495w, https:\/\/sklepwnetrz.pl\/salonstargard\/wp-content\/uploads\/2022\/10\/realizacja-2-845x684.webp 845w\" sizes=\"(max-width: 495px) 100vw, 495px\" \/><\/a><\/div><\/div><\/div><\/p>\n<\/div><\/div>\n<\/div><div id='after_submenu_10'  class='main_color av_default_container_wrap container_wrap sidebar_right'  ><div class='container av-section-cont-open' ><div class='template-page content  av-content-small alpha units'><div class='post-entry post-entry-type-page post-entry-143'><div class='entry-content-wrapper clearfix'>\n<div class='flex_column av-vjrgf-2aafa841dfe48191547f962a358e6839 av_one_full  avia-builder-el-166  el_after_av_layout_row  el_before_av_heading  avia-builder-el-first  first flex_column_div '   ><section class=\"av_textblock_section \"  itemscope=\"itemscope\" itemtype=\"https:\/\/schema.org\/CreativeWork\" ><div class='avia_textblock  '   itemprop=\"text\" ><p style=\"text-align: center;\"><strong>Um\u00f3w si\u0119 na doradztwo, pomiar, wycen\u0119 w Twoim domu lub firmie<\/strong><\/p>\n<p style=\"text-align: center;\"><strong> (woj. Zachodniopomorskie)<\/strong><\/p>\n<h3 class=\"\" data-start=\"322\" data-end=\"341\">Dlaczego warto?<\/h3>\n<p class=\"\" data-start=\"343\" data-end=\"535\">\u2705 <strong data-start=\"345\" data-end=\"376\">Dok\u0142adny pomiar to podstawa<\/strong><br data-start=\"376\" data-end=\"379\" \/>Liczy si\u0119 ka\u017cdy centymetr! Nasz zesp\u00f3\u0142 dok\u0142adnie wymierzy Twoje okna, co pozwoli na perfekcyjne uszycie firan i zas\u0142on \u2013 dopasowanych do wn\u0119trza i karnisza.<\/p>\n<p class=\"\" data-start=\"537\" data-end=\"734\">\u2705 <strong data-start=\"539\" data-end=\"566\">Profesjonalne doradztwo<\/strong><br data-start=\"566\" data-end=\"569\" \/>Nasza do\u015bwiadczona dekoratorka pomo\u017ce dobra\u0107 idealne rozwi\u0105zania \u2013 zar\u00f3wno efektowne, jak i funkcjonalne. Zadbamy o ka\u017cdy detal, od stylu po praktyczne zastosowanie.<\/p>\n<p class=\"\" data-start=\"736\" data-end=\"908\">\u2705 <strong data-start=\"738\" data-end=\"760\">Tkaniny na miejscu<\/strong><br data-start=\"760\" data-end=\"763\" \/>Na wizyt\u0119 zabieramy pr\u00f3bniki i wzorniki tkanin. Dzi\u0119ki temu dobierzemy odpowiedni materia\u0142, faktur\u0119 i kolor w naturalnym \u015bwietle Twojego wn\u0119trza.<\/p>\n<h3 class=\"\" data-start=\"915\" data-end=\"932\">Koszt us\u0142ugi:<\/h3>\n<p class=\"\" data-start=\"934\" data-end=\"1162\">\ud83d\udccd <strong data-start=\"937\" data-end=\"959\">Stargard i okolice<\/strong> \u2013 50 z\u0142 (p\u0142atne w dniu wizyty)<br data-start=\"990\" data-end=\"993\" \/>\ud83d\udccd <strong data-start=\"996\" data-end=\"1018\">Szczecin i okolice<\/strong> \u2013 cena ustalana indywidualnie z dekoratork\u0105<br data-start=\"1062\" data-end=\"1065\" \/>\u26a0\ufe0f Ze wzgl\u0119du na du\u017c\u0105 liczb\u0119 zam\u00f3wie\u0144, us\u0142uga doradcza w Szczecinie mo\u017ce by\u0107 czasowo niedost\u0119pna.<\/p>\n<h3 class=\"\" data-start=\"1169\" data-end=\"1204\">Alternatywa? Sklep internetowy!<\/h3>\n<p class=\"\" data-start=\"1206\" data-end=\"1514\">\ud83d\uded2 Co miesi\u0105c realizujemy <strong data-start=\"1232\" data-end=\"1289\">ponad 1000 zam\u00f3wie\u0144 z wysy\u0142k\u0105 na terenie ca\u0142ej Polski<\/strong>.<br data-start=\"1290\" data-end=\"1293\" \/>Je\u015bli wolisz \u2013 mo\u017cesz zam\u00f3wi\u0107 wszystko <strong data-start=\"1332\" data-end=\"1358\">bez wychodzenia z domu<\/strong>. Wybierz firany i zas\u0142ony szyte na wymiar z dostaw\u0105 pod drzwi:<br data-start=\"1421\" data-end=\"1424\" \/>\ud83d\udc49 <strong data-start=\"1427\" data-end=\"1478\"><a class=\"\" href=\"http:\/\/www.sklepwnetrz.pl\" target=\"_new\" rel=\"noopener\" data-start=\"1429\" data-end=\"1476\">www.sklepwnetrz.pl<\/a><\/strong> \u2013 oficjalny sklep firmy <strong data-start=\"1503\" data-end=\"1514\">Radimar<\/strong><\/p>\n<\/div><\/section><br \/>\n\n<style type=\"text\/css\" data-created_by=\"avia_inline_auto\" id=\"style-css-av-j3xjj-998aec0422ee24e30413e708cdb3ef96\">\n#top .hr.hr-invisible.av-j3xjj-998aec0422ee24e30413e708cdb3ef96{\nheight:20px;\n}\n<\/style>\n<div  class='hr av-j3xjj-998aec0422ee24e30413e708cdb3ef96 hr-invisible  avia-builder-el-168  el_after_av_textblock  el_before_av_button  '><span class='hr-inner '><span class=\"hr-inner-style\"><\/span><\/span><\/div><br \/>\n<div  class='avia-button-wrap avia-button-center  avia-builder-el-169  el_after_av_hr  el_before_av_hr ' ><a href='tel:797952761'  class='avia-button av-gt2in-39db3d4a678b6a307a21e67031970d73 avia-icon_select-yes-left-icon avia-size-x-large avia-position-center avia-color-red ' ><span class='avia_button_icon avia_button_icon_left' aria-hidden='true' data-av_icon='\ue854' data-av_iconfont='entypo-fontello'><\/span><span class='avia_iconbox_title' >797 952 761<\/span><\/a><\/div><br \/>\n\n<style type=\"text\/css\" data-created_by=\"avia_inline_auto\" id=\"style-css-av-9eo8n-70ea5f728783542bfe9a10a903f61a66\">\n#top .hr.hr-invisible.av-9eo8n-70ea5f728783542bfe9a10a903f61a66{\nheight:20px;\n}\n<\/style>\n<div  class='hr av-9eo8n-70ea5f728783542bfe9a10a903f61a66 hr-invisible  avia-builder-el-170  el_after_av_button  avia-builder-el-last  '><span class='hr-inner '><span class=\"hr-inner-style\"><\/span><\/span><\/div><\/p><\/div>\n<style type=\"text\/css\" data-created_by=\"avia_inline_auto\" id=\"style-css-av-1m0y9r-5afc6faf9001a351d98233dfe30c3f55\">\n#top .av-special-heading.av-1m0y9r-5afc6faf9001a351d98233dfe30c3f55{\npadding-bottom:30px;\nfont-size:70px;\n}\n<\/style>\n<div  class='av-special-heading av-1m0y9r-5afc6faf9001a351d98233dfe30c3f55 av-special-heading-h1 blockquote modern-quote modern-centered  avia-builder-el-171  el_after_av_one_full  el_before_av_one_full  av-inherit-size '><h1 class='av-special-heading-tag '  itemprop=\"headline\"  >Zle\u0107 nam uszycie Twojej dekoracji <u>do\u0142\u0105cz do galerii<\/u> RADIMAR<\/h1><div class='special-heading-border'><div class='special-heading-inner-border'><\/div><\/div><\/div><\/p>\n<div class='flex_column av-fkc6f-d665a669203e4ff90999a21b7426c2cf av_one_full  avia-builder-el-172  el_after_av_heading  el_before_av_button_big  avia-builder-el-last  first flex_column_div '   ><style type=\"text\/css\" data-created_by=\"avia_inline_auto\" id=\"style-css-av-kzzm01w2-b77a2cb248e6cd8136832527eb04f067\">\n#top .avia-gallery.av-kzzm01w2-b77a2cb248e6cd8136832527eb04f067 .avia-gallery-thumb a{\nwidth:20%;\n}\n<\/style>\n<div  class='avia-gallery av-kzzm01w2-b77a2cb248e6cd8136832527eb04f067 avia_animate_when_visible  avia-builder-el-173  avia-builder-el-no-sibling  avia_lazyload avia-gallery-animate  avia-gallery-13'  itemprop=\"image\" itemscope=\"itemscope\" itemtype=\"https:\/\/schema.org\/ImageObject\" ><div class='avia-gallery-thumb'> <a href=\"https:\/\/sklepwnetrz.pl\/salonstargard\/wp-content\/uploads\/2022\/02\/firany-i-zaslony-radimar-1030x1030.webp\" data-srcset=\"https:\/\/sklepwnetrz.pl\/salonstargard\/wp-content\/uploads\/2022\/02\/firany-i-zaslony-radimar-1030x1030.webp 1030w, https:\/\/sklepwnetrz.pl\/salonstargard\/wp-content\/uploads\/2022\/02\/firany-i-zaslony-radimar-300x300.webp 300w, https:\/\/sklepwnetrz.pl\/salonstargard\/wp-content\/uploads\/2022\/02\/firany-i-zaslony-radimar-80x80.webp 80w, https:\/\/sklepwnetrz.pl\/salonstargard\/wp-content\/uploads\/2022\/02\/firany-i-zaslony-radimar-768x768.webp 768w, https:\/\/sklepwnetrz.pl\/salonstargard\/wp-content\/uploads\/2022\/02\/firany-i-zaslony-radimar-36x36.webp 36w, https:\/\/sklepwnetrz.pl\/salonstargard\/wp-content\/uploads\/2022\/02\/firany-i-zaslony-radimar-180x180.webp 180w, https:\/\/sklepwnetrz.pl\/salonstargard\/wp-content\/uploads\/2022\/02\/firany-i-zaslony-radimar-705x705.webp 705w, https:\/\/sklepwnetrz.pl\/salonstargard\/wp-content\/uploads\/2022\/02\/firany-i-zaslony-radimar.webp 1200w\" data-sizes=\"(max-width: 1030px) 100vw, 1030px\" data-rel='gallery-13' data-prev-img='https:\/\/sklepwnetrz.pl\/salonstargard\/wp-content\/uploads\/2022\/02\/firany-i-zaslony-radimar-495x400.webp' class='first_thumb lightbox ' data-onclick='1' title='firany-i-zas\u0142ony-radimar'  itemprop=\"thumbnailUrl\"  ><img decoding=\"async\" class=\"wp-image-1062 avia-img-lazy-loading-not-1062\"   src=\"https:\/\/sklepwnetrz.pl\/salonstargard\/wp-content\/uploads\/2022\/02\/firany-i-zaslony-radimar-495x400.webp\" width=\"495\" height=\"400\"  title='firany-i-zas\u0142ony-radimar' alt='' srcset=\"https:\/\/sklepwnetrz.pl\/salonstargard\/wp-content\/uploads\/2022\/02\/firany-i-zaslony-radimar-495x400.webp 495w, https:\/\/sklepwnetrz.pl\/salonstargard\/wp-content\/uploads\/2022\/02\/firany-i-zaslony-radimar-845x684.webp 845w\" sizes=\"(max-width: 495px) 100vw, 495px\" \/><\/a> <a href=\"https:\/\/sklepwnetrz.pl\/salonstargard\/wp-content\/uploads\/2022\/02\/firany-system-fala-1030x1030.webp\" data-srcset=\"https:\/\/sklepwnetrz.pl\/salonstargard\/wp-content\/uploads\/2022\/02\/firany-system-fala-1030x1030.webp 1030w, https:\/\/sklepwnetrz.pl\/salonstargard\/wp-content\/uploads\/2022\/02\/firany-system-fala-300x300.webp 300w, https:\/\/sklepwnetrz.pl\/salonstargard\/wp-content\/uploads\/2022\/02\/firany-system-fala-80x80.webp 80w, https:\/\/sklepwnetrz.pl\/salonstargard\/wp-content\/uploads\/2022\/02\/firany-system-fala-768x768.webp 768w, https:\/\/sklepwnetrz.pl\/salonstargard\/wp-content\/uploads\/2022\/02\/firany-system-fala-36x36.webp 36w, https:\/\/sklepwnetrz.pl\/salonstargard\/wp-content\/uploads\/2022\/02\/firany-system-fala-180x180.webp 180w, https:\/\/sklepwnetrz.pl\/salonstargard\/wp-content\/uploads\/2022\/02\/firany-system-fala-705x705.webp 705w, https:\/\/sklepwnetrz.pl\/salonstargard\/wp-content\/uploads\/2022\/02\/firany-system-fala.webp 1200w\" data-sizes=\"(max-width: 1030px) 100vw, 1030px\" data-rel='gallery-13' data-prev-img='https:\/\/sklepwnetrz.pl\/salonstargard\/wp-content\/uploads\/2022\/02\/firany-system-fala-495x400.webp' class='lightbox ' data-onclick='2' title='firany-system-fala'  itemprop=\"thumbnailUrl\"  ><img decoding=\"async\" class=\"wp-image-1061 avia-img-lazy-loading-not-1061\"   src=\"https:\/\/sklepwnetrz.pl\/salonstargard\/wp-content\/uploads\/2022\/02\/firany-system-fala-495x400.webp\" width=\"495\" height=\"400\"  title='firany-system-fala' alt='' srcset=\"https:\/\/sklepwnetrz.pl\/salonstargard\/wp-content\/uploads\/2022\/02\/firany-system-fala-495x400.webp 495w, https:\/\/sklepwnetrz.pl\/salonstargard\/wp-content\/uploads\/2022\/02\/firany-system-fala-845x684.webp 845w\" sizes=\"(max-width: 495px) 100vw, 495px\" \/><\/a> <a href=\"https:\/\/sklepwnetrz.pl\/salonstargard\/wp-content\/uploads\/2022\/02\/okna-dachowe-firany-radimar-1030x1030.webp\" data-srcset=\"https:\/\/sklepwnetrz.pl\/salonstargard\/wp-content\/uploads\/2022\/02\/okna-dachowe-firany-radimar-1030x1030.webp 1030w, https:\/\/sklepwnetrz.pl\/salonstargard\/wp-content\/uploads\/2022\/02\/okna-dachowe-firany-radimar-300x300.webp 300w, https:\/\/sklepwnetrz.pl\/salonstargard\/wp-content\/uploads\/2022\/02\/okna-dachowe-firany-radimar-80x80.webp 80w, https:\/\/sklepwnetrz.pl\/salonstargard\/wp-content\/uploads\/2022\/02\/okna-dachowe-firany-radimar-768x768.webp 768w, https:\/\/sklepwnetrz.pl\/salonstargard\/wp-content\/uploads\/2022\/02\/okna-dachowe-firany-radimar-36x36.webp 36w, https:\/\/sklepwnetrz.pl\/salonstargard\/wp-content\/uploads\/2022\/02\/okna-dachowe-firany-radimar-180x180.webp 180w, https:\/\/sklepwnetrz.pl\/salonstargard\/wp-content\/uploads\/2022\/02\/okna-dachowe-firany-radimar-705x705.webp 705w, https:\/\/sklepwnetrz.pl\/salonstargard\/wp-content\/uploads\/2022\/02\/okna-dachowe-firany-radimar.webp 1200w\" data-sizes=\"(max-width: 1030px) 100vw, 1030px\" data-rel='gallery-13' data-prev-img='https:\/\/sklepwnetrz.pl\/salonstargard\/wp-content\/uploads\/2022\/02\/okna-dachowe-firany-radimar-495x400.webp' class='lightbox ' data-onclick='3' title='okna-dachowe-firany-radimar'  itemprop=\"thumbnailUrl\"  ><img decoding=\"async\" class=\"wp-image-1056 avia-img-lazy-loading-not-1056\"   src=\"https:\/\/sklepwnetrz.pl\/salonstargard\/wp-content\/uploads\/2022\/02\/okna-dachowe-firany-radimar-495x400.webp\" width=\"495\" height=\"400\"  title='okna-dachowe-firany-radimar' alt='' srcset=\"https:\/\/sklepwnetrz.pl\/salonstargard\/wp-content\/uploads\/2022\/02\/okna-dachowe-firany-radimar-495x400.webp 495w, https:\/\/sklepwnetrz.pl\/salonstargard\/wp-content\/uploads\/2022\/02\/okna-dachowe-firany-radimar-845x684.webp 845w\" sizes=\"(max-width: 495px) 100vw, 495px\" \/><\/a> <a href=\"https:\/\/sklepwnetrz.pl\/salonstargard\/wp-content\/uploads\/2022\/02\/firany-i-zaslony-szyte-po-skosie-do-hotelu-narzuty-1030x1030.webp\" data-srcset=\"https:\/\/sklepwnetrz.pl\/salonstargard\/wp-content\/uploads\/2022\/02\/firany-i-zaslony-szyte-po-skosie-do-hotelu-narzuty-1030x1030.webp 1030w, https:\/\/sklepwnetrz.pl\/salonstargard\/wp-content\/uploads\/2022\/02\/firany-i-zaslony-szyte-po-skosie-do-hotelu-narzuty-300x300.webp 300w, https:\/\/sklepwnetrz.pl\/salonstargard\/wp-content\/uploads\/2022\/02\/firany-i-zaslony-szyte-po-skosie-do-hotelu-narzuty-80x80.webp 80w, https:\/\/sklepwnetrz.pl\/salonstargard\/wp-content\/uploads\/2022\/02\/firany-i-zaslony-szyte-po-skosie-do-hotelu-narzuty-768x768.webp 768w, https:\/\/sklepwnetrz.pl\/salonstargard\/wp-content\/uploads\/2022\/02\/firany-i-zaslony-szyte-po-skosie-do-hotelu-narzuty-36x36.webp 36w, https:\/\/sklepwnetrz.pl\/salonstargard\/wp-content\/uploads\/2022\/02\/firany-i-zaslony-szyte-po-skosie-do-hotelu-narzuty-180x180.webp 180w, https:\/\/sklepwnetrz.pl\/salonstargard\/wp-content\/uploads\/2022\/02\/firany-i-zaslony-szyte-po-skosie-do-hotelu-narzuty-705x705.webp 705w, https:\/\/sklepwnetrz.pl\/salonstargard\/wp-content\/uploads\/2022\/02\/firany-i-zaslony-szyte-po-skosie-do-hotelu-narzuty.webp 1200w\" data-sizes=\"(max-width: 1030px) 100vw, 1030px\" data-rel='gallery-13' data-prev-img='https:\/\/sklepwnetrz.pl\/salonstargard\/wp-content\/uploads\/2022\/02\/firany-i-zaslony-szyte-po-skosie-do-hotelu-narzuty-495x400.webp' class='lightbox ' data-onclick='4' title='firany-i-zas\u0142ony-szyte-po-skosie-do-hotelu-narzuty'  itemprop=\"thumbnailUrl\"  ><img decoding=\"async\" class=\"wp-image-1055 avia-img-lazy-loading-not-1055\"   src=\"https:\/\/sklepwnetrz.pl\/salonstargard\/wp-content\/uploads\/2022\/02\/firany-i-zaslony-szyte-po-skosie-do-hotelu-narzuty-495x400.webp\" width=\"495\" height=\"400\"  title='firany-i-zas\u0142ony-szyte-po-skosie-do-hotelu-narzuty' alt='' srcset=\"https:\/\/sklepwnetrz.pl\/salonstargard\/wp-content\/uploads\/2022\/02\/firany-i-zaslony-szyte-po-skosie-do-hotelu-narzuty-495x400.webp 495w, https:\/\/sklepwnetrz.pl\/salonstargard\/wp-content\/uploads\/2022\/02\/firany-i-zaslony-szyte-po-skosie-do-hotelu-narzuty-845x684.webp 845w\" sizes=\"(max-width: 495px) 100vw, 495px\" \/><\/a> <a href=\"https:\/\/sklepwnetrz.pl\/salonstargard\/wp-content\/uploads\/2022\/02\/firany-radimar-1030x1030.webp\" data-srcset=\"https:\/\/sklepwnetrz.pl\/salonstargard\/wp-content\/uploads\/2022\/02\/firany-radimar-1030x1030.webp 1030w, https:\/\/sklepwnetrz.pl\/salonstargard\/wp-content\/uploads\/2022\/02\/firany-radimar-300x300.webp 300w, https:\/\/sklepwnetrz.pl\/salonstargard\/wp-content\/uploads\/2022\/02\/firany-radimar-80x80.webp 80w, https:\/\/sklepwnetrz.pl\/salonstargard\/wp-content\/uploads\/2022\/02\/firany-radimar-768x768.webp 768w, https:\/\/sklepwnetrz.pl\/salonstargard\/wp-content\/uploads\/2022\/02\/firany-radimar-36x36.webp 36w, https:\/\/sklepwnetrz.pl\/salonstargard\/wp-content\/uploads\/2022\/02\/firany-radimar-180x180.webp 180w, https:\/\/sklepwnetrz.pl\/salonstargard\/wp-content\/uploads\/2022\/02\/firany-radimar-705x705.webp 705w, https:\/\/sklepwnetrz.pl\/salonstargard\/wp-content\/uploads\/2022\/02\/firany-radimar.webp 1200w\" data-sizes=\"(max-width: 1030px) 100vw, 1030px\" data-rel='gallery-13' data-prev-img='https:\/\/sklepwnetrz.pl\/salonstargard\/wp-content\/uploads\/2022\/02\/firany-radimar-495x400.webp' class='lightbox ' data-onclick='5' title='firany-radimar'  itemprop=\"thumbnailUrl\"  ><img decoding=\"async\" class=\"wp-image-1060 avia-img-lazy-loading-not-1060\"   src=\"https:\/\/sklepwnetrz.pl\/salonstargard\/wp-content\/uploads\/2022\/02\/firany-radimar-495x400.webp\" width=\"495\" height=\"400\"  title='firany-radimar' alt='' srcset=\"https:\/\/sklepwnetrz.pl\/salonstargard\/wp-content\/uploads\/2022\/02\/firany-radimar-495x400.webp 495w, https:\/\/sklepwnetrz.pl\/salonstargard\/wp-content\/uploads\/2022\/02\/firany-radimar-845x684.webp 845w\" sizes=\"(max-width: 495px) 100vw, 495px\" \/><\/a> <a href=\"https:\/\/sklepwnetrz.pl\/salonstargard\/wp-content\/uploads\/2022\/02\/rolety-rzymskie-radimar-1030x1030.webp\" data-srcset=\"https:\/\/sklepwnetrz.pl\/salonstargard\/wp-content\/uploads\/2022\/02\/rolety-rzymskie-radimar-1030x1030.webp 1030w, https:\/\/sklepwnetrz.pl\/salonstargard\/wp-content\/uploads\/2022\/02\/rolety-rzymskie-radimar-300x300.webp 300w, https:\/\/sklepwnetrz.pl\/salonstargard\/wp-content\/uploads\/2022\/02\/rolety-rzymskie-radimar-80x80.webp 80w, https:\/\/sklepwnetrz.pl\/salonstargard\/wp-content\/uploads\/2022\/02\/rolety-rzymskie-radimar-768x768.webp 768w, https:\/\/sklepwnetrz.pl\/salonstargard\/wp-content\/uploads\/2022\/02\/rolety-rzymskie-radimar-36x36.webp 36w, https:\/\/sklepwnetrz.pl\/salonstargard\/wp-content\/uploads\/2022\/02\/rolety-rzymskie-radimar-180x180.webp 180w, https:\/\/sklepwnetrz.pl\/salonstargard\/wp-content\/uploads\/2022\/02\/rolety-rzymskie-radimar-705x705.webp 705w, https:\/\/sklepwnetrz.pl\/salonstargard\/wp-content\/uploads\/2022\/02\/rolety-rzymskie-radimar.webp 1200w\" data-sizes=\"(max-width: 1030px) 100vw, 1030px\" data-rel='gallery-13' data-prev-img='https:\/\/sklepwnetrz.pl\/salonstargard\/wp-content\/uploads\/2022\/02\/rolety-rzymskie-radimar-495x400.webp' class='first_thumb lightbox ' data-onclick='6' title='rolety-rzymskie-radimar'  itemprop=\"thumbnailUrl\"  ><img decoding=\"async\" class=\"wp-image-1059 avia-img-lazy-loading-not-1059\"   src=\"https:\/\/sklepwnetrz.pl\/salonstargard\/wp-content\/uploads\/2022\/02\/rolety-rzymskie-radimar-495x400.webp\" width=\"495\" height=\"400\"  title='rolety-rzymskie-radimar' alt='' srcset=\"https:\/\/sklepwnetrz.pl\/salonstargard\/wp-content\/uploads\/2022\/02\/rolety-rzymskie-radimar-495x400.webp 495w, https:\/\/sklepwnetrz.pl\/salonstargard\/wp-content\/uploads\/2022\/02\/rolety-rzymskie-radimar-845x684.webp 845w\" sizes=\"(max-width: 495px) 100vw, 495px\" \/><\/a> <a href=\"https:\/\/sklepwnetrz.pl\/salonstargard\/wp-content\/uploads\/2022\/02\/zaslony-w-cekiny-radima-1030x1030.webp\" data-srcset=\"https:\/\/sklepwnetrz.pl\/salonstargard\/wp-content\/uploads\/2022\/02\/zaslony-w-cekiny-radima-1030x1030.webp 1030w, https:\/\/sklepwnetrz.pl\/salonstargard\/wp-content\/uploads\/2022\/02\/zaslony-w-cekiny-radima-300x300.webp 300w, https:\/\/sklepwnetrz.pl\/salonstargard\/wp-content\/uploads\/2022\/02\/zaslony-w-cekiny-radima-80x80.webp 80w, https:\/\/sklepwnetrz.pl\/salonstargard\/wp-content\/uploads\/2022\/02\/zaslony-w-cekiny-radima-768x768.webp 768w, https:\/\/sklepwnetrz.pl\/salonstargard\/wp-content\/uploads\/2022\/02\/zaslony-w-cekiny-radima-36x36.webp 36w, https:\/\/sklepwnetrz.pl\/salonstargard\/wp-content\/uploads\/2022\/02\/zaslony-w-cekiny-radima-180x180.webp 180w, https:\/\/sklepwnetrz.pl\/salonstargard\/wp-content\/uploads\/2022\/02\/zaslony-w-cekiny-radima-705x705.webp 705w, https:\/\/sklepwnetrz.pl\/salonstargard\/wp-content\/uploads\/2022\/02\/zaslony-w-cekiny-radima.webp 1200w\" data-sizes=\"(max-width: 1030px) 100vw, 1030px\" data-rel='gallery-13' data-prev-img='https:\/\/sklepwnetrz.pl\/salonstargard\/wp-content\/uploads\/2022\/02\/zaslony-w-cekiny-radima-495x400.webp' class='lightbox ' data-onclick='7' title='zas\u0142ony-w-cekiny-radima'  itemprop=\"thumbnailUrl\"  ><img decoding=\"async\" class=\"wp-image-1058 avia-img-lazy-loading-not-1058\"   src=\"https:\/\/sklepwnetrz.pl\/salonstargard\/wp-content\/uploads\/2022\/02\/zaslony-w-cekiny-radima-495x400.webp\" width=\"495\" height=\"400\"  title='zas\u0142ony-w-cekiny-radima' alt='' srcset=\"https:\/\/sklepwnetrz.pl\/salonstargard\/wp-content\/uploads\/2022\/02\/zaslony-w-cekiny-radima-495x400.webp 495w, https:\/\/sklepwnetrz.pl\/salonstargard\/wp-content\/uploads\/2022\/02\/zaslony-w-cekiny-radima-845x684.webp 845w\" sizes=\"(max-width: 495px) 100vw, 495px\" \/><\/a> <a href=\"https:\/\/sklepwnetrz.pl\/salonstargard\/wp-content\/uploads\/2022\/02\/rolety-rzymskie-do-kuchni-radimar-1030x1030.webp\" data-srcset=\"https:\/\/sklepwnetrz.pl\/salonstargard\/wp-content\/uploads\/2022\/02\/rolety-rzymskie-do-kuchni-radimar-1030x1030.webp 1030w, https:\/\/sklepwnetrz.pl\/salonstargard\/wp-content\/uploads\/2022\/02\/rolety-rzymskie-do-kuchni-radimar-300x300.webp 300w, https:\/\/sklepwnetrz.pl\/salonstargard\/wp-content\/uploads\/2022\/02\/rolety-rzymskie-do-kuchni-radimar-80x80.webp 80w, https:\/\/sklepwnetrz.pl\/salonstargard\/wp-content\/uploads\/2022\/02\/rolety-rzymskie-do-kuchni-radimar-768x768.webp 768w, https:\/\/sklepwnetrz.pl\/salonstargard\/wp-content\/uploads\/2022\/02\/rolety-rzymskie-do-kuchni-radimar-36x36.webp 36w, https:\/\/sklepwnetrz.pl\/salonstargard\/wp-content\/uploads\/2022\/02\/rolety-rzymskie-do-kuchni-radimar-180x180.webp 180w, https:\/\/sklepwnetrz.pl\/salonstargard\/wp-content\/uploads\/2022\/02\/rolety-rzymskie-do-kuchni-radimar-705x705.webp 705w, https:\/\/sklepwnetrz.pl\/salonstargard\/wp-content\/uploads\/2022\/02\/rolety-rzymskie-do-kuchni-radimar.webp 1200w\" data-sizes=\"(max-width: 1030px) 100vw, 1030px\" data-rel='gallery-13' data-prev-img='https:\/\/sklepwnetrz.pl\/salonstargard\/wp-content\/uploads\/2022\/02\/rolety-rzymskie-do-kuchni-radimar-495x400.webp' class='lightbox ' data-onclick='8' title='rolety-rzymskie-do-kuchni-radimar'  itemprop=\"thumbnailUrl\"  ><img decoding=\"async\" class=\"wp-image-1057 avia-img-lazy-loading-not-1057\"   src=\"https:\/\/sklepwnetrz.pl\/salonstargard\/wp-content\/uploads\/2022\/02\/rolety-rzymskie-do-kuchni-radimar-495x400.webp\" width=\"495\" height=\"400\"  title='rolety-rzymskie-do-kuchni-radimar' alt='' srcset=\"https:\/\/sklepwnetrz.pl\/salonstargard\/wp-content\/uploads\/2022\/02\/rolety-rzymskie-do-kuchni-radimar-495x400.webp 495w, https:\/\/sklepwnetrz.pl\/salonstargard\/wp-content\/uploads\/2022\/02\/rolety-rzymskie-do-kuchni-radimar-845x684.webp 845w\" sizes=\"(max-width: 495px) 100vw, 495px\" \/><\/a> <a href=\"https:\/\/sklepwnetrz.pl\/salonstargard\/wp-content\/uploads\/2022\/02\/firany_do_hotelu_radimar-1030x1030.webp\" data-srcset=\"https:\/\/sklepwnetrz.pl\/salonstargard\/wp-content\/uploads\/2022\/02\/firany_do_hotelu_radimar-1030x1030.webp 1030w, https:\/\/sklepwnetrz.pl\/salonstargard\/wp-content\/uploads\/2022\/02\/firany_do_hotelu_radimar-300x300.webp 300w, https:\/\/sklepwnetrz.pl\/salonstargard\/wp-content\/uploads\/2022\/02\/firany_do_hotelu_radimar-80x80.webp 80w, https:\/\/sklepwnetrz.pl\/salonstargard\/wp-content\/uploads\/2022\/02\/firany_do_hotelu_radimar-768x768.webp 768w, https:\/\/sklepwnetrz.pl\/salonstargard\/wp-content\/uploads\/2022\/02\/firany_do_hotelu_radimar-36x36.webp 36w, https:\/\/sklepwnetrz.pl\/salonstargard\/wp-content\/uploads\/2022\/02\/firany_do_hotelu_radimar-180x180.webp 180w, https:\/\/sklepwnetrz.pl\/salonstargard\/wp-content\/uploads\/2022\/02\/firany_do_hotelu_radimar-705x705.webp 705w, https:\/\/sklepwnetrz.pl\/salonstargard\/wp-content\/uploads\/2022\/02\/firany_do_hotelu_radimar.webp 1200w\" data-sizes=\"(max-width: 1030px) 100vw, 1030px\" data-rel='gallery-13' data-prev-img='https:\/\/sklepwnetrz.pl\/salonstargard\/wp-content\/uploads\/2022\/02\/firany_do_hotelu_radimar-495x400.webp' class='lightbox ' data-onclick='9' title='firany_do_hotelu_radimar'  itemprop=\"thumbnailUrl\"  ><img decoding=\"async\" class=\"wp-image-1054 avia-img-lazy-loading-not-1054\"   src=\"https:\/\/sklepwnetrz.pl\/salonstargard\/wp-content\/uploads\/2022\/02\/firany_do_hotelu_radimar-495x400.webp\" width=\"495\" height=\"400\"  title='firany_do_hotelu_radimar' alt='' srcset=\"https:\/\/sklepwnetrz.pl\/salonstargard\/wp-content\/uploads\/2022\/02\/firany_do_hotelu_radimar-495x400.webp 495w, https:\/\/sklepwnetrz.pl\/salonstargard\/wp-content\/uploads\/2022\/02\/firany_do_hotelu_radimar-845x684.webp 845w\" sizes=\"(max-width: 495px) 100vw, 495px\" \/><\/a> <a href=\"https:\/\/sklepwnetrz.pl\/salonstargard\/wp-content\/uploads\/2022\/02\/ran_i_zas197130on_i_narzut_do_hotelu-1030x1030.webp\" data-srcset=\"https:\/\/sklepwnetrz.pl\/salonstargard\/wp-content\/uploads\/2022\/02\/ran_i_zas197130on_i_narzut_do_hotelu-1030x1030.webp 1030w, https:\/\/sklepwnetrz.pl\/salonstargard\/wp-content\/uploads\/2022\/02\/ran_i_zas197130on_i_narzut_do_hotelu-300x300.webp 300w, https:\/\/sklepwnetrz.pl\/salonstargard\/wp-content\/uploads\/2022\/02\/ran_i_zas197130on_i_narzut_do_hotelu-80x80.webp 80w, https:\/\/sklepwnetrz.pl\/salonstargard\/wp-content\/uploads\/2022\/02\/ran_i_zas197130on_i_narzut_do_hotelu-768x768.webp 768w, https:\/\/sklepwnetrz.pl\/salonstargard\/wp-content\/uploads\/2022\/02\/ran_i_zas197130on_i_narzut_do_hotelu-36x36.webp 36w, https:\/\/sklepwnetrz.pl\/salonstargard\/wp-content\/uploads\/2022\/02\/ran_i_zas197130on_i_narzut_do_hotelu-180x180.webp 180w, https:\/\/sklepwnetrz.pl\/salonstargard\/wp-content\/uploads\/2022\/02\/ran_i_zas197130on_i_narzut_do_hotelu-705x705.webp 705w, https:\/\/sklepwnetrz.pl\/salonstargard\/wp-content\/uploads\/2022\/02\/ran_i_zas197130on_i_narzut_do_hotelu.webp 1200w\" data-sizes=\"(max-width: 1030px) 100vw, 1030px\" data-rel='gallery-13' data-prev-img='https:\/\/sklepwnetrz.pl\/salonstargard\/wp-content\/uploads\/2022\/02\/ran_i_zas197130on_i_narzut_do_hotelu-495x400.webp' class='lightbox ' data-onclick='10' title='firany i zas\u0142ony i narzuty szyte przez firm\u0119 radimar dla Dworek hetma\u0144ski'  itemprop=\"thumbnailUrl\"  ><img decoding=\"async\" class=\"wp-image-1053 avia-img-lazy-loading-not-1053\"   src=\"https:\/\/sklepwnetrz.pl\/salonstargard\/wp-content\/uploads\/2022\/02\/ran_i_zas197130on_i_narzut_do_hotelu-495x400.webp\" width=\"495\" height=\"400\"  title='firany i zas\u0142ony i narzuty szyte przez firm\u0119 radimar dla Dworek hetma\u0144ski' alt='' srcset=\"https:\/\/sklepwnetrz.pl\/salonstargard\/wp-content\/uploads\/2022\/02\/ran_i_zas197130on_i_narzut_do_hotelu-495x400.webp 495w, https:\/\/sklepwnetrz.pl\/salonstargard\/wp-content\/uploads\/2022\/02\/ran_i_zas197130on_i_narzut_do_hotelu-845x684.webp 845w\" sizes=\"(max-width: 495px) 100vw, 495px\" \/><\/a><\/div><\/div><\/div>\n<div  class='avia-button-wrap avia-button-center  avia-builder-el-174  el_after_av_one_full  el_before_av_one_third ' >\n<style type=\"text\/css\" data-created_by=\"avia_inline_auto\" id=\"style-css-av-997hb-1179f22b5cb9bcc729562205cf0f5e69\">\n#top #wrap_all .avia-button.av-997hb-1179f22b5cb9bcc729562205cf0f5e69:hover{\nbackground-color:red;\ncolor:black;\ntransition:all 0.4s ease-in-out;\n-webkit-transition:all 0.4s ease-in-out;\n-moz-transition:all 0.4s ease-in-out;\n-ms-transition:all 0.4s ease-in-out;\n-o-transition:all 0.4s ease-in-out;\n}\n<\/style>\n<a href='tel:797952761' class='avia-color-black avia-font-color-orange avia-button avia-button-fullwidth av-997hb-1179f22b5cb9bcc729562205cf0f5e69 avia-icon_select-yes-left-icon avia-color-black ' ><span class='avia_button_icon avia_button_icon_left' aria-hidden='true' data-av_icon='\ue854' data-av_iconfont='entypo-fontello'><\/span><span class='avia_iconbox_title' >Zadzwo\u0144 teraz i um\u00f3w si\u0119 na doradztwo w Twoim domu! TELEFON: 797 952 761<\/span><\/a><\/div>\n<div class='flex_column av-7dsqnb-20b6decf969de4d465af3f43361c2cb2 av_one_third  avia-builder-el-175  el_after_av_button_big  el_before_av_one_third  avia-builder-el-first  first flex_column_div '   ><p>\n<style type=\"text\/css\" data-created_by=\"avia_inline_auto\" id=\"style-css-av-10kt7b-12158170b81aab33a47540ad3b738687\">\n#top .hr.hr-invisible.av-10kt7b-12158170b81aab33a47540ad3b738687{\nheight:20px;\n}\n<\/style>\n<div  class='hr av-10kt7b-12158170b81aab33a47540ad3b738687 hr-invisible  avia-builder-el-176  el_before_av_video  avia-builder-el-first  '><span class='hr-inner '><span class=\"hr-inner-style\"><\/span><\/span><\/div><br \/>\n<div  class='avia-video avia-video-16-9   av-lazyload-immediate  av-lazyload-video-embed  '   itemprop=\"video\" itemtype=\"https:\/\/schema.org\/VideoObject\"  data-original_url='https:\/\/www.youtube.com\/watch?v=IGD1kYlMmWI' ><script type='text\/html' class='av-video-tmpl'><div class='avia-iframe-wrap'><iframe title=\"Firany i Zas\u0142ony do salonu, PRZED\/PO szyte na wymiar RADIMAR\" width=\"1500\" height=\"844\" src=\"https:\/\/www.youtube.com\/embed\/IGD1kYlMmWI?feature=oembed&autoplay=0&loop=0&controls=1&mute=0\" frameborder=\"0\" allow=\"accelerometer; autoplay; clipboard-write; encrypted-media; gyroscope; picture-in-picture; web-share\" referrerpolicy=\"strict-origin-when-cross-origin\" allowfullscreen><\/iframe><\/div><\/script><div class='av-click-to-play-overlay'><div class=\"avia_playpause_icon\"><\/div><\/div><\/div><\/p><\/div>\n<div class='flex_column av-geeqn-f396b640c0f334182e5025277763adfe av_one_third  avia-builder-el-178  el_after_av_one_third  el_before_av_one_third  flex_column_div '   ><p>\n<style type=\"text\/css\" data-created_by=\"avia_inline_auto\" id=\"style-css-av-84gnr-703532a4270d333028c9d4eaaeb08d3a\">\n#top .hr.hr-invisible.av-84gnr-703532a4270d333028c9d4eaaeb08d3a{\nheight:20px;\n}\n<\/style>\n<div  class='hr av-84gnr-703532a4270d333028c9d4eaaeb08d3a hr-invisible  avia-builder-el-179  el_before_av_video  avia-builder-el-first  '><span class='hr-inner '><span class=\"hr-inner-style\"><\/span><\/span><\/div><br \/>\n<div  class='avia-video avia-video-16-9   av-lazyload-immediate  av-lazyload-video-embed  '   itemprop=\"video\" itemtype=\"https:\/\/schema.org\/VideoObject\"  data-original_url='https:\/\/www.youtube.com\/watch?v=Oj2gjjI6xS8&t' ><script type='text\/html' class='av-video-tmpl'><div class='avia-iframe-wrap'><iframe title=\"FIRANY i ZAS\u0141ONY DO HOTELU i RESTAURACJI. REALIZACJA RADIMAR\" width=\"1500\" height=\"844\" src=\"https:\/\/www.youtube.com\/embed\/Oj2gjjI6xS8?feature=oembed&autoplay=0&loop=0&controls=1&mute=0\" frameborder=\"0\" allow=\"accelerometer; autoplay; clipboard-write; encrypted-media; gyroscope; picture-in-picture; web-share\" referrerpolicy=\"strict-origin-when-cross-origin\" allowfullscreen><\/iframe><\/div><\/script><div class='av-click-to-play-overlay'><div class=\"avia_playpause_icon\"><\/div><\/div><\/div><\/p><\/div>\n<div class='flex_column av-48sdzz-18adc28fc5b125fd0e3ae268ba9031fa av_one_third  avia-builder-el-181  el_after_av_one_third  el_before_av_hr  flex_column_div '   ><div  class='avia-video avia-video-16-9 avia-video-html5  '   itemprop=\"video\" itemtype=\"https:\/\/schema.org\/VideoObject\"  data-original_url='https:\/\/sklepwnetrz.pl\/salonstargard\/wp-content\/uploads\/2021\/10\/VID_51420725_012845_351_2.mp4' ><video class='avia_video'    preload=\"auto\"  controls id='player_143_592774698_734209551'><source src=\"https:\/\/sklepwnetrz.pl\/salonstargard\/wp-content\/uploads\/2021\/10\/VID_51420725_012845_351_2.mp4\" type=\"video\/mp4\" \/><\/video><\/div><\/div>\n<div  class='hr av-w4593-0e18e8df165bc36518475182666ce1e3 hr-default  avia-builder-el-183  el_after_av_one_third  el_before_av_layout_row  avia-builder-el-last  '><span class='hr-inner '><span class=\"hr-inner-style\"><\/span><\/span><\/div>\n<\/div><\/div><\/div><!-- close content main div --><\/div><\/div><div id='gdzie'  class='av-layout-grid-container entry-content-wrapper main_color av-flex-cells     avia-builder-el-184  el_after_av_hr  el_before_av_one_full  submenu-not-first container_wrap sidebar_right'  >\n<div class=\"flex_cell no_margin av_one_full  avia-builder-el-185  avia-builder-el-no-sibling   av-zero-padding \"  style='vertical-align:top; padding:0px; ' ><div class='flex_cell_inner' >\n<style type=\"text\/css\" data-created_by=\"avia_inline_auto\" id=\"style-css-av-f95ef-6cc0e65cf2ad4769571dff1fc3eee19a\">\n#top .av-special-heading.av-f95ef-6cc0e65cf2ad4769571dff1fc3eee19a{\npadding-bottom:30px;\nfont-size:70px;\n}\n<\/style>\n<div  class='av-special-heading av-f95ef-6cc0e65cf2ad4769571dff1fc3eee19a av-special-heading-h1 blockquote modern-quote modern-centered  avia-builder-el-186  avia-builder-el-no-sibling  av-inherit-size '><h1 class='av-special-heading-tag '  itemprop=\"headline\"  >Gdzie nas <u>Znajdziesz?<\/u> <\/h1><div class='special-heading-border'><div class='special-heading-inner-border'><\/div><\/div><\/div>\n<\/div><\/div>\n<\/div><div id='after_submenu_11'  class='main_color av_default_container_wrap container_wrap sidebar_right'  ><div class='container av-section-cont-open' ><div class='template-page content  av-content-small alpha units'><div class='post-entry post-entry-type-page post-entry-143'><div class='entry-content-wrapper clearfix'>\n<div class='flex_column av-eph2f-6d55ea695bb92803c1dd4379e75c138e av_one_full  avia-builder-el-187  el_after_av_layout_row  el_before_av_hr  avia-builder-el-first  first flex_column_div '   ><p>\n<style type=\"text\/css\" data-created_by=\"avia_inline_auto\" id=\"style-css-av-95ne7-c2417a2462dbb67019940e14d9439e99\">\n.avia-image-container.av-95ne7-c2417a2462dbb67019940e14d9439e99 .av-image-caption-overlay-center{\ncolor:#ffffff;\n}\n<\/style>\n<div  class='avia-image-container av-95ne7-c2417a2462dbb67019940e14d9439e99 av-styling- avia-align-center  avia-builder-el-188  el_before_av_textblock  avia-builder-el-first  '  itemprop=\"image\" itemscope=\"itemscope\" itemtype=\"https:\/\/schema.org\/ImageObject\" ><div class=\"avia-image-container-inner\"><div class=\"avia-image-overlay-wrap\"><img decoding=\"async\" class='wp-image-1608 avia-img-lazy-loading-not-1608 avia_image' src=\"https:\/\/sklepwnetrz.pl\/salonstargard\/wp-content\/uploads\/2025\/02\/plakat_radimar_stargard-736x1030.webp\" alt='' title='plakat_radimar_stargard'  height=\"1030\" width=\"736\"  itemprop=\"thumbnailUrl\" srcset=\"https:\/\/sklepwnetrz.pl\/salonstargard\/wp-content\/uploads\/2025\/02\/plakat_radimar_stargard-736x1030.webp 736w, https:\/\/sklepwnetrz.pl\/salonstargard\/wp-content\/uploads\/2025\/02\/plakat_radimar_stargard-214x300.webp 214w, https:\/\/sklepwnetrz.pl\/salonstargard\/wp-content\/uploads\/2025\/02\/plakat_radimar_stargard-768x1075.webp 768w, https:\/\/sklepwnetrz.pl\/salonstargard\/wp-content\/uploads\/2025\/02\/plakat_radimar_stargard-1097x1536.webp 1097w, https:\/\/sklepwnetrz.pl\/salonstargard\/wp-content\/uploads\/2025\/02\/plakat_radimar_stargard-1463x2048.webp 1463w, https:\/\/sklepwnetrz.pl\/salonstargard\/wp-content\/uploads\/2025\/02\/plakat_radimar_stargard-1072x1500.webp 1072w, https:\/\/sklepwnetrz.pl\/salonstargard\/wp-content\/uploads\/2025\/02\/plakat_radimar_stargard-504x705.webp 504w, https:\/\/sklepwnetrz.pl\/salonstargard\/wp-content\/uploads\/2025\/02\/plakat_radimar_stargard.webp 1701w\" sizes=\"(max-width: 736px) 100vw, 736px\" \/><\/div><\/div><\/div><br \/>\n<section class=\"av_textblock_section \"  itemscope=\"itemscope\" itemtype=\"https:\/\/schema.org\/CreativeWork\" ><div class='avia_textblock  '   itemprop=\"text\" ><h2><strong>Od grudnia 2024 roku nasz sklep stacjonarny zosta\u0142 zamkni\u0119ty do odwo\u0142ania<\/strong>.<\/h2>\n<p class=\"\" data-start=\"330\" data-end=\"419\">Z dniem <strong data-start=\"338\" data-end=\"361\">1 grudnia 2024 roku<\/strong> nasz sklep stacjonarny zosta\u0142 <strong data-start=\"392\" data-end=\"418\">zamkni\u0119ty do odwo\u0142ania<\/strong>.<\/p>\n<p class=\"\" data-start=\"421\" data-end=\"762\">Decyzja ta wynika z <strong data-start=\"441\" data-end=\"485\">rekordowej liczby zam\u00f3wie\u0144 internetowych<\/strong> \u2013 obecnie realizujemy <strong data-start=\"508\" data-end=\"543\">ponad 1000 zam\u00f3wie\u0144 miesi\u0119cznie<\/strong>, z czego a\u017c <strong data-start=\"556\" data-end=\"592\">95% pochodzi ze sprzeda\u017cy online<\/strong>.<br data-start=\"593\" data-end=\"596\" \/>To ogromne zaufanie, kt\u00f3rym nas obdarzyli\u015bcie, pozwala nam skoncentrowa\u0107 si\u0119 na tym, co robimy najlepiej \u2013 szyciu firan i zas\u0142on na wymiar, z dba\u0142o\u015bci\u0105 o ka\u017cdy detal.<\/p>\n<h2 class=\"\" data-start=\"769\" data-end=\"805\">\ud83e\uddf5 Inwestujemy w rozw\u00f3j produkcji<\/h2>\n<p class=\"\" data-start=\"807\" data-end=\"846\">Aby sprosta\u0107 rosn\u0105cemu zapotrzebowaniu:<\/p>\n<ul data-start=\"847\" data-end=\"1010\">\n<li class=\"\" data-start=\"847\" data-end=\"895\">\n<p class=\"\" data-start=\"849\" data-end=\"895\">zwi\u0119kszyli\u015bmy zatrudnienie w naszej szwalni,<\/p>\n<\/li>\n<li class=\"\" data-start=\"896\" data-end=\"938\">\n<p class=\"\" data-start=\"898\" data-end=\"938\">rozbudowali\u015bmy przestrze\u0144 produkcyjn\u0105,<\/p>\n<\/li>\n<li class=\"\" data-start=\"939\" data-end=\"1010\">\n<p class=\"\" data-start=\"941\" data-end=\"1010\">i przyspieszamy proces realizacji zam\u00f3wie\u0144, nie rezygnuj\u0105c z jako\u015bci.<\/p>\n<\/li>\n<\/ul>\n<p class=\"\" data-start=\"1012\" data-end=\"1179\">\ud83d\udccd <strong data-start=\"1015\" data-end=\"1052\">Miejsce produkcji nie zmienia si\u0119<\/strong> \u2013 wszystkie zam\u00f3wienia nadal szyjemy w tej samej lokalizacji i przez ten sam zesp\u00f3\u0142, kt\u00f3ry zna ka\u017cdy centymetr naszych tkanin.<\/p>\n<h2 class=\"\" data-start=\"1186\" data-end=\"1235\">\ud83d\uded2 Zakupy online \u2013 wygodnie, z dostaw\u0105 do domu<\/h2>\n<p class=\"\" data-start=\"1237\" data-end=\"1402\">\ud83d\udc49 Wszystkie nasze produkty \u2013 firany, zas\u0142ony, akcesoria \u2013 mo\u017cesz wygodnie zam\u00f3wi\u0107 w sklepie internetowym:<br data-start=\"1343\" data-end=\"1346\" \/>\ud83d\udd17 <strong data-start=\"1349\" data-end=\"1400\"><a class=\"\" href=\"http:\/\/www.sklepwnetrz.pl\" target=\"_new\" rel=\"noopener\" data-start=\"1351\" data-end=\"1398\">www.sklepwnetrz.pl<\/a><\/strong><\/p>\n<p class=\"\" data-start=\"1404\" data-end=\"1545\">\ud83d\udce6 <strong data-start=\"1407\" data-end=\"1460\">Dostarczamy zam\u00f3wienia do klient\u00f3w w ca\u0142ej Polsce<\/strong> \u2013 co miesi\u0105c z naszej pracowni wychodz\u0105 tysi\u0105ce metr\u00f3w gotowych dekoracji okiennych.<\/p>\n<h2 class=\"\" data-start=\"1552\" data-end=\"1592\">\ud83d\udeb6\u200d\u2640\ufe0f Odbi\u00f3r osobisty? Nadal mo\u017cliwy!<\/h2>\n<p class=\"\" data-start=\"1594\" data-end=\"1779\">Je\u015bli wolisz odebra\u0107 zam\u00f3wienie osobi\u015bcie \u2013 <strong data-start=\"1638\" data-end=\"1659\">to nadal mo\u017cliwe!<\/strong><br data-start=\"1659\" data-end=\"1662\" \/>\ud83d\udccd Odbiory s\u0105 realizowane w dotychczasowej lokalizacji sklepu stacjonarnego (Stargard), po wcze\u015bniejszym uzgodnieniu.<\/p>\n<p data-start=\"1594\" data-end=\"1779\">\n<p data-start=\"1594\" data-end=\"1779\"><strong data-start=\"1786\" data-end=\"1830\">Dzi\u0119kujemy za Wasze zaufanie i wsparcie.<\/strong><br data-start=\"1830\" data-end=\"1833\" \/>Dzi\u0119ki Wam mo\u017cemy si\u0119 rozwija\u0107, inwestowa\u0107 i nadal szy\u0107 dla Was to, co najlepsze \u2013 z sercem, dok\u0142adno\u015bci\u0105 i w 100% w Polsce. \u2764\ufe0f<\/p>\n<\/div><\/section><\/p><\/div><div  class='hr av-1jyvlr-2f5c8630cc61f6978bedd29eefddf45d hr-default  avia-builder-el-190  el_after_av_one_full  el_before_av_section  avia-builder-el-last  '><span class='hr-inner '><span class=\"hr-inner-style\"><\/span><\/span><\/div><\/p>\n<\/div><\/div><\/div><!-- close content main div --><\/div><\/div>\n<style type=\"text\/css\" data-created_by=\"avia_inline_auto\" id=\"style-css-av-1fcc8f-f5c73c12a619e0b58988082d2390067b\">\n.avia-section.av-1fcc8f-f5c73c12a619e0b58988082d2390067b{\nbackground-repeat:no-repeat;\nbackground-image:url(https:\/\/sklepwnetrz.pl\/salonstargard\/wp-content\/uploads\/2021\/10\/fototapeta-zlote-gesi_16844060.jpg);\nbackground-position:50% 50%;\nbackground-attachment:fixed;\n}\n.avia-section.av-1fcc8f-f5c73c12a619e0b58988082d2390067b .av-section-color-overlay{\nopacity:0.8;\nbackground-color:#000000;\n}\n<\/style>\n<div id='av_section_2'  class='avia-section av-1fcc8f-f5c73c12a619e0b58988082d2390067b alternate_color avia-section-huge avia-no-border-styling  avia-builder-el-191  el_after_av_hr  el_before_av_one_full  avia-full-stretch avia-bg-style-fixed av-section-color-overlay-active  container_wrap sidebar_right'  data-section-bg-repeat='stretch'><div class='av-section-color-overlay-wrap'><div class=\"av-section-color-overlay\"><\/div><div class='container av-section-cont-open' ><div class='template-page content  av-content-small alpha units'><div class='post-entry post-entry-type-page post-entry-143'><div class='entry-content-wrapper clearfix'>\n\n<style type=\"text\/css\" data-created_by=\"avia_inline_auto\" id=\"style-css-av-1bfkbz-f18e1dd2cc4f2892816d6b2e5323f934\">\n.flex_column.av-1bfkbz-f18e1dd2cc4f2892816d6b2e5323f934{\nborder-radius:0px 0px 0px 0px;\n-webkit-border-radius:0px 0px 0px 0px;\n-moz-border-radius:0px 0px 0px 0px;\n}\n<\/style>\n<div class='flex_column av-1bfkbz-f18e1dd2cc4f2892816d6b2e5323f934 av_one_fifth  avia-builder-el-192  el_before_av_three_fifth  avia-builder-el-first  first flex_column_div av-zero-column-padding '   ><\/div>\n<style type=\"text\/css\" data-created_by=\"avia_inline_auto\" id=\"style-css-av-3sljr-9d504c2a2ab9f3299973119d91934631\">\n.flex_column.av-3sljr-9d504c2a2ab9f3299973119d91934631{\nborder-radius:0px 0px 0px 0px;\n-webkit-border-radius:0px 0px 0px 0px;\n-moz-border-radius:0px 0px 0px 0px;\n}\n<\/style>\n<div class='flex_column av-3sljr-9d504c2a2ab9f3299973119d91934631 av_three_fifth  avia-builder-el-193  el_after_av_one_fifth  el_before_av_one_fifth  flex_column_div av-zero-column-padding '   ><p>\n<style type=\"text\/css\" data-created_by=\"avia_inline_auto\" id=\"style-css-av-wgdu7-832a1d3653f3f6401540ed31b92c90e2\">\n#top .av-special-heading.av-wgdu7-832a1d3653f3f6401540ed31b92c90e2{\npadding-bottom:20px;\nfont-size:50px;\n}\n<\/style>\n<div  class='av-special-heading av-wgdu7-832a1d3653f3f6401540ed31b92c90e2 av-special-heading-h1 blockquote modern-quote modern-centered  avia-builder-el-194  el_before_av_textblock  avia-builder-el-first  av-inherit-size '><h1 class='av-special-heading-tag '  itemprop=\"headline\"  >Sklep internetowy z ponad 15 000 produktami do dekoracji wn\u0119trz<\/h1><div class='special-heading-border'><div class='special-heading-inner-border'><\/div><\/div><\/div><br \/>\n<section class=\"av_textblock_section \"  itemscope=\"itemscope\" itemtype=\"https:\/\/schema.org\/CreativeWork\" ><div class='avia_textblock  '   itemprop=\"text\" ><p style=\"text-align: center;\">Zam\u00f3w produkt, odbierz w naszym salonie w Stargardzie nie p\u0142ac\u0105c za przesy\u0142k\u0119!<\/p>\n<\/div><\/section><br \/>\n\n<style type=\"text\/css\" data-created_by=\"avia_inline_auto\" id=\"style-css-av-kfn4v-fd04c0faba20bf88cc57242cb4b4e99a\">\n#top .hr.hr-invisible.av-kfn4v-fd04c0faba20bf88cc57242cb4b4e99a{\nheight:20px;\n}\n<\/style>\n<div  class='hr av-kfn4v-fd04c0faba20bf88cc57242cb4b4e99a hr-invisible  avia-builder-el-196  el_after_av_textblock  el_before_av_button  '><span class='hr-inner '><span class=\"hr-inner-style\"><\/span><\/span><\/div><br \/>\n<div  class='avia-button-wrap avia-button-center  avia-builder-el-197  el_after_av_hr  avia-builder-el-last ' ><a href='https:\/\/www.sklepwnetrz.pl'  class='avia-button av-g8phr-da60d56076e66fe5d5164f26f0a05b7e avia-icon_select-yes-right-icon avia-size-large avia-position-center av-icon-on-hover avia-color-light ' ><span class='avia_iconbox_title' >Sklep internetowy RADIMAR<\/span><span class='avia_button_icon avia_button_icon_right' aria-hidden='true' data-av_icon='\ue80e' data-av_iconfont='entypo-fontello'><\/span><\/a><\/div><\/p><\/div>\n<style type=\"text\/css\" data-created_by=\"avia_inline_auto\" id=\"style-css-av-avc2n-5ce068cf5fe60bf5c3965976eaa2e016\">\n.flex_column.av-avc2n-5ce068cf5fe60bf5c3965976eaa2e016{\nborder-radius:0px 0px 0px 0px;\n-webkit-border-radius:0px 0px 0px 0px;\n-moz-border-radius:0px 0px 0px 0px;\n}\n<\/style>\n<div class='flex_column av-avc2n-5ce068cf5fe60bf5c3965976eaa2e016 av_one_fifth  avia-builder-el-198  el_after_av_three_fifth  avia-builder-el-last  flex_column_div av-zero-column-padding '   ><\/div>\n<\/div><\/div><\/div><!-- close content main div --><\/div><\/div><\/div><div id='after_section_2'  class='main_color av_default_container_wrap container_wrap sidebar_right'  ><div class='container av-section-cont-open' ><div class='template-page content  av-content-small alpha units'><div class='post-entry post-entry-type-page post-entry-143'><div class='entry-content-wrapper clearfix'>\n<div class='flex_column av-8l473-118a90dbe82c86b658ef62e5278fee18 av_one_full  avia-builder-el-199  el_after_av_section  el_before_av_contact  avia-builder-el-first  first flex_column_div '   id=\"kontakt\"  ><p>\n<style type=\"text\/css\" data-created_by=\"avia_inline_auto\" id=\"style-css-av-kutwig4g-8ed530b97fa62e9a6ff932e7519e82f2\">\n#top .av-special-heading.av-kutwig4g-8ed530b97fa62e9a6ff932e7519e82f2{\npadding-bottom:10px;\n}\n<\/style>\n<div  class='av-special-heading av-kutwig4g-8ed530b97fa62e9a6ff932e7519e82f2 av-special-heading-h3 blockquote modern-quote modern-centered  avia-builder-el-200  el_before_av_animated_numbers  avia-builder-el-first  '><h3 class='av-special-heading-tag '  itemprop=\"headline\"  >Co roku realizujemy ponad<\/h3><div class='special-heading-border'><div class='special-heading-inner-border'><\/div><\/div><\/div><br \/>\n<div  class=\"avia-animated-number av-kutwit27-abdffb187d8692d070b0737d870a27cd av-force-default-color avia_animate_when_visible  avia-builder-el-201  el_after_av_heading  el_before_av_heading  \" data-timer=\"3000\"><strong class=\"heading avia-animated-number-title\"><span class=\"avia-single-number __av-single-number\" data-number_format=\"\" data-number=\"10000\" data-start_from=\"0\">10000<\/span><span class=\"avia-no-number\"> <\/span><\/strong><div class=\"avia-animated-number-content\"><\/div><\/div><br \/>\n\n<style type=\"text\/css\" data-created_by=\"avia_inline_auto\" id=\"style-css-av-kuu2ykmo-e10d0340a22064e1961457b7f98504ee\">\n#top .av-special-heading.av-kuu2ykmo-e10d0340a22064e1961457b7f98504ee{\npadding-bottom:10px;\n}\n<\/style>\n<div  class='av-special-heading av-kuu2ykmo-e10d0340a22064e1961457b7f98504ee av-special-heading-h3 blockquote modern-quote modern-centered  avia-builder-el-202  el_after_av_animated_numbers  el_before_av_heading  '><h3 class='av-special-heading-tag '  itemprop=\"headline\"  >Zam\u00f3wie\u0144! &#8211; Do\u0142\u0105cz do Naszego grona klient\u00f3w &#8211; Zam\u00f3w Online<\/h3><div class='special-heading-border'><div class='special-heading-inner-border'><\/div><\/div><\/div><br \/>\n\n<style type=\"text\/css\" data-created_by=\"avia_inline_auto\" id=\"style-css-av-ky0eb29l-6760f5f96c9284ce4985687c4813b5ac\">\n#top .av-special-heading.av-ky0eb29l-6760f5f96c9284ce4985687c4813b5ac{\npadding-bottom:10px;\n}\n<\/style>\n<div  class='av-special-heading av-ky0eb29l-6760f5f96c9284ce4985687c4813b5ac av-special-heading-h3 blockquote modern-quote modern-centered  avia-builder-el-203  el_after_av_heading  avia-builder-el-last  '><h3 class='av-special-heading-tag '  itemprop=\"headline\"  >Um\u00f3w si\u0119 na doradztwo w Twoim domu <br \/> Telefon: <a href=\"tel:797952761\">797 952 761<\/a><\/h3><div class='special-heading-border'><div class='special-heading-inner-border'><\/div><\/div><\/div><\/p><\/div>\n<form action=\"https:\/\/sklepwnetrz.pl\/salonstargard\/\" method=\"post\"  class=\"avia_ajax_form av-form-labels-visible   avia-builder-el-204  el_after_av_one_full  el_before_av_one_full   \" data-avia-form-id=\"1\" data-avia-redirect='' ><h3 class=''>lub Wy\u015blij nam wiadomo\u015b\u0107!<\/h3><fieldset><p class='  first_form  form_element form_fullwidth' id='element_avia_1_1'><label for=\"avia_1_1\">Twoje Imi\u0119 <abbr class=\"required\" title=\"required\">*<\/abbr><\/label> <input name=\"avia_1_1\" class=\"text_input is_empty\" type=\"text\" id=\"avia_1_1\" value=\"\" \/><\/p><p class='  first_form  form_element form_fullwidth' id='element_avia_2_1'><label for=\"avia_2_1\">E-Mail <abbr class=\"required\" title=\"required\">*<\/abbr><\/label> <input name=\"avia_2_1\" class=\"text_input is_email\" type=\"text\" id=\"avia_2_1\" value=\"\" \/><\/p><p class='  first_form  form_element form_fullwidth' id='element_avia_3_1'><label for=\"avia_3_1\">Tytu\u0142 <abbr class=\"required\" title=\"required\">*<\/abbr><\/label> <input name=\"avia_3_1\" class=\"text_input is_empty\" type=\"text\" id=\"avia_3_1\" value=\"\" \/><\/p><p class='  first_form  form_element form_fullwidth av-last-visible-form-element' id='element_avia_4_1'><label for=\"avia_4_1\" class=\"textare_label hidden textare_label_avia_4_1\">Wiadomo\u015b\u0107 <abbr class=\"required\" title=\"required\">*<\/abbr><\/label><textarea  name=\"avia_4_1\" class=\"text_area is_empty\" cols=\"40\" rows=\"7\" id=\"avia_4_1\" ><\/textarea><\/p><p class=\"hidden\"><input type=\"text\" name=\"avia_5_1\" class=\"hidden \" id=\"avia_5_1\" value=\"\" \/><\/p><p class=\"form_element \"><input type=\"hidden\" value=\"1\" name=\"avia_generated_form1\" \/><input type=\"submit\" value=\"Wy\u015blij\" class=\"button\"  data-sending-label=\"Trwa wysy\u0142anie...\"\/><\/p><\/fieldset><\/form><div id=\"ajaxresponse_1\" class=\"ajaxresponse ajaxresponse_1 hidden\"><\/div>\n<div class='flex_column av-15iwgv-9c551467a9562143d8c14daf5309fd4f av_one_full  avia-builder-el-205  el_after_av_contact  avia-builder-el-last  first flex_column_div '   ><section class=\"av_textblock_section \"  itemscope=\"itemscope\" itemtype=\"https:\/\/schema.org\/CreativeWork\" ><div class='avia_textblock  '   itemprop=\"text\" ><p style=\"text-align: center;\"><strong>Um\u00f3w si\u0119 na doradztwo, pomiar, wycen\u0119 w Twoim domu lub firmie <\/strong><\/p>\n<p style=\"text-align: center;\"><strong>(woj. Zachodniopomorskie)<\/strong><\/p>\n<h3 class=\"\" data-start=\"322\" data-end=\"341\">Dlaczego warto?<\/h3>\n<p class=\"\" data-start=\"343\" data-end=\"535\">\u2705 <strong data-start=\"345\" data-end=\"376\">Dok\u0142adny pomiar to podstawa<\/strong><br data-start=\"376\" data-end=\"379\" \/>Liczy si\u0119 ka\u017cdy centymetr! Nasz zesp\u00f3\u0142 dok\u0142adnie wymierzy Twoje okna, co pozwoli na perfekcyjne uszycie firan i zas\u0142on \u2013 dopasowanych do wn\u0119trza i karnisza.<\/p>\n<p class=\"\" data-start=\"537\" data-end=\"734\">\u2705 <strong data-start=\"539\" data-end=\"566\">Profesjonalne doradztwo<\/strong><br data-start=\"566\" data-end=\"569\" \/>Nasza do\u015bwiadczona dekoratorka pomo\u017ce dobra\u0107 idealne rozwi\u0105zania \u2013 zar\u00f3wno efektowne, jak i funkcjonalne. Zadbamy o ka\u017cdy detal, od stylu po praktyczne zastosowanie.<\/p>\n<p class=\"\" data-start=\"736\" data-end=\"908\">\u2705 <strong data-start=\"738\" data-end=\"760\">Tkaniny na miejscu<\/strong><br data-start=\"760\" data-end=\"763\" \/>Na wizyt\u0119 zabieramy pr\u00f3bniki i wzorniki tkanin. Dzi\u0119ki temu dobierzemy odpowiedni materia\u0142, faktur\u0119 i kolor w naturalnym \u015bwietle Twojego wn\u0119trza.<\/p>\n<h3 class=\"\" data-start=\"915\" data-end=\"932\">Koszt us\u0142ugi:<\/h3>\n<p class=\"\" data-start=\"934\" data-end=\"1162\">\ud83d\udccd <strong data-start=\"937\" data-end=\"959\">Stargard i okolice<\/strong> \u2013 50 z\u0142 (p\u0142atne w dniu wizyty)<br data-start=\"990\" data-end=\"993\" \/>\ud83d\udccd <strong data-start=\"996\" data-end=\"1018\">Szczecin i okolice<\/strong> \u2013 cena ustalana indywidualnie z dekoratork\u0105<br data-start=\"1062\" data-end=\"1065\" \/>\u26a0\ufe0f Ze wzgl\u0119du na du\u017c\u0105 liczb\u0119 zam\u00f3wie\u0144, us\u0142uga doradcza w Szczecinie mo\u017ce by\u0107 czasowo niedost\u0119pna.<\/p>\n<h3 class=\"\" data-start=\"1169\" data-end=\"1204\">Alternatywa? Sklep internetowy!<\/h3>\n<p class=\"\" data-start=\"1206\" data-end=\"1514\">\ud83d\uded2 Co miesi\u0105c realizujemy <strong data-start=\"1232\" data-end=\"1289\">ponad 1000 zam\u00f3wie\u0144 z wysy\u0142k\u0105 na terenie ca\u0142ej Polski<\/strong>.<br data-start=\"1290\" data-end=\"1293\" \/>Je\u015bli wolisz \u2013 mo\u017cesz zam\u00f3wi\u0107 wszystko <strong data-start=\"1332\" data-end=\"1358\">bez wychodzenia z domu<\/strong>. Wybierz firany i zas\u0142ony szyte na wymiar z dostaw\u0105 pod drzwi:<br data-start=\"1421\" data-end=\"1424\" \/>\ud83d\udc49 <strong data-start=\"1427\" data-end=\"1478\"><a class=\"\" href=\"http:\/\/www.sklepwnetrz.pl\" target=\"_new\" rel=\"noopener\" data-start=\"1429\" data-end=\"1476\">www.sklepwnetrz.pl<\/a><\/strong> \u2013 oficjalny sklep firmy <strong data-start=\"1503\" data-end=\"1514\">Radimar<\/strong><\/p>\n<\/div><\/section><br \/>\n\n<style type=\"text\/css\" data-created_by=\"avia_inline_auto\" id=\"style-css-av-2xxdr-fcace3260721e48d7707a3451452a1d5\">\n#top .hr.hr-invisible.av-2xxdr-fcace3260721e48d7707a3451452a1d5{\nheight:20px;\n}\n<\/style>\n<div  class='hr av-2xxdr-fcace3260721e48d7707a3451452a1d5 hr-invisible  avia-builder-el-207  el_after_av_textblock  el_before_av_button  '><span class='hr-inner '><span class=\"hr-inner-style\"><\/span><\/span><\/div><br \/>\n<div  class='avia-button-wrap avia-button-center  avia-builder-el-208  el_after_av_hr  el_before_av_hr ' ><a href='tel:797952761'  class='avia-button av-iu9jr-12e4996681fdc6070e1bbfab93d715eb avia-icon_select-yes-left-icon avia-size-x-large avia-position-center avia-color-red ' ><span class='avia_button_icon avia_button_icon_left' aria-hidden='true' data-av_icon='\ue854' data-av_iconfont='entypo-fontello'><\/span><span class='avia_iconbox_title' >797 952 761<\/span><\/a><\/div><br \/>\n\n<style type=\"text\/css\" data-created_by=\"avia_inline_auto\" id=\"style-css-av-1chhb-eaa4deb02f1974589127fa46e4a0dc51\">\n#top .hr.hr-invisible.av-1chhb-eaa4deb02f1974589127fa46e4a0dc51{\nheight:20px;\n}\n<\/style>\n<div  class='hr av-1chhb-eaa4deb02f1974589127fa46e4a0dc51 hr-invisible  avia-builder-el-209  el_after_av_button  avia-builder-el-last  '><span class='hr-inner '><span class=\"hr-inner-style\"><\/span><\/span><\/div><\/p><\/div>\n","protected":false},"excerpt":{"rendered":"","protected":false},"author":2,"featured_media":0,"parent":0,"menu_order":0,"comment_status":"closed","ping_status":"closed","template":"","meta":{"footnotes":""},"class_list":["post-143","page","type-page","status-publish","hentry"],"_links":{"self":[{"href":"https:\/\/sklepwnetrz.pl\/salonstargard\/wp-json\/wp\/v2\/pages\/143","targetHints":{"allow":["GET"]}}],"collection":[{"href":"https:\/\/sklepwnetrz.pl\/salonstargard\/wp-json\/wp\/v2\/pages"}],"about":[{"href":"https:\/\/sklepwnetrz.pl\/salonstargard\/wp-json\/wp\/v2\/types\/page"}],"author":[{"embeddable":true,"href":"https:\/\/sklepwnetrz.pl\/salonstargard\/wp-json\/wp\/v2\/users\/2"}],"replies":[{"embeddable":true,"href":"https:\/\/sklepwnetrz.pl\/salonstargard\/wp-json\/wp\/v2\/comments?post=143"}],"version-history":[{"count":389,"href":"https:\/\/sklepwnetrz.pl\/salonstargard\/wp-json\/wp\/v2\/pages\/143\/revisions"}],"predecessor-version":[{"id":1621,"href":"https:\/\/sklepwnetrz.pl\/salonstargard\/wp-json\/wp\/v2\/pages\/143\/revisions\/1621"}],"wp:attachment":[{"href":"https:\/\/sklepwnetrz.pl\/salonstargard\/wp-json\/wp\/v2\/media?parent=143"}],"curies":[{"name":"wp","href":"https:\/\/api.w.org\/{rel}","templated":true}]}}